{"id":276,"date":"2021-09-09T10:02:13","date_gmt":"2021-09-09T10:02:13","guid":{"rendered":"https:\/\/bonosvalencia.atic.green\/?page_id=276"},"modified":"2023-09-15T09:01:10","modified_gmt":"2023-09-15T07:01:10","slug":"comercos-adherits","status":"publish","type":"page","link":"https:\/\/bonocomerciovlc.com\/va\/comercos-adherits\/","title":{"rendered":"Comer\u00e7os adherits"},"content":{"rendered":"<p>[vc_row full_width=&#8221;stretch_row&#8221; disable_element=&#8221;yes&#8221; el_class=&#8221;encuentra_establecimiento&#8221;][vc_column][vc_column_text]<\/p>\n<h2 style=\"text-align: center;\">En construcci\u00f3<\/h2>\n<p style=\"text-align: center;\">En breu estar\u00e0 disponible<\/p>\n<p>[\/vc_column_text][\/vc_column][\/vc_row][vc_row full_width=&#8221;stretch_row&#8221; el_class=&#8221;encuentra_establecimiento&#8221;][vc_column][vc_column_text]<\/p>\n<h2 style=\"text-align: center;\">Consulta els comer\u00e7os adherits<\/h2>\n<p style=\"text-align: center;\">Troba el lloc m\u00e9s pr\u00f2xim per a gastar el teu bo<\/p>\n<p>[\/vc_column_text][vc_row_inner][vc_column_inner width=&#8221;1\/6&#8243;][\/vc_column_inner][vc_column_inner width=&#8221;2\/3&#8243;]<form class=\"consulta_comercios_form\" method=\"POST\" action=\"https:\/\/bonocomerciovlc.com\/va\/comercos-adherits\/\"><div id=\"mensaje_solicitud\"><\/div><div class=\"vc_row\"><div class=\"vc_col-sm-3\"><select name=\"idsector\" id=\"idsector\"><option value=\"\" selected>Sector...<\/option><optgroup label=\"PER A LA PERSONA\"><option value=\"2\" >Peces de vestir i complements<\/option><option value=\"3\" >Merceria i paqueteria<\/option><option value=\"4\" >BODES i cerim\u00f2nia<\/option><option value=\"5\" >Joieries, rellotgeria i bijuteria<\/option><option value=\"6\" >Perfumeria i cosm\u00e8tics<\/option><option value=\"7\" >Herbolaris i diet\u00e8tica<\/option><option value=\"8\" >Joguets i entreteniment<\/option><option value=\"9\" >Esport i aventura<\/option><option value=\"10\" >Articles de viatge<\/option><option value=\"11\" >Equipament laboral<\/option><option value=\"12\" >Aparells m\u00e8dics i ortop\u00e8dics<\/option><option value=\"13\" >Papereria, llibres, peri\u00f2dics i revistes<\/option><option value=\"14\" >Instruments musicals i accessoris<\/option><option value=\"15\" >Per a col\u00b7leccionistes: segells, monedes, ETC.<\/option><option value=\"37\" >INDUMENT\u00c0RIA Valenciana<\/option><option value=\"38\" >\u00d2ptiques<\/option><option value=\"39\" >Manualitats i belles arts<\/option><option value=\"40\" >Productes artesans<\/option><option value=\"42\" >Cal\u00e7at<\/option><option value=\"44\" >ALIMENTACI\u00d3<\/option><\/optgroup><optgroup label=\"PER A LA LLAR\"><option value=\"17\" >Mobles per a la llar<\/option><option value=\"18\" >Electrodom\u00e8stics<\/option><option value=\"19\" >Ferreteria i parament<\/option><option value=\"20\" >T\u00e8xtils, decoraci\u00f3 i adorns per a la llar<\/option><option value=\"21\" >DROGUERIA i neteja de la llar<\/option><option value=\"22\" >Productes i SERVICIS per a animals<\/option><option value=\"23\" >Flors i plantes<\/option><option value=\"24\" >MATERIALS de construcci\u00f3<\/option><option value=\"25\" >Articles de bricolatge<\/option><option value=\"26\" >Mobles i m\u00e0quines per a oficines<\/option><option value=\"41\" >Imatge, so i telefonia<\/option><\/optgroup><optgroup label=\"COMER\u00c7 AMBULANT\"><option value=\"28\" >Mercadets i venda no sedent\u00e0ria<\/option><option value=\"43\" >Mercats municipals de districte<\/option><\/optgroup><optgroup label=\"SERVICIS\"><option value=\"30\" >Bugaderies i tintoreries<\/option><option value=\"31\" >Reparaci\u00f3 de cal\u00e7at<\/option><option value=\"32\" >REPARACI\u00d3 I COMPOSTURA DE ROBA<\/option><option value=\"33\" >PELUQUERIES I SALONS DE BELLESA<\/option><option value=\"34\" >SERVICIS FOTOGR\u00c0FICS<\/option><option value=\"35\" >SERVICIS D\u2019EMMARCAMENT<\/option><option value=\"36\" >ALTRES SERVICIS<\/option><\/optgroup><\/select><\/div><div class=\"vc_col-sm-5\"><input type=\"text\" name=\"nombre_comercio\" placeholder=\"NOM EST.\" value=\"\"><\/div><div class=\"vc_col-sm-3\"><input type=\"text\" name=\"codigo_postal\" placeholder=\"C\u00f3digo Postal\" value=\"\"><\/div><div class=\"vc_col-sm-1\"><input type=\"submit\" value=\"\"><\/div><\/div><\/form>[\/vc_column_inner][vc_column_inner width=&#8221;1\/6&#8243;][\/vc_column_inner][\/vc_row_inner][\/vc_column][\/vc_row][vc_row el_class=&#8221;acordeon_comercios&#8221;][vc_column]<div class=\"vc_row\"><div class=\"vc_col-sm-12\"><h3 class=\"total_comercios\">Hi ha 1422 comer\u00e7os adherits<\/div><\/div><\/div>[vc_row el_class=&#8221;acordeon_comercios&#8221;][vc_column][vc_tta_accordion style=&#8221;flat&#8221; shape=&#8221;square&#8221; color=&#8221;white&#8221; c_position=&#8221;right&#8221; collapsible_all=&#8221;true&#8221; active_section=&#8221;-1&#8243;][vc_tta_section title=&#8221;ALIMENTACI\u00d3&#8221; tab_id=&#8221;f7177163c833dff4b38fc8d2872f1ec6&#8243;]<table><tr><th>NOM<\/th><th>DIRECCI\u00d3<\/th><th>UBICACI\u00d3<\/th><\/tr><tr><td><img decoding=\"async\" src=\"\/wp-content\/uploads\/logos_establecimientos\/68756d506a815.jpg\" loading=\"lazy\" style=\"width: 40px; height: 40px; object-fit: contain; border-radius: 50%; vertical-align: middle; margin-right: 6px;\"><a href=\"https:\/\/5bseleccion.es\/\" target=\"_blank\">5B SELECCION<\/a><\/td><td style=\" text-transform: uppercase; \">PA PETXINA, 12<\/td><td><a href=\"https:\/\/www.google.es\/maps\/?q=PA+PETXINA%2C+12+46008\" target=\"_blank\">Veure ubicaci\u00f3<\/a><\/td><\/tr><tr><td><img decoding=\"async\" src=\"\/wp-content\/uploads\/logos_establecimientos\/68be836668751.png\" loading=\"lazy\" style=\"width: 40px; height: 40px; object-fit: contain; border-radius: 50%; vertical-align: middle; margin-right: 6px;\"><a href=\"https:\/\/aguasaladavalencia.com\/\" target=\"_blank\">AGUA SALADA<\/a><\/td><td style=\" text-transform: uppercase; \">Calle La Marina 38<\/td><td><a href=\"https:\/\/www.google.es\/maps\/?q=Calle+La+Marina+38+46011\" target=\"_blank\">Veure ubicaci\u00f3<\/a><\/td><\/tr><tr><td><img decoding=\"async\" src=\"\/wp-content\/uploads\/logos_establecimientos\/6865857e20c4a.jpg\" loading=\"lazy\" style=\"width: 40px; height: 40px; object-fit: contain; border-radius: 50%; vertical-align: middle; margin-right: 6px;\"><a href=\"https:\/\/www.instagram.com\/albinoultramarinos\" target=\"_blank\">ALBINO ULTRAMARINOS<\/a><\/td><td style=\" text-transform: uppercase; \">MERCADO DE RUZAFA (PLAZA BAR\u00d3N DE CORT\u00c9S 24)NUMERO 99 ZONA PALCOS<\/td><td><a href=\"https:\/\/www.google.es\/maps\/?q=MERCADO+DE+RUZAFA+%28PLAZA+BAR%C3%93N+DE+CORT%C3%89S+24%29NUMERO+99+ZONA+PALCOS+46006\" target=\"_blank\">Veure ubicaci\u00f3<\/a><\/td><\/tr><tr><td>ALIMENTACI\u00d3N CRISTINO<\/td><td style=\" text-transform: uppercase; \">Avenida Malvarrosa, 22<\/td><td><a href=\"https:\/\/www.google.es\/maps\/?q=Avenida+Malvarrosa%2C+22+46011\" target=\"_blank\">Veure ubicaci\u00f3<\/a><\/td><\/tr><tr><td><img decoding=\"async\" src=\"\/wp-content\/uploads\/logos_establecimientos\/686e976873272.png\" loading=\"lazy\" style=\"width: 40px; height: 40px; object-fit: contain; border-radius: 50%; vertical-align: middle; margin-right: 6px;\"><a href=\"https:\/\/www.instagram.com\/fruteriajuanvicalatayud\/?hl=es\" target=\"_blank\">ALIMENTACION JUANVI CALATAYUD<\/a><\/td><td style=\" text-transform: uppercase; \">Calle de la Reina 68 D<\/td><td><a href=\"https:\/\/www.google.es\/maps\/?q=Calle+de+la+Reina+68+D+46011\" target=\"_blank\">Veure ubicaci\u00f3<\/a><\/td><\/tr><tr><td>ALIMENTACI\u00d3N VALERO<\/td><td style=\" text-transform: uppercase; \">calle Alqueria Crema n\u00ba 1<\/td><td><a href=\"https:\/\/www.google.es\/maps\/?q=calle+Alqueria+Crema+n%C2%BA+1+46019\" target=\"_blank\">Veure ubicaci\u00f3<\/a><\/td><\/tr><tr><td><img decoding=\"async\" src=\"\/wp-content\/uploads\/logos_establecimientos\/68b02e2d9f5b6.jpg\" loading=\"lazy\" style=\"width: 40px; height: 40px; object-fit: contain; border-radius: 50%; vertical-align: middle; margin-right: 6px;\">ANTEQUERA FRUITES I VERDURES<\/td><td style=\" text-transform: uppercase; \">Plaza baro de cortes<\/td><td><a href=\"https:\/\/www.google.es\/maps\/?q=Plaza+baro+de+cortes+46006\" target=\"_blank\">Veure ubicaci\u00f3<\/a><\/td><\/tr><tr><td><img decoding=\"async\" src=\"\/wp-content\/uploads\/logos_establecimientos\/6867e18650ff0.png\" loading=\"lazy\" style=\"width: 40px; height: 40px; object-fit: contain; border-radius: 50%; vertical-align: middle; margin-right: 6px;\"><a href=\"https:\/\/linktr.ee\/aveslamana?fbclid=paq0xdswluvzxlehrua2flbqixmqabp_6wydokkkarfr61wtq4jnhn203huorizt4oouhgxbi1racn2im6rtvwhdny_aem_rcafbdna-sw9mzbkk2j4ra\" target=\"_blank\">AVES LA MA\u00d1A<\/a><\/td><td style=\" text-transform: uppercase; \">C\/ Jes\u00fas, 85<\/td><td><a href=\"https:\/\/www.google.es\/maps\/?q=C%2F+Jes%C3%BAs%2C+85+46007\" target=\"_blank\">Veure ubicaci\u00f3<\/a><\/td><\/tr><tr><td><img decoding=\"async\" src=\"\/wp-content\/uploads\/logos_establecimientos\/6863999770e33.jpg\" loading=\"lazy\" style=\"width: 40px; height: 40px; object-fit: contain; border-radius: 50%; vertical-align: middle; margin-right: 6px;\"><a href=\"\/\/www.biosofia.es\" target=\"_blank\">BIOSOFIA<\/a><\/td><td style=\" text-transform: uppercase; \">C\/ Cuba, 45 <\/td><td><a href=\"https:\/\/www.google.es\/maps\/?q=C%2F+Cuba%2C+45++46006\" target=\"_blank\">Veure ubicaci\u00f3<\/a><\/td><\/tr><tr><td><img decoding=\"async\" src=\"\/wp-content\/uploads\/logos_establecimientos\/686406442c4f1.jpg\" loading=\"lazy\" style=\"width: 40px; height: 40px; object-fit: contain; border-radius: 50%; vertical-align: middle; margin-right: 6px;\"><a href=\"https:\/\/espiritdevi.com\/\" target=\"_blank\">BODEGA CABA\u00d1AL<\/a><\/td><td style=\" text-transform: uppercase; \">AVENIDA BLASCO IBA\u00d1EZ 192<\/td><td><a href=\"https:\/\/www.google.es\/maps\/?q=AVENIDA+BLASCO+IBA%C3%91EZ+192+46022\" target=\"_blank\">Veure ubicaci\u00f3<\/a><\/td><\/tr><tr><td><img decoding=\"async\" src=\"\/wp-content\/uploads\/logos_establecimientos\/686bb3c3436f3.jpg\" loading=\"lazy\" style=\"width: 40px; height: 40px; object-fit: contain; border-radius: 50%; vertical-align: middle; margin-right: 6px;\">BODEGAS BAVIERA<\/td><td style=\" text-transform: uppercase; \">C\/ Corretgeria 40 <\/td><td><a href=\"https:\/\/www.google.es\/maps\/?q=C%2F+Corretgeria+40++46001\" target=\"_blank\">Veure ubicaci\u00f3<\/a><\/td><\/tr><tr><td><img decoding=\"async\" src=\"\/wp-content\/uploads\/logos_establecimientos\/650cc9dea4dd8.jpg\" loading=\"lazy\" style=\"width: 40px; height: 40px; object-fit: contain; border-radius: 50%; vertical-align: middle; margin-right: 6px;\"><a href=\"https:\/\/pazychocolate.es\/\" target=\"_blank\">BOMBONERIA LEONIDAS<\/a><\/td><td style=\" text-transform: uppercase; \">C\/ LA PAZ 26<\/td><td><a href=\"https:\/\/www.google.es\/maps\/?q=C%2F+LA+PAZ+26+46003\" target=\"_blank\">Veure ubicaci\u00f3<\/a><\/td><\/tr><tr><td><img decoding=\"async\" src=\"\/wp-content\/uploads\/logos_establecimientos\/68c1a24002e4f.png\" loading=\"lazy\" style=\"width: 40px; height: 40px; object-fit: contain; border-radius: 50%; vertical-align: middle; margin-right: 6px;\"><a href=\"\/\/www.botaniccafete.com\" target=\"_blank\">BOTANIC CAF\u00c9 DE ESPECIALIDAD \u2022 T\u00c9S \u2022 GOURMET<\/a><\/td><td style=\" text-transform: uppercase; \">Carrer de Quart, 91<\/td><td><a href=\"https:\/\/www.google.es\/maps\/?q=Carrer+de+Quart%2C+91+46008\" target=\"_blank\">Veure ubicaci\u00f3<\/a><\/td><\/tr><tr><td><img decoding=\"async\" src=\"\/wp-content\/uploads\/logos_establecimientos\/686402bdcabd6.jpg\" loading=\"lazy\" style=\"width: 40px; height: 40px; object-fit: contain; border-radius: 50%; vertical-align: middle; margin-right: 6px;\"><a href=\"https:\/\/espiritdevi.com\/\" target=\"_blank\">BOUQUET<\/a><\/td><td style=\" text-transform: uppercase; \">C\/ BURRIANA 44<\/td><td><a href=\"https:\/\/www.google.es\/maps\/?q=C%2F+BURRIANA+44+46005\" target=\"_blank\">Veure ubicaci\u00f3<\/a><\/td><\/tr><tr><td><img decoding=\"async\" src=\"\/wp-content\/uploads\/logos_establecimientos\/6863c54560cdc.png\" loading=\"lazy\" style=\"width: 40px; height: 40px; object-fit: contain; border-radius: 50%; vertical-align: middle; margin-right: 6px;\"><a href=\"\/\/cafetoycamellia.es\" target=\"_blank\">CAFETO Y CAMELLIA<\/a><\/td><td style=\" text-transform: uppercase; \">C\/ Calixto lll,, 45<\/td><td><a href=\"https:\/\/www.google.es\/maps\/?q=C%2F+Calixto+lll%2C%2C+45+46008\" target=\"_blank\">Veure ubicaci\u00f3<\/a><\/td><\/tr><tr><td><a href=\"\/\/carnes roypas facebook\" target=\"_blank\">CARNES ROYPAS<\/a><\/td><td style=\" text-transform: uppercase; \">C\/ LOS CENTELLES 52<\/td><td><a href=\"https:\/\/www.google.es\/maps\/?q=C%2F+LOS+CENTELLES+52+46006\" target=\"_blank\">Veure ubicaci\u00f3<\/a><\/td><\/tr><tr><td><img decoding=\"async\" src=\"\/wp-content\/uploads\/logos_establecimientos\/6881f05735c56.jpg\" loading=\"lazy\" style=\"width: 40px; height: 40px; object-fit: contain; border-radius: 50%; vertical-align: middle; margin-right: 6px;\"><a href=\"https:\/\/carnesruma.com\/\" target=\"_blank\">CARNES RUMA HNOS CARRILLO SL<\/a><\/td><td style=\" text-transform: uppercase; \">C\/VIRGEN DE LA CABEZA, 10 BAJO<\/td><td><a href=\"https:\/\/www.google.es\/maps\/?q=C%2FVIRGEN+DE+LA+CABEZA%2C+10+BAJO+46014\" target=\"_blank\">Veure ubicaci\u00f3<\/a><\/td><\/tr><tr><td><img decoding=\"async\" src=\"\/wp-content\/uploads\/logos_establecimientos\/6881f1c594233.jpg\" loading=\"lazy\" style=\"width: 40px; height: 40px; object-fit: contain; border-radius: 50%; vertical-align: middle; margin-right: 6px;\"><a href=\"https:\/\/carnesruma.com\/\" target=\"_blank\">CARNES RUMA HNOS CARRILLO SL<\/a><\/td><td style=\" text-transform: uppercase; \">PL.SAN FELIPE NENI-MDO. ALGIROS 38-39-40<\/td><td><a href=\"https:\/\/www.google.es\/maps\/?q=PL.SAN+FELIPE+NENI-MDO.+ALGIROS+38-39-40+46014\" target=\"_blank\">Veure ubicaci\u00f3<\/a><\/td><\/tr><tr><td><img decoding=\"async\" src=\"\/wp-content\/uploads\/logos_establecimientos\/6881f2aea299f.jpg\" loading=\"lazy\" style=\"width: 40px; height: 40px; object-fit: contain; border-radius: 50%; vertical-align: middle; margin-right: 6px;\"><a href=\"https:\/\/carnesruma.com\/\" target=\"_blank\">CARNES RUMA HNOS CARRILLO SL<\/a><\/td><td style=\" text-transform: uppercase; \">MC JESUS, 38<\/td><td><a href=\"https:\/\/www.google.es\/maps\/?q=MC+JESUS%2C+38+46007\" target=\"_blank\">Veure ubicaci\u00f3<\/a><\/td><\/tr><tr><td><img decoding=\"async\" src=\"\/wp-content\/uploads\/logos_establecimientos\/6864ea2b295f6.png\" loading=\"lazy\" style=\"width: 40px; height: 40px; object-fit: contain; border-radius: 50%; vertical-align: middle; margin-right: 6px;\"><a href=\"\/\/www.carnesvarea.com\" target=\"_blank\">CARNES VAREA<\/a><\/td><td style=\" text-transform: uppercase; \">C\/EXPLORADOR ANDRES, 39<\/td><td><a href=\"https:\/\/www.google.es\/maps\/?q=C%2FEXPLORADOR+ANDRES%2C+39+46022\" target=\"_blank\">Veure ubicaci\u00f3<\/a><\/td><\/tr><tr><td><a href=\"https:\/\/www.carniceriaviver.com\/\" target=\"_blank\">CARNES VIVER<\/a><\/td><td style=\" text-transform: uppercase; \">Av. del Primer de Maig, 22, Jes\u00fas, 46017 Val\u00e8ncia, Valencia<\/td><td><a href=\"https:\/\/www.google.es\/maps\/?q=Av.+del+Primer+de+Maig%2C+22%2C+Jes%C3%BAs%2C+46017+Val%C3%A8ncia%2C+Valencia+46017\" target=\"_blank\">Veure ubicaci\u00f3<\/a><\/td><\/tr><tr><td><img decoding=\"async\" src=\"\/wp-content\/uploads\/logos_establecimientos\/6878f913a74ff.jpeg\" loading=\"lazy\" style=\"width: 40px; height: 40px; object-fit: contain; border-radius: 50%; vertical-align: middle; margin-right: 6px;\">CARNICER\u00cdA CEBALLOS<\/td><td style=\" text-transform: uppercase; \">A\/V MALVARROSA 58<\/td><td><a href=\"https:\/\/www.google.es\/maps\/?q=A%2FV+MALVARROSA+58+46011\" target=\"_blank\">Veure ubicaci\u00f3<\/a><\/td><\/tr><tr><td><img decoding=\"async\" src=\"\/wp-content\/uploads\/logos_establecimientos\/6891237c35364.png\" loading=\"lazy\" style=\"width: 40px; height: 40px; object-fit: contain; border-radius: 50%; vertical-align: middle; margin-right: 6px;\">CARNICER\u00cdA DELFINA<\/td><td style=\" text-transform: uppercase; \">C\/ Salvador Rubio, 6 Bajo<\/td><td><a href=\"https:\/\/www.google.es\/maps\/?q=C%2F+Salvador+Rubio%2C+6+Bajo+46025\" target=\"_blank\">Veure ubicaci\u00f3<\/a><\/td><\/tr><tr><td>CARNISSERIA XARCUTERIA MARIMON<\/td><td style=\" text-transform: uppercase; \">RODRIGO DE PERTEGAS, 7 BAJO<\/td><td><a href=\"https:\/\/www.google.es\/maps\/?q=RODRIGO+DE+PERTEGAS%2C+7+BAJO+46023\" target=\"_blank\">Veure ubicaci\u00f3<\/a><\/td><\/tr><tr><td><img decoding=\"async\" src=\"\/wp-content\/uploads\/logos_establecimientos\/6511e0ce57d58.jpg\" loading=\"lazy\" style=\"width: 40px; height: 40px; object-fit: contain; border-radius: 50%; vertical-align: middle; margin-right: 6px;\"><a href=\"\/\/www.casadeloscaramelos.com\" target=\"_blank\">CASA DE LOS CARAMELOS<\/a><\/td><td style=\" text-transform: uppercase; \">GRAN VIA RAMON Y CAJAL, 34<\/td><td><a href=\"https:\/\/www.google.es\/maps\/?q=GRAN+VIA+RAMON+Y+CAJAL%2C+34+46007\" target=\"_blank\">Veure ubicaci\u00f3<\/a><\/td><\/tr><tr><td><img decoding=\"async\" src=\"\/wp-content\/uploads\/logos_establecimientos\/68774128a746d.jpeg\" loading=\"lazy\" style=\"width: 40px; height: 40px; object-fit: contain; border-radius: 50%; vertical-align: middle; margin-right: 6px;\">CAYENA ESPECIAS<\/td><td style=\" text-transform: uppercase; \">Plaza Baro de Cortes<\/td><td><a href=\"https:\/\/www.google.es\/maps\/?q=Plaza+Baro+de+Cortes+46006\" target=\"_blank\">Veure ubicaci\u00f3<\/a><\/td><\/tr><tr><td><img decoding=\"async\" src=\"\/wp-content\/uploads\/logos_establecimientos\/686404d50a22b.jpg\" loading=\"lazy\" style=\"width: 40px; height: 40px; object-fit: contain; border-radius: 50%; vertical-align: middle; margin-right: 6px;\"><a href=\"https:\/\/espiritdevi.com\/\" target=\"_blank\">CELLER BOUQUET<\/a><\/td><td style=\" text-transform: uppercase; \">C\/ BAJA 29<\/td><td><a href=\"https:\/\/www.google.es\/maps\/?q=C%2F+BAJA+29+46003\" target=\"_blank\">Veure ubicaci\u00f3<\/a><\/td><\/tr><tr><td><a href=\"\/\/www.charcuterialazarofernandez.com\" target=\"_blank\">CHARCUTERIA LAZARO FERNANDEZ<\/a><\/td><td style=\" text-transform: uppercase; \">C\/ FRAY PEDRO VIVES, 30 BAJO<\/td><td><a href=\"https:\/\/www.google.es\/maps\/?q=C%2F+FRAY+PEDRO+VIVES%2C+30+BAJO+46009\" target=\"_blank\">Veure ubicaci\u00f3<\/a><\/td><\/tr><tr><td><img decoding=\"async\" src=\"\/wp-content\/uploads\/logos_establecimientos\/66b1df7a9254d.jpg\" loading=\"lazy\" style=\"width: 40px; height: 40px; object-fit: contain; border-radius: 50%; vertical-align: middle; margin-right: 6px;\"><a href=\"\/\/www.charcuterialazarofernandez.com\" target=\"_blank\">CHARCUTERIA LAZARO FERNANDEZ<\/a><\/td><td style=\" text-transform: uppercase; \">C\/ MINISTRO LUIS MAYANS, 22 BAJO<\/td><td><a href=\"https:\/\/www.google.es\/maps\/?q=C%2F+MINISTRO+LUIS+MAYANS%2C+22+BAJO+46009\" target=\"_blank\">Veure ubicaci\u00f3<\/a><\/td><\/tr><tr><td><img decoding=\"async\" src=\"\/wp-content\/uploads\/logos_establecimientos\/68641d7f1dd7c.jpg\" loading=\"lazy\" style=\"width: 40px; height: 40px; object-fit: contain; border-radius: 50%; vertical-align: middle; margin-right: 6px;\"><a href=\"\/\/www.chevins.es\" target=\"_blank\">CHE VINS<\/a><\/td><td style=\" text-transform: uppercase; \">C\/ Cuba, 30 <\/td><td><a href=\"https:\/\/www.google.es\/maps\/?q=C%2F+Cuba%2C+30++46006\" target=\"_blank\">Veure ubicaci\u00f3<\/a><\/td><\/tr><tr><td><img decoding=\"async\" src=\"\/wp-content\/uploads\/logos_establecimientos\/65130fba8059e.jpg\" loading=\"lazy\" style=\"width: 40px; height: 40px; object-fit: contain; border-radius: 50%; vertical-align: middle; margin-right: 6px;\"><a href=\"https:\/\/chocolatesvalencianos.com\/\" target=\"_blank\">CHOCOLATERIA XOCO Y VERO<\/a><\/td><td style=\" text-transform: uppercase; \">C\/ DERECHOS, 38<\/td><td><a href=\"https:\/\/www.google.es\/maps\/?q=C%2F+DERECHOS%2C+38+46001\" target=\"_blank\">Veure ubicaci\u00f3<\/a><\/td><\/tr><tr><td><img decoding=\"async\" src=\"\/wp-content\/uploads\/logos_establecimientos\/651071985555c.JPG\" loading=\"lazy\" style=\"width: 40px; height: 40px; object-fit: contain; border-radius: 50%; vertical-align: middle; margin-right: 6px;\"><a href=\"https:\/\/www.dulcesmartin.com\/\" target=\"_blank\">DULCES MARTIN<\/a><\/td><td style=\" text-transform: uppercase; \">C\/ XATIVA, 18<\/td><td><a href=\"https:\/\/www.google.es\/maps\/?q=C%2F+XATIVA%2C+18+46002\" target=\"_blank\">Veure ubicaci\u00f3<\/a><\/td><\/tr><tr><td><img decoding=\"async\" src=\"\/wp-content\/uploads\/logos_establecimientos\/68720652b7169.jpg\" loading=\"lazy\" style=\"width: 40px; height: 40px; object-fit: contain; border-radius: 50%; vertical-align: middle; margin-right: 6px;\">EURO FRUTA<\/td><td style=\" text-transform: uppercase; \">Avda Malvarrosa 20<\/td><td><a href=\"https:\/\/www.google.es\/maps\/?q=Avda+Malvarrosa+20+46011\" target=\"_blank\">Veure ubicaci\u00f3<\/a><\/td><\/tr><tr><td><img decoding=\"async\" src=\"\/wp-content\/uploads\/logos_establecimientos\/66aa5963e0edf.jpg\" loading=\"lazy\" style=\"width: 40px; height: 40px; object-fit: contain; border-radius: 50%; vertical-align: middle; margin-right: 6px;\"><a href=\"https:\/\/www.facebook.com\/p\/flor-de-cynara-100078454410233\/\" target=\"_blank\">FLOR DE CYNARA<\/a><\/td><td style=\" text-transform: uppercase; \">CA GUILLEM DE CASTRO 58<\/td><td><a href=\"https:\/\/www.google.es\/maps\/?q=CA+GUILLEM+DE+CASTRO+58+46002\" target=\"_blank\">Veure ubicaci\u00f3<\/a><\/td><\/tr><tr><td><img decoding=\"async\" src=\"\/wp-content\/uploads\/logos_establecimientos\/650f86038c389.jpg\" loading=\"lazy\" style=\"width: 40px; height: 40px; object-fit: contain; border-radius: 50%; vertical-align: middle; margin-right: 6px;\"><a href=\"https:\/\/www.facebook.com\/fornsanpablo\/?locale=es_es\" target=\"_blank\">FORN SAN PABLO<\/a><\/td><td style=\" text-transform: uppercase; \">AV. DEL OESTE, 25<\/td><td><a href=\"https:\/\/www.google.es\/maps\/?q=AV.+DEL+OESTE%2C+25+46001\" target=\"_blank\">Veure ubicaci\u00f3<\/a><\/td><\/tr><tr><td><img decoding=\"async\" src=\"\/wp-content\/uploads\/logos_establecimientos\/686d4e2b36ed9.png\" loading=\"lazy\" style=\"width: 40px; height: 40px; object-fit: contain; border-radius: 50%; vertical-align: middle; margin-right: 6px;\"><a href=\"https:\/\/g.co\/kgs\/ma61s3w\" target=\"_blank\">FRUTER\u00cdA DANIAL<\/a><\/td><td style=\" text-transform: uppercase; \">AVENIDA DE LA MALVARROSA, 60\t<\/td><td><a href=\"https:\/\/www.google.es\/maps\/?q=AVENIDA+DE+LA+MALVARROSA%2C+60%09+46011\" target=\"_blank\">Veure ubicaci\u00f3<\/a><\/td><\/tr><tr><td><img decoding=\"async\" src=\"\/wp-content\/uploads\/logos_establecimientos\/68bc7b2ac1c20.jpg\" loading=\"lazy\" style=\"width: 40px; height: 40px; object-fit: contain; border-radius: 50%; vertical-align: middle; margin-right: 6px;\">FRUTERIA DE TEMPORADA<\/td><td style=\" text-transform: uppercase; \">Calle Bilbao 6 <\/td><td><a href=\"https:\/\/www.google.es\/maps\/?q=Calle+Bilbao+6++46009\" target=\"_blank\">Veure ubicaci\u00f3<\/a><\/td><\/tr><tr><td><img decoding=\"async\" src=\"\/wp-content\/uploads\/logos_establecimientos\/688b46516ebb1.jpg\" loading=\"lazy\" style=\"width: 40px; height: 40px; object-fit: contain; border-radius: 50%; vertical-align: middle; margin-right: 6px;\"><a href=\"https:\/\/fruteriadevalencia.com\/\" target=\"_blank\">FRUTERIA DE VALENCIA LEO VERDURES<\/a><\/td><td style=\" text-transform: uppercase; \"> C\/ de Conca, 90 BJ VALENCIA PATRAIX<\/td><td><a href=\"https:\/\/www.google.es\/maps\/?q=+C%2F+de+Conca%2C+90+BJ+VALENCIA+PATRAIX+46007\" target=\"_blank\">Veure ubicaci\u00f3<\/a><\/td><\/tr><tr><td><img decoding=\"async\" src=\"\/wp-content\/uploads\/logos_establecimientos\/687772b211290.jpg\" loading=\"lazy\" style=\"width: 40px; height: 40px; object-fit: contain; border-radius: 50%; vertical-align: middle; margin-right: 6px;\">FRUTERIA JUANJO<\/td><td style=\" text-transform: uppercase; \">MERCADO ROJAS CLEMENTE S\/N<\/td><td><a href=\"https:\/\/www.google.es\/maps\/?q=MERCADO+ROJAS+CLEMENTE+S%2FN+46008\" target=\"_blank\">Veure ubicaci\u00f3<\/a><\/td><\/tr><tr><td><a href=\"\/\/@fruiteriaroman\" target=\"_blank\">FRUTER\u00cdA ROM\u00c1N<\/a><\/td><td style=\" text-transform: uppercase; \">C\/ Ram\u00f3n Gordillo, 7 bajo<\/td><td><a href=\"https:\/\/www.google.es\/maps\/?q=C%2F+Ram%C3%B3n+Gordillo%2C+7+bajo+46010\" target=\"_blank\">Veure ubicaci\u00f3<\/a><\/td><\/tr><tr><td><img decoding=\"async\" src=\"\/wp-content\/uploads\/logos_establecimientos\/68cbb243e3602.jpg\" loading=\"lazy\" style=\"width: 40px; height: 40px; object-fit: contain; border-radius: 50%; vertical-align: middle; margin-right: 6px;\"><a href=\"https:\/\/www.facebook.com\/frutosecosoliguer\/?locale=es_es.\" target=\"_blank\">FRUTOS SECOS  OLIGUER<\/a><\/td><td style=\" text-transform: uppercase; \">AV.. Valladolid, 28 BAJO<\/td><td><a href=\"https:\/\/www.google.es\/maps\/?q=AV..+Valladolid%2C+28+BAJO+46020\" target=\"_blank\">Veure ubicaci\u00f3<\/a><\/td><\/tr><tr><td><img decoding=\"async\" src=\"\/wp-content\/uploads\/logos_establecimientos\/68dc044b4817c.jpg\" loading=\"lazy\" style=\"width: 40px; height: 40px; object-fit: contain; border-radius: 50%; vertical-align: middle; margin-right: 6px;\"><a href=\"\/\/www.frutossecosdelcarmen.es\" target=\"_blank\">FRUTOS SECOS DEL CARMEN<\/a><\/td><td style=\" text-transform: uppercase; \">Calle Alta, 20, Ciutat Vella<\/td><td><a href=\"https:\/\/www.google.es\/maps\/?q=Calle+Alta%2C+20%2C+Ciutat+Vella+46003\" target=\"_blank\">Veure ubicaci\u00f3<\/a><\/td><\/tr><tr><td><a href=\"\/\/.\" target=\"_blank\">FRUTOS SECOS Y SALAZONES CARMEN<\/a><\/td><td style=\" text-transform: uppercase; \">C. Librero Esclap\u00e9s <\/td><td><a href=\"https:\/\/www.google.es\/maps\/?q=C.+Librero+Esclap%C3%A9s++46019\" target=\"_blank\">Veure ubicaci\u00f3<\/a><\/td><\/tr><tr><td><img decoding=\"async\" src=\"\/wp-content\/uploads\/logos_establecimientos\/68cbeb893f64d.jpg\" loading=\"lazy\" style=\"width: 40px; height: 40px; object-fit: contain; border-radius: 50%; vertical-align: middle; margin-right: 6px;\"><a href=\"https:\/\/www.instagram.com\/gelatdelmercat\/\" target=\"_blank\">GELAT DEL MERCAT<\/a><\/td><td style=\" text-transform: uppercase; \">PLAZA BAR\u00d3 DE CORTES S\/N MERCADO DE RUZAFA, PUESTOS EXTERIOR 44 A 46 , VALENCIA <\/td><td><a href=\"https:\/\/www.google.es\/maps\/?q=PLAZA+BAR%C3%93+DE+CORTES+S%2FN+MERCADO+DE+RUZAFA%2C+PUESTOS+EXTERIOR+44+A+46+%2C+VALENCIA++46006\" target=\"_blank\">Veure ubicaci\u00f3<\/a><\/td><\/tr><tr><td><img decoding=\"async\" src=\"\/wp-content\/uploads\/logos_establecimientos\/68656b2fdc160.jpg\" loading=\"lazy\" style=\"width: 40px; height: 40px; object-fit: contain; border-radius: 50%; vertical-align: middle; margin-right: 6px;\"><a href=\"https:\/\/www.instagram.com\/gorillafitnessvlc?igsh=ymd4ngxuawhhbzdu\" target=\"_blank\">GORILLA FITNESS NUTRICI\u00d3N DEPORTIVA<\/a><\/td><td style=\" text-transform: uppercase; \">Avd. P\u00e9rez Gald\u00f3s 62 bajo izq 6<\/td><td><a href=\"https:\/\/www.google.es\/maps\/?q=Avd.+P%C3%A9rez+Gald%C3%B3s+62+bajo+izq+6+46008\" target=\"_blank\">Veure ubicaci\u00f3<\/a><\/td><\/tr><tr><td><img decoding=\"async\" src=\"\/wp-content\/uploads\/logos_establecimientos\/6512ef1387c3c.jpg\" loading=\"lazy\" style=\"width: 40px; height: 40px; object-fit: contain; border-radius: 50%; vertical-align: middle; margin-right: 6px;\"><a href=\"https:\/\/www.instagram.com\/lascomedias_\/\" target=\"_blank\">HORNO BOLLERIA LAS COMEDIAS<\/a><\/td><td style=\" text-transform: uppercase; \">C\/ COMEDIAS, 11<\/td><td><a href=\"https:\/\/www.google.es\/maps\/?q=C%2F+COMEDIAS%2C+11+46003\" target=\"_blank\">Veure ubicaci\u00f3<\/a><\/td><\/tr><tr><td>HORNO EL RELOJ<\/td><td style=\" text-transform: uppercase; \">C\/ ESCALANTE, 29<\/td><td><a href=\"https:\/\/www.google.es\/maps\/?q=C%2F+ESCALANTE%2C+29+46011\" target=\"_blank\">Veure ubicaci\u00f3<\/a><\/td><\/tr><tr><td>HORNO MIRALLES SL<\/td><td style=\" text-transform: uppercase; \">C\/\u00c1ngel Guimera19<\/td><td><a href=\"https:\/\/www.google.es\/maps\/?q=C%2F%C3%81ngel+Guimera19+46008\" target=\"_blank\">Veure ubicaci\u00f3<\/a><\/td><\/tr><tr><td><img decoding=\"async\" src=\"\/wp-content\/uploads\/logos_establecimientos\/68d56b8e3fba2.jpg\" loading=\"lazy\" style=\"width: 40px; height: 40px; object-fit: contain; border-radius: 50%; vertical-align: middle; margin-right: 6px;\">HORNO PASTELERIA SAN VICENTE<\/td><td style=\" text-transform: uppercase; \">C\/ ALBACETE, 10<\/td><td><a href=\"https:\/\/www.google.es\/maps\/?q=C%2F+ALBACETE%2C+10+46007\" target=\"_blank\">Veure ubicaci\u00f3<\/a><\/td><\/tr><tr><td><img decoding=\"async\" src=\"\/wp-content\/uploads\/logos_establecimientos\/68d5b748c806c.jpg\" loading=\"lazy\" style=\"width: 40px; height: 40px; object-fit: contain; border-radius: 50%; vertical-align: middle; margin-right: 6px;\"><a href=\"https:\/\/www.instagram.com\/hornosanbartolome\/\" target=\"_blank\">HORNO SAN BARTOLOM\u00c9<\/a><\/td><td style=\" text-transform: uppercase; \">Duque de Calabria 14 Bajo<\/td><td><a href=\"https:\/\/www.google.es\/maps\/?q=Duque+de+Calabria+14+Bajo+46005\" target=\"_blank\">Veure ubicaci\u00f3<\/a><\/td><\/tr><tr><td><img decoding=\"async\" src=\"\/wp-content\/uploads\/logos_establecimientos\/6513424237501.JPG\" loading=\"lazy\" style=\"width: 40px; height: 40px; object-fit: contain; border-radius: 50%; vertical-align: middle; margin-right: 6px;\"><a href=\"https:\/\/m.facebook.com\/hornosanvicente.pasteleria?locale2=es_es\" target=\"_blank\">HORNO SAN VICENTE<\/a><\/td><td style=\" text-transform: uppercase; \">C\/ SAN VICENTE MARTIR, 67<\/td><td><a href=\"https:\/\/www.google.es\/maps\/?q=C%2F+SAN+VICENTE+MARTIR%2C+67+46002\" target=\"_blank\">Veure ubicaci\u00f3<\/a><\/td><\/tr><tr><td><img decoding=\"async\" src=\"\/wp-content\/uploads\/logos_establecimientos\/68d267455d11e.jpg\" loading=\"lazy\" style=\"width: 40px; height: 40px; object-fit: contain; border-radius: 50%; vertical-align: middle; margin-right: 6px;\"><a href=\"\/\/horno sierralta\" target=\"_blank\">HORNO SIERRALTA S.L.<\/a><\/td><td style=\" text-transform: uppercase; \">CALLE POETA MAS Y ROS 120<\/td><td><a href=\"https:\/\/www.google.es\/maps\/?q=CALLE+POETA+MAS+Y+ROS+120+46022\" target=\"_blank\">Veure ubicaci\u00f3<\/a><\/td><\/tr><tr><td><img decoding=\"async\" src=\"\/wp-content\/uploads\/logos_establecimientos\/68d26ae37214c.jpg\" loading=\"lazy\" style=\"width: 40px; height: 40px; object-fit: contain; border-radius: 50%; vertical-align: middle; margin-right: 6px;\"><a href=\"\/\/horno sierralta\" target=\"_blank\">HORNO SIERRALTA S.L.<\/a><\/td><td style=\" text-transform: uppercase; \">CALLE ALGUER,8<\/td><td><a href=\"https:\/\/www.google.es\/maps\/?q=CALLE+ALGUER%2C8+46022\" target=\"_blank\">Veure ubicaci\u00f3<\/a><\/td><\/tr><tr><td><img decoding=\"async\" src=\"\/wp-content\/uploads\/logos_establecimientos\/68d26b4d6e955.jpg\" loading=\"lazy\" style=\"width: 40px; height: 40px; object-fit: contain; border-radius: 50%; vertical-align: middle; margin-right: 6px;\"><a href=\"\/\/horno sierralta\" target=\"_blank\">HORNO SIERRALTA S.L.<\/a><\/td><td style=\" text-transform: uppercase; \">MERCADO ALGUIROS, PUESTO 63<\/td><td><a href=\"https:\/\/www.google.es\/maps\/?q=MERCADO+ALGUIROS%2C+PUESTO+63+46022\" target=\"_blank\">Veure ubicaci\u00f3<\/a><\/td><\/tr><tr><td><img decoding=\"async\" src=\"\/wp-content\/uploads\/logos_establecimientos\/687a0c8415229.jpg\" loading=\"lazy\" style=\"width: 40px; height: 40px; object-fit: contain; border-radius: 50%; vertical-align: middle; margin-right: 6px;\">HORNO VALENCIA<\/td><td style=\" text-transform: uppercase; \">CL SUECA N\u00ba 55-BAJO<\/td><td><a href=\"https:\/\/www.google.es\/maps\/?q=CL+SUECA+N%C2%BA+55-BAJO+46006\" target=\"_blank\">Veure ubicaci\u00f3<\/a><\/td><\/tr><tr><td><img decoding=\"async\" src=\"\/wp-content\/uploads\/logos_establecimientos\/687a1bb85c063.jpg\" loading=\"lazy\" style=\"width: 40px; height: 40px; object-fit: contain; border-radius: 50%; vertical-align: middle; margin-right: 6px;\">HORNO VALENCIA<\/td><td style=\" text-transform: uppercase; \">CL CUBA N\u00ba 73-BAJO<\/td><td><a href=\"https:\/\/www.google.es\/maps\/?q=CL+CUBA+N%C2%BA+73-BAJO+46006\" target=\"_blank\">Veure ubicaci\u00f3<\/a><\/td><\/tr><tr><td><img decoding=\"async\" src=\"\/wp-content\/uploads\/logos_establecimientos\/6511eff341f29.png\" loading=\"lazy\" style=\"width: 40px; height: 40px; object-fit: contain; border-radius: 50%; vertical-align: middle; margin-right: 6px;\"><a href=\"https:\/\/www.instagram.com\/horno_alfonso_martinez\/?hl=es\" target=\"_blank\">HORNO Y PATELERIA ALFONSO MARTINEZ<\/a><\/td><td style=\" text-transform: uppercase; \">C\/ ERCILLA, 12<\/td><td><a href=\"https:\/\/www.google.es\/maps\/?q=C%2F+ERCILLA%2C+12+46001\" target=\"_blank\">Veure ubicaci\u00f3<\/a><\/td><\/tr><tr><td>HUEVERIA JUANI<\/td><td style=\" text-transform: uppercase; \">librero esclape s\/n<\/td><td><a href=\"https:\/\/www.google.es\/maps\/?q=librero+esclape+s%2Fn+46019\" target=\"_blank\">Veure ubicaci\u00f3<\/a><\/td><\/tr><tr><td><a href=\"\/\/hueveria_malilla\" target=\"_blank\">HUEVER\u00cdA Y VARIEDADES MALILLA<\/a><\/td><td style=\" text-transform: uppercase; \">C\/ PIANISTA AMPARO ITURBI, NUM. 53-BJ<\/td><td><a href=\"https:\/\/www.google.es\/maps\/?q=C%2F+PIANISTA+AMPARO+ITURBI%2C+NUM.+53-BJ+46006\" target=\"_blank\">Veure ubicaci\u00f3<\/a><\/td><\/tr><tr><td><img decoding=\"async\" src=\"\/wp-content\/uploads\/logos_establecimientos\/686e1ec71e5ba.jpg\" loading=\"lazy\" style=\"width: 40px; height: 40px; object-fit: contain; border-radius: 50%; vertical-align: middle; margin-right: 6px;\"><a href=\"\/\/@loliveta_gourmet\" target=\"_blank\">L&#8217;OLIVETA<\/a><\/td><td style=\" text-transform: uppercase; \">C\/ TOM\u00c1S DE VILLARROYA, 28 BAJO<\/td><td><a href=\"https:\/\/www.google.es\/maps\/?q=C%2F+TOM%C3%81S+DE+VILLARROYA%2C+28+BAJO+46017\" target=\"_blank\">Veure ubicaci\u00f3<\/a><\/td><\/tr><tr><td><img decoding=\"async\" src=\"\/wp-content\/uploads\/logos_establecimientos\/68c2fd44dc99d.jpg\" loading=\"lazy\" style=\"width: 40px; height: 40px; object-fit: contain; border-radius: 50%; vertical-align: middle; margin-right: 6px;\">LA BIRRA TE SONR\u00cdE<\/td><td style=\" text-transform: uppercase; \">Mercado de Russafa. Local 221-222<\/td><td><a href=\"https:\/\/www.google.es\/maps\/?q=Mercado+de+Russafa.+Local+221-222+46006\" target=\"_blank\">Veure ubicaci\u00f3<\/a><\/td><\/tr><tr><td><img decoding=\"async\" src=\"\/wp-content\/uploads\/logos_establecimientos\/6863bfac7e0b0.png\" loading=\"lazy\" style=\"width: 40px; height: 40px; object-fit: contain; border-radius: 50%; vertical-align: middle; margin-right: 6px;\"><a href=\"https:\/\/www.instagram.com\/labodeguera.ruzafa\/\" target=\"_blank\">LA BODEGUERA<\/a><\/td><td style=\" text-transform: uppercase; \">Plaza Bar\u00f3n de Cort\u00e9s 24 (puestos exteriores 55-56 Mercado Ruzafa)<\/td><td><a href=\"https:\/\/www.google.es\/maps\/?q=Plaza+Bar%C3%B3n+de+Cort%C3%A9s+24+%28puestos+exteriores+55-56+Mercado+Ruzafa%29+46006\" target=\"_blank\">Veure ubicaci\u00f3<\/a><\/td><\/tr><tr><td>LA BOTIGA DE SEMPRE<\/td><td style=\" text-transform: uppercase; \">CALLE JUAN RAMON JIMENEZ 75 BAJO<\/td><td><a href=\"https:\/\/www.google.es\/maps\/?q=CALLE+JUAN+RAMON+JIMENEZ+75+BAJO+46026\" target=\"_blank\">Veure ubicaci\u00f3<\/a><\/td><\/tr><tr><td><img decoding=\"async\" src=\"\/wp-content\/uploads\/logos_establecimientos\/68655e690f72d.jpg\" loading=\"lazy\" style=\"width: 40px; height: 40px; object-fit: contain; border-radius: 50%; vertical-align: middle; margin-right: 6px;\"><a href=\"https:\/\/www.instagram.com\/ladespensadegoyoychelo\/\" target=\"_blank\">LA DESPENSA DE CHELO Y GOYO<\/a><\/td><td style=\" text-transform: uppercase; \">CL. DE MIGUEL SERVET, 28<\/td><td><a href=\"https:\/\/www.google.es\/maps\/?q=CL.+DE+MIGUEL+SERVET%2C+28+46015\" target=\"_blank\">Veure ubicaci\u00f3<\/a><\/td><\/tr><tr><td><img decoding=\"async\" src=\"\/wp-content\/uploads\/logos_establecimientos\/6887574717ad5.jpeg\" loading=\"lazy\" style=\"width: 40px; height: 40px; object-fit: contain; border-radius: 50%; vertical-align: middle; margin-right: 6px;\"><a href=\"\/\/www.instagram.com\/pastasrafito\/\" target=\"_blank\">LAS PASTAS DE RAFITO<\/a><\/td><td style=\" text-transform: uppercase; \">C\/ Aleixandre VI n\u00ba 2 <\/td><td><a href=\"https:\/\/www.google.es\/maps\/?q=C%2F+Aleixandre+VI+n%C2%BA+2++46006\" target=\"_blank\">Veure ubicaci\u00f3<\/a><\/td><\/tr><tr><td><img decoding=\"async\" src=\"\/wp-content\/uploads\/logos_establecimientos\/651344289bbab.jpg\" loading=\"lazy\" style=\"width: 40px; height: 40px; object-fit: contain; border-radius: 50%; vertical-align: middle; margin-right: 6px;\"><a href=\"https:\/\/lembutic.com\/\" target=\"_blank\">LEMBUTIC ULTRAMARINOS<\/a><\/td><td style=\" text-transform: uppercase; \">C\/ COMEDIAS, 1<\/td><td><a href=\"https:\/\/www.google.es\/maps\/?q=C%2F+COMEDIAS%2C+1+46003\" target=\"_blank\">Veure ubicaci\u00f3<\/a><\/td><\/tr><tr><td><img decoding=\"async\" src=\"\/wp-content\/uploads\/logos_establecimientos\/6863c5309e546.png\" loading=\"lazy\" style=\"width: 40px; height: 40px; object-fit: contain; border-radius: 50%; vertical-align: middle; margin-right: 6px;\"><a href=\"https:\/\/lorischocolates.es\/\" target=\"_blank\">LORIS CHOCOLATES<\/a><\/td><td style=\" text-transform: uppercase; \">Calle Campoamor 73, bajo izquierda<\/td><td><a href=\"https:\/\/www.google.es\/maps\/?q=Calle+Campoamor+73%2C+bajo+izquierda+46022\" target=\"_blank\">Veure ubicaci\u00f3<\/a><\/td><\/tr><tr><td>MAMUTHONES GOURMET<\/td><td style=\" text-transform: uppercase; \">MERADO RUZAFA, PUESTOS 59-69<\/td><td><a href=\"https:\/\/www.google.es\/maps\/?q=MERADO+RUZAFA%2C+PUESTOS+59-69+46005\" target=\"_blank\">Veure ubicaci\u00f3<\/a><\/td><\/tr><tr><td><img decoding=\"async\" src=\"\/wp-content\/uploads\/logos_establecimientos\/68b18333284e1.jpeg\" loading=\"lazy\" style=\"width: 40px; height: 40px; object-fit: contain; border-radius: 50%; vertical-align: middle; margin-right: 6px;\"><a href=\"https:\/\/www.instagram.com\/mantequeriasferrero?igsh=mwz6yth2c2tzntlkzq==\" target=\"_blank\">MANTEQUER\u00cdAS FERRERO<\/a><\/td><td style=\" text-transform: uppercase; \">Mercado de Ruzafa &#8211; Plaza Bar\u00f3 de Cort\u00e9s<\/td><td><a href=\"https:\/\/www.google.es\/maps\/?q=Mercado+de+Ruzafa+-+Plaza+Bar%C3%B3+de+Cort%C3%A9s+46006\" target=\"_blank\">Veure ubicaci\u00f3<\/a><\/td><\/tr><tr><td><img decoding=\"async\" src=\"\/wp-content\/uploads\/logos_establecimientos\/68dbc540ab280.jpg\" loading=\"lazy\" style=\"width: 40px; height: 40px; object-fit: contain; border-radius: 50%; vertical-align: middle; margin-right: 6px;\">MARI FRUTAS I VERDURAS<\/td><td style=\" text-transform: uppercase; \">AV. PRIMERO DE MAYO 17 BAJO<\/td><td><a href=\"https:\/\/www.google.es\/maps\/?q=AV.+PRIMERO+DE+MAYO+17+BAJO+46017\" target=\"_blank\">Veure ubicaci\u00f3<\/a><\/td><\/tr><tr><td>MARIA CARMEN CAPDEVILA CARBONELL<\/td><td style=\" text-transform: uppercase; \">Pssaje Dr. Serra N..12 Valencia<\/td><td><a href=\"https:\/\/www.google.es\/maps\/?q=Pssaje+Dr.+Serra+N..12+Valencia+46004\" target=\"_blank\">Veure ubicaci\u00f3<\/a><\/td><\/tr><tr><td><img decoding=\"async\" src=\"\/wp-content\/uploads\/logos_establecimientos\/650ce434366f1.jpg\" loading=\"lazy\" style=\"width: 40px; height: 40px; object-fit: contain; border-radius: 50%; vertical-align: middle; margin-right: 6px;\"><a href=\"\/\/www.primomendoza.com\" target=\"_blank\">MEL I SALUT<\/a><\/td><td style=\" text-transform: uppercase; \">AVENIDA DEL OESTE,  44<\/td><td><a href=\"https:\/\/www.google.es\/maps\/?q=AVENIDA+DEL+OESTE%2C++44+46001\" target=\"_blank\">Veure ubicaci\u00f3<\/a><\/td><\/tr><tr><td><img decoding=\"async\" src=\"\/wp-content\/uploads\/logos_establecimientos\/650ce43f1a059.jpg\" loading=\"lazy\" style=\"width: 40px; height: 40px; object-fit: contain; border-radius: 50%; vertical-align: middle; margin-right: 6px;\"><a href=\"\/\/www.primomendoza.com\" target=\"_blank\">MEL I SALUT<\/a><\/td><td style=\" text-transform: uppercase; \">AV CARDENAL BENLLOCH, 85<\/td><td><a href=\"https:\/\/www.google.es\/maps\/?q=AV+CARDENAL+BENLLOCH%2C+85+46021\" target=\"_blank\">Veure ubicaci\u00f3<\/a><\/td><\/tr><tr><td>M\u00c9S QUE CARN<\/td><td style=\" text-transform: uppercase; \">calle arquitecto Segura del Lago 22<\/td><td><a href=\"https:\/\/www.google.es\/maps\/?q=calle+arquitecto+Segura+del+Lago+22+46014\" target=\"_blank\">Veure ubicaci\u00f3<\/a><\/td><\/tr><tr><td><img decoding=\"async\" src=\"\/wp-content\/uploads\/logos_establecimientos\/68b896bed7282.png\" loading=\"lazy\" style=\"width: 40px; height: 40px; object-fit: contain; border-radius: 50%; vertical-align: middle; margin-right: 6px;\"><a href=\"https:\/\/www.instagram.com\/migajasrussafa\" target=\"_blank\">MIGAJAS<\/a><\/td><td style=\" text-transform: uppercase; \">C\/C\u00e1diz, 81, 2do Bajo Derecha<\/td><td><a href=\"https:\/\/www.google.es\/maps\/?q=C%2FC%C3%A1diz%2C+81%2C+2do+Bajo+Derecha+46006\" target=\"_blank\">Veure ubicaci\u00f3<\/a><\/td><\/tr><tr><td><img decoding=\"async\" src=\"\/wp-content\/uploads\/logos_establecimientos\/66e7e466cfcc0.jpg\" loading=\"lazy\" style=\"width: 40px; height: 40px; object-fit: contain; border-radius: 50%; vertical-align: middle; margin-right: 6px;\">MONPEIX<\/td><td style=\" text-transform: uppercase; \">CALLE CAROLINA ALVAREZ, 1 &#8211; BJ<\/td><td><a href=\"https:\/\/www.google.es\/maps\/?q=CALLE+CAROLINA+ALVAREZ%2C+1+-+BJ+46023\" target=\"_blank\">Veure ubicaci\u00f3<\/a><\/td><\/tr><tr><td><img decoding=\"async\" src=\"\/wp-content\/uploads\/logos_establecimientos\/686b6c4d3a208.jpg\" loading=\"lazy\" style=\"width: 40px; height: 40px; object-fit: contain; border-radius: 50%; vertical-align: middle; margin-right: 6px;\">MONPEIX LA PESCADERIA TRADICIONAL, S.L.<\/td><td style=\" text-transform: uppercase; \">CALLE CAROLINA ALVAREZ 1<\/td><td><a href=\"https:\/\/www.google.es\/maps\/?q=CALLE+CAROLINA+ALVAREZ+1+46023\" target=\"_blank\">Veure ubicaci\u00f3<\/a><\/td><\/tr><tr><td><img decoding=\"async\" src=\"\/wp-content\/uploads\/logos_establecimientos\/6866324d601d0.jpg\" loading=\"lazy\" style=\"width: 40px; height: 40px; object-fit: contain; border-radius: 50%; vertical-align: middle; margin-right: 6px;\">MONPEIX LA PESCADERIA TRADICIONAL, S.L.<\/td><td style=\" text-transform: uppercase; \">PLAZA MERCADO ROJAS CLEMENTE(MERCADO ROJAS CLEMENTE PUESTO 79-80) <\/td><td><a href=\"https:\/\/www.google.es\/maps\/?q=PLAZA+MERCADO+ROJAS+CLEMENTE%28MERCADO+ROJAS+CLEMENTE+PUESTO+79-80%29++46008\" target=\"_blank\">Veure ubicaci\u00f3<\/a><\/td><\/tr><tr><td><img decoding=\"async\" src=\"\/wp-content\/uploads\/logos_establecimientos\/6515ba0eb6e46.png\" loading=\"lazy\" style=\"width: 40px; height: 40px; object-fit: contain; border-radius: 50%; vertical-align: middle; margin-right: 6px;\"><a href=\"https:\/\/moracaffe.com\/\" target=\"_blank\">MORA CAFFE<\/a><\/td><td style=\" text-transform: uppercase; \">C\/ CASTELLON, 2<\/td><td><a href=\"https:\/\/www.google.es\/maps\/?q=C%2F+CASTELLON%2C+2+46004\" target=\"_blank\">Veure ubicaci\u00f3<\/a><\/td><\/tr><tr><td><img decoding=\"async\" src=\"\/wp-content\/uploads\/logos_establecimientos\/6512f2a06428f.png\" loading=\"lazy\" style=\"width: 40px; height: 40px; object-fit: contain; border-radius: 50%; vertical-align: middle; margin-right: 6px;\"><a href=\"https:\/\/originalcv.es\/\" target=\"_blank\">ORIGINAL CV<\/a><\/td><td style=\" text-transform: uppercase; \">PL MERCADO 35<\/td><td><a href=\"https:\/\/www.google.es\/maps\/?q=PL+MERCADO+35+46001\" target=\"_blank\">Veure ubicaci\u00f3<\/a><\/td><\/tr><tr><td><img decoding=\"async\" src=\"\/wp-content\/uploads\/logos_establecimientos\/65130d1a6129c.jpg\" loading=\"lazy\" style=\"width: 40px; height: 40px; object-fit: contain; border-radius: 50%; vertical-align: middle; margin-right: 6px;\"><a href=\"https:\/\/www.facebook.com\/manupanea\/?locale=es_es\" target=\"_blank\">PANEA<\/a><\/td><td style=\" text-transform: uppercase; \">C\/ CONVENT DE SANT FRANCESC, 2<\/td><td><a href=\"https:\/\/www.google.es\/maps\/?q=C%2F+CONVENT+DE+SANT+FRANCESC%2C+2+46002\" target=\"_blank\">Veure ubicaci\u00f3<\/a><\/td><\/tr><tr><td><img decoding=\"async\" src=\"\/wp-content\/uploads\/logos_establecimientos\/68af7721c5bbd.jpg\" loading=\"lazy\" style=\"width: 40px; height: 40px; object-fit: contain; border-radius: 50%; vertical-align: middle; margin-right: 6px;\">PASTELERIA TENDETES<\/td><td style=\" text-transform: uppercase; \">Avda. Burjassot, 27<\/td><td><a href=\"https:\/\/www.google.es\/maps\/?q=Avda.+Burjassot%2C+27+46009\" target=\"_blank\">Veure ubicaci\u00f3<\/a><\/td><\/tr><tr><td><img decoding=\"async\" src=\"\/wp-content\/uploads\/logos_establecimientos\/68b6be5dd4346.jpg\" loading=\"lazy\" style=\"width: 40px; height: 40px; object-fit: contain; border-radius: 50%; vertical-align: middle; margin-right: 6px;\"><a href=\"\/\/# jpescaderia\" target=\"_blank\">PESCADERIA JESUS<\/a><\/td><td style=\" text-transform: uppercase; \">Av. primero de mayo 47 bajo<\/td><td><a href=\"https:\/\/www.google.es\/maps\/?q=Av.+primero+de+mayo+47+bajo+46017\" target=\"_blank\">Veure ubicaci\u00f3<\/a><\/td><\/tr><tr><td><img decoding=\"async\" src=\"\/wp-content\/uploads\/logos_establecimientos\/68678a3453ff5.jpg\" loading=\"lazy\" style=\"width: 40px; height: 40px; object-fit: contain; border-radius: 50%; vertical-align: middle; margin-right: 6px;\"><a href=\"https:\/\/g.co\/kgs\/ekrngkp\" target=\"_blank\">PESCADER\u00cdA TONICA<\/a><\/td><td style=\" text-transform: uppercase; \">Avenida Malvarrosa, 63<\/td><td><a href=\"https:\/\/www.google.es\/maps\/?q=Avenida+Malvarrosa%2C+63+46011\" target=\"_blank\">Veure ubicaci\u00f3<\/a><\/td><\/tr><tr><td><img decoding=\"async\" src=\"\/wp-content\/uploads\/logos_establecimientos\/68da5e2ce2554.jpg\" loading=\"lazy\" style=\"width: 40px; height: 40px; object-fit: contain; border-radius: 50%; vertical-align: middle; margin-right: 6px;\"><a href=\"\/\/@pescader\u00edasmareva\" target=\"_blank\">PESCADER\u00cdAS MAREVA<\/a><\/td><td style=\" text-transform: uppercase; \">C\/ FINESTRAT, 2-BJ<\/td><td><a href=\"https:\/\/www.google.es\/maps\/?q=C%2F+FINESTRAT%2C+2-BJ+46006\" target=\"_blank\">Veure ubicaci\u00f3<\/a><\/td><\/tr><tr><td><img decoding=\"async\" src=\"\/wp-content\/uploads\/logos_establecimientos\/68b6db2d89a00.jpg\" loading=\"lazy\" style=\"width: 40px; height: 40px; object-fit: contain; border-radius: 50%; vertical-align: middle; margin-right: 6px;\"><a href=\"\/\/# jpescaderia\" target=\"_blank\">PESCADRIA JESUS<\/a><\/td><td style=\" text-transform: uppercase; \">Av. primero de mayo 47 bajo<\/td><td><a href=\"https:\/\/www.google.es\/maps\/?q=Av.+primero+de+mayo+47+bajo+46017\" target=\"_blank\">Veure ubicaci\u00f3<\/a><\/td><\/tr><tr><td><img decoding=\"async\" src=\"\/wp-content\/uploads\/logos_establecimientos\/6878f881df904.jpg\" loading=\"lazy\" style=\"width: 40px; height: 40px; object-fit: contain; border-radius: 50%; vertical-align: middle; margin-right: 6px;\"><a href=\"\/\/www.pierino.es\" target=\"_blank\">PIERINO<\/a><\/td><td style=\" text-transform: uppercase; \">Avenida Arag\u00f3n 36<\/td><td><a href=\"https:\/\/www.google.es\/maps\/?q=Avenida+Arag%C3%B3n+36+46021\" target=\"_blank\">Veure ubicaci\u00f3<\/a><\/td><\/tr><tr><td>POLLERIA CARLES S.L<\/td><td style=\" text-transform: uppercase; \">Mercado Municipal del Caba\u00f1al, Carrer de Mart\u00ed Grajales, 4, Palcos 33 y 34 <\/td><td><a href=\"https:\/\/www.google.es\/maps\/?q=Mercado+Municipal+del+Caba%C3%B1al%2C+Carrer+de+Mart%C3%AD+Grajales%2C+4%2C+Palcos+33+y+34++46011\" target=\"_blank\">Veure ubicaci\u00f3<\/a><\/td><\/tr><tr><td><a href=\"https:\/\/www.facebook.com\/delsserrans\/\" target=\"_blank\">PORTA DELS SERRANS<\/a><\/td><td style=\" text-transform: uppercase; \">C\/ SERRANOS, 25<\/td><td><a href=\"https:\/\/www.google.es\/maps\/?q=C%2F+SERRANOS%2C+25+46003\" target=\"_blank\">Veure ubicaci\u00f3<\/a><\/td><\/tr><tr><td><img decoding=\"async\" src=\"\/wp-content\/uploads\/logos_establecimientos\/6870c07a9daaa.png\" loading=\"lazy\" style=\"width: 40px; height: 40px; object-fit: contain; border-radius: 50%; vertical-align: middle; margin-right: 6px;\"><a href=\"\/\/www.redcarn.com\" target=\"_blank\">REDCARN<\/a><\/td><td style=\" text-transform: uppercase; \">Avda.Manuel de Falla, 7<\/td><td><a href=\"https:\/\/www.google.es\/maps\/?q=Avda.Manuel+de+Falla%2C+7+46015\" target=\"_blank\">Veure ubicaci\u00f3<\/a><\/td><\/tr><tr><td><img decoding=\"async\" src=\"\/wp-content\/uploads\/logos_establecimientos\/650cb6f147a51.jpg\" loading=\"lazy\" style=\"width: 40px; height: 40px; object-fit: contain; border-radius: 50%; vertical-align: middle; margin-right: 6px;\"><a href=\"https:\/\/www.facebook.com\/sientevalencia.pasajeripalda6y8\/\" target=\"_blank\">SIENTE VALENCIA<\/a><\/td><td style=\" text-transform: uppercase; \">PASAJE RIPALDA 6<\/td><td><a href=\"https:\/\/www.google.es\/maps\/?q=PASAJE+RIPALDA+6+46002\" target=\"_blank\">Veure ubicaci\u00f3<\/a><\/td><\/tr><tr><td><img decoding=\"async\" src=\"\/wp-content\/uploads\/logos_establecimientos\/686411154ce27.jpg\" loading=\"lazy\" style=\"width: 40px; height: 40px; object-fit: contain; border-radius: 50%; vertical-align: middle; margin-right: 6px;\"><a href=\"https:\/\/somalimentacio.com\/\" target=\"_blank\">SOM ALIMENTACI\u00d3 <\/a><\/td><td style=\" text-transform: uppercase; \">C\/ Maximiliano Thous 26<\/td><td><a href=\"https:\/\/www.google.es\/maps\/?q=C%2F+Maximiliano+Thous+26+46009\" target=\"_blank\">Veure ubicaci\u00f3<\/a><\/td><\/tr><tr><td><img decoding=\"async\" src=\"\/wp-content\/uploads\/logos_establecimientos\/68d3128514972.jpg\" loading=\"lazy\" style=\"width: 40px; height: 40px; object-fit: contain; border-radius: 50%; vertical-align: middle; margin-right: 6px;\">SUMA ALMIRANTE CADARSO<\/td><td style=\" text-transform: uppercase; \">C\/ ALMIRANTE CADARSO, 35<\/td><td><a href=\"https:\/\/www.google.es\/maps\/?q=C%2F+ALMIRANTE+CADARSO%2C+35+46005\" target=\"_blank\">Veure ubicaci\u00f3<\/a><\/td><\/tr><tr><td><img decoding=\"async\" src=\"\/wp-content\/uploads\/logos_establecimientos\/68d31416a305b.jpg\" loading=\"lazy\" style=\"width: 40px; height: 40px; object-fit: contain; border-radius: 50%; vertical-align: middle; margin-right: 6px;\">SUMA ALMIRANTE CADARSO<\/td><td style=\" text-transform: uppercase; \">C\/ ANGEL GUIMERA, 53<\/td><td><a href=\"https:\/\/www.google.es\/maps\/?q=C%2F+ANGEL+GUIMERA%2C+53+46008\" target=\"_blank\">Veure ubicaci\u00f3<\/a><\/td><\/tr><tr><td><img decoding=\"async\" src=\"\/wp-content\/uploads\/logos_establecimientos\/68d319c1dae0e.jpg\" loading=\"lazy\" style=\"width: 40px; height: 40px; object-fit: contain; border-radius: 50%; vertical-align: middle; margin-right: 6px;\">SUMA EXPRESS ANGEL GUIMERA<\/td><td style=\" text-transform: uppercase; \">C\/ ANGEL GUIMERA, 53<\/td><td><a href=\"https:\/\/www.google.es\/maps\/?q=C%2F+ANGEL+GUIMERA%2C+53+46008\" target=\"_blank\">Veure ubicaci\u00f3<\/a><\/td><\/tr><tr><td><img decoding=\"async\" src=\"\/wp-content\/uploads\/logos_establecimientos\/651310fcb0dc8.png\" loading=\"lazy\" style=\"width: 40px; height: 40px; object-fit: contain; border-radius: 50%; vertical-align: middle; margin-right: 6px;\">SUMA GRAN V\u00cdA GERMAN\u00cdAS<\/td><td style=\" text-transform: uppercase; \">GRAN V\u00cdA GERMAN\u00cdAS,33.<\/td><td><a href=\"https:\/\/www.google.es\/maps\/?q=GRAN+V%C3%8DA+GERMAN%C3%8DAS%2C33.+46005\" target=\"_blank\">Veure ubicaci\u00f3<\/a><\/td><\/tr><tr><td><img decoding=\"async\" src=\"\/wp-content\/uploads\/logos_establecimientos\/68d318e08a2b7.jpg\" loading=\"lazy\" style=\"width: 40px; height: 40px; object-fit: contain; border-radius: 50%; vertical-align: middle; margin-right: 6px;\">SUMA INSTITUTO OBRERO<\/td><td style=\" text-transform: uppercase; \">C\/ AMADO GRANELL MESADO, 65<\/td><td><a href=\"https:\/\/www.google.es\/maps\/?q=C%2F+AMADO+GRANELL+MESADO%2C+65+46013\" target=\"_blank\">Veure ubicaci\u00f3<\/a><\/td><\/tr><tr><td><img decoding=\"async\" src=\"\/wp-content\/uploads\/logos_establecimientos\/68d3e8b40c2ad.jpg\" loading=\"lazy\" style=\"width: 40px; height: 40px; object-fit: contain; border-radius: 50%; vertical-align: middle; margin-right: 6px;\">SUMA RUZAFA<\/td><td style=\" text-transform: uppercase; \">C\/ MATIAS PERELLO, 2<\/td><td><a href=\"https:\/\/www.google.es\/maps\/?q=C%2F+MATIAS+PERELLO%2C+2+46006\" target=\"_blank\">Veure ubicaci\u00f3<\/a><\/td><\/tr><tr><td><img decoding=\"async\" src=\"\/wp-content\/uploads\/logos_establecimientos\/6864041209e0a.jpg\" loading=\"lazy\" style=\"width: 40px; height: 40px; object-fit: contain; border-radius: 50%; vertical-align: middle; margin-right: 6px;\"><a href=\"https:\/\/espiritdevi.com\/\" target=\"_blank\">SUPERBOTELLA<\/a><\/td><td style=\" text-transform: uppercase; \">AVENIDA MALVARROSA, 121 <\/td><td><a href=\"https:\/\/www.google.es\/maps\/?q=AVENIDA+MALVARROSA%2C+121++46022\" target=\"_blank\">Veure ubicaci\u00f3<\/a><\/td><\/tr><tr><td><img decoding=\"async\" src=\"\/wp-content\/uploads\/logos_establecimientos\/66f45992a88f1.jpg\" loading=\"lazy\" style=\"width: 40px; height: 40px; object-fit: contain; border-radius: 50%; vertical-align: middle; margin-right: 6px;\"><a href=\"https:\/\/theespanista.com\/\" target=\"_blank\">THE ESPANISTA<\/a><\/td><td style=\" text-transform: uppercase; \">C\/ REINA DO\u00d1A MAR\u00cdA, 9<\/td><td><a href=\"https:\/\/www.google.es\/maps\/?q=C%2F+REINA+DO%C3%91A+MAR%C3%8DA%2C+9+46006\" target=\"_blank\">Veure ubicaci\u00f3<\/a><\/td><\/tr><tr><td><img decoding=\"async\" src=\"\/wp-content\/uploads\/logos_establecimientos\/68cacf4ce2a1e.png\" loading=\"lazy\" style=\"width: 40px; height: 40px; object-fit: contain; border-radius: 50%; vertical-align: middle; margin-right: 6px;\"><a href=\"\/\/www.totempescados.com\" target=\"_blank\">T\u00d3TEM PESCADOS<\/a><\/td><td style=\" text-transform: uppercase; \">Calle Quart, 139<\/td><td><a href=\"https:\/\/www.google.es\/maps\/?q=Calle+Quart%2C+139+46008\" target=\"_blank\">Veure ubicaci\u00f3<\/a><\/td><\/tr><tr><td><img decoding=\"async\" src=\"\/wp-content\/uploads\/logos_establecimientos\/68be8764b17ff.png\" loading=\"lazy\" style=\"width: 40px; height: 40px; object-fit: contain; border-radius: 50%; vertical-align: middle; margin-right: 6px;\"><a href=\"https:\/\/share.google\/sbgxu4byyuyft01q2\" target=\"_blank\">TROBAR CABANYAL<\/a><\/td><td style=\" text-transform: uppercase; \"> C\/ d\\&#8217;Escalante, 185<\/td><td><a href=\"https:\/\/www.google.es\/maps\/?q=+C%2F+d%5C%27Escalante%2C+185+46011\" target=\"_blank\">Veure ubicaci\u00f3<\/a><\/td><\/tr><tr><td><img decoding=\"async\" src=\"\/wp-content\/uploads\/logos_establecimientos\/6510b1dac2bc0.jpg\" loading=\"lazy\" style=\"width: 40px; height: 40px; object-fit: contain; border-radius: 50%; vertical-align: middle; margin-right: 6px;\"><a href=\"https:\/\/trufasmartinez.com\/\" target=\"_blank\">TRUFAS MARTINEZ<\/a><\/td><td style=\" text-transform: uppercase; \">C\/ SAN IGNACIO DE LOYOLA, 20<\/td><td><a href=\"https:\/\/www.google.es\/maps\/?q=C%2F+SAN+IGNACIO+DE+LOYOLA%2C+20+46008\" target=\"_blank\">Veure ubicaci\u00f3<\/a><\/td><\/tr><tr><td><img decoding=\"async\" src=\"\/wp-content\/uploads\/logos_establecimientos\/6510b1dbbb448.jpg\" loading=\"lazy\" style=\"width: 40px; height: 40px; object-fit: contain; border-radius: 50%; vertical-align: middle; margin-right: 6px;\"><a href=\"https:\/\/trufasmartinez.com\/\" target=\"_blank\">TRUFAS MARTINEZ<\/a><\/td><td style=\" text-transform: uppercase; \">C\/ RUZAFA, 12<\/td><td><a href=\"https:\/\/www.google.es\/maps\/?q=C%2F+RUZAFA%2C+12+46004\" target=\"_blank\">Veure ubicaci\u00f3<\/a><\/td><\/tr><tr><td><img decoding=\"async\" src=\"\/wp-content\/uploads\/logos_establecimientos\/686ac4aa9b06c.jpg\" loading=\"lazy\" style=\"width: 40px; height: 40px; object-fit: contain; border-radius: 50%; vertical-align: middle; margin-right: 6px;\"><a href=\"https:\/\/www.instagram.com\/ultramarinosjavi?igsh=mwxvm25uedizndfjza==\" target=\"_blank\">ULTRAMARINOS JAVI<\/a><\/td><td style=\" text-transform: uppercase; \">Calle sant esperit n11 bajo<\/td><td><a href=\"https:\/\/www.google.es\/maps\/?q=Calle+sant+esperit+n11+bajo+46020\" target=\"_blank\">Veure ubicaci\u00f3<\/a><\/td><\/tr><tr><td><img decoding=\"async\" src=\"\/wp-content\/uploads\/logos_establecimientos\/68679e992b8ec.jpg\" loading=\"lazy\" style=\"width: 40px; height: 40px; object-fit: contain; border-radius: 50%; vertical-align: middle; margin-right: 6px;\"><a href=\"https:\/\/www.instagram.com\/veganizan\/\" target=\"_blank\">VEGANIZAN<\/a><\/td><td style=\" text-transform: uppercase; \">Calle Santos Justo y Pastor, 105 bajo izquierda<\/td><td><a href=\"https:\/\/www.google.es\/maps\/?q=Calle+Santos+Justo+y+Pastor%2C+105+bajo+izquierda+46022\" target=\"_blank\">Veure ubicaci\u00f3<\/a><\/td><\/tr><tr><td><img decoding=\"async\" src=\"\/wp-content\/uploads\/logos_establecimientos\/68c16dd2c4fd4.jpg\" loading=\"lazy\" style=\"width: 40px; height: 40px; object-fit: contain; border-radius: 50%; vertical-align: middle; margin-right: 6px;\"><a href=\"https:\/\/www.instagram.com\/vegetasvalencia\/\" target=\"_blank\">VEGETAS<\/a><\/td><td style=\" text-transform: uppercase; \">JUAN GINER 18 BAJO DERECHA<\/td><td><a href=\"https:\/\/www.google.es\/maps\/?q=JUAN+GINER+18+BAJO+DERECHA+46020\" target=\"_blank\">Veure ubicaci\u00f3<\/a><\/td><\/tr><tr><td><img decoding=\"async\" src=\"\/wp-content\/uploads\/logos_establecimientos\/6877bf5ce1bb9.png\" loading=\"lazy\" style=\"width: 40px; height: 40px; object-fit: contain; border-radius: 50%; vertical-align: middle; margin-right: 6px;\"><a href=\"https:\/\/www.instagram.com\/vinalium.ruzafa\/\" target=\"_blank\">VINALUIM RUZAFA<\/a><\/td><td style=\" text-transform: uppercase; \">C\/ FRANCISCO SEMPERE, 10<\/td><td><a href=\"https:\/\/www.google.es\/maps\/?q=C%2F+FRANCISCO+SEMPERE%2C+10+46006\" target=\"_blank\">Veure ubicaci\u00f3<\/a><\/td><\/tr><tr><td><img decoding=\"async\" src=\"\/wp-content\/uploads\/logos_establecimientos\/68763118434fb.jpg\" loading=\"lazy\" style=\"width: 40px; height: 40px; object-fit: contain; border-radius: 50%; vertical-align: middle; margin-right: 6px;\"><a href=\"\/\/-\" target=\"_blank\">YOBO ALIMENTACI\u00d3N<\/a><\/td><td style=\" text-transform: uppercase; \">AVDA MALVARROSA 66 BAJO<\/td><td><a href=\"https:\/\/www.google.es\/maps\/?q=AVDA+MALVARROSA+66+BAJO+46011\" target=\"_blank\">Veure ubicaci\u00f3<\/a><\/td><\/tr><tr><td><img decoding=\"async\" src=\"\/wp-content\/uploads\/logos_establecimientos\/6867a4d25caa5.png\" loading=\"lazy\" style=\"width: 40px; height: 40px; object-fit: contain; border-radius: 50%; vertical-align: middle; margin-right: 6px;\"><a href=\"https:\/\/www.instagram.com\/zonadecatas?igsh=nww2bnu4nnaxewy3\" target=\"_blank\">ZONA DE CATAS<\/a><\/td><td style=\" text-transform: uppercase; \">C\/ MURTA 2<\/td><td><a href=\"https:\/\/www.google.es\/maps\/?q=C%2F+MURTA+2+46020\" target=\"_blank\">Veure ubicaci\u00f3<\/a><\/td><\/tr><\/table>[\/vc_tta_section][vc_tta_section title=&#8221;ALTRES SERVICIS&#8221; tab_id=&#8221;19ca14e7ea6328a42e0eb13d585e4c22&#8243;]<table><tr><th>NOM<\/th><th>DIRECCI\u00d3<\/th><th>UBICACI\u00d3<\/th><\/tr><tr><td><img decoding=\"async\" src=\"\/wp-content\/uploads\/logos_establecimientos\/68cb01897dd7e.jpeg\" loading=\"lazy\" style=\"width: 40px; height: 40px; object-fit: contain; border-radius: 50%; vertical-align: middle; margin-right: 6px;\">ALEBRIJES<\/td><td style=\" text-transform: uppercase; \">Azagador de las monjas 1 esquina Beato Nicol\u00e1s Factor<\/td><td><a href=\"https:\/\/www.google.es\/maps\/?q=Azagador+de+las+monjas+1+esquina+Beato+Nicol%C3%A1s+Factor+46018\" target=\"_blank\">Veure ubicaci\u00f3<\/a><\/td><\/tr><tr><td><img decoding=\"async\" src=\"\/wp-content\/uploads\/logos_establecimientos\/686414b1eb8a0.jpg\" loading=\"lazy\" style=\"width: 40px; height: 40px; object-fit: contain; border-radius: 50%; vertical-align: middle; margin-right: 6px;\"><a href=\"https:\/\/www.delaingletattoo.com\" target=\"_blank\">DELAINGLEATTOO<\/a><\/td><td style=\" text-transform: uppercase; \">C\/ Guadalaviar, 9<\/td><td><a href=\"https:\/\/www.google.es\/maps\/?q=C%2F+Guadalaviar%2C+9+46009\" target=\"_blank\">Veure ubicaci\u00f3<\/a><\/td><\/tr><tr><td><img decoding=\"async\" src=\"\/wp-content\/uploads\/logos_establecimientos\/686be412a4dd2.jpg\" loading=\"lazy\" style=\"width: 40px; height: 40px; object-fit: contain; border-radius: 50%; vertical-align: middle; margin-right: 6px;\"><a href=\"\/\/www.doctormanzana.com\" target=\"_blank\">DOCTOR MANZANA<\/a><\/td><td style=\" text-transform: uppercase; \">AVDA. REINO DE VALENCIA 18<\/td><td><a href=\"https:\/\/www.google.es\/maps\/?q=AVDA.+REINO+DE+VALENCIA+18+46005\" target=\"_blank\">Veure ubicaci\u00f3<\/a><\/td><\/tr><tr><td><img decoding=\"async\" src=\"\/wp-content\/uploads\/logos_establecimientos\/686bd2b7cb5ef.png\" loading=\"lazy\" style=\"width: 40px; height: 40px; object-fit: contain; border-radius: 50%; vertical-align: middle; margin-right: 6px;\"><a href=\"https:\/\/fisioterapiavillalba.com\/\" target=\"_blank\">FISIOTERAPIA VILLALBA<\/a><\/td><td style=\" text-transform: uppercase; \">Carrer de Castielfabib, 13<\/td><td><a href=\"https:\/\/www.google.es\/maps\/?q=Carrer+de+Castielfabib%2C+13+46015\" target=\"_blank\">Veure ubicaci\u00f3<\/a><\/td><\/tr><tr><td><img decoding=\"async\" src=\"\/wp-content\/uploads\/logos_establecimientos\/68711ba2309dc.jpg\" loading=\"lazy\" style=\"width: 40px; height: 40px; object-fit: contain; border-radius: 50%; vertical-align: middle; margin-right: 6px;\"><a href=\"https:\/\/recambiosgia.com\/\" target=\"_blank\">GIA<\/a><\/td><td style=\" text-transform: uppercase; \">DIPUTADO ISIDRO ESCANDELL,2<\/td><td><a href=\"https:\/\/www.google.es\/maps\/?q=DIPUTADO+ISIDRO+ESCANDELL%2C2+46026\" target=\"_blank\">Veure ubicaci\u00f3<\/a><\/td><\/tr><tr><td><img decoding=\"async\" src=\"\/wp-content\/uploads\/logos_establecimientos\/68b4cde58635e.jpg\" loading=\"lazy\" style=\"width: 40px; height: 40px; object-fit: contain; border-radius: 50%; vertical-align: middle; margin-right: 6px;\"><a href=\"https:\/\/www.instagram.com\/la_presencia_magica\/?hl=es\" target=\"_blank\">LA PRESENCIA M\u00c1GICA<\/a><\/td><td style=\" text-transform: uppercase; \">C\/ MAR, 11<\/td><td><a href=\"https:\/\/www.google.es\/maps\/?q=C%2F+MAR%2C+11+46003\" target=\"_blank\">Veure ubicaci\u00f3<\/a><\/td><\/tr><tr><td><img decoding=\"async\" src=\"\/wp-content\/uploads\/logos_establecimientos\/65149e10c8566.jpg\" loading=\"lazy\" style=\"width: 40px; height: 40px; object-fit: contain; border-radius: 50%; vertical-align: middle; margin-right: 6px;\"><a href=\"https:\/\/nigromanciatattoo.com\/\" target=\"_blank\">NIGROMANCIA TATTOO<\/a><\/td><td style=\" text-transform: uppercase; \">C\/ ALICANTE, 7<\/td><td><a href=\"https:\/\/www.google.es\/maps\/?q=C%2F+ALICANTE%2C+7+46004\" target=\"_blank\">Veure ubicaci\u00f3<\/a><\/td><\/tr><\/table>[\/vc_tta_section][vc_tta_section title=&#8221;APARELLS M\u00c8DICS I ORTOP\u00c8DICS&#8221; tab_id=&#8221;c20ad4d76fe97759aa27a0c99bff6710&#8243;]<table><tr><th>NOM<\/th><th>DIRECCI\u00d3<\/th><th>UBICACI\u00d3<\/th><\/tr><tr><td><img decoding=\"async\" src=\"\/wp-content\/uploads\/logos_establecimientos\/66aa6a95430de.jpg\" loading=\"lazy\" style=\"width: 40px; height: 40px; object-fit: contain; border-radius: 50%; vertical-align: middle; margin-right: 6px;\"><a href=\"https:\/\/www.centroauditivo-valencia.es\/\" target=\"_blank\">CENTRO AUDITIVO CUENCA<\/a><\/td><td style=\" text-transform: uppercase; \">C\/ CUENCA, 13<\/td><td><a href=\"https:\/\/www.google.es\/maps\/?q=C%2F+CUENCA%2C+13+46007\" target=\"_blank\">Veure ubicaci\u00f3<\/a><\/td><\/tr><tr><td><img decoding=\"async\" src=\"\/wp-content\/uploads\/logos_establecimientos\/650f6bb324b67.jpeg\" loading=\"lazy\" style=\"width: 40px; height: 40px; object-fit: contain; border-radius: 50%; vertical-align: middle; margin-right: 6px;\"><a href=\"https:\/\/www.facebook.com\/centrodelaudifonovalencia\/\" target=\"_blank\">CENTRO DEL AUDIFONO<\/a><\/td><td style=\" text-transform: uppercase; \">C\/ CIRILO AMOROS, 17<\/td><td><a href=\"https:\/\/www.google.es\/maps\/?q=C%2F+CIRILO+AMOROS%2C+17+46004\" target=\"_blank\">Veure ubicaci\u00f3<\/a><\/td><\/tr><tr><td><img decoding=\"async\" src=\"\/wp-content\/uploads\/logos_establecimientos\/68dc039aa42d1.jpg\" loading=\"lazy\" style=\"width: 40px; height: 40px; object-fit: contain; border-radius: 50%; vertical-align: middle; margin-right: 6px;\"><a href=\"https:\/\/www.instagram.com\/opticalia_valenciana?igsh=mxczmtl0bdy2cmzjbq==\" target=\"_blank\">OPTICALIA URUGUAY<\/a><\/td><td style=\" text-transform: uppercase; \">CALLE URUGUAY 17<\/td><td><a href=\"https:\/\/www.google.es\/maps\/?q=CALLE+URUGUAY+17+46008\" target=\"_blank\">Veure ubicaci\u00f3<\/a><\/td><\/tr><tr><td><img decoding=\"async\" src=\"\/wp-content\/uploads\/logos_establecimientos\/68caa51de7a0b.jpg\" loading=\"lazy\" style=\"width: 40px; height: 40px; object-fit: contain; border-radius: 50%; vertical-align: middle; margin-right: 6px;\"><a href=\"\/\/www.ortopedialacomba.es\" target=\"_blank\">ORTOPEDIA LACOMBA<\/a><\/td><td style=\" text-transform: uppercase; \">C\/ Escultor Jose Capuz, 10 bajo<\/td><td><a href=\"https:\/\/www.google.es\/maps\/?q=C%2F+Escultor+Jose+Capuz%2C+10+bajo+46006\" target=\"_blank\">Veure ubicaci\u00f3<\/a><\/td><\/tr><tr><td><img decoding=\"async\" src=\"\/wp-content\/uploads\/logos_establecimientos\/68caa5beb59e0.jpg\" loading=\"lazy\" style=\"width: 40px; height: 40px; object-fit: contain; border-radius: 50%; vertical-align: middle; margin-right: 6px;\"><a href=\"\/\/www.ortopedialacomba.es\" target=\"_blank\">ORTOPEDIA LACOMBA<\/a><\/td><td style=\" text-transform: uppercase; \">C\/ Escultor Jose Capuz, 11 bajo<\/td><td><a href=\"https:\/\/www.google.es\/maps\/?q=C%2F+Escultor+Jose+Capuz%2C+11+bajo+46006\" target=\"_blank\">Veure ubicaci\u00f3<\/a><\/td><\/tr><\/table>[\/vc_tta_section][vc_tta_section title=&#8221;ARTICLES DE BRICOLATGE&#8221; tab_id=&#8221;8e296a067a37563370ded05f5a3bf3ec&#8221;]<table><tr><th>NOM<\/th><th>DIRECCI\u00d3<\/th><th>UBICACI\u00d3<\/th><\/tr><tr><td><img decoding=\"async\" src=\"\/wp-content\/uploads\/logos_establecimientos\/68656af94fd80.jpg\" loading=\"lazy\" style=\"width: 40px; height: 40px; object-fit: contain; border-radius: 50%; vertical-align: middle; margin-right: 6px;\">PINTURAS ALMAR,C.B.<\/td><td style=\" text-transform: uppercase; \">CTRA. MALILLA, 90 BAJO DERECHA<\/td><td><a href=\"https:\/\/www.google.es\/maps\/?q=CTRA.+MALILLA%2C+90+BAJO+DERECHA+46026\" target=\"_blank\">Veure ubicaci\u00f3<\/a><\/td><\/tr><tr><td><img decoding=\"async\" src=\"\/wp-content\/uploads\/logos_establecimientos\/68cd498db31e8.jpg\" loading=\"lazy\" style=\"width: 40px; height: 40px; object-fit: contain; border-radius: 50%; vertical-align: middle; margin-right: 6px;\"><a href=\"https:\/\/www.instagram.com\/coloretto_lafactoriadecolor\" target=\"_blank\">PINTURAS COLORETTO<\/a><\/td><td style=\" text-transform: uppercase; \">AV. GASPAR AGUILAR, 7 BAJO IZDA.<\/td><td><a href=\"https:\/\/www.google.es\/maps\/?q=AV.+GASPAR+AGUILAR%2C+7+BAJO+IZDA.+46007\" target=\"_blank\">Veure ubicaci\u00f3<\/a><\/td><\/tr><tr><td><img decoding=\"async\" src=\"\/wp-content\/uploads\/logos_establecimientos\/68d64770c78d7.png\" loading=\"lazy\" style=\"width: 40px; height: 40px; object-fit: contain; border-radius: 50%; vertical-align: middle; margin-right: 6px;\"><a href=\"https:\/\/maper.es\/\" target=\"_blank\">PINTURAS MAPER<\/a><\/td><td style=\" text-transform: uppercase; \"> AVDA PUERTO NUM 267<\/td><td><a href=\"https:\/\/www.google.es\/maps\/?q=+AVDA+PUERTO+NUM+267+46024\" target=\"_blank\">Veure ubicaci\u00f3<\/a><\/td><\/tr><\/table>[\/vc_tta_section][vc_tta_section title=&#8221;ARTICLES DE VIATGE&#8221; tab_id=&#8221;d3d9446802a44259755d38e6d163e820&#8243;]<table><tr><th>NOM<\/th><th>DIRECCI\u00d3<\/th><th>UBICACI\u00d3<\/th><\/tr><tr><td><img decoding=\"async\" src=\"\/wp-content\/uploads\/logos_establecimientos\/6864d91ccc855.jpeg\" loading=\"lazy\" style=\"width: 40px; height: 40px; object-fit: contain; border-radius: 50%; vertical-align: middle; margin-right: 6px;\"><a href=\"https:\/\/bolsosannie.com\/\" target=\"_blank\">BOLSOS &#038; MALETAS ANNIE<\/a><\/td><td style=\" text-transform: uppercase; \">C\/ OBISPO JAIME PEREZ, 24 <\/td><td><a href=\"https:\/\/www.google.es\/maps\/?q=C%2F+OBISPO+JAIME+PEREZ%2C+24++46006\" target=\"_blank\">Veure ubicaci\u00f3<\/a><\/td><\/tr><tr><td><img decoding=\"async\" src=\"\/wp-content\/uploads\/logos_establecimientos\/650daa6f0265a.jpg\" loading=\"lazy\" style=\"width: 40px; height: 40px; object-fit: contain; border-radius: 50%; vertical-align: middle; margin-right: 6px;\"><a href=\"https:\/\/bolsoschic.com\/\" target=\"_blank\">BOLSOS CHIC<\/a><\/td><td style=\" text-transform: uppercase; \">C\/ SAN VICENTE, 69<\/td><td><a href=\"https:\/\/www.google.es\/maps\/?q=C%2F+SAN+VICENTE%2C+69+46002\" target=\"_blank\">Veure ubicaci\u00f3<\/a><\/td><\/tr><tr><td>ILLAN\\&#8217;S PIEL<\/td><td style=\" text-transform: uppercase; \"> c\/Isabel la catolica, 4<\/td><td><a href=\"https:\/\/www.google.es\/maps\/?q=+c%2FIsabel+la+catolica%2C+4+46004\" target=\"_blank\">Veure ubicaci\u00f3<\/a><\/td><\/tr><\/table>[\/vc_tta_section][vc_tta_section title=&#8221;BODES I CERIM\u00d2NIA&#8221; tab_id=&#8221;a87ff679a2f3e71d9181a67b7542122c&#8221;]<table><tr><th>NOM<\/th><th>DIRECCI\u00d3<\/th><th>UBICACI\u00d3<\/th><\/tr><tr><td><img decoding=\"async\" src=\"\/wp-content\/uploads\/logos_establecimientos\/650db5642a5c3.jpg\" loading=\"lazy\" style=\"width: 40px; height: 40px; object-fit: contain; border-radius: 50%; vertical-align: middle; margin-right: 6px;\"><a href=\"http:\/\/www.dolorescostura.com\/\" target=\"_blank\">DOLORES<\/a><\/td><td style=\" text-transform: uppercase; \">C\/ EN SANZ 4<\/td><td><a href=\"https:\/\/www.google.es\/maps\/?q=C%2F+EN+SANZ+4+46001\" target=\"_blank\">Veure ubicaci\u00f3<\/a><\/td><\/tr><tr><td><img decoding=\"async\" src=\"\/wp-content\/uploads\/logos_establecimientos\/66b48b5741256.png\" loading=\"lazy\" style=\"width: 40px; height: 40px; object-fit: contain; border-radius: 50%; vertical-align: middle; margin-right: 6px;\"><a href=\"https:\/\/donfelix.es\" target=\"_blank\">DON FELIX<\/a><\/td><td style=\" text-transform: uppercase; \">AV DEL OESTE 50<\/td><td><a href=\"https:\/\/www.google.es\/maps\/?q=AV+DEL+OESTE+50+46001\" target=\"_blank\">Veure ubicaci\u00f3<\/a><\/td><\/tr><tr><td><img decoding=\"async\" src=\"\/wp-content\/uploads\/logos_establecimientos\/650ca9d504848.jpg\" loading=\"lazy\" style=\"width: 40px; height: 40px; object-fit: contain; border-radius: 50%; vertical-align: middle; margin-right: 6px;\"><a href=\"https:\/\/jorgeaparisi.com\/\" target=\"_blank\">JORGE APARISI<\/a><\/td><td style=\" text-transform: uppercase; \">CL EN SANZ, 5<\/td><td><a href=\"https:\/\/www.google.es\/maps\/?q=CL+EN+SANZ%2C+5+46001\" target=\"_blank\">Veure ubicaci\u00f3<\/a><\/td><\/tr><tr><td><img decoding=\"async\" src=\"\/wp-content\/uploads\/logos_establecimientos\/650395f7e0e07.jpg\" loading=\"lazy\" style=\"width: 40px; height: 40px; object-fit: contain; border-radius: 50%; vertical-align: middle; margin-right: 6px;\"><a href=\"https:\/\/www.laboheme1994.com\/\" target=\"_blank\">LA BOHEME 1994<\/a><\/td><td style=\" text-transform: uppercase; \">CL. MUSICO PEYDRO, 50<\/td><td><a href=\"https:\/\/www.google.es\/maps\/?q=CL.+MUSICO+PEYDRO%2C+50+46001\" target=\"_blank\">Veure ubicaci\u00f3<\/a><\/td><\/tr><tr><td><img decoding=\"async\" src=\"\/wp-content\/uploads\/logos_establecimientos\/686d8dbd12c49.JPG\" loading=\"lazy\" style=\"width: 40px; height: 40px; object-fit: contain; border-radius: 50%; vertical-align: middle; margin-right: 6px;\"><a href=\"https:\/\/marabushop.es\/\" target=\"_blank\">MARAB\u00da<\/a><\/td><td style=\" text-transform: uppercase; \">Cirilo Amor\u00f3s 89 Bajo<\/td><td><a href=\"https:\/\/www.google.es\/maps\/?q=Cirilo+Amor%C3%B3s+89+Bajo+46004\" target=\"_blank\">Veure ubicaci\u00f3<\/a><\/td><\/tr><tr><td><img decoding=\"async\" src=\"\/wp-content\/uploads\/logos_establecimientos\/686c15c03130e.jpg\" loading=\"lazy\" style=\"width: 40px; height: 40px; object-fit: contain; border-radius: 50%; vertical-align: middle; margin-right: 6px;\"><a href=\"\/\/www.miquelsuay.com\" target=\"_blank\">MIQUEL SUAY<\/a><\/td><td style=\" text-transform: uppercase; \">Avda. del Oeste, 50 bajo <\/td><td><a href=\"https:\/\/www.google.es\/maps\/?q=Avda.+del+Oeste%2C+50+bajo++46001\" target=\"_blank\">Veure ubicaci\u00f3<\/a><\/td><\/tr><tr><td><img decoding=\"async\" src=\"\/wp-content\/uploads\/logos_establecimientos\/688354e9cc3bb.jpg\" loading=\"lazy\" style=\"width: 40px; height: 40px; object-fit: contain; border-radius: 50%; vertical-align: middle; margin-right: 6px;\"><a href=\"\/\/pequesmiboutique.com\" target=\"_blank\">PEQUES MI BOUTIQUE<\/a><\/td><td style=\" text-transform: uppercase; \">Avd de la Plata, 77<\/td><td><a href=\"https:\/\/www.google.es\/maps\/?q=Avd+de+la+Plata%2C+77+46006\" target=\"_blank\">Veure ubicaci\u00f3<\/a><\/td><\/tr><tr><td><img decoding=\"async\" src=\"\/wp-content\/uploads\/logos_establecimientos\/6510af79a4dd3.jpg\" loading=\"lazy\" style=\"width: 40px; height: 40px; object-fit: contain; border-radius: 50%; vertical-align: middle; margin-right: 6px;\"><a href=\"\/\/www.tousette.com\" target=\"_blank\">TOUSETTE<\/a><\/td><td style=\" text-transform: uppercase; \">C\/ GRABADOR ESTEVE, 13<\/td><td><a href=\"https:\/\/www.google.es\/maps\/?q=C%2F+GRABADOR+ESTEVE%2C+13+46004\" target=\"_blank\">Veure ubicaci\u00f3<\/a><\/td><\/tr><\/table>[\/vc_tta_section][vc_tta_section title=&#8221;BUGADERIES I TINTORERIES&#8221; tab_id=&#8221;34173cb38f07f89ddbebc2ac9128303f&#8221;]<p>No hi ha cap comer\u00e7 adherit.<\/p>[\/vc_tta_section][vc_tta_section title=&#8221;CAL\u00c7AT&#8221; tab_id=&#8221;a1d0c6e83f027327d8461063f4ac58a6&#8243;]<table><tr><th>NOM<\/th><th>DIRECCI\u00d3<\/th><th>UBICACI\u00d3<\/th><\/tr><tr><td><img decoding=\"async\" src=\"\/wp-content\/uploads\/logos_establecimientos\/65039728e5106.jpg\" loading=\"lazy\" style=\"width: 40px; height: 40px; object-fit: contain; border-radius: 50%; vertical-align: middle; margin-right: 6px;\"><a href=\"\/\/-\" target=\"_blank\">AMPARO \u00c1LVAREZ<\/a><\/td><td style=\" text-transform: uppercase; \">C\/ ADRESSADORS, 2<\/td><td><a href=\"https:\/\/www.google.es\/maps\/?q=C%2F+ADRESSADORS%2C+2+46001\" target=\"_blank\">Veure ubicaci\u00f3<\/a><\/td><\/tr><tr><td><img decoding=\"async\" src=\"\/wp-content\/uploads\/logos_establecimientos\/68877e1c46fc6.png\" loading=\"lazy\" style=\"width: 40px; height: 40px; object-fit: contain; border-radius: 50%; vertical-align: middle; margin-right: 6px;\">AUSTRIA 36<\/td><td style=\" text-transform: uppercase; \">AV. PIO XII 2 C.C. NUEVO CENTRO LOCAL 13<\/td><td><a href=\"https:\/\/www.google.es\/maps\/?q=AV.+PIO+XII+2+C.C.+NUEVO+CENTRO+LOCAL+13+46009\" target=\"_blank\">Veure ubicaci\u00f3<\/a><\/td><\/tr><tr><td><img decoding=\"async\" src=\"\/wp-content\/uploads\/logos_establecimientos\/68877e7096973.png\" loading=\"lazy\" style=\"width: 40px; height: 40px; object-fit: contain; border-radius: 50%; vertical-align: middle; margin-right: 6px;\">AUSTRIA 36<\/td><td style=\" text-transform: uppercase; \">CALLE DON JUAN DE AUSTRIA, 36<\/td><td><a href=\"https:\/\/www.google.es\/maps\/?q=CALLE+DON+JUAN+DE+AUSTRIA%2C+36+46002\" target=\"_blank\">Veure ubicaci\u00f3<\/a><\/td><\/tr><tr><td><a href=\"\/\/no\" target=\"_blank\">AVI\u00d1O<\/a><\/td><td style=\" text-transform: uppercase; \">C\/ DON JUAN DE AUSTRIA 20<\/td><td><a href=\"https:\/\/www.google.es\/maps\/?q=C%2F+DON+JUAN+DE+AUSTRIA+20+46019\" target=\"_blank\">Veure ubicaci\u00f3<\/a><\/td><\/tr><tr><td><a href=\"\/\/no\" target=\"_blank\">AVI\u00d1O<\/a><\/td><td style=\" text-transform: uppercase; \">NUEVO CENTRO 112<\/td><td><a href=\"https:\/\/www.google.es\/maps\/?q=NUEVO+CENTRO+112+46019\" target=\"_blank\">Veure ubicaci\u00f3<\/a><\/td><\/tr><tr><td><img decoding=\"async\" src=\"\/wp-content\/uploads\/logos_establecimientos\/6863e7a9b652a.jpg\" loading=\"lazy\" style=\"width: 40px; height: 40px; object-fit: contain; border-radius: 50%; vertical-align: middle; margin-right: 6px;\"><a href=\"\/\/blissbarefoot.com  ig:blissbarefootvlc\" target=\"_blank\">BLISS BAREFOOT<\/a><\/td><td style=\" text-transform: uppercase; \">C\/ Cronista Carreres, 11 <\/td><td><a href=\"https:\/\/www.google.es\/maps\/?q=C%2F+Cronista+Carreres%2C+11++46003\" target=\"_blank\">Veure ubicaci\u00f3<\/a><\/td><\/tr><tr><td><img decoding=\"async\" src=\"\/wp-content\/uploads\/logos_establecimientos\/68ba947abb6bf.jpg\" loading=\"lazy\" style=\"width: 40px; height: 40px; object-fit: contain; border-radius: 50%; vertical-align: middle; margin-right: 6px;\">CALZADOS ANYO<\/td><td style=\" text-transform: uppercase; \">CL LANZAROTE, 1<\/td><td><a href=\"https:\/\/www.google.es\/maps\/?q=CL+LANZAROTE%2C+1+46011\" target=\"_blank\">Veure ubicaci\u00f3<\/a><\/td><\/tr><tr><td><a href=\"http:\/\/www.mizapater\u00edafavorita.com\" target=\"_blank\">CALZADOS CHARLOT<\/a><\/td><td style=\" text-transform: uppercase; \">GRAN VIA FERNANDO EL CAT\u00d3LICO,10 BAJO<\/td><td><a href=\"https:\/\/www.google.es\/maps\/?q=GRAN+VIA+FERNANDO+EL+CAT%C3%93LICO%2C10+BAJO+46008\" target=\"_blank\">Veure ubicaci\u00f3<\/a><\/td><\/tr><tr><td><img decoding=\"async\" src=\"\/wp-content\/uploads\/logos_establecimientos\/686bb20f30ced.jpg\" loading=\"lazy\" style=\"width: 40px; height: 40px; object-fit: contain; border-radius: 50%; vertical-align: middle; margin-right: 6px;\"><a href=\"https:\/\/calzadosfamy.com\" target=\"_blank\">CALZADOS FAMY<\/a><\/td><td style=\" text-transform: uppercase; \">AVENIDA JUAN XXIII,18<\/td><td><a href=\"https:\/\/www.google.es\/maps\/?q=AVENIDA+JUAN+XXIII%2C18+46025\" target=\"_blank\">Veure ubicaci\u00f3<\/a><\/td><\/tr><tr><td><img decoding=\"async\" src=\"\/wp-content\/uploads\/logos_establecimientos\/686bba8acf5d5.png\" loading=\"lazy\" style=\"width: 40px; height: 40px; object-fit: contain; border-radius: 50%; vertical-align: middle; margin-right: 6px;\"><a href=\"\/\/www.calzadosgaspar.com\" target=\"_blank\">CALZADOS GASPAR<\/a><\/td><td style=\" text-transform: uppercase; \">C\/ SAN VICENTE MARTIR 16<\/td><td><a href=\"https:\/\/www.google.es\/maps\/?q=C%2F+SAN+VICENTE+MARTIR+16+46002\" target=\"_blank\">Veure ubicaci\u00f3<\/a><\/td><\/tr><tr><td><img decoding=\"async\" src=\"\/wp-content\/uploads\/logos_establecimientos\/68713cbba687f.jpg\" loading=\"lazy\" style=\"width: 40px; height: 40px; object-fit: contain; border-radius: 50%; vertical-align: middle; margin-right: 6px;\"><a href=\"\/\/calzadosgema.com\" target=\"_blank\">CALZADOS GEMA<\/a><\/td><td style=\" text-transform: uppercase; \">C\/ Bilbao 57 bajo <\/td><td><a href=\"https:\/\/www.google.es\/maps\/?q=C%2F+Bilbao+57+bajo++46009\" target=\"_blank\">Veure ubicaci\u00f3<\/a><\/td><\/tr><tr><td>CALZADOS IO<\/td><td style=\" text-transform: uppercase; \">C\/ Gaspar Aguilar, 34<\/td><td><a href=\"https:\/\/www.google.es\/maps\/?q=C%2F+Gaspar+Aguilar%2C+34+46017\" target=\"_blank\">Veure ubicaci\u00f3<\/a><\/td><\/tr><tr><td><a href=\"\/\/no\" target=\"_blank\">CALZADOS LA ARGENTINA<\/a><\/td><td style=\" text-transform: uppercase; \">Pl. San Agustin, 3<\/td><td><a href=\"https:\/\/www.google.es\/maps\/?q=Pl.+San+Agustin%2C+3+46002\" target=\"_blank\">Veure ubicaci\u00f3<\/a><\/td><\/tr><tr><td><a href=\"\/\/no\" target=\"_blank\">CALZADOS LA ARGENTINA<\/a><\/td><td style=\" text-transform: uppercase; \">AVENIDA DEL OESTE 31<\/td><td><a href=\"https:\/\/www.google.es\/maps\/?q=AVENIDA+DEL+OESTE+31+46002\" target=\"_blank\">Veure ubicaci\u00f3<\/a><\/td><\/tr><tr><td><img decoding=\"async\" src=\"\/wp-content\/uploads\/logos_establecimientos\/66a91379eab73.jpg\" loading=\"lazy\" style=\"width: 40px; height: 40px; object-fit: contain; border-radius: 50%; vertical-align: middle; margin-right: 6px;\">CALZADOS MADRID<\/td><td style=\" text-transform: uppercase; \">Calle Bar\u00f3n de San Petrillo 35<\/td><td><a href=\"https:\/\/www.google.es\/maps\/?q=Calle+Bar%C3%B3n+de+San+Petrillo+35+46020\" target=\"_blank\">Veure ubicaci\u00f3<\/a><\/td><\/tr><tr><td><img decoding=\"async\" src=\"\/wp-content\/uploads\/logos_establecimientos\/66a9148faae02.jpg\" loading=\"lazy\" style=\"width: 40px; height: 40px; object-fit: contain; border-radius: 50%; vertical-align: middle; margin-right: 6px;\"><a href=\"https:\/\/www.instagram.com\/calzadosmadrid_\/?hl=es\" target=\"_blank\">CALZADOS MADRID<\/a><\/td><td style=\" text-transform: uppercase; \">Avda. Reino de Valencia 67<\/td><td><a href=\"https:\/\/www.google.es\/maps\/?q=Avda.+Reino+de+Valencia+67+46005\" target=\"_blank\">Veure ubicaci\u00f3<\/a><\/td><\/tr><tr><td><img decoding=\"async\" src=\"\/wp-content\/uploads\/logos_establecimientos\/68b06e4d7e210.jpg\" loading=\"lazy\" style=\"width: 40px; height: 40px; object-fit: contain; border-radius: 50%; vertical-align: middle; margin-right: 6px;\">CALZADOS MARIAM<\/td><td style=\" text-transform: uppercase; \">AV. VALLADOLID 34<\/td><td><a href=\"https:\/\/www.google.es\/maps\/?q=AV.+VALLADOLID+34+46020\" target=\"_blank\">Veure ubicaci\u00f3<\/a><\/td><\/tr><tr><td><img decoding=\"async\" src=\"\/wp-content\/uploads\/logos_establecimientos\/6514a50189111.jpg\" loading=\"lazy\" style=\"width: 40px; height: 40px; object-fit: contain; border-radius: 50%; vertical-align: middle; margin-right: 6px;\">CALZADOS MARILO<\/td><td style=\" text-transform: uppercase; \">C\/ MURTA, 9<\/td><td><a href=\"https:\/\/www.google.es\/maps\/?q=C%2F+MURTA%2C+9+46020\" target=\"_blank\">Veure ubicaci\u00f3<\/a><\/td><\/tr><tr><td><img decoding=\"async\" src=\"\/wp-content\/uploads\/logos_establecimientos\/68654efbcda7d.png\" loading=\"lazy\" style=\"width: 40px; height: 40px; object-fit: contain; border-radius: 50%; vertical-align: middle; margin-right: 6px;\">CALZADOS MERY<\/td><td style=\" text-transform: uppercase; \">C\/ FONTANARES 86 ESQUINA TRES FORQUES 79<\/td><td><a href=\"https:\/\/www.google.es\/maps\/?q=C%2F+FONTANARES+86+ESQUINA+TRES+FORQUES+79+46018\" target=\"_blank\">Veure ubicaci\u00f3<\/a><\/td><\/tr><tr><td><img decoding=\"async\" src=\"\/wp-content\/uploads\/logos_establecimientos\/68dbbd56a2726.png\" loading=\"lazy\" style=\"width: 40px; height: 40px; object-fit: contain; border-radius: 50%; vertical-align: middle; margin-right: 6px;\">CALZADOS QUEENS<\/td><td style=\" text-transform: uppercase; \">AV. GASPAR AGUILAR, 84.<\/td><td><a href=\"https:\/\/www.google.es\/maps\/?q=AV.+GASPAR+AGUILAR%2C+84.+46017\" target=\"_blank\">Veure ubicaci\u00f3<\/a><\/td><\/tr><tr><td><img decoding=\"async\" src=\"\/wp-content\/uploads\/logos_establecimientos\/6876817acc942.jpeg\" loading=\"lazy\" style=\"width: 40px; height: 40px; object-fit: contain; border-radius: 50%; vertical-align: middle; margin-right: 6px;\">CAPRICE<\/td><td style=\" text-transform: uppercase; \">Calle Pintor Garnelo 2 <\/td><td><a href=\"https:\/\/www.google.es\/maps\/?q=Calle+Pintor+Garnelo+2++46035\" target=\"_blank\">Veure ubicaci\u00f3<\/a><\/td><\/tr><tr><td><img decoding=\"async\" src=\"\/wp-content\/uploads\/logos_establecimientos\/68d1385a471d2.png\" loading=\"lazy\" style=\"width: 40px; height: 40px; object-fit: contain; border-radius: 50%; vertical-align: middle; margin-right: 6px;\"><a href=\"https:\/\/www.instagram.com\/defloresyflorerosvalencia?igsh=n3u4nm5ka3d6cwvm&#038;utm_source=qr\" target=\"_blank\">DEFLORESYFLOREROS VALENCIA<\/a><\/td><td style=\" text-transform: uppercase; \">C\/ Jorge Juan, 26<\/td><td><a href=\"https:\/\/www.google.es\/maps\/?q=C%2F+Jorge+Juan%2C+26+46004\" target=\"_blank\">Veure ubicaci\u00f3<\/a><\/td><\/tr><tr><td><img decoding=\"async\" src=\"\/wp-content\/uploads\/logos_establecimientos\/650db5f967743.jpg\" loading=\"lazy\" style=\"width: 40px; height: 40px; object-fit: contain; border-radius: 50%; vertical-align: middle; margin-right: 6px;\"><a href=\"https:\/\/www.instagram.com\/dovervalencia\/?hl=es\" target=\"_blank\">DOVER<\/a><\/td><td style=\" text-transform: uppercase; \">C\/ VILARAGUT, 7<\/td><td><a href=\"https:\/\/www.google.es\/maps\/?q=C%2F+VILARAGUT%2C+7+46002\" target=\"_blank\">Veure ubicaci\u00f3<\/a><\/td><\/tr><tr><td><img decoding=\"async\" src=\"\/wp-content\/uploads\/logos_establecimientos\/66a7822dac212.jpg\" loading=\"lazy\" style=\"width: 40px; height: 40px; object-fit: contain; border-radius: 50%; vertical-align: middle; margin-right: 6px;\">ESCALADE<\/td><td style=\" text-transform: uppercase; \">C\/ CIRILO AMOROS 36 <\/td><td><a href=\"https:\/\/www.google.es\/maps\/?q=C%2F+CIRILO+AMOROS+36++46004\" target=\"_blank\">Veure ubicaci\u00f3<\/a><\/td><\/tr><tr><td><img decoding=\"async\" src=\"\/wp-content\/uploads\/logos_establecimientos\/68663f6ece2b4.jpg\" loading=\"lazy\" style=\"width: 40px; height: 40px; object-fit: contain; border-radius: 50%; vertical-align: middle; margin-right: 6px;\"><a href=\"https:\/\/farrutx.com\/es\/\" target=\"_blank\">FARRUTX<\/a><\/td><td style=\" text-transform: uppercase; \">C\/ SORNI, 6<\/td><td><a href=\"https:\/\/www.google.es\/maps\/?q=C%2F+SORNI%2C+6+46004\" target=\"_blank\">Veure ubicaci\u00f3<\/a><\/td><\/tr><tr><td><img decoding=\"async\" src=\"\/wp-content\/uploads\/logos_establecimientos\/686648db27ef9.jpg\" loading=\"lazy\" style=\"width: 40px; height: 40px; object-fit: contain; border-radius: 50%; vertical-align: middle; margin-right: 6px;\"><a href=\"https:\/\/farrutx.com\/es\/\" target=\"_blank\">FARRUTX<\/a><\/td><td style=\" text-transform: uppercase; \">C\/ PERIODISTA AZZATI, 3<\/td><td><a href=\"https:\/\/www.google.es\/maps\/?q=C%2F+PERIODISTA+AZZATI%2C+3+46002\" target=\"_blank\">Veure ubicaci\u00f3<\/a><\/td><\/tr><tr><td><img decoding=\"async\" src=\"\/wp-content\/uploads\/logos_establecimientos\/686eb3344bd0b.jpg\" loading=\"lazy\" style=\"width: 40px; height: 40px; object-fit: contain; border-radius: 50%; vertical-align: middle; margin-right: 6px;\"><a href=\"\/\/calzadosgema.com\" target=\"_blank\">GEMA CALZADOS<\/a><\/td><td style=\" text-transform: uppercase; \">C\/ Duque de Mandas 4 bajo <\/td><td><a href=\"https:\/\/www.google.es\/maps\/?q=C%2F+Duque+de+Mandas+4+bajo++46019\" target=\"_blank\">Veure ubicaci\u00f3<\/a><\/td><\/tr><tr><td><img decoding=\"async\" src=\"\/wp-content\/uploads\/logos_establecimientos\/68d1293e897ac.png\" loading=\"lazy\" style=\"width: 40px; height: 40px; object-fit: contain; border-radius: 50%; vertical-align: middle; margin-right: 6px;\"><a href=\"\/\/www.geox.com\" target=\"_blank\">GEOX<\/a><\/td><td style=\" text-transform: uppercase; \">CC AQUA MULTIESPACIO<\/td><td><a href=\"https:\/\/www.google.es\/maps\/?q=CC+AQUA+MULTIESPACIO+46023\" target=\"_blank\">Veure ubicaci\u00f3<\/a><\/td><\/tr><tr><td><img decoding=\"async\" src=\"\/wp-content\/uploads\/logos_establecimientos\/6511ec13a8925.jpg\" loading=\"lazy\" style=\"width: 40px; height: 40px; object-fit: contain; border-radius: 50%; vertical-align: middle; margin-right: 6px;\"><a href=\"https:\/\/thehoffbrand.com\/blogs\/news\/winter-gardens\" target=\"_blank\">HOFF<\/a><\/td><td style=\" text-transform: uppercase; \">C\/ JORGE JUAN, 7<\/td><td><a href=\"https:\/\/www.google.es\/maps\/?q=C%2F+JORGE+JUAN%2C+7+46004\" target=\"_blank\">Veure ubicaci\u00f3<\/a><\/td><\/tr><tr><td><img decoding=\"async\" src=\"\/wp-content\/uploads\/logos_establecimientos\/68d3aefd7df37.png\" loading=\"lazy\" style=\"width: 40px; height: 40px; object-fit: contain; border-radius: 50%; vertical-align: middle; margin-right: 6px;\"><a href=\"https:\/\/impalabarefoot.com\/\" target=\"_blank\">IMPALA BAREFOOT<\/a><\/td><td style=\" text-transform: uppercase; \">Conde Altea 42-bajo<\/td><td><a href=\"https:\/\/www.google.es\/maps\/?q=Conde+Altea+42-bajo+46005\" target=\"_blank\">Veure ubicaci\u00f3<\/a><\/td><\/tr><tr><td><img decoding=\"async\" src=\"\/wp-content\/uploads\/logos_establecimientos\/68d569d83759b.jpg\" loading=\"lazy\" style=\"width: 40px; height: 40px; object-fit: contain; border-radius: 50%; vertical-align: middle; margin-right: 6px;\"><a href=\"https:\/\/www.islabonitavalencia.es\/\" target=\"_blank\">ISLA BONITA<\/a><\/td><td style=\" text-transform: uppercase; \">C\/ TRENCH, 12<\/td><td><a href=\"https:\/\/www.google.es\/maps\/?q=C%2F+TRENCH%2C+12+46001\" target=\"_blank\">Veure ubicaci\u00f3<\/a><\/td><\/tr><tr><td><img decoding=\"async\" src=\"\/wp-content\/uploads\/logos_establecimientos\/6864d76fd583f.jpg\" loading=\"lazy\" style=\"width: 40px; height: 40px; object-fit: contain; border-radius: 50%; vertical-align: middle; margin-right: 6px;\"><a href=\"https:\/\/www.izapatillas.com\" target=\"_blank\">IZAPATILLAS.COM<\/a><\/td><td style=\" text-transform: uppercase; \">Avda Primero de Mayo 45<\/td><td><a href=\"https:\/\/www.google.es\/maps\/?q=Avda+Primero+de+Mayo+45+46017\" target=\"_blank\">Veure ubicaci\u00f3<\/a><\/td><\/tr><tr><td><img decoding=\"async\" src=\"\/wp-content\/uploads\/logos_establecimientos\/651098075df63.jpg\" loading=\"lazy\" style=\"width: 40px; height: 40px; object-fit: contain; border-radius: 50%; vertical-align: middle; margin-right: 6px;\"><a href=\"https:\/\/www.facebook.com\/p\/life-concept-valencia-100067771681627\/\" target=\"_blank\">LIFE CONCEPT-ART-NATURALISTA-NEOSENS<\/a><\/td><td style=\" text-transform: uppercase; \">C\/ CONDE SALVATIERRA, 18<\/td><td><a href=\"https:\/\/www.google.es\/maps\/?q=C%2F+CONDE+SALVATIERRA%2C+18+46004\" target=\"_blank\">Veure ubicaci\u00f3<\/a><\/td><\/tr><tr><td><img decoding=\"async\" src=\"\/wp-content\/uploads\/logos_establecimientos\/68d30d2c8fb7a.jpg\" loading=\"lazy\" style=\"width: 40px; height: 40px; object-fit: contain; border-radius: 50%; vertical-align: middle; margin-right: 6px;\"><a href=\"https:\/\/www.instagram.com\/malomavalencia\/\" target=\"_blank\">MALOMA CALZADOS<\/a><\/td><td style=\" text-transform: uppercase; \">C\/ SAN VICENTE MARTIR, 87<\/td><td><a href=\"https:\/\/www.google.es\/maps\/?q=C%2F+SAN+VICENTE+MARTIR%2C+87+46007\" target=\"_blank\">Veure ubicaci\u00f3<\/a><\/td><\/tr><tr><td><img decoding=\"async\" src=\"\/wp-content\/uploads\/logos_establecimientos\/650469a6b6269.jpg\" loading=\"lazy\" style=\"width: 40px; height: 40px; object-fit: contain; border-radius: 50%; vertical-align: middle; margin-right: 6px;\"><a href=\"https:\/\/www.instagram.com\/naturalworld_vlc\/\" target=\"_blank\">NATURAL WORLD<\/a><\/td><td style=\" text-transform: uppercase; \">CALLE ROTEROS, 2<\/td><td><a href=\"https:\/\/www.google.es\/maps\/?q=CALLE+ROTEROS%2C+2+46003\" target=\"_blank\">Veure ubicaci\u00f3<\/a><\/td><\/tr><tr><td><img decoding=\"async\" src=\"\/wp-content\/uploads\/logos_establecimientos\/68d127a5829a1.png\" loading=\"lazy\" style=\"width: 40px; height: 40px; object-fit: contain; border-radius: 50%; vertical-align: middle; margin-right: 6px;\"><a href=\"\/\/www.nichiseijo.com\" target=\"_blank\">NICHI SEIJO<\/a><\/td><td style=\" text-transform: uppercase; \">CALLE SORN\u00cd, 1<\/td><td><a href=\"https:\/\/www.google.es\/maps\/?q=CALLE+SORN%C3%8D%2C+1+46004\" target=\"_blank\">Veure ubicaci\u00f3<\/a><\/td><\/tr><tr><td><img decoding=\"async\" src=\"\/wp-content\/uploads\/logos_establecimientos\/68d1286291a1b.png\" loading=\"lazy\" style=\"width: 40px; height: 40px; object-fit: contain; border-radius: 50%; vertical-align: middle; margin-right: 6px;\"><a href=\"\/\/www.nichiseijo.com\" target=\"_blank\">NICHI SEIJO<\/a><\/td><td style=\" text-transform: uppercase; \">CC AQUA MULTIESPACIO<\/td><td><a href=\"https:\/\/www.google.es\/maps\/?q=CC+AQUA+MULTIESPACIO+46023\" target=\"_blank\">Veure ubicaci\u00f3<\/a><\/td><\/tr><tr><td><img decoding=\"async\" src=\"\/wp-content\/uploads\/logos_establecimientos\/6877b9821a266.jpg\" loading=\"lazy\" style=\"width: 40px; height: 40px; object-fit: contain; border-radius: 50%; vertical-align: middle; margin-right: 6px;\"><a href=\"https:\/\/onanegra.com\/?srsltid=afmboorpwks31okdfz5uavgkkdqtbz4e768ulxibp_oxqi6pn8rch7o-\" target=\"_blank\">ONA NEGRA<\/a><\/td><td style=\" text-transform: uppercase; \">C\/ DE LA NAVE, 7<\/td><td><a href=\"https:\/\/www.google.es\/maps\/?q=C%2F+DE+LA+NAVE%2C+7+46003\" target=\"_blank\">Veure ubicaci\u00f3<\/a><\/td><\/tr><tr><td><img decoding=\"async\" src=\"\/wp-content\/uploads\/logos_establecimientos\/650ab8b679ffe.jpg\" loading=\"lazy\" style=\"width: 40px; height: 40px; object-fit: contain; border-radius: 50%; vertical-align: middle; margin-right: 6px;\"><a href=\"\/\/www.zapatospastor.com\" target=\"_blank\">PASTOR OUTLET<\/a><\/td><td style=\" text-transform: uppercase; \">C\/SAN VICENTE, 106 BD<\/td><td><a href=\"https:\/\/www.google.es\/maps\/?q=C%2FSAN+VICENTE%2C+106+BD+46007\" target=\"_blank\">Veure ubicaci\u00f3<\/a><\/td><\/tr><tr><td><img decoding=\"async\" src=\"\/wp-content\/uploads\/logos_establecimientos\/65032d5fba1eb.jpg\" loading=\"lazy\" style=\"width: 40px; height: 40px; object-fit: contain; border-radius: 50%; vertical-align: middle; margin-right: 6px;\"><a href=\"\/\/www.zapatospastor.com\" target=\"_blank\">PASTOR SHOES&#038;BAGS<\/a><\/td><td style=\" text-transform: uppercase; \">PASEO DE RUZAFA, 26 <\/td><td><a href=\"https:\/\/www.google.es\/maps\/?q=PASEO+DE+RUZAFA%2C+26++46002\" target=\"_blank\">Veure ubicaci\u00f3<\/a><\/td><\/tr><tr><td><img decoding=\"async\" src=\"\/wp-content\/uploads\/logos_establecimientos\/65251328eab75.jpg\" loading=\"lazy\" style=\"width: 40px; height: 40px; object-fit: contain; border-radius: 50%; vertical-align: middle; margin-right: 6px;\"><a href=\"https:\/\/www.zapatospastor.com\/\" target=\"_blank\">PASTOR SHOES&#038;BAGS<\/a><\/td><td style=\" text-transform: uppercase; \">AV DEL SALER N\u00ba 16 Piso B<\/td><td><a href=\"https:\/\/www.google.es\/maps\/?q=AV+DEL+SALER+N%C2%BA+16+Piso+B+46013\" target=\"_blank\">Veure ubicaci\u00f3<\/a><\/td><\/tr><tr><td><img decoding=\"async\" src=\"\/wp-content\/uploads\/logos_establecimientos\/689702514bb7e.png\" loading=\"lazy\" style=\"width: 40px; height: 40px; object-fit: contain; border-radius: 50%; vertical-align: middle; margin-right: 6px;\">PATRICIA SABATERIA I COMPLEMENTS<\/td><td style=\" text-transform: uppercase; \">Calle Quart 112<\/td><td><a href=\"https:\/\/www.google.es\/maps\/?q=Calle+Quart+112+46008\" target=\"_blank\">Veure ubicaci\u00f3<\/a><\/td><\/tr><tr><td><img decoding=\"async\" src=\"\/wp-content\/uploads\/logos_establecimientos\/686bad8e4f362.png\" loading=\"lazy\" style=\"width: 40px; height: 40px; object-fit: contain; border-radius: 50%; vertical-align: middle; margin-right: 6px;\"><a href=\"\/\/www.pikolinos.com\" target=\"_blank\">PIKOSTORE S.L.<\/a><\/td><td style=\" text-transform: uppercase; \">C\/Col\u00f3n, 23 <\/td><td><a href=\"https:\/\/www.google.es\/maps\/?q=C%2FCol%C3%B3n%2C+23++46004\" target=\"_blank\">Veure ubicaci\u00f3<\/a><\/td><\/tr><tr><td><img decoding=\"async\" src=\"\/wp-content\/uploads\/logos_establecimientos\/687815c4c8cef.jpg\" loading=\"lazy\" style=\"width: 40px; height: 40px; object-fit: contain; border-radius: 50%; vertical-align: middle; margin-right: 6px;\"><a href=\"https:\/\/pilucos.com\/\" target=\"_blank\">PILUCOS ZAPATOS<\/a><\/td><td style=\" text-transform: uppercase; \">CALLE LA NAVE, 23 BAJO<\/td><td><a href=\"https:\/\/www.google.es\/maps\/?q=CALLE+LA+NAVE%2C+23+BAJO+46003\" target=\"_blank\">Veure ubicaci\u00f3<\/a><\/td><\/tr><tr><td><img decoding=\"async\" src=\"\/wp-content\/uploads\/logos_establecimientos\/68cbcd5aafd98.jpg\" loading=\"lazy\" style=\"width: 40px; height: 40px; object-fit: contain; border-radius: 50%; vertical-align: middle; margin-right: 6px;\"><a href=\"https:\/\/selecteu.com\/\" target=\"_blank\">SELECT CONCEPT STORE<\/a><\/td><td style=\" text-transform: uppercase; \">Calle Perez Pujol 5, , Select<\/td><td><a href=\"https:\/\/www.google.es\/maps\/?q=Calle+Perez+Pujol+5%2C+%2C+Select+46002\" target=\"_blank\">Veure ubicaci\u00f3<\/a><\/td><\/tr><tr><td><img decoding=\"async\" src=\"\/wp-content\/uploads\/logos_establecimientos\/686d34b2cdf8f.jpg\" loading=\"lazy\" style=\"width: 40px; height: 40px; object-fit: contain; border-radius: 50%; vertical-align: middle; margin-right: 6px;\"><a href=\"\/\/www.facebook.com\/solopielsabatesicomplements\" target=\"_blank\">SOLOPIEL SABATES I COMPLEMENTS<\/a><\/td><td style=\" text-transform: uppercase; \">C\/ Jeronimo Mu\u00f1oz 14 bajo derecha<\/td><td><a href=\"https:\/\/www.google.es\/maps\/?q=C%2F+Jeronimo+Mu%C3%B1oz+14+bajo+derecha+46017\" target=\"_blank\">Veure ubicaci\u00f3<\/a><\/td><\/tr><tr><td><img decoding=\"async\" src=\"\/wp-content\/uploads\/logos_establecimientos\/686cf6eaed232.png\" loading=\"lazy\" style=\"width: 40px; height: 40px; object-fit: contain; border-radius: 50%; vertical-align: middle; margin-right: 6px;\"><a href=\"https:\/\/www.instagram.com\/velazquez26zapateria?igsh=enlqohn0znq5b2gw\" target=\"_blank\">VELAZQUEZ 26 ZAPATERIA<\/a><\/td><td style=\" text-transform: uppercase; \">C\/ VELAZQUEZ 21 <\/td><td><a href=\"https:\/\/www.google.es\/maps\/?q=C%2F+VELAZQUEZ+21++46018\" target=\"_blank\">Veure ubicaci\u00f3<\/a><\/td><\/tr><tr><td>XANA ZAPATERIA<\/td><td style=\" text-transform: uppercase; \">C\/ Jesus, 84<\/td><td><a href=\"https:\/\/www.google.es\/maps\/?q=C%2F+Jesus%2C+84+46001\" target=\"_blank\">Veure ubicaci\u00f3<\/a><\/td><\/tr><tr><td><img decoding=\"async\" src=\"\/wp-content\/uploads\/logos_establecimientos\/68877ed5c5c6e.png\" loading=\"lazy\" style=\"width: 40px; height: 40px; object-fit: contain; border-radius: 50%; vertical-align: middle; margin-right: 6px;\"><a href=\"\/\/www.yacare.es\" target=\"_blank\">YACARE<\/a><\/td><td style=\" text-transform: uppercase; \">CALLE JORGE JUAN 8<\/td><td><a href=\"https:\/\/www.google.es\/maps\/?q=CALLE+JORGE+JUAN+8+46004\" target=\"_blank\">Veure ubicaci\u00f3<\/a><\/td><\/tr><tr><td><img decoding=\"async\" src=\"\/wp-content\/uploads\/logos_establecimientos\/687632da0fca2.jpg\" loading=\"lazy\" style=\"width: 40px; height: 40px; object-fit: contain; border-radius: 50%; vertical-align: middle; margin-right: 6px;\"><a href=\"\/\/-\" target=\"_blank\">YOBO CALZADO<\/a><\/td><td style=\" text-transform: uppercase; \">AVDA MALVARROSA 64 BAJO<\/td><td><a href=\"https:\/\/www.google.es\/maps\/?q=AVDA+MALVARROSA+64+BAJO+46011\" target=\"_blank\">Veure ubicaci\u00f3<\/a><\/td><\/tr><tr><td><img decoding=\"async\" src=\"\/wp-content\/uploads\/logos_establecimientos\/68877fbe2f82b.png\" loading=\"lazy\" style=\"width: 40px; height: 40px; object-fit: contain; border-radius: 50%; vertical-align: middle; margin-right: 6px;\">ZAPA<\/td><td style=\" text-transform: uppercase; \">CALLE DON JUAN DE AUSTRIA 34 BAJO<\/td><td><a href=\"https:\/\/www.google.es\/maps\/?q=CALLE+DON+JUAN+DE+AUSTRIA+34+BAJO+46002\" target=\"_blank\">Veure ubicaci\u00f3<\/a><\/td><\/tr><tr><td><img decoding=\"async\" src=\"\/wp-content\/uploads\/logos_establecimientos\/68768ead3188d.jpg\" loading=\"lazy\" style=\"width: 40px; height: 40px; object-fit: contain; border-radius: 50%; vertical-align: middle; margin-right: 6px;\"><a href=\"\/\/www.zapateriaangelet.com\" target=\"_blank\">ZAPATER\u00cdA ANGELETS<\/a><\/td><td style=\" text-transform: uppercase; \">C\/Reverendo Jose Maria Pinazo 14 bajo<\/td><td><a href=\"https:\/\/www.google.es\/maps\/?q=C%2FReverendo+Jose+Maria+Pinazo+14+bajo+46020\" target=\"_blank\">Veure ubicaci\u00f3<\/a><\/td><\/tr><tr><td><img decoding=\"async\" src=\"\/wp-content\/uploads\/logos_establecimientos\/6863b1e8c4fdd.jpg\" loading=\"lazy\" style=\"width: 40px; height: 40px; object-fit: contain; border-radius: 50%; vertical-align: middle; margin-right: 6px;\"><a href=\"\/\/asaizapaterias.com\" target=\"_blank\">ZAPATERIA ASAI<\/a><\/td><td style=\" text-transform: uppercase; \">C\/ SERRERIA, 18<\/td><td><a href=\"https:\/\/www.google.es\/maps\/?q=C%2F+SERRERIA%2C+18+46011\" target=\"_blank\">Veure ubicaci\u00f3<\/a><\/td><\/tr><tr><td><img decoding=\"async\" src=\"\/wp-content\/uploads\/logos_establecimientos\/6863b385c6409.jpg\" loading=\"lazy\" style=\"width: 40px; height: 40px; object-fit: contain; border-radius: 50%; vertical-align: middle; margin-right: 6px;\"><a href=\"\/\/asaizapaterias.com\" target=\"_blank\">ZAPATERIA ASAI<\/a><\/td><td style=\" text-transform: uppercase; \">C\/ Santos Justo y Pastor, 62<\/td><td><a href=\"https:\/\/www.google.es\/maps\/?q=C%2F+Santos+Justo+y+Pastor%2C+62+46022\" target=\"_blank\">Veure ubicaci\u00f3<\/a><\/td><\/tr><tr><td><img decoding=\"async\" src=\"\/wp-content\/uploads\/logos_establecimientos\/6864fa75625c4.jpg\" loading=\"lazy\" style=\"width: 40px; height: 40px; object-fit: contain; border-radius: 50%; vertical-align: middle; margin-right: 6px;\"><a href=\"\/\/www.comodos.es\" target=\"_blank\">ZAPATERIA COMODOS<\/a><\/td><td style=\" text-transform: uppercase; \">C\/ADRESSADORS, 15<\/td><td><a href=\"https:\/\/www.google.es\/maps\/?q=C%2FADRESSADORS%2C+15+46001\" target=\"_blank\">Veure ubicaci\u00f3<\/a><\/td><\/tr><tr><td><img decoding=\"async\" src=\"\/wp-content\/uploads\/logos_establecimientos\/6864fbb7a0c08.jpg\" loading=\"lazy\" style=\"width: 40px; height: 40px; object-fit: contain; border-radius: 50%; vertical-align: middle; margin-right: 6px;\"><a href=\"\/\/www.comodos.es\" target=\"_blank\">ZAPATERIA COMODOS<\/a><\/td><td style=\" text-transform: uppercase; \">AV\/ GASPAR AGUILAR, 24<\/td><td><a href=\"https:\/\/www.google.es\/maps\/?q=AV%2F+GASPAR+AGUILAR%2C+24+46007\" target=\"_blank\">Veure ubicaci\u00f3<\/a><\/td><\/tr><tr><td><img decoding=\"async\" src=\"\/wp-content\/uploads\/logos_establecimientos\/6866a2f534890.jpg\" loading=\"lazy\" style=\"width: 40px; height: 40px; object-fit: contain; border-radius: 50%; vertical-align: middle; margin-right: 6px;\"><a href=\"\/\/www.comodos.es\" target=\"_blank\">ZAPATERIA COMODOS<\/a><\/td><td style=\" text-transform: uppercase; \">Fontanares, 49<\/td><td><a href=\"https:\/\/www.google.es\/maps\/?q=Fontanares%2C+49+46015\" target=\"_blank\">Veure ubicaci\u00f3<\/a><\/td><\/tr><tr><td><a href=\"\/\/www.ktey.es\" target=\"_blank\">ZAPATERIA KTEY<\/a><\/td><td style=\" text-transform: uppercase; \">C\/ F\u00c9LIX DEL R\u00cdO, 8<\/td><td><a href=\"https:\/\/www.google.es\/maps\/?q=C%2F+F%C3%89LIX+DEL+R%C3%8DO%2C+8+46025\" target=\"_blank\">Veure ubicaci\u00f3<\/a><\/td><\/tr><tr><td><a href=\"\/\/www.ktey.es\" target=\"_blank\">ZAPATERIA KTEY<\/a><\/td><td style=\" text-transform: uppercase; \">C\/ EMILIO LLUCH, 8<\/td><td><a href=\"https:\/\/www.google.es\/maps\/?q=C%2F+EMILIO+LLUCH%2C+8+46014\" target=\"_blank\">Veure ubicaci\u00f3<\/a><\/td><\/tr><tr><td>ZAPATERIA KTEY &#8211; SAMBORI<\/td><td style=\" text-transform: uppercase; \">AV. PIO XII, 2 C.C. NUEVO CENTRO LOCAL 75<\/td><td><a href=\"https:\/\/www.google.es\/maps\/?q=AV.+PIO+XII%2C+2+C.C.+NUEVO+CENTRO+LOCAL+75+46009\" target=\"_blank\">Veure ubicaci\u00f3<\/a><\/td><\/tr><tr><td><a href=\"\/\/www.ktey.es\" target=\"_blank\">ZAPATERIA KTEY &#8211; SAMBORI<\/a><\/td><td style=\" text-transform: uppercase; \">C\/ RODRIGUEZ DE CEPEDA, 55<\/td><td><a href=\"https:\/\/www.google.es\/maps\/?q=C%2F+RODRIGUEZ+DE+CEPEDA%2C+55+46021\" target=\"_blank\">Veure ubicaci\u00f3<\/a><\/td><\/tr><tr><td><a href=\"\/\/www.sambori.es\" target=\"_blank\">ZAPATERIA SAMBORI<\/a><\/td><td style=\" text-transform: uppercase; \">AV. PIO XII, 2 C.C. NUEVO CENTRO LOCAL 21<\/td><td><a href=\"https:\/\/www.google.es\/maps\/?q=AV.+PIO+XII%2C+2+C.C.+NUEVO+CENTRO+LOCAL+21+46009\" target=\"_blank\">Veure ubicaci\u00f3<\/a><\/td><\/tr><tr><td><img decoding=\"async\" src=\"\/wp-content\/uploads\/logos_establecimientos\/650cafb819513.jpg\" loading=\"lazy\" style=\"width: 40px; height: 40px; object-fit: contain; border-radius: 50%; vertical-align: middle; margin-right: 6px;\"><a href=\"https:\/\/www.zapatosmanon.com\/\" target=\"_blank\">ZAPATOS MAN\u00d3N<\/a><\/td><td style=\" text-transform: uppercase; \">CL EN SANZ, 4<\/td><td><a href=\"https:\/\/www.google.es\/maps\/?q=CL+EN+SANZ%2C+4+46001\" target=\"_blank\">Veure ubicaci\u00f3<\/a><\/td><\/tr><\/table>[\/vc_tta_section][vc_tta_section title=&#8221;DROGUERIA I NETEJA DE LA LLAR&#8221; tab_id=&#8221;3c59dc048e8850243be8079a5c74d079&#8243;]<table><tr><th>NOM<\/th><th>DIRECCI\u00d3<\/th><th>UBICACI\u00d3<\/th><\/tr><tr><td><img decoding=\"async\" src=\"\/wp-content\/uploads\/logos_establecimientos\/68ac1ca12b32e.jpg\" loading=\"lazy\" style=\"width: 40px; height: 40px; object-fit: contain; border-radius: 50%; vertical-align: middle; margin-right: 6px;\">DIMARI<\/td><td style=\" text-transform: uppercase; \">C\/ Berenguer de Montoliu 28 <\/td><td><a href=\"https:\/\/www.google.es\/maps\/?q=C%2F+Berenguer+de+Montoliu+28++46011\" target=\"_blank\">Veure ubicaci\u00f3<\/a><\/td><\/tr><tr><td><img decoding=\"async\" src=\"\/wp-content\/uploads\/logos_establecimientos\/6870f03583d02.jpg\" loading=\"lazy\" style=\"width: 40px; height: 40px; object-fit: contain; border-radius: 50%; vertical-align: middle; margin-right: 6px;\"><a href=\"\/\/www.doncolor.es\" target=\"_blank\">DON COLOR PINTURAS<\/a><\/td><td style=\" text-transform: uppercase; \">C\/FILIPINAS, 29 BAJO.<\/td><td><a href=\"https:\/\/www.google.es\/maps\/?q=C%2FFILIPINAS%2C+29+BAJO.+46006\" target=\"_blank\">Veure ubicaci\u00f3<\/a><\/td><\/tr><tr><td><img decoding=\"async\" src=\"\/wp-content\/uploads\/logos_establecimientos\/68b6b171874a5.jpg\" loading=\"lazy\" style=\"width: 40px; height: 40px; object-fit: contain; border-radius: 50%; vertical-align: middle; margin-right: 6px;\">DROGUERIA CENTRAL<\/td><td style=\" text-transform: uppercase; \">CALLE PALAFOX 5<\/td><td><a href=\"https:\/\/www.google.es\/maps\/?q=CALLE+PALAFOX+5+46001\" target=\"_blank\">Veure ubicaci\u00f3<\/a><\/td><\/tr><tr><td><img decoding=\"async\" src=\"\/wp-content\/uploads\/logos_establecimientos\/68adcf718bbbe.png\" loading=\"lazy\" style=\"width: 40px; height: 40px; object-fit: contain; border-radius: 50%; vertical-align: middle; margin-right: 6px;\"><a href=\"https:\/\/drogueriarafael.com\/\" target=\"_blank\">DROGUER\u00cdA RAFAEL<\/a><\/td><td style=\" text-transform: uppercase; \">C\/ CRISTO GRAO, 4<\/td><td><a href=\"https:\/\/www.google.es\/maps\/?q=C%2F+CRISTO+GRAO%2C+4+46011\" target=\"_blank\">Veure ubicaci\u00f3<\/a><\/td><\/tr><tr><td><img decoding=\"async\" src=\"\/wp-content\/uploads\/logos_establecimientos\/68c7dd103fc45.jpg\" loading=\"lazy\" style=\"width: 40px; height: 40px; object-fit: contain; border-radius: 50%; vertical-align: middle; margin-right: 6px;\"><a href=\"https:\/\/www.instagram.com\/lacomandaagranel\/?hl=es\" target=\"_blank\">LA COMANDA A GRANEL<\/a><\/td><td style=\" text-transform: uppercase; \">c\/jUAN gINER 13<\/td><td><a href=\"https:\/\/www.google.es\/maps\/?q=c%2FjUAN+gINER+13+46020\" target=\"_blank\">Veure ubicaci\u00f3<\/a><\/td><\/tr><tr><td><img decoding=\"async\" src=\"\/wp-content\/uploads\/logos_establecimientos\/68a810e2e9113.jpg\" loading=\"lazy\" style=\"width: 40px; height: 40px; object-fit: contain; border-radius: 50%; vertical-align: middle; margin-right: 6px;\">MAGENTA PINTURAS SL<\/td><td style=\" text-transform: uppercase; \">CALLE ARCHIDUQUE CARLOS, 28<\/td><td><a href=\"https:\/\/www.google.es\/maps\/?q=CALLE+ARCHIDUQUE+CARLOS%2C+28+46018\" target=\"_blank\">Veure ubicaci\u00f3<\/a><\/td><\/tr><tr><td><img decoding=\"async\" src=\"\/wp-content\/uploads\/logos_establecimientos\/68a811745fc06.jpg\" loading=\"lazy\" style=\"width: 40px; height: 40px; object-fit: contain; border-radius: 50%; vertical-align: middle; margin-right: 6px;\">MAGENTA PINTURAS SL<\/td><td style=\" text-transform: uppercase; \">CALLE RIO BIDASOA, 49<\/td><td><a href=\"https:\/\/www.google.es\/maps\/?q=CALLE+RIO+BIDASOA%2C+49+46019\" target=\"_blank\">Veure ubicaci\u00f3<\/a><\/td><\/tr><tr><td><img decoding=\"async\" src=\"\/wp-content\/uploads\/logos_establecimientos\/6863a4aadaafd.JPG\" loading=\"lazy\" style=\"width: 40px; height: 40px; object-fit: contain; border-radius: 50%; vertical-align: middle; margin-right: 6px;\"><a href=\"\/\/www.pinturascortijo.es\" target=\"_blank\">PINTURAS CORTIJO<\/a><\/td><td style=\" text-transform: uppercase; \">Avenida del cid 82 <\/td><td><a href=\"https:\/\/www.google.es\/maps\/?q=Avenida+del+cid+82++46018\" target=\"_blank\">Veure ubicaci\u00f3<\/a><\/td><\/tr><tr><td><a href=\"https:\/\/www.terretaneta.com\/\" target=\"_blank\">TERRETA NETA<\/a><\/td><td style=\" text-transform: uppercase; \">C\/ Reverendo Rafael Tramoyer, 10<\/td><td><a href=\"https:\/\/www.google.es\/maps\/?q=C%2F+Reverendo+Rafael+Tramoyer%2C+10+46020\" target=\"_blank\">Veure ubicaci\u00f3<\/a><\/td><\/tr><\/table>[\/vc_tta_section][vc_tta_section title=&#8221;ELECTRODOM\u00c8STICS&#8221; tab_id=&#8221;6f4922f45568161a8cdf4ad2299f6d23&#8243;]<table><tr><th>NOM<\/th><th>DIRECCI\u00d3<\/th><th>UBICACI\u00d3<\/th><\/tr><tr><td><img decoding=\"async\" src=\"\/wp-content\/uploads\/logos_establecimientos\/686fe3dba1196.jpg\" loading=\"lazy\" style=\"width: 40px; height: 40px; object-fit: contain; border-radius: 50%; vertical-align: middle; margin-right: 6px;\"><a href=\"https:\/\/www.instagram.com\/electrodomesticos.a.guerrero\" target=\"_blank\">A. GUERRERO ELECTRODOM\u00c9STICOS<\/a><\/td><td style=\" text-transform: uppercase; \">C\/ DE LA GUARDIA CIVIL 20 BAJO<\/td><td><a href=\"https:\/\/www.google.es\/maps\/?q=C%2F+DE+LA+GUARDIA+CIVIL+20+BAJO+46020\" target=\"_blank\">Veure ubicaci\u00f3<\/a><\/td><\/tr><tr><td><img decoding=\"async\" src=\"\/wp-content\/uploads\/logos_establecimientos\/6893747d0a63f.jpg\" loading=\"lazy\" style=\"width: 40px; height: 40px; object-fit: contain; border-radius: 50%; vertical-align: middle; margin-right: 6px;\">ELECTRODOMESTICOS SU HOGAR<\/td><td style=\" text-transform: uppercase; \"> SAN JOSE DE CALASANZ, 7<\/td><td><a href=\"https:\/\/www.google.es\/maps\/?q=+SAN+JOSE+DE+CALASANZ%2C+7+46008\" target=\"_blank\">Veure ubicaci\u00f3<\/a><\/td><\/tr><tr><td><img decoding=\"async\" src=\"\/wp-content\/uploads\/logos_establecimientos\/68d2786ecccea.jpg\" loading=\"lazy\" style=\"width: 40px; height: 40px; object-fit: contain; border-radius: 50%; vertical-align: middle; margin-right: 6px;\"><a href=\"https:\/\/www.facebook.com\/share\/19ywtdnq5w\/\" target=\"_blank\">ELECTRODOM\u00c9STICOS VICENTE NOVERGES, S.L.<\/a><\/td><td style=\" text-transform: uppercase; \">Carcagente, 6  bajo<\/td><td><a href=\"https:\/\/www.google.es\/maps\/?q=Carcagente%2C+6++bajo+46007\" target=\"_blank\">Veure ubicaci\u00f3<\/a><\/td><\/tr><tr><td><img decoding=\"async\" src=\"\/wp-content\/uploads\/logos_establecimientos\/68d279f390b34.jpg\" loading=\"lazy\" style=\"width: 40px; height: 40px; object-fit: contain; border-radius: 50%; vertical-align: middle; margin-right: 6px;\"><a href=\"https:\/\/www.facebook.com\/share\/19ywtdnq5w\/\" target=\"_blank\">ELECTRODOM\u00c9STICOS VICENTE NOVERGES, S.L.<\/a><\/td><td style=\" text-transform: uppercase; \">Avda.  Cardenal Benlloch, 95<\/td><td><a href=\"https:\/\/www.google.es\/maps\/?q=Avda.++Cardenal+Benlloch%2C+95+46021\" target=\"_blank\">Veure ubicaci\u00f3<\/a><\/td><\/tr><tr><td><img decoding=\"async\" src=\"\/wp-content\/uploads\/logos_establecimientos\/68d27ba9cfdb2.jpg\" loading=\"lazy\" style=\"width: 40px; height: 40px; object-fit: contain; border-radius: 50%; vertical-align: middle; margin-right: 6px;\"><a href=\"https:\/\/www.facebook.com\/share\/19ywtdnq5w\/\" target=\"_blank\">ELECTRODOM\u00c9STICOS VICENTE NOVERGES, S.L.<\/a><\/td><td style=\" text-transform: uppercase; \">Emilio Bar\u00f3, 50<\/td><td><a href=\"https:\/\/www.google.es\/maps\/?q=Emilio+Bar%C3%B3%2C+50+46020\" target=\"_blank\">Veure ubicaci\u00f3<\/a><\/td><\/tr><tr><td><img decoding=\"async\" src=\"\/wp-content\/uploads\/logos_establecimientos\/68d27cb32237e.jpg\" loading=\"lazy\" style=\"width: 40px; height: 40px; object-fit: contain; border-radius: 50%; vertical-align: middle; margin-right: 6px;\"><a href=\"https:\/\/www.facebook.com\/share\/19ywtdnq5w\/\" target=\"_blank\">ELECTRODOM\u00c9STICOS VICENTE NOVERGES, S.L.<\/a><\/td><td style=\" text-transform: uppercase; \">Maestro Aguilar, 14 bajo<\/td><td><a href=\"https:\/\/www.google.es\/maps\/?q=Maestro+Aguilar%2C+14+bajo+46006\" target=\"_blank\">Veure ubicaci\u00f3<\/a><\/td><\/tr><tr><td><img decoding=\"async\" src=\"\/wp-content\/uploads\/logos_establecimientos\/6881ff9c21163.jpg\" loading=\"lazy\" style=\"width: 40px; height: 40px; object-fit: contain; border-radius: 50%; vertical-align: middle; margin-right: 6px;\">ELECTRODOMESTICOS VIVO TIEN 21<\/td><td style=\" text-transform: uppercase; \">CL. RODRIGUEZ DE CEPEDA, 18 BJ<\/td><td><a href=\"https:\/\/www.google.es\/maps\/?q=CL.+RODRIGUEZ+DE+CEPEDA%2C+18+BJ+46021\" target=\"_blank\">Veure ubicaci\u00f3<\/a><\/td><\/tr><tr><td><img decoding=\"async\" src=\"\/wp-content\/uploads\/logos_establecimientos\/6864f03700523.JPG\" loading=\"lazy\" style=\"width: 40px; height: 40px; object-fit: contain; border-radius: 50%; vertical-align: middle; margin-right: 6px;\"><a href=\"https:\/\/www.instagram.com\/euronics.valencia\/\" target=\"_blank\">EURONICS C\/ ALBORAYA<\/a><\/td><td style=\" text-transform: uppercase; \">C\/ ALBORAYA, 31<\/td><td><a href=\"https:\/\/www.google.es\/maps\/?q=C%2F+ALBORAYA%2C+31+46010\" target=\"_blank\">Veure ubicaci\u00f3<\/a><\/td><\/tr><tr><td><img decoding=\"async\" src=\"\/wp-content\/uploads\/logos_establecimientos\/68b08beeb25ad.jpeg\" loading=\"lazy\" style=\"width: 40px; height: 40px; object-fit: contain; border-radius: 50%; vertical-align: middle; margin-right: 6px;\"><a href=\"\/\/www.mielectro.es\" target=\"_blank\">MI ELECTRO MATEO SANCHEZ<\/a><\/td><td style=\" text-transform: uppercase; \">AVENIDA DE BURJASSOT, 200 &#8211; BAJO<\/td><td><a href=\"https:\/\/www.google.es\/maps\/?q=AVENIDA+DE+BURJASSOT%2C+200+-+BAJO+46025\" target=\"_blank\">Veure ubicaci\u00f3<\/a><\/td><\/tr><tr><td><img decoding=\"async\" src=\"\/wp-content\/uploads\/logos_establecimientos\/68c2aef524935.jpg\" loading=\"lazy\" style=\"width: 40px; height: 40px; object-fit: contain; border-radius: 50%; vertical-align: middle; margin-right: 6px;\">MILAR CAMPS<\/td><td style=\" text-transform: uppercase; \">BARRACA 115<\/td><td><a href=\"https:\/\/www.google.es\/maps\/?q=BARRACA+115+46011\" target=\"_blank\">Veure ubicaci\u00f3<\/a><\/td><\/tr><tr><td><img decoding=\"async\" src=\"\/wp-content\/uploads\/logos_establecimientos\/68ba9ef70011e.jpg\" loading=\"lazy\" style=\"width: 40px; height: 40px; object-fit: contain; border-radius: 50%; vertical-align: middle; margin-right: 6px;\"><a href=\"\/\/@mlargranvia\" target=\"_blank\">MILAR GRANVIA<\/a><\/td><td style=\" text-transform: uppercase; \">G.V FERNANDO EL CATOLICO 3-BAJO<\/td><td><a href=\"https:\/\/www.google.es\/maps\/?q=G.V+FERNANDO+EL+CATOLICO+3-BAJO+46008\" target=\"_blank\">Veure ubicaci\u00f3<\/a><\/td><\/tr><tr><td><img decoding=\"async\" src=\"\/wp-content\/uploads\/logos_establecimientos\/6866a3fc0dc8c.jpg\" loading=\"lazy\" style=\"width: 40px; height: 40px; object-fit: contain; border-radius: 50%; vertical-align: middle; margin-right: 6px;\"><a href=\"\/\/@milarpardo\" target=\"_blank\">MILAR PARDO<\/a><\/td><td style=\" text-transform: uppercase; \">C\/FELIPE VALLS, 87<\/td><td><a href=\"https:\/\/www.google.es\/maps\/?q=C%2FFELIPE+VALLS%2C+87+46035\" target=\"_blank\">Veure ubicaci\u00f3<\/a><\/td><\/tr><tr><td><img decoding=\"async\" src=\"\/wp-content\/uploads\/logos_establecimientos\/686ba5ecaa2f3.png\" loading=\"lazy\" style=\"width: 40px; height: 40px; object-fit: contain; border-radius: 50%; vertical-align: middle; margin-right: 6px;\"><a href=\"\/\/www.milar.es\" target=\"_blank\">MILAR PATRAIX<\/a><\/td><td style=\" text-transform: uppercase; \"> Av. Gaspar Aguilar, 16<\/td><td><a href=\"https:\/\/www.google.es\/maps\/?q=+Av.+Gaspar+Aguilar%2C+16+46007\" target=\"_blank\">Veure ubicaci\u00f3<\/a><\/td><\/tr><tr><td><img decoding=\"async\" src=\"\/wp-content\/uploads\/logos_establecimientos\/686b869b4be87.jpg\" loading=\"lazy\" style=\"width: 40px; height: 40px; object-fit: contain; border-radius: 50%; vertical-align: middle; margin-right: 6px;\"><a href=\"https:\/\/www.instagram.com\/milarrafamolins\/?hl=es\" target=\"_blank\">MILAR RAFA MOLINS<\/a><\/td><td style=\" text-transform: uppercase; \">C\/ PERE DE VALENCIA 17<\/td><td><a href=\"https:\/\/www.google.es\/maps\/?q=C%2F+PERE+DE+VALENCIA+17+46022\" target=\"_blank\">Veure ubicaci\u00f3<\/a><\/td><\/tr><tr><td><img decoding=\"async\" src=\"\/wp-content\/uploads\/logos_establecimientos\/686d374319da2.jpg\" loading=\"lazy\" style=\"width: 40px; height: 40px; object-fit: contain; border-radius: 50%; vertical-align: middle; margin-right: 6px;\"><a href=\"\/\/www.milar.es\" target=\"_blank\">MILAR SOLER ELECTRODOMESTICOS<\/a><\/td><td style=\" text-transform: uppercase; \">Calle General Urrutia, 1<\/td><td><a href=\"https:\/\/www.google.es\/maps\/?q=Calle+General+Urrutia%2C+1+46006\" target=\"_blank\">Veure ubicaci\u00f3<\/a><\/td><\/tr><tr><td><img decoding=\"async\" src=\"\/wp-content\/uploads\/logos_establecimientos\/686bfd5cd585d.jpg\" loading=\"lazy\" style=\"width: 40px; height: 40px; object-fit: contain; border-radius: 50%; vertical-align: middle; margin-right: 6px;\">MILAR-MU\u00d1\u00d3Z<\/td><td style=\" text-transform: uppercase; \">C\/ ENRIQUE NAVARRO,28<\/td><td><a href=\"https:\/\/www.google.es\/maps\/?q=C%2F+ENRIQUE+NAVARRO%2C28+46020\" target=\"_blank\">Veure ubicaci\u00f3<\/a><\/td><\/tr><tr><td><img decoding=\"async\" src=\"\/wp-content\/uploads\/logos_establecimientos\/66a78ad329245.jpeg\" loading=\"lazy\" style=\"width: 40px; height: 40px; object-fit: contain; border-radius: 50%; vertical-align: middle; margin-right: 6px;\">PASCUAL MART\u00cd<\/td><td style=\" text-transform: uppercase; \">Avd. Constituci\u00f3n 165<\/td><td><a href=\"https:\/\/www.google.es\/maps\/?q=Avd.+Constituci%C3%B3n+165+46019\" target=\"_blank\">Veure ubicaci\u00f3<\/a><\/td><\/tr><tr><td><img decoding=\"async\" src=\"\/wp-content\/uploads\/logos_establecimientos\/66a78b2a3f5ca.jpeg\" loading=\"lazy\" style=\"width: 40px; height: 40px; object-fit: contain; border-radius: 50%; vertical-align: middle; margin-right: 6px;\">PASCUAL MART\u00cd<\/td><td style=\" text-transform: uppercase; \">C\/Cuenca 82, Valencia<\/td><td><a href=\"https:\/\/www.google.es\/maps\/?q=C%2FCuenca+82%2C+Valencia+46007\" target=\"_blank\">Veure ubicaci\u00f3<\/a><\/td><\/tr><tr><td><a href=\"http:www.llosa.com\" target=\"_blank\">RAMON LLOSA S.A.<\/a><\/td><td style=\" text-transform: uppercase; \">AVENIDA BLASCO IBA\u00d1EZ N\u00ba 31 BAJO<\/td><td><a href=\"https:\/\/www.google.es\/maps\/?q=AVENIDA+BLASCO+IBA%C3%91EZ+N%C2%BA+31+BAJO+46010\" target=\"_blank\">Veure ubicaci\u00f3<\/a><\/td><\/tr><tr><td><img decoding=\"async\" src=\"\/wp-content\/uploads\/logos_establecimientos\/688ba0e7f3745.jpg\" loading=\"lazy\" style=\"width: 40px; height: 40px; object-fit: contain; border-radius: 50%; vertical-align: middle; margin-right: 6px;\"><a href=\"\/\/www.todocasionelectrodomesticos.com\" target=\"_blank\">TODOCASI\u00d3N ELECTRODOM\u00c9STICOS<\/a><\/td><td style=\" text-transform: uppercase; \">EMILIO BAR\u00d3, 6 &#8211; VALENCIA<\/td><td><a href=\"https:\/\/www.google.es\/maps\/?q=EMILIO+BAR%C3%93%2C+6+-+VALENCIA+46020\" target=\"_blank\">Veure ubicaci\u00f3<\/a><\/td><\/tr><\/table>[\/vc_tta_section][vc_tta_section title=&#8221;EQUIPAMENT LABORAL&#8221; tab_id=&#8221;6512bd43d9caa6e02c990b0a82652dca&#8221;]<table><tr><th>NOM<\/th><th>DIRECCI\u00d3<\/th><th>UBICACI\u00d3<\/th><\/tr><tr><td><img decoding=\"async\" src=\"\/wp-content\/uploads\/logos_establecimientos\/6511e780af4d0.jpg\" loading=\"lazy\" style=\"width: 40px; height: 40px; object-fit: contain; border-radius: 50%; vertical-align: middle; margin-right: 6px;\">EL DIRECTO 5 BOLSERIA<\/td><td style=\" text-transform: uppercase; \">C\/  BOLSERIA, 5<\/td><td><a href=\"https:\/\/www.google.es\/maps\/?q=C%2F++BOLSERIA%2C+5+46001\" target=\"_blank\">Veure ubicaci\u00f3<\/a><\/td><\/tr><\/table>[\/vc_tta_section][vc_tta_section title=&#8221;ESPORT I AVENTURA&#8221; tab_id=&#8221;45c48cce2e2d7fbdea1afc51c7c6ad26&#8243;]<table><tr><th>NOM<\/th><th>DIRECCI\u00d3<\/th><th>UBICACI\u00d3<\/th><\/tr><tr><td><img decoding=\"async\" src=\"\/wp-content\/uploads\/logos_establecimientos\/687040c814a75.png\" loading=\"lazy\" style=\"width: 40px; height: 40px; object-fit: contain; border-radius: 50%; vertical-align: middle; margin-right: 6px;\"><a href=\"https:\/\/www.365rider.com\/\" target=\"_blank\">365 RIDER<\/a><\/td><td style=\" text-transform: uppercase; \">C\/ LA COSTERA, 2<\/td><td><a href=\"https:\/\/www.google.es\/maps\/?q=C%2F+LA+COSTERA%2C+2+46035\" target=\"_blank\">Veure ubicaci\u00f3<\/a><\/td><\/tr><tr><td><img decoding=\"async\" src=\"\/wp-content\/uploads\/logos_establecimientos\/689c545a14056.png\" loading=\"lazy\" style=\"width: 40px; height: 40px; object-fit: contain; border-radius: 50%; vertical-align: middle; margin-right: 6px;\">ATMOSFERA SPORT &#8211; DEPORTES CA MPILLO<\/td><td style=\" text-transform: uppercase; \">C\/EMILIO BAR\u00d3, 8 &#8211; VALENCIA<\/td><td><a href=\"https:\/\/www.google.es\/maps\/?q=C%2FEMILIO+BAR%C3%93%2C+8+-+VALENCIA+46020\" target=\"_blank\">Veure ubicaci\u00f3<\/a><\/td><\/tr><tr><td><img decoding=\"async\" src=\"\/wp-content\/uploads\/logos_establecimientos\/68667bf5101ad.png\" loading=\"lazy\" style=\"width: 40px; height: 40px; object-fit: contain; border-radius: 50%; vertical-align: middle; margin-right: 6px;\"><a href=\"\/\/www.beurbanrunning.com\" target=\"_blank\">BE URBAN RUNNING VALENCIA<\/a><\/td><td style=\" text-transform: uppercase; \">AVDA MAESTRO RODRIGO 37<\/td><td><a href=\"https:\/\/www.google.es\/maps\/?q=AVDA+MAESTRO+RODRIGO+37+46015\" target=\"_blank\">Veure ubicaci\u00f3<\/a><\/td><\/tr><tr><td><img decoding=\"async\" src=\"\/wp-content\/uploads\/logos_establecimientos\/6864053cd9607.jpg\" loading=\"lazy\" style=\"width: 40px; height: 40px; object-fit: contain; border-radius: 50%; vertical-align: middle; margin-right: 6px;\"><a href=\"https:\/\/bike-gourmet.com\/\" target=\"_blank\">BIKE GOURMET S.L<\/a><\/td><td style=\" text-transform: uppercase; \">Avenida del Cid, 132<\/td><td><a href=\"https:\/\/www.google.es\/maps\/?q=Avenida+del+Cid%2C+132+46014\" target=\"_blank\">Veure ubicaci\u00f3<\/a><\/td><\/tr><tr><td><a href=\"https:\/\/bromptonjunctionvlc.com\/\" target=\"_blank\">BROMPTON JUNCTION VALENCIA<\/a><\/td><td style=\" text-transform: uppercase; \">C\/ CIRILO AMOR\u00d3S, 68<\/td><td><a href=\"https:\/\/www.google.es\/maps\/?q=C%2F+CIRILO+AMOR%C3%93S%2C+68+46004\" target=\"_blank\">Veure ubicaci\u00f3<\/a><\/td><\/tr><tr><td><img decoding=\"async\" src=\"\/wp-content\/uploads\/logos_establecimientos\/68bb01b1c3a84.png\" loading=\"lazy\" style=\"width: 40px; height: 40px; object-fit: contain; border-radius: 50%; vertical-align: middle; margin-right: 6px;\"><a href=\"https:\/\/deportesalvarado.com\/\" target=\"_blank\">DEPORTES ALVARADO<\/a><\/td><td style=\" text-transform: uppercase; \">CALLE MAR, 27<\/td><td><a href=\"https:\/\/www.google.es\/maps\/?q=CALLE+MAR%2C+27+46003\" target=\"_blank\">Veure ubicaci\u00f3<\/a><\/td><\/tr><tr><td><img decoding=\"async\" src=\"\/wp-content\/uploads\/logos_establecimientos\/686cf1dfb2309.jpeg\" loading=\"lazy\" style=\"width: 40px; height: 40px; object-fit: contain; border-radius: 50%; vertical-align: middle; margin-right: 6px;\">DEPORTES LARA<\/td><td style=\" text-transform: uppercase; \">CL COMEDIAS N\u00ba3<\/td><td><a href=\"https:\/\/www.google.es\/maps\/?q=CL+COMEDIAS+N%C2%BA3+46003\" target=\"_blank\">Veure ubicaci\u00f3<\/a><\/td><\/tr><tr><td><img decoding=\"async\" src=\"\/wp-content\/uploads\/2023\/09\/dyb-redondo-40cm.png\" loading=\"lazy\" style=\"width: 40px; height: 40px; object-fit: contain; border-radius: 50%; vertical-align: middle; margin-right: 6px;\"><a href=\"https:\/\/www.doyoubike.com\/\" target=\"_blank\">DOYOUBIKE<\/a><\/td><td style=\" text-transform: uppercase; \">AVENIDA DEL PUERTO, 141<\/td><td><a href=\"https:\/\/www.google.es\/maps\/?q=AVENIDA+DEL+PUERTO%2C+141+46022\" target=\"_blank\">Veure ubicaci\u00f3<\/a><\/td><\/tr><tr><td><img decoding=\"async\" src=\"\/wp-content\/uploads\/2023\/09\/dyb-redondo-40cm.png\" loading=\"lazy\" style=\"width: 40px; height: 40px; object-fit: contain; border-radius: 50%; vertical-align: middle; margin-right: 6px;\"><a href=\"https:\/\/www.doyoubike.com\/\" target=\"_blank\">DOYOUBIKE<\/a><\/td><td style=\" text-transform: uppercase; \">C\/ DEL MAR, 14<\/td><td><a href=\"https:\/\/www.google.es\/maps\/?q=C%2F+DEL+MAR%2C+14+46003\" target=\"_blank\">Veure ubicaci\u00f3<\/a><\/td><\/tr><tr><td><img decoding=\"async\" src=\"\/wp-content\/uploads\/logos_establecimientos\/686ee9736f3e9.png\" loading=\"lazy\" style=\"width: 40px; height: 40px; object-fit: contain; border-radius: 50%; vertical-align: middle; margin-right: 6px;\"><a href=\"https:\/\/www.doyoubike.com\/\" target=\"_blank\">DOYOUBIKE<\/a><\/td><td style=\" text-transform: uppercase; \">C\/ DE LA SANGRE, 9<\/td><td><a href=\"https:\/\/www.google.es\/maps\/?q=C%2F+DE+LA+SANGRE%2C+9+46002\" target=\"_blank\">Veure ubicaci\u00f3<\/a><\/td><\/tr><tr><td><img decoding=\"async\" src=\"\/wp-content\/uploads\/logos_establecimientos\/650b4b4f96b11.jpg\" loading=\"lazy\" style=\"width: 40px; height: 40px; object-fit: contain; border-radius: 50%; vertical-align: middle; margin-right: 6px;\"><a href=\"https:\/\/www.laventurascout.com\/\" target=\"_blank\">L\\&#8217;AVENTURA<\/a><\/td><td style=\" text-transform: uppercase; \">CL GUILLEM DE CASTRO 63<\/td><td><a href=\"https:\/\/www.google.es\/maps\/?q=CL+GUILLEM+DE+CASTRO+63+46008\" target=\"_blank\">Veure ubicaci\u00f3<\/a><\/td><\/tr><tr><td><img decoding=\"async\" src=\"\/wp-content\/uploads\/logos_establecimientos\/6863a8a4e6e46.png\" loading=\"lazy\" style=\"width: 40px; height: 40px; object-fit: contain; border-radius: 50%; vertical-align: middle; margin-right: 6px;\"><a href=\"https:\/\/menejat.com\/\" target=\"_blank\">MENEJAT FIT<\/a><\/td><td style=\" text-transform: uppercase; \">Carrer de Cavite, 67<\/td><td><a href=\"https:\/\/www.google.es\/maps\/?q=Carrer+de+Cavite%2C+67+46011\" target=\"_blank\">Veure ubicaci\u00f3<\/a><\/td><\/tr><tr><td><img decoding=\"async\" src=\"\/wp-content\/uploads\/logos_establecimientos\/650f5ff5d6bf6.png\" loading=\"lazy\" style=\"width: 40px; height: 40px; object-fit: contain; border-radius: 50%; vertical-align: middle; margin-right: 6px;\"><a href=\"https:\/\/www.rafaelabad.com\/\" target=\"_blank\">RAFAEL ABAD BICICLETAS<\/a><\/td><td style=\" text-transform: uppercase; \">C\/ LORCA, 16<\/td><td><a href=\"https:\/\/www.google.es\/maps\/?q=C%2F+LORCA%2C+16+46018\" target=\"_blank\">Veure ubicaci\u00f3<\/a><\/td><\/tr><tr><td><img decoding=\"async\" src=\"\/wp-content\/uploads\/logos_establecimientos\/650f5ff7e9290.png\" loading=\"lazy\" style=\"width: 40px; height: 40px; object-fit: contain; border-radius: 50%; vertical-align: middle; margin-right: 6px;\"><a href=\"https:\/\/www.rafaelabad.com\/\" target=\"_blank\">RAFAEL ABAD BICICLETAS<\/a><\/td><td style=\" text-transform: uppercase; \">C\/ TUNDIDORES, 4 <\/td><td><a href=\"https:\/\/www.google.es\/maps\/?q=C%2F+TUNDIDORES%2C+4++46001\" target=\"_blank\">Veure ubicaci\u00f3<\/a><\/td><\/tr><tr><td><img decoding=\"async\" src=\"\/wp-content\/uploads\/logos_establecimientos\/650cb35207f13.jpg\" loading=\"lazy\" style=\"width: 40px; height: 40px; object-fit: contain; border-radius: 50%; vertical-align: middle; margin-right: 6px;\"><a href=\"\/\/-\" target=\"_blank\">SPORTS 2000<\/a><\/td><td style=\" text-transform: uppercase; \">CL SAN VICENTE 99<\/td><td><a href=\"https:\/\/www.google.es\/maps\/?q=CL+SAN+VICENTE+99+46007\" target=\"_blank\">Veure ubicaci\u00f3<\/a><\/td><\/tr><tr><td><img decoding=\"async\" src=\"\/wp-content\/uploads\/logos_establecimientos\/68663ed015424.png\" loading=\"lazy\" style=\"width: 40px; height: 40px; object-fit: contain; border-radius: 50%; vertical-align: middle; margin-right: 6px;\"><a href=\"\/\/todobicivalencia.com\" target=\"_blank\">TODOBICI<\/a><\/td><td style=\" text-transform: uppercase; \">C\/ Serradora 5 bajo<\/td><td><a href=\"https:\/\/www.google.es\/maps\/?q=C%2F+Serradora+5+bajo+46022\" target=\"_blank\">Veure ubicaci\u00f3<\/a><\/td><\/tr><tr><td><img decoding=\"async\" src=\"\/wp-content\/uploads\/logos_establecimientos\/68bf176f291ca.jpg\" loading=\"lazy\" style=\"width: 40px; height: 40px; object-fit: contain; border-radius: 50%; vertical-align: middle; margin-right: 6px;\"><a href=\"\/\/www.ventsdemuntanya.com\" target=\"_blank\">VENTS DE MUNTANYA<\/a><\/td><td style=\" text-transform: uppercase; \">C\/Actor Mora, 23<\/td><td><a href=\"https:\/\/www.google.es\/maps\/?q=C%2FActor+Mora%2C+23+46009\" target=\"_blank\">Veure ubicaci\u00f3<\/a><\/td><\/tr><tr><td><img decoding=\"async\" src=\"\/wp-content\/uploads\/logos_establecimientos\/68d171c3bd886.jpg\" loading=\"lazy\" style=\"width: 40px; height: 40px; object-fit: contain; border-radius: 50%; vertical-align: middle; margin-right: 6px;\"><a href=\"https:\/\/vueltadetuerca.es\/\" target=\"_blank\">VUELTA DE TUERCA<\/a><\/td><td style=\" text-transform: uppercase; \">CALLE RAMON ASENSIO 14<\/td><td><a href=\"https:\/\/www.google.es\/maps\/?q=CALLE+RAMON+ASENSIO+14+46020\" target=\"_blank\">Veure ubicaci\u00f3<\/a><\/td><\/tr><\/table>[\/vc_tta_section][vc_tta_section title=&#8221;FERRETERIA I PARAMENT&#8221; tab_id=&#8221;1f0e3dad99908345f7439f8ffabdffc4&#8243;]<table><tr><th>NOM<\/th><th>DIRECCI\u00d3<\/th><th>UBICACI\u00d3<\/th><\/tr><tr><td><img decoding=\"async\" src=\"\/wp-content\/uploads\/logos_establecimientos\/66d826fe159b3.png\" loading=\"lazy\" style=\"width: 40px; height: 40px; object-fit: contain; border-radius: 50%; vertical-align: middle; margin-right: 6px;\"><a href=\"https:\/\/casa-rodriguez.com\/\" target=\"_blank\">CASA RODRIGUEZ<\/a><\/td><td style=\" text-transform: uppercase; \">PLAZA DEL MERCADO, 39<\/td><td><a href=\"https:\/\/www.google.es\/maps\/?q=PLAZA+DEL+MERCADO%2C+39+46001\" target=\"_blank\">Veure ubicaci\u00f3<\/a><\/td><\/tr><tr><td><img decoding=\"async\" src=\"\/wp-content\/uploads\/logos_establecimientos\/68b828439cb5b.png\" loading=\"lazy\" style=\"width: 40px; height: 40px; object-fit: contain; border-radius: 50%; vertical-align: middle; margin-right: 6px;\"><a href=\"\/\/www.comercialcamila.es\" target=\"_blank\">COMERCIAL CAMILA<\/a><\/td><td style=\" text-transform: uppercase; \">Avinguda de P\u00e9rez Gald\u00f3s, 27<\/td><td><a href=\"https:\/\/www.google.es\/maps\/?q=Avinguda+de+P%C3%A9rez+Gald%C3%B3s%2C+27+46018\" target=\"_blank\">Veure ubicaci\u00f3<\/a><\/td><\/tr><tr><td><img decoding=\"async\" src=\"\/wp-content\/uploads\/logos_establecimientos\/66e08da4d4fea.png\" loading=\"lazy\" style=\"width: 40px; height: 40px; object-fit: contain; border-radius: 50%; vertical-align: middle; margin-right: 6px;\"><a href=\"https:\/\/www.cuchillerianebot.com\/es\/\" target=\"_blank\">CUCHILERIA NEBOT<\/a><\/td><td style=\" text-transform: uppercase; \">C\/ BOLSERIA, 23<\/td><td><a href=\"https:\/\/www.google.es\/maps\/?q=C%2F+BOLSERIA%2C+23+46001\" target=\"_blank\">Veure ubicaci\u00f3<\/a><\/td><\/tr><tr><td><img decoding=\"async\" src=\"\/wp-content\/uploads\/logos_establecimientos\/68a44388eaeee.png\" loading=\"lazy\" style=\"width: 40px; height: 40px; object-fit: contain; border-radius: 50%; vertical-align: middle; margin-right: 6px;\"><a href=\"https:\/\/cuchilleriavprieto.es\/\" target=\"_blank\">CUCHILLER\u00cdA V. PRIETO<\/a><\/td><td style=\" text-transform: uppercase; \">Av. Del Oeste 26 Valencia<\/td><td><a href=\"https:\/\/www.google.es\/maps\/?q=Av.+Del+Oeste+26+Valencia+46001\" target=\"_blank\">Veure ubicaci\u00f3<\/a><\/td><\/tr><tr><td><img decoding=\"async\" src=\"\/wp-content\/uploads\/logos_establecimientos\/6865474216487.png\" loading=\"lazy\" style=\"width: 40px; height: 40px; object-fit: contain; border-radius: 50%; vertical-align: middle; margin-right: 6px;\"><a href=\"\/\/www.culinarium.es\" target=\"_blank\">CULINARIUM<\/a><\/td><td style=\" text-transform: uppercase; \">C. Isabel la Catolica, 4<\/td><td><a href=\"https:\/\/www.google.es\/maps\/?q=C.+Isabel+la+Catolica%2C+4+46004\" target=\"_blank\">Veure ubicaci\u00f3<\/a><\/td><\/tr><tr><td><img decoding=\"async\" src=\"\/wp-content\/uploads\/logos_establecimientos\/650d4c8fa968a.png\" loading=\"lazy\" style=\"width: 40px; height: 40px; object-fit: contain; border-radius: 50%; vertical-align: middle; margin-right: 6px;\"><a href=\"https:\/\/elgloboferreteria.com\/\" target=\"_blank\">EL GLOBO FERRETERIA<\/a><\/td><td style=\" text-transform: uppercase; \">PLAZA CIUDAD DE BRUJAS, 5<\/td><td><a href=\"https:\/\/www.google.es\/maps\/?q=PLAZA+CIUDAD+DE+BRUJAS%2C+5+46001\" target=\"_blank\">Veure ubicaci\u00f3<\/a><\/td><\/tr><tr><td><img decoding=\"async\" src=\"\/wp-content\/uploads\/logos_establecimientos\/686e1f5a96100.jpg\" loading=\"lazy\" style=\"width: 40px; height: 40px; object-fit: contain; border-radius: 50%; vertical-align: middle; margin-right: 6px;\"><a href=\"https:\/\/ferreteriadols.com\/\" target=\"_blank\">FERRETER\u00cdA DOLS<\/a><\/td><td style=\" text-transform: uppercase; \">C\/Quart 64 <\/td><td><a href=\"https:\/\/www.google.es\/maps\/?q=C%2FQuart+64++46008\" target=\"_blank\">Veure ubicaci\u00f3<\/a><\/td><\/tr><tr><td><img decoding=\"async\" src=\"\/wp-content\/uploads\/logos_establecimientos\/686e7f855fb64.jpg\" loading=\"lazy\" style=\"width: 40px; height: 40px; object-fit: contain; border-radius: 50%; vertical-align: middle; margin-right: 6px;\"><a href=\"\/\/-\" target=\"_blank\">FERRETERIA ESTER<\/a><\/td><td style=\" text-transform: uppercase; \">C\/ GRAN CANARIA, 34<\/td><td><a href=\"https:\/\/www.google.es\/maps\/?q=C%2F+GRAN+CANARIA%2C+34+46011\" target=\"_blank\">Veure ubicaci\u00f3<\/a><\/td><\/tr><tr><td><img decoding=\"async\" src=\"\/wp-content\/uploads\/logos_establecimientos\/68d13340c1d16.png\" loading=\"lazy\" style=\"width: 40px; height: 40px; object-fit: contain; border-radius: 50%; vertical-align: middle; margin-right: 6px;\"><a href=\"https:\/\/www.floristerialafulla.com\/\" target=\"_blank\">FERRETER\u00cdA G\u00d3MEZ Y SOCUELLAMOS<\/a><\/td><td style=\" text-transform: uppercase; \">CA MARTI GRAJALES, 19<\/td><td><a href=\"https:\/\/www.google.es\/maps\/?q=CA+MARTI+GRAJALES%2C+19+46011\" target=\"_blank\">Veure ubicaci\u00f3<\/a><\/td><\/tr><tr><td>FERROBOX P\u00c0LACIO DE CONGRESOS<\/td><td style=\" text-transform: uppercase; \">C\/ NICASIO BENLLOCH, 82<\/td><td><a href=\"https:\/\/www.google.es\/maps\/?q=C%2F+NICASIO+BENLLOCH%2C+82+46015\" target=\"_blank\">Veure ubicaci\u00f3<\/a><\/td><\/tr><tr><td><img decoding=\"async\" src=\"\/wp-content\/uploads\/logos_establecimientos\/686670fd37250.png\" loading=\"lazy\" style=\"width: 40px; height: 40px; object-fit: contain; border-radius: 50%; vertical-align: middle; margin-right: 6px;\"><a href=\"\/\/www.gadgetscuina.com\" target=\"_blank\">GADGETS COCINA<\/a><\/td><td style=\" text-transform: uppercase; \">C\/CIRILO AMOR\u00d3S, 59<\/td><td><a href=\"https:\/\/www.google.es\/maps\/?q=C%2FCIRILO+AMOR%C3%93S%2C+59+46004\" target=\"_blank\">Veure ubicaci\u00f3<\/a><\/td><\/tr><tr><td><img decoding=\"async\" src=\"\/wp-content\/uploads\/logos_establecimientos\/650782e66b1b0.jpg\" loading=\"lazy\" style=\"width: 40px; height: 40px; object-fit: contain; border-radius: 50%; vertical-align: middle; margin-right: 6px;\"><a href=\"\/\/www.granmenajevalencia.es\" target=\"_blank\">GRAN MENAJE<\/a><\/td><td style=\" text-transform: uppercase; \">CALLE TRENCH,23<\/td><td><a href=\"https:\/\/www.google.es\/maps\/?q=CALLE+TRENCH%2C23+46001\" target=\"_blank\">Veure ubicaci\u00f3<\/a><\/td><\/tr><tr><td><a href=\"https:\/\/grupoclavis.com\" target=\"_blank\">GRUPO CLAVIS 2000 SL<\/a><\/td><td style=\" text-transform: uppercase; \">RODRIGUEZ DE CEPEDA, 28<\/td><td><a href=\"https:\/\/www.google.es\/maps\/?q=RODRIGUEZ+DE+CEPEDA%2C+28+46021\" target=\"_blank\">Veure ubicaci\u00f3<\/a><\/td><\/tr><tr><td><img decoding=\"async\" src=\"\/wp-content\/uploads\/logos_establecimientos\/68b9acb1cf513.jpg\" loading=\"lazy\" style=\"width: 40px; height: 40px; object-fit: contain; border-radius: 50%; vertical-align: middle; margin-right: 6px;\"><a href=\"\/\/www.grupoclavis.com\" target=\"_blank\">GRUPO CLAVIS GRAN VIA<\/a><\/td><td style=\" text-transform: uppercase; \">GRAN VIA RAMON Y CAJAL, 26 BAJO<\/td><td><a href=\"https:\/\/www.google.es\/maps\/?q=GRAN+VIA+RAMON+Y+CAJAL%2C+26+BAJO+46007\" target=\"_blank\">Veure ubicaci\u00f3<\/a><\/td><\/tr><tr><td><img decoding=\"async\" src=\"\/wp-content\/uploads\/logos_establecimientos\/66d9b9060cea8.jpg\" loading=\"lazy\" style=\"width: 40px; height: 40px; object-fit: contain; border-radius: 50%; vertical-align: middle; margin-right: 6px;\"><a href=\"\/\/www.luceliluminacion.com\" target=\"_blank\">LUCEL ILUMINACION<\/a><\/td><td style=\" text-transform: uppercase; \">AVDA JUAN XXIII, 11<\/td><td><a href=\"https:\/\/www.google.es\/maps\/?q=AVDA+JUAN+XXIII%2C+11+46025\" target=\"_blank\">Veure ubicaci\u00f3<\/a><\/td><\/tr><tr><td><img decoding=\"async\" src=\"\/wp-content\/uploads\/logos_establecimientos\/66d9b936a598c.jpg\" loading=\"lazy\" style=\"width: 40px; height: 40px; object-fit: contain; border-radius: 50%; vertical-align: middle; margin-right: 6px;\"><a href=\"\/\/www.luceliluminacion.com\" target=\"_blank\">LUCEL ILUMINACION<\/a><\/td><td style=\" text-transform: uppercase; \">AVDA MAESTRO RODRIGO, 85<\/td><td><a href=\"https:\/\/www.google.es\/maps\/?q=AVDA+MAESTRO+RODRIGO%2C+85+46015\" target=\"_blank\">Veure ubicaci\u00f3<\/a><\/td><\/tr><tr><td><img decoding=\"async\" src=\"\/wp-content\/uploads\/logos_establecimientos\/68665b058179f.jpg\" loading=\"lazy\" style=\"width: 40px; height: 40px; object-fit: contain; border-radius: 50%; vertical-align: middle; margin-right: 6px;\"><a href=\"\/\/www.masmasia.info\" target=\"_blank\">MAS-MASI\u00c1<\/a><\/td><td style=\" text-transform: uppercase; \">C\/ Escultor Jos\u00e9 Cap\u00faz 19<\/td><td><a href=\"https:\/\/www.google.es\/maps\/?q=C%2F+Escultor+Jos%C3%A9+Cap%C3%BAz+19+46006\" target=\"_blank\">Veure ubicaci\u00f3<\/a><\/td><\/tr><tr><td><img decoding=\"async\" src=\"\/wp-content\/uploads\/logos_establecimientos\/68650fa22231a.jpg\" loading=\"lazy\" style=\"width: 40px; height: 40px; object-fit: contain; border-radius: 50%; vertical-align: middle; margin-right: 6px;\"><a href=\"\/\/www.masmasiatienda.com\" target=\"_blank\">SALVADOR MAS-MASI\u00c1 SIERRA<\/a><\/td><td style=\" text-transform: uppercase; \">CL. ERUDITO ORELLANA, 4 BAJO <\/td><td><a href=\"https:\/\/www.google.es\/maps\/?q=CL.+ERUDITO+ORELLANA%2C+4+BAJO++46008\" target=\"_blank\">Veure ubicaci\u00f3<\/a><\/td><\/tr><tr><td><img decoding=\"async\" src=\"\/wp-content\/uploads\/logos_establecimientos\/68875b180201f.png\" loading=\"lazy\" style=\"width: 40px; height: 40px; object-fit: contain; border-radius: 50%; vertical-align: middle; margin-right: 6px;\"><a href=\"\/\/www.valira.com\" target=\"_blank\">VALIRA<\/a><\/td><td style=\" text-transform: uppercase; \">CL MUSICO PEYDRO 30, PISO BJ, Valencia<\/td><td><a href=\"https:\/\/www.google.es\/maps\/?q=CL+MUSICO+PEYDRO+30%2C+PISO+BJ%2C+Valencia+46021\" target=\"_blank\">Veure ubicaci\u00f3<\/a><\/td><\/tr><tr><td><img decoding=\"async\" src=\"\/wp-content\/uploads\/logos_establecimientos\/6863fee9a5a8b.jpg\" loading=\"lazy\" style=\"width: 40px; height: 40px; object-fit: contain; border-radius: 50%; vertical-align: middle; margin-right: 6px;\"><a href=\"\/\/www.masmasia.info\" target=\"_blank\">V\u00cdCTOR MANUEL MAS-MASI\u00c1 SIERRA<\/a><\/td><td style=\" text-transform: uppercase; \">Maximiliano Thous, 10 bajo<\/td><td><a href=\"https:\/\/www.google.es\/maps\/?q=Maximiliano+Thous%2C+10+bajo+46009\" target=\"_blank\">Veure ubicaci\u00f3<\/a><\/td><\/tr><\/table>[\/vc_tta_section][vc_tta_section title=&#8221;FLORS I PLANTES&#8221; tab_id=&#8221;37693cfc748049e45d87b8c7d8b9aacd&#8221;]<table><tr><th>NOM<\/th><th>DIRECCI\u00d3<\/th><th>UBICACI\u00d3<\/th><\/tr><tr><td><img decoding=\"async\" src=\"\/wp-content\/uploads\/logos_establecimientos\/686ee160d8fc5.jpg\" loading=\"lazy\" style=\"width: 40px; height: 40px; object-fit: contain; border-radius: 50%; vertical-align: middle; margin-right: 6px;\"><a href=\"https:\/\/absolutaflora.com\/\" target=\"_blank\">ABSOLUTA FLORA<\/a><\/td><td style=\" text-transform: uppercase; \">C\/ MURILLO, 44<\/td><td><a href=\"https:\/\/www.google.es\/maps\/?q=C%2F+MURILLO%2C+44+46003\" target=\"_blank\">Veure ubicaci\u00f3<\/a><\/td><\/tr><tr><td><img decoding=\"async\" src=\"\/wp-content\/uploads\/logos_establecimientos\/6868f197cd3bc.jpg\" loading=\"lazy\" style=\"width: 40px; height: 40px; object-fit: contain; border-radius: 50%; vertical-align: middle; margin-right: 6px;\"><a href=\"https:\/\/alianzk9valencia.com\/\" target=\"_blank\">CV ALIANZ K9 VALENCIA<\/a><\/td><td style=\" text-transform: uppercase; \">c\/ Jeronima Gales 66 <\/td><td><a href=\"https:\/\/www.google.es\/maps\/?q=c%2F+Jeronima+Gales+66++46017\" target=\"_blank\">Veure ubicaci\u00f3<\/a><\/td><\/tr><tr><td><img decoding=\"async\" src=\"\/wp-content\/uploads\/logos_establecimientos\/650b499555dfc.jpg\" loading=\"lazy\" style=\"width: 40px; height: 40px; object-fit: contain; border-radius: 50%; vertical-align: middle; margin-right: 6px;\"><a href=\"https:\/\/www.facebook.com\/floresaparte\/\" target=\"_blank\">FLORES A PARTE<\/a><\/td><td style=\" text-transform: uppercase; \">CL AVELLANAS, 19<\/td><td><a href=\"https:\/\/www.google.es\/maps\/?q=CL+AVELLANAS%2C+19+46003\" target=\"_blank\">Veure ubicaci\u00f3<\/a><\/td><\/tr><tr><td><a href=\"https:\/\/floreslantana.com\/\" target=\"_blank\">FLORES LANTANA<\/a><\/td><td style=\" text-transform: uppercase; \">Santa mar\u00eda Micaela 2 bajo<\/td><td><a href=\"https:\/\/www.google.es\/maps\/?q=Santa+mar%C3%ADa+Micaela+2+bajo+46008\" target=\"_blank\">Veure ubicaci\u00f3<\/a><\/td><\/tr><tr><td><img decoding=\"async\" src=\"\/wp-content\/uploads\/logos_establecimientos\/68814efe00d15.jpg\" loading=\"lazy\" style=\"width: 40px; height: 40px; object-fit: contain; border-radius: 50%; vertical-align: middle; margin-right: 6px;\"><a href=\"https:\/\/www.floresmontanana.es\/\" target=\"_blank\">FLORES MONTA\u00d1ANA<\/a><\/td><td style=\" text-transform: uppercase; \">PZ AYUNTAMIENTO KIOSCO 2<\/td><td><a href=\"https:\/\/www.google.es\/maps\/?q=PZ+AYUNTAMIENTO+KIOSCO+2+46002\" target=\"_blank\">Veure ubicaci\u00f3<\/a><\/td><\/tr><tr><td><img decoding=\"async\" src=\"\/wp-content\/uploads\/logos_establecimientos\/686e2bced0ed0.jpg\" loading=\"lazy\" style=\"width: 40px; height: 40px; object-fit: contain; border-radius: 50%; vertical-align: middle; margin-right: 6px;\"><a href=\"https:\/\/floristeriacalavoro.es\/\" target=\"_blank\">FLORISTERIA CALA VORO<\/a><\/td><td style=\" text-transform: uppercase; \">SAGUNTO 17 BAJO <\/td><td><a href=\"https:\/\/www.google.es\/maps\/?q=SAGUNTO+17+BAJO++46009\" target=\"_blank\">Veure ubicaci\u00f3<\/a><\/td><\/tr><tr><td><img decoding=\"async\" src=\"\/wp-content\/uploads\/logos_establecimientos\/68da9115bbc90.png\" loading=\"lazy\" style=\"width: 40px; height: 40px; object-fit: contain; border-radius: 50%; vertical-align: middle; margin-right: 6px;\"><a href=\"https:\/\/www.floristeriaeltulipan.es\/\" target=\"_blank\">FLORISTERIA EL TULIPAN<\/a><\/td><td style=\" text-transform: uppercase; \">PLAZA DEL AYUNTAMIENTO, 4 (PUESTOS FLORES) <\/td><td><a href=\"https:\/\/www.google.es\/maps\/?q=PLAZA+DEL+AYUNTAMIENTO%2C+4+%28PUESTOS+FLORES%29++46002\" target=\"_blank\">Veure ubicaci\u00f3<\/a><\/td><\/tr><tr><td><img decoding=\"async\" src=\"\/wp-content\/uploads\/logos_establecimientos\/68b19026e9cb5.png\" loading=\"lazy\" style=\"width: 40px; height: 40px; object-fit: contain; border-radius: 50%; vertical-align: middle; margin-right: 6px;\"><a href=\"https:\/\/www.floristerialafulla.com\/\" target=\"_blank\">FLORISTER\u00cdA LA FULLA<\/a><\/td><td style=\" text-transform: uppercase; \">Plaza del cedro, n\u00ba 13 bajo<\/td><td><a href=\"https:\/\/www.google.es\/maps\/?q=Plaza+del+cedro%2C+n%C2%BA+13+bajo+46022\" target=\"_blank\">Veure ubicaci\u00f3<\/a><\/td><\/tr><tr><td><img decoding=\"async\" src=\"\/wp-content\/uploads\/logos_establecimientos\/6880c9f272fa4.png\" loading=\"lazy\" style=\"width: 40px; height: 40px; object-fit: contain; border-radius: 50%; vertical-align: middle; margin-right: 6px;\">FLORISTERIA LAS CUATRO ESTACIONES<\/td><td style=\" text-transform: uppercase; \">CARRER MATIAS PERELLO 25 BAJO <\/td><td><a href=\"https:\/\/www.google.es\/maps\/?q=CARRER+MATIAS+PERELLO+25+BAJO++46005\" target=\"_blank\">Veure ubicaci\u00f3<\/a><\/td><\/tr><tr><td><img decoding=\"async\" src=\"\/wp-content\/uploads\/logos_establecimientos\/686389fea5f4e.jpg\" loading=\"lazy\" style=\"width: 40px; height: 40px; object-fit: contain; border-radius: 50%; vertical-align: middle; margin-right: 6px;\"><a href=\"https:\/\/sueca13flores.com\/\" target=\"_blank\">FLORISTERIA SUECA 13<\/a><\/td><td style=\" text-transform: uppercase; \">C\/ Sueca 13 bajo<\/td><td><a href=\"https:\/\/www.google.es\/maps\/?q=C%2F+Sueca+13+bajo+46006\" target=\"_blank\">Veure ubicaci\u00f3<\/a><\/td><\/tr><tr><td><img decoding=\"async\" src=\"\/wp-content\/uploads\/logos_establecimientos\/686e4152198bc.PNG\" loading=\"lazy\" style=\"width: 40px; height: 40px; object-fit: contain; border-radius: 50%; vertical-align: middle; margin-right: 6px;\"><a href=\"https:\/\/www.instagram.com\/la_bella_elisa?igsh=ytrhymzwdml5m2ro&#038;utm_source=qr\" target=\"_blank\">LA BELLA ELISA-FLORES Y EVENTOS<\/a><\/td><td style=\" text-transform: uppercase; \">Joaquin Costa, 30 bajo derecha<\/td><td><a href=\"https:\/\/www.google.es\/maps\/?q=Joaquin+Costa%2C+30+bajo+derecha+46005\" target=\"_blank\">Veure ubicaci\u00f3<\/a><\/td><\/tr><tr><td><img decoding=\"async\" src=\"\/wp-content\/uploads\/logos_establecimientos\/6870d201b119f.jpg\" loading=\"lazy\" style=\"width: 40px; height: 40px; object-fit: contain; border-radius: 50%; vertical-align: middle; margin-right: 6px;\"><a href=\"\/\/@jara_plantas\" target=\"_blank\">LA JARA FLORES Y PLANTAS<\/a><\/td><td style=\" text-transform: uppercase; \">C\/ UTIEL, NUMERO 16 BAJO IZQ<\/td><td><a href=\"https:\/\/www.google.es\/maps\/?q=C%2F+UTIEL%2C+NUMERO+16+BAJO+IZQ+46020\" target=\"_blank\">Veure ubicaci\u00f3<\/a><\/td><\/tr><tr><td><img decoding=\"async\" src=\"\/wp-content\/uploads\/logos_establecimientos\/6863963c9739d.jpg\" loading=\"lazy\" style=\"width: 40px; height: 40px; object-fit: contain; border-radius: 50%; vertical-align: middle; margin-right: 6px;\"><a href=\"\/\/www.piensoscabanyal.com\" target=\"_blank\">PIENSOS CABA\u00d1AL<\/a><\/td><td style=\" text-transform: uppercase; \">C\/ Marti Grajales, 17<\/td><td><a href=\"https:\/\/www.google.es\/maps\/?q=C%2F+Marti+Grajales%2C+17+46011\" target=\"_blank\">Veure ubicaci\u00f3<\/a><\/td><\/tr><tr><td><img decoding=\"async\" src=\"\/wp-content\/uploads\/logos_establecimientos\/650ce14e8a20a.jpg\" loading=\"lazy\" style=\"width: 40px; height: 40px; object-fit: contain; border-radius: 50%; vertical-align: middle; margin-right: 6px;\">SELVATICA<\/td><td style=\" text-transform: uppercase; \">C\/ GRABADOR ESTEVE, 20<\/td><td><a href=\"https:\/\/www.google.es\/maps\/?q=C%2F+GRABADOR+ESTEVE%2C+20+46004\" target=\"_blank\">Veure ubicaci\u00f3<\/a><\/td><\/tr><tr><td><a href=\"\/\/@suviflores\" target=\"_blank\">SUVIFLOR<\/a><\/td><td style=\" text-transform: uppercase; \">PLAZA DEL AYUNTAMIENTO<\/td><td><a href=\"https:\/\/www.google.es\/maps\/?q=PLAZA+DEL+AYUNTAMIENTO+46002\" target=\"_blank\">Veure ubicaci\u00f3<\/a><\/td><\/tr><tr><td><img decoding=\"async\" src=\"\/wp-content\/uploads\/logos_establecimientos\/6863fd303964b.png\" loading=\"lazy\" style=\"width: 40px; height: 40px; object-fit: contain; border-radius: 50%; vertical-align: middle; margin-right: 6px;\"><a href=\"https:\/\/www.taronginafloristeria.es\/\" target=\"_blank\">TARONGINA FLORISTER\u00cdA<\/a><\/td><td style=\" text-transform: uppercase; \">Avenida Baleares 73<\/td><td><a href=\"https:\/\/www.google.es\/maps\/?q=Avenida+Baleares+73+46023\" target=\"_blank\">Veure ubicaci\u00f3<\/a><\/td><\/tr><\/table>[\/vc_tta_section][vc_tta_section title=&#8221;HERBOLARIS I DIET\u00c8TICA&#8221; tab_id=&#8221;8f14e45fceea167a5a36dedd4bea2543&#8243;]<table><tr><th>NOM<\/th><th>DIRECCI\u00d3<\/th><th>UBICACI\u00d3<\/th><\/tr><tr><td><img decoding=\"async\" src=\"\/wp-content\/uploads\/logos_establecimientos\/68a6dfbe355c6.png\" loading=\"lazy\" style=\"width: 40px; height: 40px; object-fit: contain; border-radius: 50%; vertical-align: middle; margin-right: 6px;\"><a href=\"\/\/www.althaea.es\" target=\"_blank\">ALTHAEA HERBOLARIO<\/a><\/td><td style=\" text-transform: uppercase; \">Calle M\u00e1laga<\/td><td><a href=\"https:\/\/www.google.es\/maps\/?q=Calle+M%C3%A1laga+46009\" target=\"_blank\">Veure ubicaci\u00f3<\/a><\/td><\/tr><tr><td><img decoding=\"async\" src=\"\/wp-content\/uploads\/logos_establecimientos\/68af26740cf16.jpg\" loading=\"lazy\" style=\"width: 40px; height: 40px; object-fit: contain; border-radius: 50%; vertical-align: middle; margin-right: 6px;\"><a href=\"https:\/\/lafulla.com\/\" target=\"_blank\">CBD LA FULLA GROW<\/a><\/td><td style=\" text-transform: uppercase; \">C\/Explorador Andr\u00e9s, n\u00ba 18<\/td><td><a href=\"https:\/\/www.google.es\/maps\/?q=C%2FExplorador+Andr%C3%A9s%2C+n%C2%BA+18+46022\" target=\"_blank\">Veure ubicaci\u00f3<\/a><\/td><\/tr><tr><td><img decoding=\"async\" src=\"\/wp-content\/uploads\/logos_establecimientos\/68825850c33d0.png\" loading=\"lazy\" style=\"width: 40px; height: 40px; object-fit: contain; border-radius: 50%; vertical-align: middle; margin-right: 6px;\"><a href=\"https:\/\/laurajorgenutricion.com\" target=\"_blank\">CENTRO DE NUTRICI\u00d3N, PSICOLOG\u00cdA Y SALUD LAURA JORGE<\/a><\/td><td style=\" text-transform: uppercase; \">CALLE PIZARRO, 22<\/td><td><a href=\"https:\/\/www.google.es\/maps\/?q=CALLE+PIZARRO%2C+22+46004\" target=\"_blank\">Veure ubicaci\u00f3<\/a><\/td><\/tr><tr><td><img decoding=\"async\" src=\"\/wp-content\/uploads\/logos_establecimientos\/686bd27687b2b.jpg\" loading=\"lazy\" style=\"width: 40px; height: 40px; object-fit: contain; border-radius: 50%; vertical-align: middle; margin-right: 6px;\"><a href=\"https:\/\/laurajorgenutricion.com\" target=\"_blank\">CENTRO DE NUTRICI\u00d3N, PSICOLOG\u00cdA Y SALUD LAURA JORGE<\/a><\/td><td style=\" text-transform: uppercase; \">C\/FONTANARES 51 <\/td><td><a href=\"https:\/\/www.google.es\/maps\/?q=C%2FFONTANARES+51++46014\" target=\"_blank\">Veure ubicaci\u00f3<\/a><\/td><\/tr><tr><td><img decoding=\"async\" src=\"\/wp-content\/uploads\/logos_establecimientos\/68b82c7adce9f.jpg\" loading=\"lazy\" style=\"width: 40px; height: 40px; object-fit: contain; border-radius: 50%; vertical-align: middle; margin-right: 6px;\"><a href=\"\/\/www.yerbasvivas.es\" target=\"_blank\">EL ESPECIERO DEL MERCADO<\/a><\/td><td style=\" text-transform: uppercase; \">Palcos 160-164 \\<\/td><td><a href=\"https:\/\/www.google.es\/maps\/?q=Palcos+160-164+%5C+46001\" target=\"_blank\">Veure ubicaci\u00f3<\/a><\/td><\/tr><tr><td><img decoding=\"async\" src=\"\/wp-content\/uploads\/logos_establecimientos\/68655436567bb.jpg\" loading=\"lazy\" style=\"width: 40px; height: 40px; object-fit: contain; border-radius: 50%; vertical-align: middle; margin-right: 6px;\"><a href=\"https:\/\/www.herbolariosnavarro.com\" target=\"_blank\">HERBOLARIO SALVADOR NAVARRO<\/a><\/td><td style=\" text-transform: uppercase; \">C\/Mossen Femenia,  1 <\/td><td><a href=\"https:\/\/www.google.es\/maps\/?q=C%2FMossen+Femenia%2C++1++46006\" target=\"_blank\">Veure ubicaci\u00f3<\/a><\/td><\/tr><tr><td><img decoding=\"async\" src=\"\/wp-content\/uploads\/logos_establecimientos\/6897091b36b1f.jpeg\" loading=\"lazy\" style=\"width: 40px; height: 40px; object-fit: contain; border-radius: 50%; vertical-align: middle; margin-right: 6px;\"><a href=\"https:\/\/instagram.com\/herboristeriazahar?igshid=1c89qh20giq5g\" target=\"_blank\">HERBORISTER\u00cdA AZAHAR<\/a><\/td><td style=\" text-transform: uppercase; \">San Juan Bosco 48 bajo<\/td><td><a href=\"https:\/\/www.google.es\/maps\/?q=San+Juan+Bosco+48+bajo+46019\" target=\"_blank\">Veure ubicaci\u00f3<\/a><\/td><\/tr><tr><td>HERBORISTER\u00cdA COPEIN<\/td><td style=\" text-transform: uppercase; \">C\/ Molinell, 7 bajo.<\/td><td><a href=\"https:\/\/www.google.es\/maps\/?q=C%2F+Molinell%2C+7+bajo.+46010\" target=\"_blank\">Veure ubicaci\u00f3<\/a><\/td><\/tr><tr><td><img decoding=\"async\" src=\"\/wp-content\/uploads\/logos_establecimientos\/6890883f09416.jpeg\" loading=\"lazy\" style=\"width: 40px; height: 40px; object-fit: contain; border-radius: 50%; vertical-align: middle; margin-right: 6px;\"><a href=\"https:\/\/herboristeriaecotiendasalvia.com\" target=\"_blank\">HERBORISTERIA SALVIA<\/a><\/td><td style=\" text-transform: uppercase; \">AVENIDA VALLADOLID,27, BAJO<\/td><td><a href=\"https:\/\/www.google.es\/maps\/?q=AVENIDA+VALLADOLID%2C27%2C+BAJO+46022\" target=\"_blank\">Veure ubicaci\u00f3<\/a><\/td><\/tr><tr><td><img decoding=\"async\" src=\"\/wp-content\/uploads\/logos_establecimientos\/68b824276f629.jpg\" loading=\"lazy\" style=\"width: 40px; height: 40px; object-fit: contain; border-radius: 50%; vertical-align: middle; margin-right: 6px;\"><a href=\"\/\/www.yerbasvivas.es\" target=\"_blank\">HERBORISTERIA YERBAS VIVAS \\<\/a><\/td><td style=\" text-transform: uppercase; \">PLAZA LA MERCED 4<\/td><td><a href=\"https:\/\/www.google.es\/maps\/?q=PLAZA+LA+MERCED+4+46003\" target=\"_blank\">Veure ubicaci\u00f3<\/a><\/td><\/tr><tr><td><img decoding=\"async\" src=\"\/wp-content\/uploads\/logos_establecimientos\/68b824597ac2c.jpg\" loading=\"lazy\" style=\"width: 40px; height: 40px; object-fit: contain; border-radius: 50%; vertical-align: middle; margin-right: 6px;\"><a href=\"\/\/www.yerbasvivas.es\" target=\"_blank\">HERBORISTERIA YERBAS VIVAS \\<\/a><\/td><td style=\" text-transform: uppercase; \">PLAZA LA MERCED 4<\/td><td><a href=\"https:\/\/www.google.es\/maps\/?q=PLAZA+LA+MERCED+4+46003\" target=\"_blank\">Veure ubicaci\u00f3<\/a><\/td><\/tr><tr><td><img decoding=\"async\" src=\"\/wp-content\/uploads\/logos_establecimientos\/686506e3b20bd.png\" loading=\"lazy\" style=\"width: 40px; height: 40px; object-fit: contain; border-radius: 50%; vertical-align: middle; margin-right: 6px;\"><a href=\"\/\/www.lesherbetes.com\" target=\"_blank\">LES HERBETES<\/a><\/td><td style=\" text-transform: uppercase; \">c\/ Marti Grajales,9<\/td><td><a href=\"https:\/\/www.google.es\/maps\/?q=c%2F+Marti+Grajales%2C9+46011\" target=\"_blank\">Veure ubicaci\u00f3<\/a><\/td><\/tr><tr><td><img decoding=\"async\" src=\"\/wp-content\/uploads\/logos_establecimientos\/6878d7fda7a5b.jpg\" loading=\"lazy\" style=\"width: 40px; height: 40px; object-fit: contain; border-radius: 50%; vertical-align: middle; margin-right: 6px;\"><a href=\"https:\/\/www.instagram.com\/sensat_ecobotiga\/\" target=\"_blank\">SENSAT<\/a><\/td><td style=\" text-transform: uppercase; \">Calle Serreria, 34 bajo<\/td><td><a href=\"https:\/\/www.google.es\/maps\/?q=Calle+Serreria%2C+34+bajo+46011\" target=\"_blank\">Veure ubicaci\u00f3<\/a><\/td><\/tr><tr><td><img decoding=\"async\" src=\"\/wp-content\/uploads\/logos_establecimientos\/6863b437b8523.JPG\" loading=\"lazy\" style=\"width: 40px; height: 40px; object-fit: contain; border-radius: 50%; vertical-align: middle; margin-right: 6px;\"><a href=\"https:\/\/www.instagram.com\/serransvint\/\" target=\"_blank\">SERRANS VINT<\/a><\/td><td style=\" text-transform: uppercase; \">Calle dels Serrans n\u00ba 20 bajo derecha<\/td><td><a href=\"https:\/\/www.google.es\/maps\/?q=Calle+dels+Serrans+n%C2%BA+20+bajo+derecha+46003\" target=\"_blank\">Veure ubicaci\u00f3<\/a><\/td><\/tr><tr><td><img decoding=\"async\" src=\"\/wp-content\/uploads\/logos_establecimientos\/686f86a9be37b.jpeg\" loading=\"lazy\" style=\"width: 40px; height: 40px; object-fit: contain; border-radius: 50%; vertical-align: middle; margin-right: 6px;\"><a href=\"\/\/@tudespensaecologica\" target=\"_blank\">TU DESPENSA ECOLOGICA<\/a><\/td><td style=\" text-transform: uppercase; \">C\/ DOLORES MARQUES,19<\/td><td><a href=\"https:\/\/www.google.es\/maps\/?q=C%2F+DOLORES+MARQUES%2C19+46020\" target=\"_blank\">Veure ubicaci\u00f3<\/a><\/td><\/tr><tr><td><img decoding=\"async\" src=\"\/wp-content\/uploads\/logos_establecimientos\/68b92dc3841e8.png\" loading=\"lazy\" style=\"width: 40px; height: 40px; object-fit: contain; border-radius: 50%; vertical-align: middle; margin-right: 6px;\"><a href=\"https:\/\/vitaltodonatural.com\/\" target=\"_blank\">VITAL TODO NATURAL<\/a><\/td><td style=\" text-transform: uppercase; \">C\/ALCANYIS 24 BJ IZQ<\/td><td><a href=\"https:\/\/www.google.es\/maps\/?q=C%2FALCANYIS+24+BJ+IZQ+46019\" target=\"_blank\">Veure ubicaci\u00f3<\/a><\/td><\/tr><\/table>[\/vc_tta_section][vc_tta_section title=&#8221;IMATGE, SO I TELEFONIA&#8221; tab_id=&#8221;3416a75f4cea9109507cacd8e2f2aefc&#8221;]<table><tr><th>NOM<\/th><th>DIRECCI\u00d3<\/th><th>UBICACI\u00d3<\/th><\/tr><tr><td><img decoding=\"async\" src=\"\/wp-content\/uploads\/logos_establecimientos\/689712254e6de.jpg\" loading=\"lazy\" style=\"width: 40px; height: 40px; object-fit: contain; border-radius: 50%; vertical-align: middle; margin-right: 6px;\"><a href=\"\/\/www:\/\/7phonebenimaclet.es\" target=\"_blank\">7PHONE<\/a><\/td><td style=\" text-transform: uppercase; \">C Doctor Vicente Zaragoz\u00e1 17  Bajo<\/td><td><a href=\"https:\/\/www.google.es\/maps\/?q=C+Doctor+Vicente+Zaragoz%C3%A1+17++Bajo+46020\" target=\"_blank\">Veure ubicaci\u00f3<\/a><\/td><\/tr><tr><td><img decoding=\"async\" src=\"\/wp-content\/uploads\/logos_establecimientos\/68b6ba6115259.png\" loading=\"lazy\" style=\"width: 40px; height: 40px; object-fit: contain; border-radius: 50%; vertical-align: middle; margin-right: 6px;\"><a href=\"http:\/\/www.emovilstore.es\" target=\"_blank\">E! MOVIL STORE<\/a><\/td><td style=\" text-transform: uppercase; \">AV DEL OESTE 43, BAJO<\/td><td><a href=\"https:\/\/www.google.es\/maps\/?q=AV+DEL+OESTE+43%2C+BAJO+46001\" target=\"_blank\">Veure ubicaci\u00f3<\/a><\/td><\/tr><tr><td><img decoding=\"async\" src=\"\/wp-content\/uploads\/logos_establecimientos\/65149ab20810c.jpg\" loading=\"lazy\" style=\"width: 40px; height: 40px; object-fit: contain; border-radius: 50%; vertical-align: middle; margin-right: 6px;\"><a href=\"https:\/\/www.facebook.com\/iwaky-store-103096011461565\/\" target=\"_blank\">IWAKY STORE<\/a><\/td><td style=\" text-transform: uppercase; \">CL JUSTICIA 1 Piso B0 Pta. I3<\/td><td><a href=\"https:\/\/www.google.es\/maps\/?q=CL+JUSTICIA+1+Piso+B0+Pta.+I3+46003\" target=\"_blank\">Veure ubicaci\u00f3<\/a><\/td><\/tr><tr><td><img decoding=\"async\" src=\"\/wp-content\/uploads\/logos_establecimientos\/650b55a8f1ddd.jpg\" loading=\"lazy\" style=\"width: 40px; height: 40px; object-fit: contain; border-radius: 50%; vertical-align: middle; margin-right: 6px;\"><a href=\"https:\/\/www.radiocolon.com\/\" target=\"_blank\">RADIO COLON<\/a><\/td><td style=\" text-transform: uppercase; \">AVDA. DEL OESTE, 24<\/td><td><a href=\"https:\/\/www.google.es\/maps\/?q=AVDA.+DEL+OESTE%2C+24+46001\" target=\"_blank\">Veure ubicaci\u00f3<\/a><\/td><\/tr><tr><td><img decoding=\"async\" src=\"\/wp-content\/uploads\/logos_establecimientos\/650cb23089b8f.jpg\" loading=\"lazy\" style=\"width: 40px; height: 40px; object-fit: contain; border-radius: 50%; vertical-align: middle; margin-right: 6px;\"><a href=\"https:\/\/www.ualaaccesorios.es\/\" target=\"_blank\">UALA<\/a><\/td><td style=\" text-transform: uppercase; \">CL RUZAFA, 14<\/td><td><a href=\"https:\/\/www.google.es\/maps\/?q=CL+RUZAFA%2C+14+46004\" target=\"_blank\">Veure ubicaci\u00f3<\/a><\/td><\/tr><\/table>[\/vc_tta_section][vc_tta_section title=&#8221;INDUMENT\u00c0RIA VALENCIANA&#8221; tab_id=&#8221;a5bfc9e07964f8dddeb95fc584cd965d&#8221;]<table><tr><th>NOM<\/th><th>DIRECCI\u00d3<\/th><th>UBICACI\u00d3<\/th><\/tr><tr><td><img decoding=\"async\" src=\"\/wp-content\/uploads\/logos_establecimientos\/650ad92600e77.jpg\" loading=\"lazy\" style=\"width: 40px; height: 40px; object-fit: contain; border-radius: 50%; vertical-align: middle; margin-right: 6px;\"><a href=\"\/\/www.aguasdemarzo.com\" target=\"_blank\">AGUAS DE MARZO<\/a><\/td><td style=\" text-transform: uppercase; \">C\/ CIRILO AMOROS, 13<\/td><td><a href=\"https:\/\/www.google.es\/maps\/?q=C%2F+CIRILO+AMOROS%2C+13+46004\" target=\"_blank\">Veure ubicaci\u00f3<\/a><\/td><\/tr><tr><td><img decoding=\"async\" src=\"\/wp-content\/uploads\/logos_establecimientos\/686b8e90a3a06.jpg\" loading=\"lazy\" style=\"width: 40px; height: 40px; object-fit: contain; border-radius: 50%; vertical-align: middle; margin-right: 6px;\"><a href=\"\/\/www.alanindumentaria.com\" target=\"_blank\">ALAN INDUMENTARIA<\/a><\/td><td style=\" text-transform: uppercase; \">C\/ CONVENTO JERUSALEN, 16<\/td><td><a href=\"https:\/\/www.google.es\/maps\/?q=C%2F+CONVENTO+JERUSALEN%2C+16+46007\" target=\"_blank\">Veure ubicaci\u00f3<\/a><\/td><\/tr><tr><td><img decoding=\"async\" src=\"\/wp-content\/uploads\/logos_establecimientos\/6863ff410c551.png\" loading=\"lazy\" style=\"width: 40px; height: 40px; object-fit: contain; border-radius: 50%; vertical-align: middle; margin-right: 6px;\"><a href=\"https:\/\/www.instagram.com\/alpamajoyeros12?igsh=dxl2agmxohzubgj3\" target=\"_blank\">ALPAMA JOYEROS<\/a><\/td><td style=\" text-transform: uppercase; \">PLAZA DE SEGOVIA, 12<\/td><td><a href=\"https:\/\/www.google.es\/maps\/?q=PLAZA+DE+SEGOVIA%2C+12+46017\" target=\"_blank\">Veure ubicaci\u00f3<\/a><\/td><\/tr><tr><td><img decoding=\"async\" src=\"\/wp-content\/uploads\/logos_establecimientos\/650c87e4f2a07.jpg\" loading=\"lazy\" style=\"width: 40px; height: 40px; object-fit: contain; border-radius: 50%; vertical-align: middle; margin-right: 6px;\"><a href=\"https:\/\/alvaromoliner.es\" target=\"_blank\">ALVARO MOLINER<\/a><\/td><td style=\" text-transform: uppercase; \">PASAJE RIPALDA, 18<\/td><td><a href=\"https:\/\/www.google.es\/maps\/?q=PASAJE+RIPALDA%2C+18+46002\" target=\"_blank\">Veure ubicaci\u00f3<\/a><\/td><\/tr><tr><td><img decoding=\"async\" src=\"\/wp-content\/uploads\/logos_establecimientos\/6875ebd5c170b.jpg\" loading=\"lazy\" style=\"width: 40px; height: 40px; object-fit: contain; border-radius: 50%; vertical-align: middle; margin-right: 6px;\"><a href=\"https:\/\/www.instagram.com\/amparogalvez1990\/\" target=\"_blank\">AMPARO GALVEZ 1990<\/a><\/td><td style=\" text-transform: uppercase; \">C\/ LLADRO Y MALLI, 8<\/td><td><a href=\"https:\/\/www.google.es\/maps\/?q=C%2F+LLADRO+Y+MALLI%2C+8+46007\" target=\"_blank\">Veure ubicaci\u00f3<\/a><\/td><\/tr><tr><td><img decoding=\"async\" src=\"\/wp-content\/uploads\/logos_establecimientos\/68679ddacaf51.jpg\" loading=\"lazy\" style=\"width: 40px; height: 40px; object-fit: contain; border-radius: 50%; vertical-align: middle; margin-right: 6px;\"><a href=\"https:\/\/www.antanyindumentaria.com\/\" target=\"_blank\">ANTANY<\/a><\/td><td style=\" text-transform: uppercase; \">C\/Conde Altea, 18 bajo<\/td><td><a href=\"https:\/\/www.google.es\/maps\/?q=C%2FConde+Altea%2C+18+bajo+46005\" target=\"_blank\">Veure ubicaci\u00f3<\/a><\/td><\/tr><tr><td><img decoding=\"async\" src=\"\/wp-content\/uploads\/logos_establecimientos\/686d3da9d6722.jpg\" loading=\"lazy\" style=\"width: 40px; height: 40px; object-fit: contain; border-radius: 50%; vertical-align: middle; margin-right: 6px;\"><a href=\"\/\/www.art-antic.net\" target=\"_blank\">ART ANTIC JOIERIA<\/a><\/td><td style=\" text-transform: uppercase; \">AVDA DEL OESTE N.43<\/td><td><a href=\"https:\/\/www.google.es\/maps\/?q=AVDA+DEL+OESTE+N.43+46001\" target=\"_blank\">Veure ubicaci\u00f3<\/a><\/td><\/tr><tr><td><img decoding=\"async\" src=\"\/wp-content\/uploads\/logos_establecimientos\/6863ca3a10bd2.jpg\" loading=\"lazy\" style=\"width: 40px; height: 40px; object-fit: contain; border-radius: 50%; vertical-align: middle; margin-right: 6px;\"><a href=\"https:\/\/artesaniafidela.com\/\" target=\"_blank\">ARTESANIA FIDELA S.L.<\/a><\/td><td style=\" text-transform: uppercase; \">C\/ Quevedo nr.3<\/td><td><a href=\"https:\/\/www.google.es\/maps\/?q=C%2F+Quevedo+nr.3+46001\" target=\"_blank\">Veure ubicaci\u00f3<\/a><\/td><\/tr><tr><td><img decoding=\"async\" src=\"\/wp-content\/uploads\/logos_establecimientos\/6864053f317fa.png\" loading=\"lazy\" style=\"width: 40px; height: 40px; object-fit: contain; border-radius: 50%; vertical-align: middle; margin-right: 6px;\"><a href=\"\/\/www.artesaniaortiz.com\" target=\"_blank\">ARTESANIA ORTIZ ORFEBRE CINCELADOR<\/a><\/td><td style=\" text-transform: uppercase; \">C\/ CONVENTO DE JESUS, 13 <\/td><td><a href=\"https:\/\/www.google.es\/maps\/?q=C%2F+CONVENTO+DE+JESUS%2C+13++46018\" target=\"_blank\">Veure ubicaci\u00f3<\/a><\/td><\/tr><tr><td><img decoding=\"async\" src=\"\/wp-content\/uploads\/logos_establecimientos\/68655009ccde4.jpg\" loading=\"lazy\" style=\"width: 40px; height: 40px; object-fit: contain; border-radius: 50%; vertical-align: middle; margin-right: 6px;\"><a href=\"\/\/www.artesaniaviana.com\" target=\"_blank\">ARTESANIA VIANA, S.L.<\/a><\/td><td style=\" text-transform: uppercase; \">AVDA. MALVARROSA, N\u00ba 65 BAJO<\/td><td><a href=\"https:\/\/www.google.es\/maps\/?q=AVDA.+MALVARROSA%2C+N%C2%BA+65+BAJO+46011\" target=\"_blank\">Veure ubicaci\u00f3<\/a><\/td><\/tr><tr><td><img decoding=\"async\" src=\"\/wp-content\/uploads\/logos_establecimientos\/686e1357d50dc.jpg\" loading=\"lazy\" style=\"width: 40px; height: 40px; object-fit: contain; border-radius: 50%; vertical-align: middle; margin-right: 6px;\"><a href=\"\/\/@bga_telier\" target=\"_blank\">BEATRIZ GUILLEN ATELIER<\/a><\/td><td style=\" text-transform: uppercase; \">Carrer de la floresta 2 <\/td><td><a href=\"https:\/\/www.google.es\/maps\/?q=Carrer+de+la+floresta+2++46022\" target=\"_blank\">Veure ubicaci\u00f3<\/a><\/td><\/tr><tr><td><img decoding=\"async\" src=\"\/wp-content\/uploads\/logos_establecimientos\/66d9c9cae9fdc.jpg\" loading=\"lazy\" style=\"width: 40px; height: 40px; object-fit: contain; border-radius: 50%; vertical-align: middle; margin-right: 6px;\"><a href=\"https:\/\/carlossalvadorindumentaria.es\/\" target=\"_blank\">CARLOS SALVADOR<\/a><\/td><td style=\" text-transform: uppercase; \">C\/ ARZOBISPO MELO 6<\/td><td><a href=\"https:\/\/www.google.es\/maps\/?q=C%2F+ARZOBISPO+MELO+6+46005\" target=\"_blank\">Veure ubicaci\u00f3<\/a><\/td><\/tr><tr><td><img decoding=\"async\" src=\"\/wp-content\/uploads\/logos_establecimientos\/6863e55a42a43.png\" loading=\"lazy\" style=\"width: 40px; height: 40px; object-fit: contain; border-radius: 50%; vertical-align: middle; margin-right: 6px;\"><a href=\"https:\/\/creaciones-talada.ueniweb.com\/\" target=\"_blank\">CREACIONES TALADA<\/a><\/td><td style=\" text-transform: uppercase; \">C\/ Serrer\u00eda, 13<\/td><td><a href=\"https:\/\/www.google.es\/maps\/?q=C%2F+Serrer%C3%ADa%2C+13+46022\" target=\"_blank\">Veure ubicaci\u00f3<\/a><\/td><\/tr><tr><td><img decoding=\"async\" src=\"\/wp-content\/uploads\/logos_establecimientos\/68b4ca2069df7.jpg\" loading=\"lazy\" style=\"width: 40px; height: 40px; object-fit: contain; border-radius: 50%; vertical-align: middle; margin-right: 6px;\"><a href=\"https:\/\/www.tejidosdalila.es\/\" target=\"_blank\">DALILA<\/a><\/td><td style=\" text-transform: uppercase; \">C\/ GARRIGUES, 8<\/td><td><a href=\"https:\/\/www.google.es\/maps\/?q=C%2F+GARRIGUES%2C+8+46001\" target=\"_blank\">Veure ubicaci\u00f3<\/a><\/td><\/tr><tr><td><img decoding=\"async\" src=\"\/wp-content\/uploads\/logos_establecimientos\/68b1f0ffdf2cc.jpg\" loading=\"lazy\" style=\"width: 40px; height: 40px; object-fit: contain; border-radius: 50%; vertical-align: middle; margin-right: 6px;\"><a href=\"http:\/\/dosaguasindumentaria.com\" target=\"_blank\">DOS AGUAS INDUMENTARIA<\/a><\/td><td style=\" text-transform: uppercase; \">Calle del Mar 20<\/td><td><a href=\"https:\/\/www.google.es\/maps\/?q=Calle+del+Mar+20+46003\" target=\"_blank\">Veure ubicaci\u00f3<\/a><\/td><\/tr><tr><td><img decoding=\"async\" src=\"\/wp-content\/uploads\/logos_establecimientos\/650464d57d2d8.jpg\" loading=\"lazy\" style=\"width: 40px; height: 40px; object-fit: contain; border-radius: 50%; vertical-align: middle; margin-right: 6px;\"><a href=\"https:\/\/espairipalda.es\/\" target=\"_blank\">ESPAI RIPALDA<\/a><\/td><td style=\" text-transform: uppercase; \">PASAJE RIPALDA, 14<\/td><td><a href=\"https:\/\/www.google.es\/maps\/?q=PASAJE+RIPALDA%2C+14+46002\" target=\"_blank\">Veure ubicaci\u00f3<\/a><\/td><\/tr><tr><td><img decoding=\"async\" src=\"\/wp-content\/uploads\/logos_establecimientos\/686abacb5d818.png\" loading=\"lazy\" style=\"width: 40px; height: 40px; object-fit: contain; border-radius: 50%; vertical-align: middle; margin-right: 6px;\">FIL D&#8217;OR INDUMENTARIA VALENCIANA<\/td><td style=\" text-transform: uppercase; \">C\/ Hip\u00f3lito Rovira, 1 <\/td><td><a href=\"https:\/\/www.google.es\/maps\/?q=C%2F+Hip%C3%B3lito+Rovira%2C+1++46009\" target=\"_blank\">Veure ubicaci\u00f3<\/a><\/td><\/tr><tr><td><img decoding=\"async\" src=\"\/wp-content\/uploads\/logos_establecimientos\/686baa984e237.jpg\" loading=\"lazy\" style=\"width: 40px; height: 40px; object-fit: contain; border-radius: 50%; vertical-align: middle; margin-right: 6px;\"><a href=\"https:\/\/www.instagram.com\/gemaliindumentaria\/?hl=es\" target=\"_blank\">GEMALI INDUMENTARIA VALENCIANA<\/a><\/td><td style=\" text-transform: uppercase; \"> Obispo Laguarda, 5 BJ  IZ\u00ba <\/td><td><a href=\"https:\/\/www.google.es\/maps\/?q=+Obispo+Laguarda%2C+5+BJ++IZ%C2%BA++46019\" target=\"_blank\">Veure ubicaci\u00f3<\/a><\/td><\/tr><tr><td><img decoding=\"async\" src=\"\/wp-content\/uploads\/logos_establecimientos\/6864167e26ee4.jpg\" loading=\"lazy\" style=\"width: 40px; height: 40px; object-fit: contain; border-radius: 50%; vertical-align: middle; margin-right: 6px;\"><a href=\"\/\/@graciagrafica\" target=\"_blank\">GRACIAGRAFICA<\/a><\/td><td style=\" text-transform: uppercase; \">BORRULL, 14<\/td><td><a href=\"https:\/\/www.google.es\/maps\/?q=BORRULL%2C+14+46008\" target=\"_blank\">Veure ubicaci\u00f3<\/a><\/td><\/tr><tr><td><img decoding=\"async\" src=\"\/wp-content\/uploads\/logos_establecimientos\/686b8e7e4c085.jpg\" loading=\"lazy\" style=\"width: 40px; height: 40px; object-fit: contain; border-radius: 50%; vertical-align: middle; margin-right: 6px;\">IL.LUSIONS INDUMENTARIA VALENCIANA<\/td><td style=\" text-transform: uppercase; \">Poeta Mas i Ros, 81 bajo<\/td><td><a href=\"https:\/\/www.google.es\/maps\/?q=Poeta+Mas+i+Ros%2C+81+bajo+46022\" target=\"_blank\">Veure ubicaci\u00f3<\/a><\/td><\/tr><tr><td>INDUMENTARIA CASTILLO<\/td><td style=\" text-transform: uppercase; \">AVENIDA BURJASSOT 175 BAJO<\/td><td><a href=\"https:\/\/www.google.es\/maps\/?q=AVENIDA+BURJASSOT+175+BAJO+46015\" target=\"_blank\">Veure ubicaci\u00f3<\/a><\/td><\/tr><tr><td><img decoding=\"async\" src=\"\/wp-content\/uploads\/logos_establecimientos\/6863c5a5dcc5e.jpg\" loading=\"lazy\" style=\"width: 40px; height: 40px; object-fit: contain; border-radius: 50%; vertical-align: middle; margin-right: 6px;\"><a href=\"\/\/www.serranoinavalon.com       facebook e instagram: serranoinavalon\" target=\"_blank\">INDUMENTARIA VALENCIANA SERRANO I NAVALON<\/a><\/td><td style=\" text-transform: uppercase; \">C\/ de Fontanars dels Alforins, 40 <\/td><td><a href=\"https:\/\/www.google.es\/maps\/?q=C%2F+de+Fontanars+dels+Alforins%2C+40++46007\" target=\"_blank\">Veure ubicaci\u00f3<\/a><\/td><\/tr><tr><td><img decoding=\"async\" src=\"\/wp-content\/uploads\/2023\/10\/ARMARI-DE-FALLERA.jpg\" loading=\"lazy\" style=\"width: 40px; height: 40px; object-fit: contain; border-radius: 50%; vertical-align: middle; margin-right: 6px;\"><a href=\"https:\/\/www.facebook.com\/larmaridefallera\/\" target=\"_blank\">L\u00b4ARMARI DE FALLERA<\/a><\/td><td style=\" text-transform: uppercase; \">CL.  GRABADOR SELMA, 1<\/td><td><a href=\"https:\/\/www.google.es\/maps\/?q=CL.++GRABADOR+SELMA%2C+1+46001\" target=\"_blank\">Veure ubicaci\u00f3<\/a><\/td><\/tr><tr><td><img decoding=\"async\" src=\"\/wp-content\/uploads\/logos_establecimientos\/687fbad058307.png\" loading=\"lazy\" style=\"width: 40px; height: 40px; object-fit: contain; border-radius: 50%; vertical-align: middle; margin-right: 6px;\"><a href=\"https:\/\/atindumentaria.sumupstore.com\/\" target=\"_blank\">L\\&#8217;ATELIER DE LA SEDA<\/a><\/td><td style=\" text-transform: uppercase; \">CALLE NICOLAS ESTEVANEZ 3<\/td><td><a href=\"https:\/\/www.google.es\/maps\/?q=CALLE+NICOLAS+ESTEVANEZ+3+46018\" target=\"_blank\">Veure ubicaci\u00f3<\/a><\/td><\/tr><tr><td><img decoding=\"async\" src=\"\/wp-content\/uploads\/logos_establecimientos\/688745c0db3b7.jpg\" loading=\"lazy\" style=\"width: 40px; height: 40px; object-fit: contain; border-radius: 50%; vertical-align: middle; margin-right: 6px;\"><a href=\"https:\/\/www.lacasadelosfalleros.com\/\" target=\"_blank\">LA CASA DE LOS FALLEROS<\/a><\/td><td style=\" text-transform: uppercase; \">CALLE QUEVEDO, 6<\/td><td><a href=\"https:\/\/www.google.es\/maps\/?q=CALLE+QUEVEDO%2C+6+46001\" target=\"_blank\">Veure ubicaci\u00f3<\/a><\/td><\/tr><tr><td><img decoding=\"async\" src=\"\/wp-content\/uploads\/logos_establecimientos\/66d9d8e591d5d.jpg\" loading=\"lazy\" style=\"width: 40px; height: 40px; object-fit: contain; border-radius: 50%; vertical-align: middle; margin-right: 6px;\"><a href=\"https:\/\/indumentaristeslaclau.com\/\" target=\"_blank\">LA CLAU INDUMENTARISTES VALENCIANS<\/a><\/td><td style=\" text-transform: uppercase; \">C\/ BUEN ORDE, 27<\/td><td><a href=\"https:\/\/www.google.es\/maps\/?q=C%2F+BUEN+ORDE%2C+27+46008\" target=\"_blank\">Veure ubicaci\u00f3<\/a><\/td><\/tr><tr><td><img decoding=\"async\" src=\"\/wp-content\/uploads\/logos_establecimientos\/6511f14cd241d.jpg\" loading=\"lazy\" style=\"width: 40px; height: 40px; object-fit: contain; border-radius: 50%; vertical-align: middle; margin-right: 6px;\"><a href=\"https:\/\/lacoteta.es\/\" target=\"_blank\">LA COTETA<\/a><\/td><td style=\" text-transform: uppercase; \">AV DEL OESTE, 39<\/td><td><a href=\"https:\/\/www.google.es\/maps\/?q=AV+DEL+OESTE%2C+39+46001\" target=\"_blank\">Veure ubicaci\u00f3<\/a><\/td><\/tr><tr><td><img decoding=\"async\" src=\"\/wp-content\/uploads\/logos_establecimientos\/6511fea16b6e5.jpg\" loading=\"lazy\" style=\"width: 40px; height: 40px; object-fit: contain; border-radius: 50%; vertical-align: middle; margin-right: 6px;\"><a href=\"https:\/\/lesbarraques.es\/\" target=\"_blank\">LES BARAQUES<\/a><\/td><td style=\" text-transform: uppercase; \">C\/ ADRESSADORS, 16<\/td><td><a href=\"https:\/\/www.google.es\/maps\/?q=C%2F+ADRESSADORS%2C+16+46001\" target=\"_blank\">Veure ubicaci\u00f3<\/a><\/td><\/tr><tr><td><img decoding=\"async\" src=\"\/wp-content\/uploads\/logos_establecimientos\/686b87eb51fd7.jpg\" loading=\"lazy\" style=\"width: 40px; height: 40px; object-fit: contain; border-radius: 50%; vertical-align: middle; margin-right: 6px;\"><a href=\"\/\/www.mardesomnisindomentaria.com\" target=\"_blank\">MAR DE SOMNIS<\/a><\/td><td style=\" text-transform: uppercase; \">AVENIDA BLASCO IBA\u00d1EZ 198<\/td><td><a href=\"https:\/\/www.google.es\/maps\/?q=AVENIDA+BLASCO+IBA%C3%91EZ+198+46022\" target=\"_blank\">Veure ubicaci\u00f3<\/a><\/td><\/tr><tr><td><img decoding=\"async\" src=\"\/wp-content\/uploads\/logos_establecimientos\/687f3e6a834d7.jpg\" loading=\"lazy\" style=\"width: 40px; height: 40px; object-fit: contain; border-radius: 50%; vertical-align: middle; margin-right: 6px;\"><a href=\"https:\/\/www.instagram.com\/marianindumentariavalenciana?igsh=mxe3mzrnnm8ydhnqoa==\" target=\"_blank\">MARIAN INDUMENTARIA VALENCIANA<\/a><\/td><td style=\" text-transform: uppercase; \">CALLE JESUS, 28<\/td><td><a href=\"https:\/\/www.google.es\/maps\/?q=CALLE+JESUS%2C+28+46007\" target=\"_blank\">Veure ubicaci\u00f3<\/a><\/td><\/tr><tr><td><img decoding=\"async\" src=\"\/wp-content\/uploads\/logos_establecimientos\/686408b120fe0.jpg\" loading=\"lazy\" style=\"width: 40px; height: 40px; object-fit: contain; border-radius: 50%; vertical-align: middle; margin-right: 6px;\"><a href=\"https:\/\/mavimar.es\/\" target=\"_blank\">MAVIMAR<\/a><\/td><td style=\" text-transform: uppercase; \">C\/ FLORISTA, 172 <\/td><td><a href=\"https:\/\/www.google.es\/maps\/?q=C%2F+FLORISTA%2C+172++46015\" target=\"_blank\">Veure ubicaci\u00f3<\/a><\/td><\/tr><tr><td><img decoding=\"async\" src=\"\/wp-content\/uploads\/logos_establecimientos\/651355513cb2f.jpg\" loading=\"lazy\" style=\"width: 40px; height: 40px; object-fit: contain; border-radius: 50%; vertical-align: middle; margin-right: 6px;\"><a href=\"https:\/\/es-es.facebook.com\/merceriarosatomas\/\" target=\"_blank\">MERCERIA ROSA TOMAS<\/a><\/td><td style=\" text-transform: uppercase; \">PLAZA REDONDA, 29<\/td><td><a href=\"https:\/\/www.google.es\/maps\/?q=PLAZA+REDONDA%2C+29+46001\" target=\"_blank\">Veure ubicaci\u00f3<\/a><\/td><\/tr><tr><td><img decoding=\"async\" src=\"\/wp-content\/uploads\/logos_establecimientos\/68cd596fda656.png\" loading=\"lazy\" style=\"width: 40px; height: 40px; object-fit: contain; border-radius: 50%; vertical-align: middle; margin-right: 6px;\"><a href=\"\/\/www.mimcostura.com\" target=\"_blank\">MIMCOSTURA<\/a><\/td><td style=\" text-transform: uppercase; \">Calle Rector Zaragoza, 26<\/td><td><a href=\"https:\/\/www.google.es\/maps\/?q=Calle+Rector+Zaragoza%2C+26+46020\" target=\"_blank\">Veure ubicaci\u00f3<\/a><\/td><\/tr><tr><td><img decoding=\"async\" src=\"\/wp-content\/uploads\/logos_establecimientos\/6887a05c1293d.png\" loading=\"lazy\" style=\"width: 40px; height: 40px; object-fit: contain; border-radius: 50%; vertical-align: middle; margin-right: 6px;\"><a href=\"https:\/\/www.instagram.com\/montanacaballeroindumentaria\/\" target=\"_blank\">MONTA\u00d1A CABALLERO INDUMENTARIA<\/a><\/td><td style=\" text-transform: uppercase; \">Calle Joaquin Costa, 23 Bajo<\/td><td><a href=\"https:\/\/www.google.es\/maps\/?q=Calle+Joaquin+Costa%2C+23+Bajo+46005\" target=\"_blank\">Veure ubicaci\u00f3<\/a><\/td><\/tr><tr><td><img decoding=\"async\" src=\"\/wp-content\/uploads\/logos_establecimientos\/686ee77a3be9a.jpg\" loading=\"lazy\" style=\"width: 40px; height: 40px; object-fit: contain; border-radius: 50%; vertical-align: middle; margin-right: 6px;\"><a href=\"https:\/\/peralluir.com\/\" target=\"_blank\">PER A LLUIR<\/a><\/td><td style=\" text-transform: uppercase; \">C\/ MORATIN, 5<\/td><td><a href=\"https:\/\/www.google.es\/maps\/?q=C%2F+MORATIN%2C+5+46002\" target=\"_blank\">Veure ubicaci\u00f3<\/a><\/td><\/tr><tr><td><img decoding=\"async\" src=\"\/wp-content\/uploads\/logos_establecimientos\/650466b85c598.jpg\" loading=\"lazy\" style=\"width: 40px; height: 40px; object-fit: contain; border-radius: 50%; vertical-align: middle; margin-right: 6px;\"><a href=\"https:\/\/orfebresperisroca.es\/\" target=\"_blank\">PERIS ROCA ORFEBRES<\/a><\/td><td style=\" text-transform: uppercase; \">C\/ BOLSERIA, 31<\/td><td><a href=\"https:\/\/www.google.es\/maps\/?q=C%2F+BOLSERIA%2C+31+46001\" target=\"_blank\">Veure ubicaci\u00f3<\/a><\/td><\/tr><tr><td><img decoding=\"async\" src=\"\/wp-content\/uploads\/logos_establecimientos\/650cc8181348e.jpg\" loading=\"lazy\" style=\"width: 40px; height: 40px; object-fit: contain; border-radius: 50%; vertical-align: middle; margin-right: 6px;\"><a href=\"https:\/\/maricapella.com\/\" target=\"_blank\">RANDS I BRODATS MARI CAPELLA I MARTA POLIT<\/a><\/td><td style=\" text-transform: uppercase; \">PLAZA REDONDA, 15<\/td><td><a href=\"https:\/\/www.google.es\/maps\/?q=PLAZA+REDONDA%2C+15+46001\" target=\"_blank\">Veure ubicaci\u00f3<\/a><\/td><\/tr><tr><td><img decoding=\"async\" src=\"\/wp-content\/uploads\/logos_establecimientos\/6511f2a38e134.jpg\" loading=\"lazy\" style=\"width: 40px; height: 40px; object-fit: contain; border-radius: 50%; vertical-align: middle; margin-right: 6px;\"><a href=\"https:\/\/www.roatextil.com\/\" target=\"_blank\">ROA<\/a><\/td><td style=\" text-transform: uppercase; \">C\/ PERIODISTA AZZATI, 4<\/td><td><a href=\"https:\/\/www.google.es\/maps\/?q=C%2F+PERIODISTA+AZZATI%2C+4+46002\" target=\"_blank\">Veure ubicaci\u00f3<\/a><\/td><\/tr><tr><td><img decoding=\"async\" src=\"\/wp-content\/uploads\/logos_establecimientos\/686e5170e8ae3.jpeg\" loading=\"lazy\" style=\"width: 40px; height: 40px; object-fit: contain; border-radius: 50%; vertical-align: middle; margin-right: 6px;\"><a href=\"\/\/www.seglesindumentariavalenciana.es\" target=\"_blank\">SEGLES INDUMENTARIA VALENCIANA<\/a><\/td><td style=\" text-transform: uppercase; \">Calle Monestir de Poblet, 40<\/td><td><a href=\"https:\/\/www.google.es\/maps\/?q=Calle+Monestir+de+Poblet%2C+40+46015\" target=\"_blank\">Veure ubicaci\u00f3<\/a><\/td><\/tr><tr><td><img decoding=\"async\" src=\"\/wp-content\/uploads\/logos_establecimientos\/650cdf2a3b503.jpeg\" loading=\"lazy\" style=\"width: 40px; height: 40px; object-fit: contain; border-radius: 50%; vertical-align: middle; margin-right: 6px;\"><a href=\"https:\/\/www.instagram.com\/sigloxviiivalencia\/?hl=es\" target=\"_blank\">SIGLO XVIII<\/a><\/td><td style=\" text-transform: uppercase; \">C\/ SORNI, 28<\/td><td><a href=\"https:\/\/www.google.es\/maps\/?q=C%2F+SORNI%2C+28+46004\" target=\"_blank\">Veure ubicaci\u00f3<\/a><\/td><\/tr><tr><td><img decoding=\"async\" src=\"\/wp-content\/uploads\/logos_establecimientos\/6863eff13d3fb.jpg\" loading=\"lazy\" style=\"width: 40px; height: 40px; object-fit: contain; border-radius: 50%; vertical-align: middle; margin-right: 6px;\"><a href=\"\/\/www.flordaigua.es\" target=\"_blank\">TALLER FLOR D&#8217;AIGUA<\/a><\/td><td style=\" text-transform: uppercase; \">PLAZA DON JUAN DE VILLARRASA,14 <\/td><td><a href=\"https:\/\/www.google.es\/maps\/?q=PLAZA+DON+JUAN+DE+VILLARRASA%2C14++46001\" target=\"_blank\">Veure ubicaci\u00f3<\/a><\/td><\/tr><tr><td><img decoding=\"async\" src=\"\/wp-content\/uploads\/logos_establecimientos\/65131481dc058.jpg\" loading=\"lazy\" style=\"width: 40px; height: 40px; object-fit: contain; border-radius: 50%; vertical-align: middle; margin-right: 6px;\"><a href=\"http:\/\/www.tiendadelasollasdehierro.com\/articulos.htm\" target=\"_blank\">TIENDA DE LA OLLAS DE HIERRO<\/a><\/td><td style=\" text-transform: uppercase; \">C\/ DERECHOS, 4<\/td><td><a href=\"https:\/\/www.google.es\/maps\/?q=C%2F+DERECHOS%2C+4+46001\" target=\"_blank\">Veure ubicaci\u00f3<\/a><\/td><\/tr><tr><td><img decoding=\"async\" src=\"\/wp-content\/uploads\/logos_establecimientos\/6864d6e26feaa.jpg\" loading=\"lazy\" style=\"width: 40px; height: 40px; object-fit: contain; border-radius: 50%; vertical-align: middle; margin-right: 6px;\"><a href=\"https:\/\/www.instagram.com\/tresorenseda\/?hl=es\" target=\"_blank\">TRESOR EN SEDA<\/a><\/td><td style=\" text-transform: uppercase; \">CALLE FELIX DEL RIO, 14<\/td><td><a href=\"https:\/\/www.google.es\/maps\/?q=CALLE+FELIX+DEL+RIO%2C+14+46025\" target=\"_blank\">Veure ubicaci\u00f3<\/a><\/td><\/tr><\/table>[\/vc_tta_section][vc_tta_section title=&#8221;INSTRUMENTS MUSICALS I ACCESSORIS&#8221; tab_id=&#8221;aab3238922bcc25a6f606eb525ffdc56&#8243;]<table><tr><th>NOM<\/th><th>DIRECCI\u00d3<\/th><th>UBICACI\u00d3<\/th><\/tr><tr><td><img decoding=\"async\" src=\"\/wp-content\/uploads\/logos_establecimientos\/6865b96bf2d0a.jpg\" loading=\"lazy\" style=\"width: 40px; height: 40px; object-fit: contain; border-radius: 50%; vertical-align: middle; margin-right: 6px;\"><a href=\"\/\/www.musicalgaspar.com\" target=\"_blank\">MUSICAL-TALLER LUTHIER<\/a><\/td><td style=\" text-transform: uppercase; \">C\/Moro Zeid 2 bajo K<\/td><td><a href=\"https:\/\/www.google.es\/maps\/?q=C%2FMoro+Zeid+2+bajo+K+46001\" target=\"_blank\">Veure ubicaci\u00f3<\/a><\/td><\/tr><tr><td><a href=\"https:\/\/neomusica.es\/\" target=\"_blank\">NEOMUSICA<\/a><\/td><td style=\" text-transform: uppercase; \">Av Baleares, 73<\/td><td><a href=\"https:\/\/www.google.es\/maps\/?q=Av+Baleares%2C+73+46023\" target=\"_blank\">Veure ubicaci\u00f3<\/a><\/td><\/tr><tr><td><img decoding=\"async\" src=\"\/wp-content\/uploads\/logos_establecimientos\/68f6836ccbdfa.png\" loading=\"lazy\" style=\"width: 40px; height: 40px; object-fit: contain; border-radius: 50%; vertical-align: middle; margin-right: 6px;\"><a href=\"https:\/\/neomusica.es\/\" target=\"_blank\">NEOMUSICA<\/a><\/td><td style=\" text-transform: uppercase; \">C\/ MURILLO 44, 46001 VALENCIA<\/td><td><a href=\"https:\/\/www.google.es\/maps\/?q=C%2F+MURILLO+44%2C+46001+VALENCIA+46001\" target=\"_blank\">Veure ubicaci\u00f3<\/a><\/td><\/tr><tr><td><img decoding=\"async\" src=\"\/wp-content\/uploads\/logos_establecimientos\/686552ce63a17.jpg\" loading=\"lazy\" style=\"width: 40px; height: 40px; object-fit: contain; border-radius: 50%; vertical-align: middle; margin-right: 6px;\"><a href=\"https:\/\/www.valenciamusical.com\/es\/\" target=\"_blank\">VALENCIA MUSICAL<\/a><\/td><td style=\" text-transform: uppercase; \">C\/ \u00c1ngel Guimer\u00e1, 11<\/td><td><a href=\"https:\/\/www.google.es\/maps\/?q=C%2F+%C3%81ngel+Guimer%C3%A1%2C+11+46008\" target=\"_blank\">Veure ubicaci\u00f3<\/a><\/td><\/tr><\/table>[\/vc_tta_section][vc_tta_section title=&#8221;JOGUETS I ENTRETENIMENT&#8221; tab_id=&#8221;c9f0f895fb98ab9159f51fd0297e236d&#8221;]<table><tr><th>NOM<\/th><th>DIRECCI\u00d3<\/th><th>UBICACI\u00d3<\/th><\/tr><tr><td><img decoding=\"async\" src=\"\/wp-content\/uploads\/2025\/11\/Captura-de-pantalla-2025-11-17-a-las-9.00.42.png\" loading=\"lazy\" style=\"width: 40px; height: 40px; object-fit: contain; border-radius: 50%; vertical-align: middle; margin-right: 6px;\"><a href=\"\/\/www.bamboo-kids.es \" target=\"_blank\">BAMBOO KIDS<\/a><\/td><td style=\" text-transform: uppercase; \">CALLE LITERATO AZORIN 47, BAJO<\/td><td><a href=\"https:\/\/www.google.es\/maps\/?q=CALLE+LITERATO+AZORIN+47%2C+BAJO+46006\" target=\"_blank\">Veure ubicaci\u00f3<\/a><\/td><\/tr><tr><td><img decoding=\"async\" src=\"\/wp-content\/uploads\/logos_establecimientos\/68c7d6f890b7d.jpg\" loading=\"lazy\" style=\"width: 40px; height: 40px; object-fit: contain; border-radius: 50%; vertical-align: middle; margin-right: 6px;\"><a href=\"https:\/\/www.instagram.com\/bebisimo\/\" target=\"_blank\">BEBISIMO<\/a><\/td><td style=\" text-transform: uppercase; \">Avda. Tamarindos 19<\/td><td><a href=\"https:\/\/www.google.es\/maps\/?q=Avda.+Tamarindos+19+46015\" target=\"_blank\">Veure ubicaci\u00f3<\/a><\/td><\/tr><tr><td><img decoding=\"async\" src=\"\/wp-content\/uploads\/logos_establecimientos\/686ea3a642fd6.png\" loading=\"lazy\" style=\"width: 40px; height: 40px; object-fit: contain; border-radius: 50%; vertical-align: middle; margin-right: 6px;\"><a href=\"\/\/bubbatoysstore.com\" target=\"_blank\">BUBBA TOYS<\/a><\/td><td style=\" text-transform: uppercase; \">Calle Albacete 13<\/td><td><a href=\"https:\/\/www.google.es\/maps\/?q=Calle+Albacete+13+46007\" target=\"_blank\">Veure ubicaci\u00f3<\/a><\/td><\/tr><tr><td><img decoding=\"async\" src=\"\/wp-content\/uploads\/logos_establecimientos\/686c28a0c6396.png\" loading=\"lazy\" style=\"width: 40px; height: 40px; object-fit: contain; border-radius: 50%; vertical-align: middle; margin-right: 6px;\"><a href=\"\/\/cartooncorp.es\" target=\"_blank\">CARTOON CORPORATION<\/a><\/td><td style=\" text-transform: uppercase; \">Guillem de Castro 53 Bajo Izquierda<\/td><td><a href=\"https:\/\/www.google.es\/maps\/?q=Guillem+de+Castro+53+Bajo+Izquierda+46007\" target=\"_blank\">Veure ubicaci\u00f3<\/a><\/td><\/tr><tr><td><img decoding=\"async\" src=\"\/wp-content\/uploads\/logos_establecimientos\/66aa65722d157.jpg\" loading=\"lazy\" style=\"width: 40px; height: 40px; object-fit: contain; border-radius: 50%; vertical-align: middle; margin-right: 6px;\"><a href=\"https:\/\/www.dideco.es\" target=\"_blank\">DIDECO<\/a><\/td><td style=\" text-transform: uppercase; \">C\/ HERNAN CORTES, 17<\/td><td><a href=\"https:\/\/www.google.es\/maps\/?q=C%2F+HERNAN+CORTES%2C+17+46004\" target=\"_blank\">Veure ubicaci\u00f3<\/a><\/td><\/tr><tr><td><img decoding=\"async\" src=\"\/wp-content\/uploads\/logos_establecimientos\/6863d3e9b2b1d.jpg\" loading=\"lazy\" style=\"width: 40px; height: 40px; object-fit: contain; border-radius: 50%; vertical-align: middle; margin-right: 6px;\"><a href=\"\/\/juguetesdonaflor.com\" target=\"_blank\">DO\u00d1A FLOR<\/a><\/td><td style=\" text-transform: uppercase; \">C\/ CERVANTES, 15<\/td><td><a href=\"https:\/\/www.google.es\/maps\/?q=C%2F+CERVANTES%2C+15+46007\" target=\"_blank\">Veure ubicaci\u00f3<\/a><\/td><\/tr><tr><td><img decoding=\"async\" src=\"\/wp-content\/uploads\/logos_establecimientos\/6864e96bcc0c8.jpg\" loading=\"lazy\" style=\"width: 40px; height: 40px; object-fit: contain; border-radius: 50%; vertical-align: middle; margin-right: 6px;\"><a href=\"https:\/\/egolalavalencia.com\/\" target=\"_blank\">EGOLALA VALENCIA<\/a><\/td><td style=\" text-transform: uppercase; \">C\/SANCHIS  SIVERA, 3 (bajo izquierda)<\/td><td><a href=\"https:\/\/www.google.es\/maps\/?q=C%2FSANCHIS++SIVERA%2C+3+%28bajo+izquierda%29+46008\" target=\"_blank\">Veure ubicaci\u00f3<\/a><\/td><\/tr><tr><td><img decoding=\"async\" src=\"\/wp-content\/uploads\/logos_establecimientos\/66b2774f53803.jpg\" loading=\"lazy\" style=\"width: 40px; height: 40px; object-fit: contain; border-radius: 50%; vertical-align: middle; margin-right: 6px;\"><a href=\"https:\/\/www.facebook.com\/erikamunecas\/\" target=\"_blank\">ERIKA MU\u00d1ECAS<\/a><\/td><td style=\" text-transform: uppercase; \">C\/ GRABAJOR SELMA 2<\/td><td><a href=\"https:\/\/www.google.es\/maps\/?q=C%2F+GRABAJOR+SELMA+2+46002\" target=\"_blank\">Veure ubicaci\u00f3<\/a><\/td><\/tr><tr><td><img decoding=\"async\" src=\"\/wp-content\/uploads\/logos_establecimientos\/651078c8ccd27.jpg\" loading=\"lazy\" style=\"width: 40px; height: 40px; object-fit: contain; border-radius: 50%; vertical-align: middle; margin-right: 6px;\"><a href=\"https:\/\/figurasdecomics.com\/\" target=\"_blank\">FIGURAS DE COMIC<\/a><\/td><td style=\" text-transform: uppercase; \">GRAN VIA RAMON Y CAJAL, 30<\/td><td><a href=\"https:\/\/www.google.es\/maps\/?q=GRAN+VIA+RAMON+Y+CAJAL%2C+30+46007\" target=\"_blank\">Veure ubicaci\u00f3<\/a><\/td><\/tr><tr><td><img decoding=\"async\" src=\"\/wp-content\/uploads\/logos_establecimientos\/6877d486c8db4.jpg\" loading=\"lazy\" style=\"width: 40px; height: 40px; object-fit: contain; border-radius: 50%; vertical-align: middle; margin-right: 6px;\"><a href=\"\/\/www.frikigalaxy.com\" target=\"_blank\">FRIKI GALAXY<\/a><\/td><td style=\" text-transform: uppercase; \">C\/JACOMART 53 BAJO DERECHA<\/td><td><a href=\"https:\/\/www.google.es\/maps\/?q=C%2FJACOMART+53+BAJO+DERECHA+46019\" target=\"_blank\">Veure ubicaci\u00f3<\/a><\/td><\/tr><tr><td><img decoding=\"async\" src=\"\/wp-content\/uploads\/logos_establecimientos\/6872319f03262.jpg\" loading=\"lazy\" style=\"width: 40px; height: 40px; object-fit: contain; border-radius: 50%; vertical-align: middle; margin-right: 6px;\"><a href=\"https:\/\/garhis.es\/\" target=\"_blank\">GARHIS<\/a><\/td><td style=\" text-transform: uppercase; \">Calle Campoamor n\u00ba 16 Bajo Izquierda<\/td><td><a href=\"https:\/\/www.google.es\/maps\/?q=Calle+Campoamor+n%C2%BA+16+Bajo+Izquierda+46021\" target=\"_blank\">Veure ubicaci\u00f3<\/a><\/td><\/tr><tr><td><img decoding=\"async\" src=\"\/wp-content\/uploads\/logos_establecimientos\/686cdb425070b.png\" loading=\"lazy\" style=\"width: 40px; height: 40px; object-fit: contain; border-radius: 50%; vertical-align: middle; margin-right: 6px;\"><a href=\"https:\/\/geeklogia.shop\/\" target=\"_blank\">GEEKLOGIA<\/a><\/td><td style=\" text-transform: uppercase; \">C\/ Actor Mora n31 Bajo<\/td><td><a href=\"https:\/\/www.google.es\/maps\/?q=C%2F+Actor+Mora+n31+Bajo+46009\" target=\"_blank\">Veure ubicaci\u00f3<\/a><\/td><\/tr><tr><td><img decoding=\"async\" src=\"\/wp-content\/uploads\/logos_establecimientos\/6863c2c4e9ad9.jpg\" loading=\"lazy\" style=\"width: 40px; height: 40px; object-fit: contain; border-radius: 50%; vertical-align: middle; margin-right: 6px;\"><a href=\"https:\/\/www.goblintrader.es\/es\/\" target=\"_blank\">GOBLINTRADER<\/a><\/td><td style=\" text-transform: uppercase; \">C\/ Conde de Altea 4 <\/td><td><a href=\"https:\/\/www.google.es\/maps\/?q=C%2F+Conde+de+Altea+4++46005\" target=\"_blank\">Veure ubicaci\u00f3<\/a><\/td><\/tr><tr><td><img decoding=\"async\" src=\"\/wp-content\/uploads\/logos_establecimientos\/6870068889b0c.jpeg\" loading=\"lazy\" style=\"width: 40px; height: 40px; object-fit: contain; border-radius: 50%; vertical-align: middle; margin-right: 6px;\"><a href=\"\/\/www.gremiodedragones.es\" target=\"_blank\">GREMIO DE DRAGONES<\/a><\/td><td style=\" text-transform: uppercase; \">Calle Domingo G\u00f3mez 35<\/td><td><a href=\"https:\/\/www.google.es\/maps\/?q=Calle+Domingo+G%C3%B3mez+35+46025\" target=\"_blank\">Veure ubicaci\u00f3<\/a><\/td><\/tr><tr><td><img decoding=\"async\" src=\"\/wp-content\/uploads\/logos_establecimientos\/6863c89a1ddea.png\" loading=\"lazy\" style=\"width: 40px; height: 40px; object-fit: contain; border-radius: 50%; vertical-align: middle; margin-right: 6px;\"><a href=\"https:\/\/www.juegamestore.es\/\" target=\"_blank\">HOMOLUDICUS VALENCIA<\/a><\/td><td style=\" text-transform: uppercase; \">C\/ Doctor Sanchis Sivera 21 <\/td><td><a href=\"https:\/\/www.google.es\/maps\/?q=C%2F+Doctor+Sanchis+Sivera+21++46008\" target=\"_blank\">Veure ubicaci\u00f3<\/a><\/td><\/tr><tr><td><img decoding=\"async\" src=\"\/wp-content\/uploads\/logos_establecimientos\/66a8bb1512d35.jpg\" loading=\"lazy\" style=\"width: 40px; height: 40px; object-fit: contain; border-radius: 50%; vertical-align: middle; margin-right: 6px;\"><a href=\"\/\/@eurekakidscirilo\" target=\"_blank\">JUGUETERIA EUREKAKIDS<\/a><\/td><td style=\" text-transform: uppercase; \">Cirilo Amoros 65<\/td><td><a href=\"https:\/\/www.google.es\/maps\/?q=Cirilo+Amoros+65+46004\" target=\"_blank\">Veure ubicaci\u00f3<\/a><\/td><\/tr><tr><td><img decoding=\"async\" src=\"\/wp-content\/uploads\/logos_establecimientos\/687236a9de5cf.jpg\" loading=\"lazy\" style=\"width: 40px; height: 40px; object-fit: contain; border-radius: 50%; vertical-align: middle; margin-right: 6px;\">JUGUETTOS AVENIDA DEL PUERTO<\/td><td style=\" text-transform: uppercase; \">AVENIDA DEL PUERTO 97<\/td><td><a href=\"https:\/\/www.google.es\/maps\/?q=AVENIDA+DEL+PUERTO+97+46022\" target=\"_blank\">Veure ubicaci\u00f3<\/a><\/td><\/tr><tr><td><img decoding=\"async\" src=\"\/wp-content\/uploads\/logos_establecimientos\/687239a13355d.jpg\" loading=\"lazy\" style=\"width: 40px; height: 40px; object-fit: contain; border-radius: 50%; vertical-align: middle; margin-right: 6px;\">JUGUETTOS SAN VICENTE<\/td><td style=\" text-transform: uppercase; \">CALLE SAN VICENTE 112<\/td><td><a href=\"https:\/\/www.google.es\/maps\/?q=CALLE+SAN+VICENTE+112+46002\" target=\"_blank\">Veure ubicaci\u00f3<\/a><\/td><\/tr><tr><td><img decoding=\"async\" src=\"\/wp-content\/uploads\/logos_establecimientos\/688cbce106ea7.jpg\" loading=\"lazy\" style=\"width: 40px; height: 40px; object-fit: contain; border-radius: 50%; vertical-align: middle; margin-right: 6px;\"><a href=\"\/\/kaurimueblesvalencia.es\/la-tienda\" target=\"_blank\">KAURI INTERIORES<\/a><\/td><td style=\" text-transform: uppercase; \">C\/ POETA EDUARDO BUIL, 2<\/td><td><a href=\"https:\/\/www.google.es\/maps\/?q=C%2F+POETA+EDUARDO+BUIL%2C+2+46020\" target=\"_blank\">Veure ubicaci\u00f3<\/a><\/td><\/tr><tr><td><img decoding=\"async\" src=\"\/wp-content\/uploads\/logos_establecimientos\/686509f519979.jpg\" loading=\"lazy\" style=\"width: 40px; height: 40px; object-fit: contain; border-radius: 50%; vertical-align: middle; margin-right: 6px;\"><a href=\"https:\/\/kubo-kids.es\/\" target=\"_blank\">KUBO KIDS<\/a><\/td><td style=\" text-transform: uppercase; \">C\/ PEDRO III EL GRANDE 21<\/td><td><a href=\"https:\/\/www.google.es\/maps\/?q=C%2F+PEDRO+III+EL+GRANDE+21+46005\" target=\"_blank\">Veure ubicaci\u00f3<\/a><\/td><\/tr><tr><td><img decoding=\"async\" src=\"\/wp-content\/uploads\/logos_establecimientos\/68651e29ca561.jpg\" loading=\"lazy\" style=\"width: 40px; height: 40px; object-fit: contain; border-radius: 50%; vertical-align: middle; margin-right: 6px;\"><a href=\"\/\/lacombainfantil.com\" target=\"_blank\">LA COMBA<\/a><\/td><td style=\" text-transform: uppercase; \">C\/Dolores Marqu\u00e9s, 15 bajo izq.<\/td><td><a href=\"https:\/\/www.google.es\/maps\/?q=C%2FDolores+Marqu%C3%A9s%2C+15+bajo+izq.+46020\" target=\"_blank\">Veure ubicaci\u00f3<\/a><\/td><\/tr><tr><td><img decoding=\"async\" src=\"\/wp-content\/uploads\/logos_establecimientos\/686438d47669f.png\" loading=\"lazy\" style=\"width: 40px; height: 40px; object-fit: contain; border-radius: 50%; vertical-align: middle; margin-right: 6px;\"><a href=\"https:\/\/www.instagram.com\/lamastervalencia\/\" target=\"_blank\">LA MASTER<\/a><\/td><td style=\" text-transform: uppercase; \">C\/Molinell, 8<\/td><td><a href=\"https:\/\/www.google.es\/maps\/?q=C%2FMolinell%2C+8+46010\" target=\"_blank\">Veure ubicaci\u00f3<\/a><\/td><\/tr><tr><td>LEGO  OXIDOVERDE NX3ARQUITECTURA<\/td><td style=\" text-transform: uppercase; \">C\/PINTOR NAVARRO LLORENS 11 BAJO IZQ<\/td><td><a href=\"https:\/\/www.google.es\/maps\/?q=C%2FPINTOR+NAVARRO+LLORENS+11+BAJO+IZQ+46008\" target=\"_blank\">Veure ubicaci\u00f3<\/a><\/td><\/tr><tr><td><img decoding=\"async\" src=\"\/wp-content\/uploads\/logos_establecimientos\/6863f53b9d2d4.png\" loading=\"lazy\" style=\"width: 40px; height: 40px; object-fit: contain; border-radius: 50%; vertical-align: middle; margin-right: 6px;\"><a href=\"https:\/\/ludosaurus.com\/\" target=\"_blank\">LUDOSAURUS<\/a><\/td><td style=\" text-transform: uppercase; \">Calle Marv\u00e1 12, bajo<\/td><td><a href=\"https:\/\/www.google.es\/maps\/?q=Calle+Marv%C3%A1+12%2C+bajo+46007\" target=\"_blank\">Veure ubicaci\u00f3<\/a><\/td><\/tr><tr><td><img decoding=\"async\" src=\"\/wp-content\/uploads\/logos_establecimientos\/65168466b1c3b.png\" loading=\"lazy\" style=\"width: 40px; height: 40px; object-fit: contain; border-radius: 50%; vertical-align: middle; margin-right: 6px;\"><a href=\"https:\/\/www.mitiendademunecas.com\/\" target=\"_blank\">MI TIENDA DE MU\u00d1ECAS<\/a><\/td><td style=\" text-transform: uppercase; \">C\/ MURO DE SANTA ANA, 2<\/td><td><a href=\"https:\/\/www.google.es\/maps\/?q=C%2F+MURO+DE+SANTA+ANA%2C+2+46003\" target=\"_blank\">Veure ubicaci\u00f3<\/a><\/td><\/tr><tr><td><img decoding=\"async\" src=\"\/wp-content\/uploads\/logos_establecimientos\/650b670d91e9e.jpg\" loading=\"lazy\" style=\"width: 40px; height: 40px; object-fit: contain; border-radius: 50%; vertical-align: middle; margin-right: 6px;\">MINISO<\/td><td style=\" text-transform: uppercase; \">C\/ RUZAFA, 26<\/td><td><a href=\"https:\/\/www.google.es\/maps\/?q=C%2F+RUZAFA%2C+26+46004\" target=\"_blank\">Veure ubicaci\u00f3<\/a><\/td><\/tr><tr><td><img decoding=\"async\" src=\"\/wp-content\/uploads\/logos_establecimientos\/686ceb5bf1da0.jpeg\" loading=\"lazy\" style=\"width: 40px; height: 40px; object-fit: contain; border-radius: 50%; vertical-align: middle; margin-right: 6px;\">MODELISMO LARA<\/td><td style=\" text-transform: uppercase; \">CL DEL MAR 43<\/td><td><a href=\"https:\/\/www.google.es\/maps\/?q=CL+DEL+MAR+43+46003\" target=\"_blank\">Veure ubicaci\u00f3<\/a><\/td><\/tr><tr><td><img decoding=\"async\" src=\"\/wp-content\/uploads\/logos_establecimientos\/686511ac8dd17.png\" loading=\"lazy\" style=\"width: 40px; height: 40px; object-fit: contain; border-radius: 50%; vertical-align: middle; margin-right: 6px;\"><a href=\"https:\/\/www.instagram.com\/monte_ronin\/\" target=\"_blank\">MONTE RONIN<\/a><\/td><td style=\" text-transform: uppercase; \">CALLE DAOIZ Y VELARDE, 6<\/td><td><a href=\"https:\/\/www.google.es\/maps\/?q=CALLE+DAOIZ+Y+VELARDE%2C+6+46021\" target=\"_blank\">Veure ubicaci\u00f3<\/a><\/td><\/tr><tr><td><img decoding=\"async\" src=\"\/wp-content\/uploads\/logos_establecimientos\/686e8de59e217.jpg\" loading=\"lazy\" style=\"width: 40px; height: 40px; object-fit: contain; border-radius: 50%; vertical-align: middle; margin-right: 6px;\"><a href=\"\/\/www.mundostars.es\" target=\"_blank\">MUNDOSTARS<\/a><\/td><td style=\" text-transform: uppercase; \">AVDA CONSTITUCION 117<\/td><td><a href=\"https:\/\/www.google.es\/maps\/?q=AVDA+CONSTITUCION+117+46009\" target=\"_blank\">Veure ubicaci\u00f3<\/a><\/td><\/tr><tr><td><img decoding=\"async\" src=\"\/wp-content\/uploads\/logos_establecimientos\/66f6e77f65ff3.jpg\" loading=\"lazy\" style=\"width: 40px; height: 40px; object-fit: contain; border-radius: 50%; vertical-align: middle; margin-right: 6px;\"><a href=\"https:\/\/www.nx3arquitectura.com\/\" target=\"_blank\">NX3 ARQUITECTURA<\/a><\/td><td style=\" text-transform: uppercase; \">C\/ PINTOR NAVARRO LLORENS 11<\/td><td><a href=\"https:\/\/www.google.es\/maps\/?q=C%2F+PINTOR+NAVARRO+LLORENS+11+46008\" target=\"_blank\">Veure ubicaci\u00f3<\/a><\/td><\/tr><tr><td><img decoding=\"async\" src=\"\/wp-content\/uploads\/logos_establecimientos\/688222ca317f1.jpg\" loading=\"lazy\" style=\"width: 40px; height: 40px; object-fit: contain; border-radius: 50%; vertical-align: middle; margin-right: 6px;\"><a href=\"https:\/\/planeswalkers.shop\" target=\"_blank\">PLANESWALKERS VALENCIA<\/a><\/td><td style=\" text-transform: uppercase; \">Calle san roque 62<\/td><td><a href=\"https:\/\/www.google.es\/maps\/?q=Calle+san+roque+62+46015\" target=\"_blank\">Veure ubicaci\u00f3<\/a><\/td><\/tr><tr><td><img decoding=\"async\" src=\"\/wp-content\/uploads\/logos_establecimientos\/68737a3a819ab.png\" loading=\"lazy\" style=\"width: 40px; height: 40px; object-fit: contain; border-radius: 50%; vertical-align: middle; margin-right: 6px;\"><a href=\"\/\/www.retrogamevalencia.com\" target=\"_blank\">RETRO GAME VALENCIA<\/a><\/td><td style=\" text-transform: uppercase; \">C\/Archiduque Carlos 43<\/td><td><a href=\"https:\/\/www.google.es\/maps\/?q=C%2FArchiduque+Carlos+43+46018\" target=\"_blank\">Veure ubicaci\u00f3<\/a><\/td><\/tr><tr><td><img decoding=\"async\" src=\"\/wp-content\/uploads\/logos_establecimientos\/6874ebc82b786.png\" loading=\"lazy\" style=\"width: 40px; height: 40px; object-fit: contain; border-radius: 50%; vertical-align: middle; margin-right: 6px;\"><a href=\"https:\/\/serendipia-modapeques.com\/\" target=\"_blank\">SERENDIPIA-MODAPEQUES<\/a><\/td><td style=\" text-transform: uppercase; \">C\/ MARIA JORDAN, 6 <\/td><td><a href=\"https:\/\/www.google.es\/maps\/?q=C%2F+MARIA+JORDAN%2C+6++46018\" target=\"_blank\">Veure ubicaci\u00f3<\/a><\/td><\/tr><tr><td><img decoding=\"async\" src=\"\/wp-content\/uploads\/logos_establecimientos\/6880b2701b095.png\" loading=\"lazy\" style=\"width: 40px; height: 40px; object-fit: contain; border-radius: 50%; vertical-align: middle; margin-right: 6px;\"><a href=\"\/\/www.suerteloca.es\" target=\"_blank\">SUERTE LOCA REGALOS<\/a><\/td><td style=\" text-transform: uppercase; \">Calle Guardia Civil 16 B<\/td><td><a href=\"https:\/\/www.google.es\/maps\/?q=Calle+Guardia+Civil+16+B+46020\" target=\"_blank\">Veure ubicaci\u00f3<\/a><\/td><\/tr><tr><td><img decoding=\"async\" src=\"\/wp-content\/uploads\/logos_establecimientos\/6867abd208599.png\" loading=\"lazy\" style=\"width: 40px; height: 40px; object-fit: contain; border-radius: 50%; vertical-align: middle; margin-right: 6px;\"><a href=\"https:\/\/zacatrus.es\/\" target=\"_blank\">ZACATRUS<\/a><\/td><td style=\" text-transform: uppercase; \">Avenida Reino de Valencia 66<\/td><td><a href=\"https:\/\/www.google.es\/maps\/?q=Avenida+Reino+de+Valencia+66+46005\" target=\"_blank\">Veure ubicaci\u00f3<\/a><\/td><\/tr><\/table>[\/vc_tta_section][vc_tta_section title=&#8221;JOIERIES, RELLOTGERIA I BIJUTERIA&#8221; tab_id=&#8221;e4da3b7fbbce2345d7772b0674a318d5&#8243;]<table><tr><th>NOM<\/th><th>DIRECCI\u00d3<\/th><th>UBICACI\u00d3<\/th><\/tr><tr><td>AGUAMARINA<\/td><td style=\" text-transform: uppercase; \">C\/ FELIX PIZCUETA, 23 <\/td><td><a href=\"https:\/\/www.google.es\/maps\/?q=C%2F+FELIX+PIZCUETA%2C+23++46004\" target=\"_blank\">Veure ubicaci\u00f3<\/a><\/td><\/tr><tr><td><img decoding=\"async\" src=\"\/wp-content\/uploads\/logos_establecimientos\/66b27f3d33ca7.png\" loading=\"lazy\" style=\"width: 40px; height: 40px; object-fit: contain; border-radius: 50%; vertical-align: middle; margin-right: 6px;\"><a href=\"\/\/www.anartxy.com\" target=\"_blank\">ANARTXY<\/a><\/td><td style=\" text-transform: uppercase; \">C\/ CONVENTO SANTA CLARA, 2<\/td><td><a href=\"https:\/\/www.google.es\/maps\/?q=C%2F+CONVENTO+SANTA+CLARA%2C+2+46002\" target=\"_blank\">Veure ubicaci\u00f3<\/a><\/td><\/tr><tr><td>ANGEL CATALAN JOYAS Y RELOJES<\/td><td style=\" text-transform: uppercase; \">CALLE CADIZ 19 BAJO<\/td><td><a href=\"https:\/\/www.google.es\/maps\/?q=CALLE+CADIZ+19+BAJO+46006\" target=\"_blank\">Veure ubicaci\u00f3<\/a><\/td><\/tr><tr><td><img decoding=\"async\" src=\"\/wp-content\/uploads\/logos_establecimientos\/650f65b4dba03.jpg\" loading=\"lazy\" style=\"width: 40px; height: 40px; object-fit: contain; border-radius: 50%; vertical-align: middle; margin-right: 6px;\"><a href=\"https:\/\/bienvenidoasensijoyeros.com\/es\/\" target=\"_blank\">BIENVENIDO ASENSI JOYEROS<\/a><\/td><td style=\" text-transform: uppercase; \">C\/ CIRILO AMOR\u00d3S, 27-2B<\/td><td><a href=\"https:\/\/www.google.es\/maps\/?q=C%2F+CIRILO+AMOR%C3%93S%2C+27-2B+46004\" target=\"_blank\">Veure ubicaci\u00f3<\/a><\/td><\/tr><tr><td><img decoding=\"async\" src=\"\/wp-content\/uploads\/logos_establecimientos\/650b350d4f951.jpg\" loading=\"lazy\" style=\"width: 40px; height: 40px; object-fit: contain; border-radius: 50%; vertical-align: middle; margin-right: 6px;\"><a href=\"https:\/\/cobaltoaccesorios.com\/\" target=\"_blank\">COBALTO<\/a><\/td><td style=\" text-transform: uppercase; \">CL PEREZ BAYER, 7<\/td><td><a href=\"https:\/\/www.google.es\/maps\/?q=CL+PEREZ+BAYER%2C+7+46002\" target=\"_blank\">Veure ubicaci\u00f3<\/a><\/td><\/tr><tr><td><img decoding=\"async\" src=\"\/wp-content\/uploads\/logos_establecimientos\/66a764a819172.png\" loading=\"lazy\" style=\"width: 40px; height: 40px; object-fit: contain; border-radius: 50%; vertical-align: middle; margin-right: 6px;\"><a href=\"\/\/www.demanueljoyeros.com\" target=\"_blank\">DE MANUEL JOYERO SL<\/a><\/td><td style=\" text-transform: uppercase; \">C\/ SAN VICENTE, 36<\/td><td><a href=\"https:\/\/www.google.es\/maps\/?q=C%2F+SAN+VICENTE%2C+36+46002\" target=\"_blank\">Veure ubicaci\u00f3<\/a><\/td><\/tr><tr><td><img decoding=\"async\" src=\"\/wp-content\/uploads\/logos_establecimientos\/650adabcb1771.jpg\" loading=\"lazy\" style=\"width: 40px; height: 40px; object-fit: contain; border-radius: 50%; vertical-align: middle; margin-right: 6px;\"><a href=\"https:\/\/grabadosroivival.com\/\" target=\"_blank\">GRABADOS ROIVIVAL<\/a><\/td><td style=\" text-transform: uppercase; \">C\/ PADILLA, 8<\/td><td><a href=\"https:\/\/www.google.es\/maps\/?q=C%2F+PADILLA%2C+8+46001\" target=\"_blank\">Veure ubicaci\u00f3<\/a><\/td><\/tr><tr><td><img decoding=\"async\" src=\"\/wp-content\/uploads\/logos_establecimientos\/68d30fd5dba2e.jpg\" loading=\"lazy\" style=\"width: 40px; height: 40px; object-fit: contain; border-radius: 50%; vertical-align: middle; margin-right: 6px;\"><a href=\"https:\/\/www.instagram.com\/graciabyyolanda\/?hl=es\" target=\"_blank\">GRACIA BY YOLANDA<\/a><\/td><td style=\" text-transform: uppercase; \">C\/ GENERAL SAN MARTIN, 14<\/td><td><a href=\"https:\/\/www.google.es\/maps\/?q=C%2F+GENERAL+SAN+MARTIN%2C+14+46004\" target=\"_blank\">Veure ubicaci\u00f3<\/a><\/td><\/tr><tr><td><img decoding=\"async\" src=\"\/wp-content\/uploads\/logos_establecimientos\/6504659a2e777.jpg\" loading=\"lazy\" style=\"width: 40px; height: 40px; object-fit: contain; border-radius: 50%; vertical-align: middle; margin-right: 6px;\"><a href=\"https:\/\/idealiabisuteria.com\/\" target=\"_blank\">IDEALIA<\/a><\/td><td style=\" text-transform: uppercase; \">C\/ CALABAZAS, 18<\/td><td><a href=\"https:\/\/www.google.es\/maps\/?q=C%2F+CALABAZAS%2C+18+46001\" target=\"_blank\">Veure ubicaci\u00f3<\/a><\/td><\/tr><tr><td><img decoding=\"async\" src=\"\/wp-content\/uploads\/logos_establecimientos\/68b7d1c03ae9f.jpg\" loading=\"lazy\" style=\"width: 40px; height: 40px; object-fit: contain; border-radius: 50%; vertical-align: middle; margin-right: 6px;\"><a href=\"www.mardelcarmen.com    https:\/\/www.instagram.com\/joyasmardelcarmen\/\" target=\"_blank\">JOYAS ARTESANAS MAR DEL CARMEN<\/a><\/td><td style=\" text-transform: uppercase; \">Calle Bolser\u00eda 4<\/td><td><a href=\"https:\/\/www.google.es\/maps\/?q=Calle+Bolser%C3%ADa+4+46001\" target=\"_blank\">Veure ubicaci\u00f3<\/a><\/td><\/tr><tr><td><img decoding=\"async\" src=\"\/wp-content\/uploads\/logos_establecimientos\/6888ada0e7bd8.png\" loading=\"lazy\" style=\"width: 40px; height: 40px; object-fit: contain; border-radius: 50%; vertical-align: middle; margin-right: 6px;\"><a href=\"\/\/joyeriaamores.com\" target=\"_blank\">JOYERIA AMORES<\/a><\/td><td style=\" text-transform: uppercase; \">CL CARTEROS, 77<\/td><td><a href=\"https:\/\/www.google.es\/maps\/?q=CL+CARTEROS%2C+77+46017\" target=\"_blank\">Veure ubicaci\u00f3<\/a><\/td><\/tr><tr><td><img decoding=\"async\" src=\"\/wp-content\/uploads\/logos_establecimientos\/650ae166298a3.jpg\" loading=\"lazy\" style=\"width: 40px; height: 40px; object-fit: contain; border-radius: 50%; vertical-align: middle; margin-right: 6px;\"><a href=\"\/\/www.joyeriabiendicho.com\" target=\"_blank\">JOYERIA BIENDICHO<\/a><\/td><td style=\" text-transform: uppercase; \">C\/ SAN VICENTE MARTIR 71 Piso 1 Pta. 2<\/td><td><a href=\"https:\/\/www.google.es\/maps\/?q=C%2F+SAN+VICENTE+MARTIR+71+Piso+1+Pta.+2+46007\" target=\"_blank\">Veure ubicaci\u00f3<\/a><\/td><\/tr><tr><td>JOYERIA MANOINA<\/td><td style=\" text-transform: uppercase; \">CALLE BUEN ORDEN 7<\/td><td><a href=\"https:\/\/www.google.es\/maps\/?q=CALLE+BUEN+ORDEN+7+46008\" target=\"_blank\">Veure ubicaci\u00f3<\/a><\/td><\/tr><tr><td><img decoding=\"async\" src=\"\/wp-content\/uploads\/logos_establecimientos\/6515b3bd7abfb.png\" loading=\"lazy\" style=\"width: 40px; height: 40px; object-fit: contain; border-radius: 50%; vertical-align: middle; margin-right: 6px;\"><a href=\"https:\/\/www.montanajoyeria.com\" target=\"_blank\">JOYERIA MONTANA<\/a><\/td><td style=\" text-transform: uppercase; \">C\/ GUILLEM DE CASTRO, 59<\/td><td><a href=\"https:\/\/www.google.es\/maps\/?q=C%2F+GUILLEM+DE+CASTRO%2C+59+46008\" target=\"_blank\">Veure ubicaci\u00f3<\/a><\/td><\/tr><tr><td><img decoding=\"async\" src=\"\/wp-content\/uploads\/logos_establecimientos\/650420688e6fe.jpg\" loading=\"lazy\" style=\"width: 40px; height: 40px; object-fit: contain; border-radius: 50%; vertical-align: middle; margin-right: 6px;\"><a href=\"https:\/\/www.joyeriapajaron.es\/\" target=\"_blank\">JOYERIA PAJARON<\/a><\/td><td style=\" text-transform: uppercase; \">CL. PAZ, 16 &#8211; BAJO<\/td><td><a href=\"https:\/\/www.google.es\/maps\/?q=CL.+PAZ%2C+16+-+BAJO+46003\" target=\"_blank\">Veure ubicaci\u00f3<\/a><\/td><\/tr><tr><td><img decoding=\"async\" src=\"\/wp-content\/uploads\/logos_establecimientos\/650caaa2dd5c3.jpg\" loading=\"lazy\" style=\"width: 40px; height: 40px; object-fit: contain; border-radius: 50%; vertical-align: middle; margin-right: 6px;\"><a href=\"https:\/\/www.instagram.com\/joyeria_rubi\/?hl=es\" target=\"_blank\">JOYER\u00cdA RUB\u00cd<\/a><\/td><td style=\" text-transform: uppercase; \">CL MUSICO PEYDRO, 6<\/td><td><a href=\"https:\/\/www.google.es\/maps\/?q=CL+MUSICO+PEYDRO%2C+6+46001\" target=\"_blank\">Veure ubicaci\u00f3<\/a><\/td><\/tr><tr><td><img decoding=\"async\" src=\"\/wp-content\/uploads\/logos_establecimientos\/6863c22f0ed81.jpg\" loading=\"lazy\" style=\"width: 40px; height: 40px; object-fit: contain; border-radius: 50%; vertical-align: middle; margin-right: 6px;\"><a href=\"\/\/www.joyeriaaran.com\" target=\"_blank\">JOYER\u00cdA-RELOJER\u00cdA ARAN<\/a><\/td><td style=\" text-transform: uppercase; \">CL L\\&#8217; ALGUER, 2<\/td><td><a href=\"https:\/\/www.google.es\/maps\/?q=CL+L%5C%27+ALGUER%2C+2+46022\" target=\"_blank\">Veure ubicaci\u00f3<\/a><\/td><\/tr><tr><td><img decoding=\"async\" src=\"\/wp-content\/uploads\/logos_establecimientos\/650cac7cdea0b.jpg\" loading=\"lazy\" style=\"width: 40px; height: 40px; object-fit: contain; border-radius: 50%; vertical-align: middle; margin-right: 6px;\"><a href=\"https:\/\/www.latauladelor.com\" target=\"_blank\">LA TAULA DE L\u00b4OR<\/a><\/td><td style=\" text-transform: uppercase; \">AVDA. DEL OESTE, 17-2-7<\/td><td><a href=\"https:\/\/www.google.es\/maps\/?q=AVDA.+DEL+OESTE%2C+17-2-7+46001\" target=\"_blank\">Veure ubicaci\u00f3<\/a><\/td><\/tr><tr><td><img decoding=\"async\" src=\"\/wp-content\/uploads\/logos_establecimientos\/686d2f387948a.jpg\" loading=\"lazy\" style=\"width: 40px; height: 40px; object-fit: contain; border-radius: 50%; vertical-align: middle; margin-right: 6px;\"><a href=\"https:\/\/manitasdeplata.es\/\" target=\"_blank\">MANITAS DE PLATA, CB<\/a><\/td><td style=\" text-transform: uppercase; \">C\/ Juan Aguilar num 2 bajo<\/td><td><a href=\"https:\/\/www.google.es\/maps\/?q=C%2F+Juan+Aguilar+num+2+bajo+46015\" target=\"_blank\">Veure ubicaci\u00f3<\/a><\/td><\/tr><tr><td><img decoding=\"async\" src=\"\/wp-content\/uploads\/logos_establecimientos\/65109a2af13ca.jpg\" loading=\"lazy\" style=\"width: 40px; height: 40px; object-fit: contain; border-radius: 50%; vertical-align: middle; margin-right: 6px;\"><a href=\"https:\/\/www.marfiljoyeros.com\/es\/\" target=\"_blank\">MARFIL JOYEROS<\/a><\/td><td style=\" text-transform: uppercase; \">C\/ CIRILO AMOROS, 41<\/td><td><a href=\"https:\/\/www.google.es\/maps\/?q=C%2F+CIRILO+AMOROS%2C+41+46004\" target=\"_blank\">Veure ubicaci\u00f3<\/a><\/td><\/tr><tr><td><img decoding=\"async\" src=\"\/wp-content\/uploads\/logos_establecimientos\/650ae372b1378.jpg\" loading=\"lazy\" style=\"width: 40px; height: 40px; object-fit: contain; border-radius: 50%; vertical-align: middle; margin-right: 6px;\"><a href=\"https:\/\/www.shoppinginvalencia.com\/acvc\/web_php\/index.php?contenido=fichacomercial_coconut&#038;id=54&#038;idnivel=5821&#038;idcontacto=131&#038;mode=folder&#038;order=asc\" target=\"_blank\">ORERO JOYEROS<\/a><\/td><td style=\" text-transform: uppercase; \">C\/ COLON, 35<\/td><td><a href=\"https:\/\/www.google.es\/maps\/?q=C%2F+COLON%2C+35+46004\" target=\"_blank\">Veure ubicaci\u00f3<\/a><\/td><\/tr><tr><td><img decoding=\"async\" src=\"\/wp-content\/uploads\/logos_establecimientos\/650ae475a4ebf.jpg\" loading=\"lazy\" style=\"width: 40px; height: 40px; object-fit: contain; border-radius: 50%; vertical-align: middle; margin-right: 6px;\">ORERO JOYEROS<\/td><td style=\" text-transform: uppercase; \">AV PIO XII 2<\/td><td><a href=\"https:\/\/www.google.es\/maps\/?q=AV+PIO+XII+2+46009\" target=\"_blank\">Veure ubicaci\u00f3<\/a><\/td><\/tr><tr><td><img decoding=\"async\" src=\"\/wp-content\/uploads\/logos_establecimientos\/68ca9baad9739.jpg\" loading=\"lazy\" style=\"width: 40px; height: 40px; object-fit: contain; border-radius: 50%; vertical-align: middle; margin-right: 6px;\"><a href=\"https:\/\/joiespedramar.com\" target=\"_blank\">PEDRAMAR<\/a><\/td><td style=\" text-transform: uppercase; \">Estamenyeria Vella 8<\/td><td><a href=\"https:\/\/www.google.es\/maps\/?q=Estamenyeria+Vella+8+46001\" target=\"_blank\">Veure ubicaci\u00f3<\/a><\/td><\/tr><tr><td><img decoding=\"async\" src=\"\/wp-content\/uploads\/logos_establecimientos\/6863dbe92e349.jpg\" loading=\"lazy\" style=\"width: 40px; height: 40px; object-fit: contain; border-radius: 50%; vertical-align: middle; margin-right: 6px;\"><a href=\"\/\/@plattia_joyas\" target=\"_blank\">PLATTIA<\/a><\/td><td style=\" text-transform: uppercase; \">C\/ CISCAR, 45 <\/td><td><a href=\"https:\/\/www.google.es\/maps\/?q=C%2F+CISCAR%2C+45++46005\" target=\"_blank\">Veure ubicaci\u00f3<\/a><\/td><\/tr><tr><td><img decoding=\"async\" src=\"\/wp-content\/uploads\/logos_establecimientos\/650ae641d3da0.JPG\" loading=\"lazy\" style=\"width: 40px; height: 40px; object-fit: contain; border-radius: 50%; vertical-align: middle; margin-right: 6px;\"><a href=\"https:\/\/rafaeltorresjoyero.com\/\" target=\"_blank\">RAFAEL TORRES JOYERO<\/a><\/td><td style=\" text-transform: uppercase; \">C\/ de la Pau, 5<\/td><td><a href=\"https:\/\/www.google.es\/maps\/?q=C%2F+de+la+Pau%2C+5+46003\" target=\"_blank\">Veure ubicaci\u00f3<\/a><\/td><\/tr><tr><td><img decoding=\"async\" src=\"\/wp-content\/uploads\/logos_establecimientos\/6504676a90216.jpg\" loading=\"lazy\" style=\"width: 40px; height: 40px; object-fit: contain; border-radius: 50%; vertical-align: middle; margin-right: 6px;\"><a href=\"https:\/\/relojdearena.es\/\" target=\"_blank\">RELOJ DE ARENA<\/a><\/td><td style=\" text-transform: uppercase; \">C\/ LINTERNA, 10<\/td><td><a href=\"https:\/\/www.google.es\/maps\/?q=C%2F+LINTERNA%2C+10+46001\" target=\"_blank\">Veure ubicaci\u00f3<\/a><\/td><\/tr><tr><td><img decoding=\"async\" src=\"\/wp-content\/uploads\/logos_establecimientos\/66a76f6fb490a.jpeg\" loading=\"lazy\" style=\"width: 40px; height: 40px; object-fit: contain; border-radius: 50%; vertical-align: middle; margin-right: 6px;\"><a href=\"\/\/www.relojeriasanchez.com\" target=\"_blank\">RELOJER\u00cdA JES\u00daS S\u00c1NCHEZ<\/a><\/td><td style=\" text-transform: uppercase; \">CALLE SAN VICENTE M\u00c1RTIR, 51 BAJO<\/td><td><a href=\"https:\/\/www.google.es\/maps\/?q=CALLE+SAN+VICENTE+M%C3%81RTIR%2C+51+BAJO+46002\" target=\"_blank\">Veure ubicaci\u00f3<\/a><\/td><\/tr><tr><td><img decoding=\"async\" src=\"\/wp-content\/uploads\/logos_establecimientos\/650f70dd229e9.jpg\" loading=\"lazy\" style=\"width: 40px; height: 40px; object-fit: contain; border-radius: 50%; vertical-align: middle; margin-right: 6px;\"><a href=\"https:\/\/relojeria-jesus-sanchez.negocio.site\/\" target=\"_blank\">RELOJERIA JOSE SANCHEZ<\/a><\/td><td style=\" text-transform: uppercase; \">AVDA. DEL OESTE, 53<\/td><td><a href=\"https:\/\/www.google.es\/maps\/?q=AVDA.+DEL+OESTE%2C+53+46001\" target=\"_blank\">Veure ubicaci\u00f3<\/a><\/td><\/tr><tr><td><a href=\"https:\/\/www.instagram.com\/joyeriaeduardoruiz\/?hl=es\" target=\"_blank\">RELOJERIA JOYERIA EDUARDO RUIZ<\/a><\/td><td style=\" text-transform: uppercase; \">AVDA BURJASOT, 245 <\/td><td><a href=\"https:\/\/www.google.es\/maps\/?q=AVDA+BURJASOT%2C+245++46015\" target=\"_blank\">Veure ubicaci\u00f3<\/a><\/td><\/tr><tr><td><a href=\"https:\/\/www.instagram.com\/joyeriaeduardoruiz\/?hl=es\" target=\"_blank\">RELOJERIA JOYERIA EDUARDO RUIZ<\/a><\/td><td style=\" text-transform: uppercase; \">AVENIDA MANUEL DE FALLA NUMERO 13 LOCAL 16-17 CENTRO COMERCIAL CAMPANAR<\/td><td><a href=\"https:\/\/www.google.es\/maps\/?q=AVENIDA+MANUEL+DE+FALLA+NUMERO+13+LOCAL+16-17+CENTRO+COMERCIAL+CAMPANAR+46015\" target=\"_blank\">Veure ubicaci\u00f3<\/a><\/td><\/tr><tr><td><img decoding=\"async\" src=\"\/wp-content\/uploads\/logos_establecimientos\/68c96894d0aa8.jpg\" loading=\"lazy\" style=\"width: 40px; height: 40px; object-fit: contain; border-radius: 50%; vertical-align: middle; margin-right: 6px;\"><a href=\"https:\/\/rocio-studio.com\" target=\"_blank\">ROCIO STUDIO<\/a><\/td><td style=\" text-transform: uppercase; \">Calle Danzas, 4, bajo 3<\/td><td><a href=\"https:\/\/www.google.es\/maps\/?q=Calle+Danzas%2C+4%2C+bajo+3+46001\" target=\"_blank\">Veure ubicaci\u00f3<\/a><\/td><\/tr><tr><td><img decoding=\"async\" src=\"\/wp-content\/uploads\/logos_establecimientos\/650b06d9d9a7a.jpg\" loading=\"lazy\" style=\"width: 40px; height: 40px; object-fit: contain; border-radius: 50%; vertical-align: middle; margin-right: 6px;\"><a href=\"https:\/\/www.facebook.com\/tepuybydiananaranjo\/\" target=\"_blank\">TE PUY<\/a><\/td><td style=\" text-transform: uppercase; \">C\/ SAN VICENTE MARTIR, 72<\/td><td><a href=\"https:\/\/www.google.es\/maps\/?q=C%2F+SAN+VICENTE+MARTIR%2C+72+46002\" target=\"_blank\">Veure ubicaci\u00f3<\/a><\/td><\/tr><tr><td><img decoding=\"async\" src=\"\/wp-content\/uploads\/logos_establecimientos\/650ace756de23.jpg\" loading=\"lazy\" style=\"width: 40px; height: 40px; object-fit: contain; border-radius: 50%; vertical-align: middle; margin-right: 6px;\"><a href=\"https:\/\/trinidadgraciajoyas.blogspot.com\/\" target=\"_blank\">TRINIDAD GRACIA<\/a><\/td><td style=\" text-transform: uppercase; \">C\/ LA PAZ, 4 BJO<\/td><td><a href=\"https:\/\/www.google.es\/maps\/?q=C%2F+LA+PAZ%2C+4+BJO+46003\" target=\"_blank\">Veure ubicaci\u00f3<\/a><\/td><\/tr><tr><td><img decoding=\"async\" src=\"\/wp-content\/uploads\/logos_establecimientos\/650b0887484c9.jpg\" loading=\"lazy\" style=\"width: 40px; height: 40px; object-fit: contain; border-radius: 50%; vertical-align: middle; margin-right: 6px;\"><a href=\"https:\/\/www.facebook.com\/valencia.moon.plateria\/\" target=\"_blank\">VALENCIA MOON PLATERIA<\/a><\/td><td style=\" text-transform: uppercase; \">CL. MUSICO PEYDRO, 17<\/td><td><a href=\"https:\/\/www.google.es\/maps\/?q=CL.+MUSICO+PEYDRO%2C+17+46001\" target=\"_blank\">Veure ubicaci\u00f3<\/a><\/td><\/tr><tr><td><img decoding=\"async\" src=\"\/wp-content\/uploads\/logos_establecimientos\/650b0c1853d95.jpg\" loading=\"lazy\" style=\"width: 40px; height: 40px; object-fit: contain; border-radius: 50%; vertical-align: middle; margin-right: 6px;\"><a href=\"https:\/\/www.facebook.com\/vestopazzovalencia\" target=\"_blank\">VESTOPAZZO<\/a><\/td><td style=\" text-transform: uppercase; \">C\/ Serranos, 8<\/td><td><a href=\"https:\/\/www.google.es\/maps\/?q=C%2F+Serranos%2C+8+46003\" target=\"_blank\">Veure ubicaci\u00f3<\/a><\/td><\/tr><tr><td><img decoding=\"async\" src=\"\/wp-content\/uploads\/logos_establecimientos\/650b0cf3a84e4.jpg\" loading=\"lazy\" style=\"width: 40px; height: 40px; object-fit: contain; border-radius: 50%; vertical-align: middle; margin-right: 6px;\"><a href=\"https:\/\/www.facebook.com\/vestopazzovalencia\" target=\"_blank\">VESTOPAZZO<\/a><\/td><td style=\" text-transform: uppercase; \">CL. SOMBRERERIA, 8<\/td><td><a href=\"https:\/\/www.google.es\/maps\/?q=CL.+SOMBRERERIA%2C+8+46001\" target=\"_blank\">Veure ubicaci\u00f3<\/a><\/td><\/tr><tr><td><img decoding=\"async\" src=\"\/wp-content\/uploads\/logos_establecimientos\/66d830250b1f4.jpg\" loading=\"lazy\" style=\"width: 40px; height: 40px; object-fit: contain; border-radius: 50%; vertical-align: middle; margin-right: 6px;\"><a href=\"https:\/\/www.facebook.com\/vestopazzovalencia\" target=\"_blank\">VESTOPAZZO<\/a><\/td><td style=\" text-transform: uppercase; \">C\/ CERRAJEROS, 19<\/td><td><a href=\"https:\/\/www.google.es\/maps\/?q=C%2F+CERRAJEROS%2C+19+46001\" target=\"_blank\">Veure ubicaci\u00f3<\/a><\/td><\/tr><tr><td>ZONA PLATA<\/td><td style=\" text-transform: uppercase; \">Calle Emilio Bar\u00f3 40, bajo.<\/td><td><a href=\"https:\/\/www.google.es\/maps\/?q=Calle+Emilio+Bar%C3%B3+40%2C+bajo.+46020\" target=\"_blank\">Veure ubicaci\u00f3<\/a><\/td><\/tr><\/table>[\/vc_tta_section][vc_tta_section title=&#8221;MANUALITATS I BELLES ARTS&#8221; tab_id=&#8221;d67d8ab4f4c10bf22aa353e27879133c&#8221;]<table><tr><th>NOM<\/th><th>DIRECCI\u00d3<\/th><th>UBICACI\u00d3<\/th><\/tr><tr><td><img decoding=\"async\" src=\"\/wp-content\/uploads\/logos_establecimientos\/686bfe6bcf7a0.jpg\" loading=\"lazy\" style=\"width: 40px; height: 40px; object-fit: contain; border-radius: 50%; vertical-align: middle; margin-right: 6px;\"><a href=\"\/\/www.batallon.es\" target=\"_blank\">BATALLON MANUALIDADES<\/a><\/td><td style=\" text-transform: uppercase; \">Calle Ruzafa 39<\/td><td><a href=\"https:\/\/www.google.es\/maps\/?q=Calle+Ruzafa+39+46006\" target=\"_blank\">Veure ubicaci\u00f3<\/a><\/td><\/tr><tr><td><img decoding=\"async\" src=\"\/wp-content\/uploads\/logos_establecimientos\/68baa597a7a3d.jpg\" loading=\"lazy\" style=\"width: 40px; height: 40px; object-fit: contain; border-radius: 50%; vertical-align: middle; margin-right: 6px;\">BELLAS ARTES CIVERA<\/td><td style=\" text-transform: uppercase; \">c\/ Pascual y Gen\u00eds, 24<\/td><td><a href=\"https:\/\/www.google.es\/maps\/?q=c%2F+Pascual+y+Gen%C3%ADs%2C+24+46002\" target=\"_blank\">Veure ubicaci\u00f3<\/a><\/td><\/tr><tr><td><img decoding=\"async\" src=\"\/wp-content\/uploads\/logos_establecimientos\/650ca78e7735b.jpg\" loading=\"lazy\" style=\"width: 40px; height: 40px; object-fit: contain; border-radius: 50%; vertical-align: middle; margin-right: 6px;\"><a href=\"http:\/\/estevidvalencia.es\/\" target=\"_blank\">ESTEVID DECORACION MANUALIDADES<\/a><\/td><td style=\" text-transform: uppercase; \">C\/ SAN VICENTE, 87<\/td><td><a href=\"https:\/\/www.google.es\/maps\/?q=C%2F+SAN+VICENTE%2C+87+46007\" target=\"_blank\">Veure ubicaci\u00f3<\/a><\/td><\/tr><tr><td><img decoding=\"async\" src=\"\/wp-content\/uploads\/logos_establecimientos\/6863a76191ffa.jpg\" loading=\"lazy\" style=\"width: 40px; height: 40px; object-fit: contain; border-radius: 50%; vertical-align: middle; margin-right: 6px;\"><a href=\"https:\/\/www.kowalskicosasbellasartes.com\" target=\"_blank\">KOWALSKI COSAS BELLAS ARTES ETC.<\/a><\/td><td style=\" text-transform: uppercase; \">Carrer de D\u00e9nia, N20 <\/td><td><a href=\"https:\/\/www.google.es\/maps\/?q=Carrer+de+D%C3%A9nia%2C+N20++46006\" target=\"_blank\">Veure ubicaci\u00f3<\/a><\/td><\/tr><tr><td><img decoding=\"async\" src=\"\/wp-content\/uploads\/logos_establecimientos\/66a7f91a11e42.jpg\" loading=\"lazy\" style=\"width: 40px; height: 40px; object-fit: contain; border-radius: 50%; vertical-align: middle; margin-right: 6px;\"><a href=\"\/\/@partylandvalencia\" target=\"_blank\">PARTY LAND VALENCIA<\/a><\/td><td style=\" text-transform: uppercase; \">Calle Cirilo Amor\u00f3s 28<\/td><td><a href=\"https:\/\/www.google.es\/maps\/?q=Calle+Cirilo+Amor%C3%B3s+28+46004\" target=\"_blank\">Veure ubicaci\u00f3<\/a><\/td><\/tr><tr><td><img decoding=\"async\" src=\"\/wp-content\/uploads\/logos_establecimientos\/650468292c51a.jpg\" loading=\"lazy\" style=\"width: 40px; height: 40px; object-fit: contain; border-radius: 50%; vertical-align: middle; margin-right: 6px;\"><a href=\"https:\/\/www.tapinearte.es\/\" target=\"_blank\">TAPINEARTE<\/a><\/td><td style=\" text-transform: uppercase; \">C\/ EN BOU, 10<\/td><td><a href=\"https:\/\/www.google.es\/maps\/?q=C%2F+EN+BOU%2C+10+46001\" target=\"_blank\">Veure ubicaci\u00f3<\/a><\/td><\/tr><\/table>[\/vc_tta_section][vc_tta_section title=&#8221;MATERIALS DE CONSTRUCCI\u00d3&#8221; tab_id=&#8221;1ff1de774005f8da13f42943881c655f&#8221;]<p>No hi ha cap comer\u00e7 adherit.<\/p>[\/vc_tta_section][vc_tta_section title=&#8221;MERCADETS I VENDA NO SEDENT\u00c0RIA&#8221; tab_id=&#8221;33e75ff09dd601bbe69f351039152189&#8243;]<table><tr><th>NOM<\/th><th>DIRECCI\u00d3<\/th><th>UBICACI\u00d3<\/th><\/tr><tr><td><img decoding=\"async\" src=\"\/wp-content\/uploads\/logos_establecimientos\/688776789d08c.jpeg\" loading=\"lazy\" style=\"width: 40px; height: 40px; object-fit: contain; border-radius: 50%; vertical-align: middle; margin-right: 6px;\">CALZADOS FILOMENA BLANCO<\/td><td style=\" text-transform: uppercase; \">Mercadillo (varios)<\/td><td><a href=\"https:\/\/www.google.es\/maps\/?q=Mercadillo+%28varios%29+46011\" target=\"_blank\">Veure ubicaci\u00f3<\/a><\/td><\/tr><tr><td><img decoding=\"async\" src=\"\/wp-content\/uploads\/logos_establecimientos\/688777ccd765d.jpeg\" loading=\"lazy\" style=\"width: 40px; height: 40px; object-fit: contain; border-radius: 50%; vertical-align: middle; margin-right: 6px;\">CALZADOS JAVIER CANDEL<\/td><td style=\" text-transform: uppercase; \">Mercadillos (varios)<\/td><td><a href=\"https:\/\/www.google.es\/maps\/?q=Mercadillos+%28varios%29+46011\" target=\"_blank\">Veure ubicaci\u00f3<\/a><\/td><\/tr><\/table>[\/vc_tta_section][vc_tta_section title=&#8221;MERCATS MUNICIPALS DE DISTRICTE&#8221; tab_id=&#8221;17e62166fc8586dfa4d1bc0e1742c08b&#8221;]<table><tr><th>NOM<\/th><th>DIRECCI\u00d3<\/th><th>UBICACI\u00d3<\/th><\/tr><tr><td><img decoding=\"async\" src=\"\/wp-content\/uploads\/logos_establecimientos\/6501819c4130c.png\" loading=\"lazy\" style=\"width: 40px; height: 40px; object-fit: contain; border-radius: 50%; vertical-align: middle; margin-right: 6px;\"><a href=\"https:\/\/www.atypicalvalencia.com\/\" target=\"_blank\">@TYPICAL VALENCIA<\/a><\/td><td style=\" text-transform: uppercase; \">PL. MERCAT CENTRAL, PUESTOS 321-325<\/td><td><a href=\"https:\/\/www.google.es\/maps\/?q=PL.+MERCAT+CENTRAL%2C+PUESTOS+321-325+46001\" target=\"_blank\">Veure ubicaci\u00f3<\/a><\/td><\/tr><tr><td><a href=\"https:\/\/www.mercadocentralvalencia.es\/mercado\/productosparada?seccionid=21&#038;puestoid=93&#038;comprarweb=false\" target=\"_blank\">A GRANEL<\/a><\/td><td style=\" text-transform: uppercase; \">MERCADO CENTRAL VALENCIA<\/td><td><a href=\"https:\/\/www.google.es\/maps\/?q=MERCADO+CENTRAL+VALENCIA+46001\" target=\"_blank\">Veure ubicaci\u00f3<\/a><\/td><\/tr><tr><td><a href=\"https:\/\/www.mercadocentralvalencia.es\/mercado\/productosparada?seccionid=10&#038;puestoid=110&#038;comprarweb=false\" target=\"_blank\">A MENJAR<\/a><\/td><td style=\" text-transform: uppercase; \">MERCADO CENTRAL VALENCIA<\/td><td><a href=\"https:\/\/www.google.es\/maps\/?q=MERCADO+CENTRAL+VALENCIA+46001\" target=\"_blank\">Veure ubicaci\u00f3<\/a><\/td><\/tr><tr><td><a href=\"https:\/\/www.mercadocentralvalencia.es\/mercado\/productosparada?seccionid=18&#038;puestoid=206&#038;comprarweb=false\" target=\"_blank\">ACAIMUS<\/a><\/td><td style=\" text-transform: uppercase; \">PLAZA CIUDAD DE BRUJAS S\/N<\/td><td><a href=\"https:\/\/www.google.es\/maps\/?q=PLAZA+CIUDAD+DE+BRUJAS+S%2FN+46001\" target=\"_blank\">Veure ubicaci\u00f3<\/a><\/td><\/tr><tr><td><img decoding=\"async\" src=\"\/wp-content\/uploads\/logos_establecimientos\/68bf6be88693c.jpg\" loading=\"lazy\" style=\"width: 40px; height: 40px; object-fit: contain; border-radius: 50%; vertical-align: middle; margin-right: 6px;\"><a href=\"https:\/\/instagram.com\/olivarsanvalero?igshid=ogq5zdc2odk2za==\" target=\"_blank\">ACEITUNAS EL OLIVAR DE SAN VALERO, MERCAT RUSSAFA<\/a><\/td><td style=\" text-transform: uppercase; \">Calle 3 &#8211; Palco 114-115 &#8211; Mercat Russafa <\/td><td><a href=\"https:\/\/www.google.es\/maps\/?q=Calle+3+-+Palco+114-115+-+Mercat+Russafa++46006\" target=\"_blank\">Veure ubicaci\u00f3<\/a><\/td><\/tr><tr><td><img decoding=\"async\" src=\"\/wp-content\/uploads\/logos_establecimientos\/68ac2b191b25b.jpg\" loading=\"lazy\" style=\"width: 40px; height: 40px; object-fit: contain; border-radius: 50%; vertical-align: middle; margin-right: 6px;\">ACEITUNAS Y SALAZONES A&#038;A<\/td><td style=\" text-transform: uppercase; \">PLAZA BARON DE CORTES 24-64<\/td><td><a href=\"https:\/\/www.google.es\/maps\/?q=PLAZA+BARON+DE+CORTES+24-64+46006\" target=\"_blank\">Veure ubicaci\u00f3<\/a><\/td><\/tr><tr><td><img decoding=\"async\" src=\"\/wp-content\/uploads\/logos_establecimientos\/68be9f2971c8d.jpg\" loading=\"lazy\" style=\"width: 40px; height: 40px; object-fit: contain; border-radius: 50%; vertical-align: middle; margin-right: 6px;\"><a href=\"https:\/\/huertosurbanosecologicosvalencia.com\/\" target=\"_blank\">AGROLIFE FRUTA Y VERDURA ECOLOGICA<\/a><\/td><td style=\" text-transform: uppercase; \">C\/ BARON DE CORTES SN<\/td><td><a href=\"https:\/\/www.google.es\/maps\/?q=C%2F+BARON+DE+CORTES+SN+46006\" target=\"_blank\">Veure ubicaci\u00f3<\/a><\/td><\/tr><tr><td><img decoding=\"async\" src=\"\/wp-content\/uploads\/logos_establecimientos\/68dbc4f5ac124.png\" loading=\"lazy\" style=\"width: 40px; height: 40px; object-fit: contain; border-radius: 50%; vertical-align: middle; margin-right: 6px;\"><a href=\"https:\/\/share.google\/komv0vpfcp8iutzl6\" target=\"_blank\">AGUA SALADA GOURMET<\/a><\/td><td style=\" text-transform: uppercase; \">P.L.DEL MERCADO NOU, PUESTO 19<\/td><td><a href=\"https:\/\/www.google.es\/maps\/?q=P.L.DEL+MERCADO+NOU%2C+PUESTO+19+46011\" target=\"_blank\">Veure ubicaci\u00f3<\/a><\/td><\/tr><tr><td><a href=\"https:\/\/www.mercadocentralvalencia.es\/mercado\/verparada?puestoid=166&#038;comprarweb=false\" target=\"_blank\">ALBEREDA PERFUMES Y REGALOS<\/a><\/td><td style=\" text-transform: uppercase; \">MERCADO CENTRAL VALENCIA <\/td><td><a href=\"https:\/\/www.google.es\/maps\/?q=MERCADO+CENTRAL+VALENCIA++46001\" target=\"_blank\">Veure ubicaci\u00f3<\/a><\/td><\/tr><tr><td><a href=\"https:\/\/www.mercadocentralvalencia.es\/mercado\/productosparada?seccionid=12&#038;puestoid=67&#038;comprarweb=false\" target=\"_blank\">ALIMENTOS SALAZONADOS<\/a><\/td><td style=\" text-transform: uppercase; \">MERCADO CENTRAL VALENCIA<\/td><td><a href=\"https:\/\/www.google.es\/maps\/?q=MERCADO+CENTRAL+VALENCIA+46001\" target=\"_blank\">Veure ubicaci\u00f3<\/a><\/td><\/tr><tr><td><img decoding=\"async\" src=\"\/wp-content\/uploads\/logos_establecimientos\/66d70ca96cfc7.jpg\" loading=\"lazy\" style=\"width: 40px; height: 40px; object-fit: contain; border-radius: 50%; vertical-align: middle; margin-right: 6px;\">ANDREA GUERRA<\/td><td style=\" text-transform: uppercase; \">Plaza rojas Clemente parada 51 52 valencia <\/td><td><a href=\"https:\/\/www.google.es\/maps\/?q=Plaza+rojas+Clemente+parada+51+52+valencia++46008\" target=\"_blank\">Veure ubicaci\u00f3<\/a><\/td><\/tr><tr><td>ANGIE DANIELA JOJOA UMANANTE<\/td><td style=\" text-transform: uppercase; \">PLAZA DE LAS ROJAS CLEMENTE ,10<\/td><td><a href=\"https:\/\/www.google.es\/maps\/?q=PLAZA+DE+LAS+ROJAS+CLEMENTE+%2C10+46008\" target=\"_blank\">Veure ubicaci\u00f3<\/a><\/td><\/tr><tr><td><a href=\"https:\/\/www.mercadocentralvalencia.es\/mercado\/productosparada?seccionid=11&#038;puestoid=259&#038;comprarweb=false\" target=\"_blank\">ANGUILES EL GALET<\/a><\/td><td style=\" text-transform: uppercase; \">MERCADO CENTRAL VALENCIA<\/td><td><a href=\"https:\/\/www.google.es\/maps\/?q=MERCADO+CENTRAL+VALENCIA+46001\" target=\"_blank\">Veure ubicaci\u00f3<\/a><\/td><\/tr><tr><td><a href=\"https:\/\/www.mercadocentralvalencia.es\/mercado\/verparada?puestoid=200&#038;comprarweb=false\" target=\"_blank\">AROMA A CAF\u00c9<\/a><\/td><td style=\" text-transform: uppercase; \">MERCADO CENTRAL VALENCIA<\/td><td><a href=\"https:\/\/www.google.es\/maps\/?q=MERCADO+CENTRAL+VALENCIA+46001\" target=\"_blank\">Veure ubicaci\u00f3<\/a><\/td><\/tr><tr><td>ARTESANOS DEL JAM\u00d3N    &#8211;   MERCADO DE ALGIR\u00d3S<\/td><td style=\" text-transform: uppercase; \">PLAZA SAN FELIPE NERI S\/N<\/td><td><a href=\"https:\/\/www.google.es\/maps\/?q=PLAZA+SAN+FELIPE+NERI+S%2FN+46021\" target=\"_blank\">Veure ubicaci\u00f3<\/a><\/td><\/tr><tr><td><img decoding=\"async\" src=\"\/wp-content\/uploads\/logos_establecimientos\/688b58f5a23ab.jpg\" loading=\"lazy\" style=\"width: 40px; height: 40px; object-fit: contain; border-radius: 50%; vertical-align: middle; margin-right: 6px;\"><a href=\"https:\/\/avescrespo.com\" target=\"_blank\">AVES CRESPO<\/a><\/td><td style=\" text-transform: uppercase; \">Mercado de Ruzafa &#8211; Palcos 105,106,107<\/td><td><a href=\"https:\/\/www.google.es\/maps\/?q=Mercado+de+Ruzafa+-+Palcos+105%2C106%2C107+46006\" target=\"_blank\">Veure ubicaci\u00f3<\/a><\/td><\/tr><tr><td><a href=\"https:\/\/www.mercadocentralvalencia.es\/mercado\/productosparada?seccionid=1&#038;puestoid=61&#038;comprarweb=false\" target=\"_blank\">AVES SELECTAS MERCEDES <\/a><\/td><td style=\" text-transform: uppercase; \">MERCADO CENTRAL VALENCIA<\/td><td><a href=\"https:\/\/www.google.es\/maps\/?q=MERCADO+CENTRAL+VALENCIA+46001\" target=\"_blank\">Veure ubicaci\u00f3<\/a><\/td><\/tr><tr><td><img decoding=\"async\" src=\"\/wp-content\/uploads\/logos_establecimientos\/65171c6e7ef7c.jpg\" loading=\"lazy\" style=\"width: 40px; height: 40px; object-fit: contain; border-radius: 50%; vertical-align: middle; margin-right: 6px;\"><a href=\"https:\/\/mercadocabanyal.es\/directorio\/aves-y-huevos-torres\/\" target=\"_blank\">AVES Y HUEVOS TORRES   &#8211;   MERCADO DEL CABA\u00d1AL<\/a><\/td><td style=\" text-transform: uppercase; \">C\/ MARTI GRAJALES, 4<\/td><td><a href=\"https:\/\/www.google.es\/maps\/?q=C%2F+MARTI+GRAJALES%2C+4+46011\" target=\"_blank\">Veure ubicaci\u00f3<\/a><\/td><\/tr><tr><td><img decoding=\"async\" src=\"\/wp-content\/uploads\/logos_establecimientos\/66b4884b34062.jpg\" loading=\"lazy\" style=\"width: 40px; height: 40px; object-fit: contain; border-radius: 50%; vertical-align: middle; margin-right: 6px;\"><a href=\"https:\/\/www.instagram.com\/bar_elmercado\/\" target=\"_blank\">BAR EL MERCAT &#8211; MERCADO DEL CABA\u00d1AL<\/a><\/td><td style=\" text-transform: uppercase; \">C\/ MARTI GRAJALES, 4<\/td><td><a href=\"https:\/\/www.google.es\/maps\/?q=C%2F+MARTI+GRAJALES%2C+4+46011\" target=\"_blank\">Veure ubicaci\u00f3<\/a><\/td><\/tr><tr><td><a href=\"https:\/\/www.mercadocentralvalencia.es\/mercado\/productosparada?seccionid=21&#038;puestoid=182&#038;comprarweb=false\" target=\"_blank\">BENVOLGUT APERITIU<\/a><\/td><td style=\" text-transform: uppercase; \">PLAZA CIUDAD DE BRUJAS S\/N<\/td><td><a href=\"https:\/\/www.google.es\/maps\/?q=PLAZA+CIUDAD+DE+BRUJAS+S%2FN+46001\" target=\"_blank\">Veure ubicaci\u00f3<\/a><\/td><\/tr><tr><td><a href=\"https:\/\/www.mercadocentralvalencia.es\/mercado\/productosparada?seccionid=21&#038;puestoid=146&#038;comprarweb=true\" target=\"_blank\">BESCUIT MERCADO CENTRAL<\/a><\/td><td style=\" text-transform: uppercase; \">MERCAOD CENTRAL VLC<\/td><td><a href=\"https:\/\/www.google.es\/maps\/?q=MERCAOD+CENTRAL+VLC+46001\" target=\"_blank\">Veure ubicaci\u00f3<\/a><\/td><\/tr><tr><td><img decoding=\"async\" src=\"\/wp-content\/uploads\/logos_establecimientos\/6864f855bb072.jpg\" loading=\"lazy\" style=\"width: 40px; height: 40px; object-fit: contain; border-radius: 50%; vertical-align: middle; margin-right: 6px;\"><a href=\"https:\/\/espiritdevi.com\/\" target=\"_blank\">BODEGA CABA\u00d1AL<\/a><\/td><td style=\" text-transform: uppercase; \">MARINO SIRERA (MERCADO) 11<\/td><td><a href=\"https:\/\/www.google.es\/maps\/?q=MARINO+SIRERA+%28MERCADO%29+11+46011\" target=\"_blank\">Veure ubicaci\u00f3<\/a><\/td><\/tr><tr><td><a href=\"https:\/\/www.mercadocentralvalencia.es\/mercado\/verparada?puestoid=266&#038;comprarweb=false\" target=\"_blank\">BONAFONT FRUITS<\/a><\/td><td style=\" text-transform: uppercase; \">MERCADO CENTRAL VALENCIA<\/td><td><a href=\"https:\/\/www.google.es\/maps\/?q=MERCADO+CENTRAL+VALENCIA+46001\" target=\"_blank\">Veure ubicaci\u00f3<\/a><\/td><\/tr><tr><td><a href=\"https:\/\/www.mercadocentralvalencia.es\/mercado\/productosparada?seccionid=16&#038;puestoid=125&#038;comprarweb=false\" target=\"_blank\">BOUTIQUE DEL QUESO<\/a><\/td><td style=\" text-transform: uppercase; \">MERCADO CENTRAL VALENCIA<\/td><td><a href=\"https:\/\/www.google.es\/maps\/?q=MERCADO+CENTRAL+VALENCIA+46001\" target=\"_blank\">Veure ubicaci\u00f3<\/a><\/td><\/tr><tr><td><img decoding=\"async\" src=\"\/wp-content\/uploads\/logos_establecimientos\/65171abee25dc.jpg\" loading=\"lazy\" style=\"width: 40px; height: 40px; object-fit: contain; border-radius: 50%; vertical-align: middle; margin-right: 6px;\"><a href=\"https:\/\/www.instagram.com\/cafeteate_al_cabanyal\/\" target=\"_blank\">CAFETEATE AL CABANYAL   &#8211;  MERCADO DEL CABA\u00d1AL<\/a><\/td><td style=\" text-transform: uppercase; \">C\/ MARTI GRAJALES, 4<\/td><td><a href=\"https:\/\/www.google.es\/maps\/?q=C%2F+MARTI+GRAJALES%2C+4+46011\" target=\"_blank\">Veure ubicaci\u00f3<\/a><\/td><\/tr><tr><td>CARNES CARMEN<\/td><td style=\" text-transform: uppercase; \">PLAZA BARON CORTES S\/N  CASETA 64 MERCADO  RUZAFA<\/td><td><a href=\"https:\/\/www.google.es\/maps\/?q=PLAZA+BARON+CORTES+S%2FN++CASETA+64+MERCADO++RUZAFA+46006\" target=\"_blank\">Veure ubicaci\u00f3<\/a><\/td><\/tr><tr><td><a href=\"https:\/\/www.mercadocentralvalencia.es\/mercado\/productosparada?seccionid=2&#038;puestoid=38&#038;comprarweb=false\" target=\"_blank\">CARNES COSIN<\/a><\/td><td style=\" text-transform: uppercase; \">MERCADO CENTRAL VALENCIA<\/td><td><a href=\"https:\/\/www.google.es\/maps\/?q=MERCADO+CENTRAL+VALENCIA+46001\" target=\"_blank\">Veure ubicaci\u00f3<\/a><\/td><\/tr><tr><td><a href=\"\/\/-\" target=\"_blank\">CARNES EL ROIG    &#8211;   MERCADO DE ALGIR\u00d3S<\/a><\/td><td style=\" text-transform: uppercase; \">PLAZA SAN FELIPE NERI S\/N<\/td><td><a href=\"https:\/\/www.google.es\/maps\/?q=PLAZA+SAN+FELIPE+NERI+S%2FN+46021\" target=\"_blank\">Veure ubicaci\u00f3<\/a><\/td><\/tr><tr><td><a href=\"https:\/\/www.instagram.com\/carnes_elroig\/\" target=\"_blank\">CARNES EL ROIG &#8211; MERCADO DE CASTILLA<\/a><\/td><td style=\" text-transform: uppercase; \">C\/ LLOMBAY<\/td><td><a href=\"https:\/\/www.google.es\/maps\/?q=C%2F+LLOMBAY+46008\" target=\"_blank\">Veure ubicaci\u00f3<\/a><\/td><\/tr><tr><td><img decoding=\"async\" src=\"\/wp-content\/uploads\/logos_establecimientos\/66b48a150f755.jpg\" loading=\"lazy\" style=\"width: 40px; height: 40px; object-fit: contain; border-radius: 50%; vertical-align: middle; margin-right: 6px;\"><a href=\"https:\/\/mercadocabanyal.es\/directorio\/carne-de-caballo-emi\/\" target=\"_blank\">CARNES EMI &#8211; MERCADO DEL CABA\u00d1AL<\/a><\/td><td style=\" text-transform: uppercase; \">C\/ MARTI GRAJALES, 4<\/td><td><a href=\"https:\/\/www.google.es\/maps\/?q=C%2F+MARTI+GRAJALES%2C+4+46011\" target=\"_blank\">Veure ubicaci\u00f3<\/a><\/td><\/tr><tr><td><a href=\"https:\/\/www.mercadocentralvalencia.es\/mercado\/productosparada?seccionid=2&#038;puestoid=10&#038;comprarweb=true\" target=\"_blank\">CARNES FUENTES<\/a><\/td><td style=\" text-transform: uppercase; \">Mercado Central Valencia. Pza. Ciutat de Brujas s\/n<\/td><td><a href=\"https:\/\/www.google.es\/maps\/?q=Mercado+Central+Valencia.+Pza.+Ciutat+de+Brujas+s%2Fn+46001\" target=\"_blank\">Veure ubicaci\u00f3<\/a><\/td><\/tr><tr><td><img decoding=\"async\" src=\"\/wp-content\/uploads\/2025\/09\/Captura-de-pantalla-2025-09-04-a-las-14.57.05.png\" loading=\"lazy\" style=\"width: 40px; height: 40px; object-fit: contain; border-radius: 50%; vertical-align: middle; margin-right: 6px;\"><a href=\"\/\/www.carnesgonzalez.com\" target=\"_blank\">CARNES GONZALEZ<\/a><\/td><td style=\" text-transform: uppercase; \">MERCADO CENTRAL PUESTOS 41 &#8211; 46<\/td><td><a href=\"https:\/\/www.google.es\/maps\/?q=MERCADO+CENTRAL+PUESTOS+41+-+46+46001\" target=\"_blank\">Veure ubicaci\u00f3<\/a><\/td><\/tr><tr><td><img decoding=\"async\" src=\"\/wp-content\/uploads\/2025\/09\/Captura-de-pantalla-2025-09-04-a-las-14.57.05.png\" loading=\"lazy\" style=\"width: 40px; height: 40px; object-fit: contain; border-radius: 50%; vertical-align: middle; margin-right: 6px;\"><a href=\"\/\/www.carnesgonzalez.com\" target=\"_blank\">CARNES GONZ\u00c1LEZ<\/a><\/td><td style=\" text-transform: uppercase; \">Mercado Ruzafa puestos 36-39<\/td><td><a href=\"https:\/\/www.google.es\/maps\/?q=Mercado+Ruzafa+puestos+36-39+46005\" target=\"_blank\">Veure ubicaci\u00f3<\/a><\/td><\/tr><tr><td><img decoding=\"async\" src=\"\/wp-content\/uploads\/logos_establecimientos\/686e08f6329e8.png\" loading=\"lazy\" style=\"width: 40px; height: 40px; object-fit: contain; border-radius: 50%; vertical-align: middle; margin-right: 6px;\">CARNES PEREZ<\/td><td style=\" text-transform: uppercase; \">MERC JESUS PATRAIX PTO 31 32<\/td><td><a href=\"https:\/\/www.google.es\/maps\/?q=MERC+JESUS+PATRAIX+PTO+31+32+46007\" target=\"_blank\">Veure ubicaci\u00f3<\/a><\/td><\/tr><tr><td>CARNES PEREZ<\/td><td style=\" text-transform: uppercase; \">PLAZA JESUS &#8211; MERCADO JESUS-PATRAIX<\/td><td><a href=\"https:\/\/www.google.es\/maps\/?q=PLAZA+JESUS+-+MERCADO+JESUS-PATRAIX+46007\" target=\"_blank\">Veure ubicaci\u00f3<\/a><\/td><\/tr><tr><td>CARNES PEREZ<\/td><td style=\" text-transform: uppercase; \">PLAZA JESUS &#8211; MERCADO JESUS-PATRAIX<\/td><td><a href=\"https:\/\/www.google.es\/maps\/?q=PLAZA+JESUS+-+MERCADO+JESUS-PATRAIX+46007\" target=\"_blank\">Veure ubicaci\u00f3<\/a><\/td><\/tr><tr><td><img decoding=\"async\" src=\"\/wp-content\/uploads\/logos_establecimientos\/66b5c3312333f.png\" loading=\"lazy\" style=\"width: 40px; height: 40px; object-fit: contain; border-radius: 50%; vertical-align: middle; margin-right: 6px;\"><a href=\"https:\/\/www.instagram.com\/carnespiluca\/?hl=es\" target=\"_blank\">CARNES PILUCA &#8211; MERCADO CABA\u00d1AL<\/a><\/td><td style=\" text-transform: uppercase; \">C\/ MARTI GRAJALES, 4<\/td><td><a href=\"https:\/\/www.google.es\/maps\/?q=C%2F+MARTI+GRAJALES%2C+4+46011\" target=\"_blank\">Veure ubicaci\u00f3<\/a><\/td><\/tr><tr><td>CARNES RANGEL  &#8211; MERCADO DE ALGIR\u00d3S<\/td><td style=\" text-transform: uppercase; \">PLAZA SAN FELIPE NERI S\/N<\/td><td><a href=\"https:\/\/www.google.es\/maps\/?q=PLAZA+SAN+FELIPE+NERI+S%2FN+46021\" target=\"_blank\">Veure ubicaci\u00f3<\/a><\/td><\/tr><tr><td><img decoding=\"async\" src=\"\/wp-content\/uploads\/logos_establecimientos\/66b48fb417df1.jpg\" loading=\"lazy\" style=\"width: 40px; height: 40px; object-fit: contain; border-radius: 50%; vertical-align: middle; margin-right: 6px;\"><a href=\"https:\/\/mercadocabanyal.es\/directorio\/carnes-selectas-lui-car\/\" target=\"_blank\">CARNES SELECTAS LUI-CAR &#8211; MERCADO DEL CABA\u00d1AL<\/a><\/td><td style=\" text-transform: uppercase; \">C\/ MARTI GRAJALES, 4<\/td><td><a href=\"https:\/\/www.google.es\/maps\/?q=C%2F+MARTI+GRAJALES%2C+4+46011\" target=\"_blank\">Veure ubicaci\u00f3<\/a><\/td><\/tr><tr><td>CARNES SELECTAS NAVARRO &#8211; MERCADO ROJAS CLEMENTE<\/td><td style=\" text-transform: uppercase; \">PLAZA ROJAS CLEMENTE S\/N<\/td><td><a href=\"https:\/\/www.google.es\/maps\/?q=PLAZA+ROJAS+CLEMENTE+S%2FN+46008\" target=\"_blank\">Veure ubicaci\u00f3<\/a><\/td><\/tr><tr><td><img decoding=\"async\" src=\"\/wp-content\/uploads\/logos_establecimientos\/66b5c5379bd76.jpg\" loading=\"lazy\" style=\"width: 40px; height: 40px; object-fit: contain; border-radius: 50%; vertical-align: middle; margin-right: 6px;\"><a href=\"https:\/\/www.instagram.com\/lanostracarniceria\/\" target=\"_blank\">CARNES SELECTAS RODRIGO MARTINEZ &#8211; MERCADO DEL CABA\u00d1AL<\/a><\/td><td style=\" text-transform: uppercase; \">C\/ MARTI GRAJALES, 4<\/td><td><a href=\"https:\/\/www.google.es\/maps\/?q=C%2F+MARTI+GRAJALES%2C+4+46011\" target=\"_blank\">Veure ubicaci\u00f3<\/a><\/td><\/tr><tr><td><img decoding=\"async\" src=\"\/wp-content\/uploads\/logos_establecimientos\/66e02a39af14d.jpg\" loading=\"lazy\" style=\"width: 40px; height: 40px; object-fit: contain; border-radius: 50%; vertical-align: middle; margin-right: 6px;\"><a href=\"https:\/\/mercadocabanyal.es\/directorio\/carnes-selectas-ruben-cabanes\/\" target=\"_blank\">CARNES SELECTAS RUBEN CABA\u00d1ES &#8211; MERCADO DEL CABA\u00d1AL<\/a><\/td><td style=\" text-transform: uppercase; \">C\/ MARTI GRAJALES, 4<\/td><td><a href=\"https:\/\/www.google.es\/maps\/?q=C%2F+MARTI+GRAJALES%2C+4+46011\" target=\"_blank\">Veure ubicaci\u00f3<\/a><\/td><\/tr><tr><td><img decoding=\"async\" src=\"\/wp-content\/uploads\/logos_establecimientos\/68b08456ee305.jpg\" loading=\"lazy\" style=\"width: 40px; height: 40px; object-fit: contain; border-radius: 50%; vertical-align: middle; margin-right: 6px;\"><a href=\"\/\/carnesvilata\" target=\"_blank\">CARNES VILATA<\/a><\/td><td style=\" text-transform: uppercase; \">Mercat de Russafa 46-47<\/td><td><a href=\"https:\/\/www.google.es\/maps\/?q=Mercat+de+Russafa+46-47+46006\" target=\"_blank\">Veure ubicaci\u00f3<\/a><\/td><\/tr><tr><td>CARNES Y EMBUTIDOS HERMANOS BELENGUER<\/td><td style=\" text-transform: uppercase; \">PLAZA BARON CORTES S\/N PALCO 97 98 MERCADO  RUZAFA<\/td><td><a href=\"https:\/\/www.google.es\/maps\/?q=PLAZA+BARON+CORTES+S%2FN+PALCO+97+98+MERCADO++RUZAFA+46006\" target=\"_blank\">Veure ubicaci\u00f3<\/a><\/td><\/tr><tr><td><a href=\"https:\/\/www.mercadocentralvalencia.es\/mercado\/productosparada?seccionid=2&#038;puestoid=7&#038;comprarweb=false\" target=\"_blank\">CARNICER\u00cdA ANDERSON<\/a><\/td><td style=\" text-transform: uppercase; \">Mercado Central Valencia. Pza. Ciutat de Brujas s\/n<\/td><td><a href=\"https:\/\/www.google.es\/maps\/?q=Mercado+Central+Valencia.+Pza.+Ciutat+de+Brujas+s%2Fn+46001\" target=\"_blank\">Veure ubicaci\u00f3<\/a><\/td><\/tr><tr><td><a href=\"https:\/\/www.mercadocentralvalencia.es\/mercado\/productosparada?seccionid=2&#038;puestoid=3&#038;comprarweb=false\" target=\"_blank\">CARNICERIA CAROLINA Y CARMEN<\/a><\/td><td style=\" text-transform: uppercase; \">PLAZA CIUDAD DE BRUJAS S\/N<\/td><td><a href=\"https:\/\/www.google.es\/maps\/?q=PLAZA+CIUDAD+DE+BRUJAS+S%2FN+46001\" target=\"_blank\">Veure ubicaci\u00f3<\/a><\/td><\/tr><tr><td>CARNICERIA JOSE ANTONIO<\/td><td style=\" text-transform: uppercase; \">PLAZA JESUS &#8211; MERCADO JESUS-PATRAIX<\/td><td><a href=\"https:\/\/www.google.es\/maps\/?q=PLAZA+JESUS+-+MERCADO+JESUS-PATRAIX+46007\" target=\"_blank\">Veure ubicaci\u00f3<\/a><\/td><\/tr><tr><td>CARNICERIA LA HACIENDA<\/td><td style=\" text-transform: uppercase; \"> ME CENTRAL PUESTO 24-27<\/td><td><a href=\"https:\/\/www.google.es\/maps\/?q=+ME+CENTRAL+PUESTO+24-27+46001\" target=\"_blank\">Veure ubicaci\u00f3<\/a><\/td><\/tr><tr><td><a href=\"\/\/.\" target=\"_blank\">CARNICERIA MARIPAZ   &#8211;   MERCADO DE ALGIR\u00d3S<\/a><\/td><td style=\" text-transform: uppercase; \">PLAZA SAN FELIPE NERI S\/N<\/td><td><a href=\"https:\/\/www.google.es\/maps\/?q=PLAZA+SAN+FELIPE+NERI+S%2FN+46021\" target=\"_blank\">Veure ubicaci\u00f3<\/a><\/td><\/tr><tr><td><a href=\"https:\/\/www.instagram.com\/maripazcarnicerias\/\" target=\"_blank\">CARNICERIA MARIPAZ   &#8211;   MERCADO DEL CABA\u00d1AL<\/a><\/td><td style=\" text-transform: uppercase; \">C\/ MARTI GRAJALES, 4<\/td><td><a href=\"https:\/\/www.google.es\/maps\/?q=C%2F+MARTI+GRAJALES%2C+4+46011\" target=\"_blank\">Veure ubicaci\u00f3<\/a><\/td><\/tr><tr><td><a href=\"https:\/\/www.mercadocentralvalencia.es\/mercado\/verparada?puestoid=16&#038;comprarweb=false\" target=\"_blank\">CARNICERIA TIA TERESA CASETA 60<\/a><\/td><td style=\" text-transform: uppercase; \">MERCADO CENTRAL VALENCIA<\/td><td><a href=\"https:\/\/www.google.es\/maps\/?q=MERCADO+CENTRAL+VALENCIA+46001\" target=\"_blank\">Veure ubicaci\u00f3<\/a><\/td><\/tr><tr><td><a href=\"https:\/\/www.mercadocentralvalencia.es\/mercado\/productosparada?seccionid=2&#038;puestoid=39&#038;comprarweb=false\" target=\"_blank\">CARNS VICENT BAU<\/a><\/td><td style=\" text-transform: uppercase; \">MERCADO CENTRAL VALENCIA<\/td><td><a href=\"https:\/\/www.google.es\/maps\/?q=MERCADO+CENTRAL+VALENCIA+46001\" target=\"_blank\">Veure ubicaci\u00f3<\/a><\/td><\/tr><tr><td><img decoding=\"async\" src=\"\/wp-content\/uploads\/logos_establecimientos\/650b25a9a14fd.jpg\" loading=\"lazy\" style=\"width: 40px; height: 40px; object-fit: contain; border-radius: 50%; vertical-align: middle; margin-right: 6px;\"><a href=\"https:\/\/www.facebook.com\/casa.conxa.fruits.secs\" target=\"_blank\">CASA CONXA FRUITS SECS<\/a><\/td><td style=\" text-transform: uppercase; \">MERCADO CENTRAL DE VALENCIA- PARADA 166 -VALENCIA<\/td><td><a href=\"https:\/\/www.google.es\/maps\/?q=MERCADO+CENTRAL+DE+VALENCIA-+PARADA+166+-VALENCIA+46001\" target=\"_blank\">Veure ubicaci\u00f3<\/a><\/td><\/tr><tr><td><a href=\"https:\/\/www.mercadocentralvalencia.es\/mercado\/productosparada?seccionid=20&#038;puestoid=269&#038;comprarweb=true\" target=\"_blank\">CASQUERIA ANGELA<\/a><\/td><td style=\" text-transform: uppercase; \">MERCAOD CENTRAL VLC<\/td><td><a href=\"https:\/\/www.google.es\/maps\/?q=MERCAOD+CENTRAL+VLC+46001\" target=\"_blank\">Veure ubicaci\u00f3<\/a><\/td><\/tr><tr><td><img decoding=\"async\" src=\"\/wp-content\/uploads\/logos_establecimientos\/66c46347defdb.jpg\" loading=\"lazy\" style=\"width: 40px; height: 40px; object-fit: contain; border-radius: 50%; vertical-align: middle; margin-right: 6px;\"><a href=\"https:\/\/www.instagram.com\/cerezo_fruteria\/?hl=es\" target=\"_blank\">CEREZO FRUTA Y VERDURA &#8211; MERCADO DEL CABA\u00d1AL<\/a><\/td><td style=\" text-transform: uppercase; \">C\/ MARTI GRAJALES, 4<\/td><td><a href=\"https:\/\/www.google.es\/maps\/?q=C%2F+MARTI+GRAJALES%2C+4+46011\" target=\"_blank\">Veure ubicaci\u00f3<\/a><\/td><\/tr><tr><td><a href=\"https:\/\/www.mercadocentralvalencia.es\/mercado\/productosparada?seccionid=16&#038;puestoid=75&#038;comprarweb=true\" target=\"_blank\">CHARCUTERIA AMPARO<\/a><\/td><td style=\" text-transform: uppercase; \">MERCADO CENTRAL PALCO 102, N\u00ba1<\/td><td><a href=\"https:\/\/www.google.es\/maps\/?q=MERCADO+CENTRAL+PALCO+102%2C+N%C2%BA1+46001\" target=\"_blank\">Veure ubicaci\u00f3<\/a><\/td><\/tr><tr><td>CHARCUTERIA CARMEN<\/td><td style=\" text-transform: uppercase; \">PL SAN FELIPE NERI MERCADO ALGUIROS PUESTO 113<\/td><td><a href=\"https:\/\/www.google.es\/maps\/?q=PL+SAN+FELIPE+NERI+MERCADO+ALGUIROS+PUESTO+113+46021\" target=\"_blank\">Veure ubicaci\u00f3<\/a><\/td><\/tr><tr><td><a href=\"https:\/\/www.mercadocentralvalencia.es\/mercado\/productosparada?seccionid=16&#038;puestoid=53&#038;comprarweb=false\" target=\"_blank\">CHARCUTERIA CASA MATA<\/a><\/td><td style=\" text-transform: uppercase; \">PLAZA CIUDAD DE BRUJAS S\/N<\/td><td><a href=\"https:\/\/www.google.es\/maps\/?q=PLAZA+CIUDAD+DE+BRUJAS+S%2FN+46001\" target=\"_blank\">Veure ubicaci\u00f3<\/a><\/td><\/tr><tr><td><a href=\"https:\/\/www.mercadocentralvalencia.es\/mercado\/verparada?puestoid=73&#038;comprarweb=false\" target=\"_blank\">CHARCUTERIA CESAR LORENTE<\/a><\/td><td style=\" text-transform: uppercase; \">MERCADO CENTRAL VALENCIA<\/td><td><a href=\"https:\/\/www.google.es\/maps\/?q=MERCADO+CENTRAL+VALENCIA+46001\" target=\"_blank\">Veure ubicaci\u00f3<\/a><\/td><\/tr><tr><td><img decoding=\"async\" src=\"\/wp-content\/uploads\/logos_establecimientos\/66bb35a058932.jpeg\" loading=\"lazy\" style=\"width: 40px; height: 40px; object-fit: contain; border-radius: 50%; vertical-align: middle; margin-right: 6px;\"><a href=\"https:\/\/mercadocabanyal.es\/directorio\/charcuteria-delicatessen-maria-fuertes\/\" target=\"_blank\">CHARCUTERIA DELICATESSEN MARIA FUERTES &#8211; MERCADO DEL CABA\u00d1AL<\/a><\/td><td style=\" text-transform: uppercase; \">C\/ MARTI GRAJLES, 4<\/td><td><a href=\"https:\/\/www.google.es\/maps\/?q=C%2F+MARTI+GRAJLES%2C+4+46011\" target=\"_blank\">Veure ubicaci\u00f3<\/a><\/td><\/tr><tr><td>CHARCUTERIA EL MA\u00d1O &#8211; MERCADO DE ALGIR\u00d3S<\/td><td style=\" text-transform: uppercase; \">PLAZA SAN FELIPE NERI S\/N<\/td><td><a href=\"https:\/\/www.google.es\/maps\/?q=PLAZA+SAN+FELIPE+NERI+S%2FN+46021\" target=\"_blank\">Veure ubicaci\u00f3<\/a><\/td><\/tr><tr><td><img decoding=\"async\" src=\"\/wp-content\/uploads\/logos_establecimientos\/6887a39d2182e.jpg\" loading=\"lazy\" style=\"width: 40px; height: 40px; object-fit: contain; border-radius: 50%; vertical-align: middle; margin-right: 6px;\">CHARCUTERIA ELS BESSONS<\/td><td style=\" text-transform: uppercase; \">MERCADO RUZAFA PUESTOS DEL 59 AL 62<\/td><td><a href=\"https:\/\/www.google.es\/maps\/?q=MERCADO+RUZAFA+PUESTOS+DEL+59+AL+62+46006\" target=\"_blank\">Veure ubicaci\u00f3<\/a><\/td><\/tr><tr><td><img decoding=\"async\" src=\"\/wp-content\/uploads\/logos_establecimientos\/66dae11c5504e.jpg\" loading=\"lazy\" style=\"width: 40px; height: 40px; object-fit: contain; border-radius: 50%; vertical-align: middle; margin-right: 6px;\"><a href=\"https:\/\/mercadocabanyal.es\/directorio\/charcuteria-fermin-y-victoria\/\" target=\"_blank\">CHARCUTERIA FERMIN Y VICTORIA  &#8211; MERCADO DEL CABA\u00d1AL<\/a><\/td><td style=\" text-transform: uppercase; \">C\/ MARTI GRAJALES, 4<\/td><td><a href=\"https:\/\/www.google.es\/maps\/?q=C%2F+MARTI+GRAJALES%2C+4+46011\" target=\"_blank\">Veure ubicaci\u00f3<\/a><\/td><\/tr><tr><td><a href=\"https:\/\/www.mercadocentralvalencia.es\/mercado\/verparada?puestoid=85&#038;comprarweb=false\" target=\"_blank\">CHARCUTERIA FERRANDIS<\/a><\/td><td style=\" text-transform: uppercase; \">MERCADO CENTRAL VALENCIA<\/td><td><a href=\"https:\/\/www.google.es\/maps\/?q=MERCADO+CENTRAL+VALENCIA+46001\" target=\"_blank\">Veure ubicaci\u00f3<\/a><\/td><\/tr><tr><td><img decoding=\"async\" src=\"\/wp-content\/uploads\/logos_establecimientos\/6506d55a06f3b.jpg\" loading=\"lazy\" style=\"width: 40px; height: 40px; object-fit: contain; border-radius: 50%; vertical-align: middle; margin-right: 6px;\"><a href=\"https:\/\/instagram.com\/charcuteria.chiquillo?utm_source=qr&#038;igshid=mznlngnkzwq4mg==\" target=\"_blank\">CHARCUTERIA HERMANOS CHIQUILLO<\/a><\/td><td style=\" text-transform: uppercase; \">MERCADO CABA\u00d1AL CASETAS 43-44<\/td><td><a href=\"https:\/\/www.google.es\/maps\/?q=MERCADO+CABA%C3%91AL+CASETAS+43-44+46011\" target=\"_blank\">Veure ubicaci\u00f3<\/a><\/td><\/tr><tr><td><img decoding=\"async\" src=\"\/wp-content\/uploads\/logos_establecimientos\/6870b8f08922e.png\" loading=\"lazy\" style=\"width: 40px; height: 40px; object-fit: contain; border-radius: 50%; vertical-align: middle; margin-right: 6px;\">CHARCUTER\u00cdA IBERIC<\/td><td style=\" text-transform: uppercase; \">Mercat de Russafa ptos 6,7 y 8<\/td><td><a href=\"https:\/\/www.google.es\/maps\/?q=Mercat+de+Russafa+ptos+6%2C7+y+8+46006\" target=\"_blank\">Veure ubicaci\u00f3<\/a><\/td><\/tr><tr><td><img decoding=\"async\" src=\"\/wp-content\/uploads\/logos_establecimientos\/687b45a2b0883.jpg\" loading=\"lazy\" style=\"width: 40px; height: 40px; object-fit: contain; border-radius: 50%; vertical-align: middle; margin-right: 6px;\">CHARCUTERIA JESUS<\/td><td style=\" text-transform: uppercase; \">Mercado del Caba\u00f1al Caseta 18<\/td><td><a href=\"https:\/\/www.google.es\/maps\/?q=Mercado+del+Caba%C3%B1al+Caseta+18+46011\" target=\"_blank\">Veure ubicaci\u00f3<\/a><\/td><\/tr><tr><td><a href=\"https:\/\/www.mercadocentralvalencia.es\/mercado\/productosparada?seccionid=16&#038;puestoid=84&#038;comprarweb=false\" target=\"_blank\">CHARCUTERIA JOSE BERENGUER<\/a><\/td><td style=\" text-transform: uppercase; \">MERCADO CENTRAL VALENCIA<\/td><td><a href=\"https:\/\/www.google.es\/maps\/?q=MERCADO+CENTRAL+VALENCIA+46001\" target=\"_blank\">Veure ubicaci\u00f3<\/a><\/td><\/tr><tr><td><img decoding=\"async\" src=\"\/wp-content\/uploads\/logos_establecimientos\/6879dc7615f73.jpg\" loading=\"lazy\" style=\"width: 40px; height: 40px; object-fit: contain; border-radius: 50%; vertical-align: middle; margin-right: 6px;\"><a href=\"\/\/www.charcueteriajosenavarro.com\" target=\"_blank\">CHARCUTER\u00cdA JOS\u00c9 NAVARRO<\/a><\/td><td style=\" text-transform: uppercase; \">Librero esclap\u00e9s 1 bajo<\/td><td><a href=\"https:\/\/www.google.es\/maps\/?q=Librero+esclap%C3%A9s+1+bajo+46019\" target=\"_blank\">Veure ubicaci\u00f3<\/a><\/td><\/tr><tr><td><a href=\"https:\/\/www.mercadocentralvalencia.es\/mercado\/productosparada?seccionid=16&#038;puestoid=62&#038;comprarweb=false\" target=\"_blank\">CHARCUTERIA LAZARO FERNANDEZ<\/a><\/td><td style=\" text-transform: uppercase; \">MERCADO CENTRAL VALENCIA<\/td><td><a href=\"https:\/\/www.google.es\/maps\/?q=MERCADO+CENTRAL+VALENCIA+46001\" target=\"_blank\">Veure ubicaci\u00f3<\/a><\/td><\/tr><tr><td><img decoding=\"async\" src=\"\/wp-content\/uploads\/logos_establecimientos\/6878d8f7ad808.jpg\" loading=\"lazy\" style=\"width: 40px; height: 40px; object-fit: contain; border-radius: 50%; vertical-align: middle; margin-right: 6px;\"><a href=\"\/\/www.charcuterialazarofernandez.com\" target=\"_blank\">CHARCUTERIA LAZARO FERNANDEZ<\/a><\/td><td style=\" text-transform: uppercase; \">C\/ FRAY PEDRO VIVES, 30 BAJO<\/td><td><a href=\"https:\/\/www.google.es\/maps\/?q=C%2F+FRAY+PEDRO+VIVES%2C+30+BAJO+46009\" target=\"_blank\">Veure ubicaci\u00f3<\/a><\/td><\/tr><tr><td><a href=\"https:\/\/www.mercadocentralvalencia.es\/mercado\/buscarparadas?parada=el%20rincon%20del%20jamon&#038;comprarweb=false\" target=\"_blank\">CHARCUTERIA LERMA\/ EL RINCON DEL JAMON<\/a><\/td><td style=\" text-transform: uppercase; \">PLAZA CIUDAD DE BRUJAS S\/N<\/td><td><a href=\"https:\/\/www.google.es\/maps\/?q=PLAZA+CIUDAD+DE+BRUJAS+S%2FN+46001\" target=\"_blank\">Veure ubicaci\u00f3<\/a><\/td><\/tr><tr><td><a href=\"https:\/\/www.mercadocentralvalencia.es\/mercado\/productosparada?seccionid=16&#038;puestoid=47&#038;comprarweb=false\" target=\"_blank\">CHARCUTERIA MANGLANO MERCADO CENTRAL<\/a><\/td><td style=\" text-transform: uppercase; \">MERCADO CENTRAL VALENCIA<\/td><td><a href=\"https:\/\/www.google.es\/maps\/?q=MERCADO+CENTRAL+VALENCIA+46001\" target=\"_blank\">Veure ubicaci\u00f3<\/a><\/td><\/tr><tr><td><img decoding=\"async\" src=\"\/wp-content\/uploads\/logos_establecimientos\/66bb370ed5492.png\" loading=\"lazy\" style=\"width: 40px; height: 40px; object-fit: contain; border-radius: 50%; vertical-align: middle; margin-right: 6px;\"><a href=\"https:\/\/www.instagram.com\/maripazcarnicerias\/\" target=\"_blank\">CHARCUTERIA MARIPAZ &#8211; MERCADO CABA\u00d1AL<\/a><\/td><td style=\" text-transform: uppercase; \">C\/ MARTI GRAJALES, 4<\/td><td><a href=\"https:\/\/www.google.es\/maps\/?q=C%2F+MARTI+GRAJALES%2C+4+46011\" target=\"_blank\">Veure ubicaci\u00f3<\/a><\/td><\/tr><tr><td><img decoding=\"async\" src=\"\/wp-content\/uploads\/logos_establecimientos\/66bb370ed5492.png\" loading=\"lazy\" style=\"width: 40px; height: 40px; object-fit: contain; border-radius: 50%; vertical-align: middle; margin-right: 6px;\"><a href=\"https:\/\/www.instagram.com\/maripazcarnicerias\/\" target=\"_blank\">CHARCUTERIA MARIPAZ &#8211; MERCADO CABA\u00d1AL<\/a><\/td><td style=\" text-transform: uppercase; \">C\/ MARTI GRAJALES, 4<\/td><td><a href=\"https:\/\/www.google.es\/maps\/?q=C%2F+MARTI+GRAJALES%2C+4+46011\" target=\"_blank\">Veure ubicaci\u00f3<\/a><\/td><\/tr><tr><td><img decoding=\"async\" src=\"\/wp-content\/uploads\/logos_establecimientos\/66cd8c85a828f.png\" loading=\"lazy\" style=\"width: 40px; height: 40px; object-fit: contain; border-radius: 50%; vertical-align: middle; margin-right: 6px;\"><a href=\"https:\/\/www.instagram.com\/maripazcarnicerias\/\" target=\"_blank\">CHARCUTERIA MARIPAZ &#8211; MERCADO DE ALGIR\u00d3S<\/a><\/td><td style=\" text-transform: uppercase; \">PLAZA SAN FELIPE NERI S\/N<\/td><td><a href=\"https:\/\/www.google.es\/maps\/?q=PLAZA+SAN+FELIPE+NERI+S%2FN+46011\" target=\"_blank\">Veure ubicaci\u00f3<\/a><\/td><\/tr><tr><td><img decoding=\"async\" src=\"\/wp-content\/uploads\/logos_establecimientos\/66cd8c85a828f.png\" loading=\"lazy\" style=\"width: 40px; height: 40px; object-fit: contain; border-radius: 50%; vertical-align: middle; margin-right: 6px;\"><a href=\"https:\/\/www.instagram.com\/maripazcarnicerias\/\" target=\"_blank\">CHARCUTERIA MARIPAZ &#8211; MERCADO DE ALGIR\u00d3S<\/a><\/td><td style=\" text-transform: uppercase; \">PLAZA SAN FELIPE NERI S\/N<\/td><td><a href=\"https:\/\/www.google.es\/maps\/?q=PLAZA+SAN+FELIPE+NERI+S%2FN+46011\" target=\"_blank\">Veure ubicaci\u00f3<\/a><\/td><\/tr><tr><td>CHARCUTERIA PEPITA Y ANA<\/td><td style=\" text-transform: uppercase; \">Plaza Bar\u00f3n de cortes 1<\/td><td><a href=\"https:\/\/www.google.es\/maps\/?q=Plaza+Bar%C3%B3n+de+cortes+1+46006\" target=\"_blank\">Veure ubicaci\u00f3<\/a><\/td><\/tr><tr><td><img decoding=\"async\" src=\"\/wp-content\/uploads\/logos_establecimientos\/6863f294cb43a.jpg\" loading=\"lazy\" style=\"width: 40px; height: 40px; object-fit: contain; border-radius: 50%; vertical-align: middle; margin-right: 6px;\"><a href=\"https:\/\/www.instagram.com\/charcuteriasantacruz\" target=\"_blank\">CHARCUTERIA SANTACRUZ PUESTO 1-2<\/a><\/td><td style=\" text-transform: uppercase; \">C\/ Miguel Servet, 28 Mercado Benicalap 1-2<\/td><td><a href=\"https:\/\/www.google.es\/maps\/?q=C%2F+Miguel+Servet%2C+28+Mercado+Benicalap+1-2+46025\" target=\"_blank\">Veure ubicaci\u00f3<\/a><\/td><\/tr><tr><td><a href=\"https:\/\/www.mercadocentralvalencia.es\/mercado\/productosparada?seccionid=16&#038;puestoid=112&#038;comprarweb=false\" target=\"_blank\">CHARCUTERIA SOLAZ <\/a><\/td><td style=\" text-transform: uppercase; \">MERCADO CENTRAL VALENCIA<\/td><td><a href=\"https:\/\/www.google.es\/maps\/?q=MERCADO+CENTRAL+VALENCIA+46001\" target=\"_blank\">Veure ubicaci\u00f3<\/a><\/td><\/tr><tr><td><a href=\"\/\/-\" target=\"_blank\">CHARCUTERIA TONI  &#8211;  MERCADO DE ALGIR\u00d3S<\/a><\/td><td style=\" text-transform: uppercase; \">PLAZA SAN FELIPE NERI S\/N <\/td><td><a href=\"https:\/\/www.google.es\/maps\/?q=PLAZA+SAN+FELIPE+NERI+S%2FN++46021\" target=\"_blank\">Veure ubicaci\u00f3<\/a><\/td><\/tr><tr><td>CHARCUTER\u00cdA Y PANADER\u00cdA HERMANOS CHIQUILLO<\/td><td style=\" text-transform: uppercase; \">Mart\u00ed grajales MERCADO DEL CABA\u00d1AL 44-47<\/td><td><a href=\"https:\/\/www.google.es\/maps\/?q=Mart%C3%AD+grajales+MERCADO+DEL+CABA%C3%91AL+44-47+46011\" target=\"_blank\">Veure ubicaci\u00f3<\/a><\/td><\/tr><tr><td><img decoding=\"async\" src=\"\/wp-content\/uploads\/logos_establecimientos\/6863c9545c75c.jpeg\" loading=\"lazy\" style=\"width: 40px; height: 40px; object-fit: contain; border-radius: 50%; vertical-align: middle; margin-right: 6px;\"><a href=\"\/\/jmanglano.com\" target=\"_blank\">CHARCUTER\u00cdAS MANGLANO<\/a><\/td><td style=\" text-transform: uppercase; \">Mercado de Col\u00f3n, 5<\/td><td><a href=\"https:\/\/www.google.es\/maps\/?q=Mercado+de+Col%C3%B3n%2C+5+46004\" target=\"_blank\">Veure ubicaci\u00f3<\/a><\/td><\/tr><tr><td><img decoding=\"async\" src=\"\/wp-content\/uploads\/logos_establecimientos\/6513101ec0a2e.jpg\" loading=\"lazy\" style=\"width: 40px; height: 40px; object-fit: contain; border-radius: 50%; vertical-align: middle; margin-right: 6px;\"><a href=\"https:\/\/chocolatesvalencianos.com\/\" target=\"_blank\">CHOCOLATERIA XOCO Y VERO<\/a><\/td><td style=\" text-transform: uppercase; \">MERCADO CENTRAL 209, 210, 211<\/td><td><a href=\"https:\/\/www.google.es\/maps\/?q=MERCADO+CENTRAL+209%2C+210%2C+211+46001\" target=\"_blank\">Veure ubicaci\u00f3<\/a><\/td><\/tr><tr><td><img decoding=\"async\" src=\"\/wp-content\/uploads\/logos_establecimientos\/66bf08a0a1f40.jpg\" loading=\"lazy\" style=\"width: 40px; height: 40px; object-fit: contain; border-radius: 50%; vertical-align: middle; margin-right: 6px;\"><a href=\"https:\/\/www.instagram.com\/bollo_cabanyal\/\" target=\"_blank\">CLOCHINAS Y PESCADOS EL BOLLO &#8211; MERCADO DEL CABA\u00d1AL<\/a><\/td><td style=\" text-transform: uppercase; \">C\/ MARTI GRAJALES, 4<\/td><td><a href=\"https:\/\/www.google.es\/maps\/?q=C%2F+MARTI+GRAJALES%2C+4+46011\" target=\"_blank\">Veure ubicaci\u00f3<\/a><\/td><\/tr><tr><td><a href=\"https:\/\/www.mercadocentralvalencia.es\/mercado\/verparada?puestoid=205&#038;comprarweb=false\" target=\"_blank\">COMESTIBLES FUSTER GIL<\/a><\/td><td style=\" text-transform: uppercase; \">MERCADO CENTRAL VALENCIA<\/td><td><a href=\"https:\/\/www.google.es\/maps\/?q=MERCADO+CENTRAL+VALENCIA+46001\" target=\"_blank\">Veure ubicaci\u00f3<\/a><\/td><\/tr><tr><td><a href=\"https:\/\/www.mercadocentralvalencia.es\/mercado\/verparada?puestoid=155&#038;comprarweb=false\" target=\"_blank\">CONFITERIA VALENCIA<\/a><\/td><td style=\" text-transform: uppercase; \">MERCADO CENTRAL VALENCIA<\/td><td><a href=\"https:\/\/www.google.es\/maps\/?q=MERCADO+CENTRAL+VALENCIA+46001\" target=\"_blank\">Veure ubicaci\u00f3<\/a><\/td><\/tr><tr><td><img decoding=\"async\" src=\"\/wp-content\/uploads\/logos_establecimientos\/66b09d07566d7.jpg\" loading=\"lazy\" style=\"width: 40px; height: 40px; object-fit: contain; border-radius: 50%; vertical-align: middle; margin-right: 6px;\"><a href=\"https:\/\/www.instagram.com\/congeladosanvi\/\" target=\"_blank\">CONGELADOS ANVI &#8211; MERCADO ALGIROS<\/a><\/td><td style=\" text-transform: uppercase; \">PL SANT FELIP NERI, S\/N PUESTOS 15-19 Y 65-69<\/td><td><a href=\"https:\/\/www.google.es\/maps\/?q=PL+SANT+FELIP+NERI%2C+S%2FN+PUESTOS+15-19+Y+65-69+46021\" target=\"_blank\">Veure ubicaci\u00f3<\/a><\/td><\/tr><tr><td><a href=\"https:\/\/www.mercadocentralvalencia.es\/mercado\/productosparada?seccionid=8&#038;puestoid=243&#038;comprarweb=false\" target=\"_blank\">DEL CAMPO A LA MESA<\/a><\/td><td style=\" text-transform: uppercase; \">PLAZA CIUDAD DE BRUJAS S\/N<\/td><td><a href=\"https:\/\/www.google.es\/maps\/?q=PLAZA+CIUDAD+DE+BRUJAS+S%2FN+46001\" target=\"_blank\">Veure ubicaci\u00f3<\/a><\/td><\/tr><tr><td><a href=\"https:\/\/www.mercadocentralvalencia.es\/mercado\/productosparada?seccionid=21&#038;puestoid=170&#038;comprarweb=true\" target=\"_blank\">DELICATESSEN VALENCIANA<\/a><\/td><td style=\" text-transform: uppercase; \">MERCADO CENTRAL VLC<\/td><td><a href=\"https:\/\/www.google.es\/maps\/?q=MERCADO+CENTRAL+VLC+46001\" target=\"_blank\">Veure ubicaci\u00f3<\/a><\/td><\/tr><tr><td><a href=\"https:\/\/www.mercadocentralvalencia.es\/mercado\/productosparada?seccionid=8&#038;puestoid=199&#038;comprarweb=false\" target=\"_blank\">DELICIAS VERDES<\/a><\/td><td style=\" text-transform: uppercase; \">MERCADO CENTRAL VALENCIA<\/td><td><a href=\"https:\/\/www.google.es\/maps\/?q=MERCADO+CENTRAL+VALENCIA+46001\" target=\"_blank\">Veure ubicaci\u00f3<\/a><\/td><\/tr><tr><td>DIAZ AVILA CRISTHIAN JOSE<\/td><td style=\" text-transform: uppercase; \">PLAZA BAR\u00d3N DE CORTES, 26 <\/td><td><a href=\"https:\/\/www.google.es\/maps\/?q=PLAZA+BAR%C3%93N+DE+CORTES%2C+26++46006\" target=\"_blank\">Veure ubicaci\u00f3<\/a><\/td><\/tr><tr><td>DROGUERIA- PERFUMERIA LAURA   MERCADO DE ALGIROS<\/td><td style=\" text-transform: uppercase; \">PL. SAN FELIPE NERI, 1<\/td><td><a href=\"https:\/\/www.google.es\/maps\/?q=PL.+SAN+FELIPE+NERI%2C+1+46021\" target=\"_blank\">Veure ubicaci\u00f3<\/a><\/td><\/tr><tr><td><a href=\"https:\/\/www.mercadocentralvalencia.es\/mercado\/verparada?puestoid=28&#038;comprarweb=false\" target=\"_blank\">DULZON<\/a><\/td><td style=\" text-transform: uppercase; \">Mercado Central Valencia. Pza. Ciutat de Brujas s\/n<\/td><td><a href=\"https:\/\/www.google.es\/maps\/?q=Mercado+Central+Valencia.+Pza.+Ciutat+de+Brujas+s%2Fn+46001\" target=\"_blank\">Veure ubicaci\u00f3<\/a><\/td><\/tr><tr><td><a href=\"https:\/\/www.mercadocentralvalencia.es\/mercado\/productosparada?seccionid=18&#038;puestoid=175&#038;comprarweb=false\" target=\"_blank\">EDEN PRODUCTOS LATINOS<\/a><\/td><td style=\" text-transform: uppercase; \">PLAZA CIUDAD DE BRUJAS S\/N<\/td><td><a href=\"https:\/\/www.google.es\/maps\/?q=PLAZA+CIUDAD+DE+BRUJAS+S%2FN+46001\" target=\"_blank\">Veure ubicaci\u00f3<\/a><\/td><\/tr><tr><td><img decoding=\"async\" src=\"\/wp-content\/uploads\/logos_establecimientos\/686cd7a06b7b2.jpg\" loading=\"lazy\" style=\"width: 40px; height: 40px; object-fit: contain; border-radius: 50%; vertical-align: middle; margin-right: 6px;\">EL BASQUET RUSSAFA<\/td><td style=\" text-transform: uppercase; \">Mercado de Ruzafa<\/td><td><a href=\"https:\/\/www.google.es\/maps\/?q=Mercado+de+Ruzafa+46006\" target=\"_blank\">Veure ubicaci\u00f3<\/a><\/td><\/tr><tr><td><a href=\"\/\/www.fruteriavalencia.com\" target=\"_blank\">EL CANTO DE LA BONA TOMATA<\/a><\/td><td style=\" text-transform: uppercase; \">BAR\u00d3N DE CORTES 24 Valencia<\/td><td><a href=\"https:\/\/www.google.es\/maps\/?q=BAR%C3%93N+DE+CORTES+24+Valencia+46006\" target=\"_blank\">Veure ubicaci\u00f3<\/a><\/td><\/tr><tr><td><img decoding=\"async\" src=\"\/wp-content\/uploads\/logos_establecimientos\/6515a4b436612.JPG\" loading=\"lazy\" style=\"width: 40px; height: 40px; object-fit: contain; border-radius: 50%; vertical-align: middle; margin-right: 6px;\"><a href=\"https:\/\/www.instagram.com\/elfornxicotet\/?hl=es\" target=\"_blank\">EL FORN XICOTET   &#8211;  MERCADO DEL CABA\u00d1AL<\/a><\/td><td style=\" text-transform: uppercase; \">C\/ MARTI GRAJALES, 4<\/td><td><a href=\"https:\/\/www.google.es\/maps\/?q=C%2F+MARTI+GRAJALES%2C+4+46011\" target=\"_blank\">Veure ubicaci\u00f3<\/a><\/td><\/tr><tr><td><a href=\"\/\/productosgriegoselgreco\" target=\"_blank\">EL GRECO, PRODUCTOS GRIEGOS<\/a><\/td><td style=\" text-transform: uppercase; \">MERCADO DE RUZAJA, PLAZA BARON DE CORTES,1<\/td><td><a href=\"https:\/\/www.google.es\/maps\/?q=MERCADO+DE+RUZAJA%2C+PLAZA+BARON+DE+CORTES%2C1+46002\" target=\"_blank\">Veure ubicaci\u00f3<\/a><\/td><\/tr><tr><td><a href=\"https:\/\/www.mercadocentralvalencia.es\/mercado\/productosparada?seccionid=16&#038;puestoid=64&#038;comprarweb=false\" target=\"_blank\">EL MA\u00d1O CHARCUTEROS<\/a><\/td><td style=\" text-transform: uppercase; \">MERCADO CENTRAL VALENCIA<\/td><td><a href=\"https:\/\/www.google.es\/maps\/?q=MERCADO+CENTRAL+VALENCIA+46001\" target=\"_blank\">Veure ubicaci\u00f3<\/a><\/td><\/tr><tr><td><img decoding=\"async\" src=\"\/wp-content\/uploads\/logos_establecimientos\/66eb2e64914a4.jpeg\" loading=\"lazy\" style=\"width: 40px; height: 40px; object-fit: contain; border-radius: 50%; vertical-align: middle; margin-right: 6px;\">EL PALCO DE LOS JAMONES<\/td><td style=\" text-transform: uppercase; \">Plaza Rojas Clemente <\/td><td><a href=\"https:\/\/www.google.es\/maps\/?q=Plaza+Rojas+Clemente++46008\" target=\"_blank\">Veure ubicaci\u00f3<\/a><\/td><\/tr><tr><td><img decoding=\"async\" src=\"\/wp-content\/uploads\/logos_establecimientos\/687235b6ac62e.png\" loading=\"lazy\" style=\"width: 40px; height: 40px; object-fit: contain; border-radius: 50%; vertical-align: middle; margin-right: 6px;\"><a href=\"https:\/\/elrincondepaz.com\/\" target=\"_blank\">EL RINCON DE PAZ<\/a><\/td><td style=\" text-transform: uppercase; \">PLAZA SAN FELIPE NERI,  PUESTO EXT D<\/td><td><a href=\"https:\/\/www.google.es\/maps\/?q=PLAZA+SAN+FELIPE+NERI%2C++PUESTO+EXT+D+46021\" target=\"_blank\">Veure ubicaci\u00f3<\/a><\/td><\/tr><tr><td><a href=\"https:\/\/www.mercadocentralvalencia.es\/mercado\/productosparada?seccionid=12&#038;puestoid=40&#038;comprarweb=false\" target=\"_blank\">EL RINCON DEL SALAZON<\/a><\/td><td style=\" text-transform: uppercase; \">MERCADO CENTRAL VALENCIA<\/td><td><a href=\"https:\/\/www.google.es\/maps\/?q=MERCADO+CENTRAL+VALENCIA+46001\" target=\"_blank\">Veure ubicaci\u00f3<\/a><\/td><\/tr><tr><td><img decoding=\"async\" src=\"\/wp-content\/uploads\/logos_establecimientos\/6513464e1075a.jpg\" loading=\"lazy\" style=\"width: 40px; height: 40px; object-fit: contain; border-radius: 50%; vertical-align: middle; margin-right: 6px;\"><a href=\"\/\/www.especiasvalencia.com\" target=\"_blank\">ESPECIAS ANTONIO CATAL\u00c1N<\/a><\/td><td style=\" text-transform: uppercase; \">MERCADO CENTRAL VALENCIA. BAJOS 457 AL 459<\/td><td><a href=\"https:\/\/www.google.es\/maps\/?q=MERCADO+CENTRAL+VALENCIA.+BAJOS+457+AL+459+46001\" target=\"_blank\">Veure ubicaci\u00f3<\/a><\/td><\/tr><tr><td><a href=\"https:\/\/www.mercadocentralvalencia.es\/mercado\/productosparada?seccionid=6&#038;puestoid=113&#038;comprarweb=false\" target=\"_blank\">ESPECIAS ROMERO<\/a><\/td><td style=\" text-transform: uppercase; \">PL. CIUDAD DE BRUJAS, 1 MERCADO CENTRAL VALENCIA<\/td><td><a href=\"https:\/\/www.google.es\/maps\/?q=PL.+CIUDAD+DE+BRUJAS%2C+1+MERCADO+CENTRAL+VALENCIA+46001\" target=\"_blank\">Veure ubicaci\u00f3<\/a><\/td><\/tr><tr><td><a href=\"https:\/\/www.mercadocentralvalencia.es\/mercado\/productosparada?seccionid=7&#038;puestoid=70&#038;comprarweb=false\" target=\"_blank\">FRUITS SECS I MELS FORNES<\/a><\/td><td style=\" text-transform: uppercase; \">PLAZA CIUDAD DE BRUJAS S\/N<\/td><td><a href=\"https:\/\/www.google.es\/maps\/?q=PLAZA+CIUDAD+DE+BRUJAS+S%2FN+46001\" target=\"_blank\">Veure ubicaci\u00f3<\/a><\/td><\/tr><tr><td><a href=\"https:\/\/www.mercadocentralvalencia.es\/mercado\/productosparada?seccionid=7&#038;puestoid=207&#038;comprarweb=false\" target=\"_blank\">FRUITS SECS TIO PACO<\/a><\/td><td style=\" text-transform: uppercase; \">MERCADO CENTRAL VALENCIA<\/td><td><a href=\"https:\/\/www.google.es\/maps\/?q=MERCADO+CENTRAL+VALENCIA+46001\" target=\"_blank\">Veure ubicaci\u00f3<\/a><\/td><\/tr><tr><td><img decoding=\"async\" src=\"\/wp-content\/uploads\/logos_establecimientos\/66b5cbd0ce952.jpg\" loading=\"lazy\" style=\"width: 40px; height: 40px; object-fit: contain; border-radius: 50%; vertical-align: middle; margin-right: 6px;\"><a href=\"https:\/\/www.instagram.com\/frutas_desire\/\" target=\"_blank\">FRUTAS DESIR\u00c9 &#8211;  MERCADO DEL CABA\u00d1AL<\/a><\/td><td style=\" text-transform: uppercase; \">C\/ MARTI GRAJALES, 4<\/td><td><a href=\"https:\/\/www.google.es\/maps\/?q=C%2F+MARTI+GRAJALES%2C+4+46011\" target=\"_blank\">Veure ubicaci\u00f3<\/a><\/td><\/tr><tr><td>FRUTAS HNOS BOSCH<\/td><td style=\" text-transform: uppercase; \">C\/ MARTI GRAJALES, 4<\/td><td><a href=\"https:\/\/www.google.es\/maps\/?q=C%2F+MARTI+GRAJALES%2C+4+46011\" target=\"_blank\">Veure ubicaci\u00f3<\/a><\/td><\/tr><tr><td><img decoding=\"async\" src=\"\/wp-content\/uploads\/logos_establecimientos\/66b5ca4ab5811.jpeg\" loading=\"lazy\" style=\"width: 40px; height: 40px; object-fit: contain; border-radius: 50%; vertical-align: middle; margin-right: 6px;\"><a href=\"https:\/\/www.instagram.com\/frutasmanolita\/?hl=es\" target=\"_blank\">FRUTAS MANOLITA &#8211; MERCADO DEL CABA\u00d1AL<\/a><\/td><td style=\" text-transform: uppercase; \">C\/ MARTI GRAJALES, 4<\/td><td><a href=\"https:\/\/www.google.es\/maps\/?q=C%2F+MARTI+GRAJALES%2C+4+46011\" target=\"_blank\">Veure ubicaci\u00f3<\/a><\/td><\/tr><tr><td><a href=\"https:\/\/www.mercadocentralvalencia.es\/mercado\/productosparada?seccionid=8&#038;puestoid=123&#038;comprarweb=false\" target=\"_blank\">FRUTAS MONZO<\/a><\/td><td style=\" text-transform: uppercase; \">MERCADO CENTRAL VALENCIA<\/td><td><a href=\"https:\/\/www.google.es\/maps\/?q=MERCADO+CENTRAL+VALENCIA+46001\" target=\"_blank\">Veure ubicaci\u00f3<\/a><\/td><\/tr><tr><td>FRUTAS RAMONA<\/td><td style=\" text-transform: uppercase; \">Plaza Rojas Clemente num 9<\/td><td><a href=\"https:\/\/www.google.es\/maps\/?q=Plaza+Rojas+Clemente+num+9+46008\" target=\"_blank\">Veure ubicaci\u00f3<\/a><\/td><\/tr><tr><td><a href=\"https:\/\/www.mercadocentralvalencia.es\/mercado\/productosparada?seccionid=8&#038;puestoid=232&#038;comprarweb=false\" target=\"_blank\">FRUTAS ROS-GAR LUIS<\/a><\/td><td style=\" text-transform: uppercase; \">MERCADO CENTRAL VALENCIA <\/td><td><a href=\"https:\/\/www.google.es\/maps\/?q=MERCADO+CENTRAL+VALENCIA++46001\" target=\"_blank\">Veure ubicaci\u00f3<\/a><\/td><\/tr><tr><td><a href=\"https:\/\/www.mercadocentralvalencia.es\/mercado\/productosparada?seccionid=8&#038;puestoid=104&#038;comprarweb=true\" target=\"_blank\">FRUTAS ROS-GAR MONSE<\/a><\/td><td style=\" text-transform: uppercase; \">PL. MERCADO  CENTRAL, 66<\/td><td><a href=\"https:\/\/www.google.es\/maps\/?q=PL.+MERCADO++CENTRAL%2C+66+46001\" target=\"_blank\">Veure ubicaci\u00f3<\/a><\/td><\/tr><tr><td><a href=\"https:\/\/www.mercadocentralvalencia.es\/mercado\/productosparada?seccionid=8&#038;puestoid=122&#038;comprarweb=false\" target=\"_blank\">FRUTAS ROS-GAR SALVA Y MARIA<\/a><\/td><td style=\" text-transform: uppercase; \">MERCADO CENTRAL VALENCIA<\/td><td><a href=\"https:\/\/www.google.es\/maps\/?q=MERCADO+CENTRAL+VALENCIA+46001\" target=\"_blank\">Veure ubicaci\u00f3<\/a><\/td><\/tr><tr><td><a href=\"https:\/\/www.mercadocentralvalencia.es\/mercado\/productosparada?seccionid=8&#038;puestoid=126&#038;comprarweb=true\" target=\"_blank\">FRUTAS SELECTAS PUCHADES<\/a><\/td><td style=\" text-transform: uppercase; \">MERCADO CENTRAL VLC<\/td><td><a href=\"https:\/\/www.google.es\/maps\/?q=MERCADO+CENTRAL+VLC+46001\" target=\"_blank\">Veure ubicaci\u00f3<\/a><\/td><\/tr><tr><td><a href=\"https:\/\/mercadocabanyal.es\/directorio\/frutas-selectas-vicente-ruiz\/\" target=\"_blank\">FRUTAS SELECTAS VICENTE RUIZ  &#8211;  MERCADO DEL CABA\u00d1AL<\/a><\/td><td style=\" text-transform: uppercase; \">C\/ MARTI GRAJALES, 4<\/td><td><a href=\"https:\/\/www.google.es\/maps\/?q=C%2F+MARTI+GRAJALES%2C+4+46011\" target=\"_blank\">Veure ubicaci\u00f3<\/a><\/td><\/tr><tr><td><img decoding=\"async\" src=\"\/wp-content\/uploads\/logos_establecimientos\/6515ab923bd21.jpg\" loading=\"lazy\" style=\"width: 40px; height: 40px; object-fit: contain; border-radius: 50%; vertical-align: middle; margin-right: 6px;\"><a href=\"https:\/\/www.instagram.com\/teresa.fruitesiverdures\/?hl=es\" target=\"_blank\">FRUTAS TERESA   &#8211;   MERCADO DEL CABA\u00d1AL<\/a><\/td><td style=\" text-transform: uppercase; \">C\/ MARTI GRAJALES, 4<\/td><td><a href=\"https:\/\/www.google.es\/maps\/?q=C%2F+MARTI+GRAJALES%2C+4+46011\" target=\"_blank\">Veure ubicaci\u00f3<\/a><\/td><\/tr><tr><td>FRUTAS TOGATO   &#8211;   MERCADO DE ALGIR\u00d3S<\/td><td style=\" text-transform: uppercase; \">PLAZA SAN FELIPE NERI S\/N<\/td><td><a href=\"https:\/\/www.google.es\/maps\/?q=PLAZA+SAN+FELIPE+NERI+S%2FN+46021\" target=\"_blank\">Veure ubicaci\u00f3<\/a><\/td><\/tr><tr><td><a href=\"https:\/\/www.mercadocentralvalencia.es\/mercado\/productosparada?seccionid=8&#038;puestoid=117&#038;comprarweb=false\" target=\"_blank\">FRUTAS VIRGINIA<\/a><\/td><td style=\" text-transform: uppercase; \">PLAZA CIUDAD DE BRUJAS S\/N<\/td><td><a href=\"https:\/\/www.google.es\/maps\/?q=PLAZA+CIUDAD+DE+BRUJAS+S%2FN+46001\" target=\"_blank\">Veure ubicaci\u00f3<\/a><\/td><\/tr><tr><td><a href=\"https:\/\/www.mercadocentralvalencia.es\/mercado\/productosparada?seccionid=8&#038;puestoid=105&#038;comprarweb=false\" target=\"_blank\">FRUTAS Y VERDURAS  ENCARNA FOLGADO<\/a><\/td><td style=\" text-transform: uppercase; \">MERCADO CENTRAL VALENCIA <\/td><td><a href=\"https:\/\/www.google.es\/maps\/?q=MERCADO+CENTRAL+VALENCIA++46001\" target=\"_blank\">Veure ubicaci\u00f3<\/a><\/td><\/tr><tr><td>FRUTAS Y VERDURAS AMPARO<\/td><td style=\" text-transform: uppercase; \">Plaza barro de cortes<\/td><td><a href=\"https:\/\/www.google.es\/maps\/?q=Plaza+barro+de+cortes+46006\" target=\"_blank\">Veure ubicaci\u00f3<\/a><\/td><\/tr><tr><td><a href=\"https:\/\/www.mercadocentralvalencia.es\/mercado\/productosparada?seccionid=8&#038;puestoid=229&#038;comprarweb=false\" target=\"_blank\">FRUTAS Y VERDURAS ARANTXA<\/a><\/td><td style=\" text-transform: uppercase; \">PLAZA CIUDAD DE BRUJAS S\/N<\/td><td><a href=\"https:\/\/www.google.es\/maps\/?q=PLAZA+CIUDAD+DE+BRUJAS+S%2FN+46001\" target=\"_blank\">Veure ubicaci\u00f3<\/a><\/td><\/tr><tr><td><img decoding=\"async\" src=\"\/wp-content\/uploads\/logos_establecimientos\/66ced83a7f50b.jpg\" loading=\"lazy\" style=\"width: 40px; height: 40px; object-fit: contain; border-radius: 50%; vertical-align: middle; margin-right: 6px;\"><a href=\"https:\/\/mercadocabanyal.es\/directorio\/frutas-y-verduras-emilio\/\" target=\"_blank\">FRUTAS Y VERDURAS EMILIO   &#8211;   MERCADO DEL CABA\u00d1AL<\/a><\/td><td style=\" text-transform: uppercase; \">C\/ MARTI GRAJALES, 4<\/td><td><a href=\"https:\/\/www.google.es\/maps\/?q=C%2F+MARTI+GRAJALES%2C+4+46011\" target=\"_blank\">Veure ubicaci\u00f3<\/a><\/td><\/tr><tr><td><a href=\"https:\/\/www.mercadocentralvalencia.es\/mercado\/productosparada?seccionid=8&#038;puestoid=171&#038;comprarweb=false\" target=\"_blank\">FRUTAS Y VERDURAS EMILIO Y TERE FOLGADO<\/a><\/td><td style=\" text-transform: uppercase; \">MERCADO CENTRAL VALENCIA<\/td><td><a href=\"https:\/\/www.google.es\/maps\/?q=MERCADO+CENTRAL+VALENCIA+46001\" target=\"_blank\">Veure ubicaci\u00f3<\/a><\/td><\/tr><tr><td><a href=\"https:\/\/www.mercadocentralvalencia.es\/mercado\/productosparada?seccionid=2&#038;puestoid=31&#038;comprarweb=false\" target=\"_blank\">FRUTAS Y VERDURAS IRENE GUILLEN<\/a><\/td><td style=\" text-transform: uppercase; \">MERCADO CENTRAL VALENCIA<\/td><td><a href=\"https:\/\/www.google.es\/maps\/?q=MERCADO+CENTRAL+VALENCIA+46001\" target=\"_blank\">Veure ubicaci\u00f3<\/a><\/td><\/tr><tr><td><a href=\"https:\/\/www.mercadocentralvalencia.es\/mercado\/verparada?puestoid=185&#038;comprarweb=false\" target=\"_blank\">FRUTAS Y VERDURAS JOSE NAVARRO<\/a><\/td><td style=\" text-transform: uppercase; \">MERCADO CENTRAL VALENCIA<\/td><td><a href=\"https:\/\/www.google.es\/maps\/?q=MERCADO+CENTRAL+VALENCIA+46001\" target=\"_blank\">Veure ubicaci\u00f3<\/a><\/td><\/tr><tr><td>FRUTAS Y VERDURAS JUANITA BANANA  &#8211;  MERCADO DEL CABA\u00d1AL<\/td><td style=\" text-transform: uppercase; \">C\/ MARTI GRAJALES, 4<\/td><td><a href=\"https:\/\/www.google.es\/maps\/?q=C%2F+MARTI+GRAJALES%2C+4+46011\" target=\"_blank\">Veure ubicaci\u00f3<\/a><\/td><\/tr><tr><td><a href=\"https:\/\/www.mercadocentralvalencia.es\/mercado\/productosparada?seccionid=8&#038;puestoid=237&#038;comprarweb=false\" target=\"_blank\">FRUTAS Y VERDURAS MANOLI<\/a><\/td><td style=\" text-transform: uppercase; \">MERCADO CENTRAL VALENCIA<\/td><td><a href=\"https:\/\/www.google.es\/maps\/?q=MERCADO+CENTRAL+VALENCIA+46001\" target=\"_blank\">Veure ubicaci\u00f3<\/a><\/td><\/tr><tr><td><a href=\"https:\/\/www.mercadocentralvalencia.es\/mercado\/verparada?puestoid=267&#038;comprarweb=false\" target=\"_blank\">FRUTAS Y VERDURAS MATIAS<\/a><\/td><td style=\" text-transform: uppercase; \">MERCADO CENTRAL VALENCIA<\/td><td><a href=\"https:\/\/www.google.es\/maps\/?q=MERCADO+CENTRAL+VALENCIA+46001\" target=\"_blank\">Veure ubicaci\u00f3<\/a><\/td><\/tr><tr><td><a href=\"https:\/\/www.facebook.com\/frutasyverdurastrenzano\/?locale=es_es\" target=\"_blank\">FRUTAS Y VERDURAS TRENZANO   &#8211;  MERCADO DE RUSSAFA<\/a><\/td><td style=\" text-transform: uppercase; \">PLAZA BARON DE CORTES, S\/N<\/td><td><a href=\"https:\/\/www.google.es\/maps\/?q=PLAZA+BARON+DE+CORTES%2C+S%2FN+46006\" target=\"_blank\">Veure ubicaci\u00f3<\/a><\/td><\/tr><tr><td><a href=\"https:\/\/www.mercadocentralvalencia.es\/mercado\/verparada?puestoid=244&#038;comprarweb=false\" target=\"_blank\">FRUTAS Y VERDURAS VICENTE VILA<\/a><\/td><td style=\" text-transform: uppercase; \">MERCADO CENTRAL VALENCIA<\/td><td><a href=\"https:\/\/www.google.es\/maps\/?q=MERCADO+CENTRAL+VALENCIA+46001\" target=\"_blank\">Veure ubicaci\u00f3<\/a><\/td><\/tr><tr><td><img decoding=\"async\" src=\"\/wp-content\/uploads\/logos_establecimientos\/66a764d59da6a.jpg\" loading=\"lazy\" style=\"width: 40px; height: 40px; object-fit: contain; border-radius: 50%; vertical-align: middle; margin-right: 6px;\">FRUTERIA JUANJO<\/td><td style=\" text-transform: uppercase; \">MERCADO PLZ ROJAS CLEMENTE<\/td><td><a href=\"https:\/\/www.google.es\/maps\/?q=MERCADO+PLZ+ROJAS+CLEMENTE+46008\" target=\"_blank\">Veure ubicaci\u00f3<\/a><\/td><\/tr><tr><td><img decoding=\"async\" src=\"\/wp-content\/uploads\/logos_establecimientos\/66b5c82f68967.jpg\" loading=\"lazy\" style=\"width: 40px; height: 40px; object-fit: contain; border-radius: 50%; vertical-align: middle; margin-right: 6px;\"><a href=\"https:\/\/frutossecosalfon.com\/\" target=\"_blank\">FRUTOS SECOS ALFON &#8211; MERCADO DEL CABA\u00d1AL<\/a><\/td><td style=\" text-transform: uppercase; \">C\/ MARTI GRAJALES, 4<\/td><td><a href=\"https:\/\/www.google.es\/maps\/?q=C%2F+MARTI+GRAJALES%2C+4+46011\" target=\"_blank\">Veure ubicaci\u00f3<\/a><\/td><\/tr><tr><td>FRUTOS SECOS CARRASCO<\/td><td style=\" text-transform: uppercase; \">MERCADO CENTRAL VALENCIA<\/td><td><a href=\"https:\/\/www.google.es\/maps\/?q=MERCADO+CENTRAL+VALENCIA+46035\" target=\"_blank\">Veure ubicaci\u00f3<\/a><\/td><\/tr><tr><td><a href=\"\/\/www.frutossecosdavid.es\" target=\"_blank\">FRUTOS SECOS DAVID<\/a><\/td><td style=\" text-transform: uppercase; \">MERCADO CENTRAL, 181 -182<\/td><td><a href=\"https:\/\/www.google.es\/maps\/?q=MERCADO+CENTRAL%2C+181+-182+46001\" target=\"_blank\">Veure ubicaci\u00f3<\/a><\/td><\/tr><tr><td>FRUTOS SECOS DIANA &#8211; MERCADO DE ALGIR\u00d3S<\/td><td style=\" text-transform: uppercase; \">PLAZA SAN FELIPE NERI S\/N<\/td><td><a href=\"https:\/\/www.google.es\/maps\/?q=PLAZA+SAN+FELIPE+NERI+S%2FN+46021\" target=\"_blank\">Veure ubicaci\u00f3<\/a><\/td><\/tr><tr><td>FRUTOS SECOS MORENO MART\u00cdNEZ<\/td><td style=\" text-transform: uppercase; \">Plaza de Brujas 1, Mercado Central de Valencia<\/td><td><a href=\"https:\/\/www.google.es\/maps\/?q=Plaza+de+Brujas+1%2C+Mercado+Central+de+Valencia+46001\" target=\"_blank\">Veure ubicaci\u00f3<\/a><\/td><\/tr><tr><td><a href=\"https:\/\/www.mercadocentralvalencia.es\/mercado\/productosparada?seccionid=7&#038;puestoid=210&#038;comprarweb=false\" target=\"_blank\">FRUTOS SECOS PEPE Y PEPITA<\/a><\/td><td style=\" text-transform: uppercase; \">MERCADO CENTRAL VALENCIA<\/td><td><a href=\"https:\/\/www.google.es\/maps\/?q=MERCADO+CENTRAL+VALENCIA+46001\" target=\"_blank\">Veure ubicaci\u00f3<\/a><\/td><\/tr><tr><td><a href=\"https:\/\/www.mercadocentralvalencia.es\/mercado\/productosparada?seccionid=7&#038;puestoid=121&#038;comprarweb=false\" target=\"_blank\">FRUTOS SECOS VICENTE GIMENO<\/a><\/td><td style=\" text-transform: uppercase; \">PLAZA CIUDAD DE BRUJAS S\/N<\/td><td><a href=\"https:\/\/www.google.es\/maps\/?q=PLAZA+CIUDAD+DE+BRUJAS+S%2FN+46001\" target=\"_blank\">Veure ubicaci\u00f3<\/a><\/td><\/tr><tr><td><a href=\"https:\/\/www.mercadocentralvalencia.es\/mercado\/verparada?puestoid=128&#038;comprarweb=false\" target=\"_blank\">GASTRONOMIA PACO ROIG<\/a><\/td><td style=\" text-transform: uppercase; \">MERCADO CENTRAL VALENCIA<\/td><td><a href=\"https:\/\/www.google.es\/maps\/?q=MERCADO+CENTRAL+VALENCIA+46001\" target=\"_blank\">Veure ubicaci\u00f3<\/a><\/td><\/tr><tr><td>HERBOLARIO LAVANDA BIENESTAR NATURAL   &#8211;   MERCADO DE ALGIR\u00d3S<\/td><td style=\" text-transform: uppercase; \">PLAZA SAN FELIPE NERI S\/N<\/td><td><a href=\"https:\/\/www.google.es\/maps\/?q=PLAZA+SAN+FELIPE+NERI+S%2FN+46021\" target=\"_blank\">Veure ubicaci\u00f3<\/a><\/td><\/tr><tr><td><a href=\"https:\/\/www.mercadocentralvalencia.es\/mercado\/productosparada?seccionid=6&#038;puestoid=107&#038;comprarweb=false\" target=\"_blank\">HERBOLARIO Y DIETETICA EMILIA TOMAS<\/a><\/td><td style=\" text-transform: uppercase; \">MERCADO CENTRAL VALENCIA<\/td><td><a href=\"https:\/\/www.google.es\/maps\/?q=MERCADO+CENTRAL+VALENCIA+46001\" target=\"_blank\">Veure ubicaci\u00f3<\/a><\/td><\/tr><tr><td><img decoding=\"async\" src=\"\/wp-content\/uploads\/logos_establecimientos\/68b8268658284.jpg\" loading=\"lazy\" style=\"width: 40px; height: 40px; object-fit: contain; border-radius: 50%; vertical-align: middle; margin-right: 6px;\"><a href=\"\/\/www.yerbasvivas.es\" target=\"_blank\">HERBORISTERIA YERBAS VIVAS<\/a><\/td><td style=\" text-transform: uppercase; \">Palcos, 27 y 28 Mercado Ruzafa PLZ BARON DE CORTES<\/td><td><a href=\"https:\/\/www.google.es\/maps\/?q=Palcos%2C+27+y+28+Mercado+Ruzafa+PLZ+BARON+DE+CORTES+46006\" target=\"_blank\">Veure ubicaci\u00f3<\/a><\/td><\/tr><tr><td><a href=\"https:\/\/www.mercadocentralvalencia.es\/mercado\/productosparada?seccionid=12&#038;puestoid=201&#038;comprarweb=true\" target=\"_blank\">HNOS TERUEL<\/a><\/td><td style=\" text-transform: uppercase; \">MERCADO CENTRAL VLC<\/td><td><a href=\"https:\/\/www.google.es\/maps\/?q=MERCADO+CENTRAL+VLC+46001\" target=\"_blank\">Veure ubicaci\u00f3<\/a><\/td><\/tr><tr><td><a href=\"https:\/\/www.mercadocentralvalencia.es\/mercado\/productosparada?seccionid=9&#038;puestoid=216&#038;comprarweb=false\" target=\"_blank\">HORNO  SAN ANTONIO<\/a><\/td><td style=\" text-transform: uppercase; \">MERCADO CENTRAL VALENCIA<\/td><td><a href=\"https:\/\/www.google.es\/maps\/?q=MERCADO+CENTRAL+VALENCIA+46001\" target=\"_blank\">Veure ubicaci\u00f3<\/a><\/td><\/tr><tr><td><img decoding=\"async\" src=\"\/wp-content\/uploads\/logos_establecimientos\/66cee2178d92a.jpg\" loading=\"lazy\" style=\"width: 40px; height: 40px; object-fit: contain; border-radius: 50%; vertical-align: middle; margin-right: 6px;\"><a href=\"https:\/\/mercadocabanyal.es\/directorio\/horno-el-reloj\/\" target=\"_blank\">HORNO EL RELOJ &#8211; MERCADO DEL CABA\u00d1AL<\/a><\/td><td style=\" text-transform: uppercase; \">C\/ MARTI GRAJALES, 4<\/td><td><a href=\"https:\/\/www.google.es\/maps\/?q=C%2F+MARTI+GRAJALES%2C+4+46011\" target=\"_blank\">Veure ubicaci\u00f3<\/a><\/td><\/tr><tr><td><img decoding=\"async\" src=\"\/wp-content\/uploads\/logos_establecimientos\/66cee2178d92a.jpg\" loading=\"lazy\" style=\"width: 40px; height: 40px; object-fit: contain; border-radius: 50%; vertical-align: middle; margin-right: 6px;\"><a href=\"https:\/\/mercadocabanyal.es\/directorio\/horno-el-reloj\/\" target=\"_blank\">HORNO EL RELOJ &#8211; MERCADO DEL CABA\u00d1AL<\/a><\/td><td style=\" text-transform: uppercase; \">C\/ MARTI GRAJALES, 4<\/td><td><a href=\"https:\/\/www.google.es\/maps\/?q=C%2F+MARTI+GRAJALES%2C+4+46011\" target=\"_blank\">Veure ubicaci\u00f3<\/a><\/td><\/tr><tr><td><a href=\"https:\/\/www.mercadocentralvalencia.es\/mercado\/productosparada?seccionid=8&#038;puestoid=130&#038;comprarweb=true\" target=\"_blank\">HORTALIZAS HUERTA VALENCIANA<\/a><\/td><td style=\" text-transform: uppercase; \">MERCADO CENTRAL VLC<\/td><td><a href=\"https:\/\/www.google.es\/maps\/?q=MERCADO+CENTRAL+VLC+46001\" target=\"_blank\">Veure ubicaci\u00f3<\/a><\/td><\/tr><tr><td><a href=\"https:\/\/www.mercadocentralvalencia.es\/mercado\/productosparada?seccionid=1&#038;puestoid=118&#038;comprarweb=false\" target=\"_blank\">HUEVERIA FOLGADO<\/a><\/td><td style=\" text-transform: uppercase; \">PLAZA CIUDAD DE BRUJAS S\/N<\/td><td><a href=\"https:\/\/www.google.es\/maps\/?q=PLAZA+CIUDAD+DE+BRUJAS+S%2FN+46001\" target=\"_blank\">Veure ubicaci\u00f3<\/a><\/td><\/tr><tr><td><img decoding=\"async\" src=\"\/wp-content\/uploads\/logos_establecimientos\/687a1e1217a1f.jpg\" loading=\"lazy\" style=\"width: 40px; height: 40px; object-fit: contain; border-radius: 50%; vertical-align: middle; margin-right: 6px;\">ILUMINACI\u00d3N RUZAFA<\/td><td style=\" text-transform: uppercase; \">PLAZA BAR\u00d3N DE CORTES N\u00ba 2 Y 3 (MERCADO DE RUZAFA)<\/td><td><a href=\"https:\/\/www.google.es\/maps\/?q=PLAZA+BAR%C3%93N+DE+CORTES+N%C2%BA+2+Y+3+%28MERCADO+DE+RUZAFA%29+46006\" target=\"_blank\">Veure ubicaci\u00f3<\/a><\/td><\/tr><tr><td><a href=\"https:\/\/www.mercadocentralvalencia.es\/mercado\/productosparada?seccionid=10&#038;puestoid=215&#038;comprarweb=false\" target=\"_blank\">INFRAGANTI CON LAS MANOS EN LA MAS<\/a><\/td><td style=\" text-transform: uppercase; \">MERCADO CENTRAL VALENCIA<\/td><td><a href=\"https:\/\/www.google.es\/maps\/?q=MERCADO+CENTRAL+VALENCIA+46001\" target=\"_blank\">Veure ubicaci\u00f3<\/a><\/td><\/tr><tr><td><a href=\"https:\/\/www.mercadocentralvalencia.es\/mercado\/verparada?puestoid=149&#038;comprarweb=false\" target=\"_blank\">JAMONES GARGALLO<\/a><\/td><td style=\" text-transform: uppercase; \">Mercado Central Valencia. Pza. Ciutat de Brujas s\/n<\/td><td><a href=\"https:\/\/www.google.es\/maps\/?q=Mercado+Central+Valencia.+Pza.+Ciutat+de+Brujas+s%2Fn+46001\" target=\"_blank\">Veure ubicaci\u00f3<\/a><\/td><\/tr><tr><td><a href=\"https:\/\/www.mercadocentralvalencia.es\/mercado\/verparada?puestoid=149&#038;comprarweb=false\" target=\"_blank\">JAMONES GARGALLO<\/a><\/td><td style=\" text-transform: uppercase; \">Mercado Central Valencia. Pza. Ciutat de Brujas s\/n<\/td><td><a href=\"https:\/\/www.google.es\/maps\/?q=Mercado+Central+Valencia.+Pza.+Ciutat+de+Brujas+s%2Fn+46001\" target=\"_blank\">Veure ubicaci\u00f3<\/a><\/td><\/tr><tr><td><a href=\"https:\/\/www.mercadocentralvalencia.es\/mercado\/productosparada?seccionid=16&#038;puestoid=149&#038;comprarweb=false\" target=\"_blank\">JAMONES MARTINEZ GARGALLO<\/a><\/td><td style=\" text-transform: uppercase; \">MERCADO CENTRAL VALENCIA<\/td><td><a href=\"https:\/\/www.google.es\/maps\/?q=MERCADO+CENTRAL+VALENCIA+46001\" target=\"_blank\">Veure ubicaci\u00f3<\/a><\/td><\/tr><tr><td><a href=\"https:\/\/www.mercadocentralvalencia.es\/mercado\/productosparada?seccionid=16&#038;puestoid=149&#038;comprarweb=false\" target=\"_blank\">JAMONES MARTINEZ GARGALLO<\/a><\/td><td style=\" text-transform: uppercase; \">MERCADO CENTRAL VALENCIA<\/td><td><a href=\"https:\/\/www.google.es\/maps\/?q=MERCADO+CENTRAL+VALENCIA+46001\" target=\"_blank\">Veure ubicaci\u00f3<\/a><\/td><\/tr><tr><td><img decoding=\"async\" src=\"\/wp-content\/uploads\/logos_establecimientos\/68742b629ac65.jpg\" loading=\"lazy\" style=\"width: 40px; height: 40px; object-fit: contain; border-radius: 50%; vertical-align: middle; margin-right: 6px;\">JAMONES ROGER<\/td><td style=\" text-transform: uppercase; \">Mercado Ruzafa casetas interiores, 59 63<\/td><td><a href=\"https:\/\/www.google.es\/maps\/?q=Mercado+Ruzafa+casetas+interiores%2C+59+63+46006\" target=\"_blank\">Veure ubicaci\u00f3<\/a><\/td><\/tr><tr><td><a href=\"https:\/\/www.mercadocentralvalencia.es\/mercado\/productosparada?seccionid=8&#038;puestoid=99&#038;comprarweb=false\" target=\"_blank\">JAVI Y ANA<\/a><\/td><td style=\" text-transform: uppercase; \">MERCADO CENTRAL VALENCIA<\/td><td><a href=\"https:\/\/www.google.es\/maps\/?q=MERCADO+CENTRAL+VALENCIA+46001\" target=\"_blank\">Veure ubicaci\u00f3<\/a><\/td><\/tr><tr><td><a href=\"https:\/\/www.mercadocentralvalencia.es\/mercado\/productosparada?seccionid=1&#038;puestoid=56&#038;comprarweb=true\" target=\"_blank\">JOSE ENRIQUE ALABARTA PERIS<\/a><\/td><td style=\" text-transform: uppercase; \">MERCAOD CENTRAL PL. CIUDAD DE BRUJAS<\/td><td><a href=\"https:\/\/www.google.es\/maps\/?q=MERCAOD+CENTRAL+PL.+CIUDAD+DE+BRUJAS+46001\" target=\"_blank\">Veure ubicaci\u00f3<\/a><\/td><\/tr><tr><td>JOSE MARIA BERENGUER PEDROS<\/td><td style=\" text-transform: uppercase; \">PL CIUTAT DE BRUGES S\/N ( MERCADO CENTRAL PALCOS 133-134 ) <\/td><td><a href=\"https:\/\/www.google.es\/maps\/?q=PL+CIUTAT+DE+BRUGES+S%2FN+%28+MERCADO+CENTRAL+PALCOS+133-134+%29++46001\" target=\"_blank\">Veure ubicaci\u00f3<\/a><\/td><\/tr><tr><td>JOSE MARIA BERENGUER PEDR\u00d3S<\/td><td style=\" text-transform: uppercase; \">MERCADO CENTRAL DE VALENCIA . PUESTO 134<\/td><td><a href=\"https:\/\/www.google.es\/maps\/?q=MERCADO+CENTRAL+DE+VALENCIA+.+PUESTO+134+46001\" target=\"_blank\">Veure ubicaci\u00f3<\/a><\/td><\/tr><tr><td><a href=\"\/\/-\" target=\"_blank\">JUAN JOSE LOZANO CARMONA<\/a><\/td><td style=\" text-transform: uppercase; \">MERCADO  DE RUZAFA PARADA 150<\/td><td><a href=\"https:\/\/www.google.es\/maps\/?q=MERCADO++DE+RUZAFA+PARADA+150+46006\" target=\"_blank\">Veure ubicaci\u00f3<\/a><\/td><\/tr><tr><td><img decoding=\"async\" src=\"\/wp-content\/uploads\/logos_establecimientos\/66de76cf816b6.jpg\" loading=\"lazy\" style=\"width: 40px; height: 40px; object-fit: contain; border-radius: 50%; vertical-align: middle; margin-right: 6px;\">KI\\&#8217;BOK CAF\u00c9 DE ESPECIALIDAD<\/td><td style=\" text-transform: uppercase; \">Mercado rojas clemente, local 36<\/td><td><a href=\"https:\/\/www.google.es\/maps\/?q=Mercado+rojas+clemente%2C+local+36+46008\" target=\"_blank\">Veure ubicaci\u00f3<\/a><\/td><\/tr><tr><td><a href=\"https:\/\/www.mercadocentralvalencia.es\/mercado\/productosparada?seccionid=21&#038;puestoid=239&#038;comprarweb=false\" target=\"_blank\">LA ALACENA<\/a><\/td><td style=\" text-transform: uppercase; \">PLAZA CIUDAD DE BRUJAS S\/N<\/td><td><a href=\"https:\/\/www.google.es\/maps\/?q=PLAZA+CIUDAD+DE+BRUJAS+S%2FN+46001\" target=\"_blank\">Veure ubicaci\u00f3<\/a><\/td><\/tr><tr><td><a href=\"https:\/\/www.mercadocentralvalencia.es\/mercado\/productosparada?seccionid=21&#038;puestoid=221&#038;comprarweb=false\" target=\"_blank\">LA BODEGUILLA<\/a><\/td><td style=\" text-transform: uppercase; \">MERCADO CENTRAL VALENCIA<\/td><td><a href=\"https:\/\/www.google.es\/maps\/?q=MERCADO+CENTRAL+VALENCIA+46001\" target=\"_blank\">Veure ubicaci\u00f3<\/a><\/td><\/tr><tr><td><img decoding=\"async\" src=\"\/wp-content\/uploads\/logos_establecimientos\/68a480a239973.png\" loading=\"lazy\" style=\"width: 40px; height: 40px; object-fit: contain; border-radius: 50%; vertical-align: middle; margin-right: 6px;\">LA BOTHECA DE MERCADO<\/td><td style=\" text-transform: uppercase; \">PLAZA BARON DE CORTES 24 PUESTOS 103 &#8211; 104<\/td><td><a href=\"https:\/\/www.google.es\/maps\/?q=PLAZA+BARON+DE+CORTES+24+PUESTOS+103+-+104+46006\" target=\"_blank\">Veure ubicaci\u00f3<\/a><\/td><\/tr><tr><td><img decoding=\"async\" src=\"\/wp-content\/uploads\/logos_establecimientos\/65171f57833b3.jpg\" loading=\"lazy\" style=\"width: 40px; height: 40px; object-fit: contain; border-radius: 50%; vertical-align: middle; margin-right: 6px;\"><a href=\"https:\/\/mercadocabanyal.es\/directorio\/botiga-ou\/\" target=\"_blank\">LA BOTIGA DE L\\&#8217;OU   &#8211;  MERCADO DEL CABA\u00d1AL<\/a><\/td><td style=\" text-transform: uppercase; \">C\/ MARTI GRAJALES, 4<\/td><td><a href=\"https:\/\/www.google.es\/maps\/?q=C%2F+MARTI+GRAJALES%2C+4+46011\" target=\"_blank\">Veure ubicaci\u00f3<\/a><\/td><\/tr><tr><td><a href=\"https:\/\/www.mercadocentralvalencia.es\/mercado\/productosparada?seccionid=8&#038;puestoid=129&#038;comprarweb=false\" target=\"_blank\">LA BOUTIQUE DE LA LECHUGA<\/a><\/td><td style=\" text-transform: uppercase; \">MERCADO CENTRAL VALENCIA<\/td><td><a href=\"https:\/\/www.google.es\/maps\/?q=MERCADO+CENTRAL+VALENCIA+46001\" target=\"_blank\">Veure ubicaci\u00f3<\/a><\/td><\/tr><tr><td><a href=\"https:\/\/www.mercadocentralvalencia.es\/mercado\/productosparada?seccionid=20&#038;puestoid=249&#038;comprarweb=false\" target=\"_blank\">LA CASQUER\u00cdA DEL CENTRAL<\/a><\/td><td style=\" text-transform: uppercase; \">Mercado Central. Pza. Ciutat de Brujas<\/td><td><a href=\"https:\/\/www.google.es\/maps\/?q=Mercado+Central.+Pza.+Ciutat+de+Brujas+46001\" target=\"_blank\">Veure ubicaci\u00f3<\/a><\/td><\/tr><tr><td><img decoding=\"async\" src=\"\/wp-content\/uploads\/logos_establecimientos\/651de46e0ebaa.jpg\" loading=\"lazy\" style=\"width: 40px; height: 40px; object-fit: contain; border-radius: 50%; vertical-align: middle; margin-right: 6px;\"><a href=\"https:\/\/www.instagram.com\/ladespensadealejandro\/?hl=es\" target=\"_blank\">LA DESPENSA DE ALEJANDRO  &#8211;  MERCADO DEL CABA\u00d1AL<\/a><\/td><td style=\" text-transform: uppercase; \">C\/ MARTI GRAJALES, 4<\/td><td><a href=\"https:\/\/www.google.es\/maps\/?q=C%2F+MARTI+GRAJALES%2C+4+46011\" target=\"_blank\">Veure ubicaci\u00f3<\/a><\/td><\/tr><tr><td><img decoding=\"async\" src=\"\/wp-content\/uploads\/logos_establecimientos\/68b1b5687d2ca.jpg\" loading=\"lazy\" style=\"width: 40px; height: 40px; object-fit: contain; border-radius: 50%; vertical-align: middle; margin-right: 6px;\"><a href=\"\/\/ladespensadefrida.es\" target=\"_blank\">LA DESPENSA DE FRIDA<\/a><\/td><td style=\" text-transform: uppercase; \">Mercado de Ruzafa &#8211; Palcos 81 &#8211; 83<\/td><td><a href=\"https:\/\/www.google.es\/maps\/?q=Mercado+de+Ruzafa+-+Palcos+81+-+83+46006\" target=\"_blank\">Veure ubicaci\u00f3<\/a><\/td><\/tr><tr><td><a href=\"https:\/\/www.mercadocentralvalencia.es\/mercado\/productosparada?seccionid=7&#038;puestoid=98&#038;comprarweb=false\" target=\"_blank\">LA DESPENSA DEL TIO SALVA<\/a><\/td><td style=\" text-transform: uppercase; \">PLAZA CIUDAD DE BRUJAS S\/N<\/td><td><a href=\"https:\/\/www.google.es\/maps\/?q=PLAZA+CIUDAD+DE+BRUJAS+S%2FN+46001\" target=\"_blank\">Veure ubicaci\u00f3<\/a><\/td><\/tr><tr><td><img decoding=\"async\" src=\"\/wp-content\/uploads\/2024\/09\/WhatsApp-Image-2024-09-05-at-22.16.24.jpeg\" loading=\"lazy\" style=\"width: 40px; height: 40px; object-fit: contain; border-radius: 50%; vertical-align: middle; margin-right: 6px;\"><a href=\"https:\/\/www.mercadocentralvalencia.es\/mercado\/productosparada?seccionid=8&#038;puestoid=147&#038;comprarweb=false\" target=\"_blank\">LA FRUTER\u00cdA DAVID MART\u00cdN<\/a><\/td><td style=\" text-transform: uppercase; \">MERCADO CENTRAL VALENCIA<\/td><td><a href=\"https:\/\/www.google.es\/maps\/?q=MERCADO+CENTRAL+VALENCIA+46001\" target=\"_blank\">Veure ubicaci\u00f3<\/a><\/td><\/tr><tr><td><a href=\"https:\/\/www.mercadocentralvalencia.es\/mercado\/productosparada?seccionid=21&#038;puestoid=138&#038;comprarweb=false\" target=\"_blank\">LA HUELLA<\/a><\/td><td style=\" text-transform: uppercase; \">PLAZA CIUDAD DE BRUJAS S\/N<\/td><td><a href=\"https:\/\/www.google.es\/maps\/?q=PLAZA+CIUDAD+DE+BRUJAS+S%2FN+46001\" target=\"_blank\">Veure ubicaci\u00f3<\/a><\/td><\/tr><tr><td><img decoding=\"async\" src=\"\/wp-content\/uploads\/logos_establecimientos\/68b36cae82d7f.jpeg\" loading=\"lazy\" style=\"width: 40px; height: 40px; object-fit: contain; border-radius: 50%; vertical-align: middle; margin-right: 6px;\"><a href=\"https:\/\/www.instagram.com\/la_huertadeliveryvlc?igsh=azlim2xsnncwaddv&#038;utm_source=qr\" target=\"_blank\">LA HUERTA DELIVERY<\/a><\/td><td style=\" text-transform: uppercase; \">Plaza Bar\u00f3n de Cortes s\/n puestos 159\/162<\/td><td><a href=\"https:\/\/www.google.es\/maps\/?q=Plaza+Bar%C3%B3n+de+Cortes+s%2Fn+puestos+159%2F162+46006\" target=\"_blank\">Veure ubicaci\u00f3<\/a><\/td><\/tr><tr><td><img decoding=\"async\" src=\"\/wp-content\/uploads\/logos_establecimientos\/68b522d915099.jpeg\" loading=\"lazy\" style=\"width: 40px; height: 40px; object-fit: contain; border-radius: 50%; vertical-align: middle; margin-right: 6px;\"><a href=\"https:\/\/www.instagram.com\/la_huertadeliveryvlc?igsh=azlim2xsnncwaddv&#038;utm_source=qr\" target=\"_blank\">LA HUERTA DELIVERY<\/a><\/td><td style=\" text-transform: uppercase; \">Plaza Bar\u00f3n de Cortes s\/n puestos 159\/162<\/td><td><a href=\"https:\/\/www.google.es\/maps\/?q=Plaza+Bar%C3%B3n+de+Cortes+s%2Fn+puestos+159%2F162+46006\" target=\"_blank\">Veure ubicaci\u00f3<\/a><\/td><\/tr><tr><td><img decoding=\"async\" src=\"\/wp-content\/uploads\/logos_establecimientos\/68aece0f5b4db.JPG\" loading=\"lazy\" style=\"width: 40px; height: 40px; object-fit: contain; border-radius: 50%; vertical-align: middle; margin-right: 6px;\"><a href=\"\/\/@laintolerante__mercadoruzafa\" target=\"_blank\">LA INTOLERANTE<\/a><\/td><td style=\" text-transform: uppercase; \">Plaza Bar\u00f3 de Cort\u00e9s s\/n, Mercado de Ruzafa. Calle 3, palco 116.<\/td><td><a href=\"https:\/\/www.google.es\/maps\/?q=Plaza+Bar%C3%B3+de+Cort%C3%A9s+s%2Fn%2C+Mercado+de+Ruzafa.+Calle+3%2C+palco+116.+46006\" target=\"_blank\">Veure ubicaci\u00f3<\/a><\/td><\/tr><tr><td><img decoding=\"async\" src=\"\/wp-content\/uploads\/logos_establecimientos\/68c82d592cef5.jpg\" loading=\"lazy\" style=\"width: 40px; height: 40px; object-fit: contain; border-radius: 50%; vertical-align: middle; margin-right: 6px;\"><a href=\"\/\/@laostreriadelcarmen\" target=\"_blank\">LA OSTRERIA DEL CARMEN<\/a><\/td><td style=\" text-transform: uppercase; \">PLAZA MOSSEN SORELL S\/N MERCADO MOSSEN SORELL PUESTO 10<\/td><td><a href=\"https:\/\/www.google.es\/maps\/?q=PLAZA+MOSSEN+SORELL+S%2FN+MERCADO+MOSSEN+SORELL+PUESTO+10+46003\" target=\"_blank\">Veure ubicaci\u00f3<\/a><\/td><\/tr><tr><td><a href=\"https:\/\/www.mercadocentralvalencia.es\/mercado\/productosparada?seccionid=11&#038;puestoid=305&#038;comprarweb=false\" target=\"_blank\">LA PARADA DE LA ANGUILA JESUS<\/a><\/td><td style=\" text-transform: uppercase; \">MERCADO CENTRAL VALENCIA<\/td><td><a href=\"https:\/\/www.google.es\/maps\/?q=MERCADO+CENTRAL+VALENCIA+46001\" target=\"_blank\">Veure ubicaci\u00f3<\/a><\/td><\/tr><tr><td><img decoding=\"async\" src=\"\/wp-content\/uploads\/2023\/09\/WhatsApp-Image-2023-09-28-at-19.38.15.jpeg\" loading=\"lazy\" style=\"width: 40px; height: 40px; object-fit: contain; border-radius: 50%; vertical-align: middle; margin-right: 6px;\"><a href=\"\/\/www.comprarespecias.net\" target=\"_blank\">LA PARADA DE LAS ESPECIAS<\/a><\/td><td style=\" text-transform: uppercase; \">MERCADO CENTRAL CL. ARQUITECTO VIEDMA, 414-415 Y 416<\/td><td><a href=\"https:\/\/www.google.es\/maps\/?q=MERCADO+CENTRAL+CL.+ARQUITECTO+VIEDMA%2C+414-415+Y+416+46001\" target=\"_blank\">Veure ubicaci\u00f3<\/a><\/td><\/tr><tr><td><img decoding=\"async\" src=\"\/wp-content\/uploads\/logos_establecimientos\/687ce203e1519.jpg\" loading=\"lazy\" style=\"width: 40px; height: 40px; object-fit: contain; border-radius: 50%; vertical-align: middle; margin-right: 6px;\">LA PEIXCATERIA DE FLOR<\/td><td style=\" text-transform: uppercase; \">MERCADO CABA\u00d1AL PUESTO 2<\/td><td><a href=\"https:\/\/www.google.es\/maps\/?q=MERCADO+CABA%C3%91AL+PUESTO+2+46011\" target=\"_blank\">Veure ubicaci\u00f3<\/a><\/td><\/tr><tr><td><a href=\"\/\/-\" target=\"_blank\">LA PERLA DEL CAMP    &#8211;   MERCADO DEL CABA\u00d1AL<\/a><\/td><td style=\" text-transform: uppercase; \">C\/ MARTI GRAJALES, 4<\/td><td><a href=\"https:\/\/www.google.es\/maps\/?q=C%2F+MARTI+GRAJALES%2C+4+46011\" target=\"_blank\">Veure ubicaci\u00f3<\/a><\/td><\/tr><tr><td><a href=\"https:\/\/www.mercadocentralvalencia.es\/mercado\/productosparada?seccionid=2&#038;puestoid=25&#038;comprarweb=false\" target=\"_blank\">LA SEVILLANA<\/a><\/td><td style=\" text-transform: uppercase; \">MERCADO CENTRAL VALENCIA<\/td><td><a href=\"https:\/\/www.google.es\/maps\/?q=MERCADO+CENTRAL+VALENCIA+46001\" target=\"_blank\">Veure ubicaci\u00f3<\/a><\/td><\/tr><tr><td><a href=\"https:\/\/www.mercadocentralvalencia.es\/mercado\/productosparada?seccionid=9&#038;puestoid=94&#038;comprarweb=false\" target=\"_blank\">LA TAHONA DEL ABUELO<\/a><\/td><td style=\" text-transform: uppercase; \">PLAZA CIUDAD DE BRUJAS S\/N<\/td><td><a href=\"https:\/\/www.google.es\/maps\/?q=PLAZA+CIUDAD+DE+BRUJAS+S%2FN+46001\" target=\"_blank\">Veure ubicaci\u00f3<\/a><\/td><\/tr><tr><td><a href=\"\/\/-\" target=\"_blank\">LA TENDETA DE SILVIA   &#8211;  MERCADO DEL CABA\u00d1AL<\/a><\/td><td style=\" text-transform: uppercase; \">C\/ MARTI GRAJALES, 4<\/td><td><a href=\"https:\/\/www.google.es\/maps\/?q=C%2F+MARTI+GRAJALES%2C+4+46011\" target=\"_blank\">Veure ubicaci\u00f3<\/a><\/td><\/tr><tr><td>LA VESSANA &#8211; MERCADO CABA\u00d1AL<\/td><td style=\" text-transform: uppercase; \">C\/ MARTI GRAJALES, 4<\/td><td><a href=\"https:\/\/www.google.es\/maps\/?q=C%2F+MARTI+GRAJALES%2C+4+46011\" target=\"_blank\">Veure ubicaci\u00f3<\/a><\/td><\/tr><tr><td><a href=\"https:\/\/www.mercadocentralvalencia.es\/mercado\/buscarparadas?parada=cervez&#038;comprarweb=false\" target=\"_blank\">LAS CERVEZAS DEL MERCADO<\/a><\/td><td style=\" text-transform: uppercase; \">PLAZA CIUDAD DE BRUJAS S\/N<\/td><td><a href=\"https:\/\/www.google.es\/maps\/?q=PLAZA+CIUDAD+DE+BRUJAS+S%2FN+46001\" target=\"_blank\">Veure ubicaci\u00f3<\/a><\/td><\/tr><tr><td>LAS CERVEZAS DEL MERCADO<\/td><td style=\" text-transform: uppercase; \">Mercado colon<\/td><td><a href=\"https:\/\/www.google.es\/maps\/?q=Mercado+colon+46005\" target=\"_blank\">Veure ubicaci\u00f3<\/a><\/td><\/tr><tr><td>LAS PASTAS DE LUCIA  &#8211;  MERCADO DE ALGIR\u00d3S<\/td><td style=\" text-transform: uppercase; \">PLAZA SAN FELIPE NERI S\/N<\/td><td><a href=\"https:\/\/www.google.es\/maps\/?q=PLAZA+SAN+FELIPE+NERI+S%2FN+46021\" target=\"_blank\">Veure ubicaci\u00f3<\/a><\/td><\/tr><tr><td>LATINOS FUENTES<\/td><td style=\" text-transform: uppercase; \">Mercado Central Valencia. Pza. Ciutat de Brujas s\/n<\/td><td><a href=\"https:\/\/www.google.es\/maps\/?q=Mercado+Central+Valencia.+Pza.+Ciutat+de+Brujas+s%2Fn+46001\" target=\"_blank\">Veure ubicaci\u00f3<\/a><\/td><\/tr><tr><td>LE MAT CAFE BAR &#8211; MERCADO ROJAS CLEMENTE<\/td><td style=\" text-transform: uppercase; \">PLAZA ROJAS CLEMENTE S\/N<\/td><td><a href=\"https:\/\/www.google.es\/maps\/?q=PLAZA+ROJAS+CLEMENTE+S%2FN+46008\" target=\"_blank\">Veure ubicaci\u00f3<\/a><\/td><\/tr><tr><td><a href=\"https:\/\/www.mercadocentralvalencia.es\/mercado\/verparada?puestoid=207&#038;comprarweb=false\" target=\"_blank\">LEGUMBRES TIO PACO<\/a><\/td><td style=\" text-transform: uppercase; \">MERCADO CENTRAL VALENCIA<\/td><td><a href=\"https:\/\/www.google.es\/maps\/?q=MERCADO+CENTRAL+VALENCIA+46001\" target=\"_blank\">Veure ubicaci\u00f3<\/a><\/td><\/tr><tr><td><a href=\"https:\/\/www.mercadocentralvalencia.es\/mercado\/verparada?puestoid=102&#038;comprarweb=false\" target=\"_blank\">LEIVA SELECCI\u00d3N DE CALIDAD<\/a><\/td><td style=\" text-transform: uppercase; \">MERCADO CENTRAL VALENCIA<\/td><td><a href=\"https:\/\/www.google.es\/maps\/?q=MERCADO+CENTRAL+VALENCIA+46001\" target=\"_blank\">Veure ubicaci\u00f3<\/a><\/td><\/tr><tr><td><img decoding=\"async\" src=\"\/wp-content\/uploads\/logos_establecimientos\/66d0548aec702.jpg\" loading=\"lazy\" style=\"width: 40px; height: 40px; object-fit: contain; border-radius: 50%; vertical-align: middle; margin-right: 6px;\"><a href=\"https:\/\/www.instagram.com\/marietesarteco\/\" target=\"_blank\">LES MARIETES ARTECO &#8211; MERCADO DE ALGIROS<\/a><\/td><td style=\" text-transform: uppercase; \">PLAZA SAN FELIPE NERI S\/N<\/td><td><a href=\"https:\/\/www.google.es\/maps\/?q=PLAZA+SAN+FELIPE+NERI+S%2FN+46021\" target=\"_blank\">Veure ubicaci\u00f3<\/a><\/td><\/tr><tr><td><img decoding=\"async\" src=\"\/wp-content\/uploads\/logos_establecimientos\/66d054206201a.jpg\" loading=\"lazy\" style=\"width: 40px; height: 40px; object-fit: contain; border-radius: 50%; vertical-align: middle; margin-right: 6px;\"><a href=\"https:\/\/www.instagram.com\/marietesarteco\/\" target=\"_blank\">LES MARIETES ARTECO &#8211; MERCADO DEL CABA\u00d1AL<\/a><\/td><td style=\" text-transform: uppercase; \">C\/ MARTI GRAJALES, 4<\/td><td><a href=\"https:\/\/www.google.es\/maps\/?q=C%2F+MARTI+GRAJALES%2C+4+46011\" target=\"_blank\">Veure ubicaci\u00f3<\/a><\/td><\/tr><tr><td><img decoding=\"async\" src=\"\/wp-content\/uploads\/logos_establecimientos\/66c08d9dd1587.jpg\" loading=\"lazy\" style=\"width: 40px; height: 40px; object-fit: contain; border-radius: 50%; vertical-align: middle; margin-right: 6px;\">LES OLIVES DEL BOT\u00c0NIC<\/td><td style=\" text-transform: uppercase; \">Plaza Rojas Clemente s\/n<\/td><td><a href=\"https:\/\/www.google.es\/maps\/?q=Plaza+Rojas+Clemente+s%2Fn+46008\" target=\"_blank\">Veure ubicaci\u00f3<\/a><\/td><\/tr><tr><td><a href=\"https:\/\/www.mercadocentralvalencia.es\/mercado\/productosparada?seccionid=8&#038;puestold=242&#038;comprarweb=false\" target=\"_blank\">LES TOMATES DE JAVIER<\/a><\/td><td style=\" text-transform: uppercase; \">MERCADO CENTRALN\u00ba478<\/td><td><a href=\"https:\/\/www.google.es\/maps\/?q=MERCADO+CENTRALN%C2%BA478+46001\" target=\"_blank\">Veure ubicaci\u00f3<\/a><\/td><\/tr><tr><td><a href=\"https:\/\/www.mercadocentralvalencia.es\/mercado\/verparada?puestoid=119&#038;comprarweb=false\" target=\"_blank\">LOVE XIXONA<\/a><\/td><td style=\" text-transform: uppercase; \">MERCADO CENTRAL VALENCIA<\/td><td><a href=\"https:\/\/www.google.es\/maps\/?q=MERCADO+CENTRAL+VALENCIA+46001\" target=\"_blank\">Veure ubicaci\u00f3<\/a><\/td><\/tr><tr><td><a href=\"https:\/\/www.mercadocentralvalencia.es\/mercado\/verparada?puestoid=223&#038;comprarweb=false\" target=\"_blank\">MANUEL GIMENEZ<\/a><\/td><td style=\" text-transform: uppercase; \">MERCADO CENTRAL VALENCIA<\/td><td><a href=\"https:\/\/www.google.es\/maps\/?q=MERCADO+CENTRAL+VALENCIA+46001\" target=\"_blank\">Veure ubicaci\u00f3<\/a><\/td><\/tr><tr><td><a href=\"https:\/\/www.mercadocentralvalencia.es\/mercado\/productosparada?seccionid=18&#038;puestoid=127&#038;comprarweb=false\" target=\"_blank\">MARCELLA LA DESPENSA DE ITALIA<\/a><\/td><td style=\" text-transform: uppercase; \">MERCADO CENTRAL VALENCIA<\/td><td><a href=\"https:\/\/www.google.es\/maps\/?q=MERCADO+CENTRAL+VALENCIA+46001\" target=\"_blank\">Veure ubicaci\u00f3<\/a><\/td><\/tr><tr><td><a href=\"https:\/\/www.mercadocentralvalencia.es\/mercado\/productosparada?seccionid=11&#038;puestoid=257&#038;comprarweb=false\" target=\"_blank\">MARIA JOSE MARTINEZ<\/a><\/td><td style=\" text-transform: uppercase; \">MERCADO CENTRAL VALENCIA<\/td><td><a href=\"https:\/\/www.google.es\/maps\/?q=MERCADO+CENTRAL+VALENCIA+46001\" target=\"_blank\">Veure ubicaci\u00f3<\/a><\/td><\/tr><tr><td><a href=\"https:\/\/www.mercadocentralvalencia.es\/Mercado\/VerParada?PuestoId=278&#038;ComprarWeb=False\" target=\"_blank\">MARISCOS SELECTOS MARTINEZ <\/a><\/td><td style=\" text-transform: uppercase; \">MERCADO CENTRAL VLC<\/td><td><a href=\"https:\/\/www.google.es\/maps\/?q=MERCADO+CENTRAL+VLC+46001\" target=\"_blank\">Veure ubicaci\u00f3<\/a><\/td><\/tr><tr><td><a href=\"https:\/\/www.mercadocentralvalencia.es\/mercado\/productosparada?seccionid=11&#038;puestoid=279&#038;comprarweb=false\" target=\"_blank\">MARISCOS VIZCAINO<\/a><\/td><td style=\" text-transform: uppercase; \">MERCADO CENTRAL VALENCIA<\/td><td><a href=\"https:\/\/www.google.es\/maps\/?q=MERCADO+CENTRAL+VALENCIA+46001\" target=\"_blank\">Veure ubicaci\u00f3<\/a><\/td><\/tr><tr><td>MARISOL FRUTOS SECOS Y LEGUMBRES &#8211; MERCADO DE ALGIROS<\/td><td style=\" text-transform: uppercase; \">PLAZA SAN FELIPE NERI S\/N<\/td><td><a href=\"https:\/\/www.google.es\/maps\/?q=PLAZA+SAN+FELIPE+NERI+S%2FN+46022\" target=\"_blank\">Veure ubicaci\u00f3<\/a><\/td><\/tr><tr><td>MARTINEZ CHARCUTEROS<\/td><td style=\" text-transform: uppercase; \">PLZA BARON DE CORTES S\/N<\/td><td><a href=\"https:\/\/www.google.es\/maps\/?q=PLZA+BARON+DE+CORTES+S%2FN+46006\" target=\"_blank\">Veure ubicaci\u00f3<\/a><\/td><\/tr><tr><td><a href=\"https:\/\/www.mercadocentralvalencia.es\/mercado\/productosparada?seccionid=21&#038;puestoid=79&#038;comprarweb=false\" target=\"_blank\">MERCAT DIVI<\/a><\/td><td style=\" text-transform: uppercase; \">MERCADO CENTRAL VALENCIA<\/td><td><a href=\"https:\/\/www.google.es\/maps\/?q=MERCADO+CENTRAL+VALENCIA+46001\" target=\"_blank\">Veure ubicaci\u00f3<\/a><\/td><\/tr><tr><td><a href=\"https:\/\/www.mercadocentralvalencia.es\/mercado\/verparada?puestoid=194&#038;comprarweb=false\" target=\"_blank\">MIL DELICIAS<\/a><\/td><td style=\" text-transform: uppercase; \">MERCADO CENTRAL VALENCIA<\/td><td><a href=\"https:\/\/www.google.es\/maps\/?q=MERCADO+CENTRAL+VALENCIA+46001\" target=\"_blank\">Veure ubicaci\u00f3<\/a><\/td><\/tr><tr><td><img decoding=\"async\" src=\"\/wp-content\/uploads\/logos_establecimientos\/686eb0013a0d6.jpg\" loading=\"lazy\" style=\"width: 40px; height: 40px; object-fit: contain; border-radius: 50%; vertical-align: middle; margin-right: 6px;\"><a href=\"\/\/www.molideluxe.com\" target=\"_blank\">MOLI DELUXE FRUTOS SECOS<\/a><\/td><td style=\" text-transform: uppercase; \">Pl. del Bar\u00f3 de Cort\u00e9s palcos 20, 21, 22 y 25<\/td><td><a href=\"https:\/\/www.google.es\/maps\/?q=Pl.+del+Bar%C3%B3+de+Cort%C3%A9s+palcos+20%2C+21%2C+22+y+25+46006\" target=\"_blank\">Veure ubicaci\u00f3<\/a><\/td><\/tr><tr><td><a href=\"https:\/\/www.mercadocentralvalencia.es\/mercado\/productosparada?seccionid=21&#038;puestoid=225&#038;comprarweb=true\" target=\"_blank\">MON CROQUETA S.L.<\/a><\/td><td style=\" text-transform: uppercase; \">MERCAOD CENTRAL CL CIUDAD DE BRUJAS PUESTOS 417-419<\/td><td><a href=\"https:\/\/www.google.es\/maps\/?q=MERCAOD+CENTRAL+CL+CIUDAD+DE+BRUJAS+PUESTOS+417-419+46001\" target=\"_blank\">Veure ubicaci\u00f3<\/a><\/td><\/tr><tr><td><img decoding=\"async\" src=\"\/wp-content\/uploads\/logos_establecimientos\/66a8be0692ebd.jpg\" loading=\"lazy\" style=\"width: 40px; height: 40px; object-fit: contain; border-radius: 50%; vertical-align: middle; margin-right: 6px;\"><a href=\"https:\/\/www.facebook.com\/people\/monpeix\/100069560326729\/\" target=\"_blank\">MONPEIX LA PESCADERIA TRADICIONAL<\/a><\/td><td style=\" text-transform: uppercase; \">MERCADO ROJAS CLEMENTE PUESTOS 79-80<\/td><td><a href=\"https:\/\/www.google.es\/maps\/?q=MERCADO+ROJAS+CLEMENTE+PUESTOS+79-80+46008\" target=\"_blank\">Veure ubicaci\u00f3<\/a><\/td><\/tr><tr><td><a href=\"https:\/\/www.mercadocentralvalencia.es\/mercado\/verparada?puestoid=33&#038;comprarweb=false\" target=\"_blank\">NAGERA GOURMET<\/a><\/td><td style=\" text-transform: uppercase; \">MERCADO CENTRAL VALENCIA<\/td><td><a href=\"https:\/\/www.google.es\/maps\/?q=MERCADO+CENTRAL+VALENCIA+46001\" target=\"_blank\">Veure ubicaci\u00f3<\/a><\/td><\/tr><tr><td><a href=\"https:\/\/www.mercadocentralvalencia.es\/mercado\/verparada?puestoid=222&#038;comprarweb=false\" target=\"_blank\">NATIVIDAD SOLER<\/a><\/td><td style=\" text-transform: uppercase; \">MERCADO CENTRAL VALENCIA<\/td><td><a href=\"https:\/\/www.google.es\/maps\/?q=MERCADO+CENTRAL+VALENCIA+46001\" target=\"_blank\">Veure ubicaci\u00f3<\/a><\/td><\/tr><tr><td><img decoding=\"async\" src=\"\/wp-content\/uploads\/logos_establecimientos\/687690179513b.jpg\" loading=\"lazy\" style=\"width: 40px; height: 40px; object-fit: contain; border-radius: 50%; vertical-align: middle; margin-right: 6px;\"><a href=\"\/\/www.naturafrutossecos.es\" target=\"_blank\">NATURA FRUTOS SECOS<\/a><\/td><td style=\" text-transform: uppercase; \">MERCADO CENTRAL, 311 &#8211; 317<\/td><td><a href=\"https:\/\/www.google.es\/maps\/?q=MERCADO+CENTRAL%2C+311+-+317+46001\" target=\"_blank\">Veure ubicaci\u00f3<\/a><\/td><\/tr><tr><td><a href=\"https:\/\/www.mercadocentralvalencia.es\/mercado\/productosparada?seccionid=12&#038;puestoid=163&#038;comprarweb=false\" target=\"_blank\">OILED &#038; SALT ACEITUNAS Y SALAZONES (MERCADO CENTRAL)<\/a><\/td><td style=\" text-transform: uppercase; \">MERCADO CENTRAL VALENCIA <\/td><td><a href=\"https:\/\/www.google.es\/maps\/?q=MERCADO+CENTRAL+VALENCIA++46001\" target=\"_blank\">Veure ubicaci\u00f3<\/a><\/td><\/tr><tr><td><a href=\"\/\/-\" target=\"_blank\">OILED&#038;SALT-ACEITUNAS Y SALAZONES (MERCADO CABA\u00d1AL)<\/a><\/td><td style=\" text-transform: uppercase; \">CL. MARTI GRAJALES, 4 MERCADO DEL CABA\u00d1AL<\/td><td><a href=\"https:\/\/www.google.es\/maps\/?q=CL.+MARTI+GRAJALES%2C+4+MERCADO+DEL+CABA%C3%91AL+46011\" target=\"_blank\">Veure ubicaci\u00f3<\/a><\/td><\/tr><tr><td><a href=\"\/\/-\" target=\"_blank\">OILED&#038;SALT-ACEITUNAS Y SALAZONES (MERCADO CABA\u00d1AL)<\/a><\/td><td style=\" text-transform: uppercase; \">CL. MARTI GRAJALES, 4 MERCADO DEL CABA\u00d1AL<\/td><td><a href=\"https:\/\/www.google.es\/maps\/?q=CL.+MARTI+GRAJALES%2C+4+MERCADO+DEL+CABA%C3%91AL+46011\" target=\"_blank\">Veure ubicaci\u00f3<\/a><\/td><\/tr><tr><td><a href=\"\/\/-\" target=\"_blank\">OILED&#038;SALT-ACEITUNAS Y SALAZONES (MERCADO CABA\u00d1AL)<\/a><\/td><td style=\" text-transform: uppercase; \">CL. MARTI GRAJALES, 4 MERCADO DEL CABA\u00d1AL<\/td><td><a href=\"https:\/\/www.google.es\/maps\/?q=CL.+MARTI+GRAJALES%2C+4+MERCADO+DEL+CABA%C3%91AL+46001\" target=\"_blank\">Veure ubicaci\u00f3<\/a><\/td><\/tr><tr><td><a href=\"https:\/\/www.mercadocentralvalencia.es\/mercado\/productosparada?seccionid=12&#038;puestoid=145&#038;comprarweb=false\" target=\"_blank\">OLIVAS ALABAU<\/a><\/td><td style=\" text-transform: uppercase; \">PLAZA CIUDAD DE BRUJAS S\/N<\/td><td><a href=\"https:\/\/www.google.es\/maps\/?q=PLAZA+CIUDAD+DE+BRUJAS+S%2FN+46001\" target=\"_blank\">Veure ubicaci\u00f3<\/a><\/td><\/tr><tr><td>OLIVES Y SALAURES XIMO I CARMEN 68-69<\/td><td style=\" text-transform: uppercase; \">mercado cabanyal calle marti grajales 4 aceitunas Ximo y Carmen 68-69<\/td><td><a href=\"https:\/\/www.google.es\/maps\/?q=mercado+cabanyal+calle+marti+grajales+4+aceitunas+Ximo+y+Carmen+68-69+46011\" target=\"_blank\">Veure ubicaci\u00f3<\/a><\/td><\/tr><tr><td><a href=\"https:\/\/www.mercadocentralvalencia.es\/mercado\/productosparada?seccionid=11&#038;puestoid=307&#038;comprarweb=false\" target=\"_blank\">OSTRAS PEPI<\/a><\/td><td style=\" text-transform: uppercase; \">PLAZA CIUDAD DE BRUJAS S\/N<\/td><td><a href=\"https:\/\/www.google.es\/maps\/?q=PLAZA+CIUDAD+DE+BRUJAS+S%2FN+46001\" target=\"_blank\">Veure ubicaci\u00f3<\/a><\/td><\/tr><tr><td><img decoding=\"async\" src=\"\/wp-content\/uploads\/logos_establecimientos\/68777c331cf5e.jpg\" loading=\"lazy\" style=\"width: 40px; height: 40px; object-fit: contain; border-radius: 50%; vertical-align: middle; margin-right: 6px;\">OUS XAVI<\/td><td style=\" text-transform: uppercase; \">PLAZA ROJAS CLEMENTE MERCADO RC 29<\/td><td><a href=\"https:\/\/www.google.es\/maps\/?q=PLAZA+ROJAS+CLEMENTE+MERCADO+RC+29+46008\" target=\"_blank\">Veure ubicaci\u00f3<\/a><\/td><\/tr><tr><td><img decoding=\"async\" src=\"\/wp-content\/uploads\/logos_establecimientos\/68777cf60f4ca.jpg\" loading=\"lazy\" style=\"width: 40px; height: 40px; object-fit: contain; border-radius: 50%; vertical-align: middle; margin-right: 6px;\">OUS XAVI<\/td><td style=\" text-transform: uppercase; \">MERCADO DE RUZAFA PARADA 86 EXT<\/td><td><a href=\"https:\/\/www.google.es\/maps\/?q=MERCADO+DE+RUZAFA+PARADA+86+EXT+46006\" target=\"_blank\">Veure ubicaci\u00f3<\/a><\/td><\/tr><tr><td><a href=\"https:\/\/www.mercadocentralvalencia.es\/mercado\/productosparada?seccionid=9&#038;puestoid=108&#038;comprarweb=false\" target=\"_blank\">PA I DOL\u00c7 ELENITA<\/a><\/td><td style=\" text-transform: uppercase; \">MERCADO CENTRAL VALENCIA<\/td><td><a href=\"https:\/\/www.google.es\/maps\/?q=MERCADO+CENTRAL+VALENCIA+46001\" target=\"_blank\">Veure ubicaci\u00f3<\/a><\/td><\/tr><tr><td><a href=\"https:\/\/www.mercadocentralvalencia.es\/mercado\/productosparada?seccionid=10&#038;puestoid=153&#038;comprarweb=false\" target=\"_blank\">PAELLA CHEF<\/a><\/td><td style=\" text-transform: uppercase; \">PLAZA CIUDAD DE BRUJAS S\/N<\/td><td><a href=\"https:\/\/www.google.es\/maps\/?q=PLAZA+CIUDAD+DE+BRUJAS+S%2FN+46001\" target=\"_blank\">Veure ubicaci\u00f3<\/a><\/td><\/tr><tr><td><a href=\"https:\/\/www.mercadocentralvalencia.es\/mercado\/productosparada?seccionid=2&#038;puestoid=1&#038;comprarweb=false\" target=\"_blank\">PALANCA CARNISSERS<\/a><\/td><td style=\" text-transform: uppercase; \">MERCADO CENTRAL VALENCIA<\/td><td><a href=\"https:\/\/www.google.es\/maps\/?q=MERCADO+CENTRAL+VALENCIA+46001\" target=\"_blank\">Veure ubicaci\u00f3<\/a><\/td><\/tr><tr><td>PANADERIA INMA   &#8211;  MERCADO DE ALGIR\u00d3S<\/td><td style=\" text-transform: uppercase; \">PLAZA SAN FELIPE NERI S\/N<\/td><td><a href=\"https:\/\/www.google.es\/maps\/?q=PLAZA+SAN+FELIPE+NERI+S%2FN+46021\" target=\"_blank\">Veure ubicaci\u00f3<\/a><\/td><\/tr><tr><td><a href=\"https:\/\/www.mercadocentralvalencia.es\/mercado\/verparada?puestoid=132&#038;comprarweb=false\" target=\"_blank\">PELADILLAS Y TURRONES NAVARRO<\/a><\/td><td style=\" text-transform: uppercase; \">MERCADO CENTRAL VALENCIA<\/td><td><a href=\"https:\/\/www.google.es\/maps\/?q=MERCADO+CENTRAL+VALENCIA+46001\" target=\"_blank\">Veure ubicaci\u00f3<\/a><\/td><\/tr><tr><td><a href=\"\/\/-\" target=\"_blank\">PELUQUERIA ESTHER    &#8211;   MERCADO DE ALGIR\u00d3S<\/a><\/td><td style=\" text-transform: uppercase; \">PLAZA SAN FELIPE NERI S\/N<\/td><td><a href=\"https:\/\/www.google.es\/maps\/?q=PLAZA+SAN+FELIPE+NERI+S%2FN+46021\" target=\"_blank\">Veure ubicaci\u00f3<\/a><\/td><\/tr><tr><td><a href=\"https:\/\/www.mercadocentralvalencia.es\/mercado\/verparada?puestoid=242&#038;comprarweb=false\" target=\"_blank\">PEPE VICENT<\/a><\/td><td style=\" text-transform: uppercase; \">MERCADO CENTRAL VALENCIA<\/td><td><a href=\"https:\/\/www.google.es\/maps\/?q=MERCADO+CENTRAL+VALENCIA+46001\" target=\"_blank\">Veure ubicaci\u00f3<\/a><\/td><\/tr><tr><td><a href=\"https:\/\/www.mercadocentralvalencia.es\/mercado\/productosparada?seccionid=11&#038;puestoid=274&#038;comprarweb=false\" target=\"_blank\">PESCADERIA ANGELES DEL AMOR<\/a><\/td><td style=\" text-transform: uppercase; \">MERCADO CENTRAL VALENCIA<\/td><td><a href=\"https:\/\/www.google.es\/maps\/?q=MERCADO+CENTRAL+VALENCIA+46001\" target=\"_blank\">Veure ubicaci\u00f3<\/a><\/td><\/tr><tr><td><a href=\"https:\/\/www.mercadocentralvalencia.es\/mercado\/productosparada?seccionid=11&#038;puestoid=273&#038;comprarweb=false\" target=\"_blank\">PESCADERIA NOELIA LOPEZ<\/a><\/td><td style=\" text-transform: uppercase; \">MERCADO CENTRAL VALENCIA<\/td><td><a href=\"https:\/\/www.google.es\/maps\/?q=MERCADO+CENTRAL+VALENCIA+46001\" target=\"_blank\">Veure ubicaci\u00f3<\/a><\/td><\/tr><tr><td><img decoding=\"async\" src=\"\/wp-content\/uploads\/logos_establecimientos\/68a0701fdf143.jpg\" loading=\"lazy\" style=\"width: 40px; height: 40px; object-fit: contain; border-radius: 50%; vertical-align: middle; margin-right: 6px;\">PESCADERIA PEPE Y ANA<\/td><td style=\" text-transform: uppercase; \">plaza baron de cortes s\/n<\/td><td><a href=\"https:\/\/www.google.es\/maps\/?q=plaza+baron+de+cortes+s%2Fn+46006\" target=\"_blank\">Veure ubicaci\u00f3<\/a><\/td><\/tr><tr><td><img decoding=\"async\" src=\"\/wp-content\/uploads\/logos_establecimientos\/6878dc591877c.jpg\" loading=\"lazy\" style=\"width: 40px; height: 40px; object-fit: contain; border-radius: 50%; vertical-align: middle; margin-right: 6px;\">PESCADERIA PORTER<\/td><td style=\" text-transform: uppercase; \">MERCADO DE RUZAFA PALCOS 24 A 27<\/td><td><a href=\"https:\/\/www.google.es\/maps\/?q=MERCADO+DE+RUZAFA+PALCOS+24+A+27+46006\" target=\"_blank\">Veure ubicaci\u00f3<\/a><\/td><\/tr><tr><td>PESCADERIA ROSA MARI<\/td><td style=\" text-transform: uppercase; \">MERCADO CENTRAL VALENCIA<\/td><td><a href=\"https:\/\/www.google.es\/maps\/?q=MERCADO+CENTRAL+VALENCIA+46001\" target=\"_blank\">Veure ubicaci\u00f3<\/a><\/td><\/tr><tr><td><a href=\"https:\/\/www.mercadocentralvalencia.es\/mercado\/productosparada?seccionid=11&#038;puestoid=253&#038;comprarweb=false\" target=\"_blank\">PESCADOS ALFREDO GIL<\/a><\/td><td style=\" text-transform: uppercase; \">MERCADO CENTRAL VALENCIA<\/td><td><a href=\"https:\/\/www.google.es\/maps\/?q=MERCADO+CENTRAL+VALENCIA+46001\" target=\"_blank\">Veure ubicaci\u00f3<\/a><\/td><\/tr><tr><td><img decoding=\"async\" src=\"\/wp-content\/uploads\/logos_establecimientos\/66b5c33341b97.jpg\" loading=\"lazy\" style=\"width: 40px; height: 40px; object-fit: contain; border-radius: 50%; vertical-align: middle; margin-right: 6px;\"><a href=\"https:\/\/mercadocabanyal.es\/directorio\/amparo-peix\/\" target=\"_blank\">PESCADOS AMPARO  &#8211;  MERCADO DEL CABA\u00d1AL<\/a><\/td><td style=\" text-transform: uppercase; \">C\/ MARTI GRAJALES, 4<\/td><td><a href=\"https:\/\/www.google.es\/maps\/?q=C%2F+MARTI+GRAJALES%2C+4+46011\" target=\"_blank\">Veure ubicaci\u00f3<\/a><\/td><\/tr><tr><td><a href=\"https:\/\/www.mercadocentralvalencia.es\/mercado\/verparada?puestoid=296&#038;comprarweb=false\" target=\"_blank\">PESCADOS ANA Y ALBERTO<\/a><\/td><td style=\" text-transform: uppercase; \">MERCADO CENTRAL VALENCIA<\/td><td><a href=\"https:\/\/www.google.es\/maps\/?q=MERCADO+CENTRAL+VALENCIA+46001\" target=\"_blank\">Veure ubicaci\u00f3<\/a><\/td><\/tr><tr><td><a href=\"https:\/\/www.mercadocentralvalencia.es\/mercado\/directorio?comprarweb=false\" target=\"_blank\">PESCADOS ARTURO<\/a><\/td><td style=\" text-transform: uppercase; \">MERCADO CENTRAL VALENCIA<\/td><td><a href=\"https:\/\/www.google.es\/maps\/?q=MERCADO+CENTRAL+VALENCIA+46001\" target=\"_blank\">Veure ubicaci\u00f3<\/a><\/td><\/tr><tr><td><img decoding=\"async\" src=\"\/wp-content\/uploads\/logos_establecimientos\/651595f56ebe8.jpg\" loading=\"lazy\" style=\"width: 40px; height: 40px; object-fit: contain; border-radius: 50%; vertical-align: middle; margin-right: 6px;\"><a href=\"https:\/\/www.instagram.com\/pescados_bianca\/\" target=\"_blank\">PESCADOS BIANCA   &#8211;   MERCADO DEL CABA\u00d1AL<\/a><\/td><td style=\" text-transform: uppercase; \">C\/ MARTI GRAJALES, 4<\/td><td><a href=\"https:\/\/www.google.es\/maps\/?q=C%2F+MARTI+GRAJALES%2C+4+46011\" target=\"_blank\">Veure ubicaci\u00f3<\/a><\/td><\/tr><tr><td>PESCADOS DAVID  &#8211; MERCADO DE ALGIROS<\/td><td style=\" text-transform: uppercase; \">PLAZA SAN FELIPE NERI S\/N<\/td><td><a href=\"https:\/\/www.google.es\/maps\/?q=PLAZA+SAN+FELIPE+NERI+S%2FN+46021\" target=\"_blank\">Veure ubicaci\u00f3<\/a><\/td><\/tr><tr><td><a href=\"https:\/\/www.mercadocentralvalencia.es\/mercado\/productosparada?seccionid=11&#038;puestoid=258&#038;comprarweb=true\" target=\"_blank\">PESCADOS DELMA ALHAMBRA<\/a><\/td><td style=\" text-transform: uppercase; \">Mercado Central Valencia. Pza. Ciutat de Brujas s\/n<\/td><td><a href=\"https:\/\/www.google.es\/maps\/?q=Mercado+Central+Valencia.+Pza.+Ciutat+de+Brujas+s%2Fn+46001\" target=\"_blank\">Veure ubicaci\u00f3<\/a><\/td><\/tr><tr><td><a href=\"https:\/\/www.mercadocentralvalencia.es\/mercado\/productosparada?seccionid=11&#038;puestoid=263&#038;comprarweb=false\" target=\"_blank\">PESCADOS EL CHATO VALENCIA S.L.<\/a><\/td><td style=\" text-transform: uppercase; \">MERCADO CENTRAL VALENCIA<\/td><td><a href=\"https:\/\/www.google.es\/maps\/?q=MERCADO+CENTRAL+VALENCIA+46001\" target=\"_blank\">Veure ubicaci\u00f3<\/a><\/td><\/tr><tr><td><a href=\"https:\/\/www.mercadocentralvalencia.es\/mercado\/verparada?puestoid=256&#038;comprarweb=false\" target=\"_blank\">PESCADOS GUILLEM<\/a><\/td><td style=\" text-transform: uppercase; \">MERCADO CENTRAL VALENCIA<\/td><td><a href=\"https:\/\/www.google.es\/maps\/?q=MERCADO+CENTRAL+VALENCIA+46001\" target=\"_blank\">Veure ubicaci\u00f3<\/a><\/td><\/tr><tr><td><a href=\"https:\/\/www.mercadocentralvalencia.es\/mercado\/productosparada?seccionid=11&#038;puestoid=306&#038;comprarweb=false\" target=\"_blank\">PESCADOS JAVIER<\/a><\/td><td style=\" text-transform: uppercase; \">MERCADO CENTRAL VALENCIA<\/td><td><a href=\"https:\/\/www.google.es\/maps\/?q=MERCADO+CENTRAL+VALENCIA+46001\" target=\"_blank\">Veure ubicaci\u00f3<\/a><\/td><\/tr><tr><td><img decoding=\"async\" src=\"\/wp-content\/uploads\/logos_establecimientos\/66b5cff780b9d.jpeg\" loading=\"lazy\" style=\"width: 40px; height: 40px; object-fit: contain; border-radius: 50%; vertical-align: middle; margin-right: 6px;\"><a href=\"https:\/\/mercadocabanyal.es\/directorio\/pescados-la-jaquetona\/\" target=\"_blank\">PESCADOS LA JAQUETONA &#8211; MERCADO DEL CABA\u00d1AL<\/a><\/td><td style=\" text-transform: uppercase; \">C\/ MARTI GRAJALES, 4<\/td><td><a href=\"https:\/\/www.google.es\/maps\/?q=C%2F+MARTI+GRAJALES%2C+4+46011\" target=\"_blank\">Veure ubicaci\u00f3<\/a><\/td><\/tr><tr><td><a href=\"https:\/\/www.mercadocentralvalencia.es\/mercado\/productosparada?seccionid=11&#038;puestoid=282&#038;comprarweb=false\" target=\"_blank\">PESCADOS TERE Y TONI<\/a><\/td><td style=\" text-transform: uppercase; \">MERCADO CENTRAL VALENCIA <\/td><td><a href=\"https:\/\/www.google.es\/maps\/?q=MERCADO+CENTRAL+VALENCIA++46001\" target=\"_blank\">Veure ubicaci\u00f3<\/a><\/td><\/tr><tr><td><a href=\"https:\/\/www.mercadocentralvalencia.es\/mercado\/productosparada?seccionid=11&#038;puestoid=309&#038;comprarweb=false\" target=\"_blank\">PESCADOS Y MARISCOS AMPARO PUERTO<\/a><\/td><td style=\" text-transform: uppercase; \">MERCADO CENTRAL VALENCIA<\/td><td><a href=\"https:\/\/www.google.es\/maps\/?q=MERCADO+CENTRAL+VALENCIA+46001\" target=\"_blank\">Veure ubicaci\u00f3<\/a><\/td><\/tr><tr><td><a href=\"https:\/\/www.mercadocentralvalencia.es\/mercado\/productosparada?seccionid=11&#038;puestoid=276&#038;comprarweb=false\" target=\"_blank\">PESCADOS Y MARISCOS GUILLOT<\/a><\/td><td style=\" text-transform: uppercase; \">MERCADO CENTRAL VALENCIA<\/td><td><a href=\"https:\/\/www.google.es\/maps\/?q=MERCADO+CENTRAL+VALENCIA+46001\" target=\"_blank\">Veure ubicaci\u00f3<\/a><\/td><\/tr><tr><td><a href=\"\/\/-\" target=\"_blank\">PESCADOS Y MARISCOS HNOS MONTESA &#8211; MERCADO DE ALGIROS<\/a><\/td><td style=\" text-transform: uppercase; \">PLAZA SAN FELIPE NERI S\/N<\/td><td><a href=\"https:\/\/www.google.es\/maps\/?q=PLAZA+SAN+FELIPE+NERI+S%2FN+46021\" target=\"_blank\">Veure ubicaci\u00f3<\/a><\/td><\/tr><tr><td><a href=\"https:\/\/www.mercadocentralvalencia.es\/mercado\/productosparada?seccionid=11&#038;puestoid=285&#038;comprarweb=false\" target=\"_blank\">PESCADOS Y MARISCOS INMA<\/a><\/td><td style=\" text-transform: uppercase; \">MERCADO CENTRAL VALENCIA<\/td><td><a href=\"https:\/\/www.google.es\/maps\/?q=MERCADO+CENTRAL+VALENCIA+46001\" target=\"_blank\">Veure ubicaci\u00f3<\/a><\/td><\/tr><tr><td><img decoding=\"async\" src=\"\/wp-content\/uploads\/logos_establecimientos\/651597efa648e.jpg\" loading=\"lazy\" style=\"width: 40px; height: 40px; object-fit: contain; border-radius: 50%; vertical-align: middle; margin-right: 6px;\"><a href=\"https:\/\/www.instagram.com\/pescadosymariscosisabel\/\" target=\"_blank\">PESCADOS Y MARISCOS ISABEL   &#8211;   MERCADO DEL CABA\u00d1AL<\/a><\/td><td style=\" text-transform: uppercase; \">C\/ MARTI GRAJALES, 4<\/td><td><a href=\"https:\/\/www.google.es\/maps\/?q=C%2F+MARTI+GRAJALES%2C+4+46011\" target=\"_blank\">Veure ubicaci\u00f3<\/a><\/td><\/tr><tr><td><a href=\"https:\/\/www.mercadocentralvalencia.es\/mercado\/productosparada?seccionid=11&#038;puestoid=250&#038;comprarweb=false\" target=\"_blank\">PESCADOS Y MARISCOS JAVIER AZNAR<\/a><\/td><td style=\" text-transform: uppercase; \">PLAZA CIUDAD DE BRUJAS S\/N<\/td><td><a href=\"https:\/\/www.google.es\/maps\/?q=PLAZA+CIUDAD+DE+BRUJAS+S%2FN+46001\" target=\"_blank\">Veure ubicaci\u00f3<\/a><\/td><\/tr><tr><td><img decoding=\"async\" src=\"\/wp-content\/uploads\/logos_establecimientos\/6515f79bdd50f.jpg\" loading=\"lazy\" style=\"width: 40px; height: 40px; object-fit: contain; border-radius: 50%; vertical-align: middle; margin-right: 6px;\"><a href=\"https:\/\/mercadocabanyal.es\/directorio\/pescados-oscar\/\" target=\"_blank\">PESCADOS Y MARISCOS OSCAR   &#8211;  MERCADO DEL CABA\u00d1AL<\/a><\/td><td style=\" text-transform: uppercase; \">C\/ MARTI GRAJALES, 4<\/td><td><a href=\"https:\/\/www.google.es\/maps\/?q=C%2F+MARTI+GRAJALES%2C+4+46011\" target=\"_blank\">Veure ubicaci\u00f3<\/a><\/td><\/tr><tr><td><a href=\"https:\/\/www.mercadocentralvalencia.es\/mercado\/verparada?puestoid=272&#038;comprarweb=false\" target=\"_blank\">PESCADOS Y MARISCOS PACO Y MARIA ANGELES<\/a><\/td><td style=\" text-transform: uppercase; \">MERCADO CENTRAL VALENCIA <\/td><td><a href=\"https:\/\/www.google.es\/maps\/?q=MERCADO+CENTRAL+VALENCIA++46001\" target=\"_blank\">Veure ubicaci\u00f3<\/a><\/td><\/tr><tr><td><img decoding=\"async\" src=\"\/wp-content\/uploads\/logos_establecimientos\/66b4a75883857.jpg\" loading=\"lazy\" style=\"width: 40px; height: 40px; object-fit: contain; border-radius: 50%; vertical-align: middle; margin-right: 6px;\"><a href=\"https:\/\/mercadocabanyal.es\/directorio\/pescados-y-mariscos-sergio\/\" target=\"_blank\">PESCADOS Y MARISCOS SERGIO &#8211; MERCADO DEL CABA\u00d1AL<\/a><\/td><td style=\" text-transform: uppercase; \">C\/ MARTI GRAJALES, 4<\/td><td><a href=\"https:\/\/www.google.es\/maps\/?q=C%2F+MARTI+GRAJALES%2C+4+46011\" target=\"_blank\">Veure ubicaci\u00f3<\/a><\/td><\/tr><tr><td><a href=\"https:\/\/www.mercadocentralvalencia.es\/mercado\/productosparada?seccionid=8&#038;puestoid=106&#038;comprarweb=false\" target=\"_blank\">PLATANOS FUSTER<\/a><\/td><td style=\" text-transform: uppercase; \">MERCADO CENTRAL  PASIILLO SOROLLA PUESTOS 39 ,40 Y 41 <\/td><td><a href=\"https:\/\/www.google.es\/maps\/?q=MERCADO+CENTRAL++PASIILLO+SOROLLA+PUESTOS+39+%2C40+Y+41++46001\" target=\"_blank\">Veure ubicaci\u00f3<\/a><\/td><\/tr><tr><td>POLLERIA CARMEN  &#8211; MERCADO DE ALGIROS<\/td><td style=\" text-transform: uppercase; \">PLAZA SAN FELIPE NERI S\/N<\/td><td><a href=\"https:\/\/www.google.es\/maps\/?q=PLAZA+SAN+FELIPE+NERI+S%2FN+46021\" target=\"_blank\">Veure ubicaci\u00f3<\/a><\/td><\/tr><tr><td><img decoding=\"async\" src=\"\/wp-content\/uploads\/logos_establecimientos\/686ace80e7201.jpg\" loading=\"lazy\" style=\"width: 40px; height: 40px; object-fit: contain; border-radius: 50%; vertical-align: middle; margin-right: 6px;\"><a href=\"https:\/\/www.instagram.com\/cristina_vicent_polleria\/?hl=es\" target=\"_blank\">POLLERIA CARNICERIA CRISTINA VICENT<\/a><\/td><td style=\" text-transform: uppercase; \">MARTI GRAJALES, 4 MERCADO DEL CABA\u00d1AL<\/td><td><a href=\"https:\/\/www.google.es\/maps\/?q=MARTI+GRAJALES%2C+4+MERCADO+DEL+CABA%C3%91AL+46011\" target=\"_blank\">Veure ubicaci\u00f3<\/a><\/td><\/tr><tr><td>POLLERIA HNOS PEREZ   &#8211;   MERCADO DE ALGIR\u00d3S<\/td><td style=\" text-transform: uppercase; \">PLAZA SAN FELIPE NERI S\/N<\/td><td><a href=\"https:\/\/www.google.es\/maps\/?q=PLAZA+SAN+FELIPE+NERI+S%2FN+46021\" target=\"_blank\">Veure ubicaci\u00f3<\/a><\/td><\/tr><tr><td><a href=\"https:\/\/www.mercadocentralvalencia.es\/mercado\/productosparada?seccionid=1&#038;puestoid=49&#038;comprarweb=false\" target=\"_blank\">POLLERIA MARIA Y ROSA <\/a><\/td><td style=\" text-transform: uppercase; \">MERCADO CENTRAL CL. LA PAJA PALCOS 9,784,183, Y 182<\/td><td><a href=\"https:\/\/www.google.es\/maps\/?q=MERCADO+CENTRAL+CL.+LA+PAJA+PALCOS+9%2C784%2C183%2C+Y+182+46001\" target=\"_blank\">Veure ubicaci\u00f3<\/a><\/td><\/tr><tr><td>POLLERIA MIGUEL Y PLI<\/td><td style=\" text-transform: uppercase; \">mercado municipal de algiros puestos 103 a 107 <\/td><td><a href=\"https:\/\/www.google.es\/maps\/?q=mercado+municipal+de+algiros+puestos+103+a+107++46021\" target=\"_blank\">Veure ubicaci\u00f3<\/a><\/td><\/tr><tr><td><img decoding=\"async\" src=\"\/wp-content\/uploads\/logos_establecimientos\/686c08c18de0d.jpeg\" loading=\"lazy\" style=\"width: 40px; height: 40px; object-fit: contain; border-radius: 50%; vertical-align: middle; margin-right: 6px;\">POLLER\u00cdA P\u00c9REZ<\/td><td style=\" text-transform: uppercase; \">Plaza Ciudad de Brujas, S\/N, Mercado Central Pollos Perez<\/td><td><a href=\"https:\/\/www.google.es\/maps\/?q=Plaza+Ciudad+de+Brujas%2C+S%2FN%2C+Mercado+Central+Pollos+Perez+46001\" target=\"_blank\">Veure ubicaci\u00f3<\/a><\/td><\/tr><tr><td>POLLERIA PILAR<\/td><td style=\" text-transform: uppercase; \">PLAZA JESUS &#8211; MERCADO JESUS-PATRAIX<\/td><td><a href=\"https:\/\/www.google.es\/maps\/?q=PLAZA+JESUS+-+MERCADO+JESUS-PATRAIX+46007\" target=\"_blank\">Veure ubicaci\u00f3<\/a><\/td><\/tr><tr><td>POLLERIA VICENTE Y LOLI<\/td><td style=\" text-transform: uppercase; \">Mercado municipal de Ruzafa (Pza. Bar\u00f3n de Cort\u00e9s)<\/td><td><a href=\"https:\/\/www.google.es\/maps\/?q=Mercado+municipal+de+Ruzafa+%28Pza.+Bar%C3%B3n+de+Cort%C3%A9s%29+46005\" target=\"_blank\">Veure ubicaci\u00f3<\/a><\/td><\/tr><tr><td><img decoding=\"async\" src=\"\/wp-content\/uploads\/logos_establecimientos\/651aa204269f0.jpeg\" loading=\"lazy\" style=\"width: 40px; height: 40px; object-fit: contain; border-radius: 50%; vertical-align: middle; margin-right: 6px;\"><a href=\"https:\/\/mercadocabanyal.es\/directorio\/pollos-pepe-vicent\/\" target=\"_blank\">POLLOS PEPE VICENT   &#8211;  MERCADO DEL CABA\u00d1AL<\/a><\/td><td style=\" text-transform: uppercase; \">C\/ MARTI GRAJALES, 4<\/td><td><a href=\"https:\/\/www.google.es\/maps\/?q=C%2F+MARTI+GRAJALES%2C+4+46011\" target=\"_blank\">Veure ubicaci\u00f3<\/a><\/td><\/tr><tr><td><a href=\"https:\/\/www.mercadocentralvalencia.es\/mercado\/productosparada?seccionid=2&#038;puestoid=312&#038;comprarweb=false\" target=\"_blank\">POTROS DE NAVARRA<\/a><\/td><td style=\" text-transform: uppercase; \">MERCADO CENTRAL VALENCIA<\/td><td><a href=\"https:\/\/www.google.es\/maps\/?q=MERCADO+CENTRAL+VALENCIA+46001\" target=\"_blank\">Veure ubicaci\u00f3<\/a><\/td><\/tr><tr><td><a href=\"https:\/\/www.mercadocentralvalencia.es\/mercado\/productosparada?seccionid=10&#038;puestoid=91&#038;comprarweb=false\" target=\"_blank\">RETROGUSTO COFFEEMATES<\/a><\/td><td style=\" text-transform: uppercase; \">MERCADO CENTRAL VALENCIA<\/td><td><a href=\"https:\/\/www.google.es\/maps\/?q=MERCADO+CENTRAL+VALENCIA+46001\" target=\"_blank\">Veure ubicaci\u00f3<\/a><\/td><\/tr><tr><td><a href=\"https:\/\/www.mercadocentralvalencia.es\/mercado\/productosparada?seccionid=2&#038;puestoid=31&#038;comprarweb=false\" target=\"_blank\">ROSA LLORIS<\/a><\/td><td style=\" text-transform: uppercase; \">MERCADO CENTRAL VALENCIA<\/td><td><a href=\"https:\/\/www.google.es\/maps\/?q=MERCADO+CENTRAL+VALENCIA+46001\" target=\"_blank\">Veure ubicaci\u00f3<\/a><\/td><\/tr><tr><td><img decoding=\"async\" src=\"\/wp-content\/uploads\/logos_establecimientos\/68d3f79506765.jpeg\" loading=\"lazy\" style=\"width: 40px; height: 40px; object-fit: contain; border-radius: 50%; vertical-align: middle; margin-right: 6px;\">RUTA DE SABORES<\/td><td style=\" text-transform: uppercase; \">CALLE CRISTO DEL GRAO (MERCADO DEL GRAO PUESTO 7)<\/td><td><a href=\"https:\/\/www.google.es\/maps\/?q=CALLE+CRISTO+DEL+GRAO+%28MERCADO+DEL+GRAO+PUESTO+7%29+46011\" target=\"_blank\">Veure ubicaci\u00f3<\/a><\/td><\/tr><tr><td><a href=\"https:\/\/www.mercadocentralvalencia.es\/mercado\/productosparada?seccionid=12&#038;puestoid=66&#038;comprarweb=true\" target=\"_blank\">SALADURES HECTOR PERIS<\/a><\/td><td style=\" text-transform: uppercase; \">MERCADO CENTRAL VLC<\/td><td><a href=\"https:\/\/www.google.es\/maps\/?q=MERCADO+CENTRAL+VLC+46001\" target=\"_blank\">Veure ubicaci\u00f3<\/a><\/td><\/tr><tr><td><img decoding=\"async\" src=\"\/wp-content\/uploads\/logos_establecimientos\/68b5afaf9a24d.png\" loading=\"lazy\" style=\"width: 40px; height: 40px; object-fit: contain; border-radius: 50%; vertical-align: middle; margin-right: 6px;\"><a href=\"\/\/www.salazonarte.com\" target=\"_blank\">SALAZONARTE<\/a><\/td><td style=\" text-transform: uppercase; \">Plaza de Mercado S\/N (Mercado Central de Valencia)<\/td><td><a href=\"https:\/\/www.google.es\/maps\/?q=Plaza+de+Mercado+S%2FN+%28Mercado+Central+de+Valencia%29+46001\" target=\"_blank\">Veure ubicaci\u00f3<\/a><\/td><\/tr><tr><td>SALAZONES JUAN FERRER  &#8211; MERCADO DE ALGIR\u00d3S<\/td><td style=\" text-transform: uppercase; \">PLAZA SAN FELIPE NERI S\/N<\/td><td><a href=\"https:\/\/www.google.es\/maps\/?q=PLAZA+SAN+FELIPE+NERI+S%2FN+46021\" target=\"_blank\">Veure ubicaci\u00f3<\/a><\/td><\/tr><tr><td><a href=\"https:\/\/www.mercadocentralvalencia.es\/mercado\/productosparada?seccionid=12&#038;puestoid=21&#038;comprarweb=false\" target=\"_blank\">SALAZONES LA MIRE\u00d1A<\/a><\/td><td style=\" text-transform: uppercase; \">MERCADO CENTRAL VALENCIA<\/td><td><a href=\"https:\/\/www.google.es\/maps\/?q=MERCADO+CENTRAL+VALENCIA+46001\" target=\"_blank\">Veure ubicaci\u00f3<\/a><\/td><\/tr><tr><td>SALAZONES SARA &#8211; MERCADO DE ALGIROS<\/td><td style=\" text-transform: uppercase; \">PLAZA SAN FELIPE NERI S\/N<\/td><td><a href=\"https:\/\/www.google.es\/maps\/?q=PLAZA+SAN+FELIPE+NERI+S%2FN+46011\" target=\"_blank\">Veure ubicaci\u00f3<\/a><\/td><\/tr><tr><td><img decoding=\"async\" src=\"\/wp-content\/uploads\/logos_establecimientos\/66c6f62d5e844.jpg\" loading=\"lazy\" style=\"width: 40px; height: 40px; object-fit: contain; border-radius: 50%; vertical-align: middle; margin-right: 6px;\"><a href=\"https:\/\/mercadocabanyal.es\/directorio\/salazones-ximo-gay-y-eugenia\/\" target=\"_blank\">SALAZONES XIMO GAY Y EUGENIA<\/a><\/td><td style=\" text-transform: uppercase; \">C\/ MARTI GRAJALES, 4<\/td><td><a href=\"https:\/\/www.google.es\/maps\/?q=C%2F+MARTI+GRAJALES%2C+4+46011\" target=\"_blank\">Veure ubicaci\u00f3<\/a><\/td><\/tr><tr><td><a href=\"https:\/\/www.mercadocentralvalencia.es\/mercado\/verparada?puestoid=115&#038;comprarweb=false\" target=\"_blank\">SALAZONES Y OLIVES INMA PE\u00d1ALVER<\/a><\/td><td style=\" text-transform: uppercase; \">MERCADO CENTRAL VALENCIA<\/td><td><a href=\"https:\/\/www.google.es\/maps\/?q=MERCADO+CENTRAL+VALENCIA+46001\" target=\"_blank\">Veure ubicaci\u00f3<\/a><\/td><\/tr><tr><td>SAMBORI FRUITES I VERDURES &#8211; MERCADO CABA\u00d1AL<\/td><td style=\" text-transform: uppercase; \">C\/ Marti Grajales, 4<\/td><td><a href=\"https:\/\/www.google.es\/maps\/?q=C%2F+Marti+Grajales%2C+4+46011\" target=\"_blank\">Veure ubicaci\u00f3<\/a><\/td><\/tr><tr><td><a href=\"https:\/\/www.mercadocentralvalencia.es\/mercado\/productosparada?seccionid=1&#038;puestoid=135&#038;comprarweb=false\" target=\"_blank\">SANTOS HUEVOS Y LEGUMBRES<\/a><\/td><td style=\" text-transform: uppercase; \">MERCADO CENTRAL VALENCIA<\/td><td><a href=\"https:\/\/www.google.es\/maps\/?q=MERCADO+CENTRAL+VALENCIA+46001\" target=\"_blank\">Veure ubicaci\u00f3<\/a><\/td><\/tr><tr><td><a href=\"https:\/\/www.mercadocentralvalencia.es\/mercado\/productosparada?seccionid=14&#038;puestoid=89&#038;comprarweb=false\" target=\"_blank\">SILVER ANGEL<\/a><\/td><td style=\" text-transform: uppercase; \">PLAZA CIUDAD DE BRUJAS S\/N<\/td><td><a href=\"https:\/\/www.google.es\/maps\/?q=PLAZA+CIUDAD+DE+BRUJAS+S%2FN+46001\" target=\"_blank\">Veure ubicaci\u00f3<\/a><\/td><\/tr><tr><td>SUPERGOURMET<\/td><td style=\" text-transform: uppercase; \">MERCADO CENTRAL<\/td><td><a href=\"https:\/\/www.google.es\/maps\/?q=MERCADO+CENTRAL+46001\" target=\"_blank\">Veure ubicaci\u00f3<\/a><\/td><\/tr><tr><td>SUPERGOURMET MERCADO CENTRAL<\/td><td style=\" text-transform: uppercase; \">MERCADO CENTRAL PUETOS 29-34<\/td><td><a href=\"https:\/\/www.google.es\/maps\/?q=MERCADO+CENTRAL+PUETOS+29-34+46001\" target=\"_blank\">Veure ubicaci\u00f3<\/a><\/td><\/tr><tr><td><img decoding=\"async\" src=\"\/wp-content\/uploads\/logos_establecimientos\/6863c344709ff.png\" loading=\"lazy\" style=\"width: 40px; height: 40px; object-fit: contain; border-radius: 50%; vertical-align: middle; margin-right: 6px;\"><a href=\"\/\/terraixufa.com\" target=\"_blank\">TERRA I XUFA. PRODUCTES ECOL\u00d2GICS<\/a><\/td><td style=\" text-transform: uppercase; \">Mercat municipal ROJAS CLEMENTE 39-40-41<\/td><td><a href=\"https:\/\/www.google.es\/maps\/?q=Mercat+municipal+ROJAS+CLEMENTE+39-40-41+46008\" target=\"_blank\">Veure ubicaci\u00f3<\/a><\/td><\/tr><tr><td><a href=\"https:\/\/www.mercadocentralvalencia.es\/mercado\/productosparada?seccionid=1&#038;puestoid=55&#038;comprarweb=false\" target=\"_blank\">TIA TERESA LA CASONA<\/a><\/td><td style=\" text-transform: uppercase; \">MERCADO CENTRAL VALENCIA<\/td><td><a href=\"https:\/\/www.google.es\/maps\/?q=MERCADO+CENTRAL+VALENCIA+46001\" target=\"_blank\">Veure ubicaci\u00f3<\/a><\/td><\/tr><tr><td><a href=\"https:\/\/www.mercadocentralvalencia.es\/mercado\/productosparada?seccionid=1&#038;puestoid=63&#038;comprarweb=false\" target=\"_blank\">TIA TERESA LA CASONA<\/a><\/td><td style=\" text-transform: uppercase; \">MERCADO CENTRAL VALENCIA<\/td><td><a href=\"https:\/\/www.google.es\/maps\/?q=MERCADO+CENTRAL+VALENCIA+46001\" target=\"_blank\">Veure ubicaci\u00f3<\/a><\/td><\/tr><tr><td><a href=\"https:\/\/www.mercadocentralvalencia.es\/mercado\/productosparada?seccionid=1&#038;puestoid=151&#038;comprarweb=false\" target=\"_blank\">TIA TERESA LA CASONA<\/a><\/td><td style=\" text-transform: uppercase; \">MERCADO CENTRAL VALENCIA<\/td><td><a href=\"https:\/\/www.google.es\/maps\/?q=MERCADO+CENTRAL+VALENCIA+46001\" target=\"_blank\">Veure ubicaci\u00f3<\/a><\/td><\/tr><tr><td><a href=\"https:\/\/www.mercadocentralvalencia.es\/mercado\/productosparada?seccionid=1&#038;puestoid=59&#038;comprarweb=false\" target=\"_blank\">TIA TERESA LA CASONA &#8211; PALCO 45-146<\/a><\/td><td style=\" text-transform: uppercase; \">MERCADO CENTRAL VALENCIA<\/td><td><a href=\"https:\/\/www.google.es\/maps\/?q=MERCADO+CENTRAL+VALENCIA+46001\" target=\"_blank\">Veure ubicaci\u00f3<\/a><\/td><\/tr><tr><td><a href=\"https:\/\/www.mercadocentralvalencia.es\/mercado\/verparada?puestoid=204&#038;comprarweb=false\" target=\"_blank\">TROPICAL MARKET<\/a><\/td><td style=\" text-transform: uppercase; \">MERCADO CENTRAL VALENCIA<\/td><td><a href=\"https:\/\/www.google.es\/maps\/?q=MERCADO+CENTRAL+VALENCIA+46001\" target=\"_blank\">Veure ubicaci\u00f3<\/a><\/td><\/tr><tr><td><a href=\"https:\/\/www.mercadocentralvalencia.es\/mercado\/productosparada?seccionid=18&#038;puestoid=176&#038;comprarweb=false\" target=\"_blank\">TROPICALMENTE HERBASANA<\/a><\/td><td style=\" text-transform: uppercase; \">MERCADO CENTRAL VALENCIA<\/td><td><a href=\"https:\/\/www.google.es\/maps\/?q=MERCADO+CENTRAL+VALENCIA+46001\" target=\"_blank\">Veure ubicaci\u00f3<\/a><\/td><\/tr><tr><td><a href=\"https:\/\/www.mercadocentralvalencia.es\/mercado\/productosparada?seccionid=10&#038;puestoid=96&#038;comprarweb=false\" target=\"_blank\">UNO MERCADO CENTRAL<\/a><\/td><td style=\" text-transform: uppercase; \">MERCADO CENTRAL VALENCIA<\/td><td><a href=\"https:\/\/www.google.es\/maps\/?q=MERCADO+CENTRAL+VALENCIA+46001\" target=\"_blank\">Veure ubicaci\u00f3<\/a><\/td><\/tr><tr><td>VERDURA Y FRUTA FRESCA V\u00cdCTOR Y AMPARO<\/td><td style=\" text-transform: uppercase; \">MERCAQDO RUZAFA PARADAS 229 A 232<\/td><td><a href=\"https:\/\/www.google.es\/maps\/?q=MERCAQDO+RUZAFA+PARADAS+229+A+232+46006\" target=\"_blank\">Veure ubicaci\u00f3<\/a><\/td><\/tr><tr><td><a href=\"https:\/\/www.mercadocentralvalencia.es\/mercado\/verparada?puestoid=143&#038;comprarweb=false\" target=\"_blank\">VERDURAS CARMEN CATALA<\/a><\/td><td style=\" text-transform: uppercase; \">MERCADO CENTRAL VALENCIA<\/td><td><a href=\"https:\/\/www.google.es\/maps\/?q=MERCADO+CENTRAL+VALENCIA+46001\" target=\"_blank\">Veure ubicaci\u00f3<\/a><\/td><\/tr><tr><td><img decoding=\"async\" src=\"\/wp-content\/uploads\/logos_establecimientos\/65159f349ff4a.jpg\" loading=\"lazy\" style=\"width: 40px; height: 40px; object-fit: contain; border-radius: 50%; vertical-align: middle; margin-right: 6px;\"><a href=\"https:\/\/mercadocabanyal.es\/directorio\/verduras-conchin\/\" target=\"_blank\">VERDURAS CONCHIN   &#8211;  MERCADO DEL CABA\u00d1AL<\/a><\/td><td style=\" text-transform: uppercase; \">C\/ MARTIGRAJALES, 4<\/td><td><a href=\"https:\/\/www.google.es\/maps\/?q=C%2F+MARTIGRAJALES%2C+4+46011\" target=\"_blank\">Veure ubicaci\u00f3<\/a><\/td><\/tr><tr><td><img decoding=\"async\" src=\"\/wp-content\/uploads\/logos_establecimientos\/651aa73f724dd.jpg\" loading=\"lazy\" style=\"width: 40px; height: 40px; object-fit: contain; border-radius: 50%; vertical-align: middle; margin-right: 6px;\"><a href=\"https:\/\/mercadocabanyal.es\/directorio\/verduras-cristina\/\" target=\"_blank\">VERDURAS CRISTINA   &#8211;  MERCADO DEL CABA\u00d1AL<\/a><\/td><td style=\" text-transform: uppercase; \">C\/ MARTI GRAJALES, 4<\/td><td><a href=\"https:\/\/www.google.es\/maps\/?q=C%2F+MARTI+GRAJALES%2C+4+46011\" target=\"_blank\">Veure ubicaci\u00f3<\/a><\/td><\/tr><tr><td><a href=\"https:\/\/www.mercadocentralvalencia.es\/mercado\/productosparada?seccionid=8&#038;puestoid=236&#038;comprarweb=false\" target=\"_blank\">VERDURAS FRANCISCO JULIA BARTOLOME<\/a><\/td><td style=\" text-transform: uppercase; \">MERCADO CENTRAL VALENCIA<\/td><td><a href=\"https:\/\/www.google.es\/maps\/?q=MERCADO+CENTRAL+VALENCIA+46001\" target=\"_blank\">Veure ubicaci\u00f3<\/a><\/td><\/tr><tr><td><a href=\"https:\/\/www.mercadocentralvalencia.es\/mercado\/verparada?puestoid=246&#038;comprarweb=false\" target=\"_blank\">VERDURAS MARIA<\/a><\/td><td style=\" text-transform: uppercase; \">MERCADO CENTRAL VALENCIA<\/td><td><a href=\"https:\/\/www.google.es\/maps\/?q=MERCADO+CENTRAL+VALENCIA+46001\" target=\"_blank\">Veure ubicaci\u00f3<\/a><\/td><\/tr><tr><td><img decoding=\"async\" src=\"\/wp-content\/uploads\/logos_establecimientos\/6515a1ee2176c.jpg\" loading=\"lazy\" style=\"width: 40px; height: 40px; object-fit: contain; border-radius: 50%; vertical-align: middle; margin-right: 6px;\"><a href=\"https:\/\/mercadocabanyal.es\/directorio\/frutas-y-verduras-mercedes-ferrer\/\" target=\"_blank\">VERDURAS MERCEDES   &#8211;   MERCADO DEL CABA\u00d1AL<\/a><\/td><td style=\" text-transform: uppercase; \">C\/ MARTI GRAJALES, 4<\/td><td><a href=\"https:\/\/www.google.es\/maps\/?q=C%2F+MARTI+GRAJALES%2C+4+46011\" target=\"_blank\">Veure ubicaci\u00f3<\/a><\/td><\/tr><tr><td>VERDURAS MICAELA<\/td><td style=\" text-transform: uppercase; \">Mercado de Ruzafa bajos fila  ptos 190-193<\/td><td><a href=\"https:\/\/www.google.es\/maps\/?q=Mercado+de+Ruzafa+bajos+fila++ptos+190-193+46006\" target=\"_blank\">Veure ubicaci\u00f3<\/a><\/td><\/tr><tr><td><img decoding=\"async\" src=\"\/wp-content\/uploads\/logos_establecimientos\/65171d6eeaab8.jpg\" loading=\"lazy\" style=\"width: 40px; height: 40px; object-fit: contain; border-radius: 50%; vertical-align: middle; margin-right: 6px;\"><a href=\"https:\/\/mercadocabanyal.es\/directorio\/frutas-y-verduras-miguel-salcedo\/\" target=\"_blank\">VERDURAS MIGUEL   &#8211;   MERCADO DEL CABA\u00d1AL<\/a><\/td><td style=\" text-transform: uppercase; \">C\/ MARTI GRAJALES, 4<\/td><td><a href=\"https:\/\/www.google.es\/maps\/?q=C%2F+MARTI+GRAJALES%2C+4+46011\" target=\"_blank\">Veure ubicaci\u00f3<\/a><\/td><\/tr><tr><td><img decoding=\"async\" src=\"\/wp-content\/uploads\/logos_establecimientos\/651604b85f663.jpg\" loading=\"lazy\" style=\"width: 40px; height: 40px; object-fit: contain; border-radius: 50%; vertical-align: middle; margin-right: 6px;\"><a href=\"https:\/\/mercadocabanyal.es\/directorio\/verduras-paco-y-tere\/\" target=\"_blank\">VERDURAS PACO Y TERE<\/a><\/td><td style=\" text-transform: uppercase; \">C\/ MARTI GRAJALES, 4<\/td><td><a href=\"https:\/\/www.google.es\/maps\/?q=C%2F+MARTI+GRAJALES%2C+4+46011\" target=\"_blank\">Veure ubicaci\u00f3<\/a><\/td><\/tr><tr><td><img decoding=\"async\" src=\"\/wp-content\/uploads\/logos_establecimientos\/66b4862c236dc.jpg\" loading=\"lazy\" style=\"width: 40px; height: 40px; object-fit: contain; border-radius: 50%; vertical-align: middle; margin-right: 6px;\"><a href=\"https:\/\/www.instagram.com\/teresa.fruitesiverdures\/?hl=es\" target=\"_blank\">VERDURAS TERESA &#8211; MERCADO DEL CABA\u00d1AL<\/a><\/td><td style=\" text-transform: uppercase; \">C\/ MARTI GRAJALES, 4<\/td><td><a href=\"https:\/\/www.google.es\/maps\/?q=C%2F+MARTI+GRAJALES%2C+4+46011\" target=\"_blank\">Veure ubicaci\u00f3<\/a><\/td><\/tr><tr><td><a href=\"https:\/\/www.mercadocentralvalencia.es\/mercado\/productosparada?seccionid=8&#038;puestoid=245&#038;comprarweb=false\" target=\"_blank\">VERDURAS Y FRUTAS ANGELITA<\/a><\/td><td style=\" text-transform: uppercase; \">PLAZA CIUDAD DE BRUJAS S\/N<\/td><td><a href=\"https:\/\/www.google.es\/maps\/?q=PLAZA+CIUDAD+DE+BRUJAS+S%2FN+46001\" target=\"_blank\">Veure ubicaci\u00f3<\/a><\/td><\/tr><tr><td><img decoding=\"async\" src=\"\/wp-content\/uploads\/logos_establecimientos\/66b483508aff8.jpg\" loading=\"lazy\" style=\"width: 40px; height: 40px; object-fit: contain; border-radius: 50%; vertical-align: middle; margin-right: 6px;\"><a href=\"https:\/\/mercadocabanyal.es\/directorio\/setas-y-verduras-vicente-sornosa\/\" target=\"_blank\">VERDURAS Y SETAS SORNOSA<\/a><\/td><td style=\" text-transform: uppercase; \">C\/ MARTI GRAJALES, 4<\/td><td><a href=\"https:\/\/www.google.es\/maps\/?q=C%2F+MARTI+GRAJALES%2C+4+46011\" target=\"_blank\">Veure ubicaci\u00f3<\/a><\/td><\/tr><tr><td><a href=\"\/\/viki_tu_pescaderia\" target=\"_blank\">VIKI TU PESCADERIA<\/a><\/td><td style=\" text-transform: uppercase; \">PZA ROJAS CLEMENTE, MERCADO ROJAS CLEMENTE PTO 75\/78<\/td><td><a href=\"https:\/\/www.google.es\/maps\/?q=PZA+ROJAS+CLEMENTE%2C+MERCADO+ROJAS+CLEMENTE+PTO+75%2F78+46008\" target=\"_blank\">Veure ubicaci\u00f3<\/a><\/td><\/tr><tr><td><a href=\"https:\/\/www.mercadocentralvalencia.es\/mercado\/verparada?puestoid=12&#038;comprarweb=false\" target=\"_blank\">XARCUTERIA LUIS MIGUEL<\/a><\/td><td style=\" text-transform: uppercase; \">MERCADO CENTRAL VALENCIA<\/td><td><a href=\"https:\/\/www.google.es\/maps\/?q=MERCADO+CENTRAL+VALENCIA+46001\" target=\"_blank\">Veure ubicaci\u00f3<\/a><\/td><\/tr><tr><td>XARCUTERIA MOLINA &#8211; MERCADO DEL CABA\u00d1AL<\/td><td style=\" text-transform: uppercase; \">C\/ MARTI GRAJALES, 4<\/td><td><a href=\"https:\/\/www.google.es\/maps\/?q=C%2F+MARTI+GRAJALES%2C+4+46011\" target=\"_blank\">Veure ubicaci\u00f3<\/a><\/td><\/tr><tr><td><img decoding=\"async\" src=\"\/wp-content\/uploads\/logos_establecimientos\/66bb344606602.jpeg\" loading=\"lazy\" style=\"width: 40px; height: 40px; object-fit: contain; border-radius: 50%; vertical-align: middle; margin-right: 6px;\"><a href=\"https:\/\/mercadocabanyal.es\/directorio\/xarcuteria-paqui\/\" target=\"_blank\">XARCUTERIA PAQUI &#8211; MERCADO DEL CABA\u00d1AL<\/a><\/td><td style=\" text-transform: uppercase; \">C\/ MARTI GRAJALES, 4<\/td><td><a href=\"https:\/\/www.google.es\/maps\/?q=C%2F+MARTI+GRAJALES%2C+4+46011\" target=\"_blank\">Veure ubicaci\u00f3<\/a><\/td><\/tr><tr><td><img decoding=\"async\" src=\"\/wp-content\/uploads\/logos_establecimientos\/68b82a9a91c8b.jpg\" loading=\"lazy\" style=\"width: 40px; height: 40px; object-fit: contain; border-radius: 50%; vertical-align: middle; margin-right: 6px;\"><a href=\"\/\/www.yerbasvivas.es\" target=\"_blank\">YERBAS VIVAS COSMETICA<\/a><\/td><td style=\" text-transform: uppercase; \">Puesto Mercado Central del 85 al 89<\/td><td><a href=\"https:\/\/www.google.es\/maps\/?q=Puesto+Mercado+Central+del+85+al+89+46001\" target=\"_blank\">Veure ubicaci\u00f3<\/a><\/td><\/tr><tr><td><img decoding=\"async\" src=\"\/wp-content\/uploads\/logos_establecimientos\/68b82aec6d55e.jpg\" loading=\"lazy\" style=\"width: 40px; height: 40px; object-fit: contain; border-radius: 50%; vertical-align: middle; margin-right: 6px;\"><a href=\"\/\/www.yerbasvivas.es\" target=\"_blank\">YERBAS VIVAS COSMETICA<\/a><\/td><td style=\" text-transform: uppercase; \">Puesto Mercado Central del 85 al 89<\/td><td><a href=\"https:\/\/www.google.es\/maps\/?q=Puesto+Mercado+Central+del+85+al+89+46001\" target=\"_blank\">Veure ubicaci\u00f3<\/a><\/td><\/tr><\/table>[\/vc_tta_section][vc_tta_section title=&#8221;MERCERIA I PAQUETERIA&#8221; tab_id=&#8221;eccbc87e4b5ce2fe28308fd9f2a7baf3&#8243;]<table><tr><th>NOM<\/th><th>DIRECCI\u00d3<\/th><th>UBICACI\u00d3<\/th><\/tr><tr><td><img decoding=\"async\" src=\"\/wp-content\/uploads\/logos_establecimientos\/686f8129446c5.jpg\" loading=\"lazy\" style=\"width: 40px; height: 40px; object-fit: contain; border-radius: 50%; vertical-align: middle; margin-right: 6px;\"><a href=\"https:\/\/www.facebook.com\/antigonalencerias\" target=\"_blank\">ANTIGONA LENCER\u00cdA<\/a><\/td><td style=\" text-transform: uppercase; \">C\/Carcagente, 18<\/td><td><a href=\"https:\/\/www.google.es\/maps\/?q=C%2FCarcagente%2C+18+46007\" target=\"_blank\">Veure ubicaci\u00f3<\/a><\/td><\/tr><tr><td><img decoding=\"async\" src=\"\/wp-content\/uploads\/logos_establecimientos\/68dbb1979433d.png\" loading=\"lazy\" style=\"width: 40px; height: 40px; object-fit: contain; border-radius: 50%; vertical-align: middle; margin-right: 6px;\"><a href=\"https:\/\/coserycantarcabanyal.com\/es\/\" target=\"_blank\">COSER Y CANTAR<\/a><\/td><td style=\" text-transform: uppercase; \">C\/ JUSTO VILLAR NUM 9 <\/td><td><a href=\"https:\/\/www.google.es\/maps\/?q=C%2F+JUSTO+VILLAR+NUM+9++46011\" target=\"_blank\">Veure ubicaci\u00f3<\/a><\/td><\/tr><tr><td>EL CANTO DE GRESES<\/td><td style=\" text-transform: uppercase; \">CALLE BARON DE SAN PETRILLO N\u00ba 16<\/td><td><a href=\"https:\/\/www.google.es\/maps\/?q=CALLE+BARON+DE+SAN+PETRILLO+N%C2%BA+16+46020\" target=\"_blank\">Veure ubicaci\u00f3<\/a><\/td><\/tr><tr><td><img decoding=\"async\" src=\"\/wp-content\/uploads\/logos_establecimientos\/686663ea87875.png\" loading=\"lazy\" style=\"width: 40px; height: 40px; object-fit: contain; border-radius: 50%; vertical-align: middle; margin-right: 6px;\"><a href=\"https:\/\/www.instagram.com\/eltelardeisa\/?hl=es\" target=\"_blank\">EL TELAR DE ISA<\/a><\/td><td style=\" text-transform: uppercase; \">C\/ de l&#8217;Arquitecte Alfaro, 13<\/td><td><a href=\"https:\/\/www.google.es\/maps\/?q=C%2F+de+l%27Arquitecte+Alfaro%2C+13+46011\" target=\"_blank\">Veure ubicaci\u00f3<\/a><\/td><\/tr><tr><td><img decoding=\"async\" src=\"\/wp-content\/uploads\/logos_establecimientos\/6864efdfc5524.jpg\" loading=\"lazy\" style=\"width: 40px; height: 40px; object-fit: contain; border-radius: 50%; vertical-align: middle; margin-right: 6px;\"><a href=\"https:\/\/www.instagram.com\/embolic_vlc\" target=\"_blank\">EMBOLIC<\/a><\/td><td style=\" text-transform: uppercase; \">C\/ Impresor lambert Palmart, 4 <\/td><td><a href=\"https:\/\/www.google.es\/maps\/?q=C%2F+Impresor+lambert+Palmart%2C+4++46022\" target=\"_blank\">Veure ubicaci\u00f3<\/a><\/td><\/tr><tr><td><img decoding=\"async\" src=\"\/wp-content\/uploads\/logos_establecimientos\/688b686defda3.png\" loading=\"lazy\" style=\"width: 40px; height: 40px; object-fit: contain; border-radius: 50%; vertical-align: middle; margin-right: 6px;\">ENTRECOSTURA BENIMACLET<\/td><td style=\" text-transform: uppercase; \">Emilio Bar\u00f3 57 bajo. Tienda entrecostura<\/td><td><a href=\"https:\/\/www.google.es\/maps\/?q=Emilio+Bar%C3%B3+57+bajo.+Tienda+entrecostura+46020\" target=\"_blank\">Veure ubicaci\u00f3<\/a><\/td><\/tr><tr><td><img decoding=\"async\" src=\"\/wp-content\/uploads\/logos_establecimientos\/688c81378015b.jpg\" loading=\"lazy\" style=\"width: 40px; height: 40px; object-fit: contain; border-radius: 50%; vertical-align: middle; margin-right: 6px;\">ESTESIL<\/td><td style=\" text-transform: uppercase; \">Calle Olta, 45 Bajo<\/td><td><a href=\"https:\/\/www.google.es\/maps\/?q=Calle+Olta%2C+45+Bajo+46006\" target=\"_blank\">Veure ubicaci\u00f3<\/a><\/td><\/tr><tr><td><img decoding=\"async\" src=\"\/wp-content\/uploads\/logos_establecimientos\/68b8b9716a72c.jpg\" loading=\"lazy\" style=\"width: 40px; height: 40px; object-fit: contain; border-radius: 50%; vertical-align: middle; margin-right: 6px;\">GESMIL<\/td><td style=\" text-transform: uppercase; \">Sants Just i Pastor, 72<\/td><td><a href=\"https:\/\/www.google.es\/maps\/?q=Sants+Just+i+Pastor%2C+72+46022\" target=\"_blank\">Veure ubicaci\u00f3<\/a><\/td><\/tr><tr><td><img decoding=\"async\" src=\"\/wp-content\/uploads\/logos_establecimientos\/68cc7ab6d1c16.jpeg\" loading=\"lazy\" style=\"width: 40px; height: 40px; object-fit: contain; border-radius: 50%; vertical-align: middle; margin-right: 6px;\"><a href=\"\/\/www.laviejaoveja.com\" target=\"_blank\">LA VIEJA OVEJA<\/a><\/td><td style=\" text-transform: uppercase; \">c\/Naturalista Ar\u00e9valo Baca, 7 bajo izq.<\/td><td><a href=\"https:\/\/www.google.es\/maps\/?q=c%2FNaturalista+Ar%C3%A9valo+Baca%2C+7+bajo+izq.+46010\" target=\"_blank\">Veure ubicaci\u00f3<\/a><\/td><\/tr><tr><td><img decoding=\"async\" src=\"\/wp-content\/uploads\/logos_establecimientos\/651091569ffd2.jpg\" loading=\"lazy\" style=\"width: 40px; height: 40px; object-fit: contain; border-radius: 50%; vertical-align: middle; margin-right: 6px;\"><a href=\"\/\/www.ladelana.com\" target=\"_blank\">LADELANA<\/a><\/td><td style=\" text-transform: uppercase; \">PLAZA MOSEN SORELL, 11<\/td><td><a href=\"https:\/\/www.google.es\/maps\/?q=PLAZA+MOSEN+SORELL%2C+11+46003\" target=\"_blank\">Veure ubicaci\u00f3<\/a><\/td><\/tr><tr><td><img decoding=\"async\" src=\"\/wp-content\/uploads\/logos_establecimientos\/686d7a0c4909d.png\" loading=\"lazy\" style=\"width: 40px; height: 40px; object-fit: contain; border-radius: 50%; vertical-align: middle; margin-right: 6px;\"><a href=\"https:\/\/www.instagram.com\/lanasderechoyreves\/?hl=es\" target=\"_blank\">LANAS DERECHO Y REVES<\/a><\/td><td style=\" text-transform: uppercase; \">Calle Musico Padilla 4 bajo<\/td><td><a href=\"https:\/\/www.google.es\/maps\/?q=Calle+Musico+Padilla+4+bajo+46005\" target=\"_blank\">Veure ubicaci\u00f3<\/a><\/td><\/tr><tr><td><img decoding=\"async\" src=\"\/wp-content\/uploads\/logos_establecimientos\/68d4fb8f43f4e.png\" loading=\"lazy\" style=\"width: 40px; height: 40px; object-fit: contain; border-radius: 50%; vertical-align: middle; margin-right: 6px;\"><a href=\"\/\/www.brabracoa.com\" target=\"_blank\">LENCER\u00cdA CORSETER\u00cdA ANA<\/a><\/td><td style=\" text-transform: uppercase; \">Av\/P\u00e9rez Gald\u00f3s N3 Bajo 6<\/td><td><a href=\"https:\/\/www.google.es\/maps\/?q=Av%2FP%C3%A9rez+Gald%C3%B3s+N3+Bajo+6+46007\" target=\"_blank\">Veure ubicaci\u00f3<\/a><\/td><\/tr><tr><td><img decoding=\"async\" src=\"\/wp-content\/uploads\/logos_establecimientos\/6863c1f7bfc8c.jpg\" loading=\"lazy\" style=\"width: 40px; height: 40px; object-fit: contain; border-radius: 50%; vertical-align: middle; margin-right: 6px;\"><a href=\"\/\/lenceriaidona.com\" target=\"_blank\">LENCERIA TIFFANY<\/a><\/td><td style=\" text-transform: uppercase; \">C\/ C\u00e1diz, 53<\/td><td><a href=\"https:\/\/www.google.es\/maps\/?q=C%2F+C%C3%A1diz%2C+53+46006\" target=\"_blank\">Veure ubicaci\u00f3<\/a><\/td><\/tr><tr><td><img decoding=\"async\" src=\"\/wp-content\/uploads\/logos_establecimientos\/6863c2af0cc89.jpg\" loading=\"lazy\" style=\"width: 40px; height: 40px; object-fit: contain; border-radius: 50%; vertical-align: middle; margin-right: 6px;\"><a href=\"\/\/lenceriaidona.com\" target=\"_blank\">LENCERIA TIFFANY<\/a><\/td><td style=\" text-transform: uppercase; \">c\/ Emilio Baro, 3<\/td><td><a href=\"https:\/\/www.google.es\/maps\/?q=c%2F+Emilio+Baro%2C+3+46020\" target=\"_blank\">Veure ubicaci\u00f3<\/a><\/td><\/tr><tr><td><img decoding=\"async\" src=\"\/wp-content\/uploads\/logos_establecimientos\/6864bdae6ab37.jpg\" loading=\"lazy\" style=\"width: 40px; height: 40px; object-fit: contain; border-radius: 50%; vertical-align: middle; margin-right: 6px;\"><a href=\"\/\/lenceriaidona.com\" target=\"_blank\">LENCERIA TIFFANY<\/a><\/td><td style=\" text-transform: uppercase; \">Avda. Gaspar, 80<\/td><td><a href=\"https:\/\/www.google.es\/maps\/?q=Avda.+Gaspar%2C+80+46017\" target=\"_blank\">Veure ubicaci\u00f3<\/a><\/td><\/tr><tr><td><img decoding=\"async\" src=\"\/wp-content\/uploads\/logos_establecimientos\/6864be8fd70ae.jpg\" loading=\"lazy\" style=\"width: 40px; height: 40px; object-fit: contain; border-radius: 50%; vertical-align: middle; margin-right: 6px;\"><a href=\"\/\/lenceriaidona.com\" target=\"_blank\">LENCERIA TIFFANY<\/a><\/td><td style=\" text-transform: uppercase; \">c\/ Humanista Mariner, 13<\/td><td><a href=\"https:\/\/www.google.es\/maps\/?q=c%2F+Humanista+Mariner%2C+13+46018\" target=\"_blank\">Veure ubicaci\u00f3<\/a><\/td><\/tr><tr><td><img decoding=\"async\" src=\"\/wp-content\/uploads\/logos_establecimientos\/686f9b35410d8.jpg\" loading=\"lazy\" style=\"width: 40px; height: 40px; object-fit: contain; border-radius: 50%; vertical-align: middle; margin-right: 6px;\"><a href=\"\/\/www.lolatienda.es\" target=\"_blank\">LOLA<\/a><\/td><td style=\" text-transform: uppercase; \">C\/San Vicente de Pa\u00fal 11 <\/td><td><a href=\"https:\/\/www.google.es\/maps\/?q=C%2FSan+Vicente+de+Pa%C3%BAl+11++46019\" target=\"_blank\">Veure ubicaci\u00f3<\/a><\/td><\/tr><tr><td><img decoding=\"async\" src=\"\/wp-content\/uploads\/logos_establecimientos\/686d430b8adb0.png\" loading=\"lazy\" style=\"width: 40px; height: 40px; object-fit: contain; border-radius: 50%; vertical-align: middle; margin-right: 6px;\"><a href=\"https:\/\/www.instagram.com\/unmardefils\/\" target=\"_blank\">MAR DE FILS<\/a><\/td><td style=\" text-transform: uppercase; \">C\/ de Josep Benlliure, 71<\/td><td><a href=\"https:\/\/www.google.es\/maps\/?q=C%2F+de+Josep+Benlliure%2C+71+46011\" target=\"_blank\">Veure ubicaci\u00f3<\/a><\/td><\/tr><tr><td><img decoding=\"async\" src=\"\/wp-content\/uploads\/logos_establecimientos\/68835a2de7ec5.jpg\" loading=\"lazy\" style=\"width: 40px; height: 40px; object-fit: contain; border-radius: 50%; vertical-align: middle; margin-right: 6px;\">MAREL<\/td><td style=\" text-transform: uppercase; \">Avd de la plata 79<\/td><td><a href=\"https:\/\/www.google.es\/maps\/?q=Avd+de+la+plata+79+46006\" target=\"_blank\">Veure ubicaci\u00f3<\/a><\/td><\/tr><tr><td>MERCERIA CABRERA<\/td><td style=\" text-transform: uppercase; \">C\/ESCOLANO N\u00ba23<\/td><td><a href=\"https:\/\/www.google.es\/maps\/?q=C%2FESCOLANO+N%C2%BA23+46001\" target=\"_blank\">Veure ubicaci\u00f3<\/a><\/td><\/tr><tr><td><a href=\"\/\/www.merceriateladeara\u00f1a.es\" target=\"_blank\">MERCERIA LA TELA DE ARA\u00d1A<\/a><\/td><td style=\" text-transform: uppercase; \">Calle Salas Quiroga 13<\/td><td><a href=\"https:\/\/www.google.es\/maps\/?q=Calle+Salas+Quiroga+13+46007\" target=\"_blank\">Veure ubicaci\u00f3<\/a><\/td><\/tr><tr><td><img decoding=\"async\" src=\"\/wp-content\/uploads\/logos_establecimientos\/68dba56bdc0ee.jpg\" loading=\"lazy\" style=\"width: 40px; height: 40px; object-fit: contain; border-radius: 50%; vertical-align: middle; margin-right: 6px;\"><a href=\"\/\/www.merceriamarieta.com\" target=\"_blank\">MERCER\u00cdA MARIETA<\/a><\/td><td style=\" text-transform: uppercase; \">C\/ de Joan Lloren\u00e7 N\u00ba 14 MERCER\u00cdA MARIETA<\/td><td><a href=\"https:\/\/www.google.es\/maps\/?q=C%2F+de+Joan+Lloren%C3%A7+N%C2%BA+14+MERCER%C3%8DA+MARIETA+46008\" target=\"_blank\">Veure ubicaci\u00f3<\/a><\/td><\/tr><tr><td><img decoding=\"async\" src=\"\/wp-content\/uploads\/logos_establecimientos\/68874927d7386.jpg\" loading=\"lazy\" style=\"width: 40px; height: 40px; object-fit: contain; border-radius: 50%; vertical-align: middle; margin-right: 6px;\"><a href=\"https:\/\/www.merceriapalomabonachea.com\/\" target=\"_blank\">MERCERIA PALOMA BONACHEA<\/a><\/td><td style=\" text-transform: uppercase; \">C\/ Escalante, 158-bajo<\/td><td><a href=\"https:\/\/www.google.es\/maps\/?q=C%2F+Escalante%2C+158-bajo+46011\" target=\"_blank\">Veure ubicaci\u00f3<\/a><\/td><\/tr><tr><td>SOBREFIL MERCERIA<\/td><td style=\" text-transform: uppercase; \">CALLE ADRESSADORS 17 BAJO<\/td><td><a href=\"https:\/\/www.google.es\/maps\/?q=CALLE+ADRESSADORS+17+BAJO+46001\" target=\"_blank\">Veure ubicaci\u00f3<\/a><\/td><\/tr><tr><td><img decoding=\"async\" src=\"\/wp-content\/uploads\/logos_establecimientos\/686fa2acaa0cc.jpg\" loading=\"lazy\" style=\"width: 40px; height: 40px; object-fit: contain; border-radius: 50%; vertical-align: middle; margin-right: 6px;\"><a href=\"\/\/tissora.es\" target=\"_blank\">TISSORA<\/a><\/td><td style=\" text-transform: uppercase; \">C\/ABASTOS, 3 BAJO<\/td><td><a href=\"https:\/\/www.google.es\/maps\/?q=C%2FABASTOS%2C+3+BAJO+46011\" target=\"_blank\">Veure ubicaci\u00f3<\/a><\/td><\/tr><tr><td>ZERNECKE<\/td><td style=\" text-transform: uppercase; \">C\/JUAN RAMON JIMENEZ ,27<\/td><td><a href=\"https:\/\/www.google.es\/maps\/?q=C%2FJUAN+RAMON+JIMENEZ+%2C27+46006\" target=\"_blank\">Veure ubicaci\u00f3<\/a><\/td><\/tr><\/table>[\/vc_tta_section][vc_tta_section title=&#8221;MOBLES I M\u00c0QUINES PER A OFICINES&#8221; tab_id=&#8221;4e732ced3463d06de0ca9a15b6153677&#8243;]<table><tr><th>NOM<\/th><th>DIRECCI\u00d3<\/th><th>UBICACI\u00d3<\/th><\/tr><tr><td><img decoding=\"async\" src=\"\/wp-content\/uploads\/logos_establecimientos\/6864e62565afd.jpeg\" loading=\"lazy\" style=\"width: 40px; height: 40px; object-fit: contain; border-radius: 50%; vertical-align: middle; margin-right: 6px;\"><a href=\"\/\/www.covaser.com\" target=\"_blank\">COVASER<\/a><\/td><td style=\" text-transform: uppercase; \">AVDA GENERAL AVIL\u00c9S, 53<\/td><td><a href=\"https:\/\/www.google.es\/maps\/?q=AVDA+GENERAL+AVIL%C3%89S%2C+53+46015\" target=\"_blank\">Veure ubicaci\u00f3<\/a><\/td><\/tr><tr><td><img decoding=\"async\" src=\"\/wp-content\/uploads\/logos_establecimientos\/6867b65cdccb5.png\" loading=\"lazy\" style=\"width: 40px; height: 40px; object-fit: contain; border-radius: 50%; vertical-align: middle; margin-right: 6px;\"><a href=\"https:\/\/dualred.com\" target=\"_blank\">DUALRED INFORMATICA<\/a><\/td><td style=\" text-transform: uppercase; \">C\/ ARQUITECTO ALFARO, 31 <\/td><td><a href=\"https:\/\/www.google.es\/maps\/?q=C%2F+ARQUITECTO+ALFARO%2C+31++46011\" target=\"_blank\">Veure ubicaci\u00f3<\/a><\/td><\/tr><tr><td><img decoding=\"async\" src=\"\/wp-content\/uploads\/logos_establecimientos\/68da61dbc73c5.png\" loading=\"lazy\" style=\"width: 40px; height: 40px; object-fit: contain; border-radius: 50%; vertical-align: middle; margin-right: 6px;\"><a href=\"\/\/www.ibertinta.es\" target=\"_blank\">IBERTINTA VALENCIA<\/a><\/td><td style=\" text-transform: uppercase; \">Av. Peris Y Valero 85 Bajo<\/td><td><a href=\"https:\/\/www.google.es\/maps\/?q=Av.+Peris+Y+Valero+85+Bajo+46006\" target=\"_blank\">Veure ubicaci\u00f3<\/a><\/td><\/tr><tr><td><img decoding=\"async\" src=\"\/wp-content\/uploads\/logos_establecimientos\/6864fd4df1cb7.jpg\" loading=\"lazy\" style=\"width: 40px; height: 40px; object-fit: contain; border-radius: 50%; vertical-align: middle; margin-right: 6px;\"><a href=\"\/\/www.impactovalencia.com\" target=\"_blank\">IMPACTO DISE\u00d1O<\/a><\/td><td style=\" text-transform: uppercase; \">Avda. peris y valero, 194 bajo<\/td><td><a href=\"https:\/\/www.google.es\/maps\/?q=Avda.+peris+y+valero%2C+194+bajo+46006\" target=\"_blank\">Veure ubicaci\u00f3<\/a><\/td><\/tr><\/table>[\/vc_tta_section][vc_tta_section title=&#8221;MOBLES PER A LA LLAR&#8221; tab_id=&#8221;70efdf2ec9b086079795c442636b55fb&#8221;]<table><tr><th>NOM<\/th><th>DIRECCI\u00d3<\/th><th>UBICACI\u00d3<\/th><\/tr><tr><td><img decoding=\"async\" src=\"\/wp-content\/uploads\/logos_establecimientos\/6878abb703336.jpg\" loading=\"lazy\" style=\"width: 40px; height: 40px; object-fit: contain; border-radius: 50%; vertical-align: middle; margin-right: 6px;\"><a href=\"\/\/www.180gradoscocinas.es\" target=\"_blank\">180 GRADOS COCINAS<\/a><\/td><td style=\" text-transform: uppercase; \">Cirilo Amoros, 33<\/td><td><a href=\"https:\/\/www.google.es\/maps\/?q=Cirilo+Amoros%2C+33+46004\" target=\"_blank\">Veure ubicaci\u00f3<\/a><\/td><\/tr><tr><td><img decoding=\"async\" src=\"\/wp-content\/uploads\/logos_establecimientos\/686cc7ccd88e3.jpg\" loading=\"lazy\" style=\"width: 40px; height: 40px; object-fit: contain; border-radius: 50%; vertical-align: middle; margin-right: 6px;\"><a href=\"\/\/www.artikalia.com\" target=\"_blank\">ARTIKALIA<\/a><\/td><td style=\" text-transform: uppercase; \">AVD DEL CID 4<\/td><td><a href=\"https:\/\/www.google.es\/maps\/?q=AVD+DEL+CID+4+46018\" target=\"_blank\">Veure ubicaci\u00f3<\/a><\/td><\/tr><tr><td><img decoding=\"async\" src=\"\/wp-content\/uploads\/logos_establecimientos\/66ab3d1b01c35.jpg\" loading=\"lazy\" style=\"width: 40px; height: 40px; object-fit: contain; border-radius: 50%; vertical-align: middle; margin-right: 6px;\"><a href=\"\/\/www.colchonescarrion.es\" target=\"_blank\">COLCHONES CARRION<\/a><\/td><td style=\" text-transform: uppercase; \">PEDRO III EL GRANDE, 14 BAJO<\/td><td><a href=\"https:\/\/www.google.es\/maps\/?q=PEDRO+III+EL+GRANDE%2C+14+BAJO+46005\" target=\"_blank\">Veure ubicaci\u00f3<\/a><\/td><\/tr><tr><td><img decoding=\"async\" src=\"\/wp-content\/uploads\/logos_establecimientos\/66ab3dcc748ed.jpg\" loading=\"lazy\" style=\"width: 40px; height: 40px; object-fit: contain; border-radius: 50%; vertical-align: middle; margin-right: 6px;\"><a href=\"\/\/www.colchonescarrion.es\" target=\"_blank\">COLCHONES CARRION<\/a><\/td><td style=\" text-transform: uppercase; \">SIERRA MARTES, 11<\/td><td><a href=\"https:\/\/www.google.es\/maps\/?q=SIERRA+MARTES%2C+11+46015\" target=\"_blank\">Veure ubicaci\u00f3<\/a><\/td><\/tr><tr><td><img decoding=\"async\" src=\"\/wp-content\/uploads\/logos_establecimientos\/66ab3e7db2dbd.jpg\" loading=\"lazy\" style=\"width: 40px; height: 40px; object-fit: contain; border-radius: 50%; vertical-align: middle; margin-right: 6px;\"><a href=\"\/\/www.colchonescarrion.es\" target=\"_blank\">COLCHONES CARRION<\/a><\/td><td style=\" text-transform: uppercase; \">SANTOS JUSTO Y PASTOR, 51<\/td><td><a href=\"https:\/\/www.google.es\/maps\/?q=SANTOS+JUSTO+Y+PASTOR%2C+51+46022\" target=\"_blank\">Veure ubicaci\u00f3<\/a><\/td><\/tr><tr><td><img decoding=\"async\" src=\"\/wp-content\/uploads\/logos_establecimientos\/686780288af7e.jpg\" loading=\"lazy\" style=\"width: 40px; height: 40px; object-fit: contain; border-radius: 50%; vertical-align: middle; margin-right: 6px;\"><a href=\"\/\/www.cosinestudio.com\" target=\"_blank\">COS\u00cdN<\/a><\/td><td style=\" text-transform: uppercase; \">C\/ SEVILLA,, 8<\/td><td><a href=\"https:\/\/www.google.es\/maps\/?q=C%2F+SEVILLA%2C%2C+8+46006\" target=\"_blank\">Veure ubicaci\u00f3<\/a><\/td><\/tr><tr><td><img decoding=\"async\" src=\"\/wp-content\/uploads\/logos_establecimientos\/686d4617d5303.jpg\" loading=\"lazy\" style=\"width: 40px; height: 40px; object-fit: contain; border-radius: 50%; vertical-align: middle; margin-right: 6px;\"><a href=\"https:\/\/g.co\/kgs\/kqnkdcf\" target=\"_blank\">DORMIJOVE<\/a><\/td><td style=\" text-transform: uppercase; \"> C\/ de la Reina, 65<\/td><td><a href=\"https:\/\/www.google.es\/maps\/?q=+C%2F+de+la+Reina%2C+65+46011\" target=\"_blank\">Veure ubicaci\u00f3<\/a><\/td><\/tr><tr><td><img decoding=\"async\" src=\"\/wp-content\/uploads\/logos_establecimientos\/68ad7c47aa697.jpg\" loading=\"lazy\" style=\"width: 40px; height: 40px; object-fit: contain; border-radius: 50%; vertical-align: middle; margin-right: 6px;\"><a href=\"https:\/\/dormitienda.com\/\" target=\"_blank\">DORMITIENDA<\/a><\/td><td style=\" text-transform: uppercase; \">CL OBISPO JAIME PEREZ, 12 Esc: D Planta: BJ Puerta: 3<\/td><td><a href=\"https:\/\/www.google.es\/maps\/?q=CL+OBISPO+JAIME+PEREZ%2C+12+Esc%3A+D+Planta%3A+BJ+Puerta%3A+3+46006\" target=\"_blank\">Veure ubicaci\u00f3<\/a><\/td><\/tr><tr><td><img decoding=\"async\" src=\"\/wp-content\/uploads\/logos_establecimientos\/68ad7d23a9960.jpg\" loading=\"lazy\" style=\"width: 40px; height: 40px; object-fit: contain; border-radius: 50%; vertical-align: middle; margin-right: 6px;\"><a href=\"https:\/\/dormitienda.com\/\" target=\"_blank\">DORMITIENDA<\/a><\/td><td style=\" text-transform: uppercase; \">CL ALBORAYA, 33<\/td><td><a href=\"https:\/\/www.google.es\/maps\/?q=CL+ALBORAYA%2C+33+46010\" target=\"_blank\">Veure ubicaci\u00f3<\/a><\/td><\/tr><tr><td><img decoding=\"async\" src=\"\/wp-content\/uploads\/logos_establecimientos\/68ad7e333c590.jpg\" loading=\"lazy\" style=\"width: 40px; height: 40px; object-fit: contain; border-radius: 50%; vertical-align: middle; margin-right: 6px;\"><a href=\"https:\/\/dormitienda.com\/\" target=\"_blank\">DORMITIENDA<\/a><\/td><td style=\" text-transform: uppercase; \">CL PERIS Y VALERO, 46<\/td><td><a href=\"https:\/\/www.google.es\/maps\/?q=CL+PERIS+Y+VALERO%2C+46+46006\" target=\"_blank\">Veure ubicaci\u00f3<\/a><\/td><\/tr><tr><td><img decoding=\"async\" src=\"\/wp-content\/uploads\/logos_establecimientos\/68ad7ebfeaf34.jpg\" loading=\"lazy\" style=\"width: 40px; height: 40px; object-fit: contain; border-radius: 50%; vertical-align: middle; margin-right: 6px;\"><a href=\"https:\/\/dormitienda.com\/\" target=\"_blank\">DORMITIENDA<\/a><\/td><td style=\" text-transform: uppercase; \">AV DEL PUERTO, 97 Puerta: BJ<\/td><td><a href=\"https:\/\/www.google.es\/maps\/?q=AV+DEL+PUERTO%2C+97+Puerta%3A+BJ+46021\" target=\"_blank\">Veure ubicaci\u00f3<\/a><\/td><\/tr><tr><td><img decoding=\"async\" src=\"\/wp-content\/uploads\/logos_establecimientos\/68ad7fc8585fa.jpg\" loading=\"lazy\" style=\"width: 40px; height: 40px; object-fit: contain; border-radius: 50%; vertical-align: middle; margin-right: 6px;\"><a href=\"https:\/\/dormitienda.com\/\" target=\"_blank\">DORMITIENDA<\/a><\/td><td style=\" text-transform: uppercase; \">CL QUART, 138 Puerta: IZ<\/td><td><a href=\"https:\/\/www.google.es\/maps\/?q=CL+QUART%2C+138+Puerta%3A+IZ+46002\" target=\"_blank\">Veure ubicaci\u00f3<\/a><\/td><\/tr><tr><td><img decoding=\"async\" src=\"\/wp-content\/uploads\/logos_establecimientos\/68ad8146734cf.jpg\" loading=\"lazy\" style=\"width: 40px; height: 40px; object-fit: contain; border-radius: 50%; vertical-align: middle; margin-right: 6px;\"><a href=\"https:\/\/dormitienda.com\/\" target=\"_blank\">DORMITIENDA<\/a><\/td><td style=\" text-transform: uppercase; \">CL RAMON Y CAJAL, 63<\/td><td><a href=\"https:\/\/www.google.es\/maps\/?q=CL+RAMON+Y+CAJAL%2C+63+46007\" target=\"_blank\">Veure ubicaci\u00f3<\/a><\/td><\/tr><tr><td><img decoding=\"async\" src=\"\/wp-content\/uploads\/logos_establecimientos\/68ad827d4e1e2.jpg\" loading=\"lazy\" style=\"width: 40px; height: 40px; object-fit: contain; border-radius: 50%; vertical-align: middle; margin-right: 6px;\"><a href=\"https:\/\/dormitienda.com\/\" target=\"_blank\">DORMITIENDA<\/a><\/td><td style=\" text-transform: uppercase; \">CL SAN VICENTE, 61<\/td><td><a href=\"https:\/\/www.google.es\/maps\/?q=CL+SAN+VICENTE%2C+61+46002\" target=\"_blank\">Veure ubicaci\u00f3<\/a><\/td><\/tr><tr><td><img decoding=\"async\" src=\"\/wp-content\/uploads\/logos_establecimientos\/68ad8300306b4.jpg\" loading=\"lazy\" style=\"width: 40px; height: 40px; object-fit: contain; border-radius: 50%; vertical-align: middle; margin-right: 6px;\"><a href=\"https:\/\/dormitienda.com\/\" target=\"_blank\">DORMITIENDA<\/a><\/td><td style=\" text-transform: uppercase; \">GV MARQUES DEL TURIA, 54 Puerta: A<\/td><td><a href=\"https:\/\/www.google.es\/maps\/?q=GV+MARQUES+DEL+TURIA%2C+54+Puerta%3A+A+46005\" target=\"_blank\">Veure ubicaci\u00f3<\/a><\/td><\/tr><tr><td><img decoding=\"async\" src=\"\/wp-content\/uploads\/logos_establecimientos\/68ad838bc48a5.jpg\" loading=\"lazy\" style=\"width: 40px; height: 40px; object-fit: contain; border-radius: 50%; vertical-align: middle; margin-right: 6px;\"><a href=\"https:\/\/dormitienda.com\/\" target=\"_blank\">DORMITIENDA<\/a><\/td><td style=\" text-transform: uppercase; \">AV GASPAR AGUILAR, 64<\/td><td><a href=\"https:\/\/www.google.es\/maps\/?q=AV+GASPAR+AGUILAR%2C+64+46017\" target=\"_blank\">Veure ubicaci\u00f3<\/a><\/td><\/tr><tr><td><img decoding=\"async\" src=\"\/wp-content\/uploads\/logos_establecimientos\/68ad841376841.jpg\" loading=\"lazy\" style=\"width: 40px; height: 40px; object-fit: contain; border-radius: 50%; vertical-align: middle; margin-right: 6px;\"><a href=\"https:\/\/dormitienda.com\/\" target=\"_blank\">DORMITIENDA<\/a><\/td><td style=\" text-transform: uppercase; \">AR CC NUEVO CENTRO LOCAL, 167<\/td><td><a href=\"https:\/\/www.google.es\/maps\/?q=AR+CC+NUEVO+CENTRO+LOCAL%2C+167+46023\" target=\"_blank\">Veure ubicaci\u00f3<\/a><\/td><\/tr><tr><td><img decoding=\"async\" src=\"\/wp-content\/uploads\/logos_establecimientos\/68ad8a9ed7b4b.jpg\" loading=\"lazy\" style=\"width: 40px; height: 40px; object-fit: contain; border-radius: 50%; vertical-align: middle; margin-right: 6px;\"><a href=\"https:\/\/dormitienda.com\/\" target=\"_blank\">DORMITIENDA<\/a><\/td><td style=\" text-transform: uppercase; \">CL ARCHIDUQ CARLOS, 75<\/td><td><a href=\"https:\/\/www.google.es\/maps\/?q=CL+ARCHIDUQ+CARLOS%2C+75+46018\" target=\"_blank\">Veure ubicaci\u00f3<\/a><\/td><\/tr><tr><td><img decoding=\"async\" src=\"\/wp-content\/uploads\/logos_establecimientos\/68ad8b8200680.jpg\" loading=\"lazy\" style=\"width: 40px; height: 40px; object-fit: contain; border-radius: 50%; vertical-align: middle; margin-right: 6px;\"><a href=\"https:\/\/dormitienda.com\/\" target=\"_blank\">DORMITIENDA<\/a><\/td><td style=\" text-transform: uppercase; \">CL PINTOR MAELLA, 24<\/td><td><a href=\"https:\/\/www.google.es\/maps\/?q=CL+PINTOR+MAELLA%2C+24+46023\" target=\"_blank\">Veure ubicaci\u00f3<\/a><\/td><\/tr><tr><td><img decoding=\"async\" src=\"\/wp-content\/uploads\/logos_establecimientos\/68ad8be64e64d.jpg\" loading=\"lazy\" style=\"width: 40px; height: 40px; object-fit: contain; border-radius: 50%; vertical-align: middle; margin-right: 6px;\"><a href=\"https:\/\/dormitienda.com\/\" target=\"_blank\">DORMITIENDA<\/a><\/td><td style=\" text-transform: uppercase; \">CL SAGUNTO, 112<\/td><td><a href=\"https:\/\/www.google.es\/maps\/?q=CL+SAGUNTO%2C+112+46009\" target=\"_blank\">Veure ubicaci\u00f3<\/a><\/td><\/tr><tr><td><img decoding=\"async\" src=\"\/wp-content\/uploads\/logos_establecimientos\/68b9b1fa52d68.jpeg\" loading=\"lazy\" style=\"width: 40px; height: 40px; object-fit: contain; border-radius: 50%; vertical-align: middle; margin-right: 6px;\"><a href=\"https:\/\/elreydeldescanso.com\/?srsltid=afmbooo77qy7qrmnn5cujuf1vtkfeenhc5hwpzbnjyddgqognqygd4_p\" target=\"_blank\">EL REY DEL DESCANSO<\/a><\/td><td style=\" text-transform: uppercase; \">Olt\u00e1 38<\/td><td><a href=\"https:\/\/www.google.es\/maps\/?q=Olt%C3%A1+38+46026\" target=\"_blank\">Veure ubicaci\u00f3<\/a><\/td><\/tr><tr><td><img decoding=\"async\" src=\"\/wp-content\/uploads\/logos_establecimientos\/6864073dd2d40.jpg\" loading=\"lazy\" style=\"width: 40px; height: 40px; object-fit: contain; border-radius: 50%; vertical-align: middle; margin-right: 6px;\"><a href=\"https:\/\/www.muebles-esquelfort.com\/\" target=\"_blank\">ESQUELFORT DESCANSO Y MOBILIARIO<\/a><\/td><td style=\" text-transform: uppercase; \">AV\/ MAESTRO RODRIGO, 27 <\/td><td><a href=\"https:\/\/www.google.es\/maps\/?q=AV%2F+MAESTRO+RODRIGO%2C+27++46015\" target=\"_blank\">Veure ubicaci\u00f3<\/a><\/td><\/tr><tr><td><img decoding=\"async\" src=\"\/wp-content\/uploads\/logos_establecimientos\/65157ddc98e4e.jpg\" loading=\"lazy\" style=\"width: 40px; height: 40px; object-fit: contain; border-radius: 50%; vertical-align: middle; margin-right: 6px;\"><a href=\"https:\/\/factorycolchon.es\/\" target=\"_blank\">FACTORY COLCH\u00d3N<\/a><\/td><td style=\" text-transform: uppercase; \">CALLE RIBARROJA, 2<\/td><td><a href=\"https:\/\/www.google.es\/maps\/?q=CALLE+RIBARROJA%2C+2+46015\" target=\"_blank\">Veure ubicaci\u00f3<\/a><\/td><\/tr><tr><td><img decoding=\"async\" src=\"\/wp-content\/uploads\/logos_establecimientos\/65157f9351386.jpg\" loading=\"lazy\" style=\"width: 40px; height: 40px; object-fit: contain; border-radius: 50%; vertical-align: middle; margin-right: 6px;\"><a href=\"https:\/\/factorycolchon.es\/\" target=\"_blank\">FACTORY COLCH\u00d3N<\/a><\/td><td style=\" text-transform: uppercase; \">CALLE CENTELLES, 2<\/td><td><a href=\"https:\/\/www.google.es\/maps\/?q=CALLE+CENTELLES%2C+2+46006\" target=\"_blank\">Veure ubicaci\u00f3<\/a><\/td><\/tr><tr><td><img decoding=\"async\" src=\"\/wp-content\/uploads\/logos_establecimientos\/651580069ed80.jpg\" loading=\"lazy\" style=\"width: 40px; height: 40px; object-fit: contain; border-radius: 50%; vertical-align: middle; margin-right: 6px;\"><a href=\"https:\/\/factorycolchon.es\/\" target=\"_blank\">FACTORY COLCH\u00d3N<\/a><\/td><td style=\" text-transform: uppercase; \">AV. GASPAR AGUILAR, 49<\/td><td><a href=\"https:\/\/www.google.es\/maps\/?q=AV.+GASPAR+AGUILAR%2C+49+46017\" target=\"_blank\">Veure ubicaci\u00f3<\/a><\/td><\/tr><tr><td><img decoding=\"async\" src=\"\/wp-content\/uploads\/logos_establecimientos\/651580b133570.jpg\" loading=\"lazy\" style=\"width: 40px; height: 40px; object-fit: contain; border-radius: 50%; vertical-align: middle; margin-right: 6px;\"><a href=\"https:\/\/factorycolchon.es\/\" target=\"_blank\">FACTORY COLCH\u00d3N<\/a><\/td><td style=\" text-transform: uppercase; \">AV. \u00c1NGEL GUIMER\u00c1, 31<\/td><td><a href=\"https:\/\/www.google.es\/maps\/?q=AV.+%C3%81NGEL+GUIMER%C3%81%2C+31+46008\" target=\"_blank\">Veure ubicaci\u00f3<\/a><\/td><\/tr><tr><td><img decoding=\"async\" src=\"\/wp-content\/uploads\/logos_establecimientos\/651581310d21b.jpg\" loading=\"lazy\" style=\"width: 40px; height: 40px; object-fit: contain; border-radius: 50%; vertical-align: middle; margin-right: 6px;\"><a href=\"https:\/\/factorycolchon.es\/\" target=\"_blank\">FACTORY COLCH\u00d3N<\/a><\/td><td style=\" text-transform: uppercase; \">AV. ARAG\u00d3N 12<\/td><td><a href=\"https:\/\/www.google.es\/maps\/?q=AV.+ARAG%C3%93N+12+46021\" target=\"_blank\">Veure ubicaci\u00f3<\/a><\/td><\/tr><tr><td><img decoding=\"async\" src=\"\/wp-content\/uploads\/logos_establecimientos\/651581ad63435.jpg\" loading=\"lazy\" style=\"width: 40px; height: 40px; object-fit: contain; border-radius: 50%; vertical-align: middle; margin-right: 6px;\"><a href=\"https:\/\/factorycolchon.es\/\" target=\"_blank\">FACTORY COLCH\u00d3N<\/a><\/td><td style=\" text-transform: uppercase; \">AV. DR MANUEL CANDELA, 38<\/td><td><a href=\"https:\/\/www.google.es\/maps\/?q=AV.+DR+MANUEL+CANDELA%2C+38+46021\" target=\"_blank\">Veure ubicaci\u00f3<\/a><\/td><\/tr><tr><td><img decoding=\"async\" src=\"\/wp-content\/uploads\/logos_establecimientos\/6515822a772bd.jpg\" loading=\"lazy\" style=\"width: 40px; height: 40px; object-fit: contain; border-radius: 50%; vertical-align: middle; margin-right: 6px;\"><a href=\"https:\/\/factorycolchon.es\/\" target=\"_blank\">FACTORY COLCHON<\/a><\/td><td style=\" text-transform: uppercase; \">AV. DR. NICASIO BENLLOCH 9<\/td><td><a href=\"https:\/\/www.google.es\/maps\/?q=AV.+DR.+NICASIO+BENLLOCH+9+46015\" target=\"_blank\">Veure ubicaci\u00f3<\/a><\/td><\/tr><tr><td><img decoding=\"async\" src=\"\/wp-content\/uploads\/logos_establecimientos\/6515830464334.jpg\" loading=\"lazy\" style=\"width: 40px; height: 40px; object-fit: contain; border-radius: 50%; vertical-align: middle; margin-right: 6px;\"><a href=\"https:\/\/factorycolchon.es\/\" target=\"_blank\">FACTORY COLCH\u00d3N<\/a><\/td><td style=\" text-transform: uppercase; \">CALLE GIORGETA 10<\/td><td><a href=\"https:\/\/www.google.es\/maps\/?q=CALLE+GIORGETA+10+46007\" target=\"_blank\">Veure ubicaci\u00f3<\/a><\/td><\/tr><tr><td><img decoding=\"async\" src=\"\/wp-content\/uploads\/logos_establecimientos\/65158375b88ba.jpg\" loading=\"lazy\" style=\"width: 40px; height: 40px; object-fit: contain; border-radius: 50%; vertical-align: middle; margin-right: 6px;\"><a href=\"https:\/\/factorycolchon.es\/\" target=\"_blank\">FACTORY COLCH\u00d3N<\/a><\/td><td style=\" text-transform: uppercase; \">C\/ SERRERIA 18<\/td><td><a href=\"https:\/\/www.google.es\/maps\/?q=C%2F+SERRERIA+18+46011\" target=\"_blank\">Veure ubicaci\u00f3<\/a><\/td><\/tr><tr><td><img decoding=\"async\" src=\"\/wp-content\/uploads\/logos_establecimientos\/651583e955c38.jpg\" loading=\"lazy\" style=\"width: 40px; height: 40px; object-fit: contain; border-radius: 50%; vertical-align: middle; margin-right: 6px;\"><a href=\"https:\/\/factorycolchon.es\/\" target=\"_blank\">FACTORY COLCHON<\/a><\/td><td style=\" text-transform: uppercase; \">AV. P\u00c9REZ GALD\u00d3S<\/td><td><a href=\"https:\/\/www.google.es\/maps\/?q=AV.+P%C3%89REZ+GALD%C3%93S+46008\" target=\"_blank\">Veure ubicaci\u00f3<\/a><\/td><\/tr><tr><td><img decoding=\"async\" src=\"\/wp-content\/uploads\/logos_establecimientos\/6515847ad2153.jpg\" loading=\"lazy\" style=\"width: 40px; height: 40px; object-fit: contain; border-radius: 50%; vertical-align: middle; margin-right: 6px;\"><a href=\"https:\/\/factorycolchon.es\/\" target=\"_blank\">FACTORY COLCH\u00d3N<\/a><\/td><td style=\" text-transform: uppercase; \">AV. TRES FORQUES 99<\/td><td><a href=\"https:\/\/www.google.es\/maps\/?q=AV.+TRES+FORQUES+99+46007\" target=\"_blank\">Veure ubicaci\u00f3<\/a><\/td><\/tr><tr><td><img decoding=\"async\" src=\"\/wp-content\/uploads\/logos_establecimientos\/65168260d8c05.jpg\" loading=\"lazy\" style=\"width: 40px; height: 40px; object-fit: contain; border-radius: 50%; vertical-align: middle; margin-right: 6px;\"><a href=\"https:\/\/factorycolchon.es\/\" target=\"_blank\">FACTORY COLCH\u00d3N<\/a><\/td><td style=\" text-transform: uppercase; \">AV. PRIMADO REIG, 69<\/td><td><a href=\"https:\/\/www.google.es\/maps\/?q=AV.+PRIMADO+REIG%2C+69+46020\" target=\"_blank\">Veure ubicaci\u00f3<\/a><\/td><\/tr><tr><td><a href=\"https:\/\/factorycolchon.es\/\" target=\"_blank\">FACTORY COLCH\u00d3N<\/a><\/td><td style=\" text-transform: uppercase; \">AV. FRANCIA, 20<\/td><td><a href=\"https:\/\/www.google.es\/maps\/?q=AV.+FRANCIA%2C+20+46023\" target=\"_blank\">Veure ubicaci\u00f3<\/a><\/td><\/tr><tr><td><img decoding=\"async\" src=\"\/wp-content\/uploads\/logos_establecimientos\/6875269ab08c6.jpg\" loading=\"lazy\" style=\"width: 40px; height: 40px; object-fit: contain; border-radius: 50%; vertical-align: middle; margin-right: 6px;\"><a href=\"\/\/www.flexgalleryvalencia.es\" target=\"_blank\">FLEX BY AMPLE<\/a><\/td><td style=\" text-transform: uppercase; \">C\/ CASAS DE BARCENA, 40<\/td><td><a href=\"https:\/\/www.google.es\/maps\/?q=C%2F+CASAS+DE+BARCENA%2C+40+46031\" target=\"_blank\">Veure ubicaci\u00f3<\/a><\/td><\/tr><tr><td><img decoding=\"async\" src=\"\/wp-content\/uploads\/logos_establecimientos\/650f77c7640dd.jpg\" loading=\"lazy\" style=\"width: 40px; height: 40px; object-fit: contain; border-radius: 50%; vertical-align: middle; margin-right: 6px;\"><a href=\"https:\/\/www.grassoler.com\/\" target=\"_blank\">GRASSOLER<\/a><\/td><td style=\" text-transform: uppercase; \">C\/ MAR, 14<\/td><td><a href=\"https:\/\/www.google.es\/maps\/?q=C%2F+MAR%2C+14+46003\" target=\"_blank\">Veure ubicaci\u00f3<\/a><\/td><\/tr><tr><td><img decoding=\"async\" src=\"\/wp-content\/uploads\/logos_establecimientos\/650b5469b46b8.jpg\" loading=\"lazy\" style=\"width: 40px; height: 40px; object-fit: contain; border-radius: 50%; vertical-align: middle; margin-right: 6px;\"><a href=\"https:\/\/www.facebook.com\/la-casa-de-la-madera-291873920929851\/\" target=\"_blank\">LA CASA DE LA MADERA<\/a><\/td><td style=\" text-transform: uppercase; \">CL M\u00daSICO PEYDRO, 18<\/td><td><a href=\"https:\/\/www.google.es\/maps\/?q=CL+M%C3%9ASICO+PEYDRO%2C+18+46001\" target=\"_blank\">Veure ubicaci\u00f3<\/a><\/td><\/tr><tr><td><a href=\"\/\/mara_decoracion\" target=\"_blank\">MARA DECORACION<\/a><\/td><td style=\" text-transform: uppercase; \">c\/. L,ALCUDIA 2<\/td><td><a href=\"https:\/\/www.google.es\/maps\/?q=c%2F.+L%2CALCUDIA+2+46018\" target=\"_blank\">Veure ubicaci\u00f3<\/a><\/td><\/tr><tr><td><img decoding=\"async\" src=\"\/wp-content\/uploads\/logos_establecimientos\/68b6cfdcc00ee.jpg\" loading=\"lazy\" style=\"width: 40px; height: 40px; object-fit: contain; border-radius: 50%; vertical-align: middle; margin-right: 6px;\">MIGUEL ANGEL FRANCES GARRIDO<\/td><td style=\" text-transform: uppercase; \">Avda. Maestro Rodrigo 25 bajo<\/td><td><a href=\"https:\/\/www.google.es\/maps\/?q=Avda.+Maestro+Rodrigo+25+bajo+46015\" target=\"_blank\">Veure ubicaci\u00f3<\/a><\/td><\/tr><tr><td><img decoding=\"async\" src=\"\/wp-content\/uploads\/logos_establecimientos\/6864ec0d838b2.png\" loading=\"lazy\" style=\"width: 40px; height: 40px; object-fit: contain; border-radius: 50%; vertical-align: middle; margin-right: 6px;\"><a href=\"\/\/www.mobiliarium.net \/ www.mobiliarium.es \/ wwwcolchonarium.es  \/ @mobiliarium_valencia\" target=\"_blank\">MOBILIARIUM &#8211; COLCHONARIUM<\/a><\/td><td style=\" text-transform: uppercase; \">CARNICERIA,18<\/td><td><a href=\"https:\/\/www.google.es\/maps\/?q=CARNICERIA%2C18+46035\" target=\"_blank\">Veure ubicaci\u00f3<\/a><\/td><\/tr><tr><td><a href=\"\/\/www.mueblesdiago.es\" target=\"_blank\">MUEBLES  DIAGO  SL<\/a><\/td><td style=\" text-transform: uppercase; \">PEDRO CABANES   6  BAJO<\/td><td><a href=\"https:\/\/www.google.es\/maps\/?q=PEDRO+CABANES+++6++BAJO+46019\" target=\"_blank\">Veure ubicaci\u00f3<\/a><\/td><\/tr><tr><td><img decoding=\"async\" src=\"\/wp-content\/uploads\/logos_establecimientos\/68751e93796e2.jpg\" loading=\"lazy\" style=\"width: 40px; height: 40px; object-fit: contain; border-radius: 50%; vertical-align: middle; margin-right: 6px;\"><a href=\"\/\/www.ample.es\" target=\"_blank\">MUEBLES AMPLE<\/a><\/td><td style=\" text-transform: uppercase; \">C\/ CASAS DE BARCENA, 50 <\/td><td><a href=\"https:\/\/www.google.es\/maps\/?q=C%2F+CASAS+DE+BARCENA%2C+50++46031\" target=\"_blank\">Veure ubicaci\u00f3<\/a><\/td><\/tr><tr><td><img decoding=\"async\" src=\"\/wp-content\/uploads\/logos_establecimientos\/6863cb7ba05fe.jpg\" loading=\"lazy\" style=\"width: 40px; height: 40px; object-fit: contain; border-radius: 50%; vertical-align: middle; margin-right: 6px;\"><a href=\"\/\/www.mueblesmalilla.com\" target=\"_blank\">MUEBLES MALILLA<\/a><\/td><td style=\" text-transform: uppercase; \">CARRETERA MALILLA 69<\/td><td><a href=\"https:\/\/www.google.es\/maps\/?q=CARRETERA+MALILLA+69+46026\" target=\"_blank\">Veure ubicaci\u00f3<\/a><\/td><\/tr><tr><td><img decoding=\"async\" src=\"\/wp-content\/uploads\/logos_establecimientos\/68704fd37c00b.jpg\" loading=\"lazy\" style=\"width: 40px; height: 40px; object-fit: contain; border-radius: 50%; vertical-align: middle; margin-right: 6px;\">MY TINY ROOM<\/td><td style=\" text-transform: uppercase; \">C\/ CONDE SALVATIERRA, 14<\/td><td><a href=\"https:\/\/www.google.es\/maps\/?q=C%2F+CONDE+SALVATIERRA%2C+14+46004\" target=\"_blank\">Veure ubicaci\u00f3<\/a><\/td><\/tr><tr><td><img decoding=\"async\" src=\"\/wp-content\/uploads\/logos_establecimientos\/686b949e17b87.png\" loading=\"lazy\" style=\"width: 40px; height: 40px; object-fit: contain; border-radius: 50%; vertical-align: middle; margin-right: 6px;\"><a href=\"https:\/\/prudenciomateointeriorismo.es\/\" target=\"_blank\">PRUDENCIO MATEO-INTERIORISMO<\/a><\/td><td style=\" text-transform: uppercase; \">C\/ Doctor Manuel Candela 60, bajo 5\u00ba<\/td><td><a href=\"https:\/\/www.google.es\/maps\/?q=C%2F+Doctor+Manuel+Candela+60%2C+bajo+5%C2%BA+46021\" target=\"_blank\">Veure ubicaci\u00f3<\/a><\/td><\/tr><tr><td><img decoding=\"async\" src=\"\/wp-content\/uploads\/logos_establecimientos\/6889008ce7173.jpg\" loading=\"lazy\" style=\"width: 40px; height: 40px; object-fit: contain; border-radius: 50%; vertical-align: middle; margin-right: 6px;\"><a href=\"\/\/www.rehabita.eu\" target=\"_blank\">REHABITA<\/a><\/td><td style=\" text-transform: uppercase; \">C\/Sueca, 38-bjo.<\/td><td><a href=\"https:\/\/www.google.es\/maps\/?q=C%2FSueca%2C+38-bjo.+46006\" target=\"_blank\">Veure ubicaci\u00f3<\/a><\/td><\/tr><tr><td><img decoding=\"async\" src=\"\/wp-content\/uploads\/logos_establecimientos\/68678f7c95bb5.jpg\" loading=\"lazy\" style=\"width: 40px; height: 40px; object-fit: contain; border-radius: 50%; vertical-align: middle; margin-right: 6px;\"><a href=\"\/\/www.espaciocolchon.es\" target=\"_blank\">SPACIO<\/a><\/td><td style=\" text-transform: uppercase; \">Avda. GASPAR AGUILAR, 50 BAJO<\/td><td><a href=\"https:\/\/www.google.es\/maps\/?q=Avda.+GASPAR+AGUILAR%2C+50+BAJO+46017\" target=\"_blank\">Veure ubicaci\u00f3<\/a><\/td><\/tr><tr><td><img decoding=\"async\" src=\"\/wp-content\/uploads\/logos_establecimientos\/6867908764dce.jpg\" loading=\"lazy\" style=\"width: 40px; height: 40px; object-fit: contain; border-radius: 50%; vertical-align: middle; margin-right: 6px;\"><a href=\"\/\/www.espaciocolchon.es\" target=\"_blank\">SPACIO<\/a><\/td><td style=\" text-transform: uppercase; \">GRAN VIA FERNANDO EL CATOLICO,74<\/td><td><a href=\"https:\/\/www.google.es\/maps\/?q=GRAN+VIA+FERNANDO+EL+CATOLICO%2C74+46008\" target=\"_blank\">Veure ubicaci\u00f3<\/a><\/td><\/tr><tr><td><img decoding=\"async\" src=\"\/wp-content\/uploads\/logos_establecimientos\/650cb9a94b7bd.png\" loading=\"lazy\" style=\"width: 40px; height: 40px; object-fit: contain; border-radius: 50%; vertical-align: middle; margin-right: 6px;\"><a href=\"http:\/\/www.vicentetrilles.es\/\" target=\"_blank\">TRILLES MADERA &#038; MIMBRE<\/a><\/td><td style=\" text-transform: uppercase; \">PL DEL MERCADO, 28<\/td><td><a href=\"https:\/\/www.google.es\/maps\/?q=PL+DEL+MERCADO%2C+28+46001\" target=\"_blank\">Veure ubicaci\u00f3<\/a><\/td><\/tr><tr><td><img decoding=\"async\" src=\"\/wp-content\/uploads\/logos_establecimientos\/6863c7bbf02c5.jpg\" loading=\"lazy\" style=\"width: 40px; height: 40px; object-fit: contain; border-radius: 50%; vertical-align: middle; margin-right: 6px;\"><a href=\"https:\/\/tudescansoideal.es\/\" target=\"_blank\">TU DESCANSO IDEAL<\/a><\/td><td style=\" text-transform: uppercase; \">C\/Fontanares, 72 <\/td><td><a href=\"https:\/\/www.google.es\/maps\/?q=C%2FFontanares%2C+72++46018\" target=\"_blank\">Veure ubicaci\u00f3<\/a><\/td><\/tr><tr><td><img decoding=\"async\" src=\"\/wp-content\/uploads\/logos_establecimientos\/689344c665cb8.jpg\" loading=\"lazy\" style=\"width: 40px; height: 40px; object-fit: contain; border-radius: 50%; vertical-align: middle; margin-right: 6px;\"><a href=\"https:\/\/tudescansoideal.es\" target=\"_blank\">TU DESCANSO IDEAL REUS<\/a><\/td><td style=\" text-transform: uppercase; \">C\/ REUS, 32-BJ<\/td><td><a href=\"https:\/\/www.google.es\/maps\/?q=C%2F+REUS%2C+32-BJ+46009\" target=\"_blank\">Veure ubicaci\u00f3<\/a><\/td><\/tr><tr><td><img decoding=\"async\" src=\"\/wp-content\/uploads\/logos_establecimientos\/6870cbc5c2107.jpg\" loading=\"lazy\" style=\"width: 40px; height: 40px; object-fit: contain; border-radius: 50%; vertical-align: middle; margin-right: 6px;\"><a href=\"\/\/tucama.com\" target=\"_blank\">TUCAMA<\/a><\/td><td style=\" text-transform: uppercase; \">C\/ PERIS Y VALERO 181 DCHA.<\/td><td><a href=\"https:\/\/www.google.es\/maps\/?q=C%2F+PERIS+Y+VALERO+181+DCHA.+46005\" target=\"_blank\">Veure ubicaci\u00f3<\/a><\/td><\/tr><tr><td><img decoding=\"async\" src=\"\/wp-content\/uploads\/logos_establecimientos\/686fbfdc31232.jpg\" loading=\"lazy\" style=\"width: 40px; height: 40px; object-fit: contain; border-radius: 50%; vertical-align: middle; margin-right: 6px;\"><a href=\"\/\/tucama.com\" target=\"_blank\">TUCAMA<\/a><\/td><td style=\" text-transform: uppercase; \">C\/JER\u00d3NIMO MONTSORIU 96 ESQUINA C\/ SERRERIA 31<\/td><td><a href=\"https:\/\/www.google.es\/maps\/?q=C%2FJER%C3%93NIMO+MONTSORIU+96+ESQUINA+C%2F+SERRERIA+31+46022\" target=\"_blank\">Veure ubicaci\u00f3<\/a><\/td><\/tr><\/table>[\/vc_tta_section][vc_tta_section title=&#8221;\u00d2PTIQUES&#8221; tab_id=&#8221;a5771bce93e200c36f7cd9dfd0e5deaa&#8221;]<table><tr><th>NOM<\/th><th>DIRECCI\u00d3<\/th><th>UBICACI\u00d3<\/th><\/tr><tr><td><img decoding=\"async\" src=\"\/wp-content\/uploads\/logos_establecimientos\/686bf9ee61682.jpg\" loading=\"lazy\" style=\"width: 40px; height: 40px; object-fit: contain; border-radius: 50%; vertical-align: middle; margin-right: 6px;\">88 GAFAS<\/td><td style=\" text-transform: uppercase; \">Calle Calixto III, 19 <\/td><td><a href=\"https:\/\/www.google.es\/maps\/?q=Calle+Calixto+III%2C+19++46008\" target=\"_blank\">Veure ubicaci\u00f3<\/a><\/td><\/tr><tr><td><img decoding=\"async\" src=\"\/wp-content\/uploads\/logos_establecimientos\/686cf85b8c635.jpg\" loading=\"lazy\" style=\"width: 40px; height: 40px; object-fit: contain; border-radius: 50%; vertical-align: middle; margin-right: 6px;\">AHORA ME VE SOPTICOS<\/td><td style=\" text-transform: uppercase; \">C\/RODRIGUEZ DE CEPEDA,33 BAJO<\/td><td><a href=\"https:\/\/www.google.es\/maps\/?q=C%2FRODRIGUEZ+DE+CEPEDA%2C33+BAJO+46021\" target=\"_blank\">Veure ubicaci\u00f3<\/a><\/td><\/tr><tr><td><img decoding=\"async\" src=\"\/wp-content\/uploads\/logos_establecimientos\/68c4076882db0.jpg\" loading=\"lazy\" style=\"width: 40px; height: 40px; object-fit: contain; border-radius: 50%; vertical-align: middle; margin-right: 6px;\"><a href=\"\/\/@alainaffleloumalilla\" target=\"_blank\">ALAIN AFFLELOU MALILLA<\/a><\/td><td style=\" text-transform: uppercase; \">CALLE OLTA 36 BAJO IZQUIERDA<\/td><td><a href=\"https:\/\/www.google.es\/maps\/?q=CALLE+OLTA+36+BAJO+IZQUIERDA+46026\" target=\"_blank\">Veure ubicaci\u00f3<\/a><\/td><\/tr><tr><td><img decoding=\"async\" src=\"\/wp-content\/uploads\/logos_establecimientos\/68814ddcbc206.jpg\" loading=\"lazy\" style=\"width: 40px; height: 40px; object-fit: contain; border-radius: 50%; vertical-align: middle; margin-right: 6px;\"><a href=\"https:\/\/www.afflelou.es\/opticas\/espana\/valencia\" target=\"_blank\">ALAIN AFFLELOU MARQUES DE SOTELO<\/a><\/td><td style=\" text-transform: uppercase; \">AV MARQU\u00c9S DE SOTELO, 7<\/td><td><a href=\"https:\/\/www.google.es\/maps\/?q=AV+MARQU%C3%89S+DE+SOTELO%2C+7+46002\" target=\"_blank\">Veure ubicaci\u00f3<\/a><\/td><\/tr><tr><td><img decoding=\"async\" src=\"\/wp-content\/uploads\/logos_establecimientos\/68814c051babd.jpg\" loading=\"lazy\" style=\"width: 40px; height: 40px; object-fit: contain; border-radius: 50%; vertical-align: middle; margin-right: 6px;\"><a href=\"https:\/\/www.afflelou.es\/opticas\/espana\/valencia\" target=\"_blank\">ALAIN AFFLELOU PASCUAL Y GENIS<\/a><\/td><td style=\" text-transform: uppercase; \">C\/ Pascual y Genis, 24<\/td><td><a href=\"https:\/\/www.google.es\/maps\/?q=C%2F+Pascual+y+Genis%2C+24+46002\" target=\"_blank\">Veure ubicaci\u00f3<\/a><\/td><\/tr><tr><td><img decoding=\"async\" src=\"\/wp-content\/uploads\/logos_establecimientos\/6874d6d0252af.png\" loading=\"lazy\" style=\"width: 40px; height: 40px; object-fit: contain; border-radius: 50%; vertical-align: middle; margin-right: 6px;\"><a href=\"\/\/www.alosopticos.com\" target=\"_blank\">AL\u00d3S \u00d3PTICOS<\/a><\/td><td style=\" text-transform: uppercase; \">CALLE M\u00daSICO GIN\u00c9S, 2<\/td><td><a href=\"https:\/\/www.google.es\/maps\/?q=CALLE+M%C3%9ASICO+GIN%C3%89S%2C+2+46022\" target=\"_blank\">Veure ubicaci\u00f3<\/a><\/td><\/tr><tr><td><img decoding=\"async\" src=\"\/wp-content\/uploads\/logos_establecimientos\/651316ca31fa7.jpg\" loading=\"lazy\" style=\"width: 40px; height: 40px; object-fit: contain; border-radius: 50%; vertical-align: middle; margin-right: 6px;\"><a href=\"http:\/\/opticashurtado.com\/\" target=\"_blank\">AMPARO HURTADO OPTICOS<\/a><\/td><td style=\" text-transform: uppercase; \">C\/ CABALLEROS, 15<\/td><td><a href=\"https:\/\/www.google.es\/maps\/?q=C%2F+CABALLEROS%2C+15+46001\" target=\"_blank\">Veure ubicaci\u00f3<\/a><\/td><\/tr><tr><td><img decoding=\"async\" src=\"\/wp-content\/uploads\/logos_establecimientos\/651c92f4bb5cf.jpg\" loading=\"lazy\" style=\"width: 40px; height: 40px; object-fit: contain; border-radius: 50%; vertical-align: middle; margin-right: 6px;\"><a href=\"http:\/\/opticashurtado.com\/\" target=\"_blank\">AMPARO HURTADO OPTICOS<\/a><\/td><td style=\" text-transform: uppercase; \">C\/ VIRGEN DESAMPARADOS 1<\/td><td><a href=\"https:\/\/www.google.es\/maps\/?q=C%2F+VIRGEN+DESAMPARADOS+1+46020\" target=\"_blank\">Veure ubicaci\u00f3<\/a><\/td><\/tr><tr><td><img decoding=\"async\" src=\"\/wp-content\/uploads\/logos_establecimientos\/66a8a86ba69da.png\" loading=\"lazy\" style=\"width: 40px; height: 40px; object-fit: contain; border-radius: 50%; vertical-align: middle; margin-right: 6px;\"><a href=\"https:\/\/asunoliver.com\" target=\"_blank\">ASUN OLIVER \u00d3PTICAS<\/a><\/td><td style=\" text-transform: uppercase; \">C\/Conde Altea 10<\/td><td><a href=\"https:\/\/www.google.es\/maps\/?q=C%2FConde+Altea+10+46005\" target=\"_blank\">Veure ubicaci\u00f3<\/a><\/td><\/tr><tr><td><img decoding=\"async\" src=\"\/wp-content\/uploads\/logos_establecimientos\/686553d0bd47c.png\" loading=\"lazy\" style=\"width: 40px; height: 40px; object-fit: contain; border-radius: 50%; vertical-align: middle; margin-right: 6px;\"><a href=\"\/\/www.opticosbalaguer.com\" target=\"_blank\">BALAGUER OPTICOS<\/a><\/td><td style=\" text-transform: uppercase; \">PLAZA FRAY LUIS COLOMER, 10<\/td><td><a href=\"https:\/\/www.google.es\/maps\/?q=PLAZA+FRAY+LUIS+COLOMER%2C+10+46021\" target=\"_blank\">Veure ubicaci\u00f3<\/a><\/td><\/tr><tr><td><img decoding=\"async\" src=\"\/wp-content\/uploads\/logos_establecimientos\/686cf89d08c77.jpg\" loading=\"lazy\" style=\"width: 40px; height: 40px; object-fit: contain; border-radius: 50%; vertical-align: middle; margin-right: 6px;\">CENTRO OPTICO BENIMACLET<\/td><td style=\" text-transform: uppercase; \">C\/BENICARLO 19<\/td><td><a href=\"https:\/\/www.google.es\/maps\/?q=C%2FBENICARLO+19+46020\" target=\"_blank\">Veure ubicaci\u00f3<\/a><\/td><\/tr><tr><td><img decoding=\"async\" src=\"\/wp-content\/uploads\/logos_establecimientos\/686ba4474dbf3.png\" loading=\"lazy\" style=\"width: 40px; height: 40px; object-fit: contain; border-radius: 50%; vertical-align: middle; margin-right: 6px;\">CENTRO OPTICO CABA\u00d1AL<\/td><td style=\" text-transform: uppercase; \">C\/ MEDITERRANI 26<\/td><td><a href=\"https:\/\/www.google.es\/maps\/?q=C%2F+MEDITERRANI+26+46011\" target=\"_blank\">Veure ubicaci\u00f3<\/a><\/td><\/tr><tr><td><img decoding=\"async\" src=\"\/wp-content\/uploads\/logos_establecimientos\/686d429aab641.jpg\" loading=\"lazy\" style=\"width: 40px; height: 40px; object-fit: contain; border-radius: 50%; vertical-align: middle; margin-right: 6px;\">CENTRO OPTICO CABA\u00d1AL S.L<\/td><td style=\" text-transform: uppercase; \">C\/ REINA 86<\/td><td><a href=\"https:\/\/www.google.es\/maps\/?q=C%2F+REINA+86+46011\" target=\"_blank\">Veure ubicaci\u00f3<\/a><\/td><\/tr><tr><td><img decoding=\"async\" src=\"\/wp-content\/uploads\/logos_establecimientos\/687e7f5e61600.jpg\" loading=\"lazy\" style=\"width: 40px; height: 40px; object-fit: contain; border-radius: 50%; vertical-align: middle; margin-right: 6px;\"><a href=\"https:\/\/www.opticalosan.com\/\" target=\"_blank\">CENTRO \u00d3PTICO CL\u00cdNICO LOSAN<\/a><\/td><td style=\" text-transform: uppercase; \">C\/ Fontanares, n\u00ba 70 bajo<\/td><td><a href=\"https:\/\/www.google.es\/maps\/?q=C%2F+Fontanares%2C+n%C2%BA+70+bajo+46018\" target=\"_blank\">Veure ubicaci\u00f3<\/a><\/td><\/tr><tr><td><img decoding=\"async\" src=\"\/wp-content\/uploads\/logos_establecimientos\/686cf7c722e52.jpg\" loading=\"lazy\" style=\"width: 40px; height: 40px; object-fit: contain; border-radius: 50%; vertical-align: middle; margin-right: 6px;\"><a href=\"http:\/\/www.opticagranvia.es\/\" target=\"_blank\">CENTRO \u00d3PTICO GRAN V\u00cdA<\/a><\/td><td style=\" text-transform: uppercase; \">GRAN V\u00cdA FERNANDO EL CAT\u00d3LICO, 5-BJ<\/td><td><a href=\"https:\/\/www.google.es\/maps\/?q=GRAN+V%C3%8DA+FERNANDO+EL+CAT%C3%93LICO%2C+5-BJ+46008\" target=\"_blank\">Veure ubicaci\u00f3<\/a><\/td><\/tr><tr><td><img decoding=\"async\" src=\"\/wp-content\/uploads\/logos_establecimientos\/686b7cefc128b.jpg\" loading=\"lazy\" style=\"width: 40px; height: 40px; object-fit: contain; border-radius: 50%; vertical-align: middle; margin-right: 6px;\">CENTRO OPTICO MALVARROSA<\/td><td style=\" text-transform: uppercase; \">AVDA MALVARROSA 78 BAJO<\/td><td><a href=\"https:\/\/www.google.es\/maps\/?q=AVDA+MALVARROSA+78+BAJO+46020\" target=\"_blank\">Veure ubicaci\u00f3<\/a><\/td><\/tr><tr><td><img decoding=\"async\" src=\"\/wp-content\/uploads\/logos_establecimientos\/68d13243a4dba.jpg\" loading=\"lazy\" style=\"width: 40px; height: 40px; object-fit: contain; border-radius: 50%; vertical-align: middle; margin-right: 6px;\">CENTRO OPTICO MALVARROSA<\/td><td style=\" text-transform: uppercase; \">AVENIDA MALVARROSA 78 BAJO<\/td><td><a href=\"https:\/\/www.google.es\/maps\/?q=AVENIDA+MALVARROSA+78+BAJO+46011\" target=\"_blank\">Veure ubicaci\u00f3<\/a><\/td><\/tr><tr><td><img decoding=\"async\" src=\"\/wp-content\/uploads\/logos_establecimientos\/6864eea07e140.jpg\" loading=\"lazy\" style=\"width: 40px; height: 40px; object-fit: contain; border-radius: 50%; vertical-align: middle; margin-right: 6px;\"><a href=\"https:\/\/www.instagram.com\/opticasonia\/?hl=en\" target=\"_blank\">CENTRO OPTICO Y AUDITIVO SONIA DOLZ<\/a><\/td><td style=\" text-transform: uppercase; \">C\/ BILBAO 49 <\/td><td><a href=\"https:\/\/www.google.es\/maps\/?q=C%2F+BILBAO+49++46009\" target=\"_blank\">Veure ubicaci\u00f3<\/a><\/td><\/tr><tr><td><img decoding=\"async\" src=\"\/wp-content\/uploads\/logos_establecimientos\/68c04ed581539.jpg\" loading=\"lazy\" style=\"width: 40px; height: 40px; object-fit: contain; border-radius: 50%; vertical-align: middle; margin-right: 6px;\"><a href=\"https:\/\/montalvaopticos.com\/\" target=\"_blank\">CLINICA MONTALVA OPTICA Y AUDIO<\/a><\/td><td style=\" text-transform: uppercase; \">DUQUE DE MANDAS 43<\/td><td><a href=\"https:\/\/www.google.es\/maps\/?q=DUQUE+DE+MANDAS+43+46019\" target=\"_blank\">Veure ubicaci\u00f3<\/a><\/td><\/tr><tr><td><img decoding=\"async\" src=\"\/wp-content\/uploads\/logos_establecimientos\/68712bf6da255.png\" loading=\"lazy\" style=\"width: 40px; height: 40px; object-fit: contain; border-radius: 50%; vertical-align: middle; margin-right: 6px;\">CROMAVISION CENTRE OPTIC &#8211; AUDIOLOGIA CLINICA AVANZADA<\/td><td style=\" text-transform: uppercase; \">CALLE ERNESTO FERRER N\u00ba 12 BJO. IZQ.<\/td><td><a href=\"https:\/\/www.google.es\/maps\/?q=CALLE+ERNESTO+FERRER+N%C2%BA+12+BJO.+IZQ.+46021\" target=\"_blank\">Veure ubicaci\u00f3<\/a><\/td><\/tr><tr><td><img decoding=\"async\" src=\"\/wp-content\/uploads\/logos_establecimientos\/686be5f040359.png\" loading=\"lazy\" style=\"width: 40px; height: 40px; object-fit: contain; border-radius: 50%; vertical-align: middle; margin-right: 6px;\"><a href=\"https:\/\/eurogafa.com\/\" target=\"_blank\">EUROGAFA<\/a><\/td><td style=\" text-transform: uppercase; \">AVD DEL PUERTO, 304<\/td><td><a href=\"https:\/\/www.google.es\/maps\/?q=AVD+DEL+PUERTO%2C+304+46024\" target=\"_blank\">Veure ubicaci\u00f3<\/a><\/td><\/tr><tr><td><img decoding=\"async\" src=\"\/wp-content\/uploads\/logos_establecimientos\/6863caeb22815.jpg\" loading=\"lazy\" style=\"width: 40px; height: 40px; object-fit: contain; border-radius: 50%; vertical-align: middle; margin-right: 6px;\">GAFAS ABC<\/td><td style=\" text-transform: uppercase; \"> AVENIDA DE ARAGON 25<\/td><td><a href=\"https:\/\/www.google.es\/maps\/?q=+AVENIDA+DE+ARAGON+25+46010\" target=\"_blank\">Veure ubicaci\u00f3<\/a><\/td><\/tr><tr><td><img decoding=\"async\" src=\"\/wp-content\/uploads\/logos_establecimientos\/68c81397c692a.PNG\" loading=\"lazy\" style=\"width: 40px; height: 40px; object-fit: contain; border-radius: 50%; vertical-align: middle; margin-right: 6px;\"><a href=\"\/\/www.guaitaopticos.com\" target=\"_blank\">GUAITA OPTICOS<\/a><\/td><td style=\" text-transform: uppercase; \">calle emilio lluch 22<\/td><td><a href=\"https:\/\/www.google.es\/maps\/?q=calle+emilio+lluch+22+46014\" target=\"_blank\">Veure ubicaci\u00f3<\/a><\/td><\/tr><tr><td><img decoding=\"async\" src=\"\/wp-content\/uploads\/logos_establecimientos\/68c8148bb4c93.PNG\" loading=\"lazy\" style=\"width: 40px; height: 40px; object-fit: contain; border-radius: 50%; vertical-align: middle; margin-right: 6px;\"><a href=\"\/\/www.guaitaopticos.com\" target=\"_blank\">GUAITA OPTICOS<\/a><\/td><td style=\" text-transform: uppercase; \">calle azcarraga 5, esquina juan Llorens<\/td><td><a href=\"https:\/\/www.google.es\/maps\/?q=calle+azcarraga+5%2C+esquina+juan+Llorens+46008\" target=\"_blank\">Veure ubicaci\u00f3<\/a><\/td><\/tr><tr><td><img decoding=\"async\" src=\"\/wp-content\/uploads\/logos_establecimientos\/68c81528d83a5.PNG\" loading=\"lazy\" style=\"width: 40px; height: 40px; object-fit: contain; border-radius: 50%; vertical-align: middle; margin-right: 6px;\"><a href=\"\/\/www.guaitaopticos.com\" target=\"_blank\">GUAITA OPTICOS<\/a><\/td><td style=\" text-transform: uppercase; \">calle matias perello 10<\/td><td><a href=\"https:\/\/www.google.es\/maps\/?q=calle+matias+perello+10+46005\" target=\"_blank\">Veure ubicaci\u00f3<\/a><\/td><\/tr><tr><td><img decoding=\"async\" src=\"\/wp-content\/uploads\/logos_establecimientos\/68c815d1802e7.PNG\" loading=\"lazy\" style=\"width: 40px; height: 40px; object-fit: contain; border-radius: 50%; vertical-align: middle; margin-right: 6px;\"><a href=\"\/\/www.guaitaopticos.com\" target=\"_blank\">GUAITA OPTICOS<\/a><\/td><td style=\" text-transform: uppercase; \">avenida constitucion 10<\/td><td><a href=\"https:\/\/www.google.es\/maps\/?q=avenida+constitucion+10+46009\" target=\"_blank\">Veure ubicaci\u00f3<\/a><\/td><\/tr><tr><td><img decoding=\"async\" src=\"\/wp-content\/uploads\/logos_establecimientos\/68babba78b6ea.jpg\" loading=\"lazy\" style=\"width: 40px; height: 40px; object-fit: contain; border-radius: 50%; vertical-align: middle; margin-right: 6px;\"><a href=\"\/\/www.martxaopticos.com\" target=\"_blank\">MARTXA \u00d3PTICOS<\/a><\/td><td style=\" text-transform: uppercase; \">Calle Micer Masc\u00f3 14 BAJO IZQUIERDA<\/td><td><a href=\"https:\/\/www.google.es\/maps\/?q=Calle+Micer+Masc%C3%B3+14+BAJO+IZQUIERDA+46010\" target=\"_blank\">Veure ubicaci\u00f3<\/a><\/td><\/tr><tr><td><img decoding=\"async\" src=\"\/wp-content\/uploads\/logos_establecimientos\/68b99a77e8917.png\" loading=\"lazy\" style=\"width: 40px; height: 40px; object-fit: contain; border-radius: 50%; vertical-align: middle; margin-right: 6px;\"><a href=\"https:\/\/www.millerandmarc.com\/es_es\/\" target=\"_blank\">MILLER &#038; MARC, S.L<\/a><\/td><td style=\" text-transform: uppercase; \">C\/ Jorge Juan, 10<\/td><td><a href=\"https:\/\/www.google.es\/maps\/?q=C%2F+Jorge+Juan%2C+10+46010\" target=\"_blank\">Veure ubicaci\u00f3<\/a><\/td><\/tr><tr><td><img decoding=\"async\" src=\"\/wp-content\/uploads\/logos_establecimientos\/686f87b47b761.jpg\" loading=\"lazy\" style=\"width: 40px; height: 40px; object-fit: contain; border-radius: 50%; vertical-align: middle; margin-right: 6px;\"><a href=\"\/\/www.mi-optico.es\" target=\"_blank\">MIOPTICO<\/a><\/td><td style=\" text-transform: uppercase; \">AVDA. MANUEL FALLA 13<\/td><td><a href=\"https:\/\/www.google.es\/maps\/?q=AVDA.+MANUEL+FALLA+13+46015\" target=\"_blank\">Veure ubicaci\u00f3<\/a><\/td><\/tr><tr><td><a href=\"\/\/www.miraopticos.es\" target=\"_blank\">MIRA OPTICOS<\/a><\/td><td style=\" text-transform: uppercase; \">C\/ Ciscar, 48<\/td><td><a href=\"https:\/\/www.google.es\/maps\/?q=C%2F+Ciscar%2C+48+46005\" target=\"_blank\">Veure ubicaci\u00f3<\/a><\/td><\/tr><tr><td><img decoding=\"async\" src=\"\/wp-content\/uploads\/logos_establecimientos\/68c04d5830fe5.jpg\" loading=\"lazy\" style=\"width: 40px; height: 40px; object-fit: contain; border-radius: 50%; vertical-align: middle; margin-right: 6px;\"><a href=\"https:\/\/montalvaopticos.com\/\" target=\"_blank\">MONTALVA OPTICA Y AUDIOLOGIA<\/a><\/td><td style=\" text-transform: uppercase; \">SAN JUAN BOSCO 85 BAJO<\/td><td><a href=\"https:\/\/www.google.es\/maps\/?q=SAN+JUAN+BOSCO+85+BAJO+46019\" target=\"_blank\">Veure ubicaci\u00f3<\/a><\/td><\/tr><tr><td><img decoding=\"async\" src=\"\/wp-content\/uploads\/logos_establecimientos\/6867abfc31499.jpg\" loading=\"lazy\" style=\"width: 40px; height: 40px; object-fit: contain; border-radius: 50%; vertical-align: middle; margin-right: 6px;\"><a href=\"https:\/\/www.multiopticas.com\" target=\"_blank\">MULTI\u00d3PTICAS<\/a><\/td><td style=\" text-transform: uppercase; \">CC NUEVO CENTRO AV.P\u00cdO XII, 2 LOCAL 78 VALENCIA VALENCIA 46009<\/td><td><a href=\"https:\/\/www.google.es\/maps\/?q=CC+NUEVO+CENTRO+AV.P%C3%8DO+XII%2C+2+LOCAL+78+VALENCIA+VALENCIA+46009+46009\" target=\"_blank\">Veure ubicaci\u00f3<\/a><\/td><\/tr><tr><td><img decoding=\"async\" src=\"\/wp-content\/uploads\/logos_establecimientos\/6868e125a5bb6.png\" loading=\"lazy\" style=\"width: 40px; height: 40px; object-fit: contain; border-radius: 50%; vertical-align: middle; margin-right: 6px;\"><a href=\"https:\/\/www.multiopticas.com\/es\/home\/?gad_source=1&#038;gclid=eaiaiqobchmiopvmwfxqhwmvz4cdbx1uswtmeaayasaaegjsnvd_bwe\" target=\"_blank\">MULTIOPTICAS<\/a><\/td><td style=\" text-transform: uppercase; \">C\/ Zapadores, 5<\/td><td><a href=\"https:\/\/www.google.es\/maps\/?q=C%2F+Zapadores%2C+5+46006\" target=\"_blank\">Veure ubicaci\u00f3<\/a><\/td><\/tr><tr><td><a href=\"https:\/\/www.multiopticas.com\/es\/cita-cuando\/?addressid=store-1143\" target=\"_blank\">MULTIOPTICAS<\/a><\/td><td style=\" text-transform: uppercase; \">Multiopticas Centro Comercial Arena Multiespacio<\/td><td><a href=\"https:\/\/www.google.es\/maps\/?q=Multiopticas+Centro+Comercial+Arena+Multiespacio+46019\" target=\"_blank\">Veure ubicaci\u00f3<\/a><\/td><\/tr><tr><td><a href=\"https:\/\/www.multiopticas.com\/es\/cita-cuando\/?addressid=store-1142\" target=\"_blank\">MULTIOPTICAS<\/a><\/td><td style=\" text-transform: uppercase; \">Multiopticas Centro Comercial El Saler<\/td><td><a href=\"https:\/\/www.google.es\/maps\/?q=Multiopticas+Centro+Comercial+El+Saler+46013\" target=\"_blank\">Veure ubicaci\u00f3<\/a><\/td><\/tr><tr><td><img decoding=\"async\" src=\"\/wp-content\/uploads\/logos_establecimientos\/68663f9a9d971.jpg\" loading=\"lazy\" style=\"width: 40px; height: 40px; object-fit: contain; border-radius: 50%; vertical-align: middle; margin-right: 6px;\"><a href=\"\/\/www.multiopticas.com\" target=\"_blank\">MULTIOPTICAS CRISTALOPTICS<\/a><\/td><td style=\" text-transform: uppercase; \">CALLE MUSICO BARBIERI N\u00ba1 <\/td><td><a href=\"https:\/\/www.google.es\/maps\/?q=CALLE+MUSICO+BARBIERI+N%C2%BA1++46018\" target=\"_blank\">Veure ubicaci\u00f3<\/a><\/td><\/tr><tr><td><img decoding=\"async\" src=\"\/wp-content\/uploads\/logos_establecimientos\/650cbc71ad76e.jpg\" loading=\"lazy\" style=\"width: 40px; height: 40px; object-fit: contain; border-radius: 50%; vertical-align: middle; margin-right: 6px;\"><a href=\"\/\/-\" target=\"_blank\">MULTIOPTICAS SANZ<\/a><\/td><td style=\" text-transform: uppercase; \">CL SAN VICENTE MARTIR, 71<\/td><td><a href=\"https:\/\/www.google.es\/maps\/?q=CL+SAN+VICENTE+MARTIR%2C+71+46007\" target=\"_blank\">Veure ubicaci\u00f3<\/a><\/td><\/tr><tr><td><img decoding=\"async\" src=\"\/wp-content\/uploads\/logos_establecimientos\/6864e9695a746.jpg\" loading=\"lazy\" style=\"width: 40px; height: 40px; object-fit: contain; border-radius: 50%; vertical-align: middle; margin-right: 6px;\"><a href=\"\/\/modavisionoptica.es\" target=\"_blank\">NATURAL OPTICS MODAVISION<\/a><\/td><td style=\" text-transform: uppercase; \">C\/ MANUEL CANDELA, 39<\/td><td><a href=\"https:\/\/www.google.es\/maps\/?q=C%2F+MANUEL+CANDELA%2C+39+46021\" target=\"_blank\">Veure ubicaci\u00f3<\/a><\/td><\/tr><tr><td><a href=\"\/\/www.novavisionoptica.es\" target=\"_blank\">NOVA VISION CENTRO \u00d3PTICO<\/a><\/td><td style=\" text-transform: uppercase; \">C\/ JUAN LLORENS 14<\/td><td><a href=\"https:\/\/www.google.es\/maps\/?q=C%2F+JUAN+LLORENS+14+46008\" target=\"_blank\">Veure ubicaci\u00f3<\/a><\/td><\/tr><tr><td><img decoding=\"async\" src=\"\/wp-content\/uploads\/logos_establecimientos\/68b80b8b7145a.jpg\" loading=\"lazy\" style=\"width: 40px; height: 40px; object-fit: contain; border-radius: 50%; vertical-align: middle; margin-right: 6px;\"><a href=\"\/\/@opticcenteroc\" target=\"_blank\">OPTIC CENTER<\/a><\/td><td style=\" text-transform: uppercase; \">C\/ALBACETE,41<\/td><td><a href=\"https:\/\/www.google.es\/maps\/?q=C%2FALBACETE%2C41+46007\" target=\"_blank\">Veure ubicaci\u00f3<\/a><\/td><\/tr><tr><td>OPTICA ALBORAYA 51<\/td><td style=\" text-transform: uppercase; \">ALBORAYA 51<\/td><td><a href=\"https:\/\/www.google.es\/maps\/?q=ALBORAYA+51+46010\" target=\"_blank\">Veure ubicaci\u00f3<\/a><\/td><\/tr><tr><td><img decoding=\"async\" src=\"\/wp-content\/uploads\/logos_establecimientos\/650cbf6c7badd.jpg\" loading=\"lazy\" style=\"width: 40px; height: 40px; object-fit: contain; border-radius: 50%; vertical-align: middle; margin-right: 6px;\"><a href=\"\/\/www.opticaballester.es\" target=\"_blank\">OPTICA BALLESTER<\/a><\/td><td style=\" text-transform: uppercase; \">PLAZA DE LA ENCARNACION N\u00ba2<\/td><td><a href=\"https:\/\/www.google.es\/maps\/?q=PLAZA+DE+LA+ENCARNACION+N%C2%BA2+46001\" target=\"_blank\">Veure ubicaci\u00f3<\/a><\/td><\/tr><tr><td><img decoding=\"async\" src=\"\/wp-content\/uploads\/logos_establecimientos\/650cc04b8f8ca.jpg\" loading=\"lazy\" style=\"width: 40px; height: 40px; object-fit: contain; border-radius: 50%; vertical-align: middle; margin-right: 6px;\"><a href=\"\/\/www.opticaballester.es\" target=\"_blank\">OPTICA BALLESTER<\/a><\/td><td style=\" text-transform: uppercase; \">AVDA. PEREZ GALDOS, 86<\/td><td><a href=\"https:\/\/www.google.es\/maps\/?q=AVDA.+PEREZ+GALDOS%2C+86+46008\" target=\"_blank\">Veure ubicaci\u00f3<\/a><\/td><\/tr><tr><td><img decoding=\"async\" src=\"\/wp-content\/uploads\/logos_establecimientos\/686ba9b9425b3.jpg\" loading=\"lazy\" style=\"width: 40px; height: 40px; object-fit: contain; border-radius: 50%; vertical-align: middle; margin-right: 6px;\"><a href=\"https:\/\/www.opticabilbao.com\/\" target=\"_blank\">\u00d3PTICA BILBAO<\/a><\/td><td style=\" text-transform: uppercase; \">Calle Bilbao, 27 Bajo<\/td><td><a href=\"https:\/\/www.google.es\/maps\/?q=Calle+Bilbao%2C+27+Bajo+46009\" target=\"_blank\">Veure ubicaci\u00f3<\/a><\/td><\/tr><tr><td><img decoding=\"async\" src=\"\/wp-content\/uploads\/logos_establecimientos\/68b95917a9851.jpg\" loading=\"lazy\" style=\"width: 40px; height: 40px; object-fit: contain; border-radius: 50%; vertical-align: middle; margin-right: 6px;\"><a href=\"\/\/www.opticabravo.com\" target=\"_blank\">OPTICA BRAVO<\/a><\/td><td style=\" text-transform: uppercase; \">AVDA. BURJASOT 208<\/td><td><a href=\"https:\/\/www.google.es\/maps\/?q=AVDA.+BURJASOT+208+46025\" target=\"_blank\">Veure ubicaci\u00f3<\/a><\/td><\/tr><tr><td><img decoding=\"async\" src=\"\/wp-content\/uploads\/logos_establecimientos\/68b959af80a0c.jpg\" loading=\"lazy\" style=\"width: 40px; height: 40px; object-fit: contain; border-radius: 50%; vertical-align: middle; margin-right: 6px;\"><a href=\"\/\/www.opticabravo.com\" target=\"_blank\">OPTICA BRAVO<\/a><\/td><td style=\" text-transform: uppercase; \">PERIODISTA GIL SUMBIELA N-69<\/td><td><a href=\"https:\/\/www.google.es\/maps\/?q=PERIODISTA+GIL+SUMBIELA+N-69+46025\" target=\"_blank\">Veure ubicaci\u00f3<\/a><\/td><\/tr><tr><td><img decoding=\"async\" src=\"\/wp-content\/uploads\/logos_establecimientos\/686560e3cd19e.png\" loading=\"lazy\" style=\"width: 40px; height: 40px; object-fit: contain; border-radius: 50%; vertical-align: middle; margin-right: 6px;\"><a href=\"\/\/opticaburgos.com\" target=\"_blank\">OPTICA BURGOS<\/a><\/td><td style=\" text-transform: uppercase; \">C\/ BURGOS, 8<\/td><td><a href=\"https:\/\/www.google.es\/maps\/?q=C%2F+BURGOS%2C+8+46018\" target=\"_blank\">Veure ubicaci\u00f3<\/a><\/td><\/tr><tr><td><img decoding=\"async\" src=\"\/wp-content\/uploads\/logos_establecimientos\/6866b11c4bb4a.jpg\" loading=\"lazy\" style=\"width: 40px; height: 40px; object-fit: contain; border-radius: 50%; vertical-align: middle; margin-right: 6px;\"><a href=\"\/\/opticacampus.com\" target=\"_blank\">OPTICA CAMPUS BLASCO IBA\u00d1EZ<\/a><\/td><td style=\" text-transform: uppercase; \">RAMON LLULL 1-BAJO<\/td><td><a href=\"https:\/\/www.google.es\/maps\/?q=RAMON+LLULL+1-BAJO+46021\" target=\"_blank\">Veure ubicaci\u00f3<\/a><\/td><\/tr><tr><td><img decoding=\"async\" src=\"\/wp-content\/uploads\/logos_establecimientos\/650b60b294015.jpeg\" loading=\"lazy\" style=\"width: 40px; height: 40px; object-fit: contain; border-radius: 50%; vertical-align: middle; margin-right: 6px;\"><a href=\"\/\/www.facebook.com\/opticacentro\" target=\"_blank\">\u00d3PTICA CENTRO<\/a><\/td><td style=\" text-transform: uppercase; \">C\/ DERECHOS, 37<\/td><td><a href=\"https:\/\/www.google.es\/maps\/?q=C%2F+DERECHOS%2C+37+46001\" target=\"_blank\">Veure ubicaci\u00f3<\/a><\/td><\/tr><tr><td><img decoding=\"async\" src=\"\/wp-content\/uploads\/logos_establecimientos\/686ca58ce6f81.jpg\" loading=\"lazy\" style=\"width: 40px; height: 40px; object-fit: contain; border-radius: 50%; vertical-align: middle; margin-right: 6px;\"><a href=\"\/\/www.opticaciscar.com\" target=\"_blank\">OPTICA CISCAR<\/a><\/td><td style=\" text-transform: uppercase; \">Calle Ciscar 29<\/td><td><a href=\"https:\/\/www.google.es\/maps\/?q=Calle+Ciscar+29+46005\" target=\"_blank\">Veure ubicaci\u00f3<\/a><\/td><\/tr><tr><td><img decoding=\"async\" src=\"\/wp-content\/uploads\/logos_establecimientos\/65134eb7a9b1d.jpg\" loading=\"lazy\" style=\"width: 40px; height: 40px; object-fit: contain; border-radius: 50%; vertical-align: middle; margin-right: 6px;\"><a href=\"https:\/\/opticacomedias.com\/\" target=\"_blank\">OPTICA COMEDIAS<\/a><\/td><td style=\" text-transform: uppercase; \">C\/ PAZ, 21<\/td><td><a href=\"https:\/\/www.google.es\/maps\/?q=C%2F+PAZ%2C+21+46003\" target=\"_blank\">Veure ubicaci\u00f3<\/a><\/td><\/tr><tr><td><img decoding=\"async\" src=\"\/wp-content\/uploads\/logos_establecimientos\/6863c3a080ca0.png\" loading=\"lazy\" style=\"width: 40px; height: 40px; object-fit: contain; border-radius: 50%; vertical-align: middle; margin-right: 6px;\"><a href=\"\/\/www.opopticas.es\" target=\"_blank\">\u00d3PTICA CRISTINA MAYOR<\/a><\/td><td style=\" text-transform: uppercase; \">C\/ SANTOS JUSTO Y PASTOR, 39, BAJO<\/td><td><a href=\"https:\/\/www.google.es\/maps\/?q=C%2F+SANTOS+JUSTO+Y+PASTOR%2C+39%2C+BAJO+46021\" target=\"_blank\">Veure ubicaci\u00f3<\/a><\/td><\/tr><tr><td><img decoding=\"async\" src=\"\/wp-content\/uploads\/logos_establecimientos\/6863fe4b8ec05.jpg\" loading=\"lazy\" style=\"width: 40px; height: 40px; object-fit: contain; border-radius: 50%; vertical-align: middle; margin-right: 6px;\"><a href=\"https:\/\/opticadecastro.com\/\" target=\"_blank\">OPTICA DE CASTRO<\/a><\/td><td style=\" text-transform: uppercase; \">C\/ HERN\u00c1N CORTES 31 BAJO<\/td><td><a href=\"https:\/\/www.google.es\/maps\/?q=C%2F+HERN%C3%81N+CORTES+31+BAJO+46004\" target=\"_blank\">Veure ubicaci\u00f3<\/a><\/td><\/tr><tr><td><img decoding=\"async\" src=\"\/wp-content\/uploads\/logos_establecimientos\/68c0066e3f98b.jpg\" loading=\"lazy\" style=\"width: 40px; height: 40px; object-fit: contain; border-radius: 50%; vertical-align: middle; margin-right: 6px;\">OPTICA DIEZ<\/td><td style=\" text-transform: uppercase; \">Doctor Manuel Candela, 44<\/td><td><a href=\"https:\/\/www.google.es\/maps\/?q=Doctor+Manuel+Candela%2C+44+46021\" target=\"_blank\">Veure ubicaci\u00f3<\/a><\/td><\/tr><tr><td><img decoding=\"async\" src=\"\/wp-content\/uploads\/logos_establecimientos\/6866b34d339ea.jpeg\" loading=\"lazy\" style=\"width: 40px; height: 40px; object-fit: contain; border-radius: 50%; vertical-align: middle; margin-right: 6px;\"><a href=\"\/\/www.opticaduato.com\" target=\"_blank\">OPTICA DUATO<\/a><\/td><td style=\" text-transform: uppercase; \">C\/ SANT ESPERIT 3 BAJO DCHA<\/td><td><a href=\"https:\/\/www.google.es\/maps\/?q=C%2F+SANT+ESPERIT+3+BAJO+DCHA+46020\" target=\"_blank\">Veure ubicaci\u00f3<\/a><\/td><\/tr><tr><td><img decoding=\"async\" src=\"\/wp-content\/uploads\/logos_establecimientos\/686baaf9b321f.jpg\" loading=\"lazy\" style=\"width: 40px; height: 40px; object-fit: contain; border-radius: 50%; vertical-align: middle; margin-right: 6px;\">OPTICA FERRANDIS<\/td><td style=\" text-transform: uppercase; \">CALLE PINTOR FERRANDIS 14<\/td><td><a href=\"https:\/\/www.google.es\/maps\/?q=CALLE+PINTOR+FERRANDIS+14+46011\" target=\"_blank\">Veure ubicaci\u00f3<\/a><\/td><\/tr><tr><td><img decoding=\"async\" src=\"\/wp-content\/uploads\/logos_establecimientos\/6513531ba0e53.jpg\" loading=\"lazy\" style=\"width: 40px; height: 40px; object-fit: contain; border-radius: 50%; vertical-align: middle; margin-right: 6px;\"><a href=\"https:\/\/opticaferrandiz.com\/\" target=\"_blank\">OPTICA FERRANDIZ<\/a><\/td><td style=\" text-transform: uppercase; \">C\/ CASTELL\u00d3N, 5<\/td><td><a href=\"https:\/\/www.google.es\/maps\/?q=C%2F+CASTELL%C3%93N%2C+5+46004\" target=\"_blank\">Veure ubicaci\u00f3<\/a><\/td><\/tr><tr><td><img decoding=\"async\" src=\"\/wp-content\/uploads\/logos_establecimientos\/68640a9c1717a.png\" loading=\"lazy\" style=\"width: 40px; height: 40px; object-fit: contain; border-radius: 50%; vertical-align: middle; margin-right: 6px;\"><a href=\"https:\/\/opticahernandez.es\" target=\"_blank\">OPTICA HERNANDEZ<\/a><\/td><td style=\" text-transform: uppercase; \">C\/ SAN MARCELINO 23<\/td><td><a href=\"https:\/\/www.google.es\/maps\/?q=C%2F+SAN+MARCELINO+23+46017\" target=\"_blank\">Veure ubicaci\u00f3<\/a><\/td><\/tr><tr><td><img decoding=\"async\" src=\"\/wp-content\/uploads\/logos_establecimientos\/68c1346692b33.png\" loading=\"lazy\" style=\"width: 40px; height: 40px; object-fit: contain; border-radius: 50%; vertical-align: middle; margin-right: 6px;\">OPTICA II 2012 SL<\/td><td style=\" text-transform: uppercase; \">CALLE PINTOR BENEDITO 10 BAJO<\/td><td><a href=\"https:\/\/www.google.es\/maps\/?q=CALLE+PINTOR+BENEDITO+10+BAJO+46007\" target=\"_blank\">Veure ubicaci\u00f3<\/a><\/td><\/tr><tr><td><img decoding=\"async\" src=\"\/wp-content\/uploads\/logos_establecimientos\/68d51f464c1ae.jpg\" loading=\"lazy\" style=\"width: 40px; height: 40px; object-fit: contain; border-radius: 50%; vertical-align: middle; margin-right: 6px;\">OPTICA JARDIN<\/td><td style=\" text-transform: uppercase; \">C\/ MOTILLA DEL PALANCAR 34 BAJO<\/td><td><a href=\"https:\/\/www.google.es\/maps\/?q=C%2F+MOTILLA+DEL+PALANCAR+34+BAJO+46019\" target=\"_blank\">Veure ubicaci\u00f3<\/a><\/td><\/tr><tr><td><a href=\"\/\/www.opticajesus.es\" target=\"_blank\">OPTICA JESUS<\/a><\/td><td style=\" text-transform: uppercase; \">optica jesus, plaza jesus n\u00ba 5<\/td><td><a href=\"https:\/\/www.google.es\/maps\/?q=optica+jesus%2C+plaza+jesus+n%C2%BA+5+46007\" target=\"_blank\">Veure ubicaci\u00f3<\/a><\/td><\/tr><tr><td><img decoding=\"async\" src=\"\/wp-content\/uploads\/logos_establecimientos\/686552d7a4d15.jpeg\" loading=\"lazy\" style=\"width: 40px; height: 40px; object-fit: contain; border-radius: 50%; vertical-align: middle; margin-right: 6px;\">\u00d3PTICA JES\u00daS CU\u00d1AT<\/td><td style=\" text-transform: uppercase; \">C\/ LERIDA, 9<\/td><td><a href=\"https:\/\/www.google.es\/maps\/?q=C%2F+LERIDA%2C+9+46009\" target=\"_blank\">Veure ubicaci\u00f3<\/a><\/td><\/tr><tr><td><img decoding=\"async\" src=\"\/wp-content\/uploads\/logos_establecimientos\/6863df5d024a0.jpg\" loading=\"lazy\" style=\"width: 40px; height: 40px; object-fit: contain; border-radius: 50%; vertical-align: middle; margin-right: 6px;\"><a href=\"https:\/\/www.facebook.com\/opticaleandrocabezas\" target=\"_blank\">OPTICA LEANDRO CABEZAS<\/a><\/td><td style=\" text-transform: uppercase; \">C\/ Escultor Jos\u00e9 Capuz, 15<\/td><td><a href=\"https:\/\/www.google.es\/maps\/?q=C%2F+Escultor+Jos%C3%A9+Capuz%2C+15+46006\" target=\"_blank\">Veure ubicaci\u00f3<\/a><\/td><\/tr><tr><td>OPTICA LUMIARES<\/td><td style=\" text-transform: uppercase; \">C ANNA N\u00ba 1B<\/td><td><a href=\"https:\/\/www.google.es\/maps\/?q=C+ANNA+N%C2%BA+1B+46019\" target=\"_blank\">Veure ubicaci\u00f3<\/a><\/td><\/tr><tr><td><img decoding=\"async\" src=\"\/wp-content\/uploads\/logos_establecimientos\/686babad46789.png\" loading=\"lazy\" style=\"width: 40px; height: 40px; object-fit: contain; border-radius: 50%; vertical-align: middle; margin-right: 6px;\">OPTICA MALILLA<\/td><td style=\" text-transform: uppercase; \">CALLE OLTA N 44<\/td><td><a href=\"https:\/\/www.google.es\/maps\/?q=CALLE+OLTA+N+44+46006\" target=\"_blank\">Veure ubicaci\u00f3<\/a><\/td><\/tr><tr><td><img decoding=\"async\" src=\"\/wp-content\/uploads\/logos_establecimientos\/68763d280694f.jpg\" loading=\"lazy\" style=\"width: 40px; height: 40px; object-fit: contain; border-radius: 50%; vertical-align: middle; margin-right: 6px;\">\u00d3PTICA MANUEL SIM\u00d3 VISI\u00d3N<\/td><td style=\" text-transform: uppercase; \">C\/ Manuel Sim\u00f3, 40 Bajo<\/td><td><a href=\"https:\/\/www.google.es\/maps\/?q=C%2F+Manuel+Sim%C3%B3%2C+40+Bajo+46018\" target=\"_blank\">Veure ubicaci\u00f3<\/a><\/td><\/tr><tr><td><img decoding=\"async\" src=\"\/wp-content\/uploads\/logos_establecimientos\/68cd162b07920.jpg\" loading=\"lazy\" style=\"width: 40px; height: 40px; object-fit: contain; border-radius: 50%; vertical-align: middle; margin-right: 6px;\"><a href=\"https:\/\/www.opticamariaesteban.com\/\" target=\"_blank\">\u00d3PTICA MAR\u00cdA ESTEBAN<\/a><\/td><td style=\" text-transform: uppercase; \">RODRIGUEZ DE CEPEDA, 53<\/td><td><a href=\"https:\/\/www.google.es\/maps\/?q=RODRIGUEZ+DE+CEPEDA%2C+53+46021\" target=\"_blank\">Veure ubicaci\u00f3<\/a><\/td><\/tr><tr><td><img decoding=\"async\" src=\"\/wp-content\/uploads\/logos_establecimientos\/6863b854ba52c.jpg\" loading=\"lazy\" style=\"width: 40px; height: 40px; object-fit: contain; border-radius: 50%; vertical-align: middle; margin-right: 6px;\"><a href=\"https:\/\/www.facebook.com\/profile.php?id=100012074378129\" target=\"_blank\">OPTICA MARITIMO<\/a><\/td><td style=\" text-transform: uppercase; \">Avenida del Puerto n\u00ba 223 bajo<\/td><td><a href=\"https:\/\/www.google.es\/maps\/?q=Avenida+del+Puerto+n%C2%BA+223+bajo+46022\" target=\"_blank\">Veure ubicaci\u00f3<\/a><\/td><\/tr><tr><td><img decoding=\"async\" src=\"\/wp-content\/uploads\/logos_establecimientos\/686baa1cc4d68.jpg\" loading=\"lazy\" style=\"width: 40px; height: 40px; object-fit: contain; border-radius: 50%; vertical-align: middle; margin-right: 6px;\">OPTICA MASQUEFA<\/td><td style=\" text-transform: uppercase; \">CALLE MASQUEFA 44<\/td><td><a href=\"https:\/\/www.google.es\/maps\/?q=CALLE+MASQUEFA+44+46020\" target=\"_blank\">Veure ubicaci\u00f3<\/a><\/td><\/tr><tr><td><img decoding=\"async\" src=\"\/wp-content\/uploads\/logos_establecimientos\/6863fa702eb1d.jpg\" loading=\"lazy\" style=\"width: 40px; height: 40px; object-fit: contain; border-radius: 50%; vertical-align: middle; margin-right: 6px;\"><a href=\"https:\/\/opticameseguer.es\/\" target=\"_blank\">OPTICA MESEGUER<\/a><\/td><td style=\" text-transform: uppercase; \">C\/ REINA, 100<\/td><td><a href=\"https:\/\/www.google.es\/maps\/?q=C%2F+REINA%2C+100+46011\" target=\"_blank\">Veure ubicaci\u00f3<\/a><\/td><\/tr><tr><td><img decoding=\"async\" src=\"\/wp-content\/uploads\/logos_establecimientos\/6863de7f19b1f.jpeg\" loading=\"lazy\" style=\"width: 40px; height: 40px; object-fit: contain; border-radius: 50%; vertical-align: middle; margin-right: 6px;\">\u00d3PTICA NOU MOLES<\/td><td style=\" text-transform: uppercase; \">C\/ Cartagena s\/n bajo comercial \u00d3ptica Nou Moles <\/td><td><a href=\"https:\/\/www.google.es\/maps\/?q=C%2F+Cartagena+s%2Fn+bajo+comercial+%C3%93ptica+Nou+Moles++46018\" target=\"_blank\">Veure ubicaci\u00f3<\/a><\/td><\/tr><tr><td><img decoding=\"async\" src=\"\/wp-content\/uploads\/logos_establecimientos\/6863c55b2be94.jpg\" loading=\"lazy\" style=\"width: 40px; height: 40px; object-fit: contain; border-radius: 50%; vertical-align: middle; margin-right: 6px;\"><a href=\"\/\/www.opopticas.es\" target=\"_blank\">\u00d3PTICA POLIT\u00c9CNICA<\/a><\/td><td style=\" text-transform: uppercase; \">PLAZA \u00c1GORA, LOCAL 21, (UNIVERSIDAD POLT\u00c9CNICA DE VALENCIA)<\/td><td><a href=\"https:\/\/www.google.es\/maps\/?q=PLAZA+%C3%81GORA%2C+LOCAL+21%2C+%28UNIVERSIDAD+POLT%C3%89CNICA+DE+VALENCIA%29+46021\" target=\"_blank\">Veure ubicaci\u00f3<\/a><\/td><\/tr><tr><td><img decoding=\"async\" src=\"\/wp-content\/uploads\/logos_establecimientos\/6878c8e8268e8.jpg\" loading=\"lazy\" style=\"width: 40px; height: 40px; object-fit: contain; border-radius: 50%; vertical-align: middle; margin-right: 6px;\">OPTICA ROCIO ADAN<\/td><td style=\" text-transform: uppercase; \">CL JUAN RAMON JIMENEZ N\u00ba 65-BAJO 2<\/td><td><a href=\"https:\/\/www.google.es\/maps\/?q=CL+JUAN+RAMON+JIMENEZ+N%C2%BA+65-BAJO+2+46026\" target=\"_blank\">Veure ubicaci\u00f3<\/a><\/td><\/tr><tr><td>OPTICA RUZAFA<\/td><td style=\" text-transform: uppercase; \">SORNELLS,12<\/td><td><a href=\"https:\/\/www.google.es\/maps\/?q=SORNELLS%2C12+46006\" target=\"_blank\">Veure ubicaci\u00f3<\/a><\/td><\/tr><tr><td><img decoding=\"async\" src=\"\/wp-content\/uploads\/logos_establecimientos\/6870da3ede323.jpg\" loading=\"lazy\" style=\"width: 40px; height: 40px; object-fit: contain; border-radius: 50%; vertical-align: middle; margin-right: 6px;\"><a href=\"\/\/www.opticasalvadorbarbera.com\" target=\"_blank\">\u00d2PTICA SALVADOR BARBER\u00c0<\/a><\/td><td style=\" text-transform: uppercase; \">C\/ Jose Maria de Haro 8, bajo <\/td><td><a href=\"https:\/\/www.google.es\/maps\/?q=C%2F+Jose+Maria+de+Haro+8%2C+bajo++46022\" target=\"_blank\">Veure ubicaci\u00f3<\/a><\/td><\/tr><tr><td><img decoding=\"async\" src=\"\/wp-content\/uploads\/logos_establecimientos\/687655d96a27c.jpg\" loading=\"lazy\" style=\"width: 40px; height: 40px; object-fit: contain; border-radius: 50%; vertical-align: middle; margin-right: 6px;\"><a href=\"https:\/\/farmaoptics.com\/\" target=\"_blank\">OPTICA SAN ISIDRO<\/a><\/td><td style=\" text-transform: uppercase; \">C. Doctor Rafael Bartual, 27<\/td><td><a href=\"https:\/\/www.google.es\/maps\/?q=C.+Doctor+Rafael+Bartual%2C+27+46014\" target=\"_blank\">Veure ubicaci\u00f3<\/a><\/td><\/tr><tr><td><img decoding=\"async\" src=\"\/wp-content\/uploads\/logos_establecimientos\/68c6d894edbad.jpg\" loading=\"lazy\" style=\"width: 40px; height: 40px; object-fit: contain; border-radius: 50%; vertical-align: middle; margin-right: 6px;\"><a href=\"https:\/\/opticasvalencia.com\" target=\"_blank\">\u00d3PTICA SANTANDER &#8211; OPTICAS VALENCIA<\/a><\/td><td style=\" text-transform: uppercase; \">C. de Santander, 18, Jes\u00fas, 46017 Val\u00e8ncia, Valencia<\/td><td><a href=\"https:\/\/www.google.es\/maps\/?q=C.+de+Santander%2C+18%2C+Jes%C3%BAs%2C+46017+Val%C3%A8ncia%2C+Valencia+46017\" target=\"_blank\">Veure ubicaci\u00f3<\/a><\/td><\/tr><tr><td><img decoding=\"async\" src=\"\/wp-content\/uploads\/logos_establecimientos\/6863fcf84e5a6.jpg\" loading=\"lazy\" style=\"width: 40px; height: 40px; object-fit: contain; border-radius: 50%; vertical-align: middle; margin-right: 6px;\"><a href=\"https:\/\/www.facebook.com\/profile.php?id=100057473649550\" target=\"_blank\">\u00d3PTICA SIERRA<\/a><\/td><td style=\" text-transform: uppercase; \">Avenida Reino de Valencia 65<\/td><td><a href=\"https:\/\/www.google.es\/maps\/?q=Avenida+Reino+de+Valencia+65+46005\" target=\"_blank\">Veure ubicaci\u00f3<\/a><\/td><\/tr><tr><td><img decoding=\"async\" src=\"\/wp-content\/uploads\/logos_establecimientos\/68768885cbec0.png\" loading=\"lazy\" style=\"width: 40px; height: 40px; object-fit: contain; border-radius: 50%; vertical-align: middle; margin-right: 6px;\"><a href=\"https:\/\/opticavision.es\/\" target=\"_blank\">OPTICA VISION<\/a><\/td><td style=\" text-transform: uppercase; \">FELIX DEL RIO 30<\/td><td><a href=\"https:\/\/www.google.es\/maps\/?q=FELIX+DEL+RIO+30+46025\" target=\"_blank\">Veure ubicaci\u00f3<\/a><\/td><\/tr><tr><td><img decoding=\"async\" src=\"\/wp-content\/uploads\/logos_establecimientos\/687688f25dc53.png\" loading=\"lazy\" style=\"width: 40px; height: 40px; object-fit: contain; border-radius: 50%; vertical-align: middle; margin-right: 6px;\"><a href=\"https:\/\/opticavision.es\/\" target=\"_blank\">OPTICA VISION<\/a><\/td><td style=\" text-transform: uppercase; \">AVENIDA JUAN XXIII N\u00ba38<\/td><td><a href=\"https:\/\/www.google.es\/maps\/?q=AVENIDA+JUAN+XXIII+N%C2%BA38+46025\" target=\"_blank\">Veure ubicaci\u00f3<\/a><\/td><\/tr><tr><td><img decoding=\"async\" src=\"\/wp-content\/uploads\/logos_establecimientos\/687689d107175.png\" loading=\"lazy\" style=\"width: 40px; height: 40px; object-fit: contain; border-radius: 50%; vertical-align: middle; margin-right: 6px;\"><a href=\"https:\/\/opticavision.es\/\" target=\"_blank\">OPTICA VISION<\/a><\/td><td style=\" text-transform: uppercase; \">PARRA 7<\/td><td><a href=\"https:\/\/www.google.es\/maps\/?q=PARRA+7+46015\" target=\"_blank\">Veure ubicaci\u00f3<\/a><\/td><\/tr><tr><td><img decoding=\"async\" src=\"\/wp-content\/uploads\/logos_establecimientos\/68654eac4c73a.jpg\" loading=\"lazy\" style=\"width: 40px; height: 40px; object-fit: contain; border-radius: 50%; vertical-align: middle; margin-right: 6px;\"><a href=\"\/\/www.opticayaudiologia.es\" target=\"_blank\">OPTICA Y AUDIOLOGIA GASPAR AGUILAR<\/a><\/td><td style=\" text-transform: uppercase; \">AVDA. GASPAR AGUILAR 81 BAJO<\/td><td><a href=\"https:\/\/www.google.es\/maps\/?q=AVDA.+GASPAR+AGUILAR+81+BAJO+46017\" target=\"_blank\">Veure ubicaci\u00f3<\/a><\/td><\/tr><tr><td><img decoding=\"async\" src=\"\/wp-content\/uploads\/logos_establecimientos\/68654b6d0105e.jpg\" loading=\"lazy\" style=\"width: 40px; height: 40px; object-fit: contain; border-radius: 50%; vertical-align: middle; margin-right: 6px;\"><a href=\"\/\/www.opticayaudiologia.es\" target=\"_blank\">OPTICA Y AUDIOLOGIA SAN MARCELINO<\/a><\/td><td style=\" text-transform: uppercase; \">SAN MARCELINO 4 BAJO<\/td><td><a href=\"https:\/\/www.google.es\/maps\/?q=SAN+MARCELINO+4+BAJO+46017\" target=\"_blank\">Veure ubicaci\u00f3<\/a><\/td><\/tr><tr><td><img decoding=\"async\" src=\"\/wp-content\/uploads\/logos_establecimientos\/650cbdae24db4.jpg\" loading=\"lazy\" style=\"width: 40px; height: 40px; object-fit: contain; border-radius: 50%; vertical-align: middle; margin-right: 6px;\"><a href=\"https:\/\/opticayoptometriareal.es\/\" target=\"_blank\">OPTICA Y OPTOMETRIA REAL<\/a><\/td><td style=\" text-transform: uppercase; \">C\/ CIRILO AMOR\u00d3S, 22<\/td><td><a href=\"https:\/\/www.google.es\/maps\/?q=C%2F+CIRILO+AMOR%C3%93S%2C+22+46004\" target=\"_blank\">Veure ubicaci\u00f3<\/a><\/td><\/tr><tr><td><img decoding=\"async\" src=\"\/wp-content\/uploads\/logos_establecimientos\/686704d2bafa2.jpg\" loading=\"lazy\" style=\"width: 40px; height: 40px; object-fit: contain; border-radius: 50%; vertical-align: middle; margin-right: 6px;\">OPTICALIA<\/td><td style=\" text-transform: uppercase; \">AVDA. DEL OESTE, 26<\/td><td><a href=\"https:\/\/www.google.es\/maps\/?q=AVDA.+DEL+OESTE%2C+26+46001\" target=\"_blank\">Veure ubicaci\u00f3<\/a><\/td><\/tr><tr><td><img decoding=\"async\" src=\"\/wp-content\/uploads\/logos_establecimientos\/68655e763186b.jpg\" loading=\"lazy\" style=\"width: 40px; height: 40px; object-fit: contain; border-radius: 50%; vertical-align: middle; margin-right: 6px;\"><a href=\"https:\/\/opticaliaalgiros.com\/\" target=\"_blank\">OPTICALIA ALGIROS<\/a><\/td><td style=\" text-transform: uppercase; \">Avenida Cardenal Benlloch 58 Bajo izq.<\/td><td><a href=\"https:\/\/www.google.es\/maps\/?q=Avenida+Cardenal+Benlloch+58+Bajo+izq.+46021\" target=\"_blank\">Veure ubicaci\u00f3<\/a><\/td><\/tr><tr><td><img decoding=\"async\" src=\"\/wp-content\/uploads\/logos_establecimientos\/68c92d53165a8.png\" loading=\"lazy\" style=\"width: 40px; height: 40px; object-fit: contain; border-radius: 50%; vertical-align: middle; margin-right: 6px;\"><a href=\"\/\/www.opticaliasalvadorlaguna.es\" target=\"_blank\">OPTICALIA AMADO<\/a><\/td><td style=\" text-transform: uppercase; \">AV. AMADO GRANELL MESADO, 17<\/td><td><a href=\"https:\/\/www.google.es\/maps\/?q=AV.+AMADO+GRANELL+MESADO%2C+17+46006\" target=\"_blank\">Veure ubicaci\u00f3<\/a><\/td><\/tr><tr><td><a href=\"https:\/\/www.opticalia.com\/es\/tiendas\/optica-valencia-gran-via-de-ferran-el-catolic-12-opticalia\" target=\"_blank\">OPTICALIA \u00c1NGEL GUIMER\u00c1<\/a><\/td><td style=\" text-transform: uppercase; \">GRAN V\u00cdA FERNANDO EL CAT\u00d3LICO 12<\/td><td><a href=\"https:\/\/www.google.es\/maps\/?q=GRAN+V%C3%8DA+FERNANDO+EL+CAT%C3%93LICO+12+46008\" target=\"_blank\">Veure ubicaci\u00f3<\/a><\/td><\/tr><tr><td><img decoding=\"async\" src=\"\/wp-content\/uploads\/logos_establecimientos\/688353614a306.jpg\" loading=\"lazy\" style=\"width: 40px; height: 40px; object-fit: contain; border-radius: 50%; vertical-align: middle; margin-right: 6px;\"><a href=\"\/\/www.opticalia.es\" target=\"_blank\">OPTICALIA CLARAMUNT<\/a><\/td><td style=\" text-transform: uppercase; \">AV.CONSTITUCION 127<\/td><td><a href=\"https:\/\/www.google.es\/maps\/?q=AV.CONSTITUCION+127+46009\" target=\"_blank\">Veure ubicaci\u00f3<\/a><\/td><\/tr><tr><td><img decoding=\"async\" src=\"\/wp-content\/uploads\/logos_establecimientos\/688353f0ebb08.jpg\" loading=\"lazy\" style=\"width: 40px; height: 40px; object-fit: contain; border-radius: 50%; vertical-align: middle; margin-right: 6px;\"><a href=\"\/\/www.opticalia.es\" target=\"_blank\">OPTICALIA CLARAMUNT BENIMACLET<\/a><\/td><td style=\" text-transform: uppercase; \">C\/Emilio Bar\u00f3 19<\/td><td><a href=\"https:\/\/www.google.es\/maps\/?q=C%2FEmilio+Bar%C3%B3+19+46020\" target=\"_blank\">Veure ubicaci\u00f3<\/a><\/td><\/tr><tr><td><img decoding=\"async\" src=\"\/wp-content\/uploads\/logos_establecimientos\/686cef8bcbd54.JPG\" loading=\"lazy\" style=\"width: 40px; height: 40px; object-fit: contain; border-radius: 50%; vertical-align: middle; margin-right: 6px;\"><a href=\"https:\/\/almacendeoptica.com\/\" target=\"_blank\">OPTICALIA ENRIQUE FLORES<\/a><\/td><td style=\" text-transform: uppercase; \">C\/San Vicente M\u00e1rtir, 110<\/td><td><a href=\"https:\/\/www.google.es\/maps\/?q=C%2FSan+Vicente+M%C3%A1rtir%2C+110+46007\" target=\"_blank\">Veure ubicaci\u00f3<\/a><\/td><\/tr><tr><td><img decoding=\"async\" src=\"\/wp-content\/uploads\/logos_establecimientos\/68c92e241b456.png\" loading=\"lazy\" style=\"width: 40px; height: 40px; object-fit: contain; border-radius: 50%; vertical-align: middle; margin-right: 6px;\"><a href=\"\/\/www.opticaliasalvadorlaguna.es\" target=\"_blank\">OPTICALIA ISLAS CANARIAS<\/a><\/td><td style=\" text-transform: uppercase; \">C\/ ISLAS CANARIAS, 116<\/td><td><a href=\"https:\/\/www.google.es\/maps\/?q=C%2F+ISLAS+CANARIAS%2C+116+46023\" target=\"_blank\">Veure ubicaci\u00f3<\/a><\/td><\/tr><tr><td><img decoding=\"async\" src=\"\/wp-content\/uploads\/logos_establecimientos\/68c9280f434d2.png\" loading=\"lazy\" style=\"width: 40px; height: 40px; object-fit: contain; border-radius: 50%; vertical-align: middle; margin-right: 6px;\"><a href=\"\/\/www.opticaliasalvadorlaguna.es\" target=\"_blank\">OPTICALIA MALILLA<\/a><\/td><td style=\" text-transform: uppercase; \">C\/ BERNAT DESCOLL, 56<\/td><td><a href=\"https:\/\/www.google.es\/maps\/?q=C%2F+BERNAT+DESCOLL%2C+56+46026\" target=\"_blank\">Veure ubicaci\u00f3<\/a><\/td><\/tr><tr><td><img decoding=\"async\" src=\"\/wp-content\/uploads\/logos_establecimientos\/68c92653aa4e8.png\" loading=\"lazy\" style=\"width: 40px; height: 40px; object-fit: contain; border-radius: 50%; vertical-align: middle; margin-right: 6px;\"><a href=\"\/\/www.opticaliasalvadorlaguna.es\" target=\"_blank\">OPTICALIA OLT\u00c1<\/a><\/td><td style=\" text-transform: uppercase; \">C\/ OLT\u00c1, 58<\/td><td><a href=\"https:\/\/www.google.es\/maps\/?q=C%2F+OLT%C3%81%2C+58+46026\" target=\"_blank\">Veure ubicaci\u00f3<\/a><\/td><\/tr><tr><td><a href=\"https:\/\/www.opticalia.com\/es\/tiendas\/optica-valencia-roger-de-lauria-11-opticalia-roger-de-lauria\" target=\"_blank\">OPTICALIA ROGER DE LAURIA<\/a><\/td><td style=\" text-transform: uppercase; \">C\/ ROGER DE LAURIA 11<\/td><td><a href=\"https:\/\/www.google.es\/maps\/?q=C%2F+ROGER+DE+LAURIA+11+46002\" target=\"_blank\">Veure ubicaci\u00f3<\/a><\/td><\/tr><tr><td><img decoding=\"async\" src=\"\/wp-content\/uploads\/logos_establecimientos\/68dc043ac3957.jpg\" loading=\"lazy\" style=\"width: 40px; height: 40px; object-fit: contain; border-radius: 50%; vertical-align: middle; margin-right: 6px;\"><a href=\"https:\/\/www.instagram.com\/opticalia_valenciana?igsh=mxczmtl0bdy2cmzjbq==\" target=\"_blank\">OPTICALIA TRES FORQUES<\/a><\/td><td style=\" text-transform: uppercase; \">PINTOR PASQUAL CAPUZ 1<\/td><td><a href=\"https:\/\/www.google.es\/maps\/?q=PINTOR+PASQUAL+CAPUZ+1+46008\" target=\"_blank\">Veure ubicaci\u00f3<\/a><\/td><\/tr><tr><td><a href=\"\/\/www.opticaperales.com\" target=\"_blank\">OPTICAS PERALES ALGUER<\/a><\/td><td style=\" text-transform: uppercase; \">CALLE ALGUER 10<\/td><td><a href=\"https:\/\/www.google.es\/maps\/?q=CALLE+ALGUER+10+46022\" target=\"_blank\">Veure ubicaci\u00f3<\/a><\/td><\/tr><tr><td><img decoding=\"async\" src=\"\/wp-content\/uploads\/logos_establecimientos\/686d98388ed44.jpg\" loading=\"lazy\" style=\"width: 40px; height: 40px; object-fit: contain; border-radius: 50%; vertical-align: middle; margin-right: 6px;\"><a href=\"\/\/www.opticaperales.com\" target=\"_blank\">OPTICAS PERALES EXPLORADOR ANDRES<\/a><\/td><td style=\" text-transform: uppercase; \">CALLE L&#8217;ALGUER, 26 <\/td><td><a href=\"https:\/\/www.google.es\/maps\/?q=CALLE+L%27ALGUER%2C+26++46022\" target=\"_blank\">Veure ubicaci\u00f3<\/a><\/td><\/tr><tr><td><img decoding=\"async\" src=\"\/wp-content\/uploads\/logos_establecimientos\/686d99d70871b.jpg\" loading=\"lazy\" style=\"width: 40px; height: 40px; object-fit: contain; border-radius: 50%; vertical-align: middle; margin-right: 6px;\"><a href=\"\/\/www.opticaperales.com\" target=\"_blank\">OPTICAS PERALES PRIMERO DE MAYO<\/a><\/td><td style=\" text-transform: uppercase; \">AVD PRIMERO DE MAYO 23<\/td><td><a href=\"https:\/\/www.google.es\/maps\/?q=AVD+PRIMERO+DE+MAYO+23+46017\" target=\"_blank\">Veure ubicaci\u00f3<\/a><\/td><\/tr><tr><td><img decoding=\"async\" src=\"\/wp-content\/uploads\/logos_establecimientos\/68650c5fe677b.jpg\" loading=\"lazy\" style=\"width: 40px; height: 40px; object-fit: contain; border-radius: 50%; vertical-align: middle; margin-right: 6px;\"><a href=\"\/\/www.visualmoda.es\" target=\"_blank\">\u00d3PTICAS VISUALMODA<\/a><\/td><td style=\" text-transform: uppercase; \">CALLE ARCHIDUQUE CARLOS 25<\/td><td><a href=\"https:\/\/www.google.es\/maps\/?q=CALLE+ARCHIDUQUE+CARLOS+25+46018\" target=\"_blank\">Veure ubicaci\u00f3<\/a><\/td><\/tr><tr><td><img decoding=\"async\" src=\"\/wp-content\/uploads\/logos_establecimientos\/68650d2337c41.jpg\" loading=\"lazy\" style=\"width: 40px; height: 40px; object-fit: contain; border-radius: 50%; vertical-align: middle; margin-right: 6px;\"><a href=\"\/\/www.visualmoda.es\" target=\"_blank\">\u00d3PTICAS VISUALMODA<\/a><\/td><td style=\" text-transform: uppercase; \">AVD. CONSTITUCI\u00d3N, 11<\/td><td><a href=\"https:\/\/www.google.es\/maps\/?q=AVD.+CONSTITUCI%C3%93N%2C+11+46009\" target=\"_blank\">Veure ubicaci\u00f3<\/a><\/td><\/tr><tr><td><img decoding=\"async\" src=\"\/wp-content\/uploads\/logos_establecimientos\/650b52ef8ccd0.jpg\" loading=\"lazy\" style=\"width: 40px; height: 40px; object-fit: contain; border-radius: 50%; vertical-align: middle; margin-right: 6px;\"><a href=\"https:\/\/opticosenriquehurtado.es\/\" target=\"_blank\">OPTICOS ENRIQUE HURTADO<\/a><\/td><td style=\" text-transform: uppercase; \">CL GENERAL TOVAR, 2<\/td><td><a href=\"https:\/\/www.google.es\/maps\/?q=CL+GENERAL+TOVAR%2C+2+46003\" target=\"_blank\">Veure ubicaci\u00f3<\/a><\/td><\/tr><tr><td><img decoding=\"async\" src=\"\/wp-content\/uploads\/logos_establecimientos\/68650fcce5c58.jpg\" loading=\"lazy\" style=\"width: 40px; height: 40px; object-fit: contain; border-radius: 50%; vertical-align: middle; margin-right: 6px;\">OPTIMIL DISCOUNT VALENCIA<\/td><td style=\" text-transform: uppercase; \">Calle Doctor Manuel Candela, 36<\/td><td><a href=\"https:\/\/www.google.es\/maps\/?q=Calle+Doctor+Manuel+Candela%2C+36+46021\" target=\"_blank\">Veure ubicaci\u00f3<\/a><\/td><\/tr><tr><td><img decoding=\"async\" src=\"\/wp-content\/uploads\/logos_establecimientos\/68757acd2ebd0.jpg\" loading=\"lazy\" style=\"width: 40px; height: 40px; object-fit: contain; border-radius: 50%; vertical-align: middle; margin-right: 6px;\"><a href=\"https:\/\/www.instagram.com\/opticaaudreylahuec\/\" target=\"_blank\">OPTIQUE AUDREY LAHUEC<\/a><\/td><td style=\" text-transform: uppercase; \">AV REGNE DE VAL\u00c8NCIA, 26<\/td><td><a href=\"https:\/\/www.google.es\/maps\/?q=AV+REGNE+DE+VAL%C3%88NCIA%2C+26+46005\" target=\"_blank\">Veure ubicaci\u00f3<\/a><\/td><\/tr><tr><td><img decoding=\"async\" src=\"\/wp-content\/uploads\/logos_establecimientos\/6863ba35d399a.jpg\" loading=\"lazy\" style=\"width: 40px; height: 40px; object-fit: contain; border-radius: 50%; vertical-align: middle; margin-right: 6px;\"><a href=\"https:\/\/www.threads.com\/@optolent_opticayaudiolgia?xmt=aqf0qolnlraumdleziiysiwghmxgw4s0rm3q4f0hvueb8xw\" target=\"_blank\">OPTOLENT OPTICA Y AUDIOLOGIA<\/a><\/td><td style=\" text-transform: uppercase; \">Alemania, 8- BAJO<\/td><td><a href=\"https:\/\/www.google.es\/maps\/?q=Alemania%2C+8-+BAJO+46010\" target=\"_blank\">Veure ubicaci\u00f3<\/a><\/td><\/tr><tr><td><img decoding=\"async\" src=\"\/wp-content\/uploads\/logos_establecimientos\/68ce9c9a6722b.jpg\" loading=\"lazy\" style=\"width: 40px; height: 40px; object-fit: contain; border-radius: 50%; vertical-align: middle; margin-right: 6px;\"><a href=\"https:\/\/instagram.com\/opticalia_valenciana?igshid=mzrlodbinwflza==\" target=\"_blank\">OPTTICALIA JUAN LLORENS<\/a><\/td><td style=\" text-transform: uppercase; \">C JUAN LLORENS N\u00ba27<\/td><td><a href=\"https:\/\/www.google.es\/maps\/?q=C+JUAN+LLORENS+N%C2%BA27+46008\" target=\"_blank\">Veure ubicaci\u00f3<\/a><\/td><\/tr><tr><td><img decoding=\"async\" src=\"\/wp-content\/uploads\/logos_establecimientos\/687f5ea739feb.png\" loading=\"lazy\" style=\"width: 40px; height: 40px; object-fit: contain; border-radius: 50%; vertical-align: middle; margin-right: 6px;\"><a href=\"\/\/www.santandreusalud.com\" target=\"_blank\">SANTANDREU SALUD VISUAL Y AUDITIVA<\/a><\/td><td style=\" text-transform: uppercase; \">C\/JOSE ANDREU ALABARTA 32<\/td><td><a href=\"https:\/\/www.google.es\/maps\/?q=C%2FJOSE+ANDREU+ALABARTA+32+46014\" target=\"_blank\">Veure ubicaci\u00f3<\/a><\/td><\/tr><tr><td><img decoding=\"async\" src=\"\/wp-content\/uploads\/logos_establecimientos\/68908a31b373c.jpg\" loading=\"lazy\" style=\"width: 40px; height: 40px; object-fit: contain; border-radius: 50%; vertical-align: middle; margin-right: 6px;\"><a href=\"\/\/www.opticaclementemataix.es\" target=\"_blank\">SERVICIOS OPTICOS CLEMENTE MATAIX<\/a><\/td><td style=\" text-transform: uppercase; \">CUENCA 125 BAJO<\/td><td><a href=\"https:\/\/www.google.es\/maps\/?q=CUENCA+125+BAJO+46007\" target=\"_blank\">Veure ubicaci\u00f3<\/a><\/td><\/tr><tr><td><img decoding=\"async\" src=\"\/wp-content\/uploads\/logos_establecimientos\/6863fd915cd0d.png\" loading=\"lazy\" style=\"width: 40px; height: 40px; object-fit: contain; border-radius: 50%; vertical-align: middle; margin-right: 6px;\">SILMAVISI\u00d3N<\/td><td style=\" text-transform: uppercase; \">Calle del Duc de Cal\u00e0bria, 24<\/td><td><a href=\"https:\/\/www.google.es\/maps\/?q=Calle+del+Duc+de+Cal%C3%A0bria%2C+24+46005\" target=\"_blank\">Veure ubicaci\u00f3<\/a><\/td><\/tr><tr><td><img decoding=\"async\" src=\"\/wp-content\/uploads\/logos_establecimientos\/686518c619d35.jpg\" loading=\"lazy\" style=\"width: 40px; height: 40px; object-fit: contain; border-radius: 50%; vertical-align: middle; margin-right: 6px;\"><a href=\"\/\/@tecnolent.optica\" target=\"_blank\">TECNO-LENT \u00d3PTICA<\/a><\/td><td style=\" text-transform: uppercase; \">C\/ Ceramista Ros, 19<\/td><td><a href=\"https:\/\/www.google.es\/maps\/?q=C%2F+Ceramista+Ros%2C+19+46014\" target=\"_blank\">Veure ubicaci\u00f3<\/a><\/td><\/tr><tr><td><img decoding=\"async\" src=\"\/wp-content\/uploads\/logos_establecimientos\/68663362c724f.jpg\" loading=\"lazy\" style=\"width: 40px; height: 40px; object-fit: contain; border-radius: 50%; vertical-align: middle; margin-right: 6px;\"><a href=\"\/\/www.visionysaludopticos.com\" target=\"_blank\">VISION Y SALUD<\/a><\/td><td style=\" text-transform: uppercase; \">AVDA. BURJASOT, 29-BAJO DERECHA<\/td><td><a href=\"https:\/\/www.google.es\/maps\/?q=AVDA.+BURJASOT%2C+29-BAJO+DERECHA+46009\" target=\"_blank\">Veure ubicaci\u00f3<\/a><\/td><\/tr><tr><td><img decoding=\"async\" src=\"\/wp-content\/uploads\/logos_establecimientos\/6863ed5662908.jpg\" loading=\"lazy\" style=\"width: 40px; height: 40px; object-fit: contain; border-radius: 50%; vertical-align: middle; margin-right: 6px;\"><a href=\"https:\/\/opticavistalamar.com\/\" target=\"_blank\">VISTA A LA MAR OPTICOS SL<\/a><\/td><td style=\" text-transform: uppercase; \">Avd de la Malvarrosa<\/td><td><a href=\"https:\/\/www.google.es\/maps\/?q=Avd+de+la+Malvarrosa+46011\" target=\"_blank\">Veure ubicaci\u00f3<\/a><\/td><\/tr><tr><td><a href=\"\/\/www.facebook.com\/vistalialaroquetavalencia\" target=\"_blank\">VISTALIA OPTICA Y AUDIOLOGIA LA ROQUETA<\/a><\/td><td style=\" text-transform: uppercase; \">CL SAN VICENTE MARTIR N\u00ba 115 BAJO<\/td><td><a href=\"https:\/\/www.google.es\/maps\/?q=CL+SAN+VICENTE+MARTIR+N%C2%BA+115+BAJO+46007\" target=\"_blank\">Veure ubicaci\u00f3<\/a><\/td><\/tr><tr><td><img decoding=\"async\" src=\"\/wp-content\/uploads\/logos_establecimientos\/686cfcc547a7b.jpg\" loading=\"lazy\" style=\"width: 40px; height: 40px; object-fit: contain; border-radius: 50%; vertical-align: middle; margin-right: 6px;\"><a href=\"\/\/www.vistaoptica.es\" target=\"_blank\">VISTAOPTICA SALINAS<\/a><\/td><td style=\" text-transform: uppercase; \">plz Dr. Landete, 9<\/td><td><a href=\"https:\/\/www.google.es\/maps\/?q=plz+Dr.+Landete%2C+9+46006\" target=\"_blank\">Veure ubicaci\u00f3<\/a><\/td><\/tr><\/table>[\/vc_tta_section][vc_tta_section title=&#8221;PAPERERIA, LLIBRES, PERI\u00d2DICS I REVISTES&#8221; tab_id=&#8221;c51ce410c124a10e0db5e4b97fc2af39&#8243;]<table><tr><th>NOM<\/th><th>DIRECCI\u00d3<\/th><th>UBICACI\u00d3<\/th><\/tr><tr><td>ALEJANDRO PEREZ CLIMENT<\/td><td style=\" text-transform: uppercase; \">CALLE JAIME ROIG, 25, BAJO<\/td><td><a href=\"https:\/\/www.google.es\/maps\/?q=CALLE+JAIME+ROIG%2C+25%2C+BAJO+46010\" target=\"_blank\">Veure ubicaci\u00f3<\/a><\/td><\/tr><tr><td><img decoding=\"async\" src=\"\/wp-content\/uploads\/logos_establecimientos\/686cfcea8173c.png\" loading=\"lazy\" style=\"width: 40px; height: 40px; object-fit: contain; border-radius: 50%; vertical-align: middle; margin-right: 6px;\"><a href=\"\/\/@arribada_llibres\" target=\"_blank\">ARRIBADA LLIBRES<\/a><\/td><td style=\" text-transform: uppercase; \">C\/ Hiedra, 2 Bajo izq<\/td><td><a href=\"https:\/\/www.google.es\/maps\/?q=C%2F+Hiedra%2C+2+Bajo+izq+46001\" target=\"_blank\">Veure ubicaci\u00f3<\/a><\/td><\/tr><tr><td><img decoding=\"async\" src=\"\/wp-content\/uploads\/logos_establecimientos\/687132abd2f83.jpg\" loading=\"lazy\" style=\"width: 40px; height: 40px; object-fit: contain; border-radius: 50%; vertical-align: middle; margin-right: 6px;\"><a href=\"https:\/\/www.facebook.com\/asteriacomics\/?locale=es_es\" target=\"_blank\">ASTERIA C\u00d3MICS<\/a><\/td><td style=\" text-transform: uppercase; \">CALLE PADRE JOFRE 8, BAJO DERECHA <\/td><td><a href=\"https:\/\/www.google.es\/maps\/?q=CALLE+PADRE+JOFRE+8%2C+BAJO+DERECHA++46007\" target=\"_blank\">Veure ubicaci\u00f3<\/a><\/td><\/tr><tr><td><img decoding=\"async\" src=\"\/wp-content\/uploads\/logos_establecimientos\/686b879799ec0.png\" loading=\"lazy\" style=\"width: 40px; height: 40px; object-fit: contain; border-radius: 50%; vertical-align: middle; margin-right: 6px;\">ATENEA PAPELERIA LIBRERIA<\/td><td style=\" text-transform: uppercase; \">ERUDITO ORELLANA, 10<\/td><td><a href=\"https:\/\/www.google.es\/maps\/?q=ERUDITO+ORELLANA%2C+10+46008\" target=\"_blank\">Veure ubicaci\u00f3<\/a><\/td><\/tr><tr><td><img decoding=\"async\" src=\"\/wp-content\/uploads\/logos_establecimientos\/6863b2c855859.jpg\" loading=\"lazy\" style=\"width: 40px; height: 40px; object-fit: contain; border-radius: 50%; vertical-align: middle; margin-right: 6px;\"><a href=\"https:\/\/abanspapeleria.wixsite.com\" target=\"_blank\">AVAN\u00c7 I ABANS PAPELERIA<\/a><\/td><td style=\" text-transform: uppercase; \">C\/ Humanista Mariner, 20 <\/td><td><a href=\"https:\/\/www.google.es\/maps\/?q=C%2F+Humanista+Mariner%2C+20++46014\" target=\"_blank\">Veure ubicaci\u00f3<\/a><\/td><\/tr><tr><td><img decoding=\"async\" src=\"\/wp-content\/uploads\/logos_establecimientos\/686b9a577db1c.png\" loading=\"lazy\" style=\"width: 40px; height: 40px; object-fit: contain; border-radius: 50%; vertical-align: middle; margin-right: 6px;\"><a href=\"\/\/www.bangaranglibreria.com\" target=\"_blank\">BANGARANG<\/a><\/td><td style=\" text-transform: uppercase; \">Carrer de l\\&#8217;Historiador Diago, 9<\/td><td><a href=\"https:\/\/www.google.es\/maps\/?q=Carrer+de+l%5C%27Historiador+Diago%2C+9+46007\" target=\"_blank\">Veure ubicaci\u00f3<\/a><\/td><\/tr><tr><td><img decoding=\"async\" src=\"\/wp-content\/uploads\/logos_establecimientos\/6504dd8a356a5.png\" loading=\"lazy\" style=\"width: 40px; height: 40px; object-fit: contain; border-radius: 50%; vertical-align: middle; margin-right: 6px;\">BAZAR 28 DE SEPTIEMBRE<\/td><td style=\" text-transform: uppercase; \">C\/ Guillem de Castro, 69<\/td><td><a href=\"https:\/\/www.google.es\/maps\/?q=C%2F+Guillem+de+Castro%2C+69+46008\" target=\"_blank\">Veure ubicaci\u00f3<\/a><\/td><\/tr><tr><td><img decoding=\"async\" src=\"\/wp-content\/uploads\/logos_establecimientos\/650c8e49167f8.jpg\" loading=\"lazy\" style=\"width: 40px; height: 40px; object-fit: contain; border-radius: 50%; vertical-align: middle; margin-right: 6px;\"><a href=\"https:\/\/papeleriacarlin.com\/\" target=\"_blank\">CARLIN<\/a><\/td><td style=\" text-transform: uppercase; \">C\/ LA PAZ, 18<\/td><td><a href=\"https:\/\/www.google.es\/maps\/?q=C%2F+LA+PAZ%2C+18+46002\" target=\"_blank\">Veure ubicaci\u00f3<\/a><\/td><\/tr><tr><td><img decoding=\"async\" src=\"\/wp-content\/uploads\/logos_establecimientos\/68a2fb09e234e.png\" loading=\"lazy\" style=\"width: 40px; height: 40px; object-fit: contain; border-radius: 50%; vertical-align: middle; margin-right: 6px;\"><a href=\"\/\/www.carlinvalencia.com\" target=\"_blank\">CARLIN<\/a><\/td><td style=\" text-transform: uppercase; \">AVENIDA DEL CID, 48<\/td><td><a href=\"https:\/\/www.google.es\/maps\/?q=AVENIDA+DEL+CID%2C+48+46018\" target=\"_blank\">Veure ubicaci\u00f3<\/a><\/td><\/tr><tr><td><img decoding=\"async\" src=\"\/wp-content\/uploads\/logos_establecimientos\/68a300653fec3.png\" loading=\"lazy\" style=\"width: 40px; height: 40px; object-fit: contain; border-radius: 50%; vertical-align: middle; margin-right: 6px;\"><a href=\"\/\/www.carlinvalencia.com\" target=\"_blank\">CARLIN<\/a><\/td><td style=\" text-transform: uppercase; \">AVENIDA REINO DE VALENCIA 84<\/td><td><a href=\"https:\/\/www.google.es\/maps\/?q=AVENIDA+REINO+DE+VALENCIA+84+46005\" target=\"_blank\">Veure ubicaci\u00f3<\/a><\/td><\/tr><tr><td><img decoding=\"async\" src=\"\/wp-content\/uploads\/logos_establecimientos\/68a300f1dd10c.png\" loading=\"lazy\" style=\"width: 40px; height: 40px; object-fit: contain; border-radius: 50%; vertical-align: middle; margin-right: 6px;\"><a href=\"\/\/www.carlinvalencia.com\" target=\"_blank\">CARLIN<\/a><\/td><td style=\" text-transform: uppercase; \">AVENIDA CARDENAL BENLLOCH, 110 <\/td><td><a href=\"https:\/\/www.google.es\/maps\/?q=AVENIDA+CARDENAL+BENLLOCH%2C+110++46021\" target=\"_blank\">Veure ubicaci\u00f3<\/a><\/td><\/tr><tr><td><img decoding=\"async\" src=\"\/wp-content\/uploads\/logos_establecimientos\/686ba88a55044.png\" loading=\"lazy\" style=\"width: 40px; height: 40px; object-fit: contain; border-radius: 50%; vertical-align: middle; margin-right: 6px;\"><a href=\"https:\/\/www.dcomic.es\/\" target=\"_blank\">DCOMIC<\/a><\/td><td style=\" text-transform: uppercase; \">c\/dr garcia donato 7, BAJO IZDA<\/td><td><a href=\"https:\/\/www.google.es\/maps\/?q=c%2Fdr+garcia+donato+7%2C+BAJO+IZDA+46021\" target=\"_blank\">Veure ubicaci\u00f3<\/a><\/td><\/tr><tr><td><img decoding=\"async\" src=\"\/wp-content\/uploads\/logos_establecimientos\/686f8ff2764e4.JPG\" loading=\"lazy\" style=\"width: 40px; height: 40px; object-fit: contain; border-radius: 50%; vertical-align: middle; margin-right: 6px;\">EL TREBOL DEL TURIA<\/td><td style=\" text-transform: uppercase; \">AVDA BURJASSOT 18<\/td><td><a href=\"https:\/\/www.google.es\/maps\/?q=AVDA+BURJASSOT+18+46009\" target=\"_blank\">Veure ubicaci\u00f3<\/a><\/td><\/tr><tr><td><img decoding=\"async\" src=\"\/wp-content\/uploads\/logos_establecimientos\/686b8ca7af312.jpeg\" loading=\"lazy\" style=\"width: 40px; height: 40px; object-fit: contain; border-radius: 50%; vertical-align: middle; margin-right: 6px;\"><a href=\"\/\/totenart.com\" target=\"_blank\">ESBOZOS TOT EN ART, SL<\/a><\/td><td style=\" text-transform: uppercase; \">Corona, 35-b<\/td><td><a href=\"https:\/\/www.google.es\/maps\/?q=Corona%2C+35-b+46003\" target=\"_blank\">Veure ubicaci\u00f3<\/a><\/td><\/tr><tr><td><img decoding=\"async\" src=\"\/wp-content\/uploads\/logos_establecimientos\/6863c25188944.jpg\" loading=\"lazy\" style=\"width: 40px; height: 40px; object-fit: contain; border-radius: 50%; vertical-align: middle; margin-right: 6px;\"><a href=\"\/\/www.estudio64.es\" target=\"_blank\">ESTUDIO 64 LIBRER\u00cdA Y GALER\u00cdA DE ILUSTRACI\u00d3N<\/a><\/td><td style=\" text-transform: uppercase; \">C\/ Benicolet, 2 <\/td><td><a href=\"https:\/\/www.google.es\/maps\/?q=C%2F+Benicolet%2C+2++46020\" target=\"_blank\">Veure ubicaci\u00f3<\/a><\/td><\/tr><tr><td><img decoding=\"async\" src=\"\/wp-content\/uploads\/logos_establecimientos\/6863fa199d63a.png\" loading=\"lazy\" style=\"width: 40px; height: 40px; object-fit: contain; border-radius: 50%; vertical-align: middle; margin-right: 6px;\"><a href=\"http:\/\/papeleriasfoldervalencia.es\/\" target=\"_blank\">FOLDER VALENCIA<\/a><\/td><td style=\" text-transform: uppercase; \">C\/ Paz , 25 <\/td><td><a href=\"https:\/\/www.google.es\/maps\/?q=C%2F+Paz+%2C+25++46003\" target=\"_blank\">Veure ubicaci\u00f3<\/a><\/td><\/tr><tr><td><img decoding=\"async\" src=\"\/wp-content\/uploads\/logos_establecimientos\/68ad7747bff41.png\" loading=\"lazy\" style=\"width: 40px; height: 40px; object-fit: contain; border-radius: 50%; vertical-align: middle; margin-right: 6px;\"><a href=\"https:\/\/www.facebook.com\/genxvalencia\" target=\"_blank\">GENERACI\u00d3N X VALENCIA<\/a><\/td><td style=\" text-transform: uppercase; \">Vila de Muro, 5<\/td><td><a href=\"https:\/\/www.google.es\/maps\/?q=Vila+de+Muro%2C+5+46020\" target=\"_blank\">Veure ubicaci\u00f3<\/a><\/td><\/tr><tr><td>KIOSCO BRENDA<\/td><td style=\" text-transform: uppercase; \">calle puebla de farnals, 13 bajo<\/td><td><a href=\"https:\/\/www.google.es\/maps\/?q=calle+puebla+de+farnals%2C+13+bajo+46021\" target=\"_blank\">Veure ubicaci\u00f3<\/a><\/td><\/tr><tr><td><img decoding=\"async\" src=\"\/wp-content\/uploads\/logos_establecimientos\/68b6b2f68b252.jpeg\" loading=\"lazy\" style=\"width: 40px; height: 40px; object-fit: contain; border-radius: 50%; vertical-align: middle; margin-right: 6px;\"><a href=\"https:\/\/www.instagram.com\/lainsomne.vlc\" target=\"_blank\">LA INSOMNE. TALLER DE ARTE &#8211; LIBRER\u00cdA<\/a><\/td><td style=\" text-transform: uppercase; \">Calle Literato Azor\u00edn 45. bajo izq<\/td><td><a href=\"https:\/\/www.google.es\/maps\/?q=Calle+Literato+Azor%C3%ADn+45.+bajo+izq+46006\" target=\"_blank\">Veure ubicaci\u00f3<\/a><\/td><\/tr><tr><td><img decoding=\"async\" src=\"\/wp-content\/uploads\/logos_establecimientos\/6864fc945e1a8.png\" loading=\"lazy\" style=\"width: 40px; height: 40px; object-fit: contain; border-radius: 50%; vertical-align: middle; margin-right: 6px;\"><a href=\"https:\/\/www.instagram.com\/lamadriguerallibreria\/\" target=\"_blank\">LA MADRIGUERA<\/a><\/td><td style=\" text-transform: uppercase; \">C\/ Alberic, 1, bajo derecha<\/td><td><a href=\"https:\/\/www.google.es\/maps\/?q=C%2F+Alberic%2C+1%2C+bajo+derecha+46008\" target=\"_blank\">Veure ubicaci\u00f3<\/a><\/td><\/tr><tr><td><img decoding=\"async\" src=\"\/wp-content\/uploads\/logos_establecimientos\/6864fb1ee2dc1.jpg\" loading=\"lazy\" style=\"width: 40px; height: 40px; object-fit: contain; border-radius: 50%; vertical-align: middle; margin-right: 6px;\"><a href=\"\/\/www.laorda.com\" target=\"_blank\">LA ORDA<\/a><\/td><td style=\" text-transform: uppercase; \">C\/ Jes\u00fas, 25 Bajo Izquierda<\/td><td><a href=\"https:\/\/www.google.es\/maps\/?q=C%2F+Jes%C3%BAs%2C+25+Bajo+Izquierda+46007\" target=\"_blank\">Veure ubicaci\u00f3<\/a><\/td><\/tr><tr><td><img decoding=\"async\" src=\"\/wp-content\/uploads\/logos_establecimientos\/6863c5c70b04b.jpg\" loading=\"lazy\" style=\"width: 40px; height: 40px; object-fit: contain; border-radius: 50%; vertical-align: middle; margin-right: 6px;\"><a href=\"\/\/larossa.es\" target=\"_blank\">LA ROSSA<\/a><\/td><td style=\" text-transform: uppercase; \">C\/ MURTA, 6<\/td><td><a href=\"https:\/\/www.google.es\/maps\/?q=C%2F+MURTA%2C+6+46020\" target=\"_blank\">Veure ubicaci\u00f3<\/a><\/td><\/tr><tr><td><img decoding=\"async\" src=\"\/wp-content\/uploads\/logos_establecimientos\/68aeeb132e03e.jpeg\" loading=\"lazy\" style=\"width: 40px; height: 40px; object-fit: contain; border-radius: 50%; vertical-align: middle; margin-right: 6px;\"><a href=\"https:\/\/www.libreriabartleby.com\/\" target=\"_blank\">LIBRER\u00cdA BARTLEBY<\/a><\/td><td style=\" text-transform: uppercase; \">C\/ C\u00e1diz N\u00ba 50 Bajo Derecha<\/td><td><a href=\"https:\/\/www.google.es\/maps\/?q=C%2F+C%C3%A1diz+N%C2%BA+50+Bajo+Derecha+46006\" target=\"_blank\">Veure ubicaci\u00f3<\/a><\/td><\/tr><tr><td><img decoding=\"async\" src=\"\/wp-content\/uploads\/logos_establecimientos\/6864f59024975.png\" loading=\"lazy\" style=\"width: 40px; height: 40px; object-fit: contain; border-radius: 50%; vertical-align: middle; margin-right: 6px;\"><a href=\"https:\/\/www.mundoimperio.com\/es\/\" target=\"_blank\">LIBRER\u00cdA EL IMPERIO<\/a><\/td><td style=\" text-transform: uppercase; \">C\/Sueca 29, bajo dcha<\/td><td><a href=\"https:\/\/www.google.es\/maps\/?q=C%2FSueca+29%2C+bajo+dcha+46006\" target=\"_blank\">Veure ubicaci\u00f3<\/a><\/td><\/tr><tr><td><img decoding=\"async\" src=\"\/wp-content\/uploads\/logos_establecimientos\/686405051b968.jpg\" loading=\"lazy\" style=\"width: 40px; height: 40px; object-fit: contain; border-radius: 50%; vertical-align: middle; margin-right: 6px;\"><a href=\"https:\/\/futuramacomics.es\/\" target=\"_blank\">LIBRER\u00cdA FUTURAMA<\/a><\/td><td style=\" text-transform: uppercase; \">C\/ Guillem de Castro, 53<\/td><td><a href=\"https:\/\/www.google.es\/maps\/?q=C%2F+Guillem+de+Castro%2C+53+46007\" target=\"_blank\">Veure ubicaci\u00f3<\/a><\/td><\/tr><tr><td><img decoding=\"async\" src=\"\/wp-content\/uploads\/logos_establecimientos\/6863ca4bf287d.jpg\" loading=\"lazy\" style=\"width: 40px; height: 40px; object-fit: contain; border-radius: 50%; vertical-align: middle; margin-right: 6px;\"><a href=\"https:\/\/www.libreriagaia.com\/es\/\" target=\"_blank\">LIBRER\u00cdA GAIA<\/a><\/td><td style=\" text-transform: uppercase; \">Calle Daniel Balaciart, 4<\/td><td><a href=\"https:\/\/www.google.es\/maps\/?q=Calle+Daniel+Balaciart%2C+4+46020\" target=\"_blank\">Veure ubicaci\u00f3<\/a><\/td><\/tr><tr><td><img decoding=\"async\" src=\"\/wp-content\/uploads\/logos_establecimientos\/68bedf2957580.png\" loading=\"lazy\" style=\"width: 40px; height: 40px; object-fit: contain; border-radius: 50%; vertical-align: middle; margin-right: 6px;\"><a href=\"https:\/\/www.instagram.com\/libreria_galeradas\/?hl=es\" target=\"_blank\">LIBRER\u00cdA GALERADAS<\/a><\/td><td style=\" text-transform: uppercase; \">C\/\u00c1NGEL GUIMER\u00c1 44<\/td><td><a href=\"https:\/\/www.google.es\/maps\/?q=C%2F%C3%81NGEL+GUIMER%C3%81+44+46008\" target=\"_blank\">Veure ubicaci\u00f3<\/a><\/td><\/tr><tr><td><img decoding=\"async\" src=\"\/wp-content\/uploads\/logos_establecimientos\/686bf189387df.jpg\" loading=\"lazy\" style=\"width: 40px; height: 40px; object-fit: contain; border-radius: 50%; vertical-align: middle; margin-right: 6px;\"><a href=\"\/\/www.guaridadelasmaravillas@hotmail.com\" target=\"_blank\">LIBRERIA GUARIDA DE LAS MARAVILLAS<\/a><\/td><td style=\" text-transform: uppercase; \">Calle Tapiner\u00eda, 10<\/td><td><a href=\"https:\/\/www.google.es\/maps\/?q=Calle+Tapiner%C3%ADa%2C+10+46001\" target=\"_blank\">Veure ubicaci\u00f3<\/a><\/td><\/tr><tr><td><img decoding=\"async\" src=\"\/wp-content\/uploads\/logos_establecimientos\/68c9911eb8326.jpg\" loading=\"lazy\" style=\"width: 40px; height: 40px; object-fit: contain; border-radius: 50%; vertical-align: middle; margin-right: 6px;\"><a href=\"\/\/www.leoloshop.com\" target=\"_blank\">LIBRER\u00cdA LEOLO<\/a><\/td><td style=\" text-transform: uppercase; \">Calle Turia 50<\/td><td><a href=\"https:\/\/www.google.es\/maps\/?q=Calle+Turia+50+46008\" target=\"_blank\">Veure ubicaci\u00f3<\/a><\/td><\/tr><tr><td><img decoding=\"async\" src=\"\/wp-content\/uploads\/logos_establecimientos\/686bae6e2a55b.png\" loading=\"lazy\" style=\"width: 40px; height: 40px; object-fit: contain; border-radius: 50%; vertical-align: middle; margin-right: 6px;\"><a href=\"https:\/\/www.instagram.com\/librerianostlinger\/?hl=es\" target=\"_blank\">LIBRER\u00cdA N\u00d6STLINGER<\/a><\/td><td style=\" text-transform: uppercase; \">C\/ Padre Urbano, 22 <\/td><td><a href=\"https:\/\/www.google.es\/maps\/?q=C%2F+Padre+Urbano%2C+22++46009\" target=\"_blank\">Veure ubicaci\u00f3<\/a><\/td><\/tr><tr><td><img decoding=\"async\" src=\"\/wp-content\/uploads\/logos_establecimientos\/650cadf9647b5.jpg\" loading=\"lazy\" style=\"width: 40px; height: 40px; object-fit: contain; border-radius: 50%; vertical-align: middle; margin-right: 6px;\"><a href=\"\/\/www.libreriapatagonia.com\" target=\"_blank\">LIBRERIA PATAGONIA<\/a><\/td><td style=\" text-transform: uppercase; \">CL HOSPITAL, 1 <\/td><td><a href=\"https:\/\/www.google.es\/maps\/?q=CL+HOSPITAL%2C+1++46001\" target=\"_blank\">Veure ubicaci\u00f3<\/a><\/td><\/tr><tr><td><img decoding=\"async\" src=\"\/wp-content\/uploads\/logos_establecimientos\/6863adb4dabef.png\" loading=\"lazy\" style=\"width: 40px; height: 40px; object-fit: contain; border-radius: 50%; vertical-align: middle; margin-right: 6px;\"><a href=\"https:\/\/railowsky.com\/\" target=\"_blank\">LIBRER\u00cdA RAILOWSKY<\/a><\/td><td style=\" text-transform: uppercase; \">CALLE GRABADOR ESTEVE, 34 <\/td><td><a href=\"https:\/\/www.google.es\/maps\/?q=CALLE+GRABADOR+ESTEVE%2C+34++46004\" target=\"_blank\">Veure ubicaci\u00f3<\/a><\/td><\/tr><tr><td><img decoding=\"async\" src=\"\/wp-content\/uploads\/logos_establecimientos\/6878b8f0e5ef4.jpg\" loading=\"lazy\" style=\"width: 40px; height: 40px; object-fit: contain; border-radius: 50%; vertical-align: middle; margin-right: 6px;\"><a href=\"\/\/www.libreriasalamanca.es\" target=\"_blank\">LIBRERIA SALAMANCA<\/a><\/td><td style=\" text-transform: uppercase; \">C\/ Salamanca 42<\/td><td><a href=\"https:\/\/www.google.es\/maps\/?q=C%2F+Salamanca+42+46005\" target=\"_blank\">Veure ubicaci\u00f3<\/a><\/td><\/tr><tr><td><img decoding=\"async\" src=\"\/wp-content\/uploads\/logos_establecimientos\/68b579f158a09.png\" loading=\"lazy\" style=\"width: 40px; height: 40px; object-fit: contain; border-radius: 50%; vertical-align: middle; margin-right: 6px;\"><a href=\"https:\/\/www.facebook.com\/libreriapapeleriasegui\/?locale=es_es\" target=\"_blank\">LIBRERIA SEGUI<\/a><\/td><td style=\" text-transform: uppercase; \">JER\u00d3NIMA GALES, 20 BAJO<\/td><td><a href=\"https:\/\/www.google.es\/maps\/?q=JER%C3%93NIMA+GALES%2C+20+BAJO+46017\" target=\"_blank\">Veure ubicaci\u00f3<\/a><\/td><\/tr><tr><td><img decoding=\"async\" src=\"\/wp-content\/uploads\/logos_establecimientos\/686396c167bff.jpg\" loading=\"lazy\" style=\"width: 40px; height: 40px; object-fit: contain; border-radius: 50%; vertical-align: middle; margin-right: 6px;\"><a href=\"\/\/www.libreriasoriano.com\" target=\"_blank\">LIBRER\u00cdA SORIANO<\/a><\/td><td style=\" text-transform: uppercase; \">Calle J\u00e1tiva,, 15<\/td><td><a href=\"https:\/\/www.google.es\/maps\/?q=Calle+J%C3%A1tiva%2C%2C+15+46002\" target=\"_blank\">Veure ubicaci\u00f3<\/a><\/td><\/tr><tr><td><img decoding=\"async\" src=\"\/wp-content\/uploads\/logos_establecimientos\/687768853b23e.jpg\" loading=\"lazy\" style=\"width: 40px; height: 40px; object-fit: contain; border-radius: 50%; vertical-align: middle; margin-right: 6px;\"><a href=\"\/\/www.libreriaviridiana.com\" target=\"_blank\">LIBRERIA VIRIDIANA<\/a><\/td><td style=\" text-transform: uppercase; \">C\/ARTES GRAFICAS<\/td><td><a href=\"https:\/\/www.google.es\/maps\/?q=C%2FARTES+GRAFICAS+46010\" target=\"_blank\">Veure ubicaci\u00f3<\/a><\/td><\/tr><tr><td>LIBRERIA ZAMENHOFF<\/td><td style=\" text-transform: uppercase; \">C\/ Dr. Zamenhoff, 54<\/td><td><a href=\"https:\/\/www.google.es\/maps\/?q=C%2F+Dr.+Zamenhoff%2C+54+46008\" target=\"_blank\">Veure ubicaci\u00f3<\/a><\/td><\/tr><tr><td><img decoding=\"async\" src=\"\/wp-content\/uploads\/logos_establecimientos\/68651cd4b34c3.png\" loading=\"lazy\" style=\"width: 40px; height: 40px; object-fit: contain; border-radius: 50%; vertical-align: middle; margin-right: 6px;\"><a href=\"https:\/\/parisvalencia.com\/\" target=\"_blank\">LIBRER\u00cdAS PAR\u00cdS-VALENCIA GRAN V\u00cdA<\/a><\/td><td style=\" text-transform: uppercase; \">Gran V\u00eda Marqu\u00e9s del T\u00faria, 74<\/td><td><a href=\"https:\/\/www.google.es\/maps\/?q=Gran+V%C3%ADa+Marqu%C3%A9s+del+T%C3%BAria%2C+74+46005\" target=\"_blank\">Veure ubicaci\u00f3<\/a><\/td><\/tr><tr><td><img decoding=\"async\" src=\"\/wp-content\/uploads\/logos_establecimientos\/6864fb819936d.png\" loading=\"lazy\" style=\"width: 40px; height: 40px; object-fit: contain; border-radius: 50%; vertical-align: middle; margin-right: 6px;\"><a href=\"https:\/\/parisvalencia.com\/\" target=\"_blank\">LIBRER\u00cdAS PAR\u00cdS-VALENCIA MAGN\u00c1NIMO<\/a><\/td><td style=\" text-transform: uppercase; \">Plaza Alfonso el Magn\u00e1nimo, 13<\/td><td><a href=\"https:\/\/www.google.es\/maps\/?q=Plaza+Alfonso+el+Magn%C3%A1nimo%2C+13+46003\" target=\"_blank\">Veure ubicaci\u00f3<\/a><\/td><\/tr><tr><td><img decoding=\"async\" src=\"\/wp-content\/uploads\/logos_establecimientos\/6864fc458343c.png\" loading=\"lazy\" style=\"width: 40px; height: 40px; object-fit: contain; border-radius: 50%; vertical-align: middle; margin-right: 6px;\"><a href=\"https:\/\/parisvalencia.com\/\" target=\"_blank\">LIBRER\u00cdAS PAR\u00cdS-VALENCIA NAVELLOS<\/a><\/td><td style=\" text-transform: uppercase; \">Calle Navellos, 8<\/td><td><a href=\"https:\/\/www.google.es\/maps\/?q=Calle+Navellos%2C+8+46003\" target=\"_blank\">Veure ubicaci\u00f3<\/a><\/td><\/tr><tr><td><img decoding=\"async\" src=\"\/wp-content\/uploads\/logos_establecimientos\/6864fd6b48a13.png\" loading=\"lazy\" style=\"width: 40px; height: 40px; object-fit: contain; border-radius: 50%; vertical-align: middle; margin-right: 6px;\"><a href=\"https:\/\/parisvalencia.com\/\" target=\"_blank\">LIBRER\u00cdAS PAR\u00cdS-VALENCIA PELAYO<\/a><\/td><td style=\" text-transform: uppercase; \">Calle Pelayo, 7<\/td><td><a href=\"https:\/\/www.google.es\/maps\/?q=Calle+Pelayo%2C+7+46007\" target=\"_blank\">Veure ubicaci\u00f3<\/a><\/td><\/tr><tr><td><img decoding=\"async\" src=\"\/wp-content\/uploads\/logos_establecimientos\/6863c9750f8d6.png\" loading=\"lazy\" style=\"width: 40px; height: 40px; object-fit: contain; border-radius: 50%; vertical-align: middle; margin-right: 6px;\"><a href=\"https:\/\/www.libroideas.com\/es\/\" target=\"_blank\">LIBRO IDEAS<\/a><\/td><td style=\" text-transform: uppercase; \">C\/ Santa Genoveva Torres 21, C.C. Arena<\/td><td><a href=\"https:\/\/www.google.es\/maps\/?q=C%2F+Santa+Genoveva+Torres+21%2C+C.C.+Arena+46019\" target=\"_blank\">Veure ubicaci\u00f3<\/a><\/td><\/tr><tr><td><img decoding=\"async\" src=\"\/wp-content\/uploads\/logos_establecimientos\/6863d294086b7.png\" loading=\"lazy\" style=\"width: 40px; height: 40px; object-fit: contain; border-radius: 50%; vertical-align: middle; margin-right: 6px;\"><a href=\"https:\/\/www.libroideas.com\/es\/\" target=\"_blank\">LIBRO IDEAS<\/a><\/td><td style=\" text-transform: uppercase; \">Av. Pio XII 2, C.C. Nuevo Centro<\/td><td><a href=\"https:\/\/www.google.es\/maps\/?q=Av.+Pio+XII+2%2C+C.C.+Nuevo+Centro+46009\" target=\"_blank\">Veure ubicaci\u00f3<\/a><\/td><\/tr><tr><td><img decoding=\"async\" src=\"\/wp-content\/uploads\/logos_establecimientos\/6870fe502ee7a.jpg\" loading=\"lazy\" style=\"width: 40px; height: 40px; object-fit: contain; border-radius: 50%; vertical-align: middle; margin-right: 6px;\"><a href=\"https:\/\/libreriaelcresol.com\/\" target=\"_blank\">LLIBRERIA EL CRESOL<\/a><\/td><td style=\" text-transform: uppercase; \">C\/ M\u00fasico Barbieri, 7 <\/td><td><a href=\"https:\/\/www.google.es\/maps\/?q=C%2F+M%C3%BAsico+Barbieri%2C+7++46018\" target=\"_blank\">Veure ubicaci\u00f3<\/a><\/td><\/tr><tr><td><img decoding=\"async\" src=\"\/wp-content\/uploads\/logos_establecimientos\/686514cf67b25.jpg\" loading=\"lazy\" style=\"width: 40px; height: 40px; object-fit: contain; border-radius: 50%; vertical-align: middle; margin-right: 6px;\"><a href=\"\/\/larepartidora.org  \/\/ @larepartidoravlc a instagram\" target=\"_blank\">LLIBRERIA LA REPARTIDORA<\/a><\/td><td style=\" text-transform: uppercase; \">C\/Reverend Rafael Tramoyeres 8<\/td><td><a href=\"https:\/\/www.google.es\/maps\/?q=C%2FReverend+Rafael+Tramoyeres+8+46020\" target=\"_blank\">Veure ubicaci\u00f3<\/a><\/td><\/tr><tr><td><img decoding=\"async\" src=\"\/wp-content\/uploads\/logos_establecimientos\/6863a0e9b8e15.jpg\" loading=\"lazy\" style=\"width: 40px; height: 40px; object-fit: contain; border-radius: 50%; vertical-align: middle; margin-right: 6px;\"><a href=\"https:\/\/www.instagram.com\/latracallibreria\/\" target=\"_blank\">LLIBRERIA LA TRACA<\/a><\/td><td style=\" text-transform: uppercase; \">Calle Enrique Navarro, 15<\/td><td><a href=\"https:\/\/www.google.es\/maps\/?q=Calle+Enrique+Navarro%2C+15+46020\" target=\"_blank\">Veure ubicaci\u00f3<\/a><\/td><\/tr><tr><td><img decoding=\"async\" src=\"\/wp-content\/uploads\/logos_establecimientos\/6863bd7ab6762.jpg\" loading=\"lazy\" style=\"width: 40px; height: 40px; object-fit: contain; border-radius: 50%; vertical-align: middle; margin-right: 6px;\"><a href=\"https:\/\/www.llibreriaramonllull.com\/\" target=\"_blank\">LLIBRERIA RAMON LLULL<\/a><\/td><td style=\" text-transform: uppercase; \">C\/ Corona, 5<\/td><td><a href=\"https:\/\/www.google.es\/maps\/?q=C%2F+Corona%2C+5+46003\" target=\"_blank\">Veure ubicaci\u00f3<\/a><\/td><\/tr><tr><td><img decoding=\"async\" src=\"\/wp-content\/uploads\/logos_establecimientos\/6866406a2f10f.png\" loading=\"lazy\" style=\"width: 40px; height: 40px; object-fit: contain; border-radius: 50%; vertical-align: middle; margin-right: 6px;\"><a href=\"https:\/\/www.metropolitancomics.es\/\" target=\"_blank\">METROPOLITAN COMICS<\/a><\/td><td style=\" text-transform: uppercase; \">CALLE CERVANTES 8 BAJO DERECHA<\/td><td><a href=\"https:\/\/www.google.es\/maps\/?q=CALLE+CERVANTES+8+BAJO+DERECHA+46007\" target=\"_blank\">Veure ubicaci\u00f3<\/a><\/td><\/tr><tr><td><img decoding=\"async\" src=\"\/wp-content\/uploads\/logos_establecimientos\/68650c41d9b79.png\" loading=\"lazy\" style=\"width: 40px; height: 40px; object-fit: contain; border-radius: 50%; vertical-align: middle; margin-right: 6px;\"><a href=\"\/\/www.lapopular.es\" target=\"_blank\">PAPELERIA &#8211; IMPRENTA LA POPULAR<\/a><\/td><td style=\" text-transform: uppercase; \">AVDA. CONSTITUCION, 245<\/td><td><a href=\"https:\/\/www.google.es\/maps\/?q=AVDA.+CONSTITUCION%2C+245+46019\" target=\"_blank\">Veure ubicaci\u00f3<\/a><\/td><\/tr><tr><td><img decoding=\"async\" src=\"\/wp-content\/uploads\/logos_establecimientos\/68b933a7f2730.jpg\" loading=\"lazy\" style=\"width: 40px; height: 40px; object-fit: contain; border-radius: 50%; vertical-align: middle; margin-right: 6px;\"><a href=\"\/\/www.alonsosalinas.com\" target=\"_blank\">PAPELERIA ALONSO SALINAS<\/a><\/td><td style=\" text-transform: uppercase; \">AVDA. CONSTITUCION, 9 BAJO<\/td><td><a href=\"https:\/\/www.google.es\/maps\/?q=AVDA.+CONSTITUCION%2C+9+BAJO+46009\" target=\"_blank\">Veure ubicaci\u00f3<\/a><\/td><\/tr><tr><td><img decoding=\"async\" src=\"\/wp-content\/uploads\/logos_establecimientos\/68650050c7922.png\" loading=\"lazy\" style=\"width: 40px; height: 40px; object-fit: contain; border-radius: 50%; vertical-align: middle; margin-right: 6px;\">PAPELERIA ALPE<\/td><td style=\" text-transform: uppercase; \">C \/ M\u00daSICO PADILLA , 4<\/td><td><a href=\"https:\/\/www.google.es\/maps\/?q=C+%2F+M%C3%9ASICO+PADILLA+%2C+4+46005\" target=\"_blank\">Veure ubicaci\u00f3<\/a><\/td><\/tr><tr><td><img decoding=\"async\" src=\"\/wp-content\/uploads\/logos_establecimientos\/6880b8b989bd5.png\" loading=\"lazy\" style=\"width: 40px; height: 40px; object-fit: contain; border-radius: 50%; vertical-align: middle; margin-right: 6px;\"><a href=\"\/\/papeleriaarcas.com\" target=\"_blank\">PAPELER\u00cdA ARCAS<\/a><\/td><td style=\" text-transform: uppercase; \">CALLE ENRIQUE NAVARRO 32<\/td><td><a href=\"https:\/\/www.google.es\/maps\/?q=CALLE+ENRIQUE+NAVARRO+32+46020\" target=\"_blank\">Veure ubicaci\u00f3<\/a><\/td><\/tr><tr><td><img decoding=\"async\" src=\"\/wp-content\/uploads\/logos_establecimientos\/6864f2ada063d.jpg\" loading=\"lazy\" style=\"width: 40px; height: 40px; object-fit: contain; border-radius: 50%; vertical-align: middle; margin-right: 6px;\"><a href=\"\/\/www.papeleriabellver.com\" target=\"_blank\">PAPELER\u00cdA BELLVER<\/a><\/td><td style=\" text-transform: uppercase; \">Avda Burjasot 245<\/td><td><a href=\"https:\/\/www.google.es\/maps\/?q=Avda+Burjasot+245+46015\" target=\"_blank\">Veure ubicaci\u00f3<\/a><\/td><\/tr><tr><td><img decoding=\"async\" src=\"\/wp-content\/uploads\/logos_establecimientos\/66a8c08b7f317.png\" loading=\"lazy\" style=\"width: 40px; height: 40px; object-fit: contain; border-radius: 50%; vertical-align: middle; margin-right: 6px;\"><a href=\"https:\/\/www.carlinamoros.es\" target=\"_blank\">PAPELER\u00cdA CARLIN AMOR\u00d3S<\/a><\/td><td style=\" text-transform: uppercase; \">C\/ Cirilo Amor\u00f3s, 65<\/td><td><a href=\"https:\/\/www.google.es\/maps\/?q=C%2F+Cirilo+Amor%C3%B3s%2C+65+46004\" target=\"_blank\">Veure ubicaci\u00f3<\/a><\/td><\/tr><tr><td>PAPELER\u00cdA DAF<\/td><td style=\" text-transform: uppercase; \">C\/ Ciutat de Melilla, 16 <\/td><td><a href=\"https:\/\/www.google.es\/maps\/?q=C%2F+Ciutat+de+Melilla%2C+16++46017\" target=\"_blank\">Veure ubicaci\u00f3<\/a><\/td><\/tr><tr><td><img decoding=\"async\" src=\"\/wp-content\/uploads\/logos_establecimientos\/6863de0f14507.png\" loading=\"lazy\" style=\"width: 40px; height: 40px; object-fit: contain; border-radius: 50%; vertical-align: middle; margin-right: 6px;\">PAPELERIA EL PARQUE<\/td><td style=\" text-transform: uppercase; \">C\/ JOSE GROLLO 135 BAJO <\/td><td><a href=\"https:\/\/www.google.es\/maps\/?q=C%2F+JOSE+GROLLO+135+BAJO++46025\" target=\"_blank\">Veure ubicaci\u00f3<\/a><\/td><\/tr><tr><td>PAPELER\u00cdA GABY GOYA<\/td><td style=\" text-transform: uppercase; \">C\/ BACHILLER, 8 <\/td><td><a href=\"https:\/\/www.google.es\/maps\/?q=C%2F+BACHILLER%2C+8++46010\" target=\"_blank\">Veure ubicaci\u00f3<\/a><\/td><\/tr><tr><td><img decoding=\"async\" src=\"\/wp-content\/uploads\/logos_establecimientos\/688b692fa8cae.png\" loading=\"lazy\" style=\"width: 40px; height: 40px; object-fit: contain; border-radius: 50%; vertical-align: middle; margin-right: 6px;\">PAPELER\u00cdA LA ZAID\u00cdA<\/td><td style=\" text-transform: uppercase; \">Calle padre urbano 33, bajo derecha 1<\/td><td><a href=\"https:\/\/www.google.es\/maps\/?q=Calle+padre+urbano+33%2C+bajo+derecha+1+46009\" target=\"_blank\">Veure ubicaci\u00f3<\/a><\/td><\/tr><tr><td><a href=\"\/\/www.papeleriablancoynegro.com\" target=\"_blank\">PAPELER\u00cdA LIBRER\u00cdA BLANCO Y NEGRO<\/a><\/td><td style=\" text-transform: uppercase; \">Avenida Valladolid 11 bajo <\/td><td><a href=\"https:\/\/www.google.es\/maps\/?q=Avenida+Valladolid+11+bajo++46020\" target=\"_blank\">Veure ubicaci\u00f3<\/a><\/td><\/tr><tr><td><img decoding=\"async\" src=\"\/wp-content\/uploads\/logos_establecimientos\/68b4bbf4f0c5e.jpg\" loading=\"lazy\" style=\"width: 40px; height: 40px; object-fit: contain; border-radius: 50%; vertical-align: middle; margin-right: 6px;\">PAPELERIA LIBRERIA PASQUI<\/td><td style=\" text-transform: uppercase; \">C\/SALVADOR ALMENAR N.\u00ba 2  (Esquina Emilio Bar\u00f3)<\/td><td><a href=\"https:\/\/www.google.es\/maps\/?q=C%2FSALVADOR+ALMENAR+N.%C2%BA+2++%28Esquina+Emilio+Bar%C3%B3%29+46020\" target=\"_blank\">Veure ubicaci\u00f3<\/a><\/td><\/tr><tr><td><img decoding=\"async\" src=\"\/wp-content\/uploads\/logos_establecimientos\/68664fcbc7ad5.png\" loading=\"lazy\" style=\"width: 40px; height: 40px; object-fit: contain; border-radius: 50%; vertical-align: middle; margin-right: 6px;\"><a href=\"https:\/\/www.facebook.com\/?locale=es_es\" target=\"_blank\">PAPELER\u00cdA LIBRER\u00cdA QUART, 133<\/a><\/td><td style=\" text-transform: uppercase; \">C\/Quart, 133<\/td><td><a href=\"https:\/\/www.google.es\/maps\/?q=C%2FQuart%2C+133+46008\" target=\"_blank\">Veure ubicaci\u00f3<\/a><\/td><\/tr><tr><td><img decoding=\"async\" src=\"\/wp-content\/uploads\/logos_establecimientos\/68c7cff99199e.png\" loading=\"lazy\" style=\"width: 40px; height: 40px; object-fit: contain; border-radius: 50%; vertical-align: middle; margin-right: 6px;\">PAPELER\u00cdA MUSSOL<\/td><td style=\" text-transform: uppercase; \">Platero Su\u00e1rez, 16 bajo izda.<\/td><td><a href=\"https:\/\/www.google.es\/maps\/?q=Platero+Su%C3%A1rez%2C+16+bajo+izda.+46009\" target=\"_blank\">Veure ubicaci\u00f3<\/a><\/td><\/tr><tr><td><img decoding=\"async\" src=\"\/wp-content\/uploads\/logos_establecimientos\/6865043c2f5e1.jpg\" loading=\"lazy\" style=\"width: 40px; height: 40px; object-fit: contain; border-radius: 50%; vertical-align: middle; margin-right: 6px;\"><a href=\"\/\/navarro_papeleria (instagram)\" target=\"_blank\">PAPELER\u00cdA NAVARRO &#8211; PICKING PACK<\/a><\/td><td style=\" text-transform: uppercase; \">C \/ Visitacion n\u00ba 22 Bajo<\/td><td><a href=\"https:\/\/www.google.es\/maps\/?q=C+%2F+Visitacion+n%C2%BA+22+Bajo+46009\" target=\"_blank\">Veure ubicaci\u00f3<\/a><\/td><\/tr><tr><td><img decoding=\"async\" src=\"\/wp-content\/uploads\/logos_establecimientos\/686788a10de35.jpg\" loading=\"lazy\" style=\"width: 40px; height: 40px; object-fit: contain; border-radius: 50%; vertical-align: middle; margin-right: 6px;\"><a href=\"https:\/\/www.instagram.com\/papeleria_rido\/\" target=\"_blank\">PAPELERIA RIDO<\/a><\/td><td style=\" text-transform: uppercase; \">ARCHIDUQUE CARLOS, 17<\/td><td><a href=\"https:\/\/www.google.es\/maps\/?q=ARCHIDUQUE+CARLOS%2C+17+46018\" target=\"_blank\">Veure ubicaci\u00f3<\/a><\/td><\/tr><tr><td><img decoding=\"async\" src=\"\/wp-content\/uploads\/logos_establecimientos\/686d43fe477f8.jpg\" loading=\"lazy\" style=\"width: 40px; height: 40px; object-fit: contain; border-radius: 50%; vertical-align: middle; margin-right: 6px;\"><a href=\"\/\/www.papeleriatorres.com\" target=\"_blank\">PAPELER\u00cdA TORRES<\/a><\/td><td style=\" text-transform: uppercase; \">C\/ EN SANZ,  6 <\/td><td><a href=\"https:\/\/www.google.es\/maps\/?q=C%2F+EN+SANZ%2C++6++46001\" target=\"_blank\">Veure ubicaci\u00f3<\/a><\/td><\/tr><tr><td><img decoding=\"async\" src=\"\/wp-content\/uploads\/logos_establecimientos\/6863ad1980562.jpg\" loading=\"lazy\" style=\"width: 40px; height: 40px; object-fit: contain; border-radius: 50%; vertical-align: middle; margin-right: 6px;\"><a href=\"https:\/\/papeleriaruzafa.com\/\" target=\"_blank\">PAPELER\u00cdA, LIBRER\u00cdA ALTEA<\/a><\/td><td style=\" text-transform: uppercase; \">Calle Maestro Aguilar 13, bajo<\/td><td><a href=\"https:\/\/www.google.es\/maps\/?q=Calle+Maestro+Aguilar+13%2C+bajo+46006\" target=\"_blank\">Veure ubicaci\u00f3<\/a><\/td><\/tr><tr><td><img decoding=\"async\" src=\"\/wp-content\/uploads\/logos_establecimientos\/68669020ef63b.png\" loading=\"lazy\" style=\"width: 40px; height: 40px; object-fit: contain; border-radius: 50%; vertical-align: middle; margin-right: 6px;\"><a href=\"https:\/\/www.instagram.com\/rereadvalencia\/\" target=\"_blank\">RE-READ LLIBRERIA LOWCOST<\/a><\/td><td style=\" text-transform: uppercase; \">Gran Via Ram\u00f3n y Cajal 45<\/td><td><a href=\"https:\/\/www.google.es\/maps\/?q=Gran+Via+Ram%C3%B3n+y+Cajal+45+46007\" target=\"_blank\">Veure ubicaci\u00f3<\/a><\/td><\/tr><tr><td><img decoding=\"async\" src=\"\/wp-content\/uploads\/logos_establecimientos\/686690da366c6.png\" loading=\"lazy\" style=\"width: 40px; height: 40px; object-fit: contain; border-radius: 50%; vertical-align: middle; margin-right: 6px;\"><a href=\"https:\/\/www.instagram.com\/rereadvalencia\/\" target=\"_blank\">RE-READ LLIBRERIA LOWCOST<\/a><\/td><td style=\" text-transform: uppercase; \">Joaqu\u00edn Costa 59<\/td><td><a href=\"https:\/\/www.google.es\/maps\/?q=Joaqu%C3%ADn+Costa+59+46005\" target=\"_blank\">Veure ubicaci\u00f3<\/a><\/td><\/tr><tr><td><img decoding=\"async\" src=\"\/wp-content\/uploads\/logos_establecimientos\/66f2f9d7b1803.jpg\" loading=\"lazy\" style=\"width: 40px; height: 40px; object-fit: contain; border-radius: 50%; vertical-align: middle; margin-right: 6px;\"><a href=\"https:\/\/reprografiabv.com\/\" target=\"_blank\">REPROGRAFIA BV<\/a><\/td><td style=\" text-transform: uppercase; \">C\/ CASTELL\u00d3N, 8<\/td><td><a href=\"https:\/\/www.google.es\/maps\/?q=C%2F+CASTELL%C3%93N%2C+8+46004\" target=\"_blank\">Veure ubicaci\u00f3<\/a><\/td><\/tr><tr><td><img decoding=\"async\" src=\"\/wp-content\/uploads\/logos_establecimientos\/6874cf6cbfd7a.jpg\" loading=\"lazy\" style=\"width: 40px; height: 40px; object-fit: contain; border-radius: 50%; vertical-align: middle; margin-right: 6px;\">RQR<\/td><td style=\" text-transform: uppercase; \">Plaza de Viriato,5 bajo<\/td><td><a href=\"https:\/\/www.google.es\/maps\/?q=Plaza+de+Viriato%2C5+bajo+46001\" target=\"_blank\">Veure ubicaci\u00f3<\/a><\/td><\/tr><tr><td><img decoding=\"async\" src=\"\/wp-content\/uploads\/logos_establecimientos\/686be9e214473.jpg\" loading=\"lazy\" style=\"width: 40px; height: 40px; object-fit: contain; border-radius: 50%; vertical-align: middle; margin-right: 6px;\">SUICO LIBRERIA PAPELERIA<\/td><td style=\" text-transform: uppercase; \">C\/ BRASIL, 12, BJ <\/td><td><a href=\"https:\/\/www.google.es\/maps\/?q=C%2F+BRASIL%2C+12%2C+BJ++46018\" target=\"_blank\">Veure ubicaci\u00f3<\/a><\/td><\/tr><tr><td><img decoding=\"async\" src=\"\/wp-content\/uploads\/logos_establecimientos\/68b9d729d668b.jpg\" loading=\"lazy\" style=\"width: 40px; height: 40px; object-fit: contain; border-radius: 50%; vertical-align: middle; margin-right: 6px;\"><a href=\"https:\/\/www.instagram.com\/terramarllibreria\" target=\"_blank\">TERRAMAR LLIBRERIA<\/a><\/td><td style=\" text-transform: uppercase; \">Carrer de Josep Benlliure<\/td><td><a href=\"https:\/\/www.google.es\/maps\/?q=Carrer+de+Josep+Benlliure+46011\" target=\"_blank\">Veure ubicaci\u00f3<\/a><\/td><\/tr><tr><td><img decoding=\"async\" src=\"\/wp-content\/uploads\/logos_establecimientos\/66f4585877e60.jpg\" loading=\"lazy\" style=\"width: 40px; height: 40px; object-fit: contain; border-radius: 50%; vertical-align: middle; margin-right: 6px;\"><a href=\"https:\/\/theespanista.com\/?srsltid=afmboop4scnxvotg23yqx8hiznj3ye310p550kxrrfy21zs2nd-qan9y\" target=\"_blank\">THE ESPANISTA<\/a><\/td><td style=\" text-transform: uppercase; \">C\/ CABALLEROS, 8<\/td><td><a href=\"https:\/\/www.google.es\/maps\/?q=C%2F+CABALLEROS%2C+8+46001\" target=\"_blank\">Veure ubicaci\u00f3<\/a><\/td><\/tr><tr><td><img decoding=\"async\" src=\"\/wp-content\/uploads\/logos_establecimientos\/6867f02fd0142.png\" loading=\"lazy\" style=\"width: 40px; height: 40px; object-fit: contain; border-radius: 50%; vertical-align: middle; margin-right: 6px;\">TIENDA DEL CENTRO DE ARTE HORTENSIA HERRERO<\/td><td style=\" text-transform: uppercase; \">CALLE DEL MAR, 22<\/td><td><a href=\"https:\/\/www.google.es\/maps\/?q=CALLE+DEL+MAR%2C+22+46003\" target=\"_blank\">Veure ubicaci\u00f3<\/a><\/td><\/tr><tr><td><a href=\"https:\/\/www.rubio.net \u203a tienda-valencia\" target=\"_blank\">TIENDA RUBIO<\/a><\/td><td style=\" text-transform: uppercase; \">Calle de Sorn\u00ed, 9<\/td><td><a href=\"https:\/\/www.google.es\/maps\/?q=Calle+de+Sorn%C3%AD%2C+9+46004\" target=\"_blank\">Veure ubicaci\u00f3<\/a><\/td><\/tr><tr><td><img decoding=\"async\" src=\"\/wp-content\/uploads\/logos_establecimientos\/68db87a1a1b92.jpeg\" loading=\"lazy\" style=\"width: 40px; height: 40px; object-fit: contain; border-radius: 50%; vertical-align: middle; margin-right: 6px;\">UN POC DE TOT<\/td><td style=\" text-transform: uppercase; \">C\/REINA DO\u00d1A MARIA<\/td><td><a href=\"https:\/\/www.google.es\/maps\/?q=C%2FREINA+DO%C3%91A+MARIA+46006\" target=\"_blank\">Veure ubicaci\u00f3<\/a><\/td><\/tr><tr><td><img decoding=\"async\" src=\"\/wp-content\/uploads\/logos_establecimientos\/68d2dae0de37a.png\" loading=\"lazy\" style=\"width: 40px; height: 40px; object-fit: contain; border-radius: 50%; vertical-align: middle; margin-right: 6px;\">VUELO DE PALABRAS<\/td><td style=\" text-transform: uppercase; \">Avd Giorgeta 22<\/td><td><a href=\"https:\/\/www.google.es\/maps\/?q=Avd+Giorgeta+22+46007\" target=\"_blank\">Veure ubicaci\u00f3<\/a><\/td><\/tr><\/table>[\/vc_tta_section][vc_tta_section title=&#8221;PECES DE VESTIR I COMPLEMENTS&#8221; tab_id=&#8221;c81e728d9d4c2f636f067f89cc14862c&#8221;]<table><tr><th>NOM<\/th><th>DIRECCI\u00d3<\/th><th>UBICACI\u00d3<\/th><\/tr><tr><td><a href=\"https:\/\/domanivalencia.com\/\" target=\"_blank\"> ATELIER SARATOGA &#038; DOMANI<\/a><\/td><td style=\" text-transform: uppercase; \">C\/ FERNANDO EL CATOLICO 5. ESQ SANCHIS SIVERA<\/td><td><a href=\"https:\/\/www.google.es\/maps\/?q=C%2F+FERNANDO+EL+CATOLICO+5.+ESQ+SANCHIS+SIVERA+46004\" target=\"_blank\">Veure ubicaci\u00f3<\/a><\/td><\/tr><tr><td><img decoding=\"async\" src=\"\/wp-content\/uploads\/logos_establecimientos\/65159b44bf4a4.jpg\" loading=\"lazy\" style=\"width: 40px; height: 40px; object-fit: contain; border-radius: 50%; vertical-align: middle; margin-right: 6px;\"><a href=\"https:\/\/www.100pirata.com\/\" target=\"_blank\">100% PIRATA<\/a><\/td><td style=\" text-transform: uppercase; \">C\/ TRENCH, 20<\/td><td><a href=\"https:\/\/www.google.es\/maps\/?q=C%2F+TRENCH%2C+20+46001\" target=\"_blank\">Veure ubicaci\u00f3<\/a><\/td><\/tr><tr><td><img decoding=\"async\" src=\"\/wp-content\/uploads\/logos_establecimientos\/6864f8cb7cf00.jpg\" loading=\"lazy\" style=\"width: 40px; height: 40px; object-fit: contain; border-radius: 50%; vertical-align: middle; margin-right: 6px;\"><a href=\"\/\/www.5estrellasdemar.com\" target=\"_blank\">5 ESTRELLAS DE MAR<\/a><\/td><td style=\" text-transform: uppercase; \">C\/ LA NAVE, 26<\/td><td><a href=\"https:\/\/www.google.es\/maps\/?q=C%2F+LA+NAVE%2C+26+46002\" target=\"_blank\">Veure ubicaci\u00f3<\/a><\/td><\/tr><tr><td><a href=\"\/\/www.adolfodominguez.com\" target=\"_blank\">ADOLFO DOM\u00cdNGUEZ<\/a><\/td><td style=\" text-transform: uppercase; \">C\/ Hern\u00e1n Cort\u00e9s,12<\/td><td><a href=\"https:\/\/www.google.es\/maps\/?q=C%2F+Hern%C3%A1n+Cort%C3%A9s%2C12+46004\" target=\"_blank\">Veure ubicaci\u00f3<\/a><\/td><\/tr><tr><td><img decoding=\"async\" src=\"\/wp-content\/uploads\/logos_establecimientos\/68b96a9c2c5d9.jpg\" loading=\"lazy\" style=\"width: 40px; height: 40px; object-fit: contain; border-radius: 50%; vertical-align: middle; margin-right: 6px;\"><a href=\"\/\/aguablancastorevlc\" target=\"_blank\">AGUA BLANCA<\/a><\/td><td style=\" text-transform: uppercase; \">calle Doctor Romagosa 18 bajo<\/td><td><a href=\"https:\/\/www.google.es\/maps\/?q=calle+Doctor+Romagosa+18+bajo+46002\" target=\"_blank\">Veure ubicaci\u00f3<\/a><\/td><\/tr><tr><td>AGUAMARINA<\/td><td style=\" text-transform: uppercase; \">C\/CIRILO AMOROS, 20 <\/td><td><a href=\"https:\/\/www.google.es\/maps\/?q=C%2FCIRILO+AMOROS%2C+20++46004\" target=\"_blank\">Veure ubicaci\u00f3<\/a><\/td><\/tr><tr><td><img decoding=\"async\" src=\"\/wp-content\/uploads\/logos_establecimientos\/686e3a433734f.jpg\" loading=\"lazy\" style=\"width: 40px; height: 40px; object-fit: contain; border-radius: 50%; vertical-align: middle; margin-right: 6px;\"><a href=\"https:\/\/www.alaiamoda.es\/\" target=\"_blank\">ALAIA MODA<\/a><\/td><td style=\" text-transform: uppercase; \">C\/ JORGE JUAN 30<\/td><td><a href=\"https:\/\/www.google.es\/maps\/?q=C%2F+JORGE+JUAN+30+46004\" target=\"_blank\">Veure ubicaci\u00f3<\/a><\/td><\/tr><tr><td>ALBA D ESTE SL<\/td><td style=\" text-transform: uppercase; \">ANGEL GUIMER\u00c1 32 B<\/td><td><a href=\"https:\/\/www.google.es\/maps\/?q=ANGEL+GUIMER%C3%81+32+B+46008\" target=\"_blank\">Veure ubicaci\u00f3<\/a><\/td><\/tr><tr><td><img decoding=\"async\" src=\"\/wp-content\/uploads\/logos_establecimientos\/650b2214ba14c.png\" loading=\"lazy\" style=\"width: 40px; height: 40px; object-fit: contain; border-radius: 50%; vertical-align: middle; margin-right: 6px;\"><a href=\"https:\/\/alejandramontaner.com\/\" target=\"_blank\">ALEJANDRA MONTANER<\/a><\/td><td style=\" text-transform: uppercase; \">C\/ SORNI 30<\/td><td><a href=\"https:\/\/www.google.es\/maps\/?q=C%2F+SORNI+30+46004\" target=\"_blank\">Veure ubicaci\u00f3<\/a><\/td><\/tr><tr><td><img decoding=\"async\" src=\"\/wp-content\/uploads\/logos_establecimientos\/687a0f6ec6758.jpg\" loading=\"lazy\" style=\"width: 40px; height: 40px; object-fit: contain; border-radius: 50%; vertical-align: middle; margin-right: 6px;\"><a href=\"https:\/\/anitaf.com\/\" target=\"_blank\">ANITA F<\/a><\/td><td style=\" text-transform: uppercase; \">Calle Literato Azor\u00edn 14 bajo izquierda<\/td><td><a href=\"https:\/\/www.google.es\/maps\/?q=Calle+Literato+Azor%C3%ADn+14+bajo+izquierda+46006\" target=\"_blank\">Veure ubicaci\u00f3<\/a><\/td><\/tr><tr><td><img decoding=\"async\" src=\"\/wp-content\/uploads\/logos_establecimientos\/68d6a734c7790.jpg\" loading=\"lazy\" style=\"width: 40px; height: 40px; object-fit: contain; border-radius: 50%; vertical-align: middle; margin-right: 6px;\">AUREA<\/td><td style=\" text-transform: uppercase; \">CALLE CIRILO AMOROS, 44<\/td><td><a href=\"https:\/\/www.google.es\/maps\/?q=CALLE+CIRILO+AMOROS%2C+44+46004\" target=\"_blank\">Veure ubicaci\u00f3<\/a><\/td><\/tr><tr><td><img decoding=\"async\" src=\"\/wp-content\/uploads\/logos_establecimientos\/6870eee5a751f.jpg\" loading=\"lazy\" style=\"width: 40px; height: 40px; object-fit: contain; border-radius: 50%; vertical-align: middle; margin-right: 6px;\"><a href=\"\/\/www.ayresdemaria.com\" target=\"_blank\">AYRES DE MARIA<\/a><\/td><td style=\" text-transform: uppercase; \">C\/CISCAR 54<\/td><td><a href=\"https:\/\/www.google.es\/maps\/?q=C%2FCISCAR+54+46005\" target=\"_blank\">Veure ubicaci\u00f3<\/a><\/td><\/tr><tr><td><img decoding=\"async\" src=\"\/wp-content\/uploads\/logos_establecimientos\/650f62ff1b576.png\" loading=\"lazy\" style=\"width: 40px; height: 40px; object-fit: contain; border-radius: 50%; vertical-align: middle; margin-right: 6px;\"><a href=\"https:\/\/bandtwins.com\/\" target=\"_blank\">B &#038; TWINS BY BA\u00d1ON<\/a><\/td><td style=\" text-transform: uppercase; \">C\/ SAN VICENTE, 59<\/td><td><a href=\"https:\/\/www.google.es\/maps\/?q=C%2F+SAN+VICENTE%2C+59+46002\" target=\"_blank\">Veure ubicaci\u00f3<\/a><\/td><\/tr><tr><td><img decoding=\"async\" src=\"\/wp-content\/uploads\/logos_establecimientos\/66aa18e18c439.png\" loading=\"lazy\" style=\"width: 40px; height: 40px; object-fit: contain; border-radius: 50%; vertical-align: middle; margin-right: 6px;\"><a href=\"https:\/\/www.instagram.com\/bambarstore\" target=\"_blank\">BAMBAR<\/a><\/td><td style=\" text-transform: uppercase; \">Carrer del Comte de Salvatierra, 12, L\\&#8217;Eixample, Val\u00e8ncia, Valencia<\/td><td><a href=\"https:\/\/www.google.es\/maps\/?q=Carrer+del+Comte+de+Salvatierra%2C+12%2C+L%5C%27Eixample%2C+Val%C3%A8ncia%2C+Valencia+46004\" target=\"_blank\">Veure ubicaci\u00f3<\/a><\/td><\/tr><tr><td>BIANCA<\/td><td style=\" text-transform: uppercase; \">Explorador Andres 36 bajo<\/td><td><a href=\"https:\/\/www.google.es\/maps\/?q=Explorador+Andres+36+bajo+46022\" target=\"_blank\">Veure ubicaci\u00f3<\/a><\/td><\/tr><tr><td><img decoding=\"async\" src=\"\/wp-content\/uploads\/logos_establecimientos\/686e3e368a067.jpg\" loading=\"lazy\" style=\"width: 40px; height: 40px; object-fit: contain; border-radius: 50%; vertical-align: middle; margin-right: 6px;\">BLACK &#038; WHITE<\/td><td style=\" text-transform: uppercase; \">Calle carteros 38 bajo<\/td><td><a href=\"https:\/\/www.google.es\/maps\/?q=Calle+carteros+38+bajo+46017\" target=\"_blank\">Veure ubicaci\u00f3<\/a><\/td><\/tr><tr><td>BLACK \uff06 WHITE<\/td><td style=\" text-transform: uppercase; \">Calle carteros 52 bajo<\/td><td><a href=\"https:\/\/www.google.es\/maps\/?q=Calle+carteros+52+bajo+46017\" target=\"_blank\">Veure ubicaci\u00f3<\/a><\/td><\/tr><tr><td><img decoding=\"async\" src=\"\/wp-content\/uploads\/logos_establecimientos\/68b7334cdd68d.jpg\" loading=\"lazy\" style=\"width: 40px; height: 40px; object-fit: contain; border-radius: 50%; vertical-align: middle; margin-right: 6px;\"><a href=\"https:\/\/www.blubambu.es\/\" target=\"_blank\">BLUBAMBU<\/a><\/td><td style=\" text-transform: uppercase; \">CALLE DE LA NAVE 7<\/td><td><a href=\"https:\/\/www.google.es\/maps\/?q=CALLE+DE+LA+NAVE+7+46003\" target=\"_blank\">Veure ubicaci\u00f3<\/a><\/td><\/tr><tr><td><img decoding=\"async\" src=\"\/wp-content\/uploads\/logos_establecimientos\/6895d2161f573.png\" loading=\"lazy\" style=\"width: 40px; height: 40px; object-fit: contain; border-radius: 50%; vertical-align: middle; margin-right: 6px;\"><a href=\"\/\/www.bobbin.es\" target=\"_blank\">BOBBIN CIRCULAR<\/a><\/td><td style=\" text-transform: uppercase; \">Pedro III El Grande 24Bajo<\/td><td><a href=\"https:\/\/www.google.es\/maps\/?q=Pedro+III+El+Grande+24Bajo+46005\" target=\"_blank\">Veure ubicaci\u00f3<\/a><\/td><\/tr><tr><td><img decoding=\"async\" src=\"\/wp-content\/uploads\/logos_establecimientos\/687662ab728e7.jpg\" loading=\"lazy\" style=\"width: 40px; height: 40px; object-fit: contain; border-radius: 50%; vertical-align: middle; margin-right: 6px;\"><a href=\"https:\/\/www.boboli.es\/es\/\" target=\"_blank\">BOBOLI<\/a><\/td><td style=\" text-transform: uppercase; \">C\/Cirilo Amoros, 26<\/td><td><a href=\"https:\/\/www.google.es\/maps\/?q=C%2FCirilo+Amoros%2C+26+46004\" target=\"_blank\">Veure ubicaci\u00f3<\/a><\/td><\/tr><tr><td>BONVESTIR<\/td><td style=\" text-transform: uppercase; \">AVDA. VALLADOLID 29 BAJO<\/td><td><a href=\"https:\/\/www.google.es\/maps\/?q=AVDA.+VALLADOLID+29+BAJO+46020\" target=\"_blank\">Veure ubicaci\u00f3<\/a><\/td><\/tr><tr><td><img decoding=\"async\" src=\"\/wp-content\/uploads\/logos_establecimientos\/6863ac4f97a7f.jpg\" loading=\"lazy\" style=\"width: 40px; height: 40px; object-fit: contain; border-radius: 50%; vertical-align: middle; margin-right: 6px;\"><a href=\"https:\/\/www.instagram.com\/boutique_brisas?utm_source=qr&#038;igsh=nmlwmdc5oghnmmd6\" target=\"_blank\">BOUTIQUE BRISAS<\/a><\/td><td style=\" text-transform: uppercase; \">C\/ Explorador Andr\u00e9s, 47<\/td><td><a href=\"https:\/\/www.google.es\/maps\/?q=C%2F+Explorador+Andr%C3%A9s%2C+47+46022\" target=\"_blank\">Veure ubicaci\u00f3<\/a><\/td><\/tr><tr><td><img decoding=\"async\" src=\"\/wp-content\/uploads\/logos_establecimientos\/6512a21964619.jpg\" loading=\"lazy\" style=\"width: 40px; height: 40px; object-fit: contain; border-radius: 50%; vertical-align: middle; margin-right: 6px;\"><a href=\"\/\/-\" target=\"_blank\">BUGALU<\/a><\/td><td style=\" text-transform: uppercase; \">C\/. LONJA 6<\/td><td><a href=\"https:\/\/www.google.es\/maps\/?q=C%2F.+LONJA+6+46001\" target=\"_blank\">Veure ubicaci\u00f3<\/a><\/td><\/tr><tr><td><img decoding=\"async\" src=\"\/wp-content\/uploads\/logos_establecimientos\/6514967d935e3.jpg\" loading=\"lazy\" style=\"width: 40px; height: 40px; object-fit: contain; border-radius: 50%; vertical-align: middle; margin-right: 6px;\"><a href=\"https:\/\/www.calapetita.es\/\" target=\"_blank\">CALA PETITA<\/a><\/td><td style=\" text-transform: uppercase; \">C\/ TRENCH, 15<\/td><td><a href=\"https:\/\/www.google.es\/maps\/?q=C%2F+TRENCH%2C+15+46001\" target=\"_blank\">Veure ubicaci\u00f3<\/a><\/td><\/tr><tr><td><img decoding=\"async\" src=\"\/wp-content\/uploads\/logos_establecimientos\/650b288b21f16.jpg\" loading=\"lazy\" style=\"width: 40px; height: 40px; object-fit: contain; border-radius: 50%; vertical-align: middle; margin-right: 6px;\"><a href=\"https:\/\/www.calzedonia.com\/es\/stores\/valencia_pza_ayuntamiento_14\/cai4.html\" target=\"_blank\">CALZEDONIA <\/a><\/td><td style=\" text-transform: uppercase; \">PL. DEL AYUNTAMIENTO, 14<\/td><td><a href=\"https:\/\/www.google.es\/maps\/?q=PL.+DEL+AYUNTAMIENTO%2C+14+46002\" target=\"_blank\">Veure ubicaci\u00f3<\/a><\/td><\/tr><tr><td><img decoding=\"async\" src=\"\/wp-content\/uploads\/logos_establecimientos\/65043a694f0d5.jpg\" loading=\"lazy\" style=\"width: 40px; height: 40px; object-fit: contain; border-radius: 50%; vertical-align: middle; margin-right: 6px;\"><a href=\"https:\/\/www.facebook.com\/candelaymanuela\/\" target=\"_blank\">CANDELA Y MANUELA<\/a><\/td><td style=\" text-transform: uppercase; \">C\/. COMEDIAS, 13<\/td><td><a href=\"https:\/\/www.google.es\/maps\/?q=C%2F.+COMEDIAS%2C+13+46003\" target=\"_blank\">Veure ubicaci\u00f3<\/a><\/td><\/tr><tr><td><img decoding=\"async\" src=\"\/wp-content\/uploads\/logos_establecimientos\/650cdbc06ed79.jpg\" loading=\"lazy\" style=\"width: 40px; height: 40px; object-fit: contain; border-radius: 50%; vertical-align: middle; margin-right: 6px;\"><a href=\"https:\/\/caripen.com\/\" target=\"_blank\">CARIPEN<\/a><\/td><td style=\" text-transform: uppercase; \">C\/ SORNI 25<\/td><td><a href=\"https:\/\/www.google.es\/maps\/?q=C%2F+SORNI+25+46004\" target=\"_blank\">Veure ubicaci\u00f3<\/a><\/td><\/tr><tr><td>CARLA DI CARLA<\/td><td style=\" text-transform: uppercase; \">C\/CONDE SALVATIERRA 13<\/td><td><a href=\"https:\/\/www.google.es\/maps\/?q=C%2FCONDE+SALVATIERRA+13+46004\" target=\"_blank\">Veure ubicaci\u00f3<\/a><\/td><\/tr><tr><td><a href=\"https:\/\/chelos.es\" target=\"_blank\">CHELOS<\/a><\/td><td style=\" text-transform: uppercase; \">C\/General Avil\u00e9s 6<\/td><td><a href=\"https:\/\/www.google.es\/maps\/?q=C%2FGeneral+Avil%C3%A9s+6+46015\" target=\"_blank\">Veure ubicaci\u00f3<\/a><\/td><\/tr><tr><td><img decoding=\"async\" src=\"\/wp-content\/uploads\/logos_establecimientos\/686bb6f455e5a.jpg\" loading=\"lazy\" style=\"width: 40px; height: 40px; object-fit: contain; border-radius: 50%; vertical-align: middle; margin-right: 6px;\"><a href=\"https:\/\/chelos.es\" target=\"_blank\">CHELOS<\/a><\/td><td style=\" text-transform: uppercase; \">ABEN AL ABBAR N\u00ba17<\/td><td><a href=\"https:\/\/www.google.es\/maps\/?q=ABEN+AL+ABBAR+N%C2%BA17+46021\" target=\"_blank\">Veure ubicaci\u00f3<\/a><\/td><\/tr><tr><td><img decoding=\"async\" src=\"\/wp-content\/uploads\/logos_establecimientos\/686bb89717b5d.jpg\" loading=\"lazy\" style=\"width: 40px; height: 40px; object-fit: contain; border-radius: 50%; vertical-align: middle; margin-right: 6px;\"><a href=\"https:\/\/chelos.es\" target=\"_blank\">CHELOS<\/a><\/td><td style=\" text-transform: uppercase; \">C\/ RODRIGUEZ DE CEPEDA, 43<\/td><td><a href=\"https:\/\/www.google.es\/maps\/?q=C%2F+RODRIGUEZ+DE+CEPEDA%2C+43+46021\" target=\"_blank\">Veure ubicaci\u00f3<\/a><\/td><\/tr><tr><td><img decoding=\"async\" src=\"\/wp-content\/uploads\/logos_establecimientos\/686b9134c76e9.jpg\" loading=\"lazy\" style=\"width: 40px; height: 40px; object-fit: contain; border-radius: 50%; vertical-align: middle; margin-right: 6px;\">CIAOBELLA<\/td><td style=\" text-transform: uppercase; \">CALLE QUART, 111 <\/td><td><a href=\"https:\/\/www.google.es\/maps\/?q=CALLE+QUART%2C+111++46008\" target=\"_blank\">Veure ubicaci\u00f3<\/a><\/td><\/tr><tr><td><img decoding=\"async\" src=\"\/wp-content\/uploads\/logos_establecimientos\/6866613c211f4.jpg\" loading=\"lazy\" style=\"width: 40px; height: 40px; object-fit: contain; border-radius: 50%; vertical-align: middle; margin-right: 6px;\"><a href=\"https:\/\/www.instagram.com\/clash__spain\/?hl=es\" target=\"_blank\">CLASH<\/a><\/td><td style=\" text-transform: uppercase; \">C\/Conde de Salvatierra, 6<\/td><td><a href=\"https:\/\/www.google.es\/maps\/?q=C%2FConde+de+Salvatierra%2C+6+46004\" target=\"_blank\">Veure ubicaci\u00f3<\/a><\/td><\/tr><tr><td><img decoding=\"async\" src=\"\/wp-content\/uploads\/logos_establecimientos\/6866637b56f43.jpg\" loading=\"lazy\" style=\"width: 40px; height: 40px; object-fit: contain; border-radius: 50%; vertical-align: middle; margin-right: 6px;\"><a href=\"https:\/\/www.instagram.com\/clash__spain\/?hl=es\" target=\"_blank\">CLASH<\/a><\/td><td style=\" text-transform: uppercase; \">Pl\/ Alfonso el Magn\u00e1nimo, 11<\/td><td><a href=\"https:\/\/www.google.es\/maps\/?q=Pl%2F+Alfonso+el+Magn%C3%A1nimo%2C+11+46003\" target=\"_blank\">Veure ubicaci\u00f3<\/a><\/td><\/tr><tr><td><a href=\"\/\/clotsybrand.com\" target=\"_blank\">CLOTSY BRAND<\/a><\/td><td style=\" text-transform: uppercase; \">Calle Colon 72, bajo derecha<\/td><td><a href=\"https:\/\/www.google.es\/maps\/?q=Calle+Colon+72%2C+bajo+derecha+46004\" target=\"_blank\">Veure ubicaci\u00f3<\/a><\/td><\/tr><tr><td><img decoding=\"async\" src=\"\/wp-content\/uploads\/logos_establecimientos\/6511e411be595.JPG\" loading=\"lazy\" style=\"width: 40px; height: 40px; object-fit: contain; border-radius: 50%; vertical-align: middle; margin-right: 6px;\"><a href=\"https:\/\/www.facebook.com\/conchadelpozomoda\/?locale=es_es\" target=\"_blank\">CONCHA DEL POZO<\/a><\/td><td style=\" text-transform: uppercase; \">C\/ PIZARRO, 1<\/td><td><a href=\"https:\/\/www.google.es\/maps\/?q=C%2F+PIZARRO%2C+1+46004\" target=\"_blank\">Veure ubicaci\u00f3<\/a><\/td><\/tr><tr><td><img decoding=\"async\" src=\"\/wp-content\/uploads\/logos_establecimientos\/68670a1897f64.jpg\" loading=\"lazy\" style=\"width: 40px; height: 40px; object-fit: contain; border-radius: 50%; vertical-align: middle; margin-right: 6px;\"><a href=\"https:\/\/www.cottyfish.es\/?srsltid=afmboopd45jw8qk4mcq_-20fi_ubqkuq0m3hezx0sku9mfltqzachhy5\" target=\"_blank\">COTTYFISH<\/a><\/td><td style=\" text-transform: uppercase; \">PLAZA DE LA MERCED, 2 <\/td><td><a href=\"https:\/\/www.google.es\/maps\/?q=PLAZA+DE+LA+MERCED%2C+2++46001\" target=\"_blank\">Veure ubicaci\u00f3<\/a><\/td><\/tr><tr><td><img decoding=\"async\" src=\"\/wp-content\/uploads\/logos_establecimientos\/686d4d03b320e.jpeg\" loading=\"lazy\" style=\"width: 40px; height: 40px; object-fit: contain; border-radius: 50%; vertical-align: middle; margin-right: 6px;\">CREACIONES ANA<\/td><td style=\" text-transform: uppercase; \">CALLE SANTOS JUSTO Y PASTOR, 45<\/td><td><a href=\"https:\/\/www.google.es\/maps\/?q=CALLE+SANTOS+JUSTO+Y+PASTOR%2C+45+46022\" target=\"_blank\">Veure ubicaci\u00f3<\/a><\/td><\/tr><tr><td><img decoding=\"async\" src=\"\/wp-content\/uploads\/logos_establecimientos\/686fe3b225d6d.jpg\" loading=\"lazy\" style=\"width: 40px; height: 40px; object-fit: contain; border-radius: 50%; vertical-align: middle; margin-right: 6px;\">CUCO<\/td><td style=\" text-transform: uppercase; \">AVENIDA DE MALVARROSA, 82 <\/td><td><a href=\"https:\/\/www.google.es\/maps\/?q=AVENIDA+DE+MALVARROSA%2C+82++46011\" target=\"_blank\">Veure ubicaci\u00f3<\/a><\/td><\/tr><tr><td><img decoding=\"async\" src=\"\/wp-content\/uploads\/logos_establecimientos\/686f787c14a23.jpg\" loading=\"lazy\" style=\"width: 40px; height: 40px; object-fit: contain; border-radius: 50%; vertical-align: middle; margin-right: 6px;\"><a href=\"https:\/\/www.avalenza.com\/es\/\" target=\"_blank\">D &#038; D<\/a><\/td><td style=\" text-transform: uppercase; \">GRAN VIA FERNANDO EL CATOLICO, N\u00ba 74 BAJO IZQ.<\/td><td><a href=\"https:\/\/www.google.es\/maps\/?q=GRAN+VIA+FERNANDO+EL+CATOLICO%2C+N%C2%BA+74+BAJO+IZQ.+46008\" target=\"_blank\">Veure ubicaci\u00f3<\/a><\/td><\/tr><tr><td><img decoding=\"async\" src=\"\/wp-content\/uploads\/logos_establecimientos\/650cd6d63273c.jpg\" loading=\"lazy\" style=\"width: 40px; height: 40px; object-fit: contain; border-radius: 50%; vertical-align: middle; margin-right: 6px;\"><a href=\"https:\/\/www.instagram.com\/dypuntomoda\/?hl=es\" target=\"_blank\">D Y PUNTO<\/a><\/td><td style=\" text-transform: uppercase; \">G. FERNANDO EL CATOLICO 35<\/td><td><a href=\"https:\/\/www.google.es\/maps\/?q=G.+FERNANDO+EL+CATOLICO+35+46008\" target=\"_blank\">Veure ubicaci\u00f3<\/a><\/td><\/tr><tr><td><img decoding=\"async\" src=\"\/wp-content\/uploads\/2025\/07\/WhatsApp-Image-2025-07-09-at-19.11.27.jpeg\" loading=\"lazy\" style=\"width: 40px; height: 40px; object-fit: contain; border-radius: 50%; vertical-align: middle; margin-right: 6px;\"><a href=\"\/\/@de_compritas\" target=\"_blank\">DECOMPRITAS<\/a><\/td><td style=\" text-transform: uppercase; \">Fontanares 47<\/td><td><a href=\"https:\/\/www.google.es\/maps\/?q=Fontanares+47+46014\" target=\"_blank\">Veure ubicaci\u00f3<\/a><\/td><\/tr><tr><td><img decoding=\"async\" src=\"\/wp-content\/uploads\/logos_establecimientos\/68670706a7f91.jpg\" loading=\"lazy\" style=\"width: 40px; height: 40px; object-fit: contain; border-radius: 50%; vertical-align: middle; margin-right: 6px;\"><a href=\"https:\/\/www.instagram.com\/inbenzinveritas_valencia\/?hl=es\" target=\"_blank\">DEUS EX MACHINA<\/a><\/td><td style=\" text-transform: uppercase; \">C\/ CIRILO AMOROS, 49<\/td><td><a href=\"https:\/\/www.google.es\/maps\/?q=C%2F+CIRILO+AMOROS%2C+49+46004\" target=\"_blank\">Veure ubicaci\u00f3<\/a><\/td><\/tr><tr><td><img decoding=\"async\" src=\"\/wp-content\/uploads\/logos_establecimientos\/6510750ab1fe7.jpg\" loading=\"lazy\" style=\"width: 40px; height: 40px; object-fit: contain; border-radius: 50%; vertical-align: middle; margin-right: 6px;\"><a href=\"https:\/\/domanivalencia.com\/\" target=\"_blank\">DOMANI<\/a><\/td><td style=\" text-transform: uppercase; \">C\/ CIRILO AMOROS, 30<\/td><td><a href=\"https:\/\/www.google.es\/maps\/?q=C%2F+CIRILO+AMOROS%2C+30+46004\" target=\"_blank\">Veure ubicaci\u00f3<\/a><\/td><\/tr><tr><td><img decoding=\"async\" src=\"\/wp-content\/uploads\/logos_establecimientos\/651075b0891e8.jpg\" loading=\"lazy\" style=\"width: 40px; height: 40px; object-fit: contain; border-radius: 50%; vertical-align: middle; margin-right: 6px;\"><a href=\"https:\/\/domanivalencia.com\/\" target=\"_blank\">DOMANI<\/a><\/td><td style=\" text-transform: uppercase; \">C\/ ISABEL LA CATOLICA, 14<\/td><td><a href=\"https:\/\/www.google.es\/maps\/?q=C%2F+ISABEL+LA+CATOLICA%2C+14+46004\" target=\"_blank\">Veure ubicaci\u00f3<\/a><\/td><\/tr><tr><td><img decoding=\"async\" src=\"\/wp-content\/uploads\/logos_establecimientos\/6863baa372b82.png\" loading=\"lazy\" style=\"width: 40px; height: 40px; object-fit: contain; border-radius: 50%; vertical-align: middle; margin-right: 6px;\"><a href=\"https:\/\/www.edit32store.com\/\" target=\"_blank\">EDIT 32<\/a><\/td><td style=\" text-transform: uppercase; \">calle Conde de Salvatierra 32<\/td><td><a href=\"https:\/\/www.google.es\/maps\/?q=calle+Conde+de+Salvatierra+32+46004\" target=\"_blank\">Veure ubicaci\u00f3<\/a><\/td><\/tr><tr><td><img decoding=\"async\" src=\"\/wp-content\/uploads\/logos_establecimientos\/687ba1948745a.jpg\" loading=\"lazy\" style=\"width: 40px; height: 40px; object-fit: contain; border-radius: 50%; vertical-align: middle; margin-right: 6px;\">EL MUNDO AL REVES SL<\/td><td style=\" text-transform: uppercase; \">C\/CONDE SALVATIERRA 21<\/td><td><a href=\"https:\/\/www.google.es\/maps\/?q=C%2FCONDE+SALVATIERRA+21+46004\" target=\"_blank\">Veure ubicaci\u00f3<\/a><\/td><\/tr><tr><td><img decoding=\"async\" src=\"\/wp-content\/uploads\/logos_establecimientos\/68bea5c4d5989.jpg\" loading=\"lazy\" style=\"width: 40px; height: 40px; object-fit: contain; border-radius: 50%; vertical-align: middle; margin-right: 6px;\"><a href=\"https:\/\/www.elositodeclaudia.com\/\" target=\"_blank\">EL OSITO DE CLAUDIA<\/a><\/td><td style=\" text-transform: uppercase; \">SERRERIA, 34<\/td><td><a href=\"https:\/\/www.google.es\/maps\/?q=SERRERIA%2C+34+46011\" target=\"_blank\">Veure ubicaci\u00f3<\/a><\/td><\/tr><tr><td><img decoding=\"async\" src=\"\/wp-content\/uploads\/logos_establecimientos\/68d3bac65e01d.jpg\" loading=\"lazy\" style=\"width: 40px; height: 40px; object-fit: contain; border-radius: 50%; vertical-align: middle; margin-right: 6px;\"><a href=\"https:\/\/www.elsitiodemirecreovlc.com\/\" target=\"_blank\">EL SITIO DE MI RECREO<\/a><\/td><td style=\" text-transform: uppercase; \">Calle Cirilo Amor\u00f3s 36<\/td><td><a href=\"https:\/\/www.google.es\/maps\/?q=Calle+Cirilo+Amor%C3%B3s+36+46004\" target=\"_blank\">Veure ubicaci\u00f3<\/a><\/td><\/tr><tr><td><img decoding=\"async\" src=\"\/wp-content\/uploads\/logos_establecimientos\/68714e559a678.jpg\" loading=\"lazy\" style=\"width: 40px; height: 40px; object-fit: contain; border-radius: 50%; vertical-align: middle; margin-right: 6px;\"><a href=\"\/\/@elsurvalencia\" target=\"_blank\">EL SUR<\/a><\/td><td style=\" text-transform: uppercase; \">C\/ Emilio Baro 26<\/td><td><a href=\"https:\/\/www.google.es\/maps\/?q=C%2F+Emilio+Baro+26+46020\" target=\"_blank\">Veure ubicaci\u00f3<\/a><\/td><\/tr><tr><td><img decoding=\"async\" src=\"\/wp-content\/uploads\/logos_establecimientos\/68d16e9b4bca4.jpg\" loading=\"lazy\" style=\"width: 40px; height: 40px; object-fit: contain; border-radius: 50%; vertical-align: middle; margin-right: 6px;\"><a href=\"https:\/\/www.instagram.com\/eltelardeazucar\/\" target=\"_blank\">EL TELAR DE AZUCAR<\/a><\/td><td style=\" text-transform: uppercase; \">CALLE POETA QUINTANA 2, BJ<\/td><td><a href=\"https:\/\/www.google.es\/maps\/?q=CALLE+POETA+QUINTANA+2%2C+BJ+46003\" target=\"_blank\">Veure ubicaci\u00f3<\/a><\/td><\/tr><tr><td><img decoding=\"async\" src=\"\/wp-content\/uploads\/logos_establecimientos\/650ca5c078dd8.jpg\" loading=\"lazy\" style=\"width: 40px; height: 40px; object-fit: contain; border-radius: 50%; vertical-align: middle; margin-right: 6px;\"><a href=\"https:\/\/www.instagram.com\/eneesevalencia\/?hl=es\" target=\"_blank\">ENEESE<\/a><\/td><td style=\" text-transform: uppercase; \">C\/ UNIVERSIDAD, 3<\/td><td><a href=\"https:\/\/www.google.es\/maps\/?q=C%2F+UNIVERSIDAD%2C+3+46003\" target=\"_blank\">Veure ubicaci\u00f3<\/a><\/td><\/tr><tr><td><img decoding=\"async\" src=\"\/wp-content\/uploads\/logos_establecimientos\/65135dfaa0f32.png\" loading=\"lazy\" style=\"width: 40px; height: 40px; object-fit: contain; border-radius: 50%; vertical-align: middle; margin-right: 6px;\"><a href=\"https:\/\/esparzasilk.com\/\" target=\"_blank\">ESPARZA SILK<\/a><\/td><td style=\" text-transform: uppercase; \">C\/ Calabazas 20<\/td><td><a href=\"https:\/\/www.google.es\/maps\/?q=C%2F+Calabazas+20+46001\" target=\"_blank\">Veure ubicaci\u00f3<\/a><\/td><\/tr><tr><td><img decoding=\"async\" src=\"\/wp-content\/uploads\/logos_establecimientos\/650b1000141b0.jpg\" loading=\"lazy\" style=\"width: 40px; height: 40px; object-fit: contain; border-radius: 50%; vertical-align: middle; margin-right: 6px;\"><a href=\"http:\/\/www.decorarcher.es\/\" target=\"_blank\">ESTILO DECORARCHER<\/a><\/td><td style=\" text-transform: uppercase; \">CL. CALABAZAS, 29<\/td><td><a href=\"https:\/\/www.google.es\/maps\/?q=CL.+CALABAZAS%2C+29+46001\" target=\"_blank\">Veure ubicaci\u00f3<\/a><\/td><\/tr><tr><td><img decoding=\"async\" src=\"\/wp-content\/uploads\/logos_establecimientos\/68941b54c0377.jpg\" loading=\"lazy\" style=\"width: 40px; height: 40px; object-fit: contain; border-radius: 50%; vertical-align: middle; margin-right: 6px;\"><a href=\"https:\/\/www.fiveostore.com\/\" target=\"_blank\">FIVEOSTORE<\/a><\/td><td style=\" text-transform: uppercase; \">C\/ PARE PERERA N\u00ba 3  BAJO<\/td><td><a href=\"https:\/\/www.google.es\/maps\/?q=C%2F+PARE+PERERA+N%C2%BA+3++BAJO+46006\" target=\"_blank\">Veure ubicaci\u00f3<\/a><\/td><\/tr><tr><td><img decoding=\"async\" src=\"\/wp-content\/uploads\/2025\/07\/WhatsApp-Image-2025-07-16-at-20.45.22.jpeg\" loading=\"lazy\" style=\"width: 40px; height: 40px; object-fit: contain; border-radius: 50%; vertical-align: middle; margin-right: 6px;\"><a href=\"https:\/\/www.facebook.com\/share\/16ykkJPjLS\/\" target=\"_blank\">FRAUCLARA<\/a><\/td><td style=\" text-transform: uppercase; \">Calle granada 20<\/td><td><a href=\"https:\/\/www.google.es\/maps\/?q=Calle+granada+20+46006\" target=\"_blank\">Veure ubicaci\u00f3<\/a><\/td><\/tr><tr><td><img decoding=\"async\" src=\"\/wp-content\/uploads\/logos_establecimientos\/68666b0f2f309.jpg\" loading=\"lazy\" style=\"width: 40px; height: 40px; object-fit: contain; border-radius: 50%; vertical-align: middle; margin-right: 6px;\"><a href=\"\/\/instagram: funbox_valencia          facebook:  fun box surfshop\" target=\"_blank\">FUNBOX<\/a><\/td><td style=\" text-transform: uppercase; \">Calle Daniel Balacairt, 3<\/td><td><a href=\"https:\/\/www.google.es\/maps\/?q=Calle+Daniel+Balacairt%2C+3+46020\" target=\"_blank\">Veure ubicaci\u00f3<\/a><\/td><\/tr><tr><td><img decoding=\"async\" src=\"\/wp-content\/uploads\/logos_establecimientos\/66f5d96aa8b1a.png\" loading=\"lazy\" style=\"width: 40px; height: 40px; object-fit: contain; border-radius: 50%; vertical-align: middle; margin-right: 6px;\"><a href=\"\/\/www.ghamttonvalencia.com\" target=\"_blank\">GHAMTTON VALENCIA<\/a><\/td><td style=\" text-transform: uppercase; \">Calle Poeta Querol, 7<\/td><td><a href=\"https:\/\/www.google.es\/maps\/?q=Calle+Poeta+Querol%2C+7+46002\" target=\"_blank\">Veure ubicaci\u00f3<\/a><\/td><\/tr><tr><td><img decoding=\"async\" src=\"\/wp-content\/uploads\/logos_establecimientos\/686e91f7df962.png\" loading=\"lazy\" style=\"width: 40px; height: 40px; object-fit: contain; border-radius: 50%; vertical-align: middle; margin-right: 6px;\"><a href=\"https:\/\/girasolmoda.com\/\" target=\"_blank\">GIRASOL<\/a><\/td><td style=\" text-transform: uppercase; \">AV MALVARROSA, 69<\/td><td><a href=\"https:\/\/www.google.es\/maps\/?q=AV+MALVARROSA%2C+69+46011\" target=\"_blank\">Veure ubicaci\u00f3<\/a><\/td><\/tr><tr><td><img decoding=\"async\" src=\"\/wp-content\/uploads\/logos_establecimientos\/686e9334b2ca9.png\" loading=\"lazy\" style=\"width: 40px; height: 40px; object-fit: contain; border-radius: 50%; vertical-align: middle; margin-right: 6px;\"><a href=\"https:\/\/girasolmoda.com\/\" target=\"_blank\">GIRASOL<\/a><\/td><td style=\" text-transform: uppercase; \"> CALLE VICENTE BRULL, 90<\/td><td><a href=\"https:\/\/www.google.es\/maps\/?q=+CALLE+VICENTE+BRULL%2C+90+46011\" target=\"_blank\">Veure ubicaci\u00f3<\/a><\/td><\/tr><tr><td><img decoding=\"async\" src=\"\/wp-content\/uploads\/logos_establecimientos\/686e292fb693e.png\" loading=\"lazy\" style=\"width: 40px; height: 40px; object-fit: contain; border-radius: 50%; vertical-align: middle; margin-right: 6px;\">GREEN ONE<\/td><td style=\" text-transform: uppercase; \">CALLE LES GARRIGUES 15<\/td><td><a href=\"https:\/\/www.google.es\/maps\/?q=CALLE+LES+GARRIGUES+15+46001\" target=\"_blank\">Veure ubicaci\u00f3<\/a><\/td><\/tr><tr><td><img decoding=\"async\" src=\"\/wp-content\/uploads\/logos_establecimientos\/66a75ad91cadc.jpg\" loading=\"lazy\" style=\"width: 40px; height: 40px; object-fit: contain; border-radius: 50%; vertical-align: middle; margin-right: 6px;\"><a href=\"\/\/www.hannover1998.com\" target=\"_blank\">HANNOVER 1998<\/a><\/td><td style=\" text-transform: uppercase; \">C\/HERNAN CORTES 29<\/td><td><a href=\"https:\/\/www.google.es\/maps\/?q=C%2FHERNAN+CORTES+29+46004\" target=\"_blank\">Veure ubicaci\u00f3<\/a><\/td><\/tr><tr><td><img decoding=\"async\" src=\"\/wp-content\/uploads\/logos_establecimientos\/6896336bcfbec.png\" loading=\"lazy\" style=\"width: 40px; height: 40px; object-fit: contain; border-radius: 50%; vertical-align: middle; margin-right: 6px;\"><a href=\"\/\/www.harrymequiere.com\" target=\"_blank\">HARRY ME QUIERE!<\/a><\/td><td style=\" text-transform: uppercase; \">C\/Hernan Cortes n\u00ba15 bajo<\/td><td><a href=\"https:\/\/www.google.es\/maps\/?q=C%2FHernan+Cortes+n%C2%BA15+bajo+46004\" target=\"_blank\">Veure ubicaci\u00f3<\/a><\/td><\/tr><tr><td><img decoding=\"async\" src=\"\/wp-content\/uploads\/logos_establecimientos\/66a8cf90d084f.jpg\" loading=\"lazy\" style=\"width: 40px; height: 40px; object-fit: contain; border-radius: 50%; vertical-align: middle; margin-right: 6px;\"><a href=\"https:\/\/ilbacodasetaonline.com\/\" target=\"_blank\">IL BACO DA SETA<\/a><\/td><td style=\" text-transform: uppercase; \">C\/ ISABEL LA CATOLICA, 16<\/td><td><a href=\"https:\/\/www.google.es\/maps\/?q=C%2F+ISABEL+LA+CATOLICA%2C+16+46004\" target=\"_blank\">Veure ubicaci\u00f3<\/a><\/td><\/tr><tr><td>INTIMISSIMI<\/td><td style=\" text-transform: uppercase; \">Avenida de Pius XII, 2, Local 36 (Centro Comercial Nuevo Centro)<\/td><td><a href=\"https:\/\/www.google.es\/maps\/?q=Avenida+de+Pius+XII%2C+2%2C+Local+36+%28Centro+Comercial+Nuevo+Centro%29+46009\" target=\"_blank\">Veure ubicaci\u00f3<\/a><\/td><\/tr><tr><td>INTIMISSIMI<\/td><td style=\" text-transform: uppercase; \">Calle de Santa Genoveva, 21, Local 0-22 Centro Comercial Arena Multiespacio<\/td><td><a href=\"https:\/\/www.google.es\/maps\/?q=Calle+de+Santa+Genoveva%2C+21%2C+Local+0-22+Centro+Comercial+Arena+Multiespacio+46019\" target=\"_blank\">Veure ubicaci\u00f3<\/a><\/td><\/tr><tr><td>INTIMISSIMI<\/td><td style=\" text-transform: uppercase; \">C Menorca n\u00ba19 local 112-1<\/td><td><a href=\"https:\/\/www.google.es\/maps\/?q=C+Menorca+n%C2%BA19+local+112-1+46023\" target=\"_blank\">Veure ubicaci\u00f3<\/a><\/td><\/tr><tr><td>ITACA<\/td><td style=\" text-transform: uppercase; \">CALLE ROGER DE LAURIA N 9 (ITACA)<\/td><td><a href=\"https:\/\/www.google.es\/maps\/?q=CALLE+ROGER+DE+LAURIA+N+9+%28ITACA%29+46002\" target=\"_blank\">Veure ubicaci\u00f3<\/a><\/td><\/tr><tr><td><img decoding=\"async\" src=\"\/wp-content\/uploads\/logos_establecimientos\/66dac4bdcf940.jpg\" loading=\"lazy\" style=\"width: 40px; height: 40px; object-fit: contain; border-radius: 50%; vertical-align: middle; margin-right: 6px;\"><a href=\"https:\/\/www.jpalomarstore.com\/\" target=\"_blank\">JOS\u00c9 PALOMAR<\/a><\/td><td style=\" text-transform: uppercase; \">C\/ SAN VICENTE MARTIR, 8<\/td><td><a href=\"https:\/\/www.google.es\/maps\/?q=C%2F+SAN+VICENTE+MARTIR%2C+8+46002\" target=\"_blank\">Veure ubicaci\u00f3<\/a><\/td><\/tr><tr><td><img decoding=\"async\" src=\"\/wp-content\/uploads\/logos_establecimientos\/6515afc7afe71.jpg\" loading=\"lazy\" style=\"width: 40px; height: 40px; object-fit: contain; border-radius: 50%; vertical-align: middle; margin-right: 6px;\">JUANA CLOTHING<\/td><td style=\" text-transform: uppercase; \">C\/ SAN VICENTE, 69<\/td><td><a href=\"https:\/\/www.google.es\/maps\/?q=C%2F+SAN+VICENTE%2C+69+46002\" target=\"_blank\">Veure ubicaci\u00f3<\/a><\/td><\/tr><tr><td><img decoding=\"async\" src=\"\/wp-content\/uploads\/logos_establecimientos\/6503204d26dc2.png\" loading=\"lazy\" style=\"width: 40px; height: 40px; object-fit: contain; border-radius: 50%; vertical-align: middle; margin-right: 6px;\"><a href=\"https:\/\/www.instagram.com\/julianlopeztelas\/?hl=es\" target=\"_blank\">JULIAN LOPEZ<\/a><\/td><td style=\" text-transform: uppercase; \">PERIODISTA AZZATI, 9<\/td><td><a href=\"https:\/\/www.google.es\/maps\/?q=PERIODISTA+AZZATI%2C+9+46002\" target=\"_blank\">Veure ubicaci\u00f3<\/a><\/td><\/tr><tr><td><img decoding=\"async\" src=\"\/wp-content\/uploads\/logos_establecimientos\/6889008eec3d4.jpeg\" loading=\"lazy\" style=\"width: 40px; height: 40px; object-fit: contain; border-radius: 50%; vertical-align: middle; margin-right: 6px;\"><a href=\"https:\/\/www.instagram.com\/kekosvalencia\/\" target=\"_blank\">KEKOS<\/a><\/td><td style=\" text-transform: uppercase; \">C  Duque de Mandas 32<\/td><td><a href=\"https:\/\/www.google.es\/maps\/?q=C++Duque+de+Mandas+32+46019\" target=\"_blank\">Veure ubicaci\u00f3<\/a><\/td><\/tr><tr><td><img decoding=\"async\" src=\"\/wp-content\/uploads\/logos_establecimientos\/66d828c7c31fa.jpg\" loading=\"lazy\" style=\"width: 40px; height: 40px; object-fit: contain; border-radius: 50%; vertical-align: middle; margin-right: 6px;\"><a href=\"https:\/\/keridamia.shop\/\" target=\"_blank\">KERIDA MIA<\/a><\/td><td style=\" text-transform: uppercase; \">PL DOCTOR COLLADO 6<\/td><td><a href=\"https:\/\/www.google.es\/maps\/?q=PL+DOCTOR+COLLADO+6+46001\" target=\"_blank\">Veure ubicaci\u00f3<\/a><\/td><\/tr><tr><td><img decoding=\"async\" src=\"\/wp-content\/uploads\/logos_establecimientos\/688b3607f1d95.jpg\" loading=\"lazy\" style=\"width: 40px; height: 40px; object-fit: contain; border-radius: 50%; vertical-align: middle; margin-right: 6px;\">KIARA<\/td><td style=\" text-transform: uppercase; \">CALLE QUART 113 BJ<\/td><td><a href=\"https:\/\/www.google.es\/maps\/?q=CALLE+QUART+113+BJ+46008\" target=\"_blank\">Veure ubicaci\u00f3<\/a><\/td><\/tr><tr><td><img decoding=\"async\" src=\"\/wp-content\/uploads\/logos_establecimientos\/6515917cc4721.jpg\" loading=\"lazy\" style=\"width: 40px; height: 40px; object-fit: contain; border-radius: 50%; vertical-align: middle; margin-right: 6px;\"><a href=\"\/\/www.kikukids.com\" target=\"_blank\">KIKU<\/a><\/td><td style=\" text-transform: uppercase; \">calle derechos 18<\/td><td><a href=\"https:\/\/www.google.es\/maps\/?q=calle+derechos+18+46001\" target=\"_blank\">Veure ubicaci\u00f3<\/a><\/td><\/tr><tr><td><img decoding=\"async\" src=\"\/wp-content\/uploads\/logos_establecimientos\/6516c52184bd8.jpg\" loading=\"lazy\" style=\"width: 40px; height: 40px; object-fit: contain; border-radius: 50%; vertical-align: middle; margin-right: 6px;\"><a href=\"\/\/www.kikukids.com\" target=\"_blank\">KIKU<\/a><\/td><td style=\" text-transform: uppercase; \">calle Micer masco 12<\/td><td><a href=\"https:\/\/www.google.es\/maps\/?q=calle+Micer+masco+12+46010\" target=\"_blank\">Veure ubicaci\u00f3<\/a><\/td><\/tr><tr><td><img decoding=\"async\" src=\"\/wp-content\/uploads\/logos_establecimientos\/6516c5a8ed74b.jpg\" loading=\"lazy\" style=\"width: 40px; height: 40px; object-fit: contain; border-radius: 50%; vertical-align: middle; margin-right: 6px;\"><a href=\"\/\/www.kikukids.com\" target=\"_blank\">KIKU<\/a><\/td><td style=\" text-transform: uppercase; \">calle santo justo y pastor 16<\/td><td><a href=\"https:\/\/www.google.es\/maps\/?q=calle+santo+justo+y+pastor+16+46021\" target=\"_blank\">Veure ubicaci\u00f3<\/a><\/td><\/tr><tr><td><img decoding=\"async\" src=\"\/wp-content\/uploads\/logos_establecimientos\/65156da0ac28d.jpg\" loading=\"lazy\" style=\"width: 40px; height: 40px; object-fit: contain; border-radius: 50%; vertical-align: middle; margin-right: 6px;\"><a href=\"\/\/www.kikukids.com\" target=\"_blank\">KIKUYU MADE IN GREEN<\/a><\/td><td style=\" text-transform: uppercase; \">PALLETER 1, 1E<\/td><td><a href=\"https:\/\/www.google.es\/maps\/?q=PALLETER+1%2C+1E+46008\" target=\"_blank\">Veure ubicaci\u00f3<\/a><\/td><\/tr><tr><td><img decoding=\"async\" src=\"\/wp-content\/uploads\/logos_establecimientos\/650cccad0345c.jpg\" loading=\"lazy\" style=\"width: 40px; height: 40px; object-fit: contain; border-radius: 50%; vertical-align: middle; margin-right: 6px;\">KOKER<\/td><td style=\" text-transform: uppercase; \">C\/ POETA QUEROL 12<\/td><td><a href=\"https:\/\/www.google.es\/maps\/?q=C%2F+POETA+QUEROL+12+46002\" target=\"_blank\">Veure ubicaci\u00f3<\/a><\/td><\/tr><tr><td><img decoding=\"async\" src=\"\/wp-content\/uploads\/logos_establecimientos\/68b1b53cc1259.jpg\" loading=\"lazy\" style=\"width: 40px; height: 40px; object-fit: contain; border-radius: 50%; vertical-align: middle; margin-right: 6px;\"><a href=\"\/\/www.kubelik.es\" target=\"_blank\">K\u00daBELIK<\/a><\/td><td style=\" text-transform: uppercase; \">C\/ DERECHOS<\/td><td><a href=\"https:\/\/www.google.es\/maps\/?q=C%2F+DERECHOS+46001\" target=\"_blank\">Veure ubicaci\u00f3<\/a><\/td><\/tr><tr><td><img decoding=\"async\" src=\"\/wp-content\/uploads\/logos_establecimientos\/68908313671a7.jpg\" loading=\"lazy\" style=\"width: 40px; height: 40px; object-fit: contain; border-radius: 50%; vertical-align: middle; margin-right: 6px;\">LA BOTIGA<\/td><td style=\" text-transform: uppercase; \">CALLE FONTANARES,60,BJ<\/td><td><a href=\"https:\/\/www.google.es\/maps\/?q=CALLE+FONTANARES%2C60%2CBJ+46018\" target=\"_blank\">Veure ubicaci\u00f3<\/a><\/td><\/tr><tr><td><img decoding=\"async\" src=\"\/wp-content\/uploads\/logos_establecimientos\/68a300d3aff48.png\" loading=\"lazy\" style=\"width: 40px; height: 40px; object-fit: contain; border-radius: 50%; vertical-align: middle; margin-right: 6px;\"><a href=\"https:\/\/www.instagram.com\/lachaiseretroandmed\" target=\"_blank\">LA CHAISE RETRO&#038;MED<\/a><\/td><td style=\" text-transform: uppercase; \">MAESTRO CLAV\u00c9, 3 BAJO<\/td><td><a href=\"https:\/\/www.google.es\/maps\/?q=MAESTRO+CLAV%C3%89%2C+3+BAJO+46001\" target=\"_blank\">Veure ubicaci\u00f3<\/a><\/td><\/tr><tr><td><img decoding=\"async\" src=\"\/wp-content\/uploads\/logos_establecimientos\/687573f33d725.jpg\" loading=\"lazy\" style=\"width: 40px; height: 40px; object-fit: contain; border-radius: 50%; vertical-align: middle; margin-right: 6px;\"><a href=\"https:\/\/www.instagram.com\/la_postalera\/\" target=\"_blank\">LA POSTALERA<\/a><\/td><td style=\" text-transform: uppercase; \">C\/ DANZAS, 3<\/td><td><a href=\"https:\/\/www.google.es\/maps\/?q=C%2F+DANZAS%2C+3+46001\" target=\"_blank\">Veure ubicaci\u00f3<\/a><\/td><\/tr><tr><td><img decoding=\"async\" src=\"\/wp-content\/uploads\/logos_establecimientos\/687574d8edf4d.jpg\" loading=\"lazy\" style=\"width: 40px; height: 40px; object-fit: contain; border-radius: 50%; vertical-align: middle; margin-right: 6px;\"><a href=\"https:\/\/www.instagram.com\/la_postalera\/\" target=\"_blank\">LA POSTALERA<\/a><\/td><td style=\" text-transform: uppercase; \">C\/ CORREJERIA, 6<\/td><td><a href=\"https:\/\/www.google.es\/maps\/?q=C%2F+CORREJERIA%2C+6+46001\" target=\"_blank\">Veure ubicaci\u00f3<\/a><\/td><\/tr><tr><td>LA TIENDA CB<\/td><td style=\" text-transform: uppercase; \">Dolores Marques, 13<\/td><td><a href=\"https:\/\/www.google.es\/maps\/?q=Dolores+Marques%2C+13+46020\" target=\"_blank\">Veure ubicaci\u00f3<\/a><\/td><\/tr><tr><td><img decoding=\"async\" src=\"\/wp-content\/uploads\/logos_establecimientos\/68679604c272b.jpg\" loading=\"lazy\" style=\"width: 40px; height: 40px; object-fit: contain; border-radius: 50%; vertical-align: middle; margin-right: 6px;\"><a href=\"https:\/\/www.instagram.com\/latiendadegemma_\/?hl=es\" target=\"_blank\">LA TIENDA DE GEMMA<\/a><\/td><td style=\" text-transform: uppercase; \">Calle Barraca, 76<\/td><td><a href=\"https:\/\/www.google.es\/maps\/?q=Calle+Barraca%2C+76+46011\" target=\"_blank\">Veure ubicaci\u00f3<\/a><\/td><\/tr><tr><td><img decoding=\"async\" src=\"\/wp-content\/uploads\/logos_establecimientos\/68d11cca312b7.png\" loading=\"lazy\" style=\"width: 40px; height: 40px; object-fit: contain; border-radius: 50%; vertical-align: middle; margin-right: 6px;\"><a href=\"https:\/\/lacontraroom.com\" target=\"_blank\">LACONTRA<\/a><\/td><td style=\" text-transform: uppercase; \">Calle Cadiz, 38 Bajo B<\/td><td><a href=\"https:\/\/www.google.es\/maps\/?q=Calle+Cadiz%2C+38+Bajo+B+46006\" target=\"_blank\">Veure ubicaci\u00f3<\/a><\/td><\/tr><tr><td><img decoding=\"async\" src=\"\/wp-content\/uploads\/logos_establecimientos\/66b47b4ae4d9e.jpg\" loading=\"lazy\" style=\"width: 40px; height: 40px; object-fit: contain; border-radius: 50%; vertical-align: middle; margin-right: 6px;\"><a href=\"https:\/\/www.facebook.com\/checkpoint\/?next=https%3a%2f%2fwww.facebook.com%2flasmarismasvalencia%2f%3flocale%3des_es\" target=\"_blank\">LAS MARISMAS TIENDA FLAMENCA<\/a><\/td><td style=\" text-transform: uppercase; \">C\/ GUILLEM DE CASTRO 76<\/td><td><a href=\"https:\/\/www.google.es\/maps\/?q=C%2F+GUILLEM+DE+CASTRO+76+46001\" target=\"_blank\">Veure ubicaci\u00f3<\/a><\/td><\/tr><tr><td><img decoding=\"async\" src=\"\/wp-content\/uploads\/logos_establecimientos\/650b14ee4d5ee.JPG\" loading=\"lazy\" style=\"width: 40px; height: 40px; object-fit: contain; border-radius: 50%; vertical-align: middle; margin-right: 6px;\"><a href=\"http:\/\/alberolalenceria.com\/\" target=\"_blank\">LENCERIA ALBEROLA<\/a><\/td><td style=\" text-transform: uppercase; \">C\/ CALABAZAS, 29<\/td><td><a href=\"https:\/\/www.google.es\/maps\/?q=C%2F+CALABAZAS%2C+29+46001\" target=\"_blank\">Veure ubicaci\u00f3<\/a><\/td><\/tr><tr><td><img decoding=\"async\" src=\"\/wp-content\/uploads\/logos_establecimientos\/650b1659c3daf.JPG\" loading=\"lazy\" style=\"width: 40px; height: 40px; object-fit: contain; border-radius: 50%; vertical-align: middle; margin-right: 6px;\"><a href=\"http:\/\/alberolalenceria.com\/\" target=\"_blank\">LENCERIA ALBEROLA<\/a><\/td><td style=\" text-transform: uppercase; \">C\/ HERN\u00c1N CORT\u00c9S, 21<\/td><td><a href=\"https:\/\/www.google.es\/maps\/?q=C%2F+HERN%C3%81N+CORT%C3%89S%2C+21+46004\" target=\"_blank\">Veure ubicaci\u00f3<\/a><\/td><\/tr><tr><td><img decoding=\"async\" src=\"\/wp-content\/uploads\/logos_establecimientos\/686d76c521e0c.jpg\" loading=\"lazy\" style=\"width: 40px; height: 40px; object-fit: contain; border-radius: 50%; vertical-align: middle; margin-right: 6px;\"><a href=\"https:\/\/www.facebook.com\/lenceriacaricias\" target=\"_blank\">LENCER\u00cdA CARICIAS<\/a><\/td><td style=\" text-transform: uppercase; \">Calle Utiel N\u00fam 12 bajo Izq.<\/td><td><a href=\"https:\/\/www.google.es\/maps\/?q=Calle+Utiel+N%C3%BAm+12+bajo+Izq.+46020\" target=\"_blank\">Veure ubicaci\u00f3<\/a><\/td><\/tr><tr><td><img decoding=\"async\" src=\"\/wp-content\/uploads\/logos_establecimientos\/65085e3370e99.jpg\" loading=\"lazy\" style=\"width: 40px; height: 40px; object-fit: contain; border-radius: 50%; vertical-align: middle; margin-right: 6px;\"><a href=\"https:\/\/www.instagram.com\/loxicmoda\/?hl=es\" target=\"_blank\">LO XIC<\/a><\/td><td style=\" text-transform: uppercase; \">CALLE PEREZ BAYER 9<\/td><td><a href=\"https:\/\/www.google.es\/maps\/?q=CALLE+PEREZ+BAYER+9+46002\" target=\"_blank\">Veure ubicaci\u00f3<\/a><\/td><\/tr><tr><td><img decoding=\"async\" src=\"\/wp-content\/uploads\/logos_establecimientos\/6863deb6d9e67.jpg\" loading=\"lazy\" style=\"width: 40px; height: 40px; object-fit: contain; border-radius: 50%; vertical-align: middle; margin-right: 6px;\">LOREAK<\/td><td style=\" text-transform: uppercase; \">C\/ Joaquin Costa, 11 <\/td><td><a href=\"https:\/\/www.google.es\/maps\/?q=C%2F+Joaquin+Costa%2C+11++46005\" target=\"_blank\">Veure ubicaci\u00f3<\/a><\/td><\/tr><tr><td><img decoding=\"async\" src=\"\/wp-content\/uploads\/logos_establecimientos\/6512a2c76330c.jpg\" loading=\"lazy\" style=\"width: 40px; height: 40px; object-fit: contain; border-radius: 50%; vertical-align: middle; margin-right: 6px;\">MADAME BUGALU<\/td><td style=\" text-transform: uppercase; \">C\/. DANZAS, 3<\/td><td><a href=\"https:\/\/www.google.es\/maps\/?q=C%2F.+DANZAS%2C+3+46001\" target=\"_blank\">Veure ubicaci\u00f3<\/a><\/td><\/tr><tr><td><img decoding=\"async\" src=\"\/wp-content\/uploads\/logos_establecimientos\/68a3044699125.png\" loading=\"lazy\" style=\"width: 40px; height: 40px; object-fit: contain; border-radius: 50%; vertical-align: middle; margin-right: 6px;\"><a href=\"https:\/\/www.instagram.com\/madamefroufrou.vlc\" target=\"_blank\">MADAME FROU FROU<\/a><\/td><td style=\" text-transform: uppercase; \">EN SANZ 8<\/td><td><a href=\"https:\/\/www.google.es\/maps\/?q=EN+SANZ+8+46001\" target=\"_blank\">Veure ubicaci\u00f3<\/a><\/td><\/tr><tr><td><img decoding=\"async\" src=\"\/wp-content\/uploads\/logos_establecimientos\/68b6a050715f4.jpg\" loading=\"lazy\" style=\"width: 40px; height: 40px; object-fit: contain; border-radius: 50%; vertical-align: middle; margin-right: 6px;\"><a href=\"\/\/no\" target=\"_blank\">MARIBEL AYLL\u00d3N MODA Y COMPLEMENTOS<\/a><\/td><td style=\" text-transform: uppercase; \">Avda Reino de Valencia 70 bajo 8<\/td><td><a href=\"https:\/\/www.google.es\/maps\/?q=Avda+Reino+de+Valencia+70+bajo+8+46005\" target=\"_blank\">Veure ubicaci\u00f3<\/a><\/td><\/tr><tr><td><img decoding=\"async\" src=\"\/wp-content\/uploads\/logos_establecimientos\/6863de36b1f30.jpg\" loading=\"lazy\" style=\"width: 40px; height: 40px; object-fit: contain; border-radius: 50%; vertical-align: middle; margin-right: 6px;\"><a href=\"\/\/www.marieta.es\" target=\"_blank\">MARIETA<\/a><\/td><td style=\" text-transform: uppercase; \">C\/Jos\u00e9 Benlliure 257<\/td><td><a href=\"https:\/\/www.google.es\/maps\/?q=C%2FJos%C3%A9+Benlliure+257+46011\" target=\"_blank\">Veure ubicaci\u00f3<\/a><\/td><\/tr><tr><td><img decoding=\"async\" src=\"\/wp-content\/uploads\/logos_establecimientos\/68c6d72d5d18b.jpg\" loading=\"lazy\" style=\"width: 40px; height: 40px; object-fit: contain; border-radius: 50%; vertical-align: middle; margin-right: 6px;\"><a href=\"\/\/google\" target=\"_blank\">MARTA RUIZ<\/a><\/td><td style=\" text-transform: uppercase; \">CALLE CERVANTES 16<\/td><td><a href=\"https:\/\/www.google.es\/maps\/?q=CALLE+CERVANTES+16+46007\" target=\"_blank\">Veure ubicaci\u00f3<\/a><\/td><\/tr><tr><td><img decoding=\"async\" src=\"\/wp-content\/uploads\/logos_establecimientos\/686f77a4b9f3f.jpg\" loading=\"lazy\" style=\"width: 40px; height: 40px; object-fit: contain; border-radius: 50%; vertical-align: middle; margin-right: 6px;\"><a href=\"\/\/instagram maxmara valencia\" target=\"_blank\">MAX MARA<\/a><\/td><td style=\" text-transform: uppercase; \">PASCUAL Y GENIS, 18 BAJO<\/td><td><a href=\"https:\/\/www.google.es\/maps\/?q=PASCUAL+Y+GENIS%2C+18+BAJO+46002\" target=\"_blank\">Veure ubicaci\u00f3<\/a><\/td><\/tr><tr><td><img decoding=\"async\" src=\"\/wp-content\/uploads\/logos_establecimientos\/6868dfdb741fb.png\" loading=\"lazy\" style=\"width: 40px; height: 40px; object-fit: contain; border-radius: 50%; vertical-align: middle; margin-right: 6px;\"><a href=\"https:\/\/www.medialunamoda.com\" target=\"_blank\">MEDIA LUNA MODA<\/a><\/td><td style=\" text-transform: uppercase; \">C\/ SAN PIO X, 12  <\/td><td><a href=\"https:\/\/www.google.es\/maps\/?q=C%2F+SAN+PIO+X%2C+12+++46017\" target=\"_blank\">Veure ubicaci\u00f3<\/a><\/td><\/tr><tr><td><img decoding=\"async\" src=\"\/wp-content\/uploads\/logos_establecimientos\/6877b7c07b66c.jpg\" loading=\"lazy\" style=\"width: 40px; height: 40px; object-fit: contain; border-radius: 50%; vertical-align: middle; margin-right: 6px;\"><a href=\"https:\/\/www.instagram.com\/mediterraneomarketandco\/\" target=\"_blank\">MEDITERRANEO &#038; CO<\/a><\/td><td style=\" text-transform: uppercase; \">PLAZA DE LA VIRGEN, 4<\/td><td><a href=\"https:\/\/www.google.es\/maps\/?q=PLAZA+DE+LA+VIRGEN%2C+4+46001\" target=\"_blank\">Veure ubicaci\u00f3<\/a><\/td><\/tr><tr><td><img decoding=\"async\" src=\"\/wp-content\/uploads\/logos_establecimientos\/66b24dfec1434.jpg\" loading=\"lazy\" style=\"width: 40px; height: 40px; object-fit: contain; border-radius: 50%; vertical-align: middle; margin-right: 6px;\"><a href=\"https:\/\/miandtu.es\/\" target=\"_blank\">MI&#038;TU<\/a><\/td><td style=\" text-transform: uppercase; \">GRAN VIA FERNANDO EL CATOLICO, 24<\/td><td><a href=\"https:\/\/www.google.es\/maps\/?q=GRAN+VIA+FERNANDO+EL+CATOLICO%2C+24+46008\" target=\"_blank\">Veure ubicaci\u00f3<\/a><\/td><\/tr><tr><td>MIKY MODA<\/td><td style=\" text-transform: uppercase; \">CALLE EL BACHILLER, 22<\/td><td><a href=\"https:\/\/www.google.es\/maps\/?q=CALLE+EL+BACHILLER%2C+22+46010\" target=\"_blank\">Veure ubicaci\u00f3<\/a><\/td><\/tr><tr><td>MINIM<\/td><td style=\" text-transform: uppercase; \">Joaqu\u00edn Costa 34<\/td><td><a href=\"https:\/\/www.google.es\/maps\/?q=Joaqu%C3%ADn+Costa+34+46005\" target=\"_blank\">Veure ubicaci\u00f3<\/a><\/td><\/tr><tr><td><img decoding=\"async\" src=\"\/wp-content\/uploads\/logos_establecimientos\/650f82aa63632.jpg\" loading=\"lazy\" style=\"width: 40px; height: 40px; object-fit: contain; border-radius: 50%; vertical-align: middle; margin-right: 6px;\"><a href=\"\/\/@lacalledelmar\" target=\"_blank\">MIRALINDO<\/a><\/td><td style=\" text-transform: uppercase; \">C\/ DEL MAR, 29<\/td><td><a href=\"https:\/\/www.google.es\/maps\/?q=C%2F+DEL+MAR%2C+29+46001\" target=\"_blank\">Veure ubicaci\u00f3<\/a><\/td><\/tr><tr><td><img decoding=\"async\" src=\"\/wp-content\/uploads\/logos_establecimientos\/68dbf0e672ed5.jpeg\" loading=\"lazy\" style=\"width: 40px; height: 40px; object-fit: contain; border-radius: 50%; vertical-align: middle; margin-right: 6px;\"><a href=\"https:\/\/misalgodones.com\/\" target=\"_blank\">MIS ALGODONES<\/a><\/td><td style=\" text-transform: uppercase; \">\u00c1LVARO DE BAZ\u00c1N 22 BJO DCHA<\/td><td><a href=\"https:\/\/www.google.es\/maps\/?q=%C3%81LVARO+DE+BAZ%C3%81N+22+BJO+DCHA+46010\" target=\"_blank\">Veure ubicaci\u00f3<\/a><\/td><\/tr><tr><td><img decoding=\"async\" src=\"\/wp-content\/uploads\/logos_establecimientos\/6890cbb4ce86f.jpg\" loading=\"lazy\" style=\"width: 40px; height: 40px; object-fit: contain; border-radius: 50%; vertical-align: middle; margin-right: 6px;\"><a href=\"\/\/modas esther tallas grandes\" target=\"_blank\">MODAS ESTHER TALLAS GRANDES<\/a><\/td><td style=\" text-transform: uppercase; \">Cno Moncada 52<\/td><td><a href=\"https:\/\/www.google.es\/maps\/?q=Cno+Moncada+52+46025\" target=\"_blank\">Veure ubicaci\u00f3<\/a><\/td><\/tr><tr><td>MONICA GARCIA RABAGO<\/td><td style=\" text-transform: uppercase; \">CALLE DO\u00d1A GERMANA 25 BJ<\/td><td><a href=\"https:\/\/www.google.es\/maps\/?q=CALLE+DO%C3%91A+GERMANA+25+BJ+46005\" target=\"_blank\">Veure ubicaci\u00f3<\/a><\/td><\/tr><tr><td><a href=\"https:\/\/www.facebook.com\/am.alejandramontaner\/photos?locale=es_es\" target=\"_blank\">MONTI BY ALEJANDRA MONTANER<\/a><\/td><td style=\" text-transform: uppercase; \">C\/ SORNI, 30<\/td><td><a href=\"https:\/\/www.google.es\/maps\/?q=C%2F+SORNI%2C+30+46004\" target=\"_blank\">Veure ubicaci\u00f3<\/a><\/td><\/tr><tr><td><img decoding=\"async\" src=\"\/wp-content\/uploads\/logos_establecimientos\/6870b4a6b753a.jpg\" loading=\"lazy\" style=\"width: 40px; height: 40px; object-fit: contain; border-radius: 50%; vertical-align: middle; margin-right: 6px;\"><a href=\"\/\/www.ninetandco.com\" target=\"_blank\">NINET &#038; CO<\/a><\/td><td style=\" text-transform: uppercase; \">GV MARQUES DEL TURIA 51 BAJO<\/td><td><a href=\"https:\/\/www.google.es\/maps\/?q=GV+MARQUES+DEL+TURIA+51+BAJO+46005\" target=\"_blank\">Veure ubicaci\u00f3<\/a><\/td><\/tr><tr><td><img decoding=\"async\" src=\"\/wp-content\/uploads\/logos_establecimientos\/68b6a7f26aba3.jpg\" loading=\"lazy\" style=\"width: 40px; height: 40px; object-fit: contain; border-radius: 50%; vertical-align: middle; margin-right: 6px;\"><a href=\"https:\/\/www.instagram.com\/nohovalencia\/\" target=\"_blank\">NOHO VALENCIA<\/a><\/td><td style=\" text-transform: uppercase; \">AV BLASCO IBA\u00d1EZ N\u00ba 31<\/td><td><a href=\"https:\/\/www.google.es\/maps\/?q=AV+BLASCO+IBA%C3%91EZ+N%C2%BA+31+46021\" target=\"_blank\">Veure ubicaci\u00f3<\/a><\/td><\/tr><tr><td><img decoding=\"async\" src=\"\/wp-content\/uploads\/logos_establecimientos\/688758699d263.jpeg\" loading=\"lazy\" style=\"width: 40px; height: 40px; object-fit: contain; border-radius: 50%; vertical-align: middle; margin-right: 6px;\"><a href=\"https:\/\/g.co\/kgs\/cmjungd\" target=\"_blank\">NOVEDADES NEBOT<\/a><\/td><td style=\" text-transform: uppercase; \">Calle de Just Vilar, 7<\/td><td><a href=\"https:\/\/www.google.es\/maps\/?q=Calle+de+Just+Vilar%2C+7+46011\" target=\"_blank\">Veure ubicaci\u00f3<\/a><\/td><\/tr><tr><td><img decoding=\"async\" src=\"\/wp-content\/uploads\/logos_establecimientos\/66aa5f5a533f3.jpg\" loading=\"lazy\" style=\"width: 40px; height: 40px; object-fit: contain; border-radius: 50%; vertical-align: middle; margin-right: 6px;\"><a href=\"https:\/\/www.ntsy.es\/\" target=\"_blank\">NTSY<\/a><\/td><td style=\" text-transform: uppercase; \">C\/ BOLSERIA, 27<\/td><td><a href=\"https:\/\/www.google.es\/maps\/?q=C%2F+BOLSERIA%2C+27+46001\" target=\"_blank\">Veure ubicaci\u00f3<\/a><\/td><\/tr><tr><td><img decoding=\"async\" src=\"\/wp-content\/uploads\/logos_establecimientos\/651171eb98abe.jpeg\" loading=\"lazy\" style=\"width: 40px; height: 40px; object-fit: contain; border-radius: 50%; vertical-align: middle; margin-right: 6px;\"><a href=\"\/\/www.olegario.es\" target=\"_blank\">OLEGARIO<\/a><\/td><td style=\" text-transform: uppercase; \">CALLE SAN VICENTE MARTIR, 17 BJ.<\/td><td><a href=\"https:\/\/www.google.es\/maps\/?q=CALLE+SAN+VICENTE+MARTIR%2C+17+BJ.+46002\" target=\"_blank\">Veure ubicaci\u00f3<\/a><\/td><\/tr><tr><td><img decoding=\"async\" src=\"\/wp-content\/uploads\/logos_establecimientos\/68b6b414de75b.jpg\" loading=\"lazy\" style=\"width: 40px; height: 40px; object-fit: contain; border-radius: 50%; vertical-align: middle; margin-right: 6px;\">ONLY D<\/td><td style=\" text-transform: uppercase; \">CL. ANGEL GUIMERA 40<\/td><td><a href=\"https:\/\/www.google.es\/maps\/?q=CL.+ANGEL+GUIMERA+40+46008\" target=\"_blank\">Veure ubicaci\u00f3<\/a><\/td><\/tr><tr><td><img decoding=\"async\" src=\"\/wp-content\/uploads\/logos_establecimientos\/650db805cd7fd.jpg\" loading=\"lazy\" style=\"width: 40px; height: 40px; object-fit: contain; border-radius: 50%; vertical-align: middle; margin-right: 6px;\"><a href=\"https:\/\/www.facebook.com\/p\/opalo-moda-y-complementos-100042874098482\/\" target=\"_blank\">OPALO<\/a><\/td><td style=\" text-transform: uppercase; \">C\/ ESPINOSA 9<\/td><td><a href=\"https:\/\/www.google.es\/maps\/?q=C%2F+ESPINOSA+9+46008\" target=\"_blank\">Veure ubicaci\u00f3<\/a><\/td><\/tr><tr><td><img decoding=\"async\" src=\"\/wp-content\/uploads\/logos_establecimientos\/68a5dfa67fc13.jpg\" loading=\"lazy\" style=\"width: 40px; height: 40px; object-fit: contain; border-radius: 50%; vertical-align: middle; margin-right: 6px;\">OUTLET LUZ<\/td><td style=\" text-transform: uppercase; \">Calle \u00c1lvaro de Baz\u00e1n, 10 (pasaje luz)<\/td><td><a href=\"https:\/\/www.google.es\/maps\/?q=Calle+%C3%81lvaro+de+Baz%C3%A1n%2C+10+%28pasaje+luz%29+46010\" target=\"_blank\">Veure ubicaci\u00f3<\/a><\/td><\/tr><tr><td><img decoding=\"async\" src=\"\/wp-content\/uploads\/logos_establecimientos\/6883380eb350f.jpg\" loading=\"lazy\" style=\"width: 40px; height: 40px; object-fit: contain; border-radius: 50%; vertical-align: middle; margin-right: 6px;\"><a href=\"\/\/outletprimerasmarcas.com\" target=\"_blank\">OUTLET PRIMERAS MARCAS<\/a><\/td><td style=\" text-transform: uppercase; \">C\/ MUSICO PEYDRO, 45 BAJO<\/td><td><a href=\"https:\/\/www.google.es\/maps\/?q=C%2F+MUSICO+PEYDRO%2C+45+BAJO+46001\" target=\"_blank\">Veure ubicaci\u00f3<\/a><\/td><\/tr><tr><td><img decoding=\"async\" src=\"\/wp-content\/uploads\/logos_establecimientos\/68db94558a6cb.png\" loading=\"lazy\" style=\"width: 40px; height: 40px; object-fit: contain; border-radius: 50%; vertical-align: middle; margin-right: 6px;\"><a href=\"\/\/www.paniculatta.com\" target=\"_blank\">PANICULATTA<\/a><\/td><td style=\" text-transform: uppercase; \">AVIBGUDA SANT JOSEP DE LA MONTANYA, 13<\/td><td><a href=\"https:\/\/www.google.es\/maps\/?q=AVIBGUDA+SANT+JOSEP+DE+LA+MONTANYA%2C+13+46008\" target=\"_blank\">Veure ubicaci\u00f3<\/a><\/td><\/tr><tr><td><a href=\"\/\/pardetresropa\" target=\"_blank\">PAR DE TRES<\/a><\/td><td style=\" text-transform: uppercase; \">c\/. L,ALCUDIA 2<\/td><td><a href=\"https:\/\/www.google.es\/maps\/?q=c%2F.+L%2CALCUDIA+2+46018\" target=\"_blank\">Veure ubicaci\u00f3<\/a><\/td><\/tr><tr><td><img decoding=\"async\" src=\"\/wp-content\/uploads\/logos_establecimientos\/686f8b85df7fd.jpg\" loading=\"lazy\" style=\"width: 40px; height: 40px; object-fit: contain; border-radius: 50%; vertical-align: middle; margin-right: 6px;\"><a href=\"https:\/\/www.pardalets.com\/\" target=\"_blank\">PARDALETS<\/a><\/td><td style=\" text-transform: uppercase; \">C\/ Motilla del Palancar, 24 BAJO<\/td><td><a href=\"https:\/\/www.google.es\/maps\/?q=C%2F+Motilla+del+Palancar%2C+24+BAJO+46019\" target=\"_blank\">Veure ubicaci\u00f3<\/a><\/td><\/tr><tr><td><img decoding=\"async\" src=\"\/wp-content\/uploads\/logos_establecimientos\/686d3a189972f.jpeg\" loading=\"lazy\" style=\"width: 40px; height: 40px; object-fit: contain; border-radius: 50%; vertical-align: middle; margin-right: 6px;\"><a href=\"https:\/\/patosbylourdes.es\/\" target=\"_blank\">PATOS<\/a><\/td><td style=\" text-transform: uppercase; \">CALLE POETA QUEROL, 7 BJ<\/td><td><a href=\"https:\/\/www.google.es\/maps\/?q=CALLE+POETA+QUEROL%2C+7+BJ+46002\" target=\"_blank\">Veure ubicaci\u00f3<\/a><\/td><\/tr><tr><td><img decoding=\"async\" src=\"\/wp-content\/uploads\/logos_establecimientos\/68c31888840f3.jpg\" loading=\"lazy\" style=\"width: 40px; height: 40px; object-fit: contain; border-radius: 50%; vertical-align: middle; margin-right: 6px;\"><a href=\"https:\/\/pazbravolenceria.com\/\" target=\"_blank\">PAZ BRAVO LENCERIA<\/a><\/td><td style=\" text-transform: uppercase; \">Av. del Primer de Maig, 45, bajo izquierda, Jes\u00fas<\/td><td><a href=\"https:\/\/www.google.es\/maps\/?q=Av.+del+Primer+de+Maig%2C+45%2C+bajo+izquierda%2C+Jes%C3%BAs+46017\" target=\"_blank\">Veure ubicaci\u00f3<\/a><\/td><\/tr><tr><td><img decoding=\"async\" src=\"\/wp-content\/uploads\/logos_establecimientos\/6863c7f174e91.jpg\" loading=\"lazy\" style=\"width: 40px; height: 40px; object-fit: contain; border-radius: 50%; vertical-align: middle; margin-right: 6px;\"><a href=\"https:\/\/pepefurnieles.es\" target=\"_blank\">PEPE FURNIELES<\/a><\/td><td style=\" text-transform: uppercase; \">C\/ Conde de Salvatierra, 45<\/td><td><a href=\"https:\/\/www.google.es\/maps\/?q=C%2F+Conde+de+Salvatierra%2C+45+46004\" target=\"_blank\">Veure ubicaci\u00f3<\/a><\/td><\/tr><tr><td><img decoding=\"async\" src=\"\/wp-content\/uploads\/logos_establecimientos\/68653290744b0.jpg\" loading=\"lazy\" style=\"width: 40px; height: 40px; object-fit: contain; border-radius: 50%; vertical-align: middle; margin-right: 6px;\">PERTUTTI<\/td><td style=\" text-transform: uppercase; \">CALLE RODRIGUEZ DE CEPEDA 55<\/td><td><a href=\"https:\/\/www.google.es\/maps\/?q=CALLE+RODRIGUEZ+DE+CEPEDA+55+46021\" target=\"_blank\">Veure ubicaci\u00f3<\/a><\/td><\/tr><tr><td><img decoding=\"async\" src=\"\/wp-content\/uploads\/logos_establecimientos\/68653373903a9.jpg\" loading=\"lazy\" style=\"width: 40px; height: 40px; object-fit: contain; border-radius: 50%; vertical-align: middle; margin-right: 6px;\">PERTUTTI<\/td><td style=\" text-transform: uppercase; \">CALLE PEDRO DE VALENCIA 18<\/td><td><a href=\"https:\/\/www.google.es\/maps\/?q=CALLE+PEDRO+DE+VALENCIA+18+46022\" target=\"_blank\">Veure ubicaci\u00f3<\/a><\/td><\/tr><tr><td><img decoding=\"async\" src=\"\/wp-content\/uploads\/logos_establecimientos\/6877bc390c541.jpg\" loading=\"lazy\" style=\"width: 40px; height: 40px; object-fit: contain; border-radius: 50%; vertical-align: middle; margin-right: 6px;\"><a href=\"https:\/\/www.ralphlauren.es\/es\/stores-search\/valencia\" target=\"_blank\">POLO RALPH LAUREN VALENCIA<\/a><\/td><td style=\" text-transform: uppercase; \">C\/ PAZ, 5<\/td><td><a href=\"https:\/\/www.google.es\/maps\/?q=C%2F+PAZ%2C+5+46003\" target=\"_blank\">Veure ubicaci\u00f3<\/a><\/td><\/tr><tr><td><img decoding=\"async\" src=\"\/wp-content\/uploads\/logos_establecimientos\/68d6879e683a7.jpg\" loading=\"lazy\" style=\"width: 40px; height: 40px; object-fit: contain; border-radius: 50%; vertical-align: middle; margin-right: 6px;\">PRETTY<\/td><td style=\" text-transform: uppercase; \">CALLE ANGEL GUIMERA, 72<\/td><td><a href=\"https:\/\/www.google.es\/maps\/?q=CALLE+ANGEL+GUIMERA%2C+72+46008\" target=\"_blank\">Veure ubicaci\u00f3<\/a><\/td><\/tr><tr><td><img decoding=\"async\" src=\"\/wp-content\/uploads\/logos_establecimientos\/688d0bff56e3c.jpg\" loading=\"lazy\" style=\"width: 40px; height: 40px; object-fit: contain; border-radius: 50%; vertical-align: middle; margin-right: 6px;\">PRETTY<\/td><td style=\" text-transform: uppercase; \">CALLE ANGEL GUIMERA, 44<\/td><td><a href=\"https:\/\/www.google.es\/maps\/?q=CALLE+ANGEL+GUIMERA%2C+44+46008\" target=\"_blank\">Veure ubicaci\u00f3<\/a><\/td><\/tr><tr><td><img decoding=\"async\" src=\"\/wp-content\/uploads\/logos_establecimientos\/68dbbc03a2773.jpg\" loading=\"lazy\" style=\"width: 40px; height: 40px; object-fit: contain; border-radius: 50%; vertical-align: middle; margin-right: 6px;\">PROJECT<\/td><td style=\" text-transform: uppercase; \">CALLE ROGER DE LAURIA 28<\/td><td><a href=\"https:\/\/www.google.es\/maps\/?q=CALLE+ROGER+DE+LAURIA+28+46002\" target=\"_blank\">Veure ubicaci\u00f3<\/a><\/td><\/tr><tr><td><img decoding=\"async\" src=\"\/wp-content\/uploads\/logos_establecimientos\/68dbbeb5aab70.jpeg\" loading=\"lazy\" style=\"width: 40px; height: 40px; object-fit: contain; border-radius: 50%; vertical-align: middle; margin-right: 6px;\">PROJECT MODA ITALIANA<\/td><td style=\" text-transform: uppercase; \">CALLE ROGER DE LAURIA 28 BAJO DX<\/td><td><a href=\"https:\/\/www.google.es\/maps\/?q=CALLE+ROGER+DE+LAURIA+28+BAJO+DX+46002\" target=\"_blank\">Veure ubicaci\u00f3<\/a><\/td><\/tr><tr><td><img decoding=\"async\" src=\"\/wp-content\/uploads\/logos_establecimientos\/68c94cbb6c639.png\" loading=\"lazy\" style=\"width: 40px; height: 40px; object-fit: contain; border-radius: 50%; vertical-align: middle; margin-right: 6px;\"><a href=\"\/\/www.rebombori.es\" target=\"_blank\">REBOMBORI<\/a><\/td><td style=\" text-transform: uppercase; \">C\/ DE LA FLORA 1 BAJO IZQ. 1<\/td><td><a href=\"https:\/\/www.google.es\/maps\/?q=C%2F+DE+LA+FLORA+1+BAJO+IZQ.+1+46010\" target=\"_blank\">Veure ubicaci\u00f3<\/a><\/td><\/tr><tr><td><img decoding=\"async\" src=\"\/wp-content\/uploads\/logos_establecimientos\/651c94d2276f7.png\" loading=\"lazy\" style=\"width: 40px; height: 40px; object-fit: contain; border-radius: 50%; vertical-align: middle; margin-right: 6px;\"><a href=\"https:\/\/rodenasdressmaker.com\/\" target=\"_blank\">RODENAS DRESSMAKER<\/a><\/td><td style=\" text-transform: uppercase; \">C\/ QUART, 28<\/td><td><a href=\"https:\/\/www.google.es\/maps\/?q=C%2F+QUART%2C+28+46001\" target=\"_blank\">Veure ubicaci\u00f3<\/a><\/td><\/tr><tr><td><img decoding=\"async\" src=\"\/wp-content\/uploads\/logos_establecimientos\/687146620412c.jpg\" loading=\"lazy\" style=\"width: 40px; height: 40px; object-fit: contain; border-radius: 50%; vertical-align: middle; margin-right: 6px;\"><a href=\"\/\/@xxiquets.modainfantl\" target=\"_blank\">ROPA INFANTIL COMPLEMENTOS XIQUETS<\/a><\/td><td style=\" text-transform: uppercase; \">SAN MARCELINO 6 BAJO<\/td><td><a href=\"https:\/\/www.google.es\/maps\/?q=SAN+MARCELINO+6+BAJO+46017\" target=\"_blank\">Veure ubicaci\u00f3<\/a><\/td><\/tr><tr><td><img decoding=\"async\" src=\"\/wp-content\/uploads\/logos_establecimientos\/66d81e0f1d484.jpg\" loading=\"lazy\" style=\"width: 40px; height: 40px; object-fit: contain; border-radius: 50%; vertical-align: middle; margin-right: 6px;\"><a href=\"https:\/\/www.instagram.com\/rue77_shopping\/?hl=es\" target=\"_blank\">RUE 77<\/a><\/td><td style=\" text-transform: uppercase; \">C\/ QUART, 10<\/td><td><a href=\"https:\/\/www.google.es\/maps\/?q=C%2F+QUART%2C+10+46001\" target=\"_blank\">Veure ubicaci\u00f3<\/a><\/td><\/tr><tr><td><img decoding=\"async\" src=\"\/wp-content\/uploads\/logos_establecimientos\/65154db2a4b66.png\" loading=\"lazy\" style=\"width: 40px; height: 40px; object-fit: contain; border-radius: 50%; vertical-align: middle; margin-right: 6px;\"><a href=\"\/\/www.santagallego.com\" target=\"_blank\">SANTA GALLEGO<\/a><\/td><td style=\" text-transform: uppercase; \">C\/ COMEDIAS, 13<\/td><td><a href=\"https:\/\/www.google.es\/maps\/?q=C%2F+COMEDIAS%2C+13+46003\" target=\"_blank\">Veure ubicaci\u00f3<\/a><\/td><\/tr><tr><td><img decoding=\"async\" src=\"\/wp-content\/uploads\/logos_establecimientos\/65107752d0949.jpg\" loading=\"lazy\" style=\"width: 40px; height: 40px; object-fit: contain; border-radius: 50%; vertical-align: middle; margin-right: 6px;\"><a href=\"https:\/\/domanivalencia.com\/\" target=\"_blank\">SARATOGA<\/a><\/td><td style=\" text-transform: uppercase; \">C\/ ISABEL LA CATOLICA, 16<\/td><td><a href=\"https:\/\/www.google.es\/maps\/?q=C%2F+ISABEL+LA+CATOLICA%2C+16+46004\" target=\"_blank\">Veure ubicaci\u00f3<\/a><\/td><\/tr><tr><td><img decoding=\"async\" src=\"\/wp-content\/uploads\/logos_establecimientos\/68b7294e0ac3f.png\" loading=\"lazy\" style=\"width: 40px; height: 40px; object-fit: contain; border-radius: 50%; vertical-align: middle; margin-right: 6px;\"><a href=\"https:\/\/sightclothing.com\/contacto\/\" target=\"_blank\">SIGHT CLOTHING<\/a><\/td><td style=\" text-transform: uppercase; \">Calle C\u00e1diz 23 Bajo<\/td><td><a href=\"https:\/\/www.google.es\/maps\/?q=Calle+C%C3%A1diz+23+Bajo+46006\" target=\"_blank\">Veure ubicaci\u00f3<\/a><\/td><\/tr><tr><td><img decoding=\"async\" src=\"\/wp-content\/uploads\/logos_establecimientos\/68b72e7ed4c63.png\" loading=\"lazy\" style=\"width: 40px; height: 40px; object-fit: contain; border-radius: 50%; vertical-align: middle; margin-right: 6px;\"><a href=\"https:\/\/sightclothing.com\/contacto\/\" target=\"_blank\">SIGHT CLOTHING<\/a><\/td><td style=\" text-transform: uppercase; \">Calle C\u00e1diz 23 Bajo<\/td><td><a href=\"https:\/\/www.google.es\/maps\/?q=Calle+C%C3%A1diz+23+Bajo+46006\" target=\"_blank\">Veure ubicaci\u00f3<\/a><\/td><\/tr><tr><td><img decoding=\"async\" src=\"\/wp-content\/uploads\/logos_establecimientos\/686ea479567bc.png\" loading=\"lazy\" style=\"width: 40px; height: 40px; object-fit: contain; border-radius: 50%; vertical-align: middle; margin-right: 6px;\"><a href=\"https:\/\/www.instagram.com\/simarastore\/?hl=es\" target=\"_blank\">SIMARA<\/a><\/td><td style=\" text-transform: uppercase; \">Calle Albacete 9<\/td><td><a href=\"https:\/\/www.google.es\/maps\/?q=Calle+Albacete+9+46007\" target=\"_blank\">Veure ubicaci\u00f3<\/a><\/td><\/tr><tr><td><img decoding=\"async\" src=\"\/wp-content\/uploads\/logos_establecimientos\/6871524f2f488.jpg\" loading=\"lazy\" style=\"width: 40px; height: 40px; object-fit: contain; border-radius: 50%; vertical-align: middle; margin-right: 6px;\"><a href=\"https:\/\/sisterbirkin.com\/\" target=\"_blank\">SISTER BIRKIN<\/a><\/td><td style=\" text-transform: uppercase; \">C\/ Mantes , 10 bajo<\/td><td><a href=\"https:\/\/www.google.es\/maps\/?q=C%2F+Mantes+%2C+10+bajo+46001\" target=\"_blank\">Veure ubicaci\u00f3<\/a><\/td><\/tr><tr><td><img decoding=\"async\" src=\"\/wp-content\/uploads\/logos_establecimientos\/651203db1fc91.jpg\" loading=\"lazy\" style=\"width: 40px; height: 40px; object-fit: contain; border-radius: 50%; vertical-align: middle; margin-right: 6px;\"><a href=\"https:\/\/skateworld.es\/es\/\" target=\"_blank\">SKATEWORLD<\/a><\/td><td style=\" text-transform: uppercase; \">C\/ PAZ, 11<\/td><td><a href=\"https:\/\/www.google.es\/maps\/?q=C%2F+PAZ%2C+11+46003\" target=\"_blank\">Veure ubicaci\u00f3<\/a><\/td><\/tr><tr><td><img decoding=\"async\" src=\"\/wp-content\/uploads\/logos_establecimientos\/686b7eaea7dea.png\" loading=\"lazy\" style=\"width: 40px; height: 40px; object-fit: contain; border-radius: 50%; vertical-align: middle; margin-right: 6px;\"><a href=\"https:\/\/www.skfk-ethical-fashion.com\/es\/\" target=\"_blank\">SKFK<\/a><\/td><td style=\" text-transform: uppercase; \">CALLE CIRILO AMOROS, 46<\/td><td><a href=\"https:\/\/www.google.es\/maps\/?q=CALLE+CIRILO+AMOROS%2C+46+46004\" target=\"_blank\">Veure ubicaci\u00f3<\/a><\/td><\/tr><tr><td><img decoding=\"async\" src=\"\/wp-content\/uploads\/logos_establecimientos\/66e1e323b8cbe.jpg\" loading=\"lazy\" style=\"width: 40px; height: 40px; object-fit: contain; border-radius: 50%; vertical-align: middle; margin-right: 6px;\"><a href=\"\/\/www.socksandco.es\" target=\"_blank\">SOCKS &#038; CO.<\/a><\/td><td style=\" text-transform: uppercase; \">C\/ PAZ, 23<\/td><td><a href=\"https:\/\/www.google.es\/maps\/?q=C%2F+PAZ%2C+23+46003\" target=\"_blank\">Veure ubicaci\u00f3<\/a><\/td><\/tr><tr><td><img decoding=\"async\" src=\"\/wp-content\/uploads\/logos_establecimientos\/66e1e3bb28275.jpg\" loading=\"lazy\" style=\"width: 40px; height: 40px; object-fit: contain; border-radius: 50%; vertical-align: middle; margin-right: 6px;\"><a href=\"\/\/www.socksandco.es\" target=\"_blank\">SOCKS &#038; CO.<\/a><\/td><td style=\" text-transform: uppercase; \">C\/ PASCUAL Y GENIS, 16<\/td><td><a href=\"https:\/\/www.google.es\/maps\/?q=C%2F+PASCUAL+Y+GENIS%2C+16+46002\" target=\"_blank\">Veure ubicaci\u00f3<\/a><\/td><\/tr><tr><td><img decoding=\"async\" src=\"\/wp-content\/uploads\/logos_establecimientos\/6877c2d4cc865.jpg\" loading=\"lazy\" style=\"width: 40px; height: 40px; object-fit: contain; border-radius: 50%; vertical-align: middle; margin-right: 6px;\"><a href=\"https:\/\/sombabyboutique.com\/\" target=\"_blank\">SOMBABY<\/a><\/td><td style=\" text-transform: uppercase; \">C\/ CIRILO AMOROS, 65<\/td><td><a href=\"https:\/\/www.google.es\/maps\/?q=C%2F+CIRILO+AMOROS%2C+65+46004\" target=\"_blank\">Veure ubicaci\u00f3<\/a><\/td><\/tr><tr><td><img decoding=\"async\" src=\"\/wp-content\/uploads\/logos_establecimientos\/651550964b161.JPG\" loading=\"lazy\" style=\"width: 40px; height: 40px; object-fit: contain; border-radius: 50%; vertical-align: middle; margin-right: 6px;\">SOMBREROS ALBERO<\/td><td style=\" text-transform: uppercase; \">PLAZA DEL MERCADO, 9<\/td><td><a href=\"https:\/\/www.google.es\/maps\/?q=PLAZA+DEL+MERCADO%2C+9+46001\" target=\"_blank\">Veure ubicaci\u00f3<\/a><\/td><\/tr><tr><td><img decoding=\"async\" src=\"\/wp-content\/uploads\/logos_establecimientos\/65132f13b9ee9.JPG\" loading=\"lazy\" style=\"width: 40px; height: 40px; object-fit: contain; border-radius: 50%; vertical-align: middle; margin-right: 6px;\"><a href=\"https:\/\/sombrerosalbero.es\/\" target=\"_blank\">SOMBREROS ALBERO<\/a><\/td><td style=\" text-transform: uppercase; \">C\/ XATIVA, 21<\/td><td><a href=\"https:\/\/www.google.es\/maps\/?q=C%2F+XATIVA%2C+21+46004\" target=\"_blank\">Veure ubicaci\u00f3<\/a><\/td><\/tr><tr><td><img decoding=\"async\" src=\"\/wp-content\/uploads\/logos_establecimientos\/65132f1838996.JPG\" loading=\"lazy\" style=\"width: 40px; height: 40px; object-fit: contain; border-radius: 50%; vertical-align: middle; margin-right: 6px;\"><a href=\"https:\/\/sombrerosalbero.es\/\" target=\"_blank\">SOMBREROS ALBERO<\/a><\/td><td style=\" text-transform: uppercase; \">Pl. LOPE DE VEGA, 6<\/td><td><a href=\"https:\/\/www.google.es\/maps\/?q=Pl.+LOPE+DE+VEGA%2C+6+46001\" target=\"_blank\">Veure ubicaci\u00f3<\/a><\/td><\/tr><tr><td><img decoding=\"async\" src=\"\/wp-content\/uploads\/logos_establecimientos\/6864eee969223.jpg\" loading=\"lazy\" style=\"width: 40px; height: 40px; object-fit: contain; border-radius: 50%; vertical-align: middle; margin-right: 6px;\">SON DE LUNARES<\/td><td style=\" text-transform: uppercase; \">C\/ BALMES 43 BAJO<\/td><td><a href=\"https:\/\/www.google.es\/maps\/?q=C%2F+BALMES+43+BAJO+46001\" target=\"_blank\">Veure ubicaci\u00f3<\/a><\/td><\/tr><tr><td><img decoding=\"async\" src=\"\/wp-content\/uploads\/logos_establecimientos\/650b5de331e1a.jpg\" loading=\"lazy\" style=\"width: 40px; height: 40px; object-fit: contain; border-radius: 50%; vertical-align: middle; margin-right: 6px;\"><a href=\"https:\/\/spagnolovalencia.es\/\" target=\"_blank\">SPAGNOLO VALENCIA<\/a><\/td><td style=\" text-transform: uppercase; \">C\/ ROGER DE LAURIA, 12<\/td><td><a href=\"https:\/\/www.google.es\/maps\/?q=C%2F+ROGER+DE+LAURIA%2C+12+46002\" target=\"_blank\">Veure ubicaci\u00f3<\/a><\/td><\/tr><tr><td><img decoding=\"async\" src=\"\/wp-content\/uploads\/logos_establecimientos\/6515add6206fd.jpg\" loading=\"lazy\" style=\"width: 40px; height: 40px; object-fit: contain; border-radius: 50%; vertical-align: middle; margin-right: 6px;\"><a href=\"https:\/\/www.facebook.com\/profile.php?id=100063748802647\" target=\"_blank\">STAMPA<\/a><\/td><td style=\" text-transform: uppercase; \">C\/ SALVA, 10<\/td><td><a href=\"https:\/\/www.google.es\/maps\/?q=C%2F+SALVA%2C+10+46002\" target=\"_blank\">Veure ubicaci\u00f3<\/a><\/td><\/tr><tr><td><img decoding=\"async\" src=\"\/wp-content\/uploads\/logos_establecimientos\/686674245df83.png\" loading=\"lazy\" style=\"width: 40px; height: 40px; object-fit: contain; border-radius: 50%; vertical-align: middle; margin-right: 6px;\"><a href=\"https:\/\/studiostorevlc.com\/\" target=\"_blank\">STUDIO STORE VLC<\/a><\/td><td style=\" text-transform: uppercase; \">Gran V\u00eda Marqu\u00e9s del Turia 18<\/td><td><a href=\"https:\/\/www.google.es\/maps\/?q=Gran+V%C3%ADa+Marqu%C3%A9s+del+Turia+18+46005\" target=\"_blank\">Veure ubicaci\u00f3<\/a><\/td><\/tr><tr><td><img decoding=\"async\" src=\"\/wp-content\/uploads\/logos_establecimientos\/65098316dbbd6.png\" loading=\"lazy\" style=\"width: 40px; height: 40px; object-fit: contain; border-radius: 50%; vertical-align: middle; margin-right: 6px;\"><a href=\"\/\/www.suitebeige.es\" target=\"_blank\">SUITE&#038;BEIGE<\/a><\/td><td style=\" text-transform: uppercase; \">C\/ Pascual y Gen\u00eds, 5 bajo derecha<\/td><td><a href=\"https:\/\/www.google.es\/maps\/?q=C%2F+Pascual+y+Gen%C3%ADs%2C+5+bajo+derecha+46002\" target=\"_blank\">Veure ubicaci\u00f3<\/a><\/td><\/tr><tr><td><img decoding=\"async\" src=\"\/wp-content\/uploads\/logos_establecimientos\/650983ba80879.png\" loading=\"lazy\" style=\"width: 40px; height: 40px; object-fit: contain; border-radius: 50%; vertical-align: middle; margin-right: 6px;\"><a href=\"\/\/www.suitebeige.es\" target=\"_blank\">SUITE&#038;BEIGE<\/a><\/td><td style=\" text-transform: uppercase; \">C\/ Hern\u00e1n Cort\u00e9s, 21<\/td><td><a href=\"https:\/\/www.google.es\/maps\/?q=C%2F+Hern%C3%A1n+Cort%C3%A9s%2C+21+46004\" target=\"_blank\">Veure ubicaci\u00f3<\/a><\/td><\/tr><tr><td><img decoding=\"async\" src=\"\/wp-content\/uploads\/logos_establecimientos\/6514a2363888c.jpg\" loading=\"lazy\" style=\"width: 40px; height: 40px; object-fit: contain; border-radius: 50%; vertical-align: middle; margin-right: 6px;\"><a href=\"https:\/\/www.shboutiquevalencia.com\" target=\"_blank\">SUSANA HERNANDEZ BOUTIQUE<\/a><\/td><td style=\" text-transform: uppercase; \">C\/ PAZ, 3<\/td><td><a href=\"https:\/\/www.google.es\/maps\/?q=C%2F+PAZ%2C+3+46003\" target=\"_blank\">Veure ubicaci\u00f3<\/a><\/td><\/tr><tr><td><img decoding=\"async\" src=\"\/wp-content\/uploads\/logos_establecimientos\/6864523db1fb5.jpeg\" loading=\"lazy\" style=\"width: 40px; height: 40px; object-fit: contain; border-radius: 50%; vertical-align: middle; margin-right: 6px;\"><a href=\"https:\/\/www.instagram.com\/taimamodamujerbebecomplementos\/\" target=\"_blank\">TAIMA MODA Y COMPLEMENTOS<\/a><\/td><td style=\" text-transform: uppercase; \">AVDA. CONSTITUCI\u00d3N, 146 LOCAL 1\u00ba IZQUIERDA<\/td><td><a href=\"https:\/\/www.google.es\/maps\/?q=AVDA.+CONSTITUCI%C3%93N%2C+146+LOCAL+1%C2%BA+IZQUIERDA+46009\" target=\"_blank\">Veure ubicaci\u00f3<\/a><\/td><\/tr><tr><td><img decoding=\"async\" src=\"\/wp-content\/uploads\/logos_establecimientos\/6502d6b5cae68.png\" loading=\"lazy\" style=\"width: 40px; height: 40px; object-fit: contain; border-radius: 50%; vertical-align: middle; margin-right: 6px;\"><a href=\"\/\/@tnf_valencia\" target=\"_blank\">THE NORTH FACE<\/a><\/td><td style=\" text-transform: uppercase; \">Conde Salvatierra de Alava, 27<\/td><td><a href=\"https:\/\/www.google.es\/maps\/?q=Conde+Salvatierra+de+Alava%2C+27+46004\" target=\"_blank\">Veure ubicaci\u00f3<\/a><\/td><\/tr><tr><td><img decoding=\"async\" src=\"\/wp-content\/uploads\/logos_establecimientos\/6863d0b86a256.PNG\" loading=\"lazy\" style=\"width: 40px; height: 40px; object-fit: contain; border-radius: 50%; vertical-align: middle; margin-right: 6px;\">TITELLES DE MINA<\/td><td style=\" text-transform: uppercase; \">Avenida Blasco Iba\u00f1ez, 180 <\/td><td><a href=\"https:\/\/www.google.es\/maps\/?q=Avenida+Blasco+Iba%C3%B1ez%2C+180++46022\" target=\"_blank\">Veure ubicaci\u00f3<\/a><\/td><\/tr><tr><td><img decoding=\"async\" src=\"\/wp-content\/uploads\/logos_establecimientos\/686d34fb897bc.png\" loading=\"lazy\" style=\"width: 40px; height: 40px; object-fit: contain; border-radius: 50%; vertical-align: middle; margin-right: 6px;\"><a href=\"https:\/\/www.facebook.com\/trasteveretienda\/?locale=es_es\" target=\"_blank\">TRASTEVERE<\/a><\/td><td style=\" text-transform: uppercase; \">C\/MUSICO PEYDRO 28 BAJO DERECHO<\/td><td><a href=\"https:\/\/www.google.es\/maps\/?q=C%2FMUSICO+PEYDRO+28+BAJO+DERECHO+46001\" target=\"_blank\">Veure ubicaci\u00f3<\/a><\/td><\/tr><tr><td><img decoding=\"async\" src=\"\/wp-content\/uploads\/logos_establecimientos\/65130aee56be5.jpg\" loading=\"lazy\" style=\"width: 40px; height: 40px; object-fit: contain; border-radius: 50%; vertical-align: middle; margin-right: 6px;\"><a href=\"\/\/www.uomomania.com\" target=\"_blank\">UOMOMANIA<\/a><\/td><td style=\" text-transform: uppercase; \">C\/ ROGER DE LAURIA, 9<\/td><td><a href=\"https:\/\/www.google.es\/maps\/?q=C%2F+ROGER+DE+LAURIA%2C+9+46002\" target=\"_blank\">Veure ubicaci\u00f3<\/a><\/td><\/tr><tr><td><img decoding=\"async\" src=\"\/wp-content\/uploads\/logos_establecimientos\/650cddfb77ea2.jpg\" loading=\"lazy\" style=\"width: 40px; height: 40px; object-fit: contain; border-radius: 50%; vertical-align: middle; margin-right: 6px;\"><a href=\"https:\/\/valarino.es\/\" target=\"_blank\">VALARINO<\/a><\/td><td style=\" text-transform: uppercase; \">C\/ MONJAS DE SANTA CATALINA 4<\/td><td><a href=\"https:\/\/www.google.es\/maps\/?q=C%2F+MONJAS+DE+SANTA+CATALINA+4+46002\" target=\"_blank\">Veure ubicaci\u00f3<\/a><\/td><\/tr><tr><td>VALENTINA<\/td><td style=\" text-transform: uppercase; \">maestro gozalbo 27 bajo 3 <\/td><td><a href=\"https:\/\/www.google.es\/maps\/?q=maestro+gozalbo+27+bajo+3++46005\" target=\"_blank\">Veure ubicaci\u00f3<\/a><\/td><\/tr><tr><td><a href=\"\/\/www.ventdunord.es\" target=\"_blank\">VENT DU NORD<\/a><\/td><td style=\" text-transform: uppercase; \">Calle del Mar n 8 bajo<\/td><td><a href=\"https:\/\/www.google.es\/maps\/?q=Calle+del+Mar+n+8+bajo+46003\" target=\"_blank\">Veure ubicaci\u00f3<\/a><\/td><\/tr><tr><td><a href=\"\/\/www.ventdunord.es\" target=\"_blank\">VENT DU NORD<\/a><\/td><td style=\" text-transform: uppercase; \">ADRESSADORS N 12 BAJO IZQ<\/td><td><a href=\"https:\/\/www.google.es\/maps\/?q=ADRESSADORS+N+12+BAJO+IZQ+46003\" target=\"_blank\">Veure ubicaci\u00f3<\/a><\/td><\/tr><tr><td><img decoding=\"async\" src=\"\/wp-content\/uploads\/logos_establecimientos\/650cb0ce3becd.jpg\" loading=\"lazy\" style=\"width: 40px; height: 40px; object-fit: contain; border-radius: 50%; vertical-align: middle; margin-right: 6px;\"><a href=\"https:\/\/www.instagram.com\/venturalauria\/\" target=\"_blank\">VENTURA<\/a><\/td><td style=\" text-transform: uppercase; \">C\/ ROGER DE LAURIA, 12<\/td><td><a href=\"https:\/\/www.google.es\/maps\/?q=C%2F+ROGER+DE+LAURIA%2C+12+46002\" target=\"_blank\">Veure ubicaci\u00f3<\/a><\/td><\/tr><tr><td><img decoding=\"async\" src=\"\/wp-content\/uploads\/logos_establecimientos\/6863c5beceb67.jpg\" loading=\"lazy\" style=\"width: 40px; height: 40px; object-fit: contain; border-radius: 50%; vertical-align: middle; margin-right: 6px;\"><a href=\"https:\/\/www.clubdemoda.es\" target=\"_blank\">VISTETOT<\/a><\/td><td style=\" text-transform: uppercase; \">C\/ Convento Carmelitas, 2<\/td><td><a href=\"https:\/\/www.google.es\/maps\/?q=C%2F+Convento+Carmelitas%2C+2+46010\" target=\"_blank\">Veure ubicaci\u00f3<\/a><\/td><\/tr><tr><td><img decoding=\"async\" src=\"\/wp-content\/uploads\/logos_establecimientos\/6863c7137ddef.jpg\" loading=\"lazy\" style=\"width: 40px; height: 40px; object-fit: contain; border-radius: 50%; vertical-align: middle; margin-right: 6px;\"><a href=\"https:\/\/www.clubdemoda.es\/\" target=\"_blank\">VISTETOT<\/a><\/td><td style=\" text-transform: uppercase; \">CAMINO DE MONCADA 114<\/td><td><a href=\"https:\/\/www.google.es\/maps\/?q=CAMINO+DE+MONCADA+114+46025\" target=\"_blank\">Veure ubicaci\u00f3<\/a><\/td><\/tr><tr><td><a href=\"https:\/\/www.clubdemoda.es\/\" target=\"_blank\">VISTETOT<\/a><\/td><td style=\" text-transform: uppercase; \">CALLE JATIVA 30<\/td><td><a href=\"https:\/\/www.google.es\/maps\/?q=CALLE+JATIVA+30+46004\" target=\"_blank\">Veure ubicaci\u00f3<\/a><\/td><\/tr><tr><td><img decoding=\"async\" src=\"\/wp-content\/uploads\/logos_establecimientos\/6867805c2db55.jpg\" loading=\"lazy\" style=\"width: 40px; height: 40px; object-fit: contain; border-radius: 50%; vertical-align: middle; margin-right: 6px;\"><a href=\"\/\/www.willshop.es\" target=\"_blank\">WILLSHOP<\/a><\/td><td style=\" text-transform: uppercase; \">Carrer de Guillem de Castro 45 Bajo<\/td><td><a href=\"https:\/\/www.google.es\/maps\/?q=Carrer+de+Guillem+de+Castro+45+Bajo+46007\" target=\"_blank\">Veure ubicaci\u00f3<\/a><\/td><\/tr><tr><td><img decoding=\"async\" src=\"\/wp-content\/uploads\/logos_establecimientos\/66a75bc22a261.jpg\" loading=\"lazy\" style=\"width: 40px; height: 40px; object-fit: contain; border-radius: 50%; vertical-align: middle; margin-right: 6px;\"><a href=\"\/\/www.wolfboutique.com\" target=\"_blank\">WOLF<\/a><\/td><td style=\" text-transform: uppercase; \">C\/HERNAN CORTES 27<\/td><td><a href=\"https:\/\/www.google.es\/maps\/?q=C%2FHERNAN+CORTES+27+46004\" target=\"_blank\">Veure ubicaci\u00f3<\/a><\/td><\/tr><tr><td><img decoding=\"async\" src=\"\/wp-content\/uploads\/logos_establecimientos\/68b4ab55199ef.jpg\" loading=\"lazy\" style=\"width: 40px; height: 40px; object-fit: contain; border-radius: 50%; vertical-align: middle; margin-right: 6px;\"><a href=\"\/\/www.worket.es\" target=\"_blank\">WORKET<\/a><\/td><td style=\" text-transform: uppercase; \">C\/ de Santa Genoveva Torres, 21<\/td><td><a href=\"https:\/\/www.google.es\/maps\/?q=C%2F+de+Santa+Genoveva+Torres%2C+21+46019\" target=\"_blank\">Veure ubicaci\u00f3<\/a><\/td><\/tr><tr><td><a href=\"https:\/\/www.instagram.com\/boutiquezaire\" target=\"_blank\">ZAIRE<\/a><\/td><td style=\" text-transform: uppercase; \">C\/ Profesor Tamarit Olmos, 12<\/td><td><a href=\"https:\/\/www.google.es\/maps\/?q=C%2F+Profesor+Tamarit+Olmos%2C+12+46010\" target=\"_blank\">Veure ubicaci\u00f3<\/a><\/td><\/tr><\/table>[\/vc_tta_section][vc_tta_section title=&#8221;PELUQUERIES I SALONS DE BELLESA&#8221; tab_id=&#8221;182be0c5cdcd5072bb1864cdee4d3d6e&#8221;]<table><tr><th>NOM<\/th><th>DIRECCI\u00d3<\/th><th>UBICACI\u00d3<\/th><\/tr><tr><td><img decoding=\"async\" src=\"\/wp-content\/uploads\/logos_establecimientos\/68b5cd403e793.jpg\" loading=\"lazy\" style=\"width: 40px; height: 40px; object-fit: contain; border-radius: 50%; vertical-align: middle; margin-right: 6px;\"><a href=\"\/\/amparocerezuela.com\" target=\"_blank\"> AMPARO CEREZUELA CENTRO DE BELLEZA ORG\u00c1NICA<\/a><\/td><td style=\" text-transform: uppercase; \">Historiadora Sylvia Romeu, 4<\/td><td><a href=\"https:\/\/www.google.es\/maps\/?q=Historiadora+Sylvia+Romeu%2C+4+46022\" target=\"_blank\">Veure ubicaci\u00f3<\/a><\/td><\/tr><tr><td><img decoding=\"async\" src=\"\/wp-content\/uploads\/logos_establecimientos\/68666adfb6e67.jpg\" loading=\"lazy\" style=\"width: 40px; height: 40px; object-fit: contain; border-radius: 50%; vertical-align: middle; margin-right: 6px;\"><a href=\"\/\/mimomento_valencia\" target=\"_blank\">[MIMOMENTO] BY P&#038;B<\/a><\/td><td style=\" text-transform: uppercase; \">C\/ GRABADOR SELMA, 4<\/td><td><a href=\"https:\/\/www.google.es\/maps\/?q=C%2F+GRABADOR+SELMA%2C+4+46001\" target=\"_blank\">Veure ubicaci\u00f3<\/a><\/td><\/tr><tr><td><img decoding=\"async\" src=\"\/wp-content\/uploads\/logos_establecimientos\/6866a2a1bafac.jpeg\" loading=\"lazy\" style=\"width: 40px; height: 40px; object-fit: contain; border-radius: 50%; vertical-align: middle; margin-right: 6px;\"><a href=\"\/\/adriandiazpeuqueros.booksy.com\/a\/\" target=\"_blank\">ADRI\u00c1N D\u00cdAZ PELUQUEROS<\/a><\/td><td style=\" text-transform: uppercase; \">\u2060C\/ Erudito Orellana. 21 <\/td><td><a href=\"https:\/\/www.google.es\/maps\/?q=%E2%81%A0C%2F+Erudito+Orellana.+21++46008\" target=\"_blank\">Veure ubicaci\u00f3<\/a><\/td><\/tr><tr><td><img decoding=\"async\" src=\"\/wp-content\/uploads\/logos_establecimientos\/6863efe4615e8.jpg\" loading=\"lazy\" style=\"width: 40px; height: 40px; object-fit: contain; border-radius: 50%; vertical-align: middle; margin-right: 6px;\"><a href=\"\/\/www.angelarueda.com\" target=\"_blank\">ANGELA RUEDA BEAUTY<\/a><\/td><td style=\" text-transform: uppercase; \">C\/ POLO Y PEYROLON, 26 <\/td><td><a href=\"https:\/\/www.google.es\/maps\/?q=C%2F+POLO+Y+PEYROLON%2C+26++46021\" target=\"_blank\">Veure ubicaci\u00f3<\/a><\/td><\/tr><tr><td><img decoding=\"async\" src=\"\/wp-content\/uploads\/logos_establecimientos\/6863dba852fa7.png\" loading=\"lazy\" style=\"width: 40px; height: 40px; object-fit: contain; border-radius: 50%; vertical-align: middle; margin-right: 6px;\"><a href=\"https:\/\/atopic-estetica.com\/\" target=\"_blank\">ATOPIC EST\u00c9TICA Y PELUQUER\u00cdA<\/a><\/td><td style=\" text-transform: uppercase; \"> C\/ d&#8217;Alcany\u00eds, 34, BAJO, Rasca\u00f1a<\/td><td><a href=\"https:\/\/www.google.es\/maps\/?q=+C%2F+d%27Alcany%C3%ADs%2C+34%2C+BAJO%2C+Rasca%C3%B1a+46019\" target=\"_blank\">Veure ubicaci\u00f3<\/a><\/td><\/tr><tr><td><img decoding=\"async\" src=\"\/wp-content\/uploads\/logos_establecimientos\/68c12463101a3.png\" loading=\"lazy\" style=\"width: 40px; height: 40px; object-fit: contain; border-radius: 50%; vertical-align: middle; margin-right: 6px;\"><a href=\"\/\/www.authenticbelleza.com\" target=\"_blank\">AUTHENTIC BELLEZA<\/a><\/td><td style=\" text-transform: uppercase; \">AV BURJASOT 29 BIS BAJO<\/td><td><a href=\"https:\/\/www.google.es\/maps\/?q=AV+BURJASOT+29+BIS+BAJO+46009\" target=\"_blank\">Veure ubicaci\u00f3<\/a><\/td><\/tr><tr><td><img decoding=\"async\" src=\"\/wp-content\/uploads\/logos_establecimientos\/68ad99a2f0982.jpg\" loading=\"lazy\" style=\"width: 40px; height: 40px; object-fit: contain; border-radius: 50%; vertical-align: middle; margin-right: 6px;\">BAIANA PELUQUERIA<\/td><td style=\" text-transform: uppercase; \">AV. PRIMADO REGIS, 151<\/td><td><a href=\"https:\/\/www.google.es\/maps\/?q=AV.+PRIMADO+REGIS%2C+151+46020\" target=\"_blank\">Veure ubicaci\u00f3<\/a><\/td><\/tr><tr><td><img decoding=\"async\" src=\"\/wp-content\/uploads\/logos_establecimientos\/68ad8c9864e7f.JPG\" loading=\"lazy\" style=\"width: 40px; height: 40px; object-fit: contain; border-radius: 50%; vertical-align: middle; margin-right: 6px;\"><a href=\"https:\/\/www.instagram.com\/nailsbarkstage_valencia\" target=\"_blank\">BARKSTAGE<\/a><\/td><td style=\" text-transform: uppercase; \">GV Fernando el cat\u00f3lico 31 <\/td><td><a href=\"https:\/\/www.google.es\/maps\/?q=GV+Fernando+el+cat%C3%B3lico+31++46008\" target=\"_blank\">Veure ubicaci\u00f3<\/a><\/td><\/tr><tr><td><img decoding=\"async\" src=\"\/wp-content\/uploads\/logos_establecimientos\/68638e13545bd.png\" loading=\"lazy\" style=\"width: 40px; height: 40px; object-fit: contain; border-radius: 50%; vertical-align: middle; margin-right: 6px;\"><a href=\"https:\/\/www.instagram.com\/opensolarium\" target=\"_blank\">BEAUTY BOX OPENSOLARIUM<\/a><\/td><td style=\" text-transform: uppercase; \">C\/Angel Guimer\u00e0, 21 <\/td><td><a href=\"https:\/\/www.google.es\/maps\/?q=C%2FAngel+Guimer%C3%A0%2C+21++46008\" target=\"_blank\">Veure ubicaci\u00f3<\/a><\/td><\/tr><tr><td><img decoding=\"async\" src=\"\/wp-content\/uploads\/logos_establecimientos\/68c3f5ae5b088.jpg\" loading=\"lazy\" style=\"width: 40px; height: 40px; object-fit: contain; border-radius: 50%; vertical-align: middle; margin-right: 6px;\"><a href=\"\/\/www.beautyclinicvalencia.com\" target=\"_blank\">BEAUTY CLINIC VALENCIA<\/a><\/td><td style=\" text-transform: uppercase; \">GRAN V\u00cdA MARQU\u00c9S DEL TURIA 5, BAJO<\/td><td><a href=\"https:\/\/www.google.es\/maps\/?q=GRAN+V%C3%8DA+MARQU%C3%89S+DEL+TURIA+5%2C+BAJO+46005\" target=\"_blank\">Veure ubicaci\u00f3<\/a><\/td><\/tr><tr><td><img decoding=\"async\" src=\"\/wp-content\/uploads\/logos_establecimientos\/66c6ff65b2e56.jpg\" loading=\"lazy\" style=\"width: 40px; height: 40px; object-fit: contain; border-radius: 50%; vertical-align: middle; margin-right: 6px;\"><a href=\"https:\/\/www.instagram.com\/belavita.organic\/?hl=es\" target=\"_blank\">BELAVITA ORGANIC<\/a><\/td><td style=\" text-transform: uppercase; \">C\/ SANTOS JUSTO Y PASTOR, 149<\/td><td><a href=\"https:\/\/www.google.es\/maps\/?q=C%2F+SANTOS+JUSTO+Y+PASTOR%2C+149+46022\" target=\"_blank\">Veure ubicaci\u00f3<\/a><\/td><\/tr><tr><td><img decoding=\"async\" src=\"\/wp-content\/uploads\/logos_establecimientos\/6510a150c5206.jpg\" loading=\"lazy\" style=\"width: 40px; height: 40px; object-fit: contain; border-radius: 50%; vertical-align: middle; margin-right: 6px;\"><a href=\"https:\/\/www.facebook.com\/profile.php?id=100063546191715\" target=\"_blank\">BELLEZA MONALISA<\/a><\/td><td style=\" text-transform: uppercase; \">PL SANT BULT 2<\/td><td><a href=\"https:\/\/www.google.es\/maps\/?q=PL+SANT+BULT+2+46003\" target=\"_blank\">Veure ubicaci\u00f3<\/a><\/td><\/tr><tr><td><img decoding=\"async\" src=\"\/wp-content\/uploads\/logos_establecimientos\/68b165e085c41.jpg\" loading=\"lazy\" style=\"width: 40px; height: 40px; object-fit: contain; border-radius: 50%; vertical-align: middle; margin-right: 6px;\"><a href=\"\/\/@bianncacenter\" target=\"_blank\">BIANNCA PELUQUER\u00cdA &#038; EST\u00c9TICA<\/a><\/td><td style=\" text-transform: uppercase; \">C\/Luis lamarca n\u00fam 31 bajo izq<\/td><td><a href=\"https:\/\/www.google.es\/maps\/?q=C%2FLuis+lamarca+n%C3%BAm+31+bajo+izq+46018\" target=\"_blank\">Veure ubicaci\u00f3<\/a><\/td><\/tr><tr><td><img decoding=\"async\" src=\"\/wp-content\/uploads\/logos_establecimientos\/686fa9a4d13bd.jpg\" loading=\"lazy\" style=\"width: 40px; height: 40px; object-fit: contain; border-radius: 50%; vertical-align: middle; margin-right: 6px;\"><a href=\"https:\/\/www.instagram.com\/b.o.n.i.c.a\/?hl=es\" target=\"_blank\">BONICA CENTRO DE U\u00d1AS Y ESTETICA<\/a><\/td><td style=\" text-transform: uppercase; \">CA JOSE MARIA HARO, 35<\/td><td><a href=\"https:\/\/www.google.es\/maps\/?q=CA+JOSE+MARIA+HARO%2C+35+46011\" target=\"_blank\">Veure ubicaci\u00f3<\/a><\/td><\/tr><tr><td><img decoding=\"async\" src=\"\/wp-content\/uploads\/2023\/10\/CarmeloAbad.png\" loading=\"lazy\" style=\"width: 40px; height: 40px; object-fit: contain; border-radius: 50%; vertical-align: middle; margin-right: 6px;\"><a href=\"https:\/\/www.carmeloabad.es\/\" target=\"_blank\">CARMELO ABAD PELUQUEROS<\/a><\/td><td style=\" text-transform: uppercase; \">C\/ MURILLO, 35<\/td><td><a href=\"https:\/\/www.google.es\/maps\/?q=C%2F+MURILLO%2C+35+46003\" target=\"_blank\">Veure ubicaci\u00f3<\/a><\/td><\/tr><tr><td><img decoding=\"async\" src=\"\/wp-content\/uploads\/logos_establecimientos\/68776e87beaf2.jpg\" loading=\"lazy\" style=\"width: 40px; height: 40px; object-fit: contain; border-radius: 50%; vertical-align: middle; margin-right: 6px;\">CARMEN SANTAMARIA ESTETICA AVANZADA<\/td><td style=\" text-transform: uppercase; \">CL CADIZ N\u00ba 51-BAJO<\/td><td><a href=\"https:\/\/www.google.es\/maps\/?q=CL+CADIZ+N%C2%BA+51-BAJO+46006\" target=\"_blank\">Veure ubicaci\u00f3<\/a><\/td><\/tr><tr><td><img decoding=\"async\" src=\"\/wp-content\/uploads\/logos_establecimientos\/686ee580635e0.jpg\" loading=\"lazy\" style=\"width: 40px; height: 40px; object-fit: contain; border-radius: 50%; vertical-align: middle; margin-right: 6px;\"><a href=\"https:\/\/centroesteticaluxor.com\/\" target=\"_blank\">CENTRO DE EST\u00c9TICA LUXOR<\/a><\/td><td style=\" text-transform: uppercase; \">Calle Musico HIpolito Martinez, 1, 1<\/td><td><a href=\"https:\/\/www.google.es\/maps\/?q=Calle+Musico+HIpolito+Martinez%2C+1%2C+1+46003\" target=\"_blank\">Veure ubicaci\u00f3<\/a><\/td><\/tr><tr><td><img decoding=\"async\" src=\"\/wp-content\/uploads\/logos_establecimientos\/650cc5c4db073.jpg\" loading=\"lazy\" style=\"width: 40px; height: 40px; object-fit: contain; border-radius: 50%; vertical-align: middle; margin-right: 6px;\"><a href=\"https:\/\/m.facebook.com\/pages\/category\/skin-care-service\/centro-de-est%c3%a9tica-mercedes-madrid-1780019605656488\/?locale2=es_es\" target=\"_blank\">CENTRO DE EST\u00c9TICA MERCEDES MADRID<\/a><\/td><td style=\" text-transform: uppercase; \">CL ESCOLANO, 19<\/td><td><a href=\"https:\/\/www.google.es\/maps\/?q=CL+ESCOLANO%2C+19+46001\" target=\"_blank\">Veure ubicaci\u00f3<\/a><\/td><\/tr><tr><td><img decoding=\"async\" src=\"\/wp-content\/uploads\/logos_establecimientos\/68d3fea959040.jpg\" loading=\"lazy\" style=\"width: 40px; height: 40px; object-fit: contain; border-radius: 50%; vertical-align: middle; margin-right: 6px;\">CENTRO ESTETICA MAI MERY<\/td><td style=\" text-transform: uppercase; \">C\/ AGUSTI CENTELLES OSSO, 9<\/td><td><a href=\"https:\/\/www.google.es\/maps\/?q=C%2F+AGUSTI+CENTELLES+OSSO%2C+9+46009\" target=\"_blank\">Veure ubicaci\u00f3<\/a><\/td><\/tr><tr><td><img decoding=\"async\" src=\"\/wp-content\/uploads\/logos_establecimientos\/68d23f7676d45.jpg\" loading=\"lazy\" style=\"width: 40px; height: 40px; object-fit: contain; border-radius: 50%; vertical-align: middle; margin-right: 6px;\">CLAUDIA ESTETICA<\/td><td style=\" text-transform: uppercase; \">C\/ PRIMADO REIG 105 BAJO<\/td><td><a href=\"https:\/\/www.google.es\/maps\/?q=C%2F+PRIMADO+REIG+105+BAJO+46020\" target=\"_blank\">Veure ubicaci\u00f3<\/a><\/td><\/tr><tr><td><img decoding=\"async\" src=\"\/wp-content\/uploads\/logos_establecimientos\/687a126ccd7a3.png\" loading=\"lazy\" style=\"width: 40px; height: 40px; object-fit: contain; border-radius: 50%; vertical-align: middle; margin-right: 6px;\"><a href=\"https:\/\/clinicagarbi.es\/\" target=\"_blank\">CL\u00cdNICA GARB\u00cd<\/a><\/td><td style=\" text-transform: uppercase; \">AVENIDA MALVARROSA 104 BAJO DERECHA<\/td><td><a href=\"https:\/\/www.google.es\/maps\/?q=AVENIDA+MALVARROSA+104+BAJO+DERECHA+46011\" target=\"_blank\">Veure ubicaci\u00f3<\/a><\/td><\/tr><tr><td><img decoding=\"async\" src=\"\/wp-content\/uploads\/logos_establecimientos\/686bccfdab1aa.png\" loading=\"lazy\" style=\"width: 40px; height: 40px; object-fit: contain; border-radius: 50%; vertical-align: middle; margin-right: 6px;\"><a href=\"https:\/\/www.instagram.com\/clinicamedicinaesteticalou\/\" target=\"_blank\">CL\u00cdNICA LOU<\/a><\/td><td style=\" text-transform: uppercase; \">Av. Del Primado Reig 52<\/td><td><a href=\"https:\/\/www.google.es\/maps\/?q=Av.+Del+Primado+Reig+52+46010\" target=\"_blank\">Veure ubicaci\u00f3<\/a><\/td><\/tr><tr><td><img decoding=\"async\" src=\"\/wp-content\/uploads\/logos_establecimientos\/68b582abdb686.jpeg\" loading=\"lazy\" style=\"width: 40px; height: 40px; object-fit: contain; border-radius: 50%; vertical-align: middle; margin-right: 6px;\"><a href=\"\/\/www.cosmeticaclub.com\" target=\"_blank\">COSMETICACLUB<\/a><\/td><td style=\" text-transform: uppercase; \">Calle manuel candela 34 bajo<\/td><td><a href=\"https:\/\/www.google.es\/maps\/?q=Calle+manuel+candela+34+bajo+46021\" target=\"_blank\">Veure ubicaci\u00f3<\/a><\/td><\/tr><tr><td><img decoding=\"async\" src=\"\/wp-content\/uploads\/logos_establecimientos\/68756fed7797c.jpg\" loading=\"lazy\" style=\"width: 40px; height: 40px; object-fit: contain; border-radius: 50%; vertical-align: middle; margin-right: 6px;\"><a href=\"https:\/\/danaewellness.com\/\" target=\"_blank\">DANAE WELNESS<\/a><\/td><td style=\" text-transform: uppercase; \">Calle Col\u00f3n 22, Planta 3, Puerta H<\/td><td><a href=\"https:\/\/www.google.es\/maps\/?q=Calle+Col%C3%B3n+22%2C+Planta+3%2C+Puerta+H+46004\" target=\"_blank\">Veure ubicaci\u00f3<\/a><\/td><\/tr><tr><td><img decoding=\"async\" src=\"\/wp-content\/uploads\/logos_establecimientos\/686e8afd1232e.jpeg\" loading=\"lazy\" style=\"width: 40px; height: 40px; object-fit: contain; border-radius: 50%; vertical-align: middle; margin-right: 6px;\">DAVINIA SILLAS TARANCON<\/td><td style=\" text-transform: uppercase; \">CL SAN JOSE DE LA MONTA\u00d1A,5<\/td><td><a href=\"https:\/\/www.google.es\/maps\/?q=CL+SAN+JOSE+DE+LA+MONTA%C3%91A%2C5+46008\" target=\"_blank\">Veure ubicaci\u00f3<\/a><\/td><\/tr><tr><td><img decoding=\"async\" src=\"\/wp-content\/uploads\/logos_establecimientos\/6511dc2bb5ab1.jpg\" loading=\"lazy\" style=\"width: 40px; height: 40px; object-fit: contain; border-radius: 50%; vertical-align: middle; margin-right: 6px;\"><a href=\"https:\/\/desancho.com\/\" target=\"_blank\">DESANCHO ESTILISTAS<\/a><\/td><td style=\" text-transform: uppercase; \">AVDA. REGNE DE VALENCIA, 7<\/td><td><a href=\"https:\/\/www.google.es\/maps\/?q=AVDA.+REGNE+DE+VALENCIA%2C+7+46005\" target=\"_blank\">Veure ubicaci\u00f3<\/a><\/td><\/tr><tr><td><img decoding=\"async\" src=\"\/wp-content\/uploads\/logos_establecimientos\/66b5d6ae61791.jpg\" loading=\"lazy\" style=\"width: 40px; height: 40px; object-fit: contain; border-radius: 50%; vertical-align: middle; margin-right: 6px;\"><a href=\"https:\/\/desancho.com\/\" target=\"_blank\">DESANCHO ESTILISTAS<\/a><\/td><td style=\" text-transform: uppercase; \">PLAZA DE LA CIUDADELA 13<\/td><td><a href=\"https:\/\/www.google.es\/maps\/?q=PLAZA+DE+LA+CIUDADELA+13+46003\" target=\"_blank\">Veure ubicaci\u00f3<\/a><\/td><\/tr><tr><td><img decoding=\"async\" src=\"\/wp-content\/uploads\/logos_establecimientos\/66abb0370a4be.png\" loading=\"lazy\" style=\"width: 40px; height: 40px; object-fit: contain; border-radius: 50%; vertical-align: middle; margin-right: 6px;\"><a href=\"https:\/\/www.instagram.com\/dra.benniepeters\/\" target=\"_blank\">DRA BENNIE PETERS. MEDICINA EST\u00c9TICA Y EST\u00c9TICA AVANZADA<\/a><\/td><td style=\" text-transform: uppercase; \">C\/ Jes\u00fas, 22<\/td><td><a href=\"https:\/\/www.google.es\/maps\/?q=C%2F+Jes%C3%BAs%2C+22+46007\" target=\"_blank\">Veure ubicaci\u00f3<\/a><\/td><\/tr><tr><td><img decoding=\"async\" src=\"\/wp-content\/uploads\/logos_establecimientos\/6880cd270eaa9.png\" loading=\"lazy\" style=\"width: 40px; height: 40px; object-fit: contain; border-radius: 50%; vertical-align: middle; margin-right: 6px;\"><a href=\"https:\/\/espaciomarialujan.com\/\" target=\"_blank\">ESPACIO MAR\u00cdA LUJ\u00c1N<\/a><\/td><td style=\" text-transform: uppercase; \"> Calle Isabel La Cat\u00f3lica 3<\/td><td><a href=\"https:\/\/www.google.es\/maps\/?q=+Calle+Isabel+La+Cat%C3%B3lica+3+46004\" target=\"_blank\">Veure ubicaci\u00f3<\/a><\/td><\/tr><tr><td><img decoding=\"async\" src=\"\/wp-content\/uploads\/logos_establecimientos\/650848cc3abb6.PNG\" loading=\"lazy\" style=\"width: 40px; height: 40px; object-fit: contain; border-radius: 50%; vertical-align: middle; margin-right: 6px;\"><a href=\"https:\/\/esteticaavanzadasentiryser.com\/\" target=\"_blank\">EST\u00c9TICA AVANZADA SENTIR &#038; SER<\/a><\/td><td style=\" text-transform: uppercase; \">C\/ Cirilo Amor\u00f3s, 12 <\/td><td><a href=\"https:\/\/www.google.es\/maps\/?q=C%2F+Cirilo+Amor%C3%B3s%2C+12++46004\" target=\"_blank\">Veure ubicaci\u00f3<\/a><\/td><\/tr><tr><td>ESTILO LIBRE<\/td><td style=\" text-transform: uppercase; \">Carretera Malilla, 50<\/td><td><a href=\"https:\/\/www.google.es\/maps\/?q=Carretera+Malilla%2C+50+46026\" target=\"_blank\">Veure ubicaci\u00f3<\/a><\/td><\/tr><tr><td><img decoding=\"async\" src=\"\/wp-content\/uploads\/logos_establecimientos\/686feccbefc37.jpg\" loading=\"lazy\" style=\"width: 40px; height: 40px; object-fit: contain; border-radius: 50%; vertical-align: middle; margin-right: 6px;\">GRUPOS HECHOS PELUQUEROS<\/td><td style=\" text-transform: uppercase; \">Calle padre alegre 15<\/td><td><a href=\"https:\/\/www.google.es\/maps\/?q=Calle+padre+alegre+15+46020\" target=\"_blank\">Veure ubicaci\u00f3<\/a><\/td><\/tr><tr><td><img decoding=\"async\" src=\"\/wp-content\/uploads\/logos_establecimientos\/68d132600df9b.jpg\" loading=\"lazy\" style=\"width: 40px; height: 40px; object-fit: contain; border-radius: 50%; vertical-align: middle; margin-right: 6px;\"><a href=\"\/\/@hairculture.es\" target=\"_blank\">HAIR CULTURE<\/a><\/td><td style=\" text-transform: uppercase; \">C\/ ASTURIAS 34 GALERIA COMERCIAL SAPIRIS LOCAL 9<\/td><td><a href=\"https:\/\/www.google.es\/maps\/?q=C%2F+ASTURIAS+34+GALERIA+COMERCIAL+SAPIRIS+LOCAL+9+46023\" target=\"_blank\">Veure ubicaci\u00f3<\/a><\/td><\/tr><tr><td><img decoding=\"async\" src=\"\/wp-content\/uploads\/logos_establecimientos\/68b9a7870ffef.jpg\" loading=\"lazy\" style=\"width: 40px; height: 40px; object-fit: contain; border-radius: 50%; vertical-align: middle; margin-right: 6px;\">J. MIGUEL PELUQUEROS<\/td><td style=\" text-transform: uppercase; \">C\/ Industria n\u00ba 47 bajo<\/td><td><a href=\"https:\/\/www.google.es\/maps\/?q=C%2F+Industria+n%C2%BA+47+bajo+46022\" target=\"_blank\">Veure ubicaci\u00f3<\/a><\/td><\/tr><tr><td><img decoding=\"async\" src=\"\/wp-content\/uploads\/logos_establecimientos\/650053551bbfa.png\" loading=\"lazy\" style=\"width: 40px; height: 40px; object-fit: contain; border-radius: 50%; vertical-align: middle; margin-right: 6px;\"><a href=\"\/\/jaimelozanoperruquers.com\" target=\"_blank\">JAIME LOZANO PERRUQUERS<\/a><\/td><td style=\" text-transform: uppercase; \">Gran via de les Germanies, 12<\/td><td><a href=\"https:\/\/www.google.es\/maps\/?q=Gran+via+de+les+Germanies%2C+12+46006\" target=\"_blank\">Veure ubicaci\u00f3<\/a><\/td><\/tr><tr><td>JARCARADE<\/td><td style=\" text-transform: uppercase; \">CALLE SANCHIS SIVERA 4<\/td><td><a href=\"https:\/\/www.google.es\/maps\/?q=CALLE+SANCHIS+SIVERA+4+46008\" target=\"_blank\">Veure ubicaci\u00f3<\/a><\/td><\/tr><tr><td><img decoding=\"async\" src=\"\/wp-content\/uploads\/logos_establecimientos\/6880c3a791ff6.jpeg\" loading=\"lazy\" style=\"width: 40px; height: 40px; object-fit: contain; border-radius: 50%; vertical-align: middle; margin-right: 6px;\"><a href=\"https:\/\/www.instagram.com\/jennygarciaestilista\/\" target=\"_blank\">JENNY GARCIA ESTILISTAS<\/a><\/td><td style=\" text-transform: uppercase; \">C\/ DOMINGO GOMEZ, 4<\/td><td><a href=\"https:\/\/www.google.es\/maps\/?q=C%2F+DOMINGO+GOMEZ%2C+4+46019\" target=\"_blank\">Veure ubicaci\u00f3<\/a><\/td><\/tr><tr><td><img decoding=\"async\" src=\"\/wp-content\/uploads\/logos_establecimientos\/686692f4505bb.jpeg\" loading=\"lazy\" style=\"width: 40px; height: 40px; object-fit: contain; border-radius: 50%; vertical-align: middle; margin-right: 6px;\"><a href=\"\/\/www.jessanestilistas.com\" target=\"_blank\">JESSAN ESTILISTAS<\/a><\/td><td style=\" text-transform: uppercase; \">Villahermosa 30 Bajo <\/td><td><a href=\"https:\/\/www.google.es\/maps\/?q=Villahermosa+30+Bajo++46006\" target=\"_blank\">Veure ubicaci\u00f3<\/a><\/td><\/tr><tr><td><img decoding=\"async\" src=\"\/wp-content\/uploads\/logos_establecimientos\/68c310fdb1c10.jpg\" loading=\"lazy\" style=\"width: 40px; height: 40px; object-fit: contain; border-radius: 50%; vertical-align: middle; margin-right: 6px;\"><a href=\"\/\/@joseluisnavarrete.peluquero\" target=\"_blank\">JOSE LUIS NAVARRETE PELUQUEROS<\/a><\/td><td style=\" text-transform: uppercase; \">CALLE ALMIRANTE CADARSO, 23 &#8211; BJ<\/td><td><a href=\"https:\/\/www.google.es\/maps\/?q=CALLE+ALMIRANTE+CADARSO%2C+23+-+BJ+46005\" target=\"_blank\">Veure ubicaci\u00f3<\/a><\/td><\/tr><tr><td><img decoding=\"async\" src=\"\/wp-content\/uploads\/logos_establecimientos\/68be99d71f08f.jpg\" loading=\"lazy\" style=\"width: 40px; height: 40px; object-fit: contain; border-radius: 50%; vertical-align: middle; margin-right: 6px;\">JUAN PELUQUEROS<\/td><td style=\" text-transform: uppercase; \">Avd. Campanar, 57 bajo<\/td><td><a href=\"https:\/\/www.google.es\/maps\/?q=Avd.+Campanar%2C+57+bajo+46009\" target=\"_blank\">Veure ubicaci\u00f3<\/a><\/td><\/tr><tr><td><img decoding=\"async\" src=\"\/wp-content\/uploads\/logos_establecimientos\/66aa62c9b0c56.png\" loading=\"lazy\" style=\"width: 40px; height: 40px; object-fit: contain; border-radius: 50%; vertical-align: middle; margin-right: 6px;\"><a href=\"https:\/\/juanromeropeluqueros.com\/\" target=\"_blank\">JUAN ROMERO PELUQUEROS<\/a><\/td><td style=\" text-transform: uppercase; \">AV ALFAHUIR 40<\/td><td><a href=\"https:\/\/www.google.es\/maps\/?q=AV+ALFAHUIR+40+46020\" target=\"_blank\">Veure ubicaci\u00f3<\/a><\/td><\/tr><tr><td><img decoding=\"async\" src=\"\/wp-content\/uploads\/logos_establecimientos\/66aa62cfc3b2f.png\" loading=\"lazy\" style=\"width: 40px; height: 40px; object-fit: contain; border-radius: 50%; vertical-align: middle; margin-right: 6px;\"><a href=\"https:\/\/juanromeropeluqueros.com\/\" target=\"_blank\">JUAN ROMERO PELUQUEROS<\/a><\/td><td style=\" text-transform: uppercase; \">C\/ PASCUAL Y GENIS 5<\/td><td><a href=\"https:\/\/www.google.es\/maps\/?q=C%2F+PASCUAL+Y+GENIS+5+46002\" target=\"_blank\">Veure ubicaci\u00f3<\/a><\/td><\/tr><tr><td><img decoding=\"async\" src=\"\/wp-content\/uploads\/logos_establecimientos\/68b72539ab4a9.png\" loading=\"lazy\" style=\"width: 40px; height: 40px; object-fit: contain; border-radius: 50%; vertical-align: middle; margin-right: 6px;\"><a href=\"https:\/\/juanvicamarasa.com\" target=\"_blank\">JUANVI CAMARASA HAIR STUDIO<\/a><\/td><td style=\" text-transform: uppercase; \">C\/SALAMANCA N2<\/td><td><a href=\"https:\/\/www.google.es\/maps\/?q=C%2FSALAMANCA+N2+46005\" target=\"_blank\">Veure ubicaci\u00f3<\/a><\/td><\/tr><tr><td><img decoding=\"async\" src=\"\/wp-content\/uploads\/logos_establecimientos\/68d12c103f494.jpg\" loading=\"lazy\" style=\"width: 40px; height: 40px; object-fit: contain; border-radius: 50%; vertical-align: middle; margin-right: 6px;\"><a href=\"\/\/@kaobapeluqueros\" target=\"_blank\">KAOBA PELUQUEROS<\/a><\/td><td style=\" text-transform: uppercase; \">VALLADOLID 32 BJ<\/td><td><a href=\"https:\/\/www.google.es\/maps\/?q=VALLADOLID+32+BJ+46020\" target=\"_blank\">Veure ubicaci\u00f3<\/a><\/td><\/tr><tr><td><a href=\"\/\/@khureo_valencia\" target=\"_blank\">KHUREO<\/a><\/td><td style=\" text-transform: uppercase; \">Marqu\u00e9s de Montortal 2 b dcha<\/td><td><a href=\"https:\/\/www.google.es\/maps\/?q=Marqu%C3%A9s+de+Montortal+2+b+dcha+46019\" target=\"_blank\">Veure ubicaci\u00f3<\/a><\/td><\/tr><tr><td><img decoding=\"async\" src=\"\/wp-content\/uploads\/logos_establecimientos\/68dbbcdb7e7f8.jpg\" loading=\"lazy\" style=\"width: 40px; height: 40px; object-fit: contain; border-radius: 50%; vertical-align: middle; margin-right: 6px;\"><a href=\"https:\/\/www.instagram.com\/lapeludeluci\/\" target=\"_blank\">LAPELU DE LUCI<\/a><\/td><td style=\" text-transform: uppercase; \">Carrer de Manuela Estell\u00e9s, 91<\/td><td><a href=\"https:\/\/www.google.es\/maps\/?q=Carrer+de+Manuela+Estell%C3%A9s%2C+91+46022\" target=\"_blank\">Veure ubicaci\u00f3<\/a><\/td><\/tr><tr><td><img decoding=\"async\" src=\"\/wp-content\/uploads\/logos_establecimientos\/68d845865d811.jpg\" loading=\"lazy\" style=\"width: 40px; height: 40px; object-fit: contain; border-radius: 50%; vertical-align: middle; margin-right: 6px;\"><a href=\"https:\/\/linktr.ee\/leblonde10?utm_source=linktree_profile_share&#038;ltsid=0463b0c1-bee8-4ff5-b2b2-173dfae70f73\" target=\"_blank\">LEBLONDE 10 BY MAR\u00cdA VALERA<\/a><\/td><td style=\" text-transform: uppercase; \">C\/ Duque de Calabria 10 bajo izquierda<\/td><td><a href=\"https:\/\/www.google.es\/maps\/?q=C%2F+Duque+de+Calabria+10+bajo+izquierda+46006\" target=\"_blank\">Veure ubicaci\u00f3<\/a><\/td><\/tr><tr><td><img decoding=\"async\" src=\"\/wp-content\/uploads\/logos_establecimientos\/686e704c0f285.jpeg\" loading=\"lazy\" style=\"width: 40px; height: 40px; object-fit: contain; border-radius: 50%; vertical-align: middle; margin-right: 6px;\"><a href=\"https:\/\/www.lolata.es\" target=\"_blank\">LOLATA ESTETICA INTEGRAL<\/a><\/td><td style=\" text-transform: uppercase; \">C. Jurado Blanquer 3, Planta Baja, Patraix<\/td><td><a href=\"https:\/\/www.google.es\/maps\/?q=C.+Jurado+Blanquer+3%2C+Planta+Baja%2C+Patraix+46017\" target=\"_blank\">Veure ubicaci\u00f3<\/a><\/td><\/tr><tr><td><img decoding=\"async\" src=\"\/wp-content\/uploads\/logos_establecimientos\/68c3fa1416be3.jpeg\" loading=\"lazy\" style=\"width: 40px; height: 40px; object-fit: contain; border-radius: 50%; vertical-align: middle; margin-right: 6px;\"><a href=\"https:\/\/www.instagram.com\/lolesmakeup\/\" target=\"_blank\">LOLES MAKE UP<\/a><\/td><td style=\" text-transform: uppercase; \">CL Gudalquivir N36 PBJ<\/td><td><a href=\"https:\/\/www.google.es\/maps\/?q=CL+Gudalquivir+N36+PBJ+46026\" target=\"_blank\">Veure ubicaci\u00f3<\/a><\/td><\/tr><tr><td><img decoding=\"async\" src=\"\/wp-content\/uploads\/logos_establecimientos\/686beeff8a988.jpg\" loading=\"lazy\" style=\"width: 40px; height: 40px; object-fit: contain; border-radius: 50%; vertical-align: middle; margin-right: 6px;\"><a href=\"\/\/www.instagram.com\/ma.calatayud\" target=\"_blank\">MAC HAIR &#038; BEAUTY<\/a><\/td><td style=\" text-transform: uppercase; \">C\/ Conde de Lumiares 42<\/td><td><a href=\"https:\/\/www.google.es\/maps\/?q=C%2F+Conde+de+Lumiares+42+46019\" target=\"_blank\">Veure ubicaci\u00f3<\/a><\/td><\/tr><tr><td><img decoding=\"async\" src=\"\/wp-content\/uploads\/logos_establecimientos\/68645b4e41a86.png\" loading=\"lazy\" style=\"width: 40px; height: 40px; object-fit: contain; border-radius: 50%; vertical-align: middle; margin-right: 6px;\"><a href=\"\/\/www.marchancosa.com\" target=\"_blank\">MAR CHANCOSA HAIR &#038; BEAUTY SALON<\/a><\/td><td style=\" text-transform: uppercase; \">Avda Alfahuir 34 Bajo Izquierda<\/td><td><a href=\"https:\/\/www.google.es\/maps\/?q=Avda+Alfahuir+34+Bajo+Izquierda+46020\" target=\"_blank\">Veure ubicaci\u00f3<\/a><\/td><\/tr><tr><td><img decoding=\"async\" src=\"\/wp-content\/uploads\/logos_establecimientos\/650b6d892322c.png\" loading=\"lazy\" style=\"width: 40px; height: 40px; object-fit: contain; border-radius: 50%; vertical-align: middle; margin-right: 6px;\">MARCO ALDANY<\/td><td style=\" text-transform: uppercase; \">C\/ SANGRE, 5<\/td><td><a href=\"https:\/\/www.google.es\/maps\/?q=C%2F+SANGRE%2C+5+46002\" target=\"_blank\">Veure ubicaci\u00f3<\/a><\/td><\/tr><tr><td><img decoding=\"async\" src=\"\/wp-content\/uploads\/logos_establecimientos\/6863f2ec17bc9.jpg\" loading=\"lazy\" style=\"width: 40px; height: 40px; object-fit: contain; border-radius: 50%; vertical-align: middle; margin-right: 6px;\"><a href=\"https:\/\/www.instagram.com\/aprilnails_vlc\/?hl=es\" target=\"_blank\">MARIA INES CALLAU CALLAU<\/a><\/td><td style=\" text-transform: uppercase; \">C\/ DEMOCRACIA,,2<\/td><td><a href=\"https:\/\/www.google.es\/maps\/?q=C%2F+DEMOCRACIA%2C%2C2+46018\" target=\"_blank\">Veure ubicaci\u00f3<\/a><\/td><\/tr><tr><td>MEDOUSA ESTILISTAS<\/td><td style=\" text-transform: uppercase; \">Calle Cuenca 132 bajo <\/td><td><a href=\"https:\/\/www.google.es\/maps\/?q=Calle+Cuenca+132+bajo++46007\" target=\"_blank\">Veure ubicaci\u00f3<\/a><\/td><\/tr><tr><td><img decoding=\"async\" src=\"\/wp-content\/uploads\/logos_establecimientos\/66d8391bce8a3.png\" loading=\"lazy\" style=\"width: 40px; height: 40px; object-fit: contain; border-radius: 50%; vertical-align: middle; margin-right: 6px;\"><a href=\"https:\/\/milaperis.com\/\" target=\"_blank\">MILA PERIS<\/a><\/td><td style=\" text-transform: uppercase; \">PL POLO BERNABE 7<\/td><td><a href=\"https:\/\/www.google.es\/maps\/?q=PL+POLO+BERNABE+7+46010\" target=\"_blank\">Veure ubicaci\u00f3<\/a><\/td><\/tr><tr><td><img decoding=\"async\" src=\"\/wp-content\/uploads\/logos_establecimientos\/65109e1341b9e.png\" loading=\"lazy\" style=\"width: 40px; height: 40px; object-fit: contain; border-radius: 50%; vertical-align: middle; margin-right: 6px;\"><a href=\"https:\/\/milaperis.com\/\" target=\"_blank\">MILA PERIS CENTRO DE BELLEZA Y BIENESTAR<\/a><\/td><td style=\" text-transform: uppercase; \">C\/  MAR, 50<\/td><td><a href=\"https:\/\/www.google.es\/maps\/?q=C%2F++MAR%2C+50+46003\" target=\"_blank\">Veure ubicaci\u00f3<\/a><\/td><\/tr><tr><td><img decoding=\"async\" src=\"\/wp-content\/uploads\/logos_establecimientos\/65109fb965f8f.png\" loading=\"lazy\" style=\"width: 40px; height: 40px; object-fit: contain; border-radius: 50%; vertical-align: middle; margin-right: 6px;\"><a href=\"https:\/\/milaperis.com\/\" target=\"_blank\">MILA PERIS CENTRO DE BELLEZA Y BIENESTAR<\/a><\/td><td style=\" text-transform: uppercase; \">C\/ SALAMANCA, 31<\/td><td><a href=\"https:\/\/www.google.es\/maps\/?q=C%2F+SALAMANCA%2C+31+46005\" target=\"_blank\">Veure ubicaci\u00f3<\/a><\/td><\/tr><tr><td><img decoding=\"async\" src=\"\/wp-content\/uploads\/logos_establecimientos\/65109fbbbea52.png\" loading=\"lazy\" style=\"width: 40px; height: 40px; object-fit: contain; border-radius: 50%; vertical-align: middle; margin-right: 6px;\"><a href=\"https:\/\/milaperis.com\/\" target=\"_blank\">MILA PERIS CENTRO DE BELLEZA Y BIENESTAR<\/a><\/td><td style=\" text-transform: uppercase; \">C\/ BILBAO, 44<\/td><td><a href=\"https:\/\/www.google.es\/maps\/?q=C%2F+BILBAO%2C+44+46009\" target=\"_blank\">Veure ubicaci\u00f3<\/a><\/td><\/tr><tr><td>MIMA \\&#8217; T PELUQUERIA  Y U\u00d1AS<\/td><td style=\" text-transform: uppercase; \">PINTOR STOLZ 63<\/td><td><a href=\"https:\/\/www.google.es\/maps\/?q=PINTOR+STOLZ+63+46018\" target=\"_blank\">Veure ubicaci\u00f3<\/a><\/td><\/tr><tr><td><img decoding=\"async\" src=\"\/wp-content\/uploads\/logos_establecimientos\/6866917ece061.jpg\" loading=\"lazy\" style=\"width: 40px; height: 40px; object-fit: contain; border-radius: 50%; vertical-align: middle; margin-right: 6px;\">MIMIESTIC<\/td><td style=\" text-transform: uppercase; \">C\/ DANIEL BALACIART, 4<\/td><td><a href=\"https:\/\/www.google.es\/maps\/?q=C%2F+DANIEL+BALACIART%2C+4+46020\" target=\"_blank\">Veure ubicaci\u00f3<\/a><\/td><\/tr><tr><td><img decoding=\"async\" src=\"\/wp-content\/uploads\/logos_establecimientos\/6880af0ab6908.jpg\" loading=\"lazy\" style=\"width: 40px; height: 40px; object-fit: contain; border-radius: 50%; vertical-align: middle; margin-right: 6px;\">MURO SAL\u00d3N<\/td><td style=\" text-transform: uppercase; \">CL PUERTO RICO N\u00ba 16-BAJO<\/td><td><a href=\"https:\/\/www.google.es\/maps\/?q=CL+PUERTO+RICO+N%C2%BA+16-BAJO+46006\" target=\"_blank\">Veure ubicaci\u00f3<\/a><\/td><\/tr><tr><td><a href=\"\/\/www.noisha.com\" target=\"_blank\">NOISHA CENTRO DE BELLEZA Y BIENESTAR<\/a><\/td><td style=\" text-transform: uppercase; \">CALLE TORRETA DE MIRAMAR, 5- BJ<\/td><td><a href=\"https:\/\/www.google.es\/maps\/?q=CALLE+TORRETA+DE+MIRAMAR%2C+5-+BJ+46020\" target=\"_blank\">Veure ubicaci\u00f3<\/a><\/td><\/tr><tr><td><img decoding=\"async\" src=\"\/wp-content\/uploads\/logos_establecimientos\/68b01798a8e05.jpg\" loading=\"lazy\" style=\"width: 40px; height: 40px; object-fit: contain; border-radius: 50%; vertical-align: middle; margin-right: 6px;\"><a href=\"\/\/www.norbertoalbert.com\" target=\"_blank\">NORBERTO ALBERT IMAGEN<\/a><\/td><td style=\" text-transform: uppercase; \">C\/ REINA 19 BAJO<\/td><td><a href=\"https:\/\/www.google.es\/maps\/?q=C%2F+REINA+19+BAJO+46011\" target=\"_blank\">Veure ubicaci\u00f3<\/a><\/td><\/tr><tr><td><a href=\"https:\/\/nubelnb.es\/\" target=\"_blank\">NUBEL<\/a><\/td><td style=\" text-transform: uppercase; \">C\/ SAN VICENTE, 107<\/td><td><a href=\"https:\/\/www.google.es\/maps\/?q=C%2F+SAN+VICENTE%2C+107+46007\" target=\"_blank\">Veure ubicaci\u00f3<\/a><\/td><\/tr><tr><td><img decoding=\"async\" src=\"\/wp-content\/uploads\/logos_establecimientos\/68b94e1710ca1.png\" loading=\"lazy\" style=\"width: 40px; height: 40px; object-fit: contain; border-radius: 50%; vertical-align: middle; margin-right: 6px;\">OH MY CUT!<\/td><td style=\" text-transform: uppercase; \">Calle Gasc\u00f3 Oliag 6<\/td><td><a href=\"https:\/\/www.google.es\/maps\/?q=Calle+Gasc%C3%B3+Oliag+6+46010\" target=\"_blank\">Veure ubicaci\u00f3<\/a><\/td><\/tr><tr><td><img decoding=\"async\" src=\"\/wp-content\/uploads\/logos_establecimientos\/6515b56b6fcd2.jpg\" loading=\"lazy\" style=\"width: 40px; height: 40px; object-fit: contain; border-radius: 50%; vertical-align: middle; margin-right: 6px;\"><a href=\"https:\/\/www.ohmycut.com\/129-peluqueria-valencia\" target=\"_blank\">OH MY CUT! BACHILLER<\/a><\/td><td style=\" text-transform: uppercase; \">C\/ BACHILLER, 12<\/td><td><a href=\"https:\/\/www.google.es\/maps\/?q=C%2F+BACHILLER%2C+12+46010\" target=\"_blank\">Veure ubicaci\u00f3<\/a><\/td><\/tr><tr><td><img decoding=\"async\" src=\"\/wp-content\/uploads\/logos_establecimientos\/6889ea15c31ac.png\" loading=\"lazy\" style=\"width: 40px; height: 40px; object-fit: contain; border-radius: 50%; vertical-align: middle; margin-right: 6px;\">OH! MY CUT!<\/td><td style=\" text-transform: uppercase; \">C\/ EMILIO BAR\u00d3, 61 BAJO<\/td><td><a href=\"https:\/\/www.google.es\/maps\/?q=C%2F+EMILIO+BAR%C3%93%2C+61+BAJO+46020\" target=\"_blank\">Veure ubicaci\u00f3<\/a><\/td><\/tr><tr><td><img decoding=\"async\" src=\"\/wp-content\/uploads\/logos_establecimientos\/686803308ff0f.jpg\" loading=\"lazy\" style=\"width: 40px; height: 40px; object-fit: contain; border-radius: 50%; vertical-align: middle; margin-right: 6px;\"><a href=\"\/\/www.origencosmetics.com\" target=\"_blank\">ORIGEN COSMETICS<\/a><\/td><td style=\" text-transform: uppercase; \">Arzobispo Mayoral, 11 bajo Tienda Origen<\/td><td><a href=\"https:\/\/www.google.es\/maps\/?q=Arzobispo+Mayoral%2C+11+bajo+Tienda+Origen+46002\" target=\"_blank\">Veure ubicaci\u00f3<\/a><\/td><\/tr><tr><td><img decoding=\"async\" src=\"\/wp-content\/uploads\/logos_establecimientos\/66aa6c4a34286.jpg\" loading=\"lazy\" style=\"width: 40px; height: 40px; object-fit: contain; border-radius: 50%; vertical-align: middle; margin-right: 6px;\"><a href=\"https:\/\/orum.es\/\" target=\"_blank\">ORUM<\/a><\/td><td style=\" text-transform: uppercase; \">C\/ CONDE SALVATIERRA, 28<\/td><td><a href=\"https:\/\/www.google.es\/maps\/?q=C%2F+CONDE+SALVATIERRA%2C+28+46004\" target=\"_blank\">Veure ubicaci\u00f3<\/a><\/td><\/tr><tr><td><img decoding=\"async\" src=\"\/wp-content\/uploads\/logos_establecimientos\/686392d089402.jpg\" loading=\"lazy\" style=\"width: 40px; height: 40px; object-fit: contain; border-radius: 50%; vertical-align: middle; margin-right: 6px;\"><a href=\"https:\/\/www.instagram.com\/peluqueriaabril21\/\" target=\"_blank\">PELUQUERIA ABRIL-21<\/a><\/td><td style=\" text-transform: uppercase; \">Av. Malvarrosa, 31 <\/td><td><a href=\"https:\/\/www.google.es\/maps\/?q=Av.+Malvarrosa%2C+31++46011\" target=\"_blank\">Veure ubicaci\u00f3<\/a><\/td><\/tr><tr><td><img decoding=\"async\" src=\"\/wp-content\/uploads\/logos_establecimientos\/686565d6725ea.png\" loading=\"lazy\" style=\"width: 40px; height: 40px; object-fit: contain; border-radius: 50%; vertical-align: middle; margin-right: 6px;\">PELUQUERIA ARTE Y CORTE<\/td><td style=\" text-transform: uppercase; \">C\/ VISITACION, 9<\/td><td><a href=\"https:\/\/www.google.es\/maps\/?q=C%2F+VISITACION%2C+9+46009\" target=\"_blank\">Veure ubicaci\u00f3<\/a><\/td><\/tr><tr><td><img decoding=\"async\" src=\"\/wp-content\/uploads\/logos_establecimientos\/686cc365c9d24.jpg\" loading=\"lazy\" style=\"width: 40px; height: 40px; object-fit: contain; border-radius: 50%; vertical-align: middle; margin-right: 6px;\"><a href=\"https:\/\/www.instagram.com\/peluqueriacarmencercos?igsh=mwfxbgczz2lsn3y3aa==\" target=\"_blank\">PELUQUER\u00cdA CARMEN CERC\u00d3S<\/a><\/td><td style=\" text-transform: uppercase; \">C\/ Dolores Marqu\u00e8s, 52<\/td><td><a href=\"https:\/\/www.google.es\/maps\/?q=C%2F+Dolores+Marqu%C3%A8s%2C+52+46020\" target=\"_blank\">Veure ubicaci\u00f3<\/a><\/td><\/tr><tr><td>PELUQUER\u00cdA CUNI<\/td><td style=\" text-transform: uppercase; \">Calle Doctor Sunsi 37 bajo<\/td><td><a href=\"https:\/\/www.google.es\/maps\/?q=Calle+Doctor+Sunsi+37+bajo+46005\" target=\"_blank\">Veure ubicaci\u00f3<\/a><\/td><\/tr><tr><td><img decoding=\"async\" src=\"\/wp-content\/uploads\/logos_establecimientos\/6867c6b2b9691.jpg\" loading=\"lazy\" style=\"width: 40px; height: 40px; object-fit: contain; border-radius: 50%; vertical-align: middle; margin-right: 6px;\"><a href=\"\/\/instagram peluqueriaencarna09\" target=\"_blank\">PELUQUERIA ENCARNA<\/a><\/td><td style=\" text-transform: uppercase; \">Calle lanzarote, 3 <\/td><td><a href=\"https:\/\/www.google.es\/maps\/?q=Calle+lanzarote%2C+3++46011\" target=\"_blank\">Veure ubicaci\u00f3<\/a><\/td><\/tr><tr><td><img decoding=\"async\" src=\"\/wp-content\/uploads\/logos_establecimientos\/68b945bc69fd4.jpg\" loading=\"lazy\" style=\"width: 40px; height: 40px; object-fit: contain; border-radius: 50%; vertical-align: middle; margin-right: 6px;\">PELUQUER\u00cdA ISABEL CASAL<\/td><td style=\" text-transform: uppercase; \">Emilio Bar\u00f3 58<\/td><td><a href=\"https:\/\/www.google.es\/maps\/?q=Emilio+Bar%C3%B3+58+46020\" target=\"_blank\">Veure ubicaci\u00f3<\/a><\/td><\/tr><tr><td><img decoding=\"async\" src=\"\/wp-content\/uploads\/logos_establecimientos\/6870ee64ef678.jpg\" loading=\"lazy\" style=\"width: 40px; height: 40px; object-fit: contain; border-radius: 50%; vertical-align: middle; margin-right: 6px;\"><a href=\"https:\/\/g.co\/kgs\/tzpkefa\" target=\"_blank\">PELUQUER\u00cdA JES\u00daS<\/a><\/td><td style=\" text-transform: uppercase; \">Calle Barraca 111<\/td><td><a href=\"https:\/\/www.google.es\/maps\/?q=Calle+Barraca+111+46011\" target=\"_blank\">Veure ubicaci\u00f3<\/a><\/td><\/tr><tr><td><img decoding=\"async\" src=\"\/wp-content\/uploads\/logos_establecimientos\/686b88e064602.jpeg\" loading=\"lazy\" style=\"width: 40px; height: 40px; object-fit: contain; border-radius: 50%; vertical-align: middle; margin-right: 6px;\">PELUQUERIA LOLY MEGIAS<\/td><td style=\" text-transform: uppercase; \">CALLE CONVENTO JERUSALEN, N\u00ba 37<\/td><td><a href=\"https:\/\/www.google.es\/maps\/?q=CALLE+CONVENTO+JERUSALEN%2C+N%C2%BA+37+46007\" target=\"_blank\">Veure ubicaci\u00f3<\/a><\/td><\/tr><tr><td><a href=\"https:\/\/www.facebook.com\/people\/peluqueria-mery\/100057621610825\/\" target=\"_blank\">PELUQUERIA MERY<\/a><\/td><td style=\" text-transform: uppercase; \">C\/ ERUDITO ORELLANA, 16<\/td><td><a href=\"https:\/\/www.google.es\/maps\/?q=C%2F+ERUDITO+ORELLANA%2C+16+46008\" target=\"_blank\">Veure ubicaci\u00f3<\/a><\/td><\/tr><tr><td><img decoding=\"async\" src=\"\/wp-content\/uploads\/logos_establecimientos\/686d70d83faeb.png\" loading=\"lazy\" style=\"width: 40px; height: 40px; object-fit: contain; border-radius: 50%; vertical-align: middle; margin-right: 6px;\">PELUQUER\u00cdA TERESA MASIP<\/td><td style=\" text-transform: uppercase; \">Reina 230 <\/td><td><a href=\"https:\/\/www.google.es\/maps\/?q=Reina+230++46011\" target=\"_blank\">Veure ubicaci\u00f3<\/a><\/td><\/tr><tr><td><img decoding=\"async\" src=\"\/wp-content\/uploads\/logos_establecimientos\/6512f60c65204.jpg\" loading=\"lazy\" style=\"width: 40px; height: 40px; object-fit: contain; border-radius: 50%; vertical-align: middle; margin-right: 6px;\"><a href=\"https:\/\/www.peluqueriaspascual.com\/\" target=\"_blank\">PELUQUERIAS PASCUAL<\/a><\/td><td style=\" text-transform: uppercase; \">AV ARAGON 15<\/td><td><a href=\"https:\/\/www.google.es\/maps\/?q=AV+ARAGON+15+46010\" target=\"_blank\">Veure ubicaci\u00f3<\/a><\/td><\/tr><tr><td><img decoding=\"async\" src=\"\/wp-content\/uploads\/logos_establecimientos\/6512f64a8961e.jpg\" loading=\"lazy\" style=\"width: 40px; height: 40px; object-fit: contain; border-radius: 50%; vertical-align: middle; margin-right: 6px;\"><a href=\"https:\/\/www.peluqueriaspascual.com\/\" target=\"_blank\">PELUQUERIAS PASCUAL<\/a><\/td><td style=\" text-transform: uppercase; \">C\/ MORATIN, 6<\/td><td><a href=\"https:\/\/www.google.es\/maps\/?q=C%2F+MORATIN%2C+6+46002\" target=\"_blank\">Veure ubicaci\u00f3<\/a><\/td><\/tr><tr><td><img decoding=\"async\" src=\"\/wp-content\/uploads\/logos_establecimientos\/6512f9211c142.jpg\" loading=\"lazy\" style=\"width: 40px; height: 40px; object-fit: contain; border-radius: 50%; vertical-align: middle; margin-right: 6px;\"><a href=\"https:\/\/www.peluqueriaspascual.com\/\" target=\"_blank\">PELUQUERIAS PASCUAL<\/a><\/td><td style=\" text-transform: uppercase; \">C\/ PAZ, 36<\/td><td><a href=\"https:\/\/www.google.es\/maps\/?q=C%2F+PAZ%2C+36+46003\" target=\"_blank\">Veure ubicaci\u00f3<\/a><\/td><\/tr><tr><td><img decoding=\"async\" src=\"\/wp-content\/uploads\/logos_establecimientos\/6512f94c330c3.jpg\" loading=\"lazy\" style=\"width: 40px; height: 40px; object-fit: contain; border-radius: 50%; vertical-align: middle; margin-right: 6px;\"><a href=\"https:\/\/www.peluqueriaspascual.com\/\" target=\"_blank\">PELUQUERIAS PASCUAL<\/a><\/td><td style=\" text-transform: uppercase; \">C\/ JAIME ROIG, 8<\/td><td><a href=\"https:\/\/www.google.es\/maps\/?q=C%2F+JAIME+ROIG%2C+8+46010\" target=\"_blank\">Veure ubicaci\u00f3<\/a><\/td><\/tr><tr><td><img decoding=\"async\" src=\"\/wp-content\/uploads\/logos_establecimientos\/6512faa477e37.jpg\" loading=\"lazy\" style=\"width: 40px; height: 40px; object-fit: contain; border-radius: 50%; vertical-align: middle; margin-right: 6px;\"><a href=\"https:\/\/www.peluqueriaspascual.com\/\" target=\"_blank\">PELUQUERIAS PASCUAL<\/a><\/td><td style=\" text-transform: uppercase; \">AV PIO XII(N.CENTRO,L.154) 2<\/td><td><a href=\"https:\/\/www.google.es\/maps\/?q=AV+PIO+XII%28N.CENTRO%2CL.154%29+2+46009\" target=\"_blank\">Veure ubicaci\u00f3<\/a><\/td><\/tr><tr><td><img decoding=\"async\" src=\"\/wp-content\/uploads\/logos_establecimientos\/6512fcf7c894e.jpg\" loading=\"lazy\" style=\"width: 40px; height: 40px; object-fit: contain; border-radius: 50%; vertical-align: middle; margin-right: 6px;\"><a href=\"https:\/\/www.peluqueriaspascual.com\/\" target=\"_blank\">PELUQUERIAS PASCUAL<\/a><\/td><td style=\" text-transform: uppercase; \"> C\/ ISABEL LA CATOLICA, 23<\/td><td><a href=\"https:\/\/www.google.es\/maps\/?q=+C%2F+ISABEL+LA+CATOLICA%2C+23+46004\" target=\"_blank\">Veure ubicaci\u00f3<\/a><\/td><\/tr><tr><td>PELUQUERO PEDRO CALERO<\/td><td style=\" text-transform: uppercase; \">CALLE GIL ROGER NUM 13 <\/td><td><a href=\"https:\/\/www.google.es\/maps\/?q=CALLE+GIL+ROGER+NUM+13++46009\" target=\"_blank\">Veure ubicaci\u00f3<\/a><\/td><\/tr><tr><td><img decoding=\"async\" src=\"\/wp-content\/uploads\/logos_establecimientos\/68b6b6fb81599.JPG\" loading=\"lazy\" style=\"width: 40px; height: 40px; object-fit: contain; border-radius: 50%; vertical-align: middle; margin-right: 6px;\"><a href=\"https:\/\/pigogas.es\/\" target=\"_blank\">PIGOGAS EST\u00c9TICA Y BIOPELUQUER\u00cdA<\/a><\/td><td style=\" text-transform: uppercase; \">c\/ Cuenca, 121, bajo derecha peluqueria<\/td><td><a href=\"https:\/\/www.google.es\/maps\/?q=c%2F+Cuenca%2C+121%2C+bajo+derecha+peluqueria+46007\" target=\"_blank\">Veure ubicaci\u00f3<\/a><\/td><\/tr><tr><td><a href=\"\/\/@byrafagirbes_peluqueros\" target=\"_blank\">RAFA GIRBES PELUQUEROS<\/a><\/td><td style=\" text-transform: uppercase; \">C\/Arzobispo Mayoral, 11, b<\/td><td><a href=\"https:\/\/www.google.es\/maps\/?q=C%2FArzobispo+Mayoral%2C+11%2C+b+46002\" target=\"_blank\">Veure ubicaci\u00f3<\/a><\/td><\/tr><tr><td><img decoding=\"async\" src=\"\/wp-content\/uploads\/2025\/07\/WhatsApp-Image-2025-07-01-at-17.28.36.jpeg\" loading=\"lazy\" style=\"width: 40px; height: 40px; object-fit: contain; border-radius: 50%; vertical-align: middle; margin-right: 6px;\"><a href=\"https:\/\/saharayas.com\/\" target=\"_blank\">SAHARAYAS BEAUTY EXPERIENCIE<\/a><\/td><td style=\" text-transform: uppercase; \">Calle Cirilo Amor\u00f3s 27, 46004, Valencia<\/td><td><a href=\"https:\/\/www.google.es\/maps\/?q=Calle+Cirilo+Amor%C3%B3s+27%2C+46004%2C+Valencia+46004\" target=\"_blank\">Veure ubicaci\u00f3<\/a><\/td><\/tr><tr><td>SALON CARMEN AGUILELLA<\/td><td style=\" text-transform: uppercase; \">Plaza segovia 13 <\/td><td><a href=\"https:\/\/www.google.es\/maps\/?q=Plaza+segovia+13++46017\" target=\"_blank\">Veure ubicaci\u00f3<\/a><\/td><\/tr><tr><td><img decoding=\"async\" src=\"\/wp-content\/uploads\/logos_establecimientos\/6865560ed85df.png\" loading=\"lazy\" style=\"width: 40px; height: 40px; object-fit: contain; border-radius: 50%; vertical-align: middle; margin-right: 6px;\"><a href=\"https:\/\/salonica-salons.com\/\" target=\"_blank\">SALONICA<\/a><\/td><td style=\" text-transform: uppercase; \">Calle Sagunto, 125<\/td><td><a href=\"https:\/\/www.google.es\/maps\/?q=Calle+Sagunto%2C+125+46009\" target=\"_blank\">Veure ubicaci\u00f3<\/a><\/td><\/tr><tr><td><img decoding=\"async\" src=\"\/wp-content\/uploads\/logos_establecimientos\/68932ffecf89f.jpg\" loading=\"lazy\" style=\"width: 40px; height: 40px; object-fit: contain; border-radius: 50%; vertical-align: middle; margin-right: 6px;\"><a href=\"https:\/\/www.instagram.com\/samsara_estetic?igsh=mtbxogfudgrrzgl4bg==\" target=\"_blank\">SAMSARA ESTETIC<\/a><\/td><td style=\" text-transform: uppercase; \">C\/ GARRIGUES, 3 Planta: 8 Puerta: C <\/td><td><a href=\"https:\/\/www.google.es\/maps\/?q=C%2F+GARRIGUES%2C+3+Planta%3A+8+Puerta%3A+C++46001\" target=\"_blank\">Veure ubicaci\u00f3<\/a><\/td><\/tr><tr><td>SENTIR NATURA SL<\/td><td style=\" text-transform: uppercase; \">Calle Mistral, 14<\/td><td><a href=\"https:\/\/www.google.es\/maps\/?q=Calle+Mistral%2C+14+46020\" target=\"_blank\">Veure ubicaci\u00f3<\/a><\/td><\/tr><tr><td><a href=\"\/\/www.sinmaspiojitos.com\" target=\"_blank\">SIN MAS PIOJITOS<\/a><\/td><td style=\" text-transform: uppercase; \">plaza polo bernabe 7<\/td><td><a href=\"https:\/\/www.google.es\/maps\/?q=plaza+polo+bernabe+7+46010\" target=\"_blank\">Veure ubicaci\u00f3<\/a><\/td><\/tr><tr><td><a href=\"\/\/www.sinmaspiojitos.com\" target=\"_blank\">SIN MAS PIOJITOS<\/a><\/td><td style=\" text-transform: uppercase; \">Calle Juan Aguilar 2<\/td><td><a href=\"https:\/\/www.google.es\/maps\/?q=Calle+Juan+Aguilar+2+46015\" target=\"_blank\">Veure ubicaci\u00f3<\/a><\/td><\/tr><tr><td>SOHO PELUQUEROS<\/td><td style=\" text-transform: uppercase; \">Calle Cuenca 42 bajo izq.<\/td><td><a href=\"https:\/\/www.google.es\/maps\/?q=Calle+Cuenca+42+bajo+izq.+46007\" target=\"_blank\">Veure ubicaci\u00f3<\/a><\/td><\/tr><tr><td><img decoding=\"async\" src=\"\/wp-content\/uploads\/logos_establecimientos\/688135e97e1d9.jpg\" loading=\"lazy\" style=\"width: 40px; height: 40px; object-fit: contain; border-radius: 50%; vertical-align: middle; margin-right: 6px;\"><a href=\"https:\/\/g.co\/kgs\/vc5x2m6\" target=\"_blank\">SONIA ALFONSO &#8211; PELUQUER\u00cdA Y MAQUILLAJE<\/a><\/td><td style=\" text-transform: uppercase; \">Calle Juan Llorens, n\u00famero 11, bajo <\/td><td><a href=\"https:\/\/www.google.es\/maps\/?q=Calle+Juan+Llorens%2C+n%C3%BAmero+11%2C+bajo++46008\" target=\"_blank\">Veure ubicaci\u00f3<\/a><\/td><\/tr><tr><td><img decoding=\"async\" src=\"\/wp-content\/uploads\/logos_establecimientos\/68814cbeab0ec.jpg\" loading=\"lazy\" style=\"width: 40px; height: 40px; object-fit: contain; border-radius: 50%; vertical-align: middle; margin-right: 6px;\"><a href=\"https:\/\/urbanchicpeluqueria.es\/\" target=\"_blank\">URBAN CHIC ANGELA IBA\u00d1EZ<\/a><\/td><td style=\" text-transform: uppercase; \">C\/ FELIX PIZCUETA, 21<\/td><td><a href=\"https:\/\/www.google.es\/maps\/?q=C%2F+FELIX+PIZCUETA%2C+21+46004\" target=\"_blank\">Veure ubicaci\u00f3<\/a><\/td><\/tr><tr><td><img decoding=\"async\" src=\"\/wp-content\/uploads\/logos_establecimientos\/68825dbaa8191.jpg\" loading=\"lazy\" style=\"width: 40px; height: 40px; object-fit: contain; border-radius: 50%; vertical-align: middle; margin-right: 6px;\">VELIA BY CAROL LOPEZ<\/td><td style=\" text-transform: uppercase; \">C\/ Pedro Cabanes, 128 bajo<\/td><td><a href=\"https:\/\/www.google.es\/maps\/?q=C%2F+Pedro+Cabanes%2C+128+bajo+46025\" target=\"_blank\">Veure ubicaci\u00f3<\/a><\/td><\/tr><tr><td><img decoding=\"async\" src=\"\/wp-content\/uploads\/logos_establecimientos\/68baa1c8146f9.jpeg\" loading=\"lazy\" style=\"width: 40px; height: 40px; object-fit: contain; border-radius: 50%; vertical-align: middle; margin-right: 6px;\"><a href=\"https:\/\/www.instagram.com\/veronicaibanezesteticaintegral?igsh=yzq4mhhvatn6ytdj&#038;utm_source=qr\" target=\"_blank\">VER\u00d3NICA IB\u00c1\u00d1EZ RUBIO<\/a><\/td><td style=\" text-transform: uppercase; \">Carrera Malilla 82<\/td><td><a href=\"https:\/\/www.google.es\/maps\/?q=Carrera+Malilla+82+46026\" target=\"_blank\">Veure ubicaci\u00f3<\/a><\/td><\/tr><tr><td><img decoding=\"async\" src=\"\/wp-content\/uploads\/logos_establecimientos\/68baa4b29677e.jpeg\" loading=\"lazy\" style=\"width: 40px; height: 40px; object-fit: contain; border-radius: 50%; vertical-align: middle; margin-right: 6px;\"><a href=\"https:\/\/www.instagram.com\/veronicaibanezesteticaintegral?igsh=yzq4mhhvatn6ytdj&#038;utm_source=qr\" target=\"_blank\">VER\u00d3NICA IB\u00c1\u00d1EZ RUBIO<\/a><\/td><td style=\" text-transform: uppercase; \">Carrera Malilla 82<\/td><td><a href=\"https:\/\/www.google.es\/maps\/?q=Carrera+Malilla+82+46026\" target=\"_blank\">Veure ubicaci\u00f3<\/a><\/td><\/tr><\/table>[\/vc_tta_section][vc_tta_section title=&#8221;PER A COL\u00b7LECCIONISTES: SEGELLS, MONEDES, ETC.&#8221; tab_id=&#8221;9bf31c7ff062936a96d3c8bd1f8f2ff3&#8243;]<table><tr><th>NOM<\/th><th>DIRECCI\u00d3<\/th><th>UBICACI\u00d3<\/th><\/tr><tr><td><img decoding=\"async\" src=\"\/wp-content\/uploads\/logos_establecimientos\/688743551fd27.jpg\" loading=\"lazy\" style=\"width: 40px; height: 40px; object-fit: contain; border-radius: 50%; vertical-align: middle; margin-right: 6px;\"><a href=\"\/\/juanvitoria.com\" target=\"_blank\">DISCOS AMSTERDAM<\/a><\/td><td style=\" text-transform: uppercase; \">Av Pio XII (nuevo centro local 80) VALENCIA<\/td><td><a href=\"https:\/\/www.google.es\/maps\/?q=Av+Pio+XII+%28nuevo+centro+local+80%29+VALENCIA+46009\" target=\"_blank\">Veure ubicaci\u00f3<\/a><\/td><\/tr><tr><td><img decoding=\"async\" src=\"\/wp-content\/uploads\/logos_establecimientos\/686547ba8a195.jpg\" loading=\"lazy\" style=\"width: 40px; height: 40px; object-fit: contain; border-radius: 50%; vertical-align: middle; margin-right: 6px;\"><a href=\"https:\/\/www.instagram.com\/discosoldiesvalencia\/\" target=\"_blank\">DISCOS OLDIES<\/a><\/td><td style=\" text-transform: uppercase; \">C\/Ntra. Sra. De Gracia 6<\/td><td><a href=\"https:\/\/www.google.es\/maps\/?q=C%2FNtra.+Sra.+De+Gracia+6+46001\" target=\"_blank\">Veure ubicaci\u00f3<\/a><\/td><\/tr><tr><td><img decoding=\"async\" src=\"\/wp-content\/uploads\/logos_establecimientos\/68ca7bee6f5cb.jpg\" loading=\"lazy\" style=\"width: 40px; height: 40px; object-fit: contain; border-radius: 50%; vertical-align: middle; margin-right: 6px;\"><a href=\"https:\/\/ebay.es\/str\/numismaticaalcover\" target=\"_blank\">FRANCISCO ALCOVER BARRACHINA<\/a><\/td><td style=\" text-transform: uppercase; \">Don Juan de Austria, 4, desp. 69<\/td><td><a href=\"https:\/\/www.google.es\/maps\/?q=Don+Juan+de+Austria%2C+4%2C+desp.+69+46002\" target=\"_blank\">Veure ubicaci\u00f3<\/a><\/td><\/tr><tr><td><img decoding=\"async\" src=\"\/wp-content\/uploads\/logos_establecimientos\/68c001c9d4987.jpg\" loading=\"lazy\" style=\"width: 40px; height: 40px; object-fit: contain; border-radius: 50%; vertical-align: middle; margin-right: 6px;\"><a href=\"https:\/\/rosebudbandasonora.com\/tienda\/es\/\" target=\"_blank\">ROSEBUD TIENDA DE CINE<\/a><\/td><td style=\" text-transform: uppercase; \">C\/ PELAYO, 9-BJ<\/td><td><a href=\"https:\/\/www.google.es\/maps\/?q=C%2F+PELAYO%2C+9-BJ+46007\" target=\"_blank\">Veure ubicaci\u00f3<\/a><\/td><\/tr><\/table>[\/vc_tta_section][vc_tta_section title=&#8221;PERFUMERIA I COSM\u00c8TICS&#8221; tab_id=&#8221;1679091c5a880faf6fb5e6087eb1b2dc&#8221;]<table><tr><th>NOM<\/th><th>DIRECCI\u00d3<\/th><th>UBICACI\u00d3<\/th><\/tr><tr><td><img decoding=\"async\" src=\"\/wp-content\/uploads\/logos_establecimientos\/68d44aae9d984.jpg\" loading=\"lazy\" style=\"width: 40px; height: 40px; object-fit: contain; border-radius: 50%; vertical-align: middle; margin-right: 6px;\"><a href=\"https:\/\/www.instagram.com\/beautycorner.yg?igsh=ehmxbgo3amjnexky&#038;utm_source=qr\" target=\"_blank\">BEAUTY CORNER BY YAIZA<\/a><\/td><td style=\" text-transform: uppercase; \">Plaza d\u00b4Asencio Chirivella Advocada 9<\/td><td><a href=\"https:\/\/www.google.es\/maps\/?q=Plaza+d%C2%B4Asencio+Chirivella+Advocada+9+46023\" target=\"_blank\">Veure ubicaci\u00f3<\/a><\/td><\/tr><tr><td><img decoding=\"async\" src=\"\/wp-content\/uploads\/logos_establecimientos\/650dbbb0cb1b7.jpg\" loading=\"lazy\" style=\"width: 40px; height: 40px; object-fit: contain; border-radius: 50%; vertical-align: middle; margin-right: 6px;\"><a href=\"\/\/www.depelo.com\" target=\"_blank\">DEPELO<\/a><\/td><td style=\" text-transform: uppercase; \">CL PROFESOR BELTRAN BAGUENA 4<\/td><td><a href=\"https:\/\/www.google.es\/maps\/?q=CL+PROFESOR+BELTRAN+BAGUENA+4+46009\" target=\"_blank\">Veure ubicaci\u00f3<\/a><\/td><\/tr><tr><td><a href=\"\/\/www.essencials.es\" target=\"_blank\">ESSENCIALS COSMETICA NATURAL<\/a><\/td><td style=\" text-transform: uppercase; \">C\/ OLTA 40 BAJO<\/td><td><a href=\"https:\/\/www.google.es\/maps\/?q=C%2F+OLTA+40+BAJO+46026\" target=\"_blank\">Veure ubicaci\u00f3<\/a><\/td><\/tr><tr><td><img decoding=\"async\" src=\"\/wp-content\/uploads\/logos_establecimientos\/650ca90e4e783.jpg\" loading=\"lazy\" style=\"width: 40px; height: 40px; object-fit: contain; border-radius: 50%; vertical-align: middle; margin-right: 6px;\"><a href=\"https:\/\/hairextensioncanada.com\/\" target=\"_blank\">HAIR EXTENSION CANADA<\/a><\/td><td style=\" text-transform: uppercase; \">C\/ CONVENTO JERUSALEN, 49<\/td><td><a href=\"https:\/\/www.google.es\/maps\/?q=C%2F+CONVENTO+JERUSALEN%2C+49+46007\" target=\"_blank\">Veure ubicaci\u00f3<\/a><\/td><\/tr><tr><td><img decoding=\"async\" src=\"\/wp-content\/uploads\/logos_establecimientos\/650dbd1bd475a.jpg\" loading=\"lazy\" style=\"width: 40px; height: 40px; object-fit: contain; border-radius: 50%; vertical-align: middle; margin-right: 6px;\"><a href=\"\/\/www.depelo.com\" target=\"_blank\">HAIR UP<\/a><\/td><td style=\" text-transform: uppercase; \">AVDA. MARIA CRISTINA, 1<\/td><td><a href=\"https:\/\/www.google.es\/maps\/?q=AVDA.+MARIA+CRISTINA%2C+1+46002\" target=\"_blank\">Veure ubicaci\u00f3<\/a><\/td><\/tr><tr><td><img decoding=\"async\" src=\"\/wp-content\/uploads\/logos_establecimientos\/650dbe6043ec8.jpeg\" loading=\"lazy\" style=\"width: 40px; height: 40px; object-fit: contain; border-radius: 50%; vertical-align: middle; margin-right: 6px;\"><a href=\"\/\/www.depelo.com\" target=\"_blank\">NATURA<\/a><\/td><td style=\" text-transform: uppercase; \">C\/ CONVENTO JERUSALEN, 47<\/td><td><a href=\"https:\/\/www.google.es\/maps\/?q=C%2F+CONVENTO+JERUSALEN%2C+47+46007\" target=\"_blank\">Veure ubicaci\u00f3<\/a><\/td><\/tr><tr><td><img decoding=\"async\" src=\"\/wp-content\/uploads\/logos_establecimientos\/66aa0ebb95de6.png\" loading=\"lazy\" style=\"width: 40px; height: 40px; object-fit: contain; border-radius: 50%; vertical-align: middle; margin-right: 6px;\"><a href=\"https:\/\/www.pacoperfumerias.com\/perfumerias-valencia-ciudad-nuevo-centro\" target=\"_blank\">PACO PERFUMER\u00cdAS S.L<\/a><\/td><td style=\" text-transform: uppercase; \">Centro Comercial Nuevo Centro, Local 122B. Avenida Pio XII, 2 &#8211;  (Valencia)<\/td><td><a href=\"https:\/\/www.google.es\/maps\/?q=Centro+Comercial+Nuevo+Centro%2C+Local+122B.+Avenida+Pio+XII%2C+2+-++%28Valencia%29+46009\" target=\"_blank\">Veure ubicaci\u00f3<\/a><\/td><\/tr><tr><td><img decoding=\"async\" src=\"\/wp-content\/uploads\/logos_establecimientos\/66aa0f78715f3.png\" loading=\"lazy\" style=\"width: 40px; height: 40px; object-fit: contain; border-radius: 50%; vertical-align: middle; margin-right: 6px;\"><a href=\"https:\/\/www.pacoperfumerias.com\/perfumerias-valencia-ciudad-muro-de-santa-ana\" target=\"_blank\">PACO PERFUMER\u00cdAS S.L<\/a><\/td><td style=\" text-transform: uppercase; \">Calle Muro de Santa Ana, 4 &#8211;  (Valencia)<\/td><td><a href=\"https:\/\/www.google.es\/maps\/?q=Calle+Muro+de+Santa+Ana%2C+4+-++%28Valencia%29+46003\" target=\"_blank\">Veure ubicaci\u00f3<\/a><\/td><\/tr><tr><td><img decoding=\"async\" src=\"\/wp-content\/uploads\/logos_establecimientos\/66aa105e4537b.png\" loading=\"lazy\" style=\"width: 40px; height: 40px; object-fit: contain; border-radius: 50%; vertical-align: middle; margin-right: 6px;\"><a href=\"https:\/\/www.pacoperfumerias.com\/perfumerias-valencia-ciudad-plaza-ninos-san-vicente\" target=\"_blank\">PACO PERFUMER\u00cdAS S.L<\/a><\/td><td style=\" text-transform: uppercase; \">Plaza Ni\u00f1os San Vicente, 2 &#8211;  (Valencia)<\/td><td><a href=\"https:\/\/www.google.es\/maps\/?q=Plaza+Ni%C3%B1os+San+Vicente%2C+2+-++%28Valencia%29+46002\" target=\"_blank\">Veure ubicaci\u00f3<\/a><\/td><\/tr><tr><td><img decoding=\"async\" src=\"\/wp-content\/uploads\/logos_establecimientos\/66aa115625462.png\" loading=\"lazy\" style=\"width: 40px; height: 40px; object-fit: contain; border-radius: 50%; vertical-align: middle; margin-right: 6px;\"><a href=\"https:\/\/www.pacoperfumerias.com\/perfumerias-valencia-ciudad-colon\" target=\"_blank\">PACO PERFUMER\u00cdAS S.L<\/a><\/td><td style=\" text-transform: uppercase; \">Calle Col\u00f3n, 9 &#8211;  (Valencia)<\/td><td><a href=\"https:\/\/www.google.es\/maps\/?q=Calle+Col%C3%B3n%2C+9+-++%28Valencia%29+46004\" target=\"_blank\">Veure ubicaci\u00f3<\/a><\/td><\/tr><tr><td><img decoding=\"async\" src=\"\/wp-content\/uploads\/logos_establecimientos\/66aa11bb69fc8.png\" loading=\"lazy\" style=\"width: 40px; height: 40px; object-fit: contain; border-radius: 50%; vertical-align: middle; margin-right: 6px;\"><a href=\"https:\/\/www.pacoperfumerias.com\/perfumerias-valencia-ciudad-doctor-moliner\" target=\"_blank\">PACO PERFUMER\u00cdAS S.L<\/a><\/td><td style=\" text-transform: uppercase; \">Calle Dr. Moliner, 13 &#8211;  (Valencia)<\/td><td><a href=\"https:\/\/www.google.es\/maps\/?q=Calle+Dr.+Moliner%2C+13+-++%28Valencia%29+46010\" target=\"_blank\">Veure ubicaci\u00f3<\/a><\/td><\/tr><tr><td><img decoding=\"async\" src=\"\/wp-content\/uploads\/logos_establecimientos\/66aa121e924a4.png\" loading=\"lazy\" style=\"width: 40px; height: 40px; object-fit: contain; border-radius: 50%; vertical-align: middle; margin-right: 6px;\"><a href=\"https:\/\/www.pacoperfumerias.com\/perfumerias-valencia-ciudad-marques-del-turia\" target=\"_blank\">PACO PERFUMER\u00cdAS S.L<\/a><\/td><td style=\" text-transform: uppercase; \">Gran V\u00eda Marqu\u00e9s del Turia, 63 &#8211;  (Valencia)<\/td><td><a href=\"https:\/\/www.google.es\/maps\/?q=Gran+V%C3%ADa+Marqu%C3%A9s+del+Turia%2C+63+-++%28Valencia%29+46005\" target=\"_blank\">Veure ubicaci\u00f3<\/a><\/td><\/tr><tr><td><img decoding=\"async\" src=\"\/wp-content\/uploads\/logos_establecimientos\/66aa1277926bb.png\" loading=\"lazy\" style=\"width: 40px; height: 40px; object-fit: contain; border-radius: 50%; vertical-align: middle; margin-right: 6px;\"><a href=\"https:\/\/www.pacoperfumerias.com\/perfumerias-valencia-ciudad-rodriguez-de-cepeda\" target=\"_blank\">PACO PERFUMER\u00cdAS S.L<\/a><\/td><td style=\" text-transform: uppercase; \">Calle de Rodr\u00edguez de Cepeda, 37 &#8211;  (Valencia)<\/td><td><a href=\"https:\/\/www.google.es\/maps\/?q=Calle+de+Rodr%C3%ADguez+de+Cepeda%2C+37+-++%28Valencia%29+46021\" target=\"_blank\">Veure ubicaci\u00f3<\/a><\/td><\/tr><tr><td>PARAFARMACIA ESTACION DEL NORTE<\/td><td style=\" text-transform: uppercase; \">CALLE XATIVA 24<\/td><td><a href=\"https:\/\/www.google.es\/maps\/?q=CALLE+XATIVA+24+46007\" target=\"_blank\">Veure ubicaci\u00f3<\/a><\/td><\/tr><tr><td>PARAFARMACIA ESTACION JOAQUIN SOROLLA<\/td><td style=\" text-transform: uppercase; \">CALLE SAN VICENTE 171<\/td><td><a href=\"https:\/\/www.google.es\/maps\/?q=CALLE+SAN+VICENTE+171+46007\" target=\"_blank\">Veure ubicaci\u00f3<\/a><\/td><\/tr><tr><td><img decoding=\"async\" src=\"\/wp-content\/uploads\/logos_establecimientos\/688351903e8cd.png\" loading=\"lazy\" style=\"width: 40px; height: 40px; object-fit: contain; border-radius: 50%; vertical-align: middle; margin-right: 6px;\"><a href=\"\/\/www.perfumarte.com\" target=\"_blank\">PERFUMARTE<\/a><\/td><td style=\" text-transform: uppercase; \">CALLE COLON 40<\/td><td><a href=\"https:\/\/www.google.es\/maps\/?q=CALLE+COLON+40+46004\" target=\"_blank\">Veure ubicaci\u00f3<\/a><\/td><\/tr><tr><td><img decoding=\"async\" src=\"\/wp-content\/uploads\/logos_establecimientos\/688352d96610f.png\" loading=\"lazy\" style=\"width: 40px; height: 40px; object-fit: contain; border-radius: 50%; vertical-align: middle; margin-right: 6px;\"><a href=\"\/\/www.perfumarte.com\" target=\"_blank\">PERFUMARTE<\/a><\/td><td style=\" text-transform: uppercase; \">CENTRO COMERCIAL ARENA<\/td><td><a href=\"https:\/\/www.google.es\/maps\/?q=CENTRO+COMERCIAL+ARENA+46002\" target=\"_blank\">Veure ubicaci\u00f3<\/a><\/td><\/tr><tr><td><img decoding=\"async\" src=\"\/wp-content\/uploads\/logos_establecimientos\/68835faf57cb8.png\" loading=\"lazy\" style=\"width: 40px; height: 40px; object-fit: contain; border-radius: 50%; vertical-align: middle; margin-right: 6px;\"><a href=\"\/\/www.perfumarte.com\" target=\"_blank\">PERFUMARTE<\/a><\/td><td style=\" text-transform: uppercase; \">CALLE SAN VICENTE MARTIR 110<\/td><td><a href=\"https:\/\/www.google.es\/maps\/?q=CALLE+SAN+VICENTE+MARTIR+110+46007\" target=\"_blank\">Veure ubicaci\u00f3<\/a><\/td><\/tr><tr><td><img decoding=\"async\" src=\"\/wp-content\/uploads\/logos_establecimientos\/688360a70fe37.png\" loading=\"lazy\" style=\"width: 40px; height: 40px; object-fit: contain; border-radius: 50%; vertical-align: middle; margin-right: 6px;\"><a href=\"\/\/www.perfumarte.com\" target=\"_blank\">PERFUMARTE<\/a><\/td><td style=\" text-transform: uppercase; \">CALLE PINTOR BENEDITO 4 EXTRAMURS<\/td><td><a href=\"https:\/\/www.google.es\/maps\/?q=CALLE+PINTOR+BENEDITO+4+EXTRAMURS+46007\" target=\"_blank\">Veure ubicaci\u00f3<\/a><\/td><\/tr><tr><td><img decoding=\"async\" src=\"\/wp-content\/uploads\/logos_establecimientos\/6883616dc7ff3.png\" loading=\"lazy\" style=\"width: 40px; height: 40px; object-fit: contain; border-radius: 50%; vertical-align: middle; margin-right: 6px;\"><a href=\"\/\/www.perfumarte.com\" target=\"_blank\">PERFUMARTE<\/a><\/td><td style=\" text-transform: uppercase; \">CALLE DR MANUEL CANDELA 35 <\/td><td><a href=\"https:\/\/www.google.es\/maps\/?q=CALLE+DR+MANUEL+CANDELA+35++46021\" target=\"_blank\">Veure ubicaci\u00f3<\/a><\/td><\/tr><tr><td><img decoding=\"async\" src=\"\/wp-content\/uploads\/logos_establecimientos\/650339d05b5cb.JPG\" loading=\"lazy\" style=\"width: 40px; height: 40px; object-fit: contain; border-radius: 50%; vertical-align: middle; margin-right: 6px;\"><a href=\"\/\/perfumarte.com\" target=\"_blank\">PERFUMARTE<\/a><\/td><td style=\" text-transform: uppercase; \">AVDA. MAR\u00cdA CRISTINA, 9<\/td><td><a href=\"https:\/\/www.google.es\/maps\/?q=AVDA.+MAR%C3%8DA+CRISTINA%2C+9+46001\" target=\"_blank\">Veure ubicaci\u00f3<\/a><\/td><\/tr><tr><td><img decoding=\"async\" src=\"\/wp-content\/uploads\/logos_establecimientos\/6875eb9f32487.jpeg\" loading=\"lazy\" style=\"width: 40px; height: 40px; object-fit: contain; border-radius: 50%; vertical-align: middle; margin-right: 6px;\">PERFUMARTE BENICALAP<\/td><td style=\" text-transform: uppercase; \">AV. DE BURJASOT, 209<\/td><td><a href=\"https:\/\/www.google.es\/maps\/?q=AV.+DE+BURJASOT%2C+209+46015\" target=\"_blank\">Veure ubicaci\u00f3<\/a><\/td><\/tr><tr><td><img decoding=\"async\" src=\"\/wp-content\/uploads\/logos_establecimientos\/6888bc5bc137c.jpg\" loading=\"lazy\" style=\"width: 40px; height: 40px; object-fit: contain; border-radius: 50%; vertical-align: middle; margin-right: 6px;\"><a href=\"\/\/@perfumes_fontanares\" target=\"_blank\">PERFUMARTE FONTANARES<\/a><\/td><td style=\" text-transform: uppercase; \">CALLE FONTANARES 41 BJ<\/td><td><a href=\"https:\/\/www.google.es\/maps\/?q=CALLE+FONTANARES+41+BJ+46014\" target=\"_blank\">Veure ubicaci\u00f3<\/a><\/td><\/tr><tr><td><img decoding=\"async\" src=\"\/wp-content\/uploads\/logos_establecimientos\/6867a06480cf8.png\" loading=\"lazy\" style=\"width: 40px; height: 40px; object-fit: contain; border-radius: 50%; vertical-align: middle; margin-right: 6px;\">PERFUMARTE JUAN XXIII<\/td><td style=\" text-transform: uppercase; \">Avenida Juan XXIII 4 (perfumarte)<\/td><td><a href=\"https:\/\/www.google.es\/maps\/?q=Avenida+Juan+XXIII+4+%28perfumarte%29+46025\" target=\"_blank\">Veure ubicaci\u00f3<\/a><\/td><\/tr><tr><td><img decoding=\"async\" src=\"\/wp-content\/uploads\/logos_establecimientos\/68c96bde0d309.jpg\" loading=\"lazy\" style=\"width: 40px; height: 40px; object-fit: contain; border-radius: 50%; vertical-align: middle; margin-right: 6px;\"><a href=\"https:\/\/g.co\/kgs\/cnmusgb\" target=\"_blank\">PERFUMARTE MALILLA<\/a><\/td><td style=\" text-transform: uppercase; \">Calle Juan Ram\u00f3n Jim\u00e9nez 44<\/td><td><a href=\"https:\/\/www.google.es\/maps\/?q=Calle+Juan+Ram%C3%B3n+Jim%C3%A9nez+44+46026\" target=\"_blank\">Veure ubicaci\u00f3<\/a><\/td><\/tr><tr><td><img decoding=\"async\" src=\"\/wp-content\/uploads\/logos_establecimientos\/68779a50a7572.jpg\" loading=\"lazy\" style=\"width: 40px; height: 40px; object-fit: contain; border-radius: 50%; vertical-align: middle; margin-right: 6px;\">PERFUMARTE PRIMERO DE MAYO<\/td><td style=\" text-transform: uppercase; \">AV PRIMERO DE MAYO  41<\/td><td><a href=\"https:\/\/www.google.es\/maps\/?q=AV+PRIMERO+DE+MAYO++41+46017\" target=\"_blank\">Veure ubicaci\u00f3<\/a><\/td><\/tr><tr><td><img decoding=\"async\" src=\"\/wp-content\/uploads\/logos_establecimientos\/6512caab29f8f.jpg\" loading=\"lazy\" style=\"width: 40px; height: 40px; object-fit: contain; border-radius: 50%; vertical-align: middle; margin-right: 6px;\"><a href=\"\/\/www.prieto.es\" target=\"_blank\">PERFUMERIA PRIETO<\/a><\/td><td style=\" text-transform: uppercase; \">C\/ Don Juan de Austria 7,<\/td><td><a href=\"https:\/\/www.google.es\/maps\/?q=C%2F+Don+Juan+de+Austria+7%2C+46002\" target=\"_blank\">Veure ubicaci\u00f3<\/a><\/td><\/tr><tr><td><img decoding=\"async\" src=\"\/wp-content\/uploads\/logos_establecimientos\/6512cd4d039ec.jpg\" loading=\"lazy\" style=\"width: 40px; height: 40px; object-fit: contain; border-radius: 50%; vertical-align: middle; margin-right: 6px;\"><a href=\"\/\/www.prieto.es\" target=\"_blank\">PERFUMERIA PRIETO<\/a><\/td><td style=\" text-transform: uppercase; \">C\/\u00c1ngel Guimer\u00e1, 72<\/td><td><a href=\"https:\/\/www.google.es\/maps\/?q=C%2F%C3%81ngel+Guimer%C3%A1%2C+72+46008\" target=\"_blank\">Veure ubicaci\u00f3<\/a><\/td><\/tr><tr><td><img decoding=\"async\" src=\"\/wp-content\/uploads\/logos_establecimientos\/6512ce5e4f071.jpg\" loading=\"lazy\" style=\"width: 40px; height: 40px; object-fit: contain; border-radius: 50%; vertical-align: middle; margin-right: 6px;\"><a href=\"\/\/www.prieto.es\" target=\"_blank\">PERFUMERIA PRIETO<\/a><\/td><td style=\" text-transform: uppercase; \">C\/Col\u00f3n, 15<\/td><td><a href=\"https:\/\/www.google.es\/maps\/?q=C%2FCol%C3%B3n%2C+15+46004\" target=\"_blank\">Veure ubicaci\u00f3<\/a><\/td><\/tr><tr><td><img decoding=\"async\" src=\"\/wp-content\/uploads\/logos_establecimientos\/6512d09da5059.jpg\" loading=\"lazy\" style=\"width: 40px; height: 40px; object-fit: contain; border-radius: 50%; vertical-align: middle; margin-right: 6px;\"><a href=\"\/\/www.prieto.es\" target=\"_blank\">PERFUMERIA PRIETO<\/a><\/td><td style=\" text-transform: uppercase; \">C.C.Nuevo Centro, Local 126BIS-127-128. Av. Pio XII, 2<\/td><td><a href=\"https:\/\/www.google.es\/maps\/?q=C.C.Nuevo+Centro%2C+Local+126BIS-127-128.+Av.+Pio+XII%2C+2+46009\" target=\"_blank\">Veure ubicaci\u00f3<\/a><\/td><\/tr><tr><td><img decoding=\"async\" src=\"\/wp-content\/uploads\/logos_establecimientos\/6513b9a556a92.jpg\" loading=\"lazy\" style=\"width: 40px; height: 40px; object-fit: contain; border-radius: 50%; vertical-align: middle; margin-right: 6px;\"><a href=\"\/\/www.prieto.es\" target=\"_blank\">PERFUMERIA PRIETO<\/a><\/td><td style=\" text-transform: uppercase; \">C\/\u00c1lvaro de Baz\u00e1n, 21<\/td><td><a href=\"https:\/\/www.google.es\/maps\/?q=C%2F%C3%81lvaro+de+Baz%C3%A1n%2C+21+46010\" target=\"_blank\">Veure ubicaci\u00f3<\/a><\/td><\/tr><tr><td><img decoding=\"async\" src=\"\/wp-content\/uploads\/logos_establecimientos\/6513ba7950b14.jpg\" loading=\"lazy\" style=\"width: 40px; height: 40px; object-fit: contain; border-radius: 50%; vertical-align: middle; margin-right: 6px;\"><a href=\"\/\/www.prieto.es\" target=\"_blank\">PERFUMERIA PRIETO<\/a><\/td><td style=\" text-transform: uppercase; \">C\/ Carcaixent, 4<\/td><td><a href=\"https:\/\/www.google.es\/maps\/?q=C%2F+Carcaixent%2C+4+46007\" target=\"_blank\">Veure ubicaci\u00f3<\/a><\/td><\/tr><tr><td><img decoding=\"async\" src=\"\/wp-content\/uploads\/logos_establecimientos\/6513bb7a24e6f.jpg\" loading=\"lazy\" style=\"width: 40px; height: 40px; object-fit: contain; border-radius: 50%; vertical-align: middle; margin-right: 6px;\"><a href=\"\/\/www.prieto.es\" target=\"_blank\">PERFUMER\u00cdA PRIETO<\/a><\/td><td style=\" text-transform: uppercase; \">C\/ Emilio Bar\u00f3, 63<\/td><td><a href=\"https:\/\/www.google.es\/maps\/?q=C%2F+Emilio+Bar%C3%B3%2C+63+46020\" target=\"_blank\">Veure ubicaci\u00f3<\/a><\/td><\/tr><tr><td><img decoding=\"async\" src=\"\/wp-content\/uploads\/logos_establecimientos\/6513bc3ab23e4.jpg\" loading=\"lazy\" style=\"width: 40px; height: 40px; object-fit: contain; border-radius: 50%; vertical-align: middle; margin-right: 6px;\"><a href=\"\/\/www.prieto.es\" target=\"_blank\">PERFUMER\u00cdA PRIETO<\/a><\/td><td style=\" text-transform: uppercase; \">C\/San Vicente M\u00e1rtir, 137<\/td><td><a href=\"https:\/\/www.google.es\/maps\/?q=C%2FSan+Vicente+M%C3%A1rtir%2C+137+46007\" target=\"_blank\">Veure ubicaci\u00f3<\/a><\/td><\/tr><tr><td><img decoding=\"async\" src=\"\/wp-content\/uploads\/logos_establecimientos\/652513d9d47e4.jpg\" loading=\"lazy\" style=\"width: 40px; height: 40px; object-fit: contain; border-radius: 50%; vertical-align: middle; margin-right: 6px;\"><a href=\"\/\/www.prieto.es\" target=\"_blank\">PERFUMERIA PRIETO<\/a><\/td><td style=\" text-transform: uppercase; \">C\/ Archiduque Carlos, 19<\/td><td><a href=\"https:\/\/www.google.es\/maps\/?q=C%2F+Archiduque+Carlos%2C+19+46018\" target=\"_blank\">Veure ubicaci\u00f3<\/a><\/td><\/tr><tr><td><img decoding=\"async\" src=\"\/wp-content\/uploads\/logos_establecimientos\/66d9d13ab86d7.jpg\" loading=\"lazy\" style=\"width: 40px; height: 40px; object-fit: contain; border-radius: 50%; vertical-align: middle; margin-right: 6px;\"><a href=\"\/\/www.prieto.es\" target=\"_blank\">PERFUMERIA PRIETO<\/a><\/td><td style=\" text-transform: uppercase; \">C\/ DR MANUEL CANDELA, 24<\/td><td><a href=\"https:\/\/www.google.es\/maps\/?q=C%2F+DR+MANUEL+CANDELA%2C+24+46021\" target=\"_blank\">Veure ubicaci\u00f3<\/a><\/td><\/tr><tr><td><img decoding=\"async\" src=\"\/wp-content\/uploads\/logos_establecimientos\/65120c385a334.jpg\" loading=\"lazy\" style=\"width: 40px; height: 40px; object-fit: contain; border-radius: 50%; vertical-align: middle; margin-right: 6px;\"><a href=\"https:\/\/www.facebook.com\/perfumeriaroyalvlc\/\" target=\"_blank\">PERFUMERIA ROYAL<\/a><\/td><td style=\" text-transform: uppercase; \">C\/ MUSICO PEYDRO, 3<\/td><td><a href=\"https:\/\/www.google.es\/maps\/?q=C%2F+MUSICO+PEYDRO%2C+3+46001\" target=\"_blank\">Veure ubicaci\u00f3<\/a><\/td><\/tr><tr><td><img decoding=\"async\" src=\"\/wp-content\/uploads\/logos_establecimientos\/6515de6db62ad.png\" loading=\"lazy\" style=\"width: 40px; height: 40px; object-fit: contain; border-radius: 50%; vertical-align: middle; margin-right: 6px;\"><a href=\"\/\/www.perfumeriaslaguna.com\" target=\"_blank\">PERFUMERIAS LAGUNA<\/a><\/td><td style=\" text-transform: uppercase; \">AVDA. PERIS Y VALERO, 159<\/td><td><a href=\"https:\/\/www.google.es\/maps\/?q=AVDA.+PERIS+Y+VALERO%2C+159+46005\" target=\"_blank\">Veure ubicaci\u00f3<\/a><\/td><\/tr><tr><td><img decoding=\"async\" src=\"\/wp-content\/uploads\/logos_establecimientos\/6515decd5ec82.png\" loading=\"lazy\" style=\"width: 40px; height: 40px; object-fit: contain; border-radius: 50%; vertical-align: middle; margin-right: 6px;\"><a href=\"\/\/www.perfumeriaslaguna.com\" target=\"_blank\">PERFUMERIAS LAGUNA<\/a><\/td><td style=\" text-transform: uppercase; \">C\/ CARTEROS, 46<\/td><td><a href=\"https:\/\/www.google.es\/maps\/?q=C%2F+CARTEROS%2C+46+46017\" target=\"_blank\">Veure ubicaci\u00f3<\/a><\/td><\/tr><tr><td><img decoding=\"async\" src=\"\/wp-content\/uploads\/logos_establecimientos\/6515e17663127.png\" loading=\"lazy\" style=\"width: 40px; height: 40px; object-fit: contain; border-radius: 50%; vertical-align: middle; margin-right: 6px;\"><a href=\"\/\/www.perfumeriaslaguna.com\" target=\"_blank\">PERFUMERIAS LAGUNA<\/a><\/td><td style=\" text-transform: uppercase; \">C\/ ROGER DE LAURIA, 18<\/td><td><a href=\"https:\/\/www.google.es\/maps\/?q=C%2F+ROGER+DE+LAURIA%2C+18+46002\" target=\"_blank\">Veure ubicaci\u00f3<\/a><\/td><\/tr><tr><td><img decoding=\"async\" src=\"\/wp-content\/uploads\/logos_establecimientos\/6515dc85b01e2.png\" loading=\"lazy\" style=\"width: 40px; height: 40px; object-fit: contain; border-radius: 50%; vertical-align: middle; margin-right: 6px;\"><a href=\"\/\/www.perfumeriaslaguna.com\" target=\"_blank\">PERFUMERIAS LAGUNA<\/a><\/td><td style=\" text-transform: uppercase; \">C\/ PINTOR STOLZ, 57<\/td><td><a href=\"https:\/\/www.google.es\/maps\/?q=C%2F+PINTOR+STOLZ%2C+57+46018\" target=\"_blank\">Veure ubicaci\u00f3<\/a><\/td><\/tr><tr><td><img decoding=\"async\" src=\"\/wp-content\/uploads\/logos_establecimientos\/6515dcf99c829.png\" loading=\"lazy\" style=\"width: 40px; height: 40px; object-fit: contain; border-radius: 50%; vertical-align: middle; margin-right: 6px;\"><a href=\"\/\/www.perfumeriaslaguna.com\" target=\"_blank\">PERFUMERIAS LAGUNA<\/a><\/td><td style=\" text-transform: uppercase; \">AVDA. DEL PUERTO, 111<\/td><td><a href=\"https:\/\/www.google.es\/maps\/?q=AVDA.+DEL+PUERTO%2C+111+46022\" target=\"_blank\">Veure ubicaci\u00f3<\/a><\/td><\/tr><tr><td><img decoding=\"async\" src=\"\/wp-content\/uploads\/logos_establecimientos\/6515dd75026c7.png\" loading=\"lazy\" style=\"width: 40px; height: 40px; object-fit: contain; border-radius: 50%; vertical-align: middle; margin-right: 6px;\"><a href=\"\/\/www.perfumeriaslaguna.com\" target=\"_blank\">PERFUMERIAS LAGUNA<\/a><\/td><td style=\" text-transform: uppercase; \">C\/ HERNAN CORTES, 16<\/td><td><a href=\"https:\/\/www.google.es\/maps\/?q=C%2F+HERNAN+CORTES%2C+16+46004\" target=\"_blank\">Veure ubicaci\u00f3<\/a><\/td><\/tr><tr><td><img decoding=\"async\" src=\"\/wp-content\/uploads\/logos_establecimientos\/6515dddc4f932.png\" loading=\"lazy\" style=\"width: 40px; height: 40px; object-fit: contain; border-radius: 50%; vertical-align: middle; margin-right: 6px;\"><a href=\"\/\/www.perfumeriaslaguna.com\" target=\"_blank\">PERFUMERIAS LAGUNA<\/a><\/td><td style=\" text-transform: uppercase; \">C\/ FELIX DEL RIOI, 10<\/td><td><a href=\"https:\/\/www.google.es\/maps\/?q=C%2F+FELIX+DEL+RIOI%2C+10+46025\" target=\"_blank\">Veure ubicaci\u00f3<\/a><\/td><\/tr><tr><td><img decoding=\"async\" src=\"\/wp-content\/uploads\/logos_establecimientos\/6515dfa6ae370.png\" loading=\"lazy\" style=\"width: 40px; height: 40px; object-fit: contain; border-radius: 50%; vertical-align: middle; margin-right: 6px;\"><a href=\"\/\/www.perfumeriaslaguna.com\" target=\"_blank\">PERFUMERIAS LAGUNA<\/a><\/td><td style=\" text-transform: uppercase; \">C\/EMILIO BARO, 22<\/td><td><a href=\"https:\/\/www.google.es\/maps\/?q=C%2FEMILIO+BARO%2C+22+46020\" target=\"_blank\">Veure ubicaci\u00f3<\/a><\/td><\/tr><tr><td><img decoding=\"async\" src=\"\/wp-content\/uploads\/logos_establecimientos\/6515e01c8029d.png\" loading=\"lazy\" style=\"width: 40px; height: 40px; object-fit: contain; border-radius: 50%; vertical-align: middle; margin-right: 6px;\"><a href=\"\/\/www.perfumeriaslaguna.com\" target=\"_blank\">PERFUMERIAS LAGUNA<\/a><\/td><td style=\" text-transform: uppercase; \">C\/JOSE MARIA HARO SALVADOR, 6<\/td><td><a href=\"https:\/\/www.google.es\/maps\/?q=C%2FJOSE+MARIA+HARO+SALVADOR%2C+6+46022\" target=\"_blank\">Veure ubicaci\u00f3<\/a><\/td><\/tr><tr><td><img decoding=\"async\" src=\"\/wp-content\/uploads\/logos_establecimientos\/6515e0713d757.png\" loading=\"lazy\" style=\"width: 40px; height: 40px; object-fit: contain; border-radius: 50%; vertical-align: middle; margin-right: 6px;\"><a href=\"\/\/www.perfumeriaslaguna.com\" target=\"_blank\">PERFUMERIAS LAGUNA<\/a><\/td><td style=\" text-transform: uppercase; \">C\/ CISCAR, 41<\/td><td><a href=\"https:\/\/www.google.es\/maps\/?q=C%2F+CISCAR%2C+41+46005\" target=\"_blank\">Veure ubicaci\u00f3<\/a><\/td><\/tr><tr><td><img decoding=\"async\" src=\"\/wp-content\/uploads\/logos_establecimientos\/6515e258c8893.png\" loading=\"lazy\" style=\"width: 40px; height: 40px; object-fit: contain; border-radius: 50%; vertical-align: middle; margin-right: 6px;\"><a href=\"\/\/www.perfumeriaslaguna.com\" target=\"_blank\">PERFUMERIAS LAGUNA<\/a><\/td><td style=\" text-transform: uppercase; \">C\/ PINTOR MATARANA, 11<\/td><td><a href=\"https:\/\/www.google.es\/maps\/?q=C%2F+PINTOR+MATARANA%2C+11+46025\" target=\"_blank\">Veure ubicaci\u00f3<\/a><\/td><\/tr><tr><td><img decoding=\"async\" src=\"\/wp-content\/uploads\/logos_establecimientos\/651681ab4243f.png\" loading=\"lazy\" style=\"width: 40px; height: 40px; object-fit: contain; border-radius: 50%; vertical-align: middle; margin-right: 6px;\"><a href=\"\/\/www.perfumeriaslaguna.com\" target=\"_blank\">PERFUMERIAS LAGUNA<\/a><\/td><td style=\" text-transform: uppercase; \">C\/ HUMANISTA MARINER, 14<\/td><td><a href=\"https:\/\/www.google.es\/maps\/?q=C%2F+HUMANISTA+MARINER%2C+14+46018\" target=\"_blank\">Veure ubicaci\u00f3<\/a><\/td><\/tr><tr><td><img decoding=\"async\" src=\"\/wp-content\/uploads\/logos_establecimientos\/651c919295971.png\" loading=\"lazy\" style=\"width: 40px; height: 40px; object-fit: contain; border-radius: 50%; vertical-align: middle; margin-right: 6px;\"><a href=\"\/\/www.perfumeriaslaguna.com\" target=\"_blank\">PERFUMERIAS LAGUNA<\/a><\/td><td style=\" text-transform: uppercase; \">C\/ BILBAO, 42<\/td><td><a href=\"https:\/\/www.google.es\/maps\/?q=C%2F+BILBAO%2C+42+46009\" target=\"_blank\">Veure ubicaci\u00f3<\/a><\/td><\/tr><tr><td><img decoding=\"async\" src=\"\/wp-content\/uploads\/logos_establecimientos\/66e195e919558.png\" loading=\"lazy\" style=\"width: 40px; height: 40px; object-fit: contain; border-radius: 50%; vertical-align: middle; margin-right: 6px;\"><a href=\"\/\/www.perfumeriaslaguna.com\" target=\"_blank\">PERFUMERIAS LAGUNA<\/a><\/td><td style=\" text-transform: uppercase; \">C\/ DANAIEL BALACIART<\/td><td><a href=\"https:\/\/www.google.es\/maps\/?q=C%2F+DANAIEL+BALACIART+46020\" target=\"_blank\">Veure ubicaci\u00f3<\/a><\/td><\/tr><tr><td><img decoding=\"async\" src=\"\/wp-content\/uploads\/logos_establecimientos\/66a89cd33657e.jpg\" loading=\"lazy\" style=\"width: 40px; height: 40px; object-fit: contain; border-radius: 50%; vertical-align: middle; margin-right: 6px;\"><a href=\"https:\/\/www.siscopel.es\/\" target=\"_blank\">SISCOPEL SL<\/a><\/td><td style=\" text-transform: uppercase; \">C\/ Adressadors, 13<\/td><td><a href=\"https:\/\/www.google.es\/maps\/?q=C%2F+Adressadors%2C+13+46001\" target=\"_blank\">Veure ubicaci\u00f3<\/a><\/td><\/tr><tr><td><img decoding=\"async\" src=\"\/wp-content\/uploads\/logos_establecimientos\/68d2608a7dc76.jpg\" loading=\"lazy\" style=\"width: 40px; height: 40px; object-fit: contain; border-radius: 50%; vertical-align: middle; margin-right: 6px;\">SOM BIO-COSMETICA VALENCIA<\/td><td style=\" text-transform: uppercase; \">Plaza bar\u00f3n del Cortes,sn.Mercado de Ruzafa,local Ext.106<\/td><td><a href=\"https:\/\/www.google.es\/maps\/?q=Plaza+bar%C3%B3n+del+Cortes%2Csn.Mercado+de+Ruzafa%2Clocal+Ext.106+46006\" target=\"_blank\">Veure ubicaci\u00f3<\/a><\/td><\/tr><tr><td><img decoding=\"async\" src=\"\/wp-content\/uploads\/logos_establecimientos\/6874c42bd562d.png\" loading=\"lazy\" style=\"width: 40px; height: 40px; object-fit: contain; border-radius: 50%; vertical-align: middle; margin-right: 6px;\"><a href=\"https:\/\/theblossomcare.com\/\" target=\"_blank\">THE BLOSSOMCARE COMPANY<\/a><\/td><td style=\" text-transform: uppercase; \">CALLE MART\u00cd, 24<\/td><td><a href=\"https:\/\/www.google.es\/maps\/?q=CALLE+MART%C3%8D%2C+24+46005\" target=\"_blank\">Veure ubicaci\u00f3<\/a><\/td><\/tr><tr><td><img decoding=\"async\" src=\"\/wp-content\/uploads\/logos_establecimientos\/650dbee9b44ac.jpeg\" loading=\"lazy\" style=\"width: 40px; height: 40px; object-fit: contain; border-radius: 50%; vertical-align: middle; margin-right: 6px;\"><a href=\"\/\/www.depelo.com\" target=\"_blank\">VALENCIA PELUCAS<\/a><\/td><td style=\" text-transform: uppercase; \">C\/ SAN VICENTE, 47<\/td><td><a href=\"https:\/\/www.google.es\/maps\/?q=C%2F+SAN+VICENTE%2C+47+46002\" target=\"_blank\">Veure ubicaci\u00f3<\/a><\/td><\/tr><\/table>[\/vc_tta_section][vc_tta_section title=&#8221;PRODUCTES ARTESANS&#8221; tab_id=&#8221;d645920e395fedad7bbbed0eca3fe2e0&#8243;]<table><tr><th>NOM<\/th><th>DIRECCI\u00d3<\/th><th>UBICACI\u00d3<\/th><\/tr><tr><td><img decoding=\"async\" src=\"\/wp-content\/uploads\/logos_establecimientos\/66b4ae7413130.png\" loading=\"lazy\" style=\"width: 40px; height: 40px; object-fit: contain; border-radius: 50%; vertical-align: middle; margin-right: 6px;\"><a href=\"\/\/www.abanicoscarbonell.com\" target=\"_blank\">ABANICOS CARBONELL<\/a><\/td><td style=\" text-transform: uppercase; \">CALLE CASTELL\u00d3N 21<\/td><td><a href=\"https:\/\/www.google.es\/maps\/?q=CALLE+CASTELL%C3%93N+21+46004\" target=\"_blank\">Veure ubicaci\u00f3<\/a><\/td><\/tr><tr><td><img decoding=\"async\" src=\"\/wp-content\/uploads\/2023\/10\/ABANICOS-VIBENCA.jpg\" loading=\"lazy\" style=\"width: 40px; height: 40px; object-fit: contain; border-radius: 50%; vertical-align: middle; margin-right: 6px;\"><a href=\"\/\/www.abanicosvibenca.es\" target=\"_blank\">ABANICOS VIBENCA<\/a><\/td><td style=\" text-transform: uppercase; \">PL LOPE DE VEGA 5<\/td><td><a href=\"https:\/\/www.google.es\/maps\/?q=PL+LOPE+DE+VEGA+5+46001\" target=\"_blank\">Veure ubicaci\u00f3<\/a><\/td><\/tr><tr><td><img decoding=\"async\" src=\"\/wp-content\/uploads\/logos_establecimientos\/6512e92d7f987.jpg\" loading=\"lazy\" style=\"width: 40px; height: 40px; object-fit: contain; border-radius: 50%; vertical-align: middle; margin-right: 6px;\"><a href=\"\/\/www.africart.es\" target=\"_blank\">AFRIC ART<\/a><\/td><td style=\" text-transform: uppercase; \">AVDA. MARIA CRISTINA, 4<\/td><td><a href=\"https:\/\/www.google.es\/maps\/?q=AVDA.+MARIA+CRISTINA%2C+4+46001\" target=\"_blank\">Veure ubicaci\u00f3<\/a><\/td><\/tr><tr><td><img decoding=\"async\" src=\"\/wp-content\/uploads\/logos_establecimientos\/66aa2e5b25cd9.jpeg\" loading=\"lazy\" style=\"width: 40px; height: 40px; object-fit: contain; border-radius: 50%; vertical-align: middle; margin-right: 6px;\">ANTIGUEDADES ME ENCANTA<\/td><td style=\" text-transform: uppercase; \">C\/ Comedias, 17 <\/td><td><a href=\"https:\/\/www.google.es\/maps\/?q=C%2F+Comedias%2C+17++46003\" target=\"_blank\">Veure ubicaci\u00f3<\/a><\/td><\/tr><tr><td><img decoding=\"async\" src=\"\/wp-content\/uploads\/logos_establecimientos\/686c056d5f92c.png\" loading=\"lazy\" style=\"width: 40px; height: 40px; object-fit: contain; border-radius: 50%; vertical-align: middle; margin-right: 6px;\"><a href=\"\/\/www.cuit.es @cuit.espai.ceramic\" target=\"_blank\">CUIT ESPAI CER\u00c0MIC<\/a><\/td><td style=\" text-transform: uppercase; \">C\/ CUBA, 60<\/td><td><a href=\"https:\/\/www.google.es\/maps\/?q=C%2F+CUBA%2C+60+46008\" target=\"_blank\">Veure ubicaci\u00f3<\/a><\/td><\/tr><tr><td><img decoding=\"async\" src=\"\/wp-content\/uploads\/logos_establecimientos\/68c14f28aaccc.png\" loading=\"lazy\" style=\"width: 40px; height: 40px; object-fit: contain; border-radius: 50%; vertical-align: middle; margin-right: 6px;\"><a href=\"\/\/www.elisatalens.shop\" target=\"_blank\">ELISA TALENS PRINTS &#038; GIFTS<\/a><\/td><td style=\" text-transform: uppercase; \">Pl. Bar\u00f3 de Cort\u00e9s, S\/N. Mercat de Russafa, Caseta 100<\/td><td><a href=\"https:\/\/www.google.es\/maps\/?q=Pl.+Bar%C3%B3+de+Cort%C3%A9s%2C+S%2FN.+Mercat+de+Russafa%2C+Caseta+100+46006\" target=\"_blank\">Veure ubicaci\u00f3<\/a><\/td><\/tr><tr><td><img decoding=\"async\" src=\"\/wp-content\/uploads\/logos_establecimientos\/689dbf8d640f2.png\" loading=\"lazy\" style=\"width: 40px; height: 40px; object-fit: contain; border-radius: 50%; vertical-align: middle; margin-right: 6px;\"><a href=\"https:\/\/www.instagram.com\/lhamdelmercat\/?hl=es\" target=\"_blank\">L\\&#8217;HAM DEL MERCAT<\/a><\/td><td style=\" text-transform: uppercase; \">C\/ de les mantes, 5 baix<\/td><td><a href=\"https:\/\/www.google.es\/maps\/?q=C%2F+de+les+mantes%2C+5+baix+46001\" target=\"_blank\">Veure ubicaci\u00f3<\/a><\/td><\/tr><tr><td><img decoding=\"async\" src=\"\/wp-content\/uploads\/logos_establecimientos\/68daddffaf613.png\" loading=\"lazy\" style=\"width: 40px; height: 40px; object-fit: contain; border-radius: 50%; vertical-align: middle; margin-right: 6px;\"><a href=\"https:\/\/www.instagram.com\/lhamdelmercat?igsh=ytg2zdnmety5mxm3\" target=\"_blank\">L\\&#8217;HAM DEL MERCAT<\/a><\/td><td style=\" text-transform: uppercase; \">C\/ de les mantes, 5 baix<\/td><td><a href=\"https:\/\/www.google.es\/maps\/?q=C%2F+de+les+mantes%2C+5+baix+46001\" target=\"_blank\">Veure ubicaci\u00f3<\/a><\/td><\/tr><tr><td><img decoding=\"async\" src=\"\/wp-content\/uploads\/logos_establecimientos\/65149c13ef3ec.jpg\" loading=\"lazy\" style=\"width: 40px; height: 40px; object-fit: contain; border-radius: 50%; vertical-align: middle; margin-right: 6px;\"><a href=\"https:\/\/instagram.com\/pucherito_verde_handmade?utm_medium=copy_link\" target=\"_blank\">PUCHERITO VERDE<\/a><\/td><td style=\" text-transform: uppercase; \">C\/ BELEN, 9<\/td><td><a href=\"https:\/\/www.google.es\/maps\/?q=C%2F+BELEN%2C+9+46001\" target=\"_blank\">Veure ubicaci\u00f3<\/a><\/td><\/tr><\/table>[\/vc_tta_section][vc_tta_section title=&#8221;PRODUCTES I SERVICIS PER A ANIMALS&#8221; tab_id=&#8221;b6d767d2f8ed5d21a44b0e5886680cb9&#8243;]<table><tr><th>NOM<\/th><th>DIRECCI\u00d3<\/th><th>UBICACI\u00d3<\/th><\/tr><tr><td><img decoding=\"async\" src=\"\/wp-content\/uploads\/logos_establecimientos\/68678d3f19a71.png\" loading=\"lazy\" style=\"width: 40px; height: 40px; object-fit: contain; border-radius: 50%; vertical-align: middle; margin-right: 6px;\"><a href=\"https:\/\/g.co\/kgs\/nlzfeav\" target=\"_blank\">AAMAZONAS MALVARROSA<\/a><\/td><td style=\" text-transform: uppercase; \">AV MALVARROSA, 64<\/td><td><a href=\"https:\/\/www.google.es\/maps\/?q=AV+MALVARROSA%2C+64+46011\" target=\"_blank\">Veure ubicaci\u00f3<\/a><\/td><\/tr><tr><td><img decoding=\"async\" src=\"\/wp-content\/uploads\/logos_establecimientos\/686652e99196c.jpg\" loading=\"lazy\" style=\"width: 40px; height: 40px; object-fit: contain; border-radius: 50%; vertical-align: middle; margin-right: 6px;\"><a href=\"\/\/@albayalbamascotas\" target=\"_blank\">ALBA Y ALBA<\/a><\/td><td style=\" text-transform: uppercase; \">C\/ TORRETA DE MIRAMAR, 5 <\/td><td><a href=\"https:\/\/www.google.es\/maps\/?q=C%2F+TORRETA+DE+MIRAMAR%2C+5++46020\" target=\"_blank\">Veure ubicaci\u00f3<\/a><\/td><\/tr><tr><td><img decoding=\"async\" src=\"\/wp-content\/uploads\/logos_establecimientos\/68790b9a95887.jpg\" loading=\"lazy\" style=\"width: 40px; height: 40px; object-fit: contain; border-radius: 50%; vertical-align: middle; margin-right: 6px;\">CENTRE VETERINARI EL GAT ROIG<\/td><td style=\" text-transform: uppercase; \">CL JUAN RAMON JIMENEZ N\u00ba 41-BAJO<\/td><td><a href=\"https:\/\/www.google.es\/maps\/?q=CL+JUAN+RAMON+JIMENEZ+N%C2%BA+41-BAJO+46006\" target=\"_blank\">Veure ubicaci\u00f3<\/a><\/td><\/tr><tr><td><img decoding=\"async\" src=\"\/wp-content\/uploads\/logos_establecimientos\/650b30d11761c.jpg\" loading=\"lazy\" style=\"width: 40px; height: 40px; object-fit: contain; border-radius: 50%; vertical-align: middle; margin-right: 6px;\"><a href=\"http:\/\/cvnajordana.es\/\" target=\"_blank\">CENTRE VETERINARI NA JORDANA<\/a><\/td><td style=\" text-transform: uppercase; \">CL SALVADOR GINER 9<\/td><td><a href=\"https:\/\/www.google.es\/maps\/?q=CL+SALVADOR+GINER+9+46003\" target=\"_blank\">Veure ubicaci\u00f3<\/a><\/td><\/tr><tr><td><img decoding=\"async\" src=\"\/wp-content\/uploads\/logos_establecimientos\/651d28b918b40.jpg\" loading=\"lazy\" style=\"width: 40px; height: 40px; object-fit: contain; border-radius: 50%; vertical-align: middle; margin-right: 6px;\"><a href=\"https:\/\/www.facebook.com\/profile.php?id=100063547992574\" target=\"_blank\">CLINICA VETRINARIA CALABAZAS<\/a><\/td><td style=\" text-transform: uppercase; \">C\/ CALABAZAS, 12<\/td><td><a href=\"https:\/\/www.google.es\/maps\/?q=C%2F+CALABAZAS%2C+12+46001\" target=\"_blank\">Veure ubicaci\u00f3<\/a><\/td><\/tr><tr><td><img decoding=\"async\" src=\"\/wp-content\/uploads\/logos_establecimientos\/68dc15712f648.jpg\" loading=\"lazy\" style=\"width: 40px; height: 40px; object-fit: contain; border-radius: 50%; vertical-align: middle; margin-right: 6px;\">DAVOIGNEAU HUGUES EDOUARD GEORGES<\/td><td style=\" text-transform: uppercase; \">CALLE MAXIMILIANO THOUS NUMERO 1 BAZO IZQUIERDA<\/td><td><a href=\"https:\/\/www.google.es\/maps\/?q=CALLE+MAXIMILIANO+THOUS+NUMERO+1+BAZO+IZQUIERDA+46009\" target=\"_blank\">Veure ubicaci\u00f3<\/a><\/td><\/tr><tr><td>INTERZOO<\/td><td style=\" text-transform: uppercase; \">AV\/ CARDENAL BENLLOCH N\u00ba 42 BJ DC<\/td><td><a href=\"https:\/\/www.google.es\/maps\/?q=AV%2F+CARDENAL+BENLLOCH+N%C2%BA+42+BJ+DC+46021\" target=\"_blank\">Veure ubicaci\u00f3<\/a><\/td><\/tr><tr><td>INTERZOO<\/td><td style=\" text-transform: uppercase; \">CL EMILIO BARO N\u00ba 27 BAJO<\/td><td><a href=\"https:\/\/www.google.es\/maps\/?q=CL+EMILIO+BARO+N%C2%BA+27+BAJO+46020\" target=\"_blank\">Veure ubicaci\u00f3<\/a><\/td><\/tr><tr><td><img decoding=\"async\" src=\"\/wp-content\/uploads\/logos_establecimientos\/68b9414f4af59.png\" loading=\"lazy\" style=\"width: 40px; height: 40px; object-fit: contain; border-radius: 50%; vertical-align: middle; margin-right: 6px;\"><a href=\"https:\/\/interzoo.es\/\" target=\"_blank\">INTERZOO MALILLA  <\/a><\/td><td style=\" text-transform: uppercase; \">c\/ carrera de malilla ,frente al n\u00ba 50 ( tienda interzoo )<\/td><td><a href=\"https:\/\/www.google.es\/maps\/?q=c%2F+carrera+de+malilla+%2Cfrente+al+n%C2%BA+50+%28+tienda+interzoo+%29+46026\" target=\"_blank\">Veure ubicaci\u00f3<\/a><\/td><\/tr><tr><td><img decoding=\"async\" src=\"\/wp-content\/uploads\/logos_establecimientos\/688ba60b37c1b.png\" loading=\"lazy\" style=\"width: 40px; height: 40px; object-fit: contain; border-radius: 50%; vertical-align: middle; margin-right: 6px;\"><a href=\"https:\/\/interzoo.es\/\" target=\"_blank\">INTERZOO RUZAFA<\/a><\/td><td style=\" text-transform: uppercase; \">Calle Literato Azorin 15, Ruzafa<\/td><td><a href=\"https:\/\/www.google.es\/maps\/?q=Calle+Literato+Azorin+15%2C+Ruzafa+46006\" target=\"_blank\">Veure ubicaci\u00f3<\/a><\/td><\/tr><tr><td><img decoding=\"async\" src=\"\/wp-content\/uploads\/logos_establecimientos\/6866b633daedb.png\" loading=\"lazy\" style=\"width: 40px; height: 40px; object-fit: contain; border-radius: 50%; vertical-align: middle; margin-right: 6px;\">LA CASITA DE KIKO<\/td><td style=\" text-transform: uppercase; \">CUBA 62<\/td><td><a href=\"https:\/\/www.google.es\/maps\/?q=CUBA+62+46006\" target=\"_blank\">Veure ubicaci\u00f3<\/a><\/td><\/tr><tr><td><img decoding=\"async\" src=\"\/wp-content\/uploads\/logos_establecimientos\/68669f4a360e1.png\" loading=\"lazy\" style=\"width: 40px; height: 40px; object-fit: contain; border-radius: 50%; vertical-align: middle; margin-right: 6px;\">LIMPITOS Y COLEANDO<\/td><td style=\" text-transform: uppercase; \">CALIXTO III-15 <\/td><td><a href=\"https:\/\/www.google.es\/maps\/?q=CALIXTO+III-15++46008\" target=\"_blank\">Veure ubicaci\u00f3<\/a><\/td><\/tr><tr><td><a href=\"\/\/piensoencasa.net\" target=\"_blank\">PIENSOENCASA.NET<\/a><\/td><td style=\" text-transform: uppercase; \">Mercado Ruzafa Puesto Exterior 91-93<\/td><td><a href=\"https:\/\/www.google.es\/maps\/?q=Mercado+Ruzafa+Puesto+Exterior+91-93+46006\" target=\"_blank\">Veure ubicaci\u00f3<\/a><\/td><\/tr><tr><td><img decoding=\"async\" src=\"\/wp-content\/uploads\/logos_establecimientos\/68c7d4c591c8c.jpg\" loading=\"lazy\" style=\"width: 40px; height: 40px; object-fit: contain; border-radius: 50%; vertical-align: middle; margin-right: 6px;\"><a href=\"\/\/www.piensoscabanyal.com\" target=\"_blank\">PIENSOS CABA\u00d1AL<\/a><\/td><td style=\" text-transform: uppercase; \">C\/ Marti Grajales n\u00ba 17 bajo derecha<\/td><td><a href=\"https:\/\/www.google.es\/maps\/?q=C%2F+Marti+Grajales+n%C2%BA+17+bajo+derecha+46011\" target=\"_blank\">Veure ubicaci\u00f3<\/a><\/td><\/tr><tr><td><img decoding=\"async\" src=\"\/wp-content\/uploads\/logos_establecimientos\/686e2f12aa735.jpg\" loading=\"lazy\" style=\"width: 40px; height: 40px; object-fit: contain; border-radius: 50%; vertical-align: middle; margin-right: 6px;\"><a href=\"https:\/\/www.instagram.com\/zoonamascotasruzafa\" target=\"_blank\">ZOONA MASCOTAS RUZAFA<\/a><\/td><td style=\" text-transform: uppercase; \">C\/ Mat\u00edas Perell\u00f3, 27<\/td><td><a href=\"https:\/\/www.google.es\/maps\/?q=C%2F+Mat%C3%ADas+Perell%C3%B3%2C+27+46005\" target=\"_blank\">Veure ubicaci\u00f3<\/a><\/td><\/tr><\/table>[\/vc_tta_section][vc_tta_section title=&#8221;REPARACI\u00d3 DE CAL\u00c7AT&#8221; tab_id=&#8221;c16a5320fa475530d9583c34fd356ef5&#8243;]<table><tr><th>NOM<\/th><th>DIRECCI\u00d3<\/th><th>UBICACI\u00d3<\/th><\/tr><tr><td><img decoding=\"async\" src=\"\/wp-content\/uploads\/logos_establecimientos\/6503981455e5f.jpg\" loading=\"lazy\" style=\"width: 40px; height: 40px; object-fit: contain; border-radius: 50%; vertical-align: middle; margin-right: 6px;\"><a href=\"https:\/\/www.elsabatervalencia.es\/\" target=\"_blank\">EL SABATER<\/a><\/td><td style=\" text-transform: uppercase; \">C\/ MAR, 20<\/td><td><a href=\"https:\/\/www.google.es\/maps\/?q=C%2F+MAR%2C+20+46003\" target=\"_blank\">Veure ubicaci\u00f3<\/a><\/td><\/tr><\/table>[\/vc_tta_section][vc_tta_section title=&#8221;REPARACI\u00d3 I COMPOSTURA DE ROBA&#8221; tab_id=&#8221;6364d3f0f495b6ab9dcf8d3b5c6e0b01&#8243;]<table><tr><th>NOM<\/th><th>DIRECCI\u00d3<\/th><th>UBICACI\u00d3<\/th><\/tr><tr><td><img decoding=\"async\" src=\"\/wp-content\/uploads\/logos_establecimientos\/6895e3e2c286f.jpeg\" loading=\"lazy\" style=\"width: 40px; height: 40px; object-fit: contain; border-radius: 50%; vertical-align: middle; margin-right: 6px;\"><a href=\"\/\/cosiendo.bonito\" target=\"_blank\">COSIENDO BONITO<\/a><\/td><td style=\" text-transform: uppercase; \">AV\/ MANUEL DE FALLA, 13 (LOCAL 28) -C.C. CAMPANAR<\/td><td><a href=\"https:\/\/www.google.es\/maps\/?q=AV%2F+MANUEL+DE+FALLA%2C+13+%28LOCAL+28%29+-C.C.+CAMPANAR+46015\" target=\"_blank\">Veure ubicaci\u00f3<\/a><\/td><\/tr><\/table>[\/vc_tta_section][vc_tta_section title=&#8221;SERVICIS D\u2019EMMARCAMENT&#8221; tab_id=&#8221;1c383cd30b7c298ab50293adfecb7b18&#8243;]<table><tr><th>NOM<\/th><th>DIRECCI\u00d3<\/th><th>UBICACI\u00d3<\/th><\/tr><tr><td><img decoding=\"async\" src=\"\/wp-content\/uploads\/logos_establecimientos\/6510aa37b16d3.jpg\" loading=\"lazy\" style=\"width: 40px; height: 40px; object-fit: contain; border-radius: 50%; vertical-align: middle; margin-right: 6px;\"><a href=\"https:\/\/es-la.facebook.com\/pandeoromarcosycuadrosenvalencia\" target=\"_blank\">PAN DE ORO<\/a><\/td><td style=\" text-transform: uppercase; \">C\/ MUSICO PEYDRO, 20<\/td><td><a href=\"https:\/\/www.google.es\/maps\/?q=C%2F+MUSICO+PEYDRO%2C+20+46001\" target=\"_blank\">Veure ubicaci\u00f3<\/a><\/td><\/tr><\/table>[\/vc_tta_section][vc_tta_section title=&#8221;SERVICIS FOTOGR\u00c0FICS&#8221; tab_id=&#8221;e369853df766fa44e1ed0ff613f563bd&#8221;]<table><tr><th>NOM<\/th><th>DIRECCI\u00d3<\/th><th>UBICACI\u00d3<\/th><\/tr><tr><td><img decoding=\"async\" src=\"\/wp-content\/uploads\/logos_establecimientos\/6866755349540.jpg\" loading=\"lazy\" style=\"width: 40px; height: 40px; object-fit: contain; border-radius: 50%; vertical-align: middle; margin-right: 6px;\"><a href=\"\/\/www.belmarfotografos.com\" target=\"_blank\">BELMAR FOT\u00d3GRAFOS<\/a><\/td><td style=\" text-transform: uppercase; \">Dr. Sanchis Sivera,25<\/td><td><a href=\"https:\/\/www.google.es\/maps\/?q=Dr.+Sanchis+Sivera%2C25+46018\" target=\"_blank\">Veure ubicaci\u00f3<\/a><\/td><\/tr><tr><td><img decoding=\"async\" src=\"\/wp-content\/uploads\/logos_establecimientos\/650f6fa462994.jpg\" loading=\"lazy\" style=\"width: 40px; height: 40px; object-fit: contain; border-radius: 50%; vertical-align: middle; margin-right: 6px;\"><a href=\"https:\/\/fotoastrogonzalez.com\/\" target=\"_blank\">FOTO ASTRO GONZALEZ<\/a><\/td><td style=\" text-transform: uppercase; \">C\/ CASTELLON, 17<\/td><td><a href=\"https:\/\/www.google.es\/maps\/?q=C%2F+CASTELLON%2C+17+46004\" target=\"_blank\">Veure ubicaci\u00f3<\/a><\/td><\/tr><tr><td><img decoding=\"async\" src=\"\/wp-content\/uploads\/logos_establecimientos\/6878b1129b8fd.jpg\" loading=\"lazy\" style=\"width: 40px; height: 40px; object-fit: contain; border-radius: 50%; vertical-align: middle; margin-right: 6px;\"><a href=\"https:\/\/g.co\/kgs\/lz8sqwb\" target=\"_blank\">FOTOMARVY<\/a><\/td><td style=\" text-transform: uppercase; \"> C\/ de Just Vilar, 9<\/td><td><a href=\"https:\/\/www.google.es\/maps\/?q=+C%2F+de+Just+Vilar%2C+9+46011\" target=\"_blank\">Veure ubicaci\u00f3<\/a><\/td><\/tr><tr><td><img decoding=\"async\" src=\"\/wp-content\/uploads\/logos_establecimientos\/651553ccae2ee.jpg\" loading=\"lazy\" style=\"width: 40px; height: 40px; object-fit: contain; border-radius: 50%; vertical-align: middle; margin-right: 6px;\"><a href=\"https:\/\/www.fotopro.es\" target=\"_blank\">FOTOPRO<\/a><\/td><td style=\" text-transform: uppercase; \">C\/ CASTELLON, 2<\/td><td><a href=\"https:\/\/www.google.es\/maps\/?q=C%2F+CASTELLON%2C+2+46004\" target=\"_blank\">Veure ubicaci\u00f3<\/a><\/td><\/tr><tr><td><img decoding=\"async\" src=\"\/wp-content\/uploads\/logos_establecimientos\/6864ebdbe247b.jpg\" loading=\"lazy\" style=\"width: 40px; height: 40px; object-fit: contain; border-radius: 50%; vertical-align: middle; margin-right: 6px;\"><a href=\"\/\/sweetmometfotografia.com\" target=\"_blank\">SWEET MOMENT FOTOGRAF\u00cdA<\/a><\/td><td style=\" text-transform: uppercase; \">Calle Agullent, 9 Bajo<\/td><td><a href=\"https:\/\/www.google.es\/maps\/?q=Calle+Agullent%2C+9+Bajo+46025\" target=\"_blank\">Veure ubicaci\u00f3<\/a><\/td><\/tr><\/table>[\/vc_tta_section][vc_tta_section title=&#8221;T\u00c8XTILS, DECORACI\u00d3 I ADORNS PER A LA LLAR&#8221; tab_id=&#8221;98f13708210194c475687be6106a3b84&#8243;]<table><tr><th>NOM<\/th><th>DIRECCI\u00d3<\/th><th>UBICACI\u00d3<\/th><\/tr><tr><td><img decoding=\"async\" src=\"\/wp-content\/uploads\/logos_establecimientos\/68948f16a7bec.jpg\" loading=\"lazy\" style=\"width: 40px; height: 40px; object-fit: contain; border-radius: 50%; vertical-align: middle; margin-right: 6px;\"><a href=\"\/\/www.elvisillo.com\" target=\"_blank\">ALMACENES EL VISILLO<\/a><\/td><td style=\" text-transform: uppercase; \">PL NOU MOLES, 5 BAJO (PEREZ GALDOS 111)<\/td><td><a href=\"https:\/\/www.google.es\/maps\/?q=PL+NOU+MOLES%2C+5+BAJO+%28PEREZ+GALDOS+111%29+46018\" target=\"_blank\">Veure ubicaci\u00f3<\/a><\/td><\/tr><tr><td><img decoding=\"async\" src=\"\/wp-content\/uploads\/logos_establecimientos\/68948bb18b916.jpg\" loading=\"lazy\" style=\"width: 40px; height: 40px; object-fit: contain; border-radius: 50%; vertical-align: middle; margin-right: 6px;\"><a href=\"\/\/www.elvisillo.com\" target=\"_blank\">ALMACENES EL VISILLO<\/a><\/td><td style=\" text-transform: uppercase; \">PERIS Y VALERO 136 BAJO<\/td><td><a href=\"https:\/\/www.google.es\/maps\/?q=PERIS+Y+VALERO+136+BAJO+46006\" target=\"_blank\">Veure ubicaci\u00f3<\/a><\/td><\/tr><tr><td><img decoding=\"async\" src=\"\/wp-content\/uploads\/logos_establecimientos\/68948c82e27db.jpg\" loading=\"lazy\" style=\"width: 40px; height: 40px; object-fit: contain; border-radius: 50%; vertical-align: middle; margin-right: 6px;\"><a href=\"\/\/www.elvisillo.com\" target=\"_blank\">ALMACENES EL VISILLO<\/a><\/td><td style=\" text-transform: uppercase; \">CL URUGUAY, 53 BAJO<\/td><td><a href=\"https:\/\/www.google.es\/maps\/?q=CL+URUGUAY%2C+53+BAJO+46007\" target=\"_blank\">Veure ubicaci\u00f3<\/a><\/td><\/tr><tr><td><img decoding=\"async\" src=\"\/wp-content\/uploads\/logos_establecimientos\/68948cf44a234.jpg\" loading=\"lazy\" style=\"width: 40px; height: 40px; object-fit: contain; border-radius: 50%; vertical-align: middle; margin-right: 6px;\"><a href=\"\/\/www.elvisillo.com\" target=\"_blank\">ALMACENES EL VISILLO<\/a><\/td><td style=\" text-transform: uppercase; \">AV DR.PESET ALEXANDRE, 88 BAJO<\/td><td><a href=\"https:\/\/www.google.es\/maps\/?q=AV+DR.PESET+ALEXANDRE%2C+88+BAJO+46025\" target=\"_blank\">Veure ubicaci\u00f3<\/a><\/td><\/tr><tr><td><img decoding=\"async\" src=\"\/wp-content\/uploads\/logos_establecimientos\/68948d66aef2f.jpg\" loading=\"lazy\" style=\"width: 40px; height: 40px; object-fit: contain; border-radius: 50%; vertical-align: middle; margin-right: 6px;\"><a href=\"\/\/www.elvisillo.com\" target=\"_blank\">ALMACENES EL VISILLO<\/a><\/td><td style=\" text-transform: uppercase; \">AV BURJASSOT, 172 BAJO<\/td><td><a href=\"https:\/\/www.google.es\/maps\/?q=AV+BURJASSOT%2C+172+BAJO+46025\" target=\"_blank\">Veure ubicaci\u00f3<\/a><\/td><\/tr><tr><td><img decoding=\"async\" src=\"\/wp-content\/uploads\/logos_establecimientos\/68948de4bd6c4.jpg\" loading=\"lazy\" style=\"width: 40px; height: 40px; object-fit: contain; border-radius: 50%; vertical-align: middle; margin-right: 6px;\"><a href=\"\/\/www.elvisillo.com\" target=\"_blank\">ALMACENES EL VISILLO<\/a><\/td><td style=\" text-transform: uppercase; \">CL EMILIO BARO, 21 BAJO<\/td><td><a href=\"https:\/\/www.google.es\/maps\/?q=CL+EMILIO+BARO%2C+21+BAJO+46018\" target=\"_blank\">Veure ubicaci\u00f3<\/a><\/td><\/tr><tr><td><img decoding=\"async\" src=\"\/wp-content\/uploads\/logos_establecimientos\/688c8e4c9ca80.jpg\" loading=\"lazy\" style=\"width: 40px; height: 40px; object-fit: contain; border-radius: 50%; vertical-align: middle; margin-right: 6px;\"><a href=\"https:\/\/www.ceciliaplaza.com\/\" target=\"_blank\">CECILIA PLAZA<\/a><\/td><td style=\" text-transform: uppercase; \">CALLE QUART 52 BAJO<\/td><td><a href=\"https:\/\/www.google.es\/maps\/?q=CALLE+QUART+52+BAJO+46001\" target=\"_blank\">Veure ubicaci\u00f3<\/a><\/td><\/tr><tr><td><img decoding=\"async\" src=\"\/wp-content\/uploads\/logos_establecimientos\/650b2ef98bdf8.jpg\" loading=\"lazy\" style=\"width: 40px; height: 40px; object-fit: contain; border-radius: 50%; vertical-align: middle; margin-right: 6px;\"><a href=\"https:\/\/www.instagram.com\/cesteriaelglobo\/?hl=es\" target=\"_blank\">CESTERIA EL GLOBO<\/a><\/td><td style=\" text-transform: uppercase; \">CL. MUSICO PEYDRO, 14<\/td><td><a href=\"https:\/\/www.google.es\/maps\/?q=CL.+MUSICO+PEYDRO%2C+14+46001\" target=\"_blank\">Veure ubicaci\u00f3<\/a><\/td><\/tr><tr><td><img decoding=\"async\" src=\"\/wp-content\/uploads\/logos_establecimientos\/68b612eda5d43.jpg\" loading=\"lazy\" style=\"width: 40px; height: 40px; object-fit: contain; border-radius: 50%; vertical-align: middle; margin-right: 6px;\">CORTINAS TABERNER<\/td><td style=\" text-transform: uppercase; \">C\/Maestro Aguilar 2 (junto merado Ruzafa)<\/td><td><a href=\"https:\/\/www.google.es\/maps\/?q=C%2FMaestro+Aguilar+2+%28junto+merado+Ruzafa%29+46006\" target=\"_blank\">Veure ubicaci\u00f3<\/a><\/td><\/tr><tr><td><img decoding=\"async\" src=\"\/wp-content\/uploads\/logos_establecimientos\/68c2a70c8dc64.jpg\" loading=\"lazy\" style=\"width: 40px; height: 40px; object-fit: contain; border-radius: 50%; vertical-align: middle; margin-right: 6px;\"><a href=\"https:\/\/www.facebook.com\/photo\/?fbid=607061294126797&#038;set=a.607061250793468\" target=\"_blank\">COTTONTEX<\/a><\/td><td style=\" text-transform: uppercase; \">C\/ DR VICENTE ZARAGOZ\u00c1, 20<\/td><td><a href=\"https:\/\/www.google.es\/maps\/?q=C%2F+DR+VICENTE+ZARAGOZ%C3%81%2C+20+46020\" target=\"_blank\">Veure ubicaci\u00f3<\/a><\/td><\/tr><tr><td><img decoding=\"async\" src=\"\/wp-content\/uploads\/logos_establecimientos\/68c2a78d7dace.jpg\" loading=\"lazy\" style=\"width: 40px; height: 40px; object-fit: contain; border-radius: 50%; vertical-align: middle; margin-right: 6px;\"><a href=\"https:\/\/www.facebook.com\/photo\/?fbid=607061294126797&#038;set=a.607061250793468\" target=\"_blank\">COTTONTEX<\/a><\/td><td style=\" text-transform: uppercase; \">C\/ SOLEDAD DOMENECH, 2<\/td><td><a href=\"https:\/\/www.google.es\/maps\/?q=C%2F+SOLEDAD+DOMENECH%2C+2+46020\" target=\"_blank\">Veure ubicaci\u00f3<\/a><\/td><\/tr><tr><td><img decoding=\"async\" src=\"\/wp-content\/uploads\/logos_establecimientos\/68b72ff96b9be.jpg\" loading=\"lazy\" style=\"width: 40px; height: 40px; object-fit: contain; border-radius: 50%; vertical-align: middle; margin-right: 6px;\"><a href=\"https:\/\/www.instagram.com\/crush_vlc\/?hl=es\" target=\"_blank\">CRUSH<\/a><\/td><td style=\" text-transform: uppercase; \">CIRILO AMOROS 24<\/td><td><a href=\"https:\/\/www.google.es\/maps\/?q=CIRILO+AMOROS+24+46004\" target=\"_blank\">Veure ubicaci\u00f3<\/a><\/td><\/tr><tr><td><img decoding=\"async\" src=\"\/wp-content\/uploads\/logos_establecimientos\/688082f897886.jpeg\" loading=\"lazy\" style=\"width: 40px; height: 40px; object-fit: contain; border-radius: 50%; vertical-align: middle; margin-right: 6px;\"><a href=\"https:\/\/www.desantateresa.com\/\" target=\"_blank\">DE SANTA TERESA<\/a><\/td><td style=\" text-transform: uppercase; \"> Calle Salamanca, 40<\/td><td><a href=\"https:\/\/www.google.es\/maps\/?q=+Calle+Salamanca%2C+40+46005\" target=\"_blank\">Veure ubicaci\u00f3<\/a><\/td><\/tr><tr><td><img decoding=\"async\" src=\"\/wp-content\/uploads\/logos_establecimientos\/650b4857a7f60.jpg\" loading=\"lazy\" style=\"width: 40px; height: 40px; object-fit: contain; border-radius: 50%; vertical-align: middle; margin-right: 6px;\"><a href=\"http:\/\/elangeldeplata.es\/\" target=\"_blank\">EL ANGEL DE PLATA<\/a><\/td><td style=\" text-transform: uppercase; \">CL LI\u00d1AN, 4<\/td><td><a href=\"https:\/\/www.google.es\/maps\/?q=CL+LI%C3%91AN%2C+4+46001\" target=\"_blank\">Veure ubicaci\u00f3<\/a><\/td><\/tr><tr><td><img decoding=\"async\" src=\"\/wp-content\/uploads\/logos_establecimientos\/650f7d43edf75.jpg\" loading=\"lazy\" style=\"width: 40px; height: 40px; object-fit: contain; border-radius: 50%; vertical-align: middle; margin-right: 6px;\"><a href=\"https:\/\/ellleodelaseu.com\/\" target=\"_blank\">EL LLEO DE LA SEU<\/a><\/td><td style=\" text-transform: uppercase; \">PLAZA DE LA MERCED, 4<\/td><td><a href=\"https:\/\/www.google.es\/maps\/?q=PLAZA+DE+LA+MERCED%2C+4+46001\" target=\"_blank\">Veure ubicaci\u00f3<\/a><\/td><\/tr><tr><td><a href=\"\/\/www.entrealmohadones.es\" target=\"_blank\">ENTREALMOHADONES<\/a><\/td><td style=\" text-transform: uppercase; \">Calle Poeta Mas y Ros 104<\/td><td><a href=\"https:\/\/www.google.es\/maps\/?q=Calle+Poeta+Mas+y+Ros+104+46022\" target=\"_blank\">Veure ubicaci\u00f3<\/a><\/td><\/tr><tr><td><img decoding=\"async\" src=\"\/wp-content\/uploads\/logos_establecimientos\/68b81533a8b9a.jpg\" loading=\"lazy\" style=\"width: 40px; height: 40px; object-fit: contain; border-radius: 50%; vertical-align: middle; margin-right: 6px;\"><a href=\"\/\/etamin.es\" target=\"_blank\">ETAMIN<\/a><\/td><td style=\" text-transform: uppercase; \">CA PASAJE PINTOR BENEDITO N\u00ba 4 <\/td><td><a href=\"https:\/\/www.google.es\/maps\/?q=CA+PASAJE+PINTOR+BENEDITO+N%C2%BA+4++46007\" target=\"_blank\">Veure ubicaci\u00f3<\/a><\/td><\/tr><tr><td><img decoding=\"async\" src=\"\/wp-content\/uploads\/logos_establecimientos\/6865101a03701.png\" loading=\"lazy\" style=\"width: 40px; height: 40px; object-fit: contain; border-radius: 50%; vertical-align: middle; margin-right: 6px;\"><a href=\"https:\/\/gnomo.eu\/\" target=\"_blank\">GNOMO<\/a><\/td><td style=\" text-transform: uppercase; \">Calle Cuba 32<\/td><td><a href=\"https:\/\/www.google.es\/maps\/?q=Calle+Cuba+32+46006\" target=\"_blank\">Veure ubicaci\u00f3<\/a><\/td><\/tr><tr><td><img decoding=\"async\" src=\"\/wp-content\/uploads\/logos_establecimientos\/650b5f598c9fa.jpg\" loading=\"lazy\" style=\"width: 40px; height: 40px; object-fit: contain; border-radius: 50%; vertical-align: middle; margin-right: 6px;\"><a href=\"https:\/\/www.goybal.com\/\" target=\"_blank\">GOYBAL HOME<\/a><\/td><td style=\" text-transform: uppercase; \">C\/ MURO DE SANTA ANA, 2<\/td><td><a href=\"https:\/\/www.google.es\/maps\/?q=C%2F+MURO+DE+SANTA+ANA%2C+2+46003\" target=\"_blank\">Veure ubicaci\u00f3<\/a><\/td><\/tr><tr><td><img decoding=\"async\" src=\"\/wp-content\/uploads\/logos_establecimientos\/68c16379c2cc6.png\" loading=\"lazy\" style=\"width: 40px; height: 40px; object-fit: contain; border-radius: 50%; vertical-align: middle; margin-right: 6px;\"><a href=\"\/\/www.idealstore.es\" target=\"_blank\">IDEAL STORE<\/a><\/td><td style=\" text-transform: uppercase; \">AV METGE VICENT TORRENT,1<\/td><td><a href=\"https:\/\/www.google.es\/maps\/?q=AV+METGE+VICENT+TORRENT%2C1+46015\" target=\"_blank\">Veure ubicaci\u00f3<\/a><\/td><\/tr><tr><td>KARINA<\/td><td style=\" text-transform: uppercase; \">CL. ARCHIDUQUE CARLOS, 13 BAJO<\/td><td><a href=\"https:\/\/www.google.es\/maps\/?q=CL.+ARCHIDUQUE+CARLOS%2C+13+BAJO+46018\" target=\"_blank\">Veure ubicaci\u00f3<\/a><\/td><\/tr><tr><td><img decoding=\"async\" src=\"\/wp-content\/uploads\/logos_establecimientos\/650f796352c25.jpg\" loading=\"lazy\" style=\"width: 40px; height: 40px; object-fit: contain; border-radius: 50%; vertical-align: middle; margin-right: 6px;\"><a href=\"https:\/\/lacasadelosbotijos.es\/\" target=\"_blank\">LA CASA DE LOS BOTIJOS<\/a><\/td><td style=\" text-transform: uppercase; \">PLAZA REDONDA, 14<\/td><td><a href=\"https:\/\/www.google.es\/maps\/?q=PLAZA+REDONDA%2C+14+46001\" target=\"_blank\">Veure ubicaci\u00f3<\/a><\/td><\/tr><tr><td><img decoding=\"async\" src=\"\/wp-content\/uploads\/logos_establecimientos\/6515a92ce4a4a.jpg\" loading=\"lazy\" style=\"width: 40px; height: 40px; object-fit: contain; border-radius: 50%; vertical-align: middle; margin-right: 6px;\"><a href=\"https:\/\/laguindadetufiesta.com\/\" target=\"_blank\">LA GUINDA DE TU FIESTA<\/a><\/td><td style=\" text-transform: uppercase; \">GRABADOR ESTEVE, 17 BAJO<\/td><td><a href=\"https:\/\/www.google.es\/maps\/?q=GRABADOR+ESTEVE%2C+17+BAJO+46004\" target=\"_blank\">Veure ubicaci\u00f3<\/a><\/td><\/tr><tr><td><img decoding=\"async\" src=\"\/wp-content\/uploads\/logos_establecimientos\/6866525167c65.png\" loading=\"lazy\" style=\"width: 40px; height: 40px; object-fit: contain; border-radius: 50%; vertical-align: middle; margin-right: 6px;\"><a href=\"\/\/www.lahuertavalenciana.com\" target=\"_blank\">LA HUERTA VALENCIANA<\/a><\/td><td style=\" text-transform: uppercase; \">LINTERNA 30<\/td><td><a href=\"https:\/\/www.google.es\/maps\/?q=LINTERNA+30+46001\" target=\"_blank\">Veure ubicaci\u00f3<\/a><\/td><\/tr><tr><td><img decoding=\"async\" src=\"\/wp-content\/uploads\/logos_establecimientos\/6866530fbfdfc.png\" loading=\"lazy\" style=\"width: 40px; height: 40px; object-fit: contain; border-radius: 50%; vertical-align: middle; margin-right: 6px;\"><a href=\"\/\/www.lahuertavalenciana.com\" target=\"_blank\">LA HUERTA VALENCIANA<\/a><\/td><td style=\" text-transform: uppercase; \">CARTEROS 75<\/td><td><a href=\"https:\/\/www.google.es\/maps\/?q=CARTEROS+75+46017\" target=\"_blank\">Veure ubicaci\u00f3<\/a><\/td><\/tr><tr><td><img decoding=\"async\" src=\"\/wp-content\/uploads\/logos_establecimientos\/686653db8741c.png\" loading=\"lazy\" style=\"width: 40px; height: 40px; object-fit: contain; border-radius: 50%; vertical-align: middle; margin-right: 6px;\"><a href=\"\/\/www.lahuertavalenciana.com\" target=\"_blank\">LA HUERTA VALENCIANA<\/a><\/td><td style=\" text-transform: uppercase; \">ABEN AL ABBAR, 1<\/td><td><a href=\"https:\/\/www.google.es\/maps\/?q=ABEN+AL+ABBAR%2C+1+46021\" target=\"_blank\">Veure ubicaci\u00f3<\/a><\/td><\/tr><tr><td><img decoding=\"async\" src=\"\/wp-content\/uploads\/logos_establecimientos\/650f7ad0ba2fe.jpg\" loading=\"lazy\" style=\"width: 40px; height: 40px; object-fit: contain; border-radius: 50%; vertical-align: middle; margin-right: 6px;\"><a href=\"https:\/\/www.facebook.com\/lareinadelsouvenirvlc\/\" target=\"_blank\">LA REINA DEL SOUVENIR<\/a><\/td><td style=\" text-transform: uppercase; \">C\/ ERCILLA, 12<\/td><td><a href=\"https:\/\/www.google.es\/maps\/?q=C%2F+ERCILLA%2C+12+46001\" target=\"_blank\">Veure ubicaci\u00f3<\/a><\/td><\/tr><tr><td><img decoding=\"async\" src=\"\/wp-content\/uploads\/logos_establecimientos\/68b9841f39992.jpg\" loading=\"lazy\" style=\"width: 40px; height: 40px; object-fit: contain; border-radius: 50%; vertical-align: middle; margin-right: 6px;\"><a href=\"https:\/\/llartextil.es\/\" target=\"_blank\">LLAR HOMESTYLE<\/a><\/td><td style=\" text-transform: uppercase; \">C\/ JOSE MARIA HARO 18<\/td><td><a href=\"https:\/\/www.google.es\/maps\/?q=C%2F+JOSE+MARIA+HARO+18+46022\" target=\"_blank\">Veure ubicaci\u00f3<\/a><\/td><\/tr><tr><td><img decoding=\"async\" src=\"\/wp-content\/uploads\/logos_establecimientos\/68b98494e9a2b.jpg\" loading=\"lazy\" style=\"width: 40px; height: 40px; object-fit: contain; border-radius: 50%; vertical-align: middle; margin-right: 6px;\"><a href=\"https:\/\/llartextil.es\/\" target=\"_blank\">LLAR HOMESTYLE<\/a><\/td><td style=\" text-transform: uppercase; \">C\/ Alboraya 36<\/td><td><a href=\"https:\/\/www.google.es\/maps\/?q=C%2F+Alboraya+36+46010\" target=\"_blank\">Veure ubicaci\u00f3<\/a><\/td><\/tr><tr><td><img decoding=\"async\" src=\"\/wp-content\/uploads\/logos_establecimientos\/68b9804f3e6ba.jpg\" loading=\"lazy\" style=\"width: 40px; height: 40px; object-fit: contain; border-radius: 50%; vertical-align: middle; margin-right: 6px;\"><a href=\"https:\/\/llartextil.es\/\" target=\"_blank\">LLAR TEXTIL<\/a><\/td><td style=\" text-transform: uppercase; \">C\/ Pablo Mel\u00e9ndez 18<\/td><td><a href=\"https:\/\/www.google.es\/maps\/?q=C%2F+Pablo+Mel%C3%A9ndez+18+46007\" target=\"_blank\">Veure ubicaci\u00f3<\/a><\/td><\/tr><tr><td><img decoding=\"async\" src=\"\/wp-content\/uploads\/logos_establecimientos\/68b981b2341da.jpg\" loading=\"lazy\" style=\"width: 40px; height: 40px; object-fit: contain; border-radius: 50%; vertical-align: middle; margin-right: 6px;\"><a href=\"https:\/\/llartextil.es\/\" target=\"_blank\">LLAR TEXTIL<\/a><\/td><td style=\" text-transform: uppercase; \">C\/ Escultor Jos\u00e9 Capuz 15<\/td><td><a href=\"https:\/\/www.google.es\/maps\/?q=C%2F+Escultor+Jos%C3%A9+Capuz+15+46004\" target=\"_blank\">Veure ubicaci\u00f3<\/a><\/td><\/tr><tr><td><img decoding=\"async\" src=\"\/wp-content\/uploads\/logos_establecimientos\/68b98248af31e.jpg\" loading=\"lazy\" style=\"width: 40px; height: 40px; object-fit: contain; border-radius: 50%; vertical-align: middle; margin-right: 6px;\"><a href=\"https:\/\/llartextil.es\/\" target=\"_blank\">LLAR TEXTIL<\/a><\/td><td style=\" text-transform: uppercase; \">C\/ de Joan Lloren\u00e7, 12<\/td><td><a href=\"https:\/\/www.google.es\/maps\/?q=C%2F+de+Joan+Lloren%C3%A7%2C+12+46008\" target=\"_blank\">Veure ubicaci\u00f3<\/a><\/td><\/tr><tr><td><img decoding=\"async\" src=\"\/wp-content\/uploads\/logos_establecimientos\/68b982d0b7023.jpg\" loading=\"lazy\" style=\"width: 40px; height: 40px; object-fit: contain; border-radius: 50%; vertical-align: middle; margin-right: 6px;\"><a href=\"https:\/\/llartextil.es\/\" target=\"_blank\">LLAR TEXTIL<\/a><\/td><td style=\" text-transform: uppercase; \">C\/ dels Carters, 74<\/td><td><a href=\"https:\/\/www.google.es\/maps\/?q=C%2F+dels+Carters%2C+74+46017\" target=\"_blank\">Veure ubicaci\u00f3<\/a><\/td><\/tr><tr><td><img decoding=\"async\" src=\"\/wp-content\/uploads\/logos_establecimientos\/6864f02408c2a.png\" loading=\"lazy\" style=\"width: 40px; height: 40px; object-fit: contain; border-radius: 50%; vertical-align: middle; margin-right: 6px;\">LUCIA HOMEWEAR<\/td><td style=\" text-transform: uppercase; \">Avenida Malvarrosa n\u00b062<\/td><td><a href=\"https:\/\/www.google.es\/maps\/?q=Avenida+Malvarrosa+n%C2%B062+46011\" target=\"_blank\">Veure ubicaci\u00f3<\/a><\/td><\/tr><tr><td><img decoding=\"async\" src=\"\/wp-content\/uploads\/logos_establecimientos\/6864fb21b08fe.jpg\" loading=\"lazy\" style=\"width: 40px; height: 40px; object-fit: contain; border-radius: 50%; vertical-align: middle; margin-right: 6px;\"><a href=\"\/\/@colchonesmp\" target=\"_blank\">M + P COLCHONES<\/a><\/td><td style=\" text-transform: uppercase; \">SANTOS JUSTO Y PASTOR, 28 BJ<\/td><td><a href=\"https:\/\/www.google.es\/maps\/?q=SANTOS+JUSTO+Y+PASTOR%2C+28+BJ+46021\" target=\"_blank\">Veure ubicaci\u00f3<\/a><\/td><\/tr><tr><td><img decoding=\"async\" src=\"\/wp-content\/uploads\/logos_establecimientos\/650cc2a4b7cf7.jpg\" loading=\"lazy\" style=\"width: 40px; height: 40px; object-fit: contain; border-radius: 50%; vertical-align: middle; margin-right: 6px;\"><a href=\"https:\/\/www.instagram.com\/muymuchovalencia\/?hl=es\" target=\"_blank\">MUY MUCHO<\/a><\/td><td style=\" text-transform: uppercase; \">AV. BARON DE CARCER, 38 BJ<\/td><td><a href=\"https:\/\/www.google.es\/maps\/?q=AV.+BARON+DE+CARCER%2C+38+BJ+46001\" target=\"_blank\">Veure ubicaci\u00f3<\/a><\/td><\/tr><tr><td><img decoding=\"async\" src=\"\/wp-content\/uploads\/logos_establecimientos\/650cc3fb34394.jpg\" loading=\"lazy\" style=\"width: 40px; height: 40px; object-fit: contain; border-radius: 50%; vertical-align: middle; margin-right: 6px;\"><a href=\"https:\/\/www.instagram.com\/muymuchovalencia\/?hl=es\" target=\"_blank\">MUY MUCHO<\/a><\/td><td style=\" text-transform: uppercase; \">CL ISABEL LA CATOLICA, 3<\/td><td><a href=\"https:\/\/www.google.es\/maps\/?q=CL+ISABEL+LA+CATOLICA%2C+3+46004\" target=\"_blank\">Veure ubicaci\u00f3<\/a><\/td><\/tr><tr><td><img decoding=\"async\" src=\"\/wp-content\/uploads\/logos_establecimientos\/68dbf19363df1.png\" loading=\"lazy\" style=\"width: 40px; height: 40px; object-fit: contain; border-radius: 50%; vertical-align: middle; margin-right: 6px;\"><a href=\"https:\/\/parapluieatelier.sumupstore.com\/\" target=\"_blank\">PARAPLUIE ATELIER<\/a><\/td><td style=\" text-transform: uppercase; \">Calle Pianista Empar iturbi n59 2 bajo izq<\/td><td><a href=\"https:\/\/www.google.es\/maps\/?q=Calle+Pianista+Empar+iturbi+n59+2+bajo+izq+46006\" target=\"_blank\">Veure ubicaci\u00f3<\/a><\/td><\/tr><tr><td><img decoding=\"async\" src=\"\/wp-content\/uploads\/logos_establecimientos\/66aa05a794c18.jpg\" loading=\"lazy\" style=\"width: 40px; height: 40px; object-fit: contain; border-radius: 50%; vertical-align: middle; margin-right: 6px;\"><a href=\"https:\/\/www.sue\u00f1aentretelas.es\/\" target=\"_blank\">SUE\u00d1O ENTRE TELAS<\/a><\/td><td style=\" text-transform: uppercase; \">C\/ ESCOLANO, 20<\/td><td><a href=\"https:\/\/www.google.es\/maps\/?q=C%2F+ESCOLANO%2C+20+46002\" target=\"_blank\">Veure ubicaci\u00f3<\/a><\/td><\/tr><tr><td><a href=\"\/\/www.tiendaszulima.com\" target=\"_blank\">TIENDAS ZULIMA<\/a><\/td><td style=\" text-transform: uppercase; \">AVDA CONSTITUCI\u00d3N 243<\/td><td><a href=\"https:\/\/www.google.es\/maps\/?q=AVDA+CONSTITUCI%C3%93N+243+46019\" target=\"_blank\">Veure ubicaci\u00f3<\/a><\/td><\/tr><tr><td><a href=\"\/\/www.triggo.com\" target=\"_blank\">TRIGGO<\/a><\/td><td style=\" text-transform: uppercase; \">Felix Pizcueta, 25-B<\/td><td><a href=\"https:\/\/www.google.es\/maps\/?q=Felix+Pizcueta%2C+25-B+46004\" target=\"_blank\">Veure ubicaci\u00f3<\/a><\/td><\/tr><tr><td><img decoding=\"async\" src=\"\/wp-content\/uploads\/logos_establecimientos\/68b72e6660132.jpg\" loading=\"lazy\" style=\"width: 40px; height: 40px; object-fit: contain; border-radius: 50%; vertical-align: middle; margin-right: 6px;\"><a href=\"https:\/\/www.instagram.com\/wondereffect._\/\" target=\"_blank\">WONDER<\/a><\/td><td style=\" text-transform: uppercase; \">CALLE DE LA PAZ 11<\/td><td><a href=\"https:\/\/www.google.es\/maps\/?q=CALLE+DE+LA+PAZ+11+46003\" target=\"_blank\">Veure ubicaci\u00f3<\/a><\/td><\/tr><\/table>[\/vc_tta_section][\/vc_tta_accordion][\/vc_column][\/vc_row][\/vc_column][\/vc_row]<\/p>\n","protected":false},"excerpt":{"rendered":"<p>[vc_row full_width=&#8221;stretch_row&#8221; disable_element=&#8221;yes&#8221; el_class=&#8221;encuentra_establecimiento&#8221;][vc_column][vc_column_text] En construcci\u00f3 En breu estar\u00e0 disponible [\/vc_column_text][\/vc_column][\/vc_row][vc_row full_width=&#8221;stretch_row&#8221; el_class=&#8221;encuentra_establecimiento&#8221;][vc_column][vc_column_text] Consulta els comer\u00e7os adherits Troba el lloc m\u00e9s pr\u00f2xim per a gastar el teu bo [\/vc_column_text][vc_row_inner][vc_column_inner width=&#8221;1\/6&#8243;][\/vc_column_inner][vc_column_inner width=&#8221;2\/3&#8243;][\/vc_column_inner][vc_column_inner width=&#8221;1\/6&#8243;][\/vc_column_inner][\/vc_row_inner][\/vc_column][\/vc_row][vc_row el_class=&#8221;acordeon_comercios&#8221;][vc_column][\/vc_column][\/vc_row]<\/p>\n","protected":false},"author":4,"featured_media":0,"parent":0,"menu_order":0,"comment_status":"closed","ping_status":"closed","template":"","meta":{"footnotes":""},"class_list":["post-276","page","type-page","status-publish","hentry"],"yoast_head":"<!-- This site is optimized with the Yoast SEO plugin v19.7.1 - https:\/\/yoast.com\/wordpress\/plugins\/seo\/ -->\n<title>Comer\u00e7os adherits - Bo Comer\u00e7 ValenciaBo Comer\u00e7 Valencia<\/title>\n<meta name=\"robots\" content=\"index, follow, max-snippet:-1, max-image-preview:large, max-video-preview:-1\" \/>\n<link rel=\"canonical\" href=\"https:\/\/bonocomerciovlc.com\/comercios-adheridos\/\" \/>\n<meta property=\"og:locale\" content=\"en_US\" \/>\n<meta property=\"og:type\" content=\"article\" \/>\n<meta property=\"og:title\" content=\"Comer\u00e7os adherits - Bo Comer\u00e7 ValenciaBo Comer\u00e7 Valencia\" \/>\n<meta property=\"og:description\" content=\"[vc_row full_width=&#8221;stretch_row&#8221; disable_element=&#8221;yes&#8221; el_class=&#8221;encuentra_establecimiento&#8221;][vc_column][vc_column_text] En construcci\u00f3 En breu estar\u00e0 disponible [\/vc_column_text][\/vc_column][\/vc_row][vc_row full_width=&#8221;stretch_row&#8221; el_class=&#8221;encuentra_establecimiento&#8221;][vc_column][vc_column_text] Consulta els comer\u00e7os adherits Troba el lloc m\u00e9s pr\u00f2xim per a gastar el teu bo [\/vc_column_text][vc_row_inner][vc_column_inner width=&#8221;1\/6&#8243;][\/vc_column_inner][vc_column_inner width=&#8221;2\/3&#8243;][\/vc_column_inner][vc_column_inner width=&#8221;1\/6&#8243;][\/vc_column_inner][\/vc_row_inner][\/vc_column][\/vc_row][vc_row el_class=&#8221;acordeon_comercios&#8221;][vc_column][\/vc_column][\/vc_row]\" \/>\n<meta property=\"og:url\" content=\"https:\/\/bonocomerciovlc.com\/comercios-adheridos\/\" \/>\n<meta property=\"og:site_name\" content=\"Bo Comer\u00e7 ValenciaBo Comer\u00e7 Valencia\" \/>\n<meta property=\"article:modified_time\" content=\"2023-09-15T07:01:10+00:00\" \/>\n<meta name=\"twitter:card\" content=\"summary_large_image\" \/>\n<meta name=\"twitter:label1\" content=\"Est. reading time\" \/>\n\t<meta name=\"twitter:data1\" content=\"1 minute\" \/>\n<script type=\"application\/ld+json\" class=\"yoast-schema-graph\">{\"@context\":\"https:\/\/schema.org\",\"@graph\":[{\"@type\":\"WebPage\",\"@id\":\"https:\/\/bonocomerciovlc.com\/comercios-adheridos\/\",\"url\":\"https:\/\/bonocomerciovlc.com\/comercios-adheridos\/\",\"name\":\"Comer\u00e7os adherits - Bo Comer\u00e7 ValenciaBo Comer\u00e7 Valencia\",\"isPartOf\":{\"@id\":\"https:\/\/bonocomerciovlc.com\/#website\"},\"datePublished\":\"2021-09-09T10:02:13+00:00\",\"dateModified\":\"2023-09-15T07:01:10+00:00\",\"breadcrumb\":{\"@id\":\"https:\/\/bonocomerciovlc.com\/comercios-adheridos\/#breadcrumb\"},\"inLanguage\":\"va\",\"potentialAction\":[{\"@type\":\"ReadAction\",\"target\":[\"https:\/\/bonocomerciovlc.com\/comercios-adheridos\/\"]}]},{\"@type\":\"BreadcrumbList\",\"@id\":\"https:\/\/bonocomerciovlc.com\/comercios-adheridos\/#breadcrumb\",\"itemListElement\":[{\"@type\":\"ListItem\",\"position\":1,\"name\":\"Portada\",\"item\":\"https:\/\/bonocomerciovlc.com\/va\/\"},{\"@type\":\"ListItem\",\"position\":2,\"name\":\"Comer\u00e7os adherits\"}]},{\"@type\":\"WebSite\",\"@id\":\"https:\/\/bonocomerciovlc.com\/#website\",\"url\":\"https:\/\/bonocomerciovlc.com\/\",\"name\":\"Bo Comer\u00e7 ValenciaBo Comer\u00e7 Valencia\",\"description\":\"Bo Comer\u00e7 Valencia\",\"potentialAction\":[{\"@type\":\"SearchAction\",\"target\":{\"@type\":\"EntryPoint\",\"urlTemplate\":\"https:\/\/bonocomerciovlc.com\/?s={search_term_string}\"},\"query-input\":\"required name=search_term_string\"}],\"inLanguage\":\"va\"}]}<\/script>\n<!-- \/ Yoast SEO plugin. -->","yoast_head_json":{"title":"Comer\u00e7os adherits - Bo Comer\u00e7 ValenciaBo Comer\u00e7 Valencia","robots":{"index":"index","follow":"follow","max-snippet":"max-snippet:-1","max-image-preview":"max-image-preview:large","max-video-preview":"max-video-preview:-1"},"canonical":"https:\/\/bonocomerciovlc.com\/comercios-adheridos\/","og_locale":"en_US","og_type":"article","og_title":"Comer\u00e7os adherits - Bo Comer\u00e7 ValenciaBo Comer\u00e7 Valencia","og_description":"[vc_row full_width=&#8221;stretch_row&#8221; disable_element=&#8221;yes&#8221; el_class=&#8221;encuentra_establecimiento&#8221;][vc_column][vc_column_text] En construcci\u00f3 En breu estar\u00e0 disponible [\/vc_column_text][\/vc_column][\/vc_row][vc_row full_width=&#8221;stretch_row&#8221; el_class=&#8221;encuentra_establecimiento&#8221;][vc_column][vc_column_text] Consulta els comer\u00e7os adherits Troba el lloc m\u00e9s pr\u00f2xim per a gastar el teu bo [\/vc_column_text][vc_row_inner][vc_column_inner width=&#8221;1\/6&#8243;][\/vc_column_inner][vc_column_inner width=&#8221;2\/3&#8243;][\/vc_column_inner][vc_column_inner width=&#8221;1\/6&#8243;][\/vc_column_inner][\/vc_row_inner][\/vc_column][\/vc_row][vc_row el_class=&#8221;acordeon_comercios&#8221;][vc_column][\/vc_column][\/vc_row]","og_url":"https:\/\/bonocomerciovlc.com\/comercios-adheridos\/","og_site_name":"Bo Comer\u00e7 ValenciaBo Comer\u00e7 Valencia","article_modified_time":"2023-09-15T07:01:10+00:00","twitter_card":"summary_large_image","twitter_misc":{"Est. reading time":"1 minute"},"schema":{"@context":"https:\/\/schema.org","@graph":[{"@type":"WebPage","@id":"https:\/\/bonocomerciovlc.com\/comercios-adheridos\/","url":"https:\/\/bonocomerciovlc.com\/comercios-adheridos\/","name":"Comer\u00e7os adherits - Bo Comer\u00e7 ValenciaBo Comer\u00e7 Valencia","isPartOf":{"@id":"https:\/\/bonocomerciovlc.com\/#website"},"datePublished":"2021-09-09T10:02:13+00:00","dateModified":"2023-09-15T07:01:10+00:00","breadcrumb":{"@id":"https:\/\/bonocomerciovlc.com\/comercios-adheridos\/#breadcrumb"},"inLanguage":"va","potentialAction":[{"@type":"ReadAction","target":["https:\/\/bonocomerciovlc.com\/comercios-adheridos\/"]}]},{"@type":"BreadcrumbList","@id":"https:\/\/bonocomerciovlc.com\/comercios-adheridos\/#breadcrumb","itemListElement":[{"@type":"ListItem","position":1,"name":"Portada","item":"https:\/\/bonocomerciovlc.com\/va\/"},{"@type":"ListItem","position":2,"name":"Comer\u00e7os adherits"}]},{"@type":"WebSite","@id":"https:\/\/bonocomerciovlc.com\/#website","url":"https:\/\/bonocomerciovlc.com\/","name":"Bo Comer\u00e7 ValenciaBo Comer\u00e7 Valencia","description":"Bo Comer\u00e7 Valencia","potentialAction":[{"@type":"SearchAction","target":{"@type":"EntryPoint","urlTemplate":"https:\/\/bonocomerciovlc.com\/?s={search_term_string}"},"query-input":"required name=search_term_string"}],"inLanguage":"va"}]}},"_links":{"self":[{"href":"https:\/\/bonocomerciovlc.com\/va\/wp-json\/wp\/v2\/pages\/276","targetHints":{"allow":["GET"]}}],"collection":[{"href":"https:\/\/bonocomerciovlc.com\/va\/wp-json\/wp\/v2\/pages"}],"about":[{"href":"https:\/\/bonocomerciovlc.com\/va\/wp-json\/wp\/v2\/types\/page"}],"author":[{"embeddable":true,"href":"https:\/\/bonocomerciovlc.com\/va\/wp-json\/wp\/v2\/users\/4"}],"replies":[{"embeddable":true,"href":"https:\/\/bonocomerciovlc.com\/va\/wp-json\/wp\/v2\/comments?post=276"}],"version-history":[{"count":6,"href":"https:\/\/bonocomerciovlc.com\/va\/wp-json\/wp\/v2\/pages\/276\/revisions"}],"predecessor-version":[{"id":1121,"href":"https:\/\/bonocomerciovlc.com\/va\/wp-json\/wp\/v2\/pages\/276\/revisions\/1121"}],"wp:attachment":[{"href":"https:\/\/bonocomerciovlc.com\/va\/wp-json\/wp\/v2\/media?parent=276"}],"curies":[{"name":"wp","href":"https:\/\/api.w.org\/{rel}","templated":true}]}}